{"id":13205,"date":"2020-06-23T13:59:56","date_gmt":"2020-06-23T11:59:56","guid":{"rendered":"https:\/\/dcv-books.com\/?page_id=13205"},"modified":"2020-06-23T13:59:57","modified_gmt":"2020-06-23T11:59:57","slug":"on-art","status":"publish","type":"page","link":"https:\/\/dcv-books.com\/en\/on-art\/","title":{"rendered":"On Art"},"content":{"rendered":"<section id=\"products-block_5ef1eea9b2d44\" class=\"products\">\n    <article class=\"reel-grid\">\n    <div class=\"woocommerce columns-4 \"><ul class=\"products columns-4\">\n<li class=\"product type-product post-24323 status-publish first instock product_cat-all-books product_cat-drawing product_cat-new-arrivals product_cat-on-art product_cat-sculpture product_tag-bettina-buck-en product_tag-finding-form-en has-post-thumbnail taxable shipping-taxable purchasable product-type-simple\">\n\t<a href=\"https:\/\/dcv-books.com\/en\/produkt\/bettina-buck-finding-form\/\" class=\"woocommerce-LoopProduct-link woocommerce-loop-product__link\"><div class=\"image-wrapper\"><img decoding=\"async\" width=\"1732\" height=\"2283\" src=\"https:\/\/dcv-books.com\/wp-content\/uploads\/2024\/01\/BB_SCHUTZUMSCHLAG_02_U1_rgb_fuer-DCV_web.jpg\" class=\"attachment-woocommerce_thumbnail size-woocommerce_thumbnail\" alt=\"Bettina Buck -&lt;br&gt; Finding Form\" \/><\/div><div class=\"book-label book-label--new\"><\/div><h2 class=\"woocommerce-loop-product__title\">Bettina Buck <br> Finding Form<\/h2>  <div class=\"woocommerce-loop-product__description\" itemprop=\"description\">\n    <p><span style=\"font-weight: 400;\">The German sculptor Bettina Buck (1974-2018) called attention to herself with her \u201cperformative sculptures,\u201d which she often presented vis-\u00e0-vis museal objects. Buck\u2019s preferred materials came from the hardware store: corrugated cardboard, ceramic tiles, pressed foam, or plastic foil, which are all not meant to last. Out of these materials she created a kind of changeable and transient \u201cprotagonists,\u201d who didn\u2019t have a final form but rather emphasized the actual process of finding form (as well as losing form). In a provocative action in 2015, Buck dragged an oversized foam bloc through a museum collection and let it rest next to famous artworks, which gained a new dynamic in this interplay. Buck herself said once that her works were meant to \u201csimultaneously attract and alienate the viewer.\u201d In the exhibition space the objects should \u201ccreate a tremor, a vibration and a conversation with its surroundings.\u201d<\/span><\/p>\n<p><i><span style=\"font-weight: 400;\">Finding Form<\/span><\/i><span style=\"font-weight: 400;\">, a posthumous monograph, presents Bucks complete sculptural works on over 300 pages and contains texts by Phyllida Barlow, Paolo Icaro, Cecilia Canziani, and Andrea Maria Popelka. The book was conceived and published by the artist\u2019s estate, Bureau Bettina Buck.\u00a0<\/span><\/p>\n  <\/div>\n\n\t<span class=\"price\"><span class=\"woocommerce-Price-amount amount\"><bdi>45<span class=\"woocommerce-Price-currencySymbol\">&euro;<\/span><\/bdi><\/span><\/span>\n<\/a><a href=\"\/en\/wp-json\/wp\/v2\/pages\/13205?add-to-cart=24323\" aria-describedby=\"woocommerce_loop_add_to_cart_link_describedby_24323\" data-quantity=\"1\" class=\"button product_type_simple add_to_cart_button ajax_add_to_cart\" data-product_id=\"24323\" data-product_sku=\"\" aria-label=\"Add to cart: &ldquo;Bettina Buck - Finding Form&rdquo;\" rel=\"nofollow\" data-success_message=\"&ldquo;Bettina Buck -&lt;br&gt; Finding Form&rdquo; has been added to your cart\" role=\"button\">Add to cart<\/a>\t<span id=\"woocommerce_loop_add_to_cart_link_describedby_24323\" class=\"screen-reader-text\">\n\t\t\t<\/span>\n<\/li>\n<li class=\"product type-product post-25937 status-publish instock product_cat-all-books product_cat-drawing product_cat-film-and-video product_cat-installation-art product_cat-new-arrivals product_cat-on-art product_cat-painting product_cat-performance-art product_cat-photography product_cat-sculpture product_cat-works-on-paper-en product_tag-7-jahre-nova-space-en product_tag-bauhaus-universitaet-weimar-en product_tag-boom-en product_tag-nova-space-en has-post-thumbnail taxable shipping-taxable purchasable product-type-simple\">\n\t<a href=\"https:\/\/dcv-books.com\/en\/produkt\/boom-7-jahre-nova-space\/\" class=\"woocommerce-LoopProduct-link woocommerce-loop-product__link\"><div class=\"image-wrapper\"><img decoding=\"async\" width=\"1775\" height=\"2500\" src=\"https:\/\/dcv-books.com\/wp-content\/uploads\/2025\/06\/NOVA-BOOM-Cover-Ansicht_crop_web.jpg\" class=\"attachment-woocommerce_thumbnail size-woocommerce_thumbnail\" alt=\"BOOM! -&lt;br&gt; 7 years of nova space\" \/><\/div><div class=\"book-label book-label--new\"><\/div><h2 class=\"woocommerce-loop-product__title\">BOOM! <br> 7 years of nova space<\/h2>  <div class=\"woocommerce-loop-product__description\" itemprop=\"description\">\n    <p>From 2019 to 2025, nova space, Bauhaus-Universit\u00e4t Weimar\u2019s university gallery put up 21 projects, which this volume documents in image and text.\u00a0As both an experimentation field and meeting place, nova connected international artists, students, faculty, and the public under the enthusiastic direction of curator Katharina Wendler. Her essay provides insight into the unique history of this mobile and interdisciplinary gallery, its program as well as the continuous development of new curatorial formats. The 21st act of nova is an exhibition in book form, for which artists, architects, designers, typographers, and filmmakers were invited to create work that freely associates around the theme of <em>BOOM!<\/em>\u2014inspired by the image of the supernova.<\/p>\n<p>ARTISTS: A.O. LAURA ABERHAM, MARGR\u00c9T H. BL\u00d6NDAL, ZUZANNA CZEBATUL, BJ\u00d6RN DAHLEM, DAVID DIAO, HANNAH SOPHIE DUNKELBERG, NADINE FECHT, LIAM GILLICK, JANA GUNSTHEIMER, NSCHOTSCHI HASLINGER, STEF HEIDHUES, JUDITH HOPF, VERENA ISSEL, CHRISTIN KAISER, IAN KIAER, RAGNAR KJARTANSSON, VERA KOX, SCHIRIN KRETSCHMANN, YUTAKA MAKINO, STEFAN MARX, ERIC MEIER, AD MINOLITI, BRUCE NAUMAN, PRINZ GHOLAM, HANNAH RATH, KARIN SANDER, FETTE SANS, KATRIN STEIGER, JAN TICHY, WOLFGANG TILLMANS, IGNACIO URIARTE, ROBIN WAART, YOUNG BOY DANCING GROUP, FRANCIS ZEISCHEGG, KARLA ZIPFEL AND MANY MORE<\/p>\n<p>Book Presentation &#038; Curator Talk on June 19, 2026, at 6 p.m. at the Hansabibliothek Berlin<\/p>\n  <\/div>\n\n\t<span class=\"price\"><span class=\"woocommerce-Price-amount amount\"><bdi>48<span class=\"woocommerce-Price-currencySymbol\">&euro;<\/span><\/bdi><\/span><\/span>\n<\/a><a href=\"\/en\/wp-json\/wp\/v2\/pages\/13205?add-to-cart=25937\" aria-describedby=\"woocommerce_loop_add_to_cart_link_describedby_25937\" data-quantity=\"1\" class=\"button product_type_simple add_to_cart_button ajax_add_to_cart\" data-product_id=\"25937\" data-product_sku=\"\" aria-label=\"Add to cart: &ldquo;BOOM! - 7 years of nova space&rdquo;\" rel=\"nofollow\" data-success_message=\"&ldquo;BOOM! -&lt;br&gt; 7 years of nova space&rdquo; has been added to your cart\" role=\"button\">Add to cart<\/a>\t<span id=\"woocommerce_loop_add_to_cart_link_describedby_25937\" class=\"screen-reader-text\">\n\t\t\t<\/span>\n<\/li>\n<li class=\"product type-product post-26286 status-publish instock product_cat-all-books product_cat-new-arrivals product_cat-on-art product_cat-painting product_tag-andre-butzer-en has-post-thumbnail taxable shipping-taxable purchasable product-type-simple\">\n\t<a href=\"https:\/\/dcv-books.com\/en\/produkt\/andre-butzer-press-releases-letters-interviews-texts-poems-volume-4-1983-2025\/\" class=\"woocommerce-LoopProduct-link woocommerce-loop-product__link\"><div class=\"image-wrapper\"><img decoding=\"async\" width=\"1713\" height=\"2303\" src=\"https:\/\/dcv-books.com\/wp-content\/uploads\/2026\/01\/AB_Linn_Textbuch_4_Cover.jpg\" class=\"attachment-woocommerce_thumbnail size-woocommerce_thumbnail\" alt=\"Andr\u00e9 Butzer -&lt;br&gt; Press Releases, Letters, Interviews, Texts, Poems \/ Volume 4: 1983\u20132025\" \/><\/div><div class=\"book-label book-label--new\"><\/div><h2 class=\"woocommerce-loop-product__title\">Andr\u00e9 Butzer <br> Press Releases, Letters, Interviews, Texts, Poems \/ Volume 4: 1983\u20132025<\/h2>  <div class=\"woocommerce-loop-product__description\" itemprop=\"description\">\n    <p>Andr\u00e9 Butzer (born 1973, lives in Berlin) is known for his provocative pop-expressionist paintings, which address the major social contradictions and trends of our time. Elements from comics, Disney, and art history, among other sources, appear on equal footing in his intensely colorful and energetic paintings. Butzer is similarly eloquent with words, and this volume, the fourth in a series, draws from the artist&#8217;s ever-expanding archive. For the new book, the artist\u2019s longtime editor, Alexander Linn, spent over five years poring over countless documents and reviewing all of Butzer&#8217;s publications from that period. The result is a valuable sourcebook featuring texts, interviews, letters, and poems, as well as a transcript of the 2023 biopic <em>Andr\u00e9 Butzer, His Art and His Time<\/em>.<\/p>\n  <\/div>\n\n\t<span class=\"price\"><span class=\"woocommerce-Price-amount amount\"><bdi>26<span class=\"woocommerce-Price-currencySymbol\">&euro;<\/span><\/bdi><\/span><\/span>\n<\/a><a href=\"\/en\/wp-json\/wp\/v2\/pages\/13205?add-to-cart=26286\" aria-describedby=\"woocommerce_loop_add_to_cart_link_describedby_26286\" data-quantity=\"1\" class=\"button product_type_simple add_to_cart_button ajax_add_to_cart\" data-product_id=\"26286\" data-product_sku=\"\" aria-label=\"Add to cart: &ldquo;Andr\u00e9 Butzer - Press Releases, Letters, Interviews, Texts, Poems \/ Volume 4: 1983\u20132025&rdquo;\" rel=\"nofollow\" data-success_message=\"&ldquo;Andr\u00e9 Butzer -&lt;br&gt; Press Releases, Letters, Interviews, Texts, Poems \/ Volume 4: 1983\u20132025&rdquo; has been added to your cart\" role=\"button\">Add to cart<\/a>\t<span id=\"woocommerce_loop_add_to_cart_link_describedby_26286\" class=\"screen-reader-text\">\n\t\t\t<\/span>\n<\/li>\n<li class=\"product type-product post-16551 status-publish last instock product_cat-all-books product_cat-on-art product_cat-painting product_cat-photography product_tag-david-hockney product_tag-insights product_tag-tate-collection has-post-thumbnail taxable shipping-taxable purchasable product-type-simple\">\n\t<a href=\"https:\/\/dcv-books.com\/en\/produkt\/david-hockney-insights-reflecting-the-tate-collection\/\" class=\"woocommerce-LoopProduct-link woocommerce-loop-product__link\"><div class=\"image-wrapper\"><img decoding=\"async\" width=\"500\" height=\"631\" src=\"https:\/\/dcv-books.com\/wp-content\/uploads\/2022\/01\/9783969120675_web.jpg\" class=\"attachment-woocommerce_thumbnail size-woocommerce_thumbnail\" alt=\"David Hockney\" \/><\/div><h2 class=\"woocommerce-loop-product__title\">David Hockney: Insights <br> Reflecting the Tate Collection<\/h2>  <div class=\"woocommerce-loop-product__description\" itemprop=\"description\">\n    <p>David Hockney (born 1937 in Bradford) is one of the most influential and technically versatile artists living today. This new publication gathers some of his most defining work from the 1960s to the present, including major works in the Tate collection. From early graphic cycles, double portraits and iconic pool paintings through to his photo collages, plein air landscapes, iPad drawings, and multimedia installations, the volume documents central themes and genres in Hockney\u2019s oeuvre, as well as his constant experimentation.<\/p>\n<p>Original essays by renowned critics and commentators illuminate the artist\u2019s search for new forms of expression, the topographical and biographical reference points of his work, the technical innovation of his painting and printmaking, as well as his approach to new media.<\/p>\n  <\/div>\n\n\t<span class=\"price\"><span class=\"woocommerce-Price-amount amount\"><bdi>35<span class=\"woocommerce-Price-currencySymbol\">&euro;<\/span><\/bdi><\/span><\/span>\n<\/a><a href=\"\/en\/wp-json\/wp\/v2\/pages\/13205?add-to-cart=16551\" aria-describedby=\"woocommerce_loop_add_to_cart_link_describedby_16551\" data-quantity=\"1\" class=\"button product_type_simple add_to_cart_button ajax_add_to_cart\" data-product_id=\"16551\" data-product_sku=\"\" aria-label=\"Add to cart: &ldquo;David Hockney: Insights - Reflecting the Tate Collection&rdquo;\" rel=\"nofollow\" data-success_message=\"&ldquo;David Hockney: Insights -&lt;br&gt; Reflecting the Tate Collection&rdquo; has been added to your cart\" role=\"button\">Add to cart<\/a>\t<span id=\"woocommerce_loop_add_to_cart_link_describedby_16551\" class=\"screen-reader-text\">\n\t\t\t<\/span>\n<\/li>\n<li class=\"product type-product post-24429 status-publish first instock product_cat-all-books product_cat-new-arrivals product_cat-on-art product_cat-painting product_tag-larissa-kikol-en product_tag-neue-abstrakte-malerei-en has-post-thumbnail taxable shipping-taxable purchasable product-type-simple\">\n\t<a href=\"https:\/\/dcv-books.com\/en\/produkt\/24429\/\" class=\"woocommerce-LoopProduct-link woocommerce-loop-product__link\"><div class=\"image-wrapper\"><img decoding=\"async\" width=\"1770\" height=\"2500\" src=\"https:\/\/dcv-books.com\/wp-content\/uploads\/2025\/07\/Kikol_NAM_Cover_mitKontur_web.jpg\" class=\"attachment-woocommerce_thumbnail size-woocommerce_thumbnail\" alt=\"Larissa Kikol -&lt;br&gt; Neue abstrakte Malerei\" \/><\/div><div class=\"book-label book-label--new\"><\/div><h2 class=\"woocommerce-loop-product__title\">Larissa Kikol <br> Neue abstrakte Malerei<\/h2>  <div class=\"woocommerce-loop-product__description\" itemprop=\"description\">\n    <p>Abstract painting has reinvented itself: rid of political and ideological burdens, it now stands for pure creative autonomy. From the Abstract Expressionism of the postwar era to today\u2019s expansive ease\u2014in essays and conversations, Larissa Kikol sheds light on how this art form broke free of the narratives that attended its emergence and performed a \u201cgreat reset.\u201d From the seminal innovations of Katharina Grosse or Albert Oehlen and radically subjectivist approaches in Cecily Brown or Andr\u00e9 Butzer to cutting-edge tendencies like Dirty Minimalism and Post Vandalism, the book presents thrilling insights into a painting that puts emotion, color, and shapes center stage. An inspiring look at the renaissance of abstract art in the 21st century and a must-have reference work for all art lovers.<\/p>\n<p>Artists: Frederic Anderson, Karla Black, Frank Bowling, Andreas Breunig, Jenny Brosinski, Cecily Brown, Andr\u00e9 Butzer, Diamonds Crew, Willehad Eilers, Jad\u00e9 Fadojutimi, Helen Frankenthaler, Katharina Grosse, Antwan Horfee, Aneta Kajzer, Joan Mitchell, Michael M\u00fcller, Oscar Murillo, NEU, NUG, Albert Oehlen, David Ostrowski, Over, Daisy Parris, Marco Pariani, Jackson Pollock, Christopher Wool<\/p>\n  <\/div>\n\n\t<span class=\"price\"><span class=\"woocommerce-Price-amount amount\"><bdi>26<span class=\"woocommerce-Price-currencySymbol\">&euro;<\/span><\/bdi><\/span><\/span>\n<\/a><a href=\"\/en\/wp-json\/wp\/v2\/pages\/13205?add-to-cart=24429\" aria-describedby=\"woocommerce_loop_add_to_cart_link_describedby_24429\" data-quantity=\"1\" class=\"button product_type_simple add_to_cart_button ajax_add_to_cart\" data-product_id=\"24429\" data-product_sku=\"\" aria-label=\"Add to cart: &ldquo;Larissa Kikol - Neue abstrakte Malerei&rdquo;\" rel=\"nofollow\" data-success_message=\"&ldquo;Larissa Kikol -&lt;br&gt; Neue abstrakte Malerei&rdquo; has been added to your cart\" role=\"button\">Add to cart<\/a>\t<span id=\"woocommerce_loop_add_to_cart_link_describedby_24429\" class=\"screen-reader-text\">\n\t\t\t<\/span>\n<\/li>\n<li class=\"product type-product post-19842 status-publish instock product_cat-all-books product_cat-new-arrivals product_cat-on-art product_cat-urban-art-en product_tag-1up-crew product_tag-larissa-kikol-en product_tag-moses-taps product_tag-signed has-post-thumbnail taxable shipping-taxable purchasable product-type-simple\">\n\t<a href=\"https:\/\/dcv-books.com\/en\/produkt\/larissa-kikol-signed-unterwegs-mit-der-1up-crew-und-moses-taps\/\" class=\"woocommerce-LoopProduct-link woocommerce-loop-product__link\"><div class=\"image-wrapper\"><img decoding=\"async\" width=\"1141\" height=\"1692\" src=\"https:\/\/dcv-books.com\/wp-content\/uploads\/2023\/06\/Kikol_SIGNED_Cover.jpg\" class=\"attachment-woocommerce_thumbnail size-woocommerce_thumbnail\" alt=\"Larissa Kikol -&lt;br&gt; SIGNED. Unterwegs mit der 1UP-Crew und Moses &amp; Taps\" \/><\/div><h2 class=\"woocommerce-loop-product__title\">Larissa Kikol <br> SIGNED. Unterwegs mit der 1UP-Crew und Moses &#038; Taps<\/h2>  <div class=\"woocommerce-loop-product__description\" itemprop=\"description\">\n    <p>Who owns the city? It is a question to which graffiti artists and politicians have very different answers. 1UP and Moses &amp; Taps are international stars of the scene, realizing radical creative concepts in spectacular actions. The art critic Larissa Kikol shadowed them on their nocturnal forays for three years and gathered her experiences in a book that has become a singular tribute to the graffiti scene. It lets us witness the genesis of the artists\u2019 works on the knife\u2019s edge between civil disobedience, criminal liability, and an irrepressible freedom. Traveling throughout Germany, Kikol records absorbing dialogues that reflect the contrast between different worlds: the legal and the illegal art worlds, painting and protest. Always on the hop and in danger of being discovered and arrested, she ventures beyond the bounds of permissible art, into subway tunnels, up on roofs, across switchyards. A portrait emerges of Germany and Berlin and the power relations that shape our society.<\/p>\n<p>Larissa Kikol (b. 1986) works as a freelance art critic, art scholar, and writer. She writes for <em>Die Zeit<\/em>, <em>Spiegel Online<\/em>, <em>Art<\/em>, <em>Kunstzeitung<\/em>, <em>Mare<\/em>, <em>Monopol Online<\/em>, and <em>Kunstforum International<\/em>. In 2016, she won C\/O Berlin\u2019s international Talents award in the art criticism category. She teaches and lectures at art schools and universities in Germany and France.<\/p>\n<p>Kikol studied stage design and dramaturgy in Berlin-Wei\u00dfensee and obtained a Ph.D. in art studies from the Karlsruhe University of Arts and Design. She lives and works in Marseille and Cologne.<\/p>\n  <\/div>\n\n\t<span class=\"price\"><span class=\"woocommerce-Price-amount amount\"><bdi>18<span class=\"woocommerce-Price-currencySymbol\">&euro;<\/span><\/bdi><\/span><\/span>\n<\/a><a href=\"\/en\/wp-json\/wp\/v2\/pages\/13205?add-to-cart=19842\" aria-describedby=\"woocommerce_loop_add_to_cart_link_describedby_19842\" data-quantity=\"1\" class=\"button product_type_simple add_to_cart_button ajax_add_to_cart\" data-product_id=\"19842\" data-product_sku=\"\" aria-label=\"Add to cart: &ldquo;Larissa Kikol - SIGNED. Unterwegs mit der 1UP-Crew und Moses &amp; Taps&rdquo;\" rel=\"nofollow\" data-success_message=\"&ldquo;Larissa Kikol -&lt;br&gt; SIGNED. Unterwegs mit der 1UP-Crew und Moses &amp; Taps&rdquo; has been added to your cart\" role=\"button\">Add to cart<\/a>\t<span id=\"woocommerce_loop_add_to_cart_link_describedby_19842\" class=\"screen-reader-text\">\n\t\t\t<\/span>\n<\/li>\n<li class=\"product type-product post-26180 status-publish instock product_cat-all-books product_cat-architecture product_cat-installation-art product_cat-new-arrivals product_cat-on-art product_cat-painting product_cat-sculpture product_tag-1955-2025-en product_tag-andere-zeit-en product_tag-kuenstlerbund-baden-wuerttemberg-en product_tag-selber-ort-en has-post-thumbnail taxable shipping-taxable purchasable product-type-simple\">\n\t<a href=\"https:\/\/dcv-books.com\/en\/produkt\/selber-ort-andere-zeit-kunstlerbund-baden-wurttemberg-1955-2025\/\" class=\"woocommerce-LoopProduct-link woocommerce-loop-product__link\"><div class=\"image-wrapper\"><img decoding=\"async\" width=\"2048\" height=\"2742\" src=\"https:\/\/dcv-books.com\/wp-content\/uploads\/2026\/01\/SELBER_ORT_ANDERE_ZEIT_Cover-2048x2742.jpg\" class=\"attachment-woocommerce_thumbnail size-woocommerce_thumbnail\" alt=\"SELBER ORT, ANDERE ZEIT. -&lt;br&gt; K\u00fcnstlerbund Baden-W\u00fcrttemberg 1955 \u2013 2025\" \/><\/div><div class=\"book-label book-label--new\"><\/div><h2 class=\"woocommerce-loop-product__title\">SELBER ORT, ANDERE ZEIT. <br> K\u00fcnstlerbund Baden-W\u00fcrttemberg 1955 \u2013 2025<\/h2>  <div class=\"woocommerce-loop-product__description\" itemprop=\"description\">\n    <p>This two-volume publication commemorates the 70th anniversary of the Baden-W\u00fcrttemberg Artists&#8217; Association, which presented its first exhibition in 1955 at the Staatliche Kunsthalle Baden-Baden. At that time, the state-wide artists&#8217; association included Otto Dix, Ida Kerkovius, and Willi Baumeister, among others. Today, the Baden-W\u00fcrttemberg Artists&#8217; Association has 450 members. Archival material provides insight into its multifaceted history, and insightful essays illuminate the significance of artists\u2019 associations and the discourses they initiated in post-war Germany, after the country\u2019s division and eventual reunification. The second volume documents the current exhibition <em>Selber Ort, andere Zeit<\/em> (Same Place, Different Time), featuring 21 artists who stand for the broad spectrum of creative approaches and generations represented in the association.<\/p>\n  <\/div>\n\n\t<span class=\"price\"><span class=\"woocommerce-Price-amount amount\"><bdi>38<span class=\"woocommerce-Price-currencySymbol\">&euro;<\/span><\/bdi><\/span><\/span>\n<\/a><a href=\"\/en\/wp-json\/wp\/v2\/pages\/13205?add-to-cart=26180\" aria-describedby=\"woocommerce_loop_add_to_cart_link_describedby_26180\" data-quantity=\"1\" class=\"button product_type_simple add_to_cart_button ajax_add_to_cart\" data-product_id=\"26180\" data-product_sku=\"\" aria-label=\"Add to cart: &ldquo;SELBER ORT, ANDERE ZEIT. - K\u00fcnstlerbund Baden-W\u00fcrttemberg 1955 \u2013 2025&rdquo;\" rel=\"nofollow\" data-success_message=\"&ldquo;SELBER ORT, ANDERE ZEIT. -&lt;br&gt; K\u00fcnstlerbund Baden-W\u00fcrttemberg 1955 \u2013 2025&rdquo; has been added to your cart\" role=\"button\">Add to cart<\/a>\t<span id=\"woocommerce_loop_add_to_cart_link_describedby_26180\" class=\"screen-reader-text\">\n\t\t\t<\/span>\n<\/li>\n<li class=\"product type-product post-25282 status-publish last instock product_cat-all-books product_cat-new-arrivals product_cat-on-art product_cat-poetry product_cat-works-on-paper-en product_tag-cahier-en product_tag-cahier-001-en product_tag-heinz-gappmayr-en product_tag-tiroler-landesmuseen-en has-post-thumbnail taxable shipping-taxable purchasable product-type-simple\">\n\t<a href=\"https:\/\/dcv-books.com\/en\/produkt\/cahier-1-heinz-gappmayr\/\" class=\"woocommerce-LoopProduct-link woocommerce-loop-product__link\"><div class=\"image-wrapper\"><img decoding=\"async\" width=\"1440\" height=\"2066\" src=\"https:\/\/dcv-books.com\/wp-content\/uploads\/2025\/07\/CAHIER01_Gappmayr_Preview_Einzel-1_mitKontur_web.jpg\" class=\"attachment-woocommerce_thumbnail size-woocommerce_thumbnail\" alt=\"Cahier #1 -&lt;br&gt; Heinz Gappmayr\" \/><\/div><div class=\"book-label book-label--new\"><\/div><h2 class=\"woocommerce-loop-product__title\">Cahier #1 <br> Heinz Gappmayr<\/h2>  <div class=\"woocommerce-loop-product__description\" itemprop=\"description\">\n    <p>Do we think in images or in language? Can writing visualize time? Heinz Gappmayr (1925-2010) was interested in text as a spatial event and in letters as architecture. Although his works were often presented in the context of Visual Poetry, Gappmayr himself preferred the more neutral term <em>text<\/em> to lyricism. His understanding of written language as a conceptual medium and typography as an indicator of physicality was closer to Lawrence Weiner\u2019s approach than to that of the Concrete Poets. This volume accompanies an exhibition at the Tiroler Landesmuseum and includes Gappmayer&#8217;s most important art-in-architecture projects, as well as a complete notebook from 1961, with commentary by Gaby Gappmayr, the artist&#8217;s daughter. A conversation with her provides valuable philosophical insights into her father&#8217;s work.<\/p>\n  <\/div>\n\n\t<span class=\"price\"><span class=\"woocommerce-Price-amount amount\"><bdi>22<span class=\"woocommerce-Price-currencySymbol\">&euro;<\/span><\/bdi><\/span><\/span>\n<\/a><a href=\"\/en\/wp-json\/wp\/v2\/pages\/13205?add-to-cart=25282\" aria-describedby=\"woocommerce_loop_add_to_cart_link_describedby_25282\" data-quantity=\"1\" class=\"button product_type_simple add_to_cart_button ajax_add_to_cart\" data-product_id=\"25282\" data-product_sku=\"\" aria-label=\"Add to cart: &ldquo;Cahier #1 - Heinz Gappmayr&rdquo;\" rel=\"nofollow\" data-success_message=\"&ldquo;Cahier #1 -&lt;br&gt; Heinz Gappmayr&rdquo; has been added to your cart\" role=\"button\">Add to cart<\/a>\t<span id=\"woocommerce_loop_add_to_cart_link_describedby_25282\" class=\"screen-reader-text\">\n\t\t\t<\/span>\n<\/li>\n<li class=\"product type-product post-24307 status-publish first instock product_cat-all-books product_cat-new-arrivals product_cat-on-art product_cat-painting product_tag-danke-esslingen-en product_tag-matthias-dornfeld-en has-post-thumbnail taxable shipping-taxable purchasable product-type-simple\">\n\t<a href=\"https:\/\/dcv-books.com\/en\/produkt\/matthias-dornfeld-danke-esslingen\/\" class=\"woocommerce-LoopProduct-link woocommerce-loop-product__link\"><div class=\"image-wrapper\"><img decoding=\"async\" width=\"2048\" height=\"2206\" src=\"https:\/\/dcv-books.com\/wp-content\/uploads\/2025\/07\/Dornfeld_danke-esslingen_Cover_web-2048x2206.jpg\" class=\"attachment-woocommerce_thumbnail size-woocommerce_thumbnail\" alt=\"Matthias Dornfeld -&lt;br&gt; danke esslingen\" \/><\/div><div class=\"book-label book-label--new\"><\/div><h2 class=\"woocommerce-loop-product__title\">Matthias Dornfeld <br> danke esslingen<\/h2>  <div class=\"woocommerce-loop-product__description\" itemprop=\"description\">\n    <p><span style=\"font-weight: 400;\">At first glance, the paintings of Matthias Dornfeld<\/span><span style=\"font-weight: 400;\">\u00a0<\/span><span style=\"font-weight: 400;\">might strike us as na\u00efve or even primitive. However, his still lifes, flower and animal depictions, and abstracted portraits occur in a compelling discourse with the avant-garde of European art history. Yet the works are equally accessible without that background, namely with their playful and provocative gestures, which tend to push the depictions to the brink of possibilities. After a comprehensive retrospective in the Villa Merkel Esslingen, this book documents the show and includes texts by Friedrich Meschede, Daniela St\u00f6ppel, and Christian G\u00f6gger. The in-depth essays illuminate Dornfeld\u2019s oeuvre and iconography and furthermore discuss the unconventional hanging of the show as well as its reception.\u00a0<\/span><\/p>\n  <\/div>\n\n\t<span class=\"price\"><span class=\"woocommerce-Price-amount amount\"><bdi>42<span class=\"woocommerce-Price-currencySymbol\">&euro;<\/span><\/bdi><\/span><\/span>\n<\/a><a href=\"\/en\/wp-json\/wp\/v2\/pages\/13205?add-to-cart=24307\" aria-describedby=\"woocommerce_loop_add_to_cart_link_describedby_24307\" data-quantity=\"1\" class=\"button product_type_simple add_to_cart_button ajax_add_to_cart\" data-product_id=\"24307\" data-product_sku=\"\" aria-label=\"Add to cart: &ldquo;Matthias Dornfeld - danke esslingen&rdquo;\" rel=\"nofollow\" data-success_message=\"&ldquo;Matthias Dornfeld -&lt;br&gt; danke esslingen&rdquo; has been added to your cart\" role=\"button\">Add to cart<\/a>\t<span id=\"woocommerce_loop_add_to_cart_link_describedby_24307\" class=\"screen-reader-text\">\n\t\t\t<\/span>\n<\/li>\n<li class=\"product type-product post-25041 status-publish instock product_cat-new-arrivals product_cat-on-art product_cat-painting product_tag-james-joyce-en product_tag-ulysses-en product_tag-werner-schmidt-en has-post-thumbnail taxable shipping-taxable purchasable product-type-simple\">\n\t<a href=\"https:\/\/dcv-books.com\/en\/produkt\/werner-schmidt-james-joyce-und-die-farben-des-ulysses\/\" class=\"woocommerce-LoopProduct-link woocommerce-loop-product__link\"><div class=\"image-wrapper\"><img decoding=\"async\" width=\"1848\" height=\"2500\" src=\"https:\/\/dcv-books.com\/wp-content\/uploads\/2025\/05\/Schmidt_Ulysses_Cover_web.jpg\" class=\"attachment-woocommerce_thumbnail size-woocommerce_thumbnail\" alt=\"Werner Schmidt -&lt;br&gt; James Joyce und die Farben des Ulysses\" \/><\/div><div class=\"book-label book-label--new\"><\/div><h2 class=\"woocommerce-loop-product__title\">Werner Schmidt <br> James Joyce und die Farben des Ulysses<\/h2>  <div class=\"woocommerce-loop-product__description\" itemprop=\"description\">\n    <p><span style=\"font-weight: 400;\">This imposing volume is the fruit of the artist Werner Schmidt\u2019s decades-long immersion in the preeminent literary monument of the twentieth century: James Joyce\u2019s <\/span><i><span style=\"font-weight: 400;\">Ulysses<\/span><\/i><span style=\"font-weight: 400;\">.<\/span><\/p>\n<p><span style=\"font-weight: 400;\">What began as a personal reader\u2019s voyage now attains definite form in an eloquently colorful, interdisciplinary and polyphonic tribute\u2014a work between literary study, theory of color, visual art, and reflection on language.<\/span><\/p>\n<p><span style=\"font-weight: 400;\">In the book\u2019s first part, Schmidt analyzes and visualizes the use of colors in <\/span><i><span style=\"font-weight: 400;\">Ulysses<\/span><\/i><span style=\"font-weight: 400;\"> in unique chromatic diagrams and coded color stripes that were literally painted on the walls in exhibitions. They are complemented by a series of photographs taken in Dublin, the novel\u2019s setting, and accompanied by probing meditations on literary and linguistic facets and aspects of politics and the history of religion in the Joycean universe.<\/span><\/p>\n<p><span style=\"font-weight: 400;\">The second part gathers the voices of twenty renowned Joyce scholars, who, in five thematically organized chapters, share their perspectives on the color, texture, structure, and effect of <\/span><i><span style=\"font-weight: 400;\">Ulysses<\/span><\/i><span style=\"font-weight: 400;\">.<\/span><\/p>\n<p><span style=\"font-weight: 400;\">A feast for all who revere Joyce\u2014and a gift of anyone who would not just read but truly wrap their mind around literature in its boldest and most luminous incarnation.<\/span><\/p>\n<p><strong>With texts by Florian Arnold, Doroth\u00e9e Bauerle-Willert, Erik Bindervoet, Heinz Br\u00fcggemann, Jakob Br\u00fcssermann, Michael Deckard, Toni Hildebrandt, Otto J\u00e4gersberg, Christa-Maria Lerm Hayes, J\u016brat\u0117 Levina, Susanne Peters, Christoph Poetsch, Saskia C. Quen\u00e9, Dieter Ronte, Werner Schmidt, Fritz Senn, Dirk Teuber, Vega Tescari, Shane Walshe, Andreas Weigel, Keith Williams, Ursula Zeller<\/strong><\/p>\n  <\/div>\n\n\t<span class=\"price\"><span class=\"woocommerce-Price-amount amount\"><bdi>59<span class=\"woocommerce-Price-currencySymbol\">&euro;<\/span><\/bdi><\/span><\/span>\n<\/a><a href=\"\/en\/wp-json\/wp\/v2\/pages\/13205?add-to-cart=25041\" aria-describedby=\"woocommerce_loop_add_to_cart_link_describedby_25041\" data-quantity=\"1\" class=\"button product_type_simple add_to_cart_button ajax_add_to_cart\" data-product_id=\"25041\" data-product_sku=\"\" aria-label=\"Add to cart: &ldquo;Werner Schmidt - James Joyce und die Farben des Ulysses&rdquo;\" rel=\"nofollow\" data-success_message=\"&ldquo;Werner Schmidt -&lt;br&gt; James Joyce und die Farben des Ulysses&rdquo; has been added to your cart\" role=\"button\">Add to cart<\/a>\t<span id=\"woocommerce_loop_add_to_cart_link_describedby_25041\" class=\"screen-reader-text\">\n\t\t\t<\/span>\n<\/li>\n<li class=\"product type-product post-25194 status-publish instock product_cat-architecture product_cat-drawing product_cat-new-arrivals product_cat-on-art product_cat-painting product_cat-photography product_cat-works-on-paper-en product_tag-cindy-sherman-en product_tag-daniele-buetti-en product_tag-helena-parada-kim-en product_tag-membrane-en product_tag-neue-galerie-gladbeck-en product_tag-nicola-samori-en product_tag-shirin-neshat-en product_tag-slawomir-elsner-en product_tag-thomas-ruff-en has-post-thumbnail taxable shipping-taxable purchasable product-type-simple\">\n\t<a href=\"https:\/\/dcv-books.com\/en\/produkt\/membrane\/\" class=\"woocommerce-LoopProduct-link woocommerce-loop-product__link\"><div class=\"image-wrapper\"><img decoding=\"async\" width=\"1854\" height=\"2500\" src=\"https:\/\/dcv-books.com\/wp-content\/uploads\/2025\/06\/Membrane_Katalog_Cover_web.jpg\" class=\"attachment-woocommerce_thumbnail size-woocommerce_thumbnail\" alt=\"Membrane -&lt;br&gt;\" \/><\/div><div class=\"book-label book-label--new\"><\/div><h2 class=\"woocommerce-loop-product__title\">Membrane <br><\/h2>  <div class=\"woocommerce-loop-product__description\" itemprop=\"description\">\n    <p><i><span style=\"font-weight: 400;\">Membrane<\/span><\/i><span style=\"font-weight: 400;\"> documents an eponymous exhibition at the Neue Galerie Gladeck as well as the gallery\u2019s architectural extension. The works of the 7 invited artists are engaged to explore skin in a broader sense\u2014membrane also encompasses clothing, veiling, and masking from various cultural perspectives. Well-known portraits by Thomas Ruff, Shirin Neshat, and Cindy Sherman <\/span><span style=\"font-weight: 400;\">appear in a new light alongside Helena Parade Kim&#8217;s exploration of iconographic and ceremonial fashion codes, Daniel Buetti&#8217;s critique of the commercialized body, and Nicola Samor\u00ec&#8217;s exploration of skin in historical masterpieces. The membrane concept also inspired the exterior and interior surfaces of the new gallery building, and an interesting text by the architect reveals his approach.<\/span><\/p>\n<p><span style=\"font-weight: 400;\">Artists: Daniele Buetti, S\u0142awomir Elsner, Shirin Neshat, Helena Parada Kim, Thomas Ruff, Nicola Samor\u00ec &amp; Cindy Sherman<\/span><\/p>\n  <\/div>\n\n\t<span class=\"price\"><span class=\"woocommerce-Price-amount amount\"><bdi>38<span class=\"woocommerce-Price-currencySymbol\">&euro;<\/span><\/bdi><\/span><\/span>\n<\/a><a href=\"\/en\/wp-json\/wp\/v2\/pages\/13205?add-to-cart=25194\" aria-describedby=\"woocommerce_loop_add_to_cart_link_describedby_25194\" data-quantity=\"1\" class=\"button product_type_simple add_to_cart_button ajax_add_to_cart\" data-product_id=\"25194\" data-product_sku=\"\" aria-label=\"Add to cart: &ldquo;Membrane -&rdquo;\" rel=\"nofollow\" data-success_message=\"&ldquo;Membrane -&lt;br&gt;&rdquo; has been added to your cart\" role=\"button\">Add to cart<\/a>\t<span id=\"woocommerce_loop_add_to_cart_link_describedby_25194\" class=\"screen-reader-text\">\n\t\t\t<\/span>\n<\/li>\n<li class=\"product type-product post-24508 status-publish last instock product_cat-all-books product_cat-new-arrivals product_cat-on-art product_cat-painting product_tag-charles-moore-en product_tag-danielle-mckinney-en product_tag-jorinde-voigt-en product_tag-nicola-staeglich-en product_tag-nirit-takele-en product_tag-on-painting-en has-post-thumbnail taxable shipping-taxable purchasable product-type-simple\">\n\t<a href=\"https:\/\/dcv-books.com\/en\/produkt\/charles-moore-on-painting\/\" class=\"woocommerce-LoopProduct-link woocommerce-loop-product__link\"><div class=\"image-wrapper\"><img decoding=\"async\" width=\"605\" height=\"907\" src=\"https:\/\/dcv-books.com\/wp-content\/uploads\/2025\/02\/Moore_Contemporary_Cover4-pdf.jpg\" class=\"attachment-woocommerce_thumbnail size-woocommerce_thumbnail\" alt=\"Charles Moore -&lt;br&gt; On painting\" \/><\/div><div class=\"book-label book-label--upcoming\"><\/div><h2 class=\"woocommerce-loop-product__title\">Charles Moore <br> On painting<\/h2>  <div class=\"woocommerce-loop-product__description\" itemprop=\"description\">\n    <p>For <em>On Painting<\/em>, New York-based art historian and curator Charles Moore, interviewed four women artists about their practice, asking them to reveal their motives and aspirations. This publication consists of four interviews, each containing an introduction by Moore and illustrations of the artist\u2019s works. Danielle Mckinney, who paints exclusively Black women, reflects on her experiences as a woman growing up in the US South. Nicola Staeglich creates subtle layered abstract works to evoke new perspectives and the potential for change. Nirit Takele elaborates on how her Ethiopian Jewish heritage has shaped her painting practice. Jorinde Voigt, who creates complex installations inspired by notation systems, discusses the use of algorithms and the beauty to be found in the unexpected.<\/p>\n  <\/div>\n\n\t<span class=\"price\"><span class=\"woocommerce-Price-amount amount\"><bdi>16<span class=\"woocommerce-Price-currencySymbol\">&euro;<\/span><\/bdi><\/span><\/span>\n<\/a><a href=\"\/en\/wp-json\/wp\/v2\/pages\/13205?add-to-cart=24508\" aria-describedby=\"woocommerce_loop_add_to_cart_link_describedby_24508\" data-quantity=\"1\" class=\"button product_type_simple add_to_cart_button ajax_add_to_cart\" data-product_id=\"24508\" data-product_sku=\"\" aria-label=\"Add to cart: &ldquo;Charles Moore - On painting&rdquo;\" rel=\"nofollow\" data-success_message=\"&ldquo;Charles Moore -&lt;br&gt; On painting&rdquo; has been added to your cart\" role=\"button\">Add to cart<\/a>\t<span id=\"woocommerce_loop_add_to_cart_link_describedby_24508\" class=\"screen-reader-text\">\n\t\t\t<\/span>\n<\/li>\n<li class=\"product type-product post-26331 status-publish first instock product_cat-all-books product_cat-new-arrivals product_cat-on-art product_cat-urban-art-en product_tag-charles-moore-en product_tag-the-juxtapoz-talks has-post-thumbnail taxable shipping-taxable purchasable product-type-simple\">\n\t<a href=\"https:\/\/dcv-books.com\/en\/produkt\/charles-moore-the-juxtapoz-talks\/\" class=\"woocommerce-LoopProduct-link woocommerce-loop-product__link\"><div class=\"image-wrapper\"><img decoding=\"async\" width=\"1563\" height=\"2500\" src=\"https:\/\/dcv-books.com\/wp-content\/uploads\/2025\/06\/The-Juxtapoz_Cover_web.jpg\" class=\"attachment-woocommerce_thumbnail size-woocommerce_thumbnail\" alt=\"Charles Moore &lt;br&gt; The Juxtapoz Talks\" \/><\/div><div class=\"book-label book-label--upcoming\"><\/div><h2 class=\"woocommerce-loop-product__title\">Charles Moore <br> The Juxtapoz Talks<\/h2>  <div class=\"woocommerce-loop-product__description\" itemprop=\"description\">\n    <p><span style=\"font-weight: 400;\">The US-American art historian Charles Moore is a conversationalist who excels in querying artists about their process and vision. His second volume with DCV features 3 essays and 19 interviews. The selection draws from Moore\u2019s texts and conversations published in the San Francisco-based Juxtapoz Magazine between 2020 and 2025. Among the subjects are star painters such as Henry Taylor, Derek Fordjour, and George Condo, while others are of less renown. <\/span><\/p>\n<p>Artists: Alvin Armstrong, Lindsey Brittain Collins, George Condo, Julie Curtiss, Kim Dacres, Xavier Daniels, Laurena Fin\u00e9us, Derek Fordjour, Gonzalo Garc\u00eda, Steve \u201cSweatpants\u201d Irby, Ivana Ivkovi\u0107, En Iwamura, Timothy Lai, Natia Lemay, Rebecca Ness, Ludovic Nkoth, Deborah<br \/>\nRoberts, Cinga Samson, Alake Shilling, Deng \u201cDemo\u201d Shiqing, Henry Taylor, Raquel Van Haver<\/p>\n  <\/div>\n\n\t<span class=\"price\"><span class=\"woocommerce-Price-amount amount\"><bdi>16<span class=\"woocommerce-Price-currencySymbol\">&euro;<\/span><\/bdi><\/span><\/span>\n<\/a><a href=\"\/en\/wp-json\/wp\/v2\/pages\/13205?add-to-cart=26331\" aria-describedby=\"woocommerce_loop_add_to_cart_link_describedby_26331\" data-quantity=\"1\" class=\"button product_type_simple add_to_cart_button ajax_add_to_cart\" data-product_id=\"26331\" data-product_sku=\"\" aria-label=\"Add to cart: &ldquo;Charles Moore  The Juxtapoz Talks&rdquo;\" rel=\"nofollow\" data-success_message=\"&ldquo;Charles Moore &lt;br&gt; The Juxtapoz Talks&rdquo; has been added to your cart\" role=\"button\">Add to cart<\/a>\t<span id=\"woocommerce_loop_add_to_cart_link_describedby_26331\" class=\"screen-reader-text\">\n\t\t\t<\/span>\n<\/li>\n<li class=\"product type-product post-26338 status-publish instock product_cat-all-books product_cat-new-arrivals product_cat-on-art product_cat-painting product_tag-larissa-kikol-en product_tag-new-abstract-painting has-post-thumbnail taxable shipping-taxable purchasable product-type-simple\">\n\t<a href=\"https:\/\/dcv-books.com\/en\/produkt\/larissa-kikol-neue-abstrakte-malerei-kopie\/\" class=\"woocommerce-LoopProduct-link woocommerce-loop-product__link\"><div class=\"image-wrapper\"><img decoding=\"async\" width=\"1778\" height=\"2500\" src=\"https:\/\/dcv-books.com\/wp-content\/uploads\/2025\/06\/Kikol2_NewAbstractPainting_UmschlagEN_171225_Kontur_web.jpg\" class=\"attachment-woocommerce_thumbnail size-woocommerce_thumbnail\" alt=\"Larissa Kikol -&lt;br&gt; New Abstract Painting. From Abstract Expressionism to Freedom in the 21st Century\" \/><\/div><div class=\"book-label book-label--upcoming\"><\/div><h2 class=\"woocommerce-loop-product__title\">Larissa Kikol <br> New Abstract Painting. From Abstract Expressionism to Freedom in the 21st Century<\/h2>  <div class=\"woocommerce-loop-product__description\" itemprop=\"description\">\n    <p>Abstract painting has reinvented itself: rid of political and ideological burdens, it now stands for pure creative autonomy. From the Abstract Expressionism of the postwar era to today\u2019s expansive ease\u2014in essays and conversations, Larissa Kikol sheds light on how this art form broke free of the narratives that attended its emergence and performed a \u201cgreat reset.\u201d From the seminal innovations of Katharina Grosse or Albert Oehlen and radically subjectivist approaches in Cecily Brown or Andr\u00e9 Butzer to cutting-edge tendencies like Dirty Minimalism and Post Vandalism, the book presents thrilling insights into a painting that puts emotion, color, and shapes center stage. An inspiring look at the renaissance of abstract art in the 21st century and a must-have reference work for all art lovers.<\/p>\n<p>Artists: Frederic Anderson, Karla Black, Frank Bowling, Andreas Breunig, Jenny Brosinski, Cecily Brown, Andr\u00e9 Butzer, Diamonds Crew, Willehad Eilers, Jad\u00e9 Fadojutimi, Helen Frankenthaler, Katharina Grosse, Antwan Horfee, Aneta Kajzer, Joan Mitchell, Michael M\u00fcller, Oscar Murillo, NEU, NUG, Albert Oehlen, David Ostrowski, Over, Daisy Parris, Marco Pariani, Jackson Pollock, Christopher Wool and more<\/p>\n  <\/div>\n\n\t<span class=\"price\"><span class=\"woocommerce-Price-amount amount\"><bdi>26<span class=\"woocommerce-Price-currencySymbol\">&euro;<\/span><\/bdi><\/span><\/span>\n<\/a><a href=\"\/en\/wp-json\/wp\/v2\/pages\/13205?add-to-cart=26338\" aria-describedby=\"woocommerce_loop_add_to_cart_link_describedby_26338\" data-quantity=\"1\" class=\"button product_type_simple add_to_cart_button ajax_add_to_cart\" data-product_id=\"26338\" data-product_sku=\"\" aria-label=\"Add to cart: &ldquo;Larissa Kikol - New Abstract Painting. From Abstract Expressionism to Freedom in the 21st Century&rdquo;\" rel=\"nofollow\" data-success_message=\"&ldquo;Larissa Kikol -&lt;br&gt; New Abstract Painting. From Abstract Expressionism to Freedom in the 21st Century&rdquo; has been added to your cart\" role=\"button\">Add to cart<\/a>\t<span id=\"woocommerce_loop_add_to_cart_link_describedby_26338\" class=\"screen-reader-text\">\n\t\t\t<\/span>\n<\/li>\n<li class=\"product type-product post-26467 status-publish instock product_cat-all-books product_cat-drawing product_cat-installation-art product_cat-new-arrivals product_cat-on-art product_cat-painting product_cat-photography product_cat-sculpture product_tag-high-modernism-in-croatia-1949-1998 product_tag-mnac-en product_tag-parallel-lines has-post-thumbnail taxable shipping-taxable purchasable product-type-simple\">\n\t<a href=\"https:\/\/dcv-books.com\/en\/produkt\/parallel-lines-high-modernism-in-croatia-1949-1998\/\" class=\"woocommerce-LoopProduct-link woocommerce-loop-product__link\"><div class=\"image-wrapper\"><img decoding=\"async\" width=\"2048\" height=\"2439\" src=\"https:\/\/dcv-books.com\/wp-content\/uploads\/2026\/02\/MNAC_Paralell-Lines_Cov-1_web-2048x2439.jpg\" class=\"attachment-woocommerce_thumbnail size-woocommerce_thumbnail\" alt=\"Parallel Lines &lt;br&gt; High Modernism in Croatia 1949\u20131998\" \/><\/div><h2 class=\"woocommerce-loop-product__title\">Parallel Lines <br> High Modernism in Croatia 1949\u20131998<\/h2>  <div class=\"woocommerce-loop-product__description\" itemprop=\"description\">\n    <p><em>Parallel Lines. High Modernism in Croatia 1949\u20131998<\/em> documents an exhibition of the same name at Bucharest&#8217;s National Museum of Contemporary Art in 2025. Organized jointly with the National Museum of Modern Art in Zagreb, the show illuminates with 188 works the unique art scene after 1948\u2019s Cominform resolution, which marked Yugoslavia&#8217;s break from Soviet influence. In the 1960s, Zagreb, with its &#8220;New Tendencies,&#8221; became a hub for artistic experimentation in response to the genre of socialist realist painting. Parallel Lines highlights the coexistence of institutionally supported and alternative art within Yugoslav &#8220;socialism with a human face.&#8221; Through public dialogues and debates, these parallel movements fostered a dynamic cultural landscape.<\/p>\n  <\/div>\n\n\t<span class=\"price\"><span class=\"woocommerce-Price-amount amount\"><bdi>36<span class=\"woocommerce-Price-currencySymbol\">&euro;<\/span><\/bdi><\/span><\/span>\n<\/a><a href=\"\/en\/wp-json\/wp\/v2\/pages\/13205?add-to-cart=26467\" aria-describedby=\"woocommerce_loop_add_to_cart_link_describedby_26467\" data-quantity=\"1\" class=\"button product_type_simple add_to_cart_button ajax_add_to_cart\" data-product_id=\"26467\" data-product_sku=\"\" aria-label=\"Add to cart: &ldquo;Parallel Lines  High Modernism in Croatia 1949\u20131998&rdquo;\" rel=\"nofollow\" data-success_message=\"&ldquo;Parallel Lines &lt;br&gt; High Modernism in Croatia 1949\u20131998&rdquo; has been added to your cart\" role=\"button\">Add to cart<\/a>\t<span id=\"woocommerce_loop_add_to_cart_link_describedby_26467\" class=\"screen-reader-text\">\n\t\t\t<\/span>\n<\/li>\n<li class=\"product type-product post-23632 status-publish last instock product_cat-new-arrivals product_cat-on-art product_tag-briefmarken-en product_tag-deutschland-in-50-briefmarken-en product_tag-uwe-schuette-en has-post-thumbnail taxable shipping-taxable purchasable product-type-simple\">\n\t<a href=\"https:\/\/dcv-books.com\/en\/produkt\/uwe-schutte-deutschland-in-50-briefmarken\/\" class=\"woocommerce-LoopProduct-link woocommerce-loop-product__link\"><div class=\"image-wrapper\"><img decoding=\"async\" width=\"1688\" height=\"2500\" src=\"https:\/\/dcv-books.com\/wp-content\/uploads\/2024\/10\/Deutschland_in_50_Briefmarken_UMSCHLAG_241011_crop_web.jpg\" class=\"attachment-woocommerce_thumbnail size-woocommerce_thumbnail\" alt=\"Uwe Sch\u00fctte -&lt;br&gt; Deutschland in 50 Briefmarken\" \/><\/div><div class=\"book-label book-label--upcoming\"><\/div><h2 class=\"woocommerce-loop-product__title\">Uwe Sch\u00fctte <br> Deutschland in 50 Briefmarken<\/h2>  <div class=\"woocommerce-loop-product__description\" itemprop=\"description\">\n    <div class=\"column\">\n<p>The postage stamp, the avid philatelist Walter Benjamin prophesied in 1928, would \u201cnot survive the twentieth century.\u201d Time, then, for a look back: in fifty essays, Uwe Schu\u0308tte embarks on a voyage through 175 years of German postal history to decode the mentalities that shaped it. Analyzing the visual language of the stamps and their significance for Germany\u2019s collective memory, from the One kreuzer black to Deutsche Post\u2019s cutting-edge crypto-stamp, he shows how the stamp broke the shackles of its function as a proof of postage paid to emerge in the early twentieth century as a medium of mass-circulation miniature-format graphic art. It went on to serve as an instrument of propaganda, was collected and counterfeited, and proved a capacious mirror of discourses in society.<\/p>\n<\/div>\n<p>The cultural essayist Uwe Sch\u00fctte, born in Sauerland in 1967 and a philatelist since childhood, completed his doctorate in German Literature under W.G. Sebald. After two decades as a university lecturer in England, he now lives and works in Berlin. His work includes more than 30 books dealing with extremist art and occultism as well as advanced pop culture and contemporary literature.<\/p>\n  <\/div>\n\n\t<span class=\"price\"><span class=\"woocommerce-Price-amount amount\"><bdi>24<span class=\"woocommerce-Price-currencySymbol\">&euro;<\/span><\/bdi><\/span><\/span>\n<\/a><a href=\"\/en\/wp-json\/wp\/v2\/pages\/13205?add-to-cart=23632\" aria-describedby=\"woocommerce_loop_add_to_cart_link_describedby_23632\" data-quantity=\"1\" class=\"button product_type_simple add_to_cart_button ajax_add_to_cart\" data-product_id=\"23632\" data-product_sku=\"\" aria-label=\"Add to cart: &ldquo;Uwe Sch\u00fctte - Deutschland in 50 Briefmarken&rdquo;\" rel=\"nofollow\" data-success_message=\"&ldquo;Uwe Sch\u00fctte -&lt;br&gt; Deutschland in 50 Briefmarken&rdquo; has been added to your cart\" role=\"button\">Add to cart<\/a>\t<span id=\"woocommerce_loop_add_to_cart_link_describedby_23632\" class=\"screen-reader-text\">\n\t\t\t<\/span>\n<\/li>\n<li class=\"product type-product post-26357 status-publish first instock product_cat-all-books product_cat-installation-art product_cat-new-arrivals product_cat-on-art product_cat-painting product_cat-sculpture product_cat-urban-art-en product_tag-abstraktion product_tag-autonomie-und-post-vandalische-tendenzen-in-der-kunst-der-gegenwart product_tag-kunstverein-hannover product_tag-under-the-milky-way has-post-thumbnail taxable shipping-taxable purchasable product-type-simple\">\n\t<a href=\"https:\/\/dcv-books.com\/en\/produkt\/under-the-milky-way-abstraktion-autonomie-und-post-vandalische-tendenzen-in-der-kunst-der-gegenwart\/\" class=\"woocommerce-LoopProduct-link woocommerce-loop-product__link\"><div class=\"image-wrapper\"><img decoding=\"async\" width=\"1917\" height=\"2500\" src=\"https:\/\/dcv-books.com\/wp-content\/uploads\/2025\/06\/MilkyWAY_Cover_4_web.jpg\" class=\"attachment-woocommerce_thumbnail size-woocommerce_thumbnail\" alt=\"Under the Milky Way -&lt;br&gt; Abstraktion, Autonomie und post-vandalische Tendenzen in der Kunst der Gegenwart\" \/><\/div><h2 class=\"woocommerce-loop-product__title\">Under the Milky Way <br> Abstraktion, Autonomie und post-vandalische Tendenzen in der Kunst der Gegenwart<\/h2>  <div class=\"woocommerce-loop-product__description\" itemprop=\"description\">\n    <p>The outdoors is now a school, the urban underworld a studio, and unchained anti-authority supersedes the influence of the academy and the market. This is where art movements come to life; Hidden Masters emerge who have recently also been taking the institutional stage. Some have a background in graffiti, others have studied painting; some used to be urban trespassers painting in places where they had to be vigilant, eluding the all-seeing eye of the authorities. The resulting art is best described by three terms: <em>abstraction<\/em>, <em>autonomy<\/em>, and\u2014depending on one\u2019s perspective\u2014<em>post-vandalism<\/em>. The exhibition <em>Under the Milky Way<\/em> presents captivating positions from these scenes across Europe. It is not a graffiti show but a creative transfer that invites abstract painting and other practices into the museum space. There are raw ideas, irony, autonomous art, and conceptual as well as anarchic approaches. What emerges, at times off-the-cuff, is an art of art, frequently expressing political stances, often with the boldness to do exactly what needs to be done.<\/p>\n<p>The book accompanying the exhibition at Kunstverein Hannover brings together several defining protagonists of this movement in a never-before-seen constellation. Though hailing from heterogeneous urban and creative scenes, they time and again find themselves <em>Under<\/em> <em>the Milky Way<\/em>: driven by an urge to seek freedom and creative action that is unattainable by daylight.<\/p>\n<p>Artists: Amos Angeles, Alexandre Bavard, C\u00e4cilia Brown, Stephen Burke, Bus 126, Brad Downey, Hams, Antwan Horfee, Klub7, Daniel Laufer, Mischa Leinkauf, Patrick Niemann, Moses und Taps, Christoph and Sebastian M\u00fcgge, Martina Morger, Rocco und seine Br\u00fcder, Veli Silver, Mathias Weinfurter, Angst Yok<\/p>\n<p>Book presentation on July 4, 2026, at 6 p.m. at the Kunstverein Hannover<br \/>\nMore information <a href=\"https:\/\/www.kunstverein-hannover.de\/en\/kalender\/8825-buchvorstellung\">here<\/a><\/p>\n  <\/div>\n\n\t<span class=\"price\"><span class=\"woocommerce-Price-amount amount\"><bdi>38<span class=\"woocommerce-Price-currencySymbol\">&euro;<\/span><\/bdi><\/span><\/span>\n<\/a><a href=\"\/en\/wp-json\/wp\/v2\/pages\/13205?add-to-cart=26357\" aria-describedby=\"woocommerce_loop_add_to_cart_link_describedby_26357\" data-quantity=\"1\" class=\"button product_type_simple add_to_cart_button ajax_add_to_cart\" data-product_id=\"26357\" data-product_sku=\"\" aria-label=\"Add to cart: &ldquo;Under the Milky Way - Abstraktion, Autonomie und post-vandalische Tendenzen in der Kunst der Gegenwart&rdquo;\" rel=\"nofollow\" data-success_message=\"&ldquo;Under the Milky Way -&lt;br&gt; Abstraktion, Autonomie und post-vandalische Tendenzen in der Kunst der Gegenwart&rdquo; has been added to your cart\" role=\"button\">Add to cart<\/a>\t<span id=\"woocommerce_loop_add_to_cart_link_describedby_26357\" class=\"screen-reader-text\">\n\t\t\t<\/span>\n<\/li>\n<li class=\"product type-product post-24197 status-publish instock product_cat-all-books product_cat-new-arrivals product_cat-on-art product_cat-sculpture product_tag-panoptikum-en product_tag-tim-david-trillsam-en product_tag-willkommen-im-panoptikum-en has-post-thumbnail taxable shipping-taxable purchasable product-type-simple\">\n\t<a href=\"https:\/\/dcv-books.com\/en\/produkt\/tim-david-trillsam-willkommen-im-panoptikum\/\" class=\"woocommerce-LoopProduct-link woocommerce-loop-product__link\"><div class=\"image-wrapper\"><img decoding=\"async\" width=\"2048\" height=\"2731\" src=\"https:\/\/dcv-books.com\/wp-content\/uploads\/2024\/12\/TDT_cover_2024-11-04-2048x2731.jpg\" class=\"attachment-woocommerce_thumbnail size-woocommerce_thumbnail\" alt=\"Tim David Trillsam -&lt;br&gt; Willkommen im Panoptikum\" \/><\/div><div class=\"book-label book-label--upcoming\"><\/div><h2 class=\"woocommerce-loop-product__title\">Tim David Trillsam <br> Willkommen im Panoptikum<\/h2>  <div class=\"woocommerce-loop-product__description\" itemprop=\"description\">\n    <p><span style=\"font-weight: 400;\">With his idiosyncratic figurative bronze sculptures Tim David Trillsam (born 1985 in the Swabian Alb) has hit a nerve. The artist\u2019s \u201cself memorials\u201d ask the viewer to remember the transience and illusion of this very self. Although Trillsam employs a loaded material that evokes many great sculptors before him, his own sculptures resist the past. His figures are tangibly protagonist of the present and they provoke with their exaggerated sensuality, twisted bodies, and oversized hands and feet. \u201cThe oversizing is programmatic. As is the skeptical approach to the human species. Trillsam proceeds as a thoughtful questioner with doubt yet also irritation,\u201d writes Dorothee Baer-Bogensch\u00fctze. Her in-depth art-historical analysis is part of this forthcoming book about Trillsam\u2019s oeuvre since 2012.<\/span><\/p>\n  <\/div>\n\n\t<span class=\"price\"><span class=\"woocommerce-Price-amount amount\"><bdi>38<span class=\"woocommerce-Price-currencySymbol\">&euro;<\/span><\/bdi><\/span><\/span>\n<\/a><a href=\"\/en\/wp-json\/wp\/v2\/pages\/13205?add-to-cart=24197\" aria-describedby=\"woocommerce_loop_add_to_cart_link_describedby_24197\" data-quantity=\"1\" class=\"button product_type_simple add_to_cart_button ajax_add_to_cart\" data-product_id=\"24197\" data-product_sku=\"\" aria-label=\"Add to cart: &ldquo;Tim David Trillsam - Willkommen im Panoptikum&rdquo;\" rel=\"nofollow\" data-success_message=\"&ldquo;Tim David Trillsam -&lt;br&gt; Willkommen im Panoptikum&rdquo; has been added to your cart\" role=\"button\">Add to cart<\/a>\t<span id=\"woocommerce_loop_add_to_cart_link_describedby_24197\" class=\"screen-reader-text\">\n\t\t\t<\/span>\n<\/li>\n<li class=\"product type-product post-20429 status-publish instock product_cat-all-books product_cat-new-arrivals product_cat-on-art product_cat-painting product_cat-performance-art product_tag-was-ist-wiener-aktionismus-en product_tag-wiener-aktionismus-en has-post-thumbnail taxable shipping-taxable purchasable product-type-simple\">\n\t<a href=\"https:\/\/dcv-books.com\/en\/produkt\/was-ist-wiener-aktionismus\/\" class=\"woocommerce-LoopProduct-link woocommerce-loop-product__link\"><div class=\"image-wrapper\"><img decoding=\"async\" width=\"1827\" height=\"2500\" src=\"https:\/\/dcv-books.com\/wp-content\/uploads\/2024\/12\/WIWA-DE_Cover_web.jpg\" class=\"attachment-woocommerce_thumbnail size-woocommerce_thumbnail\" alt=\"Was ist Wiener Aktionismus?\" \/><\/div><h2 class=\"woocommerce-loop-product__title\">Was ist Wiener Aktionismus?<\/h2>  <div class=\"woocommerce-loop-product__description\" itemprop=\"description\">\n    <p>Blows were dealt. An artist exposed and cut himself, others urinated in glasses, daubed themselves with dirt, and masturbated over the Austrian flag. Meanwhile, music was playing, including the national anthem; someone read pornographic writings. Vienna in the late 1960s: what had started in the artists\u2019 homes and studios was now brough out on the grand stage, and taboos were broken in full view of the public.<\/p>\n<p>The Vienna Actionism Museum\u2019s first publication is dedicated to the idea of Vienna Actionism in the dynamic context of abstract realism, Fluxus, and the international Happening scene. The book relates the story of one of art history\u2019s most influential art movements, spearheaded by the Actionists G\u00fcnter Brus and Otto Muehl, Hermann Nitsch and Rudolf Schwarzkogler.<\/p>\n  <\/div>\n\n\t<span class=\"price\"><span class=\"woocommerce-Price-amount amount\"><bdi>50<span class=\"woocommerce-Price-currencySymbol\">&euro;<\/span><\/bdi><\/span><\/span>\n<\/a><a href=\"\/en\/wp-json\/wp\/v2\/pages\/13205?add-to-cart=20429\" aria-describedby=\"woocommerce_loop_add_to_cart_link_describedby_20429\" data-quantity=\"1\" class=\"button product_type_simple add_to_cart_button ajax_add_to_cart\" data-product_id=\"20429\" data-product_sku=\"\" aria-label=\"Add to cart: &ldquo;Was ist Wiener Aktionismus?&rdquo;\" rel=\"nofollow\" data-success_message=\"&ldquo;Was ist Wiener Aktionismus?&rdquo; has been added to your cart\" role=\"button\">Add to cart<\/a>\t<span id=\"woocommerce_loop_add_to_cart_link_describedby_20429\" class=\"screen-reader-text\">\n\t\t\t<\/span>\n<\/li>\n<li class=\"product type-product post-20432 status-publish last instock product_cat-all-books product_cat-new-arrivals product_cat-on-art product_cat-painting product_cat-performance-art product_tag-vienna-actionism-en product_tag-what-is-vienna-actionism-en has-post-thumbnail taxable shipping-taxable purchasable product-type-simple\">\n\t<a href=\"https:\/\/dcv-books.com\/en\/produkt\/was-ist-wiener-aktionismus-kopie\/\" class=\"woocommerce-LoopProduct-link woocommerce-loop-product__link\"><div class=\"image-wrapper\"><img decoding=\"async\" width=\"1827\" height=\"2500\" src=\"https:\/\/dcv-books.com\/wp-content\/uploads\/2024\/12\/WIWA-ENG_Cover_web.jpg\" class=\"attachment-woocommerce_thumbnail size-woocommerce_thumbnail\" alt=\"What is Vienna Actionism?\" \/><\/div><h2 class=\"woocommerce-loop-product__title\">What is Vienna Actionism?<\/h2>  <div class=\"woocommerce-loop-product__description\" itemprop=\"description\">\n    <p>Blows were dealt. An artist exposed and cut himself, others urinated in glasses, daubed themselves with dirt, and masturbated over the Austrian flag. Meanwhile, music was playing, including the national anthem; someone read pornographic writings. Vienna in the late 1960s: what had started in the artists\u2019 homes and studios was now brough out on the grand stage, and taboos were broken in full view of the public.<\/p>\n<p>The Vienna Actionism Museum\u2019s first publication is dedicated to the idea of Vienna Actionism in the dynamic context of abstract realism, Fluxus, and the international Happening scene. The book relates the story of one of art history\u2019s most influential art movements, spearheaded by the Actionists G\u00fcnter Brus and Otto Muehl, Hermann Nitsch and Rudolf Schwarzkogler.<\/p>\n  <\/div>\n\n\t<span class=\"price\"><span class=\"woocommerce-Price-amount amount\"><bdi>50<span class=\"woocommerce-Price-currencySymbol\">&euro;<\/span><\/bdi><\/span><\/span>\n<\/a><a href=\"\/en\/wp-json\/wp\/v2\/pages\/13205?add-to-cart=20432\" aria-describedby=\"woocommerce_loop_add_to_cart_link_describedby_20432\" data-quantity=\"1\" class=\"button product_type_simple add_to_cart_button ajax_add_to_cart\" data-product_id=\"20432\" data-product_sku=\"\" aria-label=\"Add to cart: &ldquo;What is Vienna Actionism?&rdquo;\" rel=\"nofollow\" data-success_message=\"&ldquo;What is Vienna Actionism?&rdquo; has been added to your cart\" role=\"button\">Add to cart<\/a>\t<span id=\"woocommerce_loop_add_to_cart_link_describedby_20432\" class=\"screen-reader-text\">\n\t\t\t<\/span>\n<\/li>\n<li class=\"product type-product post-23879 status-publish first instock product_cat-all-books product_cat-new-arrivals product_cat-on-art product_cat-performance-art product_cat-photography product_cat-sculpture product_cat-works-on-paper-en product_tag-facts-and-tales-en product_tag-facts-and-tales-truth-be-told-en product_tag-ilit-azoulay-en product_tag-jewish-museum-new-york-en product_tag-truth-be-told-en has-post-thumbnail taxable shipping-taxable purchasable product-type-simple\">\n\t<a href=\"https:\/\/dcv-books.com\/en\/produkt\/ilit-azoulay-facts-and-tales-truth-be-told\/\" class=\"woocommerce-LoopProduct-link woocommerce-loop-product__link\"><div class=\"image-wrapper\"><img decoding=\"async\" width=\"1039\" height=\"1450\" src=\"https:\/\/dcv-books.com\/wp-content\/uploads\/2024\/12\/Azoulay_12_Cover_web.jpg\" class=\"attachment-woocommerce_thumbnail size-woocommerce_thumbnail\" alt=\"Ilit Azoulay -&lt;br&gt; Facts and Tales. Truth be Told\" \/><\/div><h2 class=\"woocommerce-loop-product__title\">Ilit Azoulay <br> Facts and Tales. Truth be Told<\/h2>  <div class=\"woocommerce-loop-product__description\" itemprop=\"description\">\n    <p>In an era in which multiple perspectives and oral histories are increasingly vital, <em>Facts and Tales\u2014Truth Be Told<\/em> delves into the haunting work of Ilit Azoulay. The artist, who was born in Jaffa in 1972, transforms objects, archives, and museum holdings into vessels, challenging traditional hierarchies of knowledge. In her most recent solo exhibition <em>Mere Things<\/em> at the Jewish Museum, New York, Azoulay presents works that probe the delicate balance between factual representation and nuanced storytelling.<\/p>\n<p>The publication accompanying the exhibition includes archival pages, the artist\u2019s notes, and depictions of the works as well as an introduction by curator Shira Backer and an essay by the art critic, curator, and writer Sarit Shapira, who passed away in 2018. Titled <em>Houses of Junk and Specters: On Ilit Azoulay\u2019s Early Works<\/em>, it underscores the importance of honoring both factual accuracy and oral histories and invites readers to explore the complex interplay between concrete evidence and the rich and nuanced stories.<\/p>\n<p>Azoulay has devised a singular method to shed light on the blanks in hegemonic narratives and expose them. As though to produce an extortion letter, she clips her pictures from archival materials and photographs of the walls of abandoned buildings and composes them in collages interweaving a multiplicity of views. The resulting works question the exclusive truth claim of museum expertise and reveal its constructed quality. The catalog of her works, designed as a box replete with texts and images, reflects this approach, aiming to dismantle established narratives and open up diverse perspectives.<\/p>\n<p>Box containing 6 different standalone publications, limited edition of 500 copies<\/p>\n<p><strong>THIS PUBLICATION WAS MADE POSSIBLE BY THE GENEROUS SUPPORT OF THE GALLERY LOHAUS SOMINSKY, MUNICH<\/strong><\/p>\n  <\/div>\n\n\t<span class=\"price\"><span class=\"woocommerce-Price-amount amount\"><bdi>120<span class=\"woocommerce-Price-currencySymbol\">&euro;<\/span><\/bdi><\/span><\/span>\n<\/a><a href=\"\/en\/wp-json\/wp\/v2\/pages\/13205?add-to-cart=23879\" aria-describedby=\"woocommerce_loop_add_to_cart_link_describedby_23879\" data-quantity=\"1\" class=\"button product_type_simple add_to_cart_button ajax_add_to_cart\" data-product_id=\"23879\" data-product_sku=\"\" aria-label=\"Add to cart: &ldquo;Ilit Azoulay - Facts and Tales. Truth be Told&rdquo;\" rel=\"nofollow\" data-success_message=\"&ldquo;Ilit Azoulay -&lt;br&gt; Facts and Tales. Truth be Told&rdquo; has been added to your cart\" role=\"button\">Add to cart<\/a>\t<span id=\"woocommerce_loop_add_to_cart_link_describedby_23879\" class=\"screen-reader-text\">\n\t\t\t<\/span>\n<\/li>\n<li class=\"product type-product post-24778 status-publish instock product_cat-all-books product_cat-drawing product_cat-installation-art product_cat-new-arrivals product_cat-on-art product_cat-painting product_cat-sculpture product_cat-textile-art product_cat-works-on-paper-en product_tag-brainlab-en product_tag-brazil product_tag-female-brazilian-artists product_tag-rooted-en product_tag-rooted-female-brazilian-artists product_tag-tereza-de-arruda-en product_tag-vilsmeier-linhares-collection has-post-thumbnail taxable shipping-taxable purchasable product-type-simple\">\n\t<a href=\"https:\/\/dcv-books.com\/en\/produkt\/rooted-female-brazilian-artists\/\" class=\"woocommerce-LoopProduct-link woocommerce-loop-product__link\"><div class=\"image-wrapper\"><img decoding=\"async\" width=\"1833\" height=\"2500\" src=\"https:\/\/dcv-books.com\/wp-content\/uploads\/2025\/03\/ROOTED_INHALT_ISUUU_250227-1_Cover_web.jpg\" class=\"attachment-woocommerce_thumbnail size-woocommerce_thumbnail\" alt=\"Rooted -&lt;br&gt; Female Brazilian Artists\" \/><\/div><h2 class=\"woocommerce-loop-product__title\">Rooted <br> Female Brazilian Artists<\/h2>  <div class=\"woocommerce-loop-product__description\" itemprop=\"description\">\n    <p><span style=\"font-weight: 400;\">The book\u00a0<\/span><i><span style=\"font-weight: 400;\">Rooted. Female Brazilian Artists<\/span><\/i><span style=\"font-weight: 400;\">, accompanies the eponymous exhibition at Brainlab\/Munich, which is open until the end of September 2025. The works of the 16 artists come from the collection of Sergio Linhares and Stefan Vilsmeier. The collectors present this selection hoping to illuminate important and difficult themes such as, among others, discrimination, displacement, and violence but also to remind of our shared rootedness in nature. \u201cArt has no obligation to comfort us; it can challenge, disrupt and\u00a0remind us that our coexistence is fragile.\u201d The volume shows installation views along with close-ups of the individual works and it includes short texts for each artist along with an essay by curator Tereza de Arruda.\u00a0<\/span><\/p>\n<p><strong>Artists: Marlene Almeida, Azuhli (Luiza Diogo Veras), Tarsila do Amaral, Beatrice Arraes, Carmezia Emiliano, Sonia Gomes, I\u00eada Jardim, Lucia Laguna, Laura Lima, Rosilene Luduvico, Rosana Paulino, Solange Pessoa, Paula Siebra, Luzia Simons, N\u00e1dia Taquary, Alexsandra Ribeiro, Larissa de Souza<\/strong><\/p>\n  <\/div>\n\n\t<span class=\"price\"><span class=\"woocommerce-Price-amount amount\"><bdi>28<span class=\"woocommerce-Price-currencySymbol\">&euro;<\/span><\/bdi><\/span><\/span>\n<\/a><a href=\"\/en\/wp-json\/wp\/v2\/pages\/13205?add-to-cart=24778\" aria-describedby=\"woocommerce_loop_add_to_cart_link_describedby_24778\" data-quantity=\"1\" class=\"button product_type_simple add_to_cart_button ajax_add_to_cart\" data-product_id=\"24778\" data-product_sku=\"\" aria-label=\"Add to cart: &ldquo;Rooted - Female Brazilian Artists&rdquo;\" rel=\"nofollow\" data-success_message=\"&ldquo;Rooted -&lt;br&gt; Female Brazilian Artists&rdquo; has been added to your cart\" role=\"button\">Add to cart<\/a>\t<span id=\"woocommerce_loop_add_to_cart_link_describedby_24778\" class=\"screen-reader-text\">\n\t\t\t<\/span>\n<\/li>\n<li class=\"product type-product post-24181 status-publish instock product_cat-all-books product_cat-new-arrivals product_cat-on-art product_cat-painting product_tag-robert-grunenberg-en product_tag-stephan-grunenberg-en has-post-thumbnail taxable shipping-taxable purchasable product-type-simple\">\n\t<a href=\"https:\/\/dcv-books.com\/en\/produkt\/stephan-grunenberg\/\" class=\"woocommerce-LoopProduct-link woocommerce-loop-product__link\"><div class=\"image-wrapper\"><img decoding=\"async\" width=\"1748\" height=\"2480\" src=\"https:\/\/dcv-books.com\/wp-content\/uploads\/2024\/12\/Cover_web.jpg\" class=\"attachment-woocommerce_thumbnail size-woocommerce_thumbnail\" alt=\"Stephan Grunenberg -&lt;br&gt;\" \/><\/div><h2 class=\"woocommerce-loop-product__title\">Stephan Grunenberg <br><\/h2>  <div class=\"woocommerce-loop-product__description\" itemprop=\"description\">\n    <p><span style=\"font-weight: 400;\">Stephan Grunenberg (b. 1954) paints peculiar portraits: not heads or sitting and reclining figures but seemingly independent feet, legs, trousers, socks or soles of shoes. These and other under-appreciated motives are playfully arranged in captivating compositions which take issue with our hierarchical habits while looking at art. \u201cLeaving out the \u2018civilized\u2019, educated head and centering on neglected parts such as the legs, including the lower abdomen\u2014which is either eroticized or made taboo\u2014is the artist\u2019s point\u201d, writes Oliver Koerner von Gustorf in an essay that accompanies the images inside this small and attractive new book. The paintings reproduced in this volume were all exhibited in Grunenberg\u2019s latest exhibition in 2024, which was titled tongue-in-cheek \u201eRepresentatives Regional To Earth.\u201d <\/span><\/p>\n  <\/div>\n\n\t<span class=\"price\"><span class=\"woocommerce-Price-amount amount\"><bdi>10<span class=\"woocommerce-Price-currencySymbol\">&euro;<\/span><\/bdi><\/span><\/span>\n<\/a><a href=\"\/en\/wp-json\/wp\/v2\/pages\/13205?add-to-cart=24181\" aria-describedby=\"woocommerce_loop_add_to_cart_link_describedby_24181\" data-quantity=\"1\" class=\"button product_type_simple add_to_cart_button ajax_add_to_cart\" data-product_id=\"24181\" data-product_sku=\"\" aria-label=\"Add to cart: &ldquo;Stephan Grunenberg -&rdquo;\" rel=\"nofollow\" data-success_message=\"&ldquo;Stephan Grunenberg -&lt;br&gt;&rdquo; has been added to your cart\" role=\"button\">Add to cart<\/a>\t<span id=\"woocommerce_loop_add_to_cart_link_describedby_24181\" class=\"screen-reader-text\">\n\t\t\t<\/span>\n<\/li>\n<li class=\"product type-product post-22787 status-publish last instock product_cat-drawing product_cat-installation-art product_cat-new-arrivals product_cat-on-art product_cat-painting product_cat-photography product_cat-sculpture product_cat-textile-art product_cat-works-on-paper-en product_tag-draiflessen-collection-en product_tag-sprache-text-bild-en has-post-thumbnail taxable shipping-taxable purchasable product-type-simple\">\n\t<a href=\"https:\/\/dcv-books.com\/en\/produkt\/sprache-text-bild\/\" class=\"woocommerce-LoopProduct-link woocommerce-loop-product__link\"><div class=\"image-wrapper\"><img decoding=\"async\" width=\"2048\" height=\"2493\" src=\"https:\/\/dcv-books.com\/wp-content\/uploads\/2024\/06\/SpracheTextBild_Cover_web-2048x2493.jpg\" class=\"attachment-woocommerce_thumbnail size-woocommerce_thumbnail\" alt=\"Sprache\/Text\/Bild -&lt;br&gt;\" \/><\/div><h2 class=\"woocommerce-loop-product__title\">Sprache\/Text\/Bild <br><\/h2>  <div class=\"woocommerce-loop-product__description\" itemprop=\"description\">\n    <p><span style=\"font-weight: 400;\">Spoken words, writing, and images originate in social and cultural contexts and so are fraught with meanings, are vehicles of values and norms. They inevitably also demarcate boundaries, serving to class people as members of groups or outsiders. This adds to the urgency of the question of what can in fact be said and shown, and who or what determines those limits. The present catalog addresses these concerns through a survey of eminent art of the twentieth and twenty-first centuries. The works gathered in it speak to mechanisms of inclusion and exclusion, to categorizations and the narratives that were created to sustain them. And they remind us that these phenomena are human-made, which is also to say, susceptible to change\u2014that we share responsibility for them.<\/span><\/p>\n<p>Artists: John Baldessari, Maria Bartuszov\u00e1, Alice Bidault, Alejandro Cesarco, Ay\u015fe Erkmen, Nadine Fecht, Gary Hill, Janice Kerbel, Gabriel Kladek, Gordon Parks, The National AIDS Memorial, Markus Vater, Gillian Wearing<\/p>\n  <\/div>\n\n\t<span class=\"price\"><span class=\"woocommerce-Price-amount amount\"><bdi>32<span class=\"woocommerce-Price-currencySymbol\">&euro;<\/span><\/bdi><\/span><\/span>\n<\/a><a href=\"\/en\/wp-json\/wp\/v2\/pages\/13205?add-to-cart=22787\" aria-describedby=\"woocommerce_loop_add_to_cart_link_describedby_22787\" data-quantity=\"1\" class=\"button product_type_simple add_to_cart_button ajax_add_to_cart\" data-product_id=\"22787\" data-product_sku=\"\" aria-label=\"Add to cart: &ldquo;Sprache\/Text\/Bild -&rdquo;\" rel=\"nofollow\" data-success_message=\"&ldquo;Sprache\/Text\/Bild -&lt;br&gt;&rdquo; has been added to your cart\" role=\"button\">Add to cart<\/a>\t<span id=\"woocommerce_loop_add_to_cart_link_describedby_22787\" class=\"screen-reader-text\">\n\t\t\t<\/span>\n<\/li>\n<li class=\"product type-product post-22805 status-publish first instock product_cat-drawing product_cat-installation-art product_cat-new-arrivals product_cat-on-art product_cat-painting product_cat-photography product_cat-sculpture product_cat-textile-art product_cat-works-on-paper-en product_tag-draiflessen-collection-en product_tag-language-text-image-en has-post-thumbnail taxable shipping-taxable purchasable product-type-simple\">\n\t<a href=\"https:\/\/dcv-books.com\/en\/produkt\/language-text-image\/\" class=\"woocommerce-LoopProduct-link woocommerce-loop-product__link\"><div class=\"image-wrapper\"><img decoding=\"async\" width=\"2048\" height=\"2493\" src=\"https:\/\/dcv-books.com\/wp-content\/uploads\/2024\/06\/draif_STB_Vorschau_cover_en_web-2048x2493.jpg\" class=\"attachment-woocommerce_thumbnail size-woocommerce_thumbnail\" alt=\"Language\/Text\/Image -&lt;br&gt;\" \/><\/div><h2 class=\"woocommerce-loop-product__title\">Language\/Text\/Image <br><\/h2>  <div class=\"woocommerce-loop-product__description\" itemprop=\"description\">\n    <p><span style=\"font-weight: 400;\">Spoken words, writing, and images originate in social and cultural contexts and so are fraught with meanings, are vehicles of values and norms. They inevitably also demarcate boundaries, serving to class people as members of groups or outsiders. This adds to the urgency of the question of what can in fact be said and shown, and who or what determines those limits. The present catalog addresses these concerns through a survey of eminent art of the twentieth and twenty-first centuries. The works gathered in it speak to mechanisms of inclusion and exclusion, to categorizations and the narratives that were created to sustain them. And they remind us that these phenomena are human-made, which is also to say, susceptible to change\u2014that we share responsibility for them.<\/span><\/p>\n<p><span style=\"font-weight: 400;\">Artists: John Baldessari, Maria Bartuszov\u00e1, Alice Bidault, Alejandro Cesarco, Ay\u015fe Erkmen, Nadine Fecht, Gary Hill, Janice Kerbel, Gabriel Kladek, Gordon Parks, The National AIDS Memorial, Markus Vater, Gillian Wearing<\/span><\/p>\n  <\/div>\n\n\t<span class=\"price\"><span class=\"woocommerce-Price-amount amount\"><bdi>32<span class=\"woocommerce-Price-currencySymbol\">&euro;<\/span><\/bdi><\/span><\/span>\n<\/a><a href=\"\/en\/wp-json\/wp\/v2\/pages\/13205?add-to-cart=22805\" aria-describedby=\"woocommerce_loop_add_to_cart_link_describedby_22805\" data-quantity=\"1\" class=\"button product_type_simple add_to_cart_button ajax_add_to_cart\" data-product_id=\"22805\" data-product_sku=\"\" aria-label=\"Add to cart: &ldquo;Language\/Text\/Image -&rdquo;\" rel=\"nofollow\" data-success_message=\"&ldquo;Language\/Text\/Image -&lt;br&gt;&rdquo; has been added to your cart\" role=\"button\">Add to cart<\/a>\t<span id=\"woocommerce_loop_add_to_cart_link_describedby_22805\" class=\"screen-reader-text\">\n\t\t\t<\/span>\n<\/li>\n<li class=\"product type-product post-21635 status-publish instock product_cat-all-books product_cat-new-arrivals product_cat-on-art product_tag-halbwertszeit-en product_tag-on-dealing-with-expired-collections product_tag-shelf-life has-post-thumbnail taxable shipping-taxable purchasable product-type-simple\">\n\t<a href=\"https:\/\/dcv-books.com\/en\/produkt\/shelf-life-on-dealing-with-expired-collections\/\" class=\"woocommerce-LoopProduct-link woocommerce-loop-product__link\"><div class=\"image-wrapper\"><img decoding=\"async\" width=\"2048\" height=\"3072\" src=\"https:\/\/dcv-books.com\/wp-content\/uploads\/2023\/12\/Halbwertszeit_Cover-3_web-2048x3072.jpg\" class=\"attachment-woocommerce_thumbnail size-woocommerce_thumbnail\" alt=\"HALBwertsZeit -&lt;br&gt; Zum Umgang mit \u201aabgelaufenen\u2018 Sammlungen\" \/><\/div><h2 class=\"woocommerce-loop-product__title\">HALBwertsZeit <br> Zum Umgang mit \u201aabgelaufenen\u2018 Sammlungen<\/h2>  <div class=\"woocommerce-loop-product__description\" itemprop=\"description\">\n    <p>Do collections have an expiration date? Shifting interests, evolving social contexts, and discursive developments influence when a collection or its presentation is said to be outdated and what that implies for the constraints on, or options for, the actions to be taken in response. The revision or reorientation of a collection presuppose a critical engagement with the criteria regarded as valid at the time, which concern the origins, composition, objectives, and significance of a collection, among other aspects.<\/p>\n<p>The contributions to this volume intertwine historical case studies with contemporary questions about the reasons and circumstances that give rise to the assessment that a collection has outlived its shelf life.<\/p>\n  <\/div>\n\n\t<span class=\"price\"><span class=\"woocommerce-Price-amount amount\"><bdi>28<span class=\"woocommerce-Price-currencySymbol\">&euro;<\/span><\/bdi><\/span><\/span>\n<\/a><a href=\"\/en\/wp-json\/wp\/v2\/pages\/13205?add-to-cart=21635\" aria-describedby=\"woocommerce_loop_add_to_cart_link_describedby_21635\" data-quantity=\"1\" class=\"button product_type_simple add_to_cart_button ajax_add_to_cart\" data-product_id=\"21635\" data-product_sku=\"\" aria-label=\"Add to cart: &ldquo;HALBwertsZeit - Zum Umgang mit \u201aabgelaufenen\u2018 Sammlungen&rdquo;\" rel=\"nofollow\" data-success_message=\"&ldquo;HALBwertsZeit -&lt;br&gt; Zum Umgang mit \u201aabgelaufenen\u2018 Sammlungen&rdquo; has been added to your cart\" role=\"button\">Add to cart<\/a>\t<span id=\"woocommerce_loop_add_to_cart_link_describedby_21635\" class=\"screen-reader-text\">\n\t\t\t<\/span>\n<\/li>\n<li class=\"product type-product post-21827 status-publish instock product_cat-all-books product_cat-drawing product_cat-film-and-video product_cat-installation-art product_cat-new-arrivals product_cat-on-art product_cat-painting product_cat-photography product_cat-sculpture product_tag-100-windows-en product_tag-berlin-weekly-en has-post-thumbnail taxable shipping-taxable purchasable product-type-simple\">\n\t<a href=\"https:\/\/dcv-books.com\/en\/produkt\/100-windows-site-specific-art-installations-at-berlin-weekly-project-space\/\" class=\"woocommerce-LoopProduct-link woocommerce-loop-product__link\"><div class=\"image-wrapper\"><img decoding=\"async\" width=\"1981\" height=\"2500\" src=\"https:\/\/dcv-books.com\/wp-content\/uploads\/2024\/02\/Berlin-Weekly-Buchcover-not-final_web.jpg\" class=\"attachment-woocommerce_thumbnail size-woocommerce_thumbnail\" alt=\"100 Windows -&lt;br&gt; Site-specific art installations at Berlin-Weekly project space\" \/><\/div><h2 class=\"woocommerce-loop-product__title\">100 Windows <br> Site-specific art installations at Berlin-Weekly project space<\/h2>  <div class=\"woocommerce-loop-product__description\" itemprop=\"description\">\n    <p>Established in 2010 by Stefanie Seidl in a former gateway for horse-drawn carriages that is now enclosed by glazing at both ends, the project space <em>BERLIN-WEEKLY<\/em> offers the narrow yet exceptionally tall display space to artists as a highly visible public stage for installations that respond to the setting or site. Its unilateral orientation toward the street makes <em>BERLIN-WEEKLY<\/em> a creative intervention into the urban fabric that harnesses the shopwindow format. The book presents 100 selected window installations to illustrate the widely diverse ways in which individual artists have engaged with the venue, time and again transforming the unusually shaped small space.<\/p>\n<p>With works by: Menno Aden, Alexandra Baumgartner, Isabelle Borges, Astrid Busch, Simon Faithfull, Moritz Frei, Max Frisinger, Wolfgang Flad, Dagmara Genda, Andreas Greiner &amp; Armin Keplinger, Sabine Gro\u00df, Marc van der Hocht, Sabine Hornig, Ir\u00e8ne Hug, Bettina Khano, Julia Kissina, Nikolaus List, Ulrike Mohr, Virginie Mosse, Piotr Nathan, Katja Pudor, Philip Topolovac, Inken Reinert, Sophia Schama, Geerten Verheus, Sinta Werner, Barbara Wille, and others<\/p>\n  <\/div>\n\n\t<span class=\"price\"><span class=\"woocommerce-Price-amount amount\"><bdi>28<span class=\"woocommerce-Price-currencySymbol\">&euro;<\/span><\/bdi><\/span><\/span>\n<\/a><a href=\"\/en\/wp-json\/wp\/v2\/pages\/13205?add-to-cart=21827\" aria-describedby=\"woocommerce_loop_add_to_cart_link_describedby_21827\" data-quantity=\"1\" class=\"button product_type_simple add_to_cart_button ajax_add_to_cart\" data-product_id=\"21827\" data-product_sku=\"\" aria-label=\"Add to cart: &ldquo;100 Windows - Site-specific art installations at Berlin-Weekly project space&rdquo;\" rel=\"nofollow\" data-success_message=\"&ldquo;100 Windows -&lt;br&gt; Site-specific art installations at Berlin-Weekly project space&rdquo; has been added to your cart\" role=\"button\">Add to cart<\/a>\t<span id=\"woocommerce_loop_add_to_cart_link_describedby_21827\" class=\"screen-reader-text\">\n\t\t\t<\/span>\n<\/li>\n<li class=\"product type-product post-22146 status-publish last instock product_cat-all-books product_cat-drawing product_cat-film-and-video product_cat-installation-art product_cat-new-arrivals product_cat-on-art product_cat-painting product_cat-performance-art product_cat-photography product_cat-sculpture product_cat-works-on-paper-en product_tag-glueckliche-tage-en product_tag-markus-heinzelmann-en has-post-thumbnail taxable shipping-taxable purchasable product-type-simple\">\n\t<a href=\"https:\/\/dcv-books.com\/en\/produkt\/gluckliche-tage\/\" class=\"woocommerce-LoopProduct-link woocommerce-loop-product__link\"><div class=\"image-wrapper\"><img decoding=\"async\" width=\"853\" height=\"1280\" src=\"https:\/\/dcv-books.com\/wp-content\/uploads\/2024\/04\/GluecklicheTage_DCV_Cover_web.jpg\" class=\"attachment-woocommerce_thumbnail size-woocommerce_thumbnail\" alt=\"Gl\u00fcckliche Tage\" \/><\/div><h2 class=\"woocommerce-loop-product__title\">Gl\u00fcckliche Tage<\/h2>  <div class=\"woocommerce-loop-product__description\" itemprop=\"description\">\n    <p>We see in contrasts. Freedom from pain follows pain, and felicity is the more radiant after a period of misfortune. Happiness, that is to say, displaces unhappiness and is perhaps its recompense; what is certain is that, as antonyms, they are (at least in this world) inconceivable without each other. The contrast they form also underlies the tensions inherent in the works in this catalogue. Some take us straight from the pinnacle of happiness down into the abyss, while in others the gradients of ascent or descent are so gentle that no culmination is perceptible. What all oeuvres gathered in the book have in common is that they furnish the human being, a social creature, with an experience of resonance. Happiness and unhappiness reverberate between the art and the beholders, leaving, in the best case, a lasting impression. Opening the catalogue\u2014a metaphor for the human condition materialized in paper\u2014one overhears this serenely melancholy echo of the works.<\/p>\n<p>Artists: <span style=\"font-family: 'SabonLT',serif;\">Rui Chafes, Tamara Eckhardt, Nan Goldin, Felix Gonzalez-Torres, Barbara Hammer, Carsten Ho\u0308ller, Ken Lum, Johanna von Monkiewitsch, Yoko Ono, Heike Weber, Stefan Wissel <\/span><\/p>\n<p>With contributions by: Yevgenia Belorusets, Nell Sophie Bender, Elias Bendfeldt, Laura Berestecki, Annabella Ernst, Annika Gaeth, Hristina Georgieva, Markus Heinzelmann, Malwin Kra\u00dfnigg, Max Florian Ku\u0308hlem, Natascha Laurier, Martin Middeke, Navaz Roomi-Mirhosseini, Vanessa Joan Mu\u0308ller, Julia Neumann, Martin Paul, Caroline Planert, Maike Prause, Arne Rautenberg, Kira Sophie R\u00f6ller, Gina Marie Schwenzfeier<\/p>\n  <\/div>\n\n\t<span class=\"price\"><span class=\"woocommerce-Price-amount amount\"><bdi>32<span class=\"woocommerce-Price-currencySymbol\">&euro;<\/span><\/bdi><\/span><\/span>\n<\/a><a href=\"\/en\/wp-json\/wp\/v2\/pages\/13205?add-to-cart=22146\" aria-describedby=\"woocommerce_loop_add_to_cart_link_describedby_22146\" data-quantity=\"1\" class=\"button product_type_simple add_to_cart_button ajax_add_to_cart\" data-product_id=\"22146\" data-product_sku=\"\" aria-label=\"Add to cart: &ldquo;Gl\u00fcckliche Tage&rdquo;\" rel=\"nofollow\" data-success_message=\"&ldquo;Gl\u00fcckliche Tage&rdquo; has been added to your cart\" role=\"button\">Add to cart<\/a>\t<span id=\"woocommerce_loop_add_to_cart_link_describedby_22146\" class=\"screen-reader-text\">\n\t\t\t<\/span>\n<\/li>\n<li class=\"product type-product post-21774 status-publish first instock product_cat-all-books product_cat-architecture product_cat-drawing product_cat-film-and-video product_cat-installation-art product_cat-new-arrivals product_cat-on-art product_cat-painting product_cat-photography product_cat-sculpture product_cat-works-on-paper-en product_tag-draiflessen-collection-en product_tag-spaces-embodied-en has-post-thumbnail taxable shipping-taxable purchasable product-type-simple\">\n\t<a href=\"https:\/\/dcv-books.com\/en\/produkt\/spaces-embodied-english-draiflessen-collection\/\" class=\"woocommerce-LoopProduct-link woocommerce-loop-product__link\"><div class=\"image-wrapper\"><img decoding=\"async\" width=\"2046\" height=\"2500\" src=\"https:\/\/dcv-books.com\/wp-content\/uploads\/2023\/12\/Draiflessen_Raeume_hautnah_Katalog-Cover_EN_web.jpg\" class=\"attachment-woocommerce_thumbnail size-woocommerce_thumbnail\" alt=\"Spaces Embodied (ENGLISH) -&lt;br&gt; Draiflessen Collection\" \/><\/div><h2 class=\"woocommerce-loop-product__title\">Spaces Embodied (ENGLISH) <br> Draiflessen Collection<\/h2>  <div class=\"woocommerce-loop-product__description\" itemprop=\"description\">\n    <p>We live in spaces that we shape in accordance with our own ideas. Our everyday lives leave traces in them that speak to our habits. Spaces promise shelter and belonging, but they can also instill a sense of constraint. We grow into the spaces we inhabit\u2014and they in turn become expressions of our personalities. Conversely, spaces, depending on their architecture and location, inform our existence. R\u00c4UME HAUTNAH gathers works of art that, rather than conceiving of the human sphere and the spatial domain as separate, comprehend them in their complex entanglements: in bodily experience, emotional dependency, or the instinctive need for protection. An essay by Olesja Nein, the project\u2019s curator, offers an introduction to the exhibition and takes the reader on a tour, describing each artist\u2019s space of activity and supplying helpful information. Philipp Zitzlsperger, meanwhile, zooms in on a key aspect of the art in the exhibition, the imprint as an artistic technique with a distinctive aura, and illuminates its origins and significance since the dawn of modernism.<\/p>\n<p>Artists: Absalon, Shannon Bool, Heidi Bucher, Eileen Gray, Do Ho Suh, Mary Mattingly, Tracey Snelling, Francesca Woodman<\/p>\n  <\/div>\n\n\t<span class=\"price\"><span class=\"woocommerce-Price-amount amount\"><bdi>32<span class=\"woocommerce-Price-currencySymbol\">&euro;<\/span><\/bdi><\/span><\/span>\n<\/a><a href=\"\/en\/wp-json\/wp\/v2\/pages\/13205?add-to-cart=21774\" aria-describedby=\"woocommerce_loop_add_to_cart_link_describedby_21774\" data-quantity=\"1\" class=\"button product_type_simple add_to_cart_button ajax_add_to_cart\" data-product_id=\"21774\" data-product_sku=\"\" aria-label=\"Add to cart: &ldquo;Spaces Embodied (ENGLISH) - Draiflessen Collection&rdquo;\" rel=\"nofollow\" data-success_message=\"&ldquo;Spaces Embodied (ENGLISH) -&lt;br&gt; Draiflessen Collection&rdquo; has been added to your cart\" role=\"button\">Add to cart<\/a>\t<span id=\"woocommerce_loop_add_to_cart_link_describedby_21774\" class=\"screen-reader-text\">\n\t\t\t<\/span>\n<\/li>\n<li class=\"product type-product post-21770 status-publish instock product_cat-all-books product_cat-architecture product_cat-drawing product_cat-film-and-video product_cat-installation-art product_cat-new-arrivals product_cat-on-art product_cat-painting product_cat-photography product_cat-sculpture product_tag-draiflessen-collection-en has-post-thumbnail taxable shipping-taxable purchasable product-type-simple\">\n\t<a href=\"https:\/\/dcv-books.com\/en\/produkt\/raume-hautnah-german-draiflessen-collection\/\" class=\"woocommerce-LoopProduct-link woocommerce-loop-product__link\"><div class=\"image-wrapper\"><img decoding=\"async\" width=\"907\" height=\"1109\" src=\"https:\/\/dcv-books.com\/wp-content\/uploads\/2024\/01\/Draiflessen_Raeume_hautnah_Katalog-Cover_240129-DT-pdf.jpg\" class=\"attachment-woocommerce_thumbnail size-woocommerce_thumbnail\" alt=\"R\u00e4ume hautnah (GERMAN) -&lt;br&gt; Draiflessen Collection\" \/><\/div><h2 class=\"woocommerce-loop-product__title\">R\u00e4ume hautnah (GERMAN) <br> Draiflessen Collection<\/h2>  <div class=\"woocommerce-loop-product__description\" itemprop=\"description\">\n    <p>We live in spaces that we shape in accordance with our own ideas. Our everyday lives leave traces in them that speak to our habits. Spaces promise shelter and belonging, but they can also instill a sense of constraint. We grow into the spaces we inhabit\u2014and they in turn become expressions of our personalities. Conversely, spaces, depending on their architecture and location, inform our existence. R\u00c4UME HAUTNAH gathers works of art that, rather than conceiving of the human sphere and the spatial domain as separate, comprehend them in their complex entanglements: in bodily experience, emotional dependency, or the instinctive need for protection. An essay by Olesja Nein, the project\u2019s curator, offers an introduction to the exhibition and takes the reader on a tour, describing each artist\u2019s space of activity and supplying helpful information. Philipp Zitzlsperger, meanwhile, zooms in on a key aspect of the art in the exhibition, the imprint as an artistic technique with a distinctive aura, and illuminates its origins and significance since the dawn of modernism.<\/p>\n<p>Artists: Absalon, Shannon Bool, Heidi Bucher, Eileen Gray, Do Ho Suh, Mary Mattingly, Tracey Snelling, Francesca Woodman<\/p>\n  <\/div>\n\n\t<span class=\"price\"><span class=\"woocommerce-Price-amount amount\"><bdi>32<span class=\"woocommerce-Price-currencySymbol\">&euro;<\/span><\/bdi><\/span><\/span>\n<\/a><a href=\"\/en\/wp-json\/wp\/v2\/pages\/13205?add-to-cart=21770\" aria-describedby=\"woocommerce_loop_add_to_cart_link_describedby_21770\" data-quantity=\"1\" class=\"button product_type_simple add_to_cart_button ajax_add_to_cart\" data-product_id=\"21770\" data-product_sku=\"\" aria-label=\"Add to cart: &ldquo;R\u00e4ume hautnah (GERMAN) - Draiflessen Collection&rdquo;\" rel=\"nofollow\" data-success_message=\"&ldquo;R\u00e4ume hautnah (GERMAN) -&lt;br&gt; Draiflessen Collection&rdquo; has been added to your cart\" role=\"button\">Add to cart<\/a>\t<span id=\"woocommerce_loop_add_to_cart_link_describedby_21770\" class=\"screen-reader-text\">\n\t\t\t<\/span>\n<\/li>\n<li class=\"product type-product post-21281 status-publish instock product_cat-all-books product_cat-installation-art product_cat-on-art product_cat-performance-art product_tag-clara-mosch-en product_tag-early-action-art-in-east-germany product_tag-gdr has-post-thumbnail taxable shipping-taxable product-type-simple\">\n\t<a href=\"https:\/\/dcv-books.com\/en\/produkt\/clara-mosch-and-early-action-art-in-east-germany\/\" class=\"woocommerce-LoopProduct-link woocommerce-loop-product__link\"><div class=\"image-wrapper\"><img decoding=\"async\" width=\"1975\" height=\"2500\" src=\"https:\/\/dcv-books.com\/wp-content\/uploads\/2023\/11\/978-3-96912-178-8-KVOST_MOSCH_UMANDCV_crop_web.jpg\" class=\"attachment-woocommerce_thumbnail size-woocommerce_thumbnail\" alt=\"CLARA MOSCH -&lt;br&gt; and early art events in the GDR\" \/><\/div><h2 class=\"woocommerce-loop-product__title\">CLARA MOSCH <br> and early art events in the GDR<\/h2>  <div class=\"woocommerce-loop-product__description\" itemprop=\"description\">\n    <p>The legendary producer-run gallery Clara Mosch and the artists\u2019 group of the same title that gathered around it were founded in Karl-Marx-Stadt (today\u2019s Chemnitz) in 1977 and existed until 1982. The catchy name was an acronym of the contributors\u2019 last names: CLA = Carlfriedrich Claus, RA = Thomas Ranft and Dagmar Ranft-Schinke, MO = Michael Morgner, SCH = Gregor-Torsten Schade. As the founders of the first producers\u2019 gallery in the GDR and creators of diverse oeuvres, the group\u2019s artists rank among the foremost exponents of avant-garde art in East Germany. The book presents works of art, limited editions, and posters as well as photographs from the Ralf-Rainer Wasse archive in the collections of the Lindenau-Museum in Altenburg. One thematic focus is on Clara Mosch\u2019s land-art happenings and plein-air pieces. The unconventional actions attest to the group\u2019s stated objective of building greater awareness of the ongoing devastation of the local environment. Forty years after the fact, Clara Mosch\u2019s work has lost none of its relevance and urgency.<\/p>\n  <\/div>\n\n<\/a><a href=\"https:\/\/dcv-books.com\/en\/produkt\/clara-mosch-and-early-action-art-in-east-germany\/\" aria-describedby=\"woocommerce_loop_add_to_cart_link_describedby_21281\" data-quantity=\"1\" class=\"button product_type_simple\" data-product_id=\"21281\" data-product_sku=\"\" aria-label=\"Read more about &ldquo;CLARA MOSCH - and early art events in the GDR&rdquo;\" rel=\"nofollow\" data-success_message=\"\">Read more<\/a>\t<span id=\"woocommerce_loop_add_to_cart_link_describedby_21281\" class=\"screen-reader-text\">\n\t\t\t<\/span>\n<\/li>\n<li class=\"product type-product post-17566 status-publish last instock product_cat-all-books product_cat-architecture product_cat-installation-art product_cat-on-art product_cat-performance-art product_cat-sculpture has-post-thumbnail taxable shipping-taxable purchasable product-type-simple\">\n\t<a href=\"https:\/\/dcv-books.com\/en\/produkt\/freeters-help-artistic-intelligence\/\" class=\"woocommerce-LoopProduct-link woocommerce-loop-product__link\"><div class=\"image-wrapper\"><img decoding=\"async\" width=\"450\" height=\"531\" src=\"https:\/\/dcv-books.com\/wp-content\/uploads\/2022\/06\/Cover_klein.jpg\" class=\"attachment-woocommerce_thumbnail size-woocommerce_thumbnail\" alt=\"Freeters\" \/><\/div><h2 class=\"woocommerce-loop-product__title\">Freeters <br> HELP! Artistic Intelligence<\/h2>  <div class=\"woocommerce-loop-product__description\" itemprop=\"description\">\n    <p>FREETERS stands for an artist collective that designs, creates, transforms and plays with spaces, for and with the people who experience their time there. The artistic intelligence used in the process transforms into spaces for thinking, working, living, playing and learning, creating identity, emotion and inspiration.<\/p>\n<p>This book is about the mediation of artistic thinking and artistic action in processes. The artistic practice of Freeters is characterized by strategies of thought and action that are needed in a society with constantly changing conditions, in a working world that overturns itself in its dynamics. The necessity of shaping the present through artistic thought and action can no longer be limited to the art context.<\/p>\n<p>FREETERS&#8217; AI approach should be understood less as a scientific methodology and more as a call not to reduce our intelligence to only rational thought processes with a utility maxim. Of course, AI has already made impressive progress in many areas of our public services via the hard components of machine learning. However, it is doubtful whether this approach alone can really give rise to a superintelligence that will one day create a resource-saving paradise on earth. Nor is it guaranteed that we as Homo Sapiens will be assigned a place in this paradise by such a unilaterally gifted superintelligence. Cognitively, this machine will be superior to us in any case \u2013 only the necessary feeling of happiness of a consensual coexistence does not seem quite conceivable.<\/p>\n  <\/div>\n\n\t<span class=\"price\"><span class=\"woocommerce-Price-amount amount\"><bdi>38<span class=\"woocommerce-Price-currencySymbol\">&euro;<\/span><\/bdi><\/span><\/span>\n<\/a><a href=\"\/en\/wp-json\/wp\/v2\/pages\/13205?add-to-cart=17566\" aria-describedby=\"woocommerce_loop_add_to_cart_link_describedby_17566\" data-quantity=\"1\" class=\"button product_type_simple add_to_cart_button ajax_add_to_cart\" data-product_id=\"17566\" data-product_sku=\"\" aria-label=\"Add to cart: &ldquo;Freeters - HELP! Artistic Intelligence&rdquo;\" rel=\"nofollow\" data-success_message=\"&ldquo;Freeters -&lt;br&gt; HELP! Artistic Intelligence&rdquo; has been added to your cart\" role=\"button\">Add to cart<\/a>\t<span id=\"woocommerce_loop_add_to_cart_link_describedby_17566\" class=\"screen-reader-text\">\n\t\t\t<\/span>\n<\/li>\n<li class=\"product type-product post-17330 status-publish first instock product_cat-all-books product_cat-installation-art product_cat-on-art product_cat-sculpture has-post-thumbnail taxable shipping-taxable purchasable product-type-simple\">\n\t<a href=\"https:\/\/dcv-books.com\/en\/produkt\/the-power-of-wonder-new-materialisms-in-contemporary-art\/\" class=\"woocommerce-LoopProduct-link woocommerce-loop-product__link\"><div class=\"image-wrapper\"><img decoding=\"async\" width=\"500\" height=\"667\" src=\"https:\/\/dcv-books.com\/wp-content\/uploads\/2022\/04\/TPOW_COVER_DEUTSCH-klein.jpg\" class=\"attachment-woocommerce_thumbnail size-woocommerce_thumbnail\" alt=\"neuer Materialismus\" \/><\/div><h2 class=\"woocommerce-loop-product__title\">The Power of Wonder \u2013 New Materialisms in Contemporary Art<\/h2>  <div class=\"woocommerce-loop-product__description\" itemprop=\"description\">\n    <p>For the longest time, physical matter was seen as no more than a passive and lifeless object. Since the early years of the twenty-first century, however, visual artists and scientists alike have initiated a change of thinking, conceiving matter as active, unruly, and autonomous. The ethnologist Hans Peter Hahn has called it the \u201cwillfulness of things,\u201d while the Belgian philosopher Isabelle Stengers has underscored the \u201cpower of wonder\u201d\u2014the bracing sense of marvel and surprise instilled by a material world that sometimes defies the attempt to put it into words.<\/p>\n<p>This pioneering publication features six selected artistic positions that highlight the New Materialism\u2019s significance for contemporary art. The artists employ materials that are millions of years old such as rocks from an open-pit mine as well as classic inorganic staples like ceramics and cutting-edge materials like digital products transformed in high-tech procedures into hitherto unseen hybrid objects. Their work lends art a powerful voice in contemporary debates around man\u2019s position vis-\u00e0-vis his environment, around sustainability, participation, and justice.<\/p>\n<p>With works by Ilana Halperin, Agata Ingarden, David Jablonowski, Markus Karstie\u00df, Robert Smithson, and SUPERFLEX.<\/p>\n  <\/div>\n\n\t<span class=\"price\"><span class=\"woocommerce-Price-amount amount\"><bdi>34<span class=\"woocommerce-Price-currencySymbol\">&euro;<\/span><\/bdi><\/span><\/span>\n<\/a><a href=\"\/en\/wp-json\/wp\/v2\/pages\/13205?add-to-cart=17330\" aria-describedby=\"woocommerce_loop_add_to_cart_link_describedby_17330\" data-quantity=\"1\" class=\"button product_type_simple add_to_cart_button ajax_add_to_cart\" data-product_id=\"17330\" data-product_sku=\"\" aria-label=\"Add to cart: &ldquo;The Power of Wonder \u2013 New Materialisms in Contemporary Art&rdquo;\" rel=\"nofollow\" data-success_message=\"&ldquo;The Power of Wonder \u2013 New Materialisms in Contemporary Art&rdquo; has been added to your cart\" role=\"button\">Add to cart<\/a>\t<span id=\"woocommerce_loop_add_to_cart_link_describedby_17330\" class=\"screen-reader-text\">\n\t\t\t<\/span>\n<\/li>\n<li class=\"product type-product post-16496 status-publish instock product_cat-all-books product_cat-installation-art product_cat-on-art product_cat-painting product_cat-photography product_tag-annedore-dietze-en product_tag-claudia-chaseling-en-2 product_tag-emmanuel-bornstein-en product_tag-fritz-bornstueck-en product_tag-jan-zoeller-en product_tag-justine-otto-en product_tag-oska-gutheil-en product_tag-philip-groezinger-en product_tag-philipp-fuerhofer-en product_tag-slawomir-elsner-en has-post-thumbnail taxable shipping-taxable product-type-simple\">\n\t<a href=\"https:\/\/dcv-books.com\/en\/produkt\/dissonance-platform-germany\/\" class=\"woocommerce-LoopProduct-link woocommerce-loop-product__link\"><div class=\"image-wrapper\"><img decoding=\"async\" width=\"1625\" height=\"2362\" src=\"https:\/\/dcv-books.com\/wp-content\/uploads\/2022\/01\/cover-katalog.jpg\" class=\"attachment-woocommerce_thumbnail size-woocommerce_thumbnail\" alt=\"Dissonance Platform Germany\" \/><\/div><h2 class=\"woocommerce-loop-product__title\">Dissonance <br> Platform Germany<\/h2>  <div class=\"woocommerce-loop-product__description\" itemprop=\"description\">\n    <p><strong>A Changed Vision\u2014New Painting from Germany<\/strong><\/p>\n<p>Post-reunification Germany has emerged as an important forum for international painting. The generation of artists born in the 1970s and 1980s eschew alignment with collective tendencies and resist clearly definable influences. Meanwhile, their art has registered the cultural and sociological dislocations and divergences since the fall of the Iron Curtain with seismographic precision.<\/p>\n<p>The editors of <i>Dissonance \u2013 Platform Germany<\/i> present eighty-one of the most significant painters living and working in Germany in the past two decades. They have the courage of strong opinions, turn the spotlight on unsuspected treasures, and tease out the unexpected value in aesthetically thrilling achievements of programmatic pluralism. A vital survey of one of the most exciting chapters in the more recent history of art in Germany.<\/p>\n<p>Some of the presented artists have graciously agreed to allow DCV to release limited editions of their works, <a href=\"https:\/\/dcv-books.com\/en\/editions\/\">which you can find here<\/a>.<\/p>\n  <\/div>\n\n<\/a><a href=\"https:\/\/dcv-books.com\/en\/produkt\/dissonance-platform-germany\/\" aria-describedby=\"woocommerce_loop_add_to_cart_link_describedby_16496\" data-quantity=\"1\" class=\"button product_type_simple\" data-product_id=\"16496\" data-product_sku=\"\" aria-label=\"Read more about &ldquo;Dissonance - Platform Germany&rdquo;\" rel=\"nofollow\" data-success_message=\"\">Read more<\/a>\t<span id=\"woocommerce_loop_add_to_cart_link_describedby_16496\" class=\"screen-reader-text\">\n\t\t\t<\/span>\n<\/li>\n<li class=\"product type-product post-16553 status-publish instock product_cat-all-books product_cat-on-art product_tag-roland-schappert-en has-post-thumbnail taxable shipping-taxable purchasable product-type-simple\">\n\t<a href=\"https:\/\/dcv-books.com\/en\/produkt\/roland-schappert-wolfgang-ullrich-aktualitaetsjetzt-14-dialoge-ueber-kunst\/\" class=\"woocommerce-LoopProduct-link woocommerce-loop-product__link\"><div class=\"image-wrapper\"><img decoding=\"async\" width=\"500\" height=\"750\" src=\"https:\/\/dcv-books.com\/wp-content\/uploads\/2022\/01\/9783969120781_web.jpg\" class=\"attachment-woocommerce_thumbnail size-woocommerce_thumbnail\" alt=\"Roland Schappert\" \/><\/div><h2 class=\"woocommerce-loop-product__title\">Roland Schappert &#038; Wolfgang Ullrich <br> Aktualit\u00e4tsjetzt<\/h2>  <div class=\"woocommerce-loop-product__description\" itemprop=\"description\">\n    <p>Philistinism, climate change, legitimation discourses\u2014in a tour de force sustained by profound knowledge of the phenomena in question, <em>AKTUALIT\u00c4TSJETZT<\/em> blazes trails through the jungle of contemporary art and its current debates. Over the course of two years, the art scholar and author Wolfgang Ullrich initiated 14 dialogues on Schappert\u2019s word paintings, murals, and interventions. Their distinctive formal features and conceptual and substantial dimensions inspired illuminating conversations that range far beyond the specific works to explore today\u2019s art world and questions of the philosophy of art and the sociology of culture. The best volume of dialogues on art since David Sylvester\u2019s interviews with Francis Bacon.<\/p>\n  <\/div>\n\n\t<span class=\"price\"><span class=\"woocommerce-Price-amount amount\"><bdi>16<span class=\"woocommerce-Price-currencySymbol\">&euro;<\/span><\/bdi><\/span><\/span>\n<\/a><a href=\"\/en\/wp-json\/wp\/v2\/pages\/13205?add-to-cart=16553\" aria-describedby=\"woocommerce_loop_add_to_cart_link_describedby_16553\" data-quantity=\"1\" class=\"button product_type_simple add_to_cart_button ajax_add_to_cart\" data-product_id=\"16553\" data-product_sku=\"\" aria-label=\"Add to cart: &ldquo;Roland Schappert &amp; Wolfgang Ullrich - Aktualit\u00e4tsjetzt&rdquo;\" rel=\"nofollow\" data-success_message=\"&ldquo;Roland Schappert &amp; Wolfgang Ullrich -&lt;br&gt; Aktualit\u00e4tsjetzt&rdquo; has been added to your cart\" role=\"button\">Add to cart<\/a>\t<span id=\"woocommerce_loop_add_to_cart_link_describedby_16553\" class=\"screen-reader-text\">\n\t\t\t<\/span>\n<\/li>\n<li class=\"product type-product post-16166 status-publish last instock product_cat-all-books product_cat-on-art has-post-thumbnail taxable shipping-taxable purchasable product-type-simple\">\n\t<a href=\"https:\/\/dcv-books.com\/en\/produkt\/on-trickling-away-zeitkonzepte-der-gegenwartskunst\/\" class=\"woocommerce-LoopProduct-link woocommerce-loop-product__link\"><div class=\"image-wrapper\"><img decoding=\"async\" width=\"2048\" height=\"2803\" src=\"https:\/\/dcv-books.com\/wp-content\/uploads\/2021\/12\/DCV_Vom_Verrinnen_Cover-2048x2803.jpg\" class=\"attachment-woocommerce_thumbnail size-woocommerce_thumbnail\" alt=\"Zeitkonzepte der Gegenwartskunst\" \/><\/div><h2 class=\"woocommerce-loop-product__title\">On Trickling Away <br> Concepts of Time in Contemporary Art<\/h2>  <div class=\"woocommerce-loop-product__description\" itemprop=\"description\">\n    <p>Time, like space, is one of the key coordinates of human existence. The great mysteries of our lives revolve around it, only to remain unresolved when death inevitably ends our days. What is time\u2019s role in art? The vanitas, a genre that was popular with painters in the seventeenth century, is hardly the earliest form that artists have devised to grapple with it. Holger Kube Ventura\u2019s book <em>On Trickling Away. Concepts of Time in Contemporary Art <\/em>presents the ideas of contemporary artists who approach time from diverse angles. In the twenty-first century, their interest appears to have shifted from visualizations of future raptures to visions of slowness, of the distension, repetition, and standstill of moments in time. Bernard Aubertin (FR), Inge Dick (AT), Rom Gaastra (NL), Gosbert Gottmann (DE), Tommi Gr\u00f6nlund &amp; Petteri Nisunen (FI), Manuela Kasemir (DE), Timo Klos (DE), Dimitry Orlac (FR), George Rickey (US), Patrik S\u00f6derlund &amp; Visa Suonp\u00e4\u00e4 (FI), and John Woodman (UK) hone our awareness of how subjective the passage of time is and convey vivid experiences of its trickling away.<\/p>\n  <\/div>\n\n\t<span class=\"price\"><span class=\"woocommerce-Price-amount amount\"><bdi>30<span class=\"woocommerce-Price-currencySymbol\">&euro;<\/span><\/bdi><\/span><\/span>\n<\/a><a href=\"\/en\/wp-json\/wp\/v2\/pages\/13205?add-to-cart=16166\" aria-describedby=\"woocommerce_loop_add_to_cart_link_describedby_16166\" data-quantity=\"1\" class=\"button product_type_simple add_to_cart_button ajax_add_to_cart\" data-product_id=\"16166\" data-product_sku=\"\" aria-label=\"Add to cart: &ldquo;On Trickling Away - Concepts of Time in Contemporary Art&rdquo;\" rel=\"nofollow\" data-success_message=\"&ldquo;On Trickling Away -&lt;br&gt; Concepts of Time in Contemporary Art&rdquo; has been added to your cart\" role=\"button\">Add to cart<\/a>\t<span id=\"woocommerce_loop_add_to_cart_link_describedby_16166\" class=\"screen-reader-text\">\n\t\t\t<\/span>\n<\/li>\n<li class=\"product type-product post-15404 status-publish first instock product_cat-all-books product_cat-installation-art product_cat-on-art product_cat-painting product_cat-photography product_cat-sculpture has-post-thumbnail taxable shipping-taxable purchasable product-type-simple\">\n\t<a href=\"https:\/\/dcv-books.com\/en\/produkt\/female-gaze-from-virtual-to-reality\/\" class=\"woocommerce-LoopProduct-link woocommerce-loop-product__link\"><div class=\"image-wrapper\"><img decoding=\"async\" width=\"394\" height=\"558\" src=\"https:\/\/dcv-books.com\/wp-content\/uploads\/2021\/02\/Bildschirmfoto-2022-01-19-um-16.35.56.jpg\" class=\"attachment-woocommerce_thumbnail size-woocommerce_thumbnail\" alt=\"Female Gaze\" \/><\/div><h2 class=\"woocommerce-loop-product__title\">Female Gaze <br> From Virtual to Reality<\/h2>  <div class=\"woocommerce-loop-product__description\" itemprop=\"description\">\n    <p><strong>Works of Art Take a Stance<\/strong><\/p>\n<p>The \u201cfemale gaze\u201d embodies a stance that is the polar opposite of the \u201cmale gaze.\u201d The latter term\u00a0came into use in the movie and advertising industries in the 1970s to describe the fact that women typically appear in films in supporting roles, as accessories to men, rather than as protagonists. The male gaze originated in a patriarchal society that has begun to change. The female gaze champions a modern form of emancipation that challenges men to abandon entrenched structures. Much more importantly, it encourages women to become aware of the strength that lies in their femininity and make it the source of their own creative expression and their own perspective on the world.\u00a0For many years, the writer Silke Tobeler has visited artists in their studios, collecting the photographs she took there and her conversations with her hosts on her blog, <em>Female Gaze<\/em>.<\/p>\n  <\/div>\n\n\t<span class=\"price\"><span class=\"woocommerce-Price-amount amount\"><bdi>25<span class=\"woocommerce-Price-currencySymbol\">&euro;<\/span><\/bdi><\/span><\/span>\n<\/a><a href=\"\/en\/wp-json\/wp\/v2\/pages\/13205?add-to-cart=15404\" aria-describedby=\"woocommerce_loop_add_to_cart_link_describedby_15404\" data-quantity=\"1\" class=\"button product_type_simple add_to_cart_button ajax_add_to_cart\" data-product_id=\"15404\" data-product_sku=\"\" aria-label=\"Add to cart: &ldquo;Female Gaze - From Virtual to Reality&rdquo;\" rel=\"nofollow\" data-success_message=\"&ldquo;Female Gaze -&lt;br&gt; From Virtual to Reality&rdquo; has been added to your cart\" role=\"button\">Add to cart<\/a>\t<span id=\"woocommerce_loop_add_to_cart_link_describedby_15404\" class=\"screen-reader-text\">\n\t\t\t<\/span>\n<\/li>\n<li class=\"product type-product post-15700 status-publish instock product_cat-all-books product_cat-film-and-video product_cat-installation-art product_cat-on-art product_cat-painting product_cat-photography product_cat-sculpture has-post-thumbnail taxable shipping-taxable purchasable product-type-simple\">\n\t<a href=\"https:\/\/dcv-books.com\/en\/produkt\/finale-directors-cut\/\" class=\"woocommerce-LoopProduct-link woocommerce-loop-product__link\"><div class=\"image-wrapper\"><img decoding=\"async\" width=\"1655\" height=\"1587\" src=\"https:\/\/dcv-books.com\/wp-content\/uploads\/2021\/10\/210503_MPK_Finale_Cover.jpg\" class=\"attachment-woocommerce_thumbnail size-woocommerce_thumbnail\" alt=\"Finale Director&#039;s Cut\" \/><\/div><h2 class=\"woocommerce-loop-product__title\">FINALE <br> DIRECTOR&#8217;S CUT<\/h2>  <div class=\"woocommerce-loop-product__description\" itemprop=\"description\">\n    <p><strong>The Best Part \u2026<\/strong><\/p>\n<p>In 1994, Britta Erika Buhlmann took the helm at Museum Pfalzgalerie Kaiserslautern, from which she will retire in the spring of 2022. In her twenty-eight-year tenure, she has enlarged the museum\u2019s art collection and put her personal stamp on it. The classical modernism division was strengthened with the addition of major works by Otto Dix, Hermann Scherrer, and Karl Buchheister, while key pieces by Fran\u00e7ois Morellet, Martin Willing, Werner Pokorny, and others have enriched the museum\u2019s holdings in sculpture. A newly established division of the collection is dedicated to the creations of American artists such as Eric Levin, Kiki Smith, Charles Pollock, and Richard Pousette-Dart. More than a few artists\u2014the list includes Carmen Herrera, Pierrette Bloch, Eva Jospin, and Nobuyuki Tanaka\u2014made their German or even European d\u00e9but at the mpk.<\/p>\n<p>In this book, members of the mpk\u2019s staff offer their takes on selected works in the collection, unfurling a subjective story of their engagement with works that have earned the museum its reputation as a \u201cplace of discoveries.\u201d<\/p>\n  <\/div>\n\n\t<span class=\"price\"><span class=\"woocommerce-Price-amount amount\"><bdi>25<span class=\"woocommerce-Price-currencySymbol\">&euro;<\/span><\/bdi><\/span><\/span>\n<\/a><a href=\"\/en\/wp-json\/wp\/v2\/pages\/13205?add-to-cart=15700\" aria-describedby=\"woocommerce_loop_add_to_cart_link_describedby_15700\" data-quantity=\"1\" class=\"button product_type_simple add_to_cart_button ajax_add_to_cart\" data-product_id=\"15700\" data-product_sku=\"\" aria-label=\"Add to cart: &ldquo;FINALE - DIRECTOR&#039;S CUT&rdquo;\" rel=\"nofollow\" data-success_message=\"&ldquo;FINALE -&lt;br&gt; DIRECTOR&#039;S CUT&rdquo; has been added to your cart\" role=\"button\">Add to cart<\/a>\t<span id=\"woocommerce_loop_add_to_cart_link_describedby_15700\" class=\"screen-reader-text\">\n\t\t\t<\/span>\n<\/li>\n<li class=\"product type-product post-15411 status-publish instock product_cat-all-books product_cat-on-art has-post-thumbnail taxable shipping-taxable purchasable product-type-simple\">\n\t<a href=\"https:\/\/dcv-books.com\/en\/produkt\/martin-krumbholz-alex-martin-und-ich\/\" class=\"woocommerce-LoopProduct-link woocommerce-loop-product__link\"><div class=\"image-wrapper\"><img decoding=\"async\" width=\"450\" height=\"686\" src=\"https:\/\/dcv-books.com\/wp-content\/uploads\/2021\/09\/201027_DCV_Contemporary_Cover_Martin_Krumbholz_klein.jpg\" class=\"attachment-woocommerce_thumbnail size-woocommerce_thumbnail\" alt=\"Martin Krumbholz\" \/><\/div><h2 class=\"woocommerce-loop-product__title\">Martin Krumbholz <br> Alex, Martin und Ich<\/h2>  <div class=\"woocommerce-loop-product__description\" itemprop=\"description\">\n    <p><strong>\u201cThe Vocation of Saint Matthew\u201d<\/strong>: that is the title that Martin Krug has chosen for his novella, after Caravaggio\u2019s iconic painting at the Church of San Luigi degli Francesi in Rome. The irony is unmistakable\u2014Martin, the protagonist of his narrative, hesitates to accept a promotion: he has been offered the job of his boss, for whose wife, Marion, he has fallen on a shared vacation. Yet Martin\u2019s friend, whom he has asked for advice, proposes a different title: <em>Ghost Story<\/em>\u2014a key element of the plot is the mysterious Alexander\u2019s disappearance, seemingly forever, in the sea \u2026<\/p>\n<p>Martin\u2019s friend and interlocutor, the novel\u2019s first-person narrator, embeds the novella in a narrative framework that mirrors its motifs: love as passion, eros and sex, loyalty and betrayal, manliness and chivalry, art, film, and music. Alberto Moravia\u2019s novel <em>Contempt<\/em>, glamorously adapted for the silver screen by Jean-Luc Godard, is reread and discussed as a <em>MeToo<\/em> story.<\/p>\n<p>Martin Krumbholz (b. Wuppertal-Elberfeld, Germany, 1954; lives and works in D\u00fcsseldorf) is a writer and theater critic. His first novel, <em>Eine kleine Passion<\/em>, came out in 2013.<\/p>\n  <\/div>\n\n\t<span class=\"price\"><span class=\"woocommerce-Price-amount amount\"><bdi>14<span class=\"woocommerce-Price-currencySymbol\">&euro;<\/span><\/bdi><\/span><\/span>\n<\/a><a href=\"\/en\/wp-json\/wp\/v2\/pages\/13205?add-to-cart=15411\" aria-describedby=\"woocommerce_loop_add_to_cart_link_describedby_15411\" data-quantity=\"1\" class=\"button product_type_simple add_to_cart_button ajax_add_to_cart\" data-product_id=\"15411\" data-product_sku=\"\" aria-label=\"Add to cart: &ldquo;Martin Krumbholz - Alex, Martin und Ich&rdquo;\" rel=\"nofollow\" data-success_message=\"&ldquo;Martin Krumbholz -&lt;br&gt; Alex, Martin und Ich&rdquo; has been added to your cart\" role=\"button\">Add to cart<\/a>\t<span id=\"woocommerce_loop_add_to_cart_link_describedby_15411\" class=\"screen-reader-text\">\n\t\t\t<\/span>\n<\/li>\n<li class=\"product type-product post-14498 status-publish last instock product_cat-all-books product_cat-installation-art product_cat-new-arrivals product_cat-on-art product_cat-painting product_cat-sculpture has-post-thumbnail taxable shipping-taxable purchasable product-type-simple\">\n\t<a href=\"https:\/\/dcv-books.com\/en\/produkt\/the-art-of-society-1900-1945\/\" class=\"woocommerce-LoopProduct-link woocommerce-loop-product__link\"><div class=\"image-wrapper\"><img decoding=\"async\" width=\"500\" height=\"675\" src=\"https:\/\/dcv-books.com\/wp-content\/uploads\/2021\/01\/NNG-Art-of-Society-Cover.jpg\" class=\"attachment-woocommerce_thumbnail size-woocommerce_thumbnail\" alt=\"Art of Society\" \/><\/div><h2 class=\"woocommerce-loop-product__title\">The Art of Society <br> 1900\u20131945<\/h2>  <div class=\"woocommerce-loop-product__description\" itemprop=\"description\">\n    <p><strong>The Collection of the Nationalgalerie, Berlin<\/strong><\/p>\n<div>\n<p><span lang=\"EN-US\">The Neue Nationalgalerie in Berlin, the last building designed by Mies van der Rohe, has been closed a full six years for refurbishment. To mark its reopening the museum is presenting the highlights of its classical modernist collection under the title <i>The Art of Society, 1900\u20131945<\/i>. Visionary, critical, resigned or utopian, the paintings and sculptures bear witness to art\u2019s dialogue with prevailing social conditions \u2013 from the German Empire to the First World War, the Weimar Republic and ultimately National Socialism. The catalogue documenting all works in the exhibition traces the major artistic tendencies during the first half of the 20th century in thirteen chapters. <i>The Art of Society, 1900\u20131945<\/i> offers a renewed encounter with works<i> <\/i>by Edvard Munch, Ernst Ludwig Kirchner,<i> <\/i>Tamara de Lempicka, Lotte Laserstein, Otto<i> <\/i>Dix, George Grosz, Max Beckmann, and many<i> <\/i>others that is as captivating as it is illuminating.<i><\/i><\/span><\/p>\n<\/div>\n<p>Click <a href=\"https:\/\/dcv-books.com\/produkt\/die-kunst-der-gesellschaft-1900-1945\/\">here<\/a> for the German edition.<\/p>\n  <\/div>\n\n\t<span class=\"price\"><span class=\"woocommerce-Price-amount amount\"><bdi>29<span class=\"woocommerce-Price-currencySymbol\">&euro;<\/span><\/bdi><\/span><\/span>\n<\/a><a href=\"\/en\/wp-json\/wp\/v2\/pages\/13205?add-to-cart=14498\" aria-describedby=\"woocommerce_loop_add_to_cart_link_describedby_14498\" data-quantity=\"1\" class=\"button product_type_simple add_to_cart_button ajax_add_to_cart\" data-product_id=\"14498\" data-product_sku=\"\" aria-label=\"Add to cart: &ldquo;The Art of Society - 1900\u20131945&rdquo;\" rel=\"nofollow\" data-success_message=\"&ldquo;The Art of Society -&lt;br&gt; 1900\u20131945&rdquo; has been added to your cart\" role=\"button\">Add to cart<\/a>\t<span id=\"woocommerce_loop_add_to_cart_link_describedby_14498\" class=\"screen-reader-text\">\n\t\t\t<\/span>\n<\/li>\n<li class=\"product type-product post-14845 status-publish first instock product_cat-all-books product_cat-on-art product_tag-roland-schappert-en has-post-thumbnail taxable shipping-taxable purchasable product-type-simple\">\n\t<a href=\"https:\/\/dcv-books.com\/en\/produkt\/roland-schappert-coronasehnsucht\/\" class=\"woocommerce-LoopProduct-link woocommerce-loop-product__link\"><div class=\"image-wrapper\"><img decoding=\"async\" width=\"1447\" height=\"2127\" src=\"https:\/\/dcv-books.com\/wp-content\/uploads\/2021\/01\/DCV_Contemporary_Schappert_Cover_crop_web.jpg\" class=\"attachment-woocommerce_thumbnail size-woocommerce_thumbnail\" alt=\"Roland Schappert -&lt;br&gt; Coronasehnsucht\" \/><\/div><h2 class=\"woocommerce-loop-product__title\">Roland Schappert <br> Coronasehnsucht<\/h2>  <div class=\"woocommerce-loop-product__description\" itemprop=\"description\">\n    <p>The coronavirus pandemic hit us in a time of disparate foci of attention. A fundamental lack of comprehension and hate speech contrast sharply with an unspoken consonance of ideas as well as feelings. What do reality, statistics, love, and yearnings do to us? They are playing a game with reality, sans fiction. Relationships sustain our lives. What was unmistakable before is now manifest, with stark certainty. Are we ready for loving dissension? Can we bear to think only as far ahead as we can see? How do our emotions answer these questions, and how does our intellect? The Cologne visual artist and writer Roland Schappert retraces his personal voyage through this sun-kissed rain-drenched time.\u00a0The book is a diary-like tour de force of digital amorous overtures, an attempt to explain the world of art via WhatsApp, and the real challenges of life as a single artist in a major German city in precarious circumstances.<\/p>\n<p><a href=\"https:\/\/dcv-books.com\/en\/roland-schappert\/\" target=\"_blank\" rel=\"noopener noreferrer\">Limited Artist Edition available<\/a><\/p>\n  <\/div>\n\n\t<span class=\"price\"><span class=\"woocommerce-Price-amount amount\"><bdi>14<span class=\"woocommerce-Price-currencySymbol\">&euro;<\/span><\/bdi><\/span><\/span>\n<\/a><a href=\"\/en\/wp-json\/wp\/v2\/pages\/13205?add-to-cart=14845\" aria-describedby=\"woocommerce_loop_add_to_cart_link_describedby_14845\" data-quantity=\"1\" class=\"button product_type_simple add_to_cart_button ajax_add_to_cart\" data-product_id=\"14845\" data-product_sku=\"\" aria-label=\"Add to cart: &ldquo;Roland Schappert - Coronasehnsucht&rdquo;\" rel=\"nofollow\" data-success_message=\"&ldquo;Roland Schappert -&lt;br&gt; Coronasehnsucht&rdquo; has been added to your cart\" role=\"button\">Add to cart<\/a>\t<span id=\"woocommerce_loop_add_to_cart_link_describedby_14845\" class=\"screen-reader-text\">\n\t\t\t<\/span>\n<\/li>\n<li class=\"product type-product post-14818 status-publish instock product_cat-all-books product_cat-on-art product_tag-stephan-kaluza-en has-post-thumbnail taxable shipping-taxable purchasable product-type-simple\">\n\t<a href=\"https:\/\/dcv-books.com\/en\/produkt\/stephan-kaluza-die-dritte-natur\/\" class=\"woocommerce-LoopProduct-link woocommerce-loop-product__link\"><div class=\"image-wrapper\"><img decoding=\"async\" width=\"500\" height=\"769\" src=\"https:\/\/dcv-books.com\/wp-content\/uploads\/2021\/05\/Kaluza-dritte-Natur.jpg\" class=\"attachment-woocommerce_thumbnail size-woocommerce_thumbnail\" alt=\"Stephan Kaluza -&lt;br&gt; Die dritte Natur\" \/><\/div><h2 class=\"woocommerce-loop-product__title\">Stephan Kaluza <br> Die dritte Natur<\/h2>  <div class=\"woocommerce-loop-product__description\" itemprop=\"description\">\n    <p><strong>The Nature of Art as Totality and Idyll <\/strong><\/p>\n<p>The philosophy of nature is central to the artist Stephan Kaluza\u2019s (b. Bad Iburg, 1964; lives and works in D\u00fcsseldorf) work. As he sees it, there exists a succession of different natures: <em>first nature<\/em> is Kaluza\u2019s designation for a world as immediately felt by (early) humans, part of an encompassing and close-range experiential totality they labeled \u2018nature\u2019 and perceived as a physical, but also spiritual and emotional concatenation of events. <em>Second nature<\/em> is stripped down to an objective and utilitarian quality; nature becomes a resource, the basis of life, the environment. In a kind of linguistic turn, speech mediates a surrogate, an alternative world, that positions nature as culture\u2019s opposite; the former becomes replaceable in favor of latter. Yet this culture is far from devoid of yearnings for the immediacy that it has lost, and so develops an \u2018artificial idyllic nature\u2019 in turn. This <em>third nature<\/em> of the arts\u2014a purely <em>human nature<\/em>\u2014harks back to the archetypes of a <em>first nature<\/em> in escapism and totalized immersion.<\/p>\n  <\/div>\n\n\t<span class=\"price\"><span class=\"woocommerce-Price-amount amount\"><bdi>14<span class=\"woocommerce-Price-currencySymbol\">&euro;<\/span><\/bdi><\/span><\/span>\n<\/a><a href=\"\/en\/wp-json\/wp\/v2\/pages\/13205?add-to-cart=14818\" aria-describedby=\"woocommerce_loop_add_to_cart_link_describedby_14818\" data-quantity=\"1\" class=\"button product_type_simple add_to_cart_button ajax_add_to_cart\" data-product_id=\"14818\" data-product_sku=\"\" aria-label=\"Add to cart: &ldquo;Stephan Kaluza - Die dritte Natur&rdquo;\" rel=\"nofollow\" data-success_message=\"&ldquo;Stephan Kaluza -&lt;br&gt; Die dritte Natur&rdquo; has been added to your cart\" role=\"button\">Add to cart<\/a>\t<span id=\"woocommerce_loop_add_to_cart_link_describedby_14818\" class=\"screen-reader-text\">\n\t\t\t<\/span>\n<\/li>\n<li class=\"product type-product post-14674 status-publish instock product_cat-all-books product_cat-film-and-video product_cat-installation-art product_cat-on-art product_cat-painting has-post-thumbnail taxable shipping-taxable purchasable product-type-simple\">\n\t<a href=\"https:\/\/dcv-books.com\/en\/produkt\/art-in-a-conflicted-world\/\" class=\"woocommerce-LoopProduct-link woocommerce-loop-product__link\"><div class=\"image-wrapper\"><img decoding=\"async\" width=\"500\" height=\"625\" src=\"https:\/\/dcv-books.com\/wp-content\/uploads\/2021\/03\/ArtinconflictedWorld_Cover.jpg\" class=\"attachment-woocommerce_thumbnail size-woocommerce_thumbnail\" alt=\"art in a conflicted world\" \/><\/div><h2 class=\"woocommerce-loop-product__title\">Art in a Conflicted World<\/h2>  <div class=\"woocommerce-loop-product__description\" itemprop=\"description\">\n    <p><strong>Trans-European Perspectives in the Age of Cultural Fragmentation<\/strong><\/p>\n<p>Since the turn of the millennium, much of the world has become an increasingly unstable and dissonant place. Sharp disruptions define many aspects of our social, cultural, and political relations. <em>Art in a Conflicted World<\/em> addresses this evolving reality, featuring critical positions articulated by visual artists and writers from Ukraine, Russia, and Great Britain\u2014regions embroiled in extraordinary strife and upheaval. The publication takes a frank look at these multifaceted states of social dissonance and reflects them in diverse artistic and literary inquiries and responses. The contributions are the fruits of an interdisciplinary fellowship program at Kulturstiftung Schloss Wiepersdorf that offers the participants an opportunity to gain fresh creative and cultural insights, test ways of engaging with complexity, and develop models for the future that transcend national boundaries.<\/p>\n<p>The publication presents works by Sarah Dobai, Nikita Kadan, Ali Eisa, and Sebastian Lloyd Rees (Lloyd Corporation) as well as writings by Alisa Ganieva and Tanya Zaharchenko.<\/p>\n<p>The project was mentored by Wolfgang Tillmans, Tom McCarthy, Katharina Raabe, and Mark Gisbourne and received funding support from the German Federal Foreign Office.<\/p>\n  <\/div>\n\n\t<span class=\"price\"><span class=\"woocommerce-Price-amount amount\"><bdi>34<span class=\"woocommerce-Price-currencySymbol\">&euro;<\/span><\/bdi><\/span><\/span>\n<\/a><a href=\"\/en\/wp-json\/wp\/v2\/pages\/13205?add-to-cart=14674\" aria-describedby=\"woocommerce_loop_add_to_cart_link_describedby_14674\" data-quantity=\"1\" class=\"button product_type_simple add_to_cart_button ajax_add_to_cart\" data-product_id=\"14674\" data-product_sku=\"\" aria-label=\"Add to cart: &ldquo;Art in a Conflicted World&rdquo;\" rel=\"nofollow\" data-success_message=\"&ldquo;Art in a Conflicted World&rdquo; has been added to your cart\" role=\"button\">Add to cart<\/a>\t<span id=\"woocommerce_loop_add_to_cart_link_describedby_14674\" class=\"screen-reader-text\">\n\t\t\t<\/span>\n<\/li>\n<li class=\"product type-product post-13886 status-publish last instock product_cat-all-books product_cat-installation-art product_cat-on-art product_cat-painting product_cat-photography product_cat-sculpture has-post-thumbnail taxable shipping-taxable purchasable product-type-simple\">\n\t<a href=\"https:\/\/dcv-books.com\/en\/produkt\/beyond-the-box-dohmen-collection\/\" class=\"woocommerce-LoopProduct-link woocommerce-loop-product__link\"><div class=\"image-wrapper\"><img decoding=\"async\" width=\"450\" height=\"531\" src=\"https:\/\/dcv-books.com\/wp-content\/uploads\/2021\/01\/9783969120231.jpg\" class=\"attachment-woocommerce_thumbnail size-woocommerce_thumbnail\" alt=\"Dohmen Collection\" \/><\/div><h2 class=\"woocommerce-loop-product__title\">Beyond the Box <br> Dohmen Collection<\/h2>  <div class=\"woocommerce-loop-product__description\" itemprop=\"description\">\n    <p><strong>Breaking the Mold of Convention<\/strong><\/p>\n<p>Presenting installations, sculptures, objects, and paintings from Mexico, Cuba, West Africa, Israel, Bulgaria, Russia, South Korea, and Japan, rounded out by extraordinary works from the U.S. and Europe, this selection from the Dohmen Collection features artists from countries that did not typically register on \u201cWestern\u201d art radars until fifteen years ago. It was the seminal <em>documenta 11<\/em> (2002), curated by a team led by Okwui Enwezor, that ushered in a departure from the contemporary art world\u2019s entrenched geopolitical ideas. This book showcases a treasure that has long been ahead of its time yet did not attract public attention: the private collection of Werner Dohmen, a physician in Aachen. It includes works by Mariana Castillo Deball, Wim Delvoye, Jimmie Durham, Diango Hern\u00e1ndez, Rodney McMillian, Pavel Pepperstein, Nora Turato, Haegue Yang, and other artists who continue to provoke audiences, ask probing questions, and prompt fresh thinking.<\/p>\n<p>Dr. med. Werner Dohmen has been head of the board of Neuer Aachener Kunstverein since 1988. In addition to building his own collection, he has been a committed supporter of the intercultural project <em>No es arte<\/em>, which advocates for the return of goldwork of the pre-Colombian Tairona people that was stolen from sacred sites during the colonial conquest of South America.<\/p>\n  <\/div>\n\n\t<span class=\"price\"><span class=\"woocommerce-Price-amount amount\"><bdi>30<span class=\"woocommerce-Price-currencySymbol\">&euro;<\/span><\/bdi><\/span><\/span>\n<\/a><a href=\"\/en\/wp-json\/wp\/v2\/pages\/13205?add-to-cart=13886\" aria-describedby=\"woocommerce_loop_add_to_cart_link_describedby_13886\" data-quantity=\"1\" class=\"button product_type_simple add_to_cart_button ajax_add_to_cart\" data-product_id=\"13886\" data-product_sku=\"\" aria-label=\"Add to cart: &ldquo;Beyond the Box - Dohmen Collection&rdquo;\" rel=\"nofollow\" data-success_message=\"&ldquo;Beyond the Box -&lt;br&gt; Dohmen Collection&rdquo; has been added to your cart\" role=\"button\">Add to cart<\/a>\t<span id=\"woocommerce_loop_add_to_cart_link_describedby_13886\" class=\"screen-reader-text\">\n\t\t\t<\/span>\n<\/li>\n<li class=\"product type-product post-13982 status-publish first instock product_cat-all-books product_cat-on-art product_cat-painting has-post-thumbnail taxable shipping-taxable purchasable product-type-simple\">\n\t<a href=\"https:\/\/dcv-books.com\/en\/produkt\/series-prints-from-warhol-to-wool\/\" class=\"woocommerce-LoopProduct-link woocommerce-loop-product__link\"><div class=\"image-wrapper\"><img decoding=\"async\" width=\"500\" height=\"583\" src=\"https:\/\/dcv-books.com\/wp-content\/uploads\/2020\/12\/NEU-SERIEN-Cover.jpg\" class=\"attachment-woocommerce_thumbnail size-woocommerce_thumbnail\" alt=\"Serien\" \/><\/div><h2 class=\"woocommerce-loop-product__title\">SERIES <br> Prints from Warhol to Wool<\/h2>  <div class=\"woocommerce-loop-product__description\" itemprop=\"description\">\n    <p><strong>A Creative Strategy and Technique of Modernism<\/strong><\/p>\n<p>Series are open systems, telling stories, toying with rhythms, permitting variations, and documenting creative processes. Andy Warhol\u2019s famous silkscreen prints made the serial iteration of images his trademark stratagem. In the mid-1960s, Pop Art and Fluxus had established the fine art print as a medium in which seminal work was being done. New graphic techniques such as serigraphy and offset printing, used with aggressive colors and punchy motifs, not only allowed for large numbers of copies, they also opened the door to an unprecedented engagement with the imagery of popular print and advertising media. Opening with an inquiry into how serial fine art prints are made, the book presents and contextualizes the explosive visual and political energy of graphic series. The numerous illustrations and essays are rounded out by an interview with Thomas Sch\u00fctte and Ellen Sturm.<\/p>\n<p>With works by Josef Albers, Joseph Beuys, Ulla von Brandenburg, John Cage, Helen Cammock, Nina Canell, Jim Dine, Dan Flavin, David Hockney, Jenny Holzer, Olav Christopher Jenssen, Donald Judd, Ronald B. Kitaj, Maria Lassnig, Sol LeWitt, Roy Lichtenstein, Richard Lindner, Robert Mangold, Brice Marden, Stefan Marx, Bruce Nauman, Dennis Oppenheim, Nam June Paik, Sigmar Polke, Gerhard Richter, Dieter Roth, Fred Sandback, Nora Schultz, Thomas Sch\u00fctte, Dasha Shishkin, Frank Stella, Rosemarie Trockel, Victor Vasarely, Wolf Vostell, Andy Warhol, Corinne Wasmuht, Emmett Williams, Christopher Wool, and others.<\/p>\n  <\/div>\n\n\t<span class=\"price\"><span class=\"woocommerce-Price-amount amount\"><bdi>40<span class=\"woocommerce-Price-currencySymbol\">&euro;<\/span><\/bdi><\/span><\/span>\n<\/a><a href=\"\/en\/wp-json\/wp\/v2\/pages\/13205?add-to-cart=13982\" aria-describedby=\"woocommerce_loop_add_to_cart_link_describedby_13982\" data-quantity=\"1\" class=\"button product_type_simple add_to_cart_button ajax_add_to_cart\" data-product_id=\"13982\" data-product_sku=\"\" aria-label=\"Add to cart: &ldquo;SERIES - Prints from Warhol to Wool&rdquo;\" rel=\"nofollow\" data-success_message=\"&ldquo;SERIES -&lt;br&gt; Prints from Warhol to Wool&rdquo; has been added to your cart\" role=\"button\">Add to cart<\/a>\t<span id=\"woocommerce_loop_add_to_cart_link_describedby_13982\" class=\"screen-reader-text\">\n\t\t\t<\/span>\n<\/li>\n<li class=\"product type-product post-13450 status-publish instock product_cat-all-books product_cat-on-art product_cat-painting has-post-thumbnail taxable shipping-taxable purchasable product-type-simple\">\n\t<a href=\"https:\/\/dcv-books.com\/en\/produkt\/fritz-overbeck-und-hermine-overbeck-rohte-der-briefwechsel\/\" class=\"woocommerce-LoopProduct-link woocommerce-loop-product__link\"><div class=\"image-wrapper\"><img decoding=\"async\" width=\"1024\" height=\"1624\" src=\"https:\/\/dcv-books.com\/wp-content\/uploads\/2020\/07\/FO_HOR_Cover-1024x1624.jpg\" class=\"attachment-woocommerce_thumbnail size-woocommerce_thumbnail\" alt=\"fritz overbeck\" \/><\/div><h2 class=\"woocommerce-loop-product__title\">Fritz Overbeck und Hermine Overbeck-Rohte <br> Der Briefwechsel<\/h2>  <div class=\"woocommerce-loop-product__description\" itemprop=\"description\">\n    <p><strong>Intimate Glimpses from the Marriage of Two Worpswede Artists<\/strong><\/p>\n<p>In the final years of the nineteenth century, numerous painters settled in the village at the foot of Weyerberg hill, followed by young women who took classes with the local artists. Fritz Overbeck (b. Bremen, 1869; d. Br\u00f6cken near Vegesack, 1909) and Hermine Overbeck-Rohte (b. Walsrode, 1869; d. Bremen, 1937) became one of Worpswede\u2019s husband-and-wife creative duos, though their union has been less celebrated than those of Otto Modersohn and Paula Becker or Rainer Maria Rilke and Clara Westhoff. Like the stories of their more famous neighbors, theirs exemplifies life and work in the artists\u2019 colony, but also the dogged struggle for equality in the creative professions. Yet unlike those other relationships, theirs did not break up over the conflict between art and marital life; it lasted until Fritz Overbeck\u2019s tragic early death. In a first, this book contains virtually the entire extant correspondence between the Overbeck-Rohtes in unabridged form and with numerous annotations. Offering fresh and nuanced insight into the lives and oeuvres of its protagonists, it makes for moving and entertaining reading.<\/p>\n  <\/div>\n\n\t<span class=\"price\"><span class=\"woocommerce-Price-amount amount\"><bdi>38<span class=\"woocommerce-Price-currencySymbol\">&euro;<\/span><\/bdi><\/span><\/span>\n<\/a><a href=\"\/en\/wp-json\/wp\/v2\/pages\/13205?add-to-cart=13450\" aria-describedby=\"woocommerce_loop_add_to_cart_link_describedby_13450\" data-quantity=\"1\" class=\"button product_type_simple add_to_cart_button ajax_add_to_cart\" data-product_id=\"13450\" data-product_sku=\"\" aria-label=\"Add to cart: &ldquo;Fritz Overbeck und Hermine Overbeck-Rohte - Der Briefwechsel&rdquo;\" rel=\"nofollow\" data-success_message=\"&ldquo;Fritz Overbeck und Hermine Overbeck-Rohte -&lt;br&gt; Der Briefwechsel&rdquo; has been added to your cart\" role=\"button\">Add to cart<\/a>\t<span id=\"woocommerce_loop_add_to_cart_link_describedby_13450\" class=\"screen-reader-text\">\n\t\t\t<\/span>\n<\/li>\n<li class=\"product type-product post-13799 status-publish instock product_cat-all-books product_cat-fashion product_cat-film-and-video product_cat-installation-art product_cat-on-art product_cat-painting product_cat-photography product_cat-sculpture has-post-thumbnail taxable shipping-taxable purchasable product-type-simple\">\n\t<a href=\"https:\/\/dcv-books.com\/en\/produkt\/6-u-l-en\/\" class=\"woocommerce-LoopProduct-link woocommerce-loop-product__link\"><div class=\"image-wrapper\"><img decoding=\"async\" width=\"1024\" height=\"1450\" src=\"https:\/\/dcv-books.com\/wp-content\/uploads\/2020\/10\/6UL-Cover-1024x1450.jpg\" class=\"attachment-woocommerce_thumbnail size-woocommerce_thumbnail\" alt=\"6 u l \" \/><\/div><h2 class=\"woocommerce-loop-product__title\">6 U L <br> Lust and Desire in Art and Design<\/h2>  <div class=\"woocommerce-loop-product__description\" itemprop=\"description\">\n    <p><strong>\u201cWhose Jizz is this?\u201d<\/strong> <em>Sechs<\/em>-u-ell: to make sense of the publication title, trust your college German and your phonetic ear. \u201cSexual,\u201d here, comprises the entire broad spectrum of what we associate with carnal pleasure. Lust, desire, ecstasy, repression, obsession\u2014the world of art, fashion, and design abounds with specimens of eroticism and sexuality in their infinite variety, shopworn stereotypes be damned. Looking back on the thorough revision of society\u2019s ideas about sexuality in the past three decades, the book inquires into how the works of visual artists, fashion creatives, and designers reflect today\u2019s public debates over biological and social gender roles, power structures, and sexual violence or the fading of taboos over sexual practices. With works and designs by Walter Van Beirendonck, Monica Bonvicini, Tracey Emin, Hans-Peter Feldmann, J\u00fcrgen Klauke, Peaches, Cindy Sherman, Kara Walker, Vivienne Westwood, and many more. This book documents a grand exhibition scheduled for the past summer at the GRASSI Museum of Applied Arts, Leipzig, which had to be canceled due to the Covid-19 pandemic.<\/p>\n  <\/div>\n\n\t<span class=\"price\"><span class=\"woocommerce-Price-amount amount\"><bdi>28<span class=\"woocommerce-Price-currencySymbol\">&euro;<\/span><\/bdi><\/span><\/span>\n<\/a><a href=\"\/en\/wp-json\/wp\/v2\/pages\/13205?add-to-cart=13799\" aria-describedby=\"woocommerce_loop_add_to_cart_link_describedby_13799\" data-quantity=\"1\" class=\"button product_type_simple add_to_cart_button ajax_add_to_cart\" data-product_id=\"13799\" data-product_sku=\"\" aria-label=\"Add to cart: &ldquo;6 U L - Lust and Desire in Art and Design&rdquo;\" rel=\"nofollow\" data-success_message=\"&ldquo;6 U L -&lt;br&gt; Lust and Desire in Art and Design&rdquo; has been added to your cart\" role=\"button\">Add to cart<\/a>\t<span id=\"woocommerce_loop_add_to_cart_link_describedby_13799\" class=\"screen-reader-text\">\n\t\t\t<\/span>\n<\/li>\n<li class=\"product type-product post-13681 status-publish last instock product_cat-all-books product_cat-installation-art product_cat-on-art product_cat-painting product_cat-photography product_cat-sculpture has-post-thumbnail taxable shipping-taxable purchasable product-type-simple\">\n\t<a href=\"https:\/\/dcv-books.com\/en\/produkt\/museum-brot-und-kunst-forum-welternaehrung\/\" class=\"woocommerce-LoopProduct-link woocommerce-loop-product__link\"><div class=\"image-wrapper\"><img decoding=\"async\" width=\"602\" height=\"813\" src=\"https:\/\/dcv-books.com\/wp-content\/uploads\/2020\/09\/COVER.jpg\" class=\"attachment-woocommerce_thumbnail size-woocommerce_thumbnail\" alt=\"Museum Brot und Kunst\" \/><\/div><h2 class=\"woocommerce-loop-product__title\">Museum Brot und Kunst <br> Forum Weltern\u00e4hrung<\/h2>  <div class=\"woocommerce-loop-product__description\" itemprop=\"description\">\n    <p><strong>Food, Art, and Consumption<\/strong><\/p>\n<p>The craving for food and the desire to avoid being hungry have been among humanity\u2019s central concerns for millennia. Economic activity, science, politics, culture\u2014our basic need for sustenance informs and influences every domain of our lives. The catalogue accompanying the permanent exhibition at the Museum Brot und Kunst\u2014Forum Weltern\u00e4hrung sheds light on nineteen thematic foci around the significance of bread as the quintessential food. Founded in 1955, the Museum of Bread and Art was the first institution of its kind in the world dedicated to this subject; its collection comprises a large number of artifacts from across several centuries that speak to the histories of culture, society, and technology. The generously illustrated publication presents a panorama of the wide field of human nourishment in dialogue with art, helping the reader grasp the complexities of the world in which we live.<\/p>\n<p>With works by Ernst Barlach, Bernhard Johannes Blume, Pieter Brueghel, Marc Chagall, Salvador Dal\u00ed, Simone Demandt, Agnes Denes, Frans Francken, Georg Flegel, Erich Heckel, Christian Jankowski, Markus L\u00fcpertz, Gerhard Marcks, Max Pechstein, Pablo Picasso, Claire Pentecost, Thomas Rentmeister, Daniel Spoerri, Andy Warhol and others.<\/p>\n<p>The book was included in the shortlist of the competition &#8220;Sch\u00f6nste Deutsche B\u00fccher 2021&#8221;.<\/p>\n  <\/div>\n\n\t<span class=\"price\"><span class=\"woocommerce-Price-amount amount\"><bdi>24<span class=\"woocommerce-Price-currencySymbol\">&euro;<\/span><\/bdi><\/span><\/span>\n<\/a><a href=\"\/en\/wp-json\/wp\/v2\/pages\/13205?add-to-cart=13681\" aria-describedby=\"woocommerce_loop_add_to_cart_link_describedby_13681\" data-quantity=\"1\" class=\"button product_type_simple add_to_cart_button ajax_add_to_cart\" data-product_id=\"13681\" data-product_sku=\"\" aria-label=\"Add to cart: &ldquo;Museum Brot und Kunst - Forum Weltern\u00e4hrung&rdquo;\" rel=\"nofollow\" data-success_message=\"&ldquo;Museum Brot und Kunst -&lt;br&gt; Forum Weltern\u00e4hrung&rdquo; has been added to your cart\" role=\"button\">Add to cart<\/a>\t<span id=\"woocommerce_loop_add_to_cart_link_describedby_13681\" class=\"screen-reader-text\">\n\t\t\t<\/span>\n<\/li>\n<li class=\"product type-product post-13913 status-publish first instock product_cat-all-books product_cat-fashion product_cat-on-art product_cat-painting product_cat-photography has-post-thumbnail taxable shipping-taxable purchasable product-type-simple\">\n\t<a href=\"https:\/\/dcv-books.com\/en\/produkt\/mon-tresor\/\" class=\"woocommerce-LoopProduct-link woocommerce-loop-product__link\"><div class=\"image-wrapper\"><img decoding=\"async\" width=\"1020\" height=\"1196\" src=\"https:\/\/dcv-books.com\/wp-content\/uploads\/2020\/11\/Mon-Tresor.jpg\" class=\"attachment-woocommerce_thumbnail size-woocommerce_thumbnail\" alt=\"Mon Tr\u00e9sor\" \/><\/div><h2 class=\"woocommerce-loop-product__title\">Mon Tr\u00e9sor<\/h2>  <div class=\"woocommerce-loop-product__description\" itemprop=\"description\">\n    <p><strong>Europe\u2019s Treasure Chamber<\/strong><\/p>\n<p>What do the torque of the princess of Reinheim, the tableware from the Orient Express, and the radio station Europe 1\u2019s studio building have in common? They are among the treasures of the Saar region. The book presents outstanding archaeological objects and achievements of technology and art dating from the age of the Celts to the present. Drawn from the Saarland and neighboring Alsace-Lorraine, Luxembourg, and Rhineland-Palatinate, the unexpected riches illustrate the cultural and social dimensions of this multinational region in the heart of Europe. The title <em>Mon Tr\u00e9sor<\/em> describes many of them quite literally: the note a seven-year-old dashed off to his father before his family was evacuated in the first days of World War II; the Roman-era ring that is also a relic, witnessing to flight and danger. All treasures are personal first and foremost, though others may later cherish them as cultural assets.<\/p>\n  <\/div>\n\n\t<span class=\"price\"><span class=\"woocommerce-Price-amount amount\"><bdi>34<span class=\"woocommerce-Price-currencySymbol\">&euro;<\/span><\/bdi><\/span><\/span>\n<\/a><a href=\"\/en\/wp-json\/wp\/v2\/pages\/13205?add-to-cart=13913\" aria-describedby=\"woocommerce_loop_add_to_cart_link_describedby_13913\" data-quantity=\"1\" class=\"button product_type_simple add_to_cart_button ajax_add_to_cart\" data-product_id=\"13913\" data-product_sku=\"\" aria-label=\"Add to cart: &ldquo;Mon Tr\u00e9sor&rdquo;\" rel=\"nofollow\" data-success_message=\"&ldquo;Mon Tr\u00e9sor&rdquo; has been added to your cart\" role=\"button\">Add to cart<\/a>\t<span id=\"woocommerce_loop_add_to_cart_link_describedby_13913\" class=\"screen-reader-text\">\n\t\t\t<\/span>\n<\/li>\n<li class=\"product type-product post-13481 status-publish instock product_cat-all-books product_cat-fashion product_cat-film-and-video product_cat-installation-art product_cat-on-art product_cat-painting product_cat-performance-art product_cat-photography product_cat-sculpture has-post-thumbnail taxable shipping-taxable purchasable product-type-simple\">\n\t<a href=\"https:\/\/dcv-books.com\/en\/produkt\/me-family-portrait-of-a-young-planet\/\" class=\"woocommerce-LoopProduct-link woocommerce-loop-product__link\"><div class=\"image-wrapper\"><img decoding=\"async\" width=\"1000\" height=\"767\" src=\"https:\/\/dcv-books.com\/wp-content\/uploads\/2020\/07\/Me_Family_Cover_small.jpg\" class=\"attachment-woocommerce_thumbnail size-woocommerce_thumbnail\" alt=\"Portrait of a Young Planet\" \/><\/div><h2 class=\"woocommerce-loop-product__title\">Me, Family <br> Portrait of a Young Planet<\/h2>  <div class=\"woocommerce-loop-product__description\" itemprop=\"description\">\n    <p><strong>A Journey Through Many Worlds<\/strong><\/p>\n<p>In these times of great uncertainty, the themes that surface in the works of the thirty-six international artists gathered in <em>Me, Family<\/em> are more relevant than ever. Compiled by Francesco Bonami with a nod to Edward Steichen\u2019s historic exhibition <em>The Family of Man<\/em>, the volume paints a multifaceted portrait of humanity in the early decades of the twenty-first century. The original installation of photographs and excerpts from writers opened at the Museum of Modern Art in New York in 1955 and then went on a seven-year tour of one hundred and fifty museums all over the world. Matching the radicalism of Steichen\u2019s conception, <em>Me, Family<\/em> presents works by contemporary artists who harness a wide range of media and genres to explore the ways in which humans today engage with their manifold coexistent histories and the diverse challenges they confront. Including reproductions of contemporary art as well as representations of social networks, fashions, information technologies, advertising, sound, music, and performances, the book captures a reality that is beautiful, dramatic, and intoxicating by turns. With writings by Roland Barthes, Francesco Bonami, Edward Steichen, and others.<\/p>\n<p>With works by Lawrence Abu Hamdan, Doug Aitken, Sophia Al Maria, Yuri Ancarani, Darren Bader, Lara Baladi, Cao Fei, Cheng Ran, Cl\u00e9ment Cogitore, Istv\u00e1n Cs\u00e1k\u00e1ny, Christian Falsnaes, Harun Farocki, Simon Fujiwara, Rainer Ganahl, Theaster Gates, Jack Goldstein, Andreas Gursky, Thomas Hirschhorn, Hassan Khan, Ga Ram Kim, Olia Lialina, Li Ming, Cristina Lucas, Karolina Markiewicz &amp; Pascal Piron, Eva &amp; Franco Mattes, Shirin Neshat, Philippe Parreno, Mario Pfeifer, Jon Rafman, Cindy Sherman, Marianna Simnett, Rudolf Stingel, Thomas Struth, Wolfgang Tillmans, Jordan Wolfson, Wong Ping, and Akram Zaatari.<\/p>\n  <\/div>\n\n\t<span class=\"price\"><span class=\"woocommerce-Price-amount amount\"><bdi>40<span class=\"woocommerce-Price-currencySymbol\">&euro;<\/span><\/bdi><\/span><\/span>\n<\/a><a href=\"\/en\/wp-json\/wp\/v2\/pages\/13205?add-to-cart=13481\" aria-describedby=\"woocommerce_loop_add_to_cart_link_describedby_13481\" data-quantity=\"1\" class=\"button product_type_simple add_to_cart_button ajax_add_to_cart\" data-product_id=\"13481\" data-product_sku=\"\" aria-label=\"Add to cart: &ldquo;Me, Family - Portrait of a Young Planet&rdquo;\" rel=\"nofollow\" data-success_message=\"&ldquo;Me, Family -&lt;br&gt; Portrait of a Young Planet&rdquo; has been added to your cart\" role=\"button\">Add to cart<\/a>\t<span id=\"woocommerce_loop_add_to_cart_link_describedby_13481\" class=\"screen-reader-text\">\n\t\t\t<\/span>\n<\/li>\n<li class=\"product type-product post-12966 status-publish instock product_cat-all-books product_cat-on-art product_tag-stephan-kaluza-en has-post-thumbnail taxable shipping-taxable purchasable product-type-simple\">\n\t<a href=\"https:\/\/dcv-books.com\/en\/produkt\/stephan-kaluza-fragmente\/\" class=\"woocommerce-LoopProduct-link woocommerce-loop-product__link\"><div class=\"image-wrapper\"><img decoding=\"async\" width=\"1024\" height=\"1615\" src=\"https:\/\/dcv-books.com\/wp-content\/uploads\/2020\/06\/Kaluza_Roman_CoverDCV-1024x1615.jpg\" class=\"attachment-woocommerce_thumbnail size-woocommerce_thumbnail\" alt=\"stephan Kaluza\" \/><\/div><h2 class=\"woocommerce-loop-product__title\">Stephan Kaluza <br> Fragmente eines \u00c4ngstlichen<\/h2>  <div class=\"woocommerce-loop-product__description\" itemprop=\"description\">\n    <p class=\"introzeile-buecher\">A Novel on Coping with Guilt or the Feeling of Having Violated Life<\/p>\n<p>The filmmaker Castner and the anthropologist Pollock not only share the similarity of their names with those of Castor and Pollux, the fabled twins of Greek myth, but also a hard fate: an irreparable guilt whose motifs run through the entire novel. Pollock is forced to admit to himself that, in his role as a scientist, he was involved in a genocide against indigenous people in Panama; Castner, meanwhile, tries to get a handle on his bouts of excessive hypochondria. In episodic flashbacks and an interview that gradually turns into an emotional dispute between them, the two characters analyze the minutiae of their life stories and arrive at a surreal insight.<\/p>\n<p>Castor and Pollux were known in antiquity as the patrons of sailors, who took their bearings from the twins\u2019 constellation. That is why water figures in this novel as the element that unites all narrative planes. Water\u2014like life\u2014will fill any vacant space regardless of shape and adapt to all circumstances.<\/p>\n<p>Stephan Kaluza (b. Bad Iburg, 1964; lives and works in D\u00fcsseldorf) is a visual artist, working in the media of photography and painting, and a writer whose output includes plays, novels, and nonfiction books. The philosophy of nature is a central theme in both Kaluza\u2019s art and his fiction.<\/p>\n  <\/div>\n\n\t<span class=\"price\"><span class=\"woocommerce-Price-amount amount\"><bdi>28<span class=\"woocommerce-Price-currencySymbol\">&euro;<\/span><\/bdi><\/span><\/span>\n<\/a><a href=\"\/en\/wp-json\/wp\/v2\/pages\/13205?add-to-cart=12966\" aria-describedby=\"woocommerce_loop_add_to_cart_link_describedby_12966\" data-quantity=\"1\" class=\"button product_type_simple add_to_cart_button ajax_add_to_cart\" data-product_id=\"12966\" data-product_sku=\"\" aria-label=\"Add to cart: &ldquo;Stephan Kaluza - Fragmente eines \u00c4ngstlichen&rdquo;\" rel=\"nofollow\" data-success_message=\"&ldquo;Stephan Kaluza -&lt;br&gt; Fragmente eines \u00c4ngstlichen&rdquo; has been added to your cart\" role=\"button\">Add to cart<\/a>\t<span id=\"woocommerce_loop_add_to_cart_link_describedby_12966\" class=\"screen-reader-text\">\n\t\t\t<\/span>\n<\/li>\n<li class=\"product type-product post-11324 status-publish last instock product_cat-all-books product_cat-film-and-video product_cat-installation-art product_cat-on-art product_cat-performance-art has-post-thumbnail taxable shipping-taxable purchasable product-type-simple\">\n\t<a href=\"https:\/\/dcv-books.com\/en\/produkt\/juergen-claus-to-the-oceans-with-imagination\/\" class=\"woocommerce-LoopProduct-link woocommerce-loop-product__link\"><div class=\"image-wrapper\"><img decoding=\"async\" width=\"471\" height=\"670\" src=\"https:\/\/dcv-books.com\/wp-content\/uploads\/2020\/04\/Claus_Cover-1.jpg\" class=\"attachment-woocommerce_thumbnail size-woocommerce_thumbnail\" alt=\"J\u00fcrgen Claus\" \/><\/div><h2 class=\"woocommerce-loop-product__title\">J\u00fcrgen Claus <br> To the Oceans with Imagination<\/h2>  <div class=\"woocommerce-loop-product__description\" itemprop=\"description\">\n    <p class=\"introzeile-buecher\">The Sea as a Space of Artistic Experience<\/p>\n<p>J\u00fcrgen Claus\u2019s (b. 1935, Berlin; lives and works in Aachen and Baelen, Belgium) oeuvre encompasses paintings, films, light and solar installations, and underwater art. He is also a prolific writer on art, with theoretical works that have sold over 100,000 copies. \u201cJ\u00fcrgen Claus is the first one to see the ocean through an artist\u2019s rather than a scientist\u2019s lens,\u201d Michel Ragon writes. In this book, Claus intertwines his experiences working on the fascinating underwater installations with a pressing contemporary concern: the global efforts to restore the seas to health. The publication combines visual art, architecture, poetry, and music for a multifaceted engagement with the world\u2019s oceans.<\/p>\n<p>J\u00fcrgen Claus majored in theater studies at the Universit\u00e4t M\u00fcnchen and was a research associate at the Massachusetts Institute of Technology (MIT) and professor of media art at the Kunsthochschule f\u00fcr Medien K\u00f6ln, Cologne.<\/p>\n  <\/div>\n\n\t<span class=\"price\"><span class=\"woocommerce-Price-amount amount\"><bdi>18<span class=\"woocommerce-Price-currencySymbol\">&euro;<\/span><\/bdi><\/span><\/span>\n<\/a><a href=\"\/en\/wp-json\/wp\/v2\/pages\/13205?add-to-cart=11324\" aria-describedby=\"woocommerce_loop_add_to_cart_link_describedby_11324\" data-quantity=\"1\" class=\"button product_type_simple add_to_cart_button ajax_add_to_cart\" data-product_id=\"11324\" data-product_sku=\"\" aria-label=\"Add to cart: &ldquo;J\u00fcrgen Claus - To the Oceans with Imagination&rdquo;\" rel=\"nofollow\" data-success_message=\"&ldquo;J\u00fcrgen Claus -&lt;br&gt; To the Oceans with Imagination&rdquo; has been added to your cart\" role=\"button\">Add to cart<\/a>\t<span id=\"woocommerce_loop_add_to_cart_link_describedby_11324\" class=\"screen-reader-text\">\n\t\t\t<\/span>\n<\/li>\n<li class=\"product type-product post-11524 status-publish first instock product_cat-all-books product_cat-on-art has-post-thumbnail taxable shipping-taxable purchasable product-type-simple\">\n\t<a href=\"https:\/\/dcv-books.com\/en\/produkt\/isabelle-grawin-einer-anderen-welt-notizen-2014-2017\/\" class=\"woocommerce-LoopProduct-link woocommerce-loop-product__link\"><div class=\"image-wrapper\"><img decoding=\"async\" width=\"1024\" height=\"1541\" src=\"https:\/\/dcv-books.com\/wp-content\/uploads\/2020\/04\/Graw_Cover-1024x1541.jpg\" class=\"attachment-woocommerce_thumbnail size-woocommerce_thumbnail\" alt=\"Isabelle Graw\" \/><\/div><h2 class=\"woocommerce-loop-product__title\">Isabelle Graw <br> In einer anderen Welt. Notizen 2014\u20132017<\/h2>  <div class=\"woocommerce-loop-product__description\" itemprop=\"description\">\n    <p class=\"introzeile-buecher\">Personal Observation as an Analytical Lens on Society<\/p>\n<p>Isabelle Graw (b. 1962, Hamburg; lives in Berlin) is publisher of the magazine <em>Texte zur Kunst<\/em> and has been professor of art theory at the Staatliche Hochschule f\u00fcr bildende K\u00fcnste \u2013 St\u00e4delschule in Frankfurt am Main since 2002. In this book, she branches out from her work as an art historian and critic to offer reflections on a wide range of observations from her own life. Never before has Graw addressed her readers more frankly than in these 160 notes.<\/p>\n<p>\u201cShe is blindingly frank, addressing the questions that envelop her days: waxing salons, the arrival of Syrian refugees in Germany, exhibitions and grief, electoral and family politics. Subtly, Graw reveals how impressions and beliefs arise out of circumstance.\u201d<br \/>\n<strong>Chris Kraus<\/strong>, American filmmaker and author of <em>I Love Dick <\/em><\/p>\n<p>\u201cIn crisp and striking vignettes, this book shows how self-scrutiny and minute observation of the world intermesh and form the dense web of her analysis. This is a unique and original book, literary, psychological and sociological, all at once.\u201d<br \/>\n<strong>Eva Illouz<\/strong>, French-Israeli sociologist<\/p>\n  <\/div>\n\n\t<span class=\"price\"><span class=\"woocommerce-Price-amount amount\"><bdi>26<span class=\"woocommerce-Price-currencySymbol\">&euro;<\/span><\/bdi><\/span><\/span>\n<\/a><a href=\"\/en\/wp-json\/wp\/v2\/pages\/13205?add-to-cart=11524\" aria-describedby=\"woocommerce_loop_add_to_cart_link_describedby_11524\" data-quantity=\"1\" class=\"button product_type_simple add_to_cart_button ajax_add_to_cart\" data-product_id=\"11524\" data-product_sku=\"\" aria-label=\"Add to cart: &ldquo;Isabelle Graw - In einer anderen Welt. Notizen 2014\u20132017&rdquo;\" rel=\"nofollow\" data-success_message=\"&ldquo;Isabelle Graw -&lt;br&gt; In einer anderen Welt. Notizen 2014\u20132017&rdquo; has been added to your cart\" role=\"button\">Add to cart<\/a>\t<span id=\"woocommerce_loop_add_to_cart_link_describedby_11524\" class=\"screen-reader-text\">\n\t\t\t<\/span>\n<\/li>\n<li class=\"product type-product post-11667 status-publish outofstock product_cat-all-books product_cat-architecture product_cat-on-art product_cat-photography has-post-thumbnail taxable shipping-taxable purchasable product-type-simple\">\n\t<a href=\"https:\/\/dcv-books.com\/en\/produkt\/weltkulturerbe-voelklinger-huette-1999-2019\/\" class=\"woocommerce-LoopProduct-link woocommerce-loop-product__link\"><div class=\"image-wrapper\"><img decoding=\"async\" width=\"1024\" height=\"1189\" src=\"https:\/\/dcv-books.com\/wp-content\/uploads\/2019\/12\/Cover_WKE20Jahre_framed-e1589724682901-1024x1189.jpg\" class=\"attachment-woocommerce_thumbnail size-woocommerce_thumbnail\" alt=\"Weltkulturerbe V\u00f6lklinger H\u00fctte 1999 \u2013 2019\" \/><\/div><h2 class=\"woocommerce-loop-product__title\">Weltkulturerbe V\u00f6lklinger H\u00fctte 1999 \u2013 2019<\/h2>  <div class=\"woocommerce-loop-product__description\" itemprop=\"description\">\n    <p class=\"introzeile-buecher\">Die Geschichte einer neuen Industriekultur<\/p>\n<p>Die V\u00f6lklinger Hu\u0308tte geh\u00f6rt zu den wichtigsten Industriedenkm\u00e4lern der Welt. Mit herausragenden Ausstellungen und Veranstaltungen ist das Kulturprojekt weit \u00fcber die Grenzen des Saarlands hinaus bekannt geworden. Der K\u00fcnstler Ottmar H\u00f6rl konzipierte hier sein gro\u00dfangelegtes Skulpturenprojekt <em>100 Arbeiter<\/em> und Christian Boltanskis Installation in der Sinteranlage wurde zum hochemotionalen Erinnerungsort fu\u0308r die hier verpflichteten Zwangsarbeiter. Noch bis zum Jahr 1986 war die V\u00f6lklinger Eisenh\u00fctte in Betrieb und wurde 1994 als erstes Industriekulturdenkmal aus der Hochphase der Industrialisierung in die renommierte Liste des UNESCO-Weltkulturerbes aufgenommen. Das Buch zum 25. Jubil\u00e4um dieser Auszeichnung zeigt die vielf\u00e4ltigen und eindrucksvollen Aufnahmen einer Transformation \u2013 vom gr\u00f6\u00dften Schrotthaufen Europas zum Begnungszentrum der Menschen mit der Kunst. Es dokumentiert die gelungene Umstrukturierung einer hochproduktiven Eisenverh\u00fcttungsst\u00e4tte zu einem Ort f\u00fcr Kultur im 21. Jahrhundert.<\/p>\n  <\/div>\n\n\t<span class=\"price\"><span class=\"woocommerce-Price-amount amount\"><bdi>29,90<span class=\"woocommerce-Price-currencySymbol\">&euro;<\/span><\/bdi><\/span><\/span>\n<\/a><a href=\"https:\/\/dcv-books.com\/en\/produkt\/weltkulturerbe-voelklinger-huette-1999-2019\/\" aria-describedby=\"woocommerce_loop_add_to_cart_link_describedby_11667\" data-quantity=\"1\" class=\"button product_type_simple\" data-product_id=\"11667\" data-product_sku=\"\" aria-label=\"Read more about &ldquo;Weltkulturerbe V\u00f6lklinger H\u00fctte 1999 \u2013 2019&rdquo;\" rel=\"nofollow\" data-success_message=\"\">Read more<\/a>\t<span id=\"woocommerce_loop_add_to_cart_link_describedby_11667\" class=\"screen-reader-text\">\n\t\t\t<\/span>\n<\/li>\n<li class=\"product type-product post-1601 status-publish instock product_cat-all-books product_cat-on-art has-post-thumbnail taxable shipping-taxable purchasable product-type-simple\">\n\t<a href=\"https:\/\/dcv-books.com\/en\/produkt\/thyra-schmidt-ueber-diebe-und-die-liebe-on-thieves-and-love\/\" class=\"woocommerce-LoopProduct-link woocommerce-loop-product__link\"><div class=\"image-wrapper\"><img decoding=\"async\" width=\"554\" height=\"745\" src=\"https:\/\/dcv-books.com\/wp-content\/uploads\/2019\/09\/Cover_Startseite-e1589725062280.jpg\" class=\"attachment-woocommerce_thumbnail size-woocommerce_thumbnail\" alt=\"Thyra Schmidt\" \/><\/div><h2 class=\"woocommerce-loop-product__title\">Thyra Schmidt <br>\u00dcber Diebe und die Liebe. On Thieves and Love.<\/h2>  <div class=\"woocommerce-loop-product__description\" itemprop=\"description\">\n    <p class=\"introzeile-buecher\">An artist\u2019s book, an artist\u2019s text<\/p>\n<p>On twenty-two large-format typographic sheets, Thyra Schmidt (b. 1974, Pinneberg; lives and works in D\u00fcsseldorf) develops a narrative featuring moments in an amorous relationship. Thoughts and encounters between \u201cher\u201d and \u201chim\u201d are captured in poetically constructed, fragmentary units of meaning. Imaginary images are conjured in the mind\u2019s eye: Close-ups and intimate insights into a delicate web of interpersonal incidents. Personal observations and experiences form the starting point of this artistic exploration of love. Yet the focus of her work is not on autobiographical rendering, but rather on the tracking down of elementary structures, a general understanding of intimacy.<\/p>\n  <\/div>\n\n\t<span class=\"price\"><span class=\"woocommerce-Price-amount amount\"><bdi>15<span class=\"woocommerce-Price-currencySymbol\">&euro;<\/span><\/bdi><\/span><\/span>\n<\/a><a href=\"\/en\/wp-json\/wp\/v2\/pages\/13205?add-to-cart=1601\" aria-describedby=\"woocommerce_loop_add_to_cart_link_describedby_1601\" data-quantity=\"1\" class=\"button product_type_simple add_to_cart_button ajax_add_to_cart\" data-product_id=\"1601\" data-product_sku=\"\" aria-label=\"Add to cart: &ldquo;Thyra Schmidt \u00dcber Diebe und die Liebe. On Thieves and Love.&rdquo;\" rel=\"nofollow\" data-success_message=\"&ldquo;Thyra Schmidt &lt;br&gt;\u00dcber Diebe und die Liebe. On Thieves and Love.&rdquo; has been added to your cart\" role=\"button\">Add to cart<\/a>\t<span id=\"woocommerce_loop_add_to_cart_link_describedby_1601\" class=\"screen-reader-text\">\n\t\t\t<\/span>\n<\/li>\n<li class=\"product type-product post-13422 status-publish last instock product_cat-all-books product_cat-on-art product_tag-stephan-kaluza-en has-post-thumbnail taxable shipping-taxable purchasable product-type-simple\">\n\t<a href=\"https:\/\/dcv-books.com\/en\/produkt\/stephan-kaluza-mechanik-sehnsucht-kunsterzeugung-und-betrachtung\/\" class=\"woocommerce-LoopProduct-link woocommerce-loop-product__link\"><div class=\"image-wrapper\"><img decoding=\"async\" width=\"1024\" height=\"1562\" src=\"https:\/\/dcv-books.com\/wp-content\/uploads\/2020\/07\/Cover_Kaluza_118x180_300dpi-1024x1562.jpg\" class=\"attachment-woocommerce_thumbnail size-woocommerce_thumbnail\" alt=\"Stephan Kaluza\" \/><\/div><h2 class=\"woocommerce-loop-product__title\">Stephan Kaluza <br> Mechanik Sehnsucht. Kunsterzeugung und Betrachtung<\/h2>  <div class=\"woocommerce-loop-product__description\" itemprop=\"description\">\n    <p><strong>Ungewohnte Antworten aus der Sicht des Kunsterzeugers<\/strong><\/p>\n<p>Die Frage, was Kunst ist und wie sie entsteht, wird gerne von denen beantwortet, die sie selbst nicht erzeugen. Die Betrachtung und Interpretation steht im Vordergrund und damit eine wissenschaftliche Distanz zur Kunst. Es gibt aber durchaus die Eigen-Betrachtung derer, die Kunst aktiv herstellen und naturgem\u00e4\u00df einen inneren Blick auf die prozessualen Bedingungen haben, die \u00fcberhaupt erst das entstehen lassen, was anschlie\u00dfend betrachtet und beurteilt wird. Diese Sichtweise ist nicht zwangsl\u00e4ufig identisch mit der von au\u00dfen. Nicht die Interpretation oder eine deduktive Schl\u00fcssigkeit steht hier im Vordergrund, sondern ein ableitender und besonders ein sch\u00f6pferischer Sinn, der sich aus dem Prozess des Kunstherstellens von selbst ergibt.<\/p>\n<p>Die Arbeiten von Stephan Kaluza (geb. 1964 in Bad Iburg, lebt und arbeitet in D\u00fcsseldorf) wurden unter anderem im Ludwig Museum Koblenz, im State Contemporary Art Museum, Seoul, in der Kunsthalle Osnabr\u00fcck, im Palacete des Artes Rodin, Salvador, im Museum on the Seam, Jerusalem, sowie in der KAI 10 | Arthena Foundation, D\u00fcsseldorf, ausgestellt.<\/p>\n  <\/div>\n\n\t<span class=\"price\"><span class=\"woocommerce-Price-amount amount\"><bdi>14<span class=\"woocommerce-Price-currencySymbol\">&euro;<\/span><\/bdi><\/span><\/span>\n<\/a><a href=\"\/en\/wp-json\/wp\/v2\/pages\/13205?add-to-cart=13422\" aria-describedby=\"woocommerce_loop_add_to_cart_link_describedby_13422\" data-quantity=\"1\" class=\"button product_type_simple add_to_cart_button ajax_add_to_cart\" data-product_id=\"13422\" data-product_sku=\"\" aria-label=\"Add to cart: &ldquo;Stephan Kaluza - Mechanik Sehnsucht. Kunsterzeugung und Betrachtung&rdquo;\" rel=\"nofollow\" data-success_message=\"&ldquo;Stephan Kaluza -&lt;br&gt; Mechanik Sehnsucht. Kunsterzeugung und Betrachtung&rdquo; has been added to your cart\" role=\"button\">Add to cart<\/a>\t<span id=\"woocommerce_loop_add_to_cart_link_describedby_13422\" class=\"screen-reader-text\">\n\t\t\t<\/span>\n<\/li>\n<li class=\"product type-product post-936 status-publish first instock product_cat-all-books product_cat-fashion product_cat-on-art has-post-thumbnail taxable shipping-taxable purchasable product-type-simple\">\n\t<a href=\"https:\/\/dcv-books.com\/en\/produkt\/pharaonengold\/\" class=\"woocommerce-LoopProduct-link woocommerce-loop-product__link\"><div class=\"image-wrapper\"><img decoding=\"async\" width=\"600\" height=\"716\" src=\"https:\/\/dcv-books.com\/wp-content\/uploads\/2019\/05\/Pharaonengold-e1589726538612-600x716.jpg\" class=\"attachment-woocommerce_thumbnail size-woocommerce_thumbnail\" alt=\"Pharaonengold -&lt;br&gt; 3.000 Jahre alt\u00e4gyptische Hochkultur\" \/><\/div><h2 class=\"woocommerce-loop-product__title\">Pharaonengold <br> 3.000 Jahre alt\u00e4gyptische Hochkultur<\/h2>  <div class=\"woocommerce-loop-product__description\" itemprop=\"description\">\n    <p class=\"introzeile-buecher\">The Mysterious World of the Pharaohs and their Magical Relationship to Gold<\/p>\n<p>Hardly any other culture fascinates as much as the high culture of ancient Egypt. At its center were the pharaohs, those legendary kings who, according to the beliefs of the ancient Egyptians, descended directly from the gods. Gold was ascribed a special symbolic and religious power; it stood for eternity and indestructibility and, as the \u201cflesh of the gods,\u201d was a sacred metal. The book brings together 150 exhibits from pharaonic tombs from the Old Kingdom of the Third Dynasty (circa 2680 B.C.E.) and the oldest gold statue of an Egyptian pharaoh to Tutankhamun and Horemheb (circa 1330\u20131310 B.C.E.).<\/p>\n  <\/div>\n\n\t<span class=\"price\"><span class=\"woocommerce-Price-amount amount\"><bdi>27,50<span class=\"woocommerce-Price-currencySymbol\">&euro;<\/span><\/bdi><\/span><\/span>\n<\/a><a href=\"\/en\/wp-json\/wp\/v2\/pages\/13205?add-to-cart=936\" aria-describedby=\"woocommerce_loop_add_to_cart_link_describedby_936\" data-quantity=\"1\" class=\"button product_type_simple add_to_cart_button ajax_add_to_cart\" data-product_id=\"936\" data-product_sku=\"\" aria-label=\"Add to cart: &ldquo;Pharaonengold - 3.000 Jahre alt\u00e4gyptische Hochkultur&rdquo;\" rel=\"nofollow\" data-success_message=\"&ldquo;Pharaonengold -&lt;br&gt; 3.000 Jahre alt\u00e4gyptische Hochkultur&rdquo; has been added to your cart\" role=\"button\">Add to cart<\/a>\t<span id=\"woocommerce_loop_add_to_cart_link_describedby_936\" class=\"screen-reader-text\">\n\t\t\t<\/span>\n<\/li>\n<li class=\"product type-product post-1399 status-publish instock product_cat-on-art has-post-thumbnail taxable shipping-taxable purchasable product-type-simple\">\n\t<a href=\"https:\/\/dcv-books.com\/en\/produkt\/sammlung-marx-40-werke\/\" class=\"woocommerce-LoopProduct-link woocommerce-loop-product__link\"><div class=\"image-wrapper\"><img decoding=\"async\" width=\"575\" height=\"773\" src=\"https:\/\/dcv-books.com\/wp-content\/uploads\/2019\/04\/sammlung-marx-40-werke-e1589726729940.jpg\" class=\"attachment-woocommerce_thumbnail size-woocommerce_thumbnail\" alt=\"Sammlung Marx\" \/><\/div><h2 class=\"woocommerce-loop-product__title\">Sammlung Marx <br>40 Werke<\/h2>  <div class=\"woocommerce-loop-product__description\" itemprop=\"description\">\n    <p>This is the German edition, <a href=\"https:\/\/dcv-books.com\/produkt\/sammlung-marx-40-works\/\">follow here for the English edition<\/a><\/p>\n  <\/div>\n\n\t<span class=\"price\"><span class=\"woocommerce-Price-amount amount\"><bdi>29<span class=\"woocommerce-Price-currencySymbol\">&euro;<\/span><\/bdi><\/span><\/span>\n<\/a><a href=\"\/en\/wp-json\/wp\/v2\/pages\/13205?add-to-cart=1399\" aria-describedby=\"woocommerce_loop_add_to_cart_link_describedby_1399\" data-quantity=\"1\" class=\"button product_type_simple add_to_cart_button ajax_add_to_cart\" data-product_id=\"1399\" data-product_sku=\"\" aria-label=\"Add to cart: &ldquo;Sammlung Marx 40 Werke&rdquo;\" rel=\"nofollow\" data-success_message=\"&ldquo;Sammlung Marx &lt;br&gt;40 Werke&rdquo; has been added to your cart\" role=\"button\">Add to cart<\/a>\t<span id=\"woocommerce_loop_add_to_cart_link_describedby_1399\" class=\"screen-reader-text\">\n\t\t\t<\/span>\n<\/li>\n<li class=\"product type-product post-931 status-publish instock product_cat-all-books product_cat-on-art has-post-thumbnail taxable shipping-taxable purchasable product-type-simple\">\n\t<a href=\"https:\/\/dcv-books.com\/en\/produkt\/marx-collection-40-works\/\" class=\"woocommerce-LoopProduct-link woocommerce-loop-product__link\"><div class=\"image-wrapper\"><img decoding=\"async\" width=\"1024\" height=\"1024\" src=\"https:\/\/dcv-books.com\/wp-content\/uploads\/2019\/05\/cover-marx-englisch-1024x1024.png\" class=\"attachment-woocommerce_thumbnail size-woocommerce_thumbnail\" alt=\"Marx Collection\" \/><\/div><h2 class=\"woocommerce-loop-product__title\">Marx Collection <br>40 Works<\/h2>  <div class=\"woocommerce-loop-product__description\" itemprop=\"description\">\n    <p class=\"introzeile-buecher\">Selected works from one of the most renowned collections of modern and contemporary art in Germany<\/p>\n<p>Marx Collection \u2013 40 Works is the first publication on this collection that focuses on important individual works. The selection ranges from the early 1960s to the present, encompassing one of the most exciting periods in recent art history. An illustrated chronicle provides background information on the historical context of the Marx Collection and its exhibition at the Nationalgalerie in Berlin. With work by Matthew Barney, Georg Baselitz, Joseph Beuys, Ross Bleckner, Francesco Clemente, Martin Disler, Rainer Fetting, Dan Flavin, G\u00fcnther F\u00f6rg, Peter Halley, Keith Haring, Candida H\u00f6fer, Donald Judd, Anish Kapoor, William Kentridge, Anselm Kiefer, Jeff Koons, Roy Lichtenstein, Richard Long, Gerhard Merz, Robert Rauschenberg, Ugo Rondinone, Thomas Ruff, Julian Schnabel, Cindy Sherman, Thomas Struth, Sam Taylor-Johnson, Cy Twombly, Andy Warhol, Rachel Whiterea<\/p>\n<p>Dies ist die englische Ausgabe, <a href=\"https:\/\/dcv-books.com\/produkt\/sammlung-marx-40-werke\/\">hier geht&#8217;s zur deutschen Ausgabe<\/a><\/p>\n  <\/div>\n\n\t<span class=\"price\"><span class=\"woocommerce-Price-amount amount\"><bdi>29<span class=\"woocommerce-Price-currencySymbol\">&euro;<\/span><\/bdi><\/span><\/span>\n<\/a><a href=\"\/en\/wp-json\/wp\/v2\/pages\/13205?add-to-cart=931\" aria-describedby=\"woocommerce_loop_add_to_cart_link_describedby_931\" data-quantity=\"1\" class=\"button product_type_simple add_to_cart_button ajax_add_to_cart\" data-product_id=\"931\" data-product_sku=\"\" aria-label=\"Add to cart: &ldquo;Marx Collection 40 Works&rdquo;\" rel=\"nofollow\" data-success_message=\"&ldquo;Marx Collection &lt;br&gt;40 Works&rdquo; has been added to your cart\" role=\"button\">Add to cart<\/a>\t<span id=\"woocommerce_loop_add_to_cart_link_describedby_931\" class=\"screen-reader-text\">\n\t\t\t<\/span>\n<\/li>\n<li class=\"product type-product post-1409 status-publish last instock product_cat-all-books product_cat-on-art has-post-thumbnail taxable shipping-taxable purchasable product-type-simple\">\n\t<a href=\"https:\/\/dcv-books.com\/en\/produkt\/ohne-schluessel-und-schloss\/\" class=\"woocommerce-LoopProduct-link woocommerce-loop-product__link\"><div class=\"image-wrapper\"><img decoding=\"async\" width=\"514\" height=\"790\" src=\"https:\/\/dcv-books.com\/wp-content\/uploads\/2018\/11\/cover-osus-ohne-schluessel-und-schloss-e1589727050703.jpg\" class=\"attachment-woocommerce_thumbnail size-woocommerce_thumbnail\" alt=\"Ohne Schl\u00fcssel und Schloss\" \/><\/div><h2 class=\"woocommerce-loop-product__title\">Ohne Schl\u00fcssel und Schloss <br>Chancen und Risiken von Big Data<\/h2>  <div class=\"woocommerce-loop-product__description\" itemprop=\"description\">\n    <p class=\"introzeile-buecher\">Von Kunsthandwerk zu digitaler Verschl\u00fcsselung<\/p>\n<p>An jeder Haust\u00fcr ziehen wir Grenzen, wir schlie\u00dfen auf und schlie\u00dfen ab. Und noch in j\u00fcngster Vergangenheit war eindeutig, was als Verschlusssache galt. Ganz anders stellt sich diese Frage im IT-Zeitalter. Ausgehend von der kunsthandwerklichen Sammlung des Museum Pfalzgalerie Kaiserslautern wird deutlich, wie in fr\u00fcheren Jahrhunderten \u00fcber mechanisch und symbolisch aufwendig gestaltete Schl\u00f6sser, Schr\u00e4nke oder auch Reliquienbeh\u00e4ltnisse Distanzen austariert wurden. Sie alle sind sichtbares Vehikel f\u00fcr die bewusste Wahrnehmung von innen und au\u00dfen, zugeh\u00f6rig und ausgegrenzt, wissend und unwissend oder \u00f6ffentlich und privat. F\u00fcr Big Data gilt dies in keiner Weise mehr. Beim Digitalen werden Serviceleistungen mit Datenerhebungen verbunden, deren weiteren Einsatzbereiche wir weder unmittelbar verstehen noch \u00fcberblicken k\u00f6nnen. Historische, technologische und philosophische \u00dcberlegungen bieten wichtige Betr\u00e4ge zur aktuellen Debatte und Einsch\u00e4tzung der Risiken und Chancen von Big Data.<\/p>\n  <\/div>\n\n\t<span class=\"price\"><span class=\"woocommerce-Price-amount amount\"><bdi>19,90<span class=\"woocommerce-Price-currencySymbol\">&euro;<\/span><\/bdi><\/span><\/span>\n<\/a><a href=\"\/en\/wp-json\/wp\/v2\/pages\/13205?add-to-cart=1409\" aria-describedby=\"woocommerce_loop_add_to_cart_link_describedby_1409\" data-quantity=\"1\" class=\"button product_type_simple add_to_cart_button ajax_add_to_cart\" data-product_id=\"1409\" data-product_sku=\"\" aria-label=\"Add to cart: &ldquo;Ohne Schl\u00fcssel und Schloss Chancen und Risiken von Big Data&rdquo;\" rel=\"nofollow\" data-success_message=\"&ldquo;Ohne Schl\u00fcssel und Schloss &lt;br&gt;Chancen und Risiken von Big Data&rdquo; has been added to your cart\" role=\"button\">Add to cart<\/a>\t<span id=\"woocommerce_loop_add_to_cart_link_describedby_1409\" class=\"screen-reader-text\">\n\t\t\t<\/span>\n<\/li>\n<li class=\"product type-product post-971 status-publish first outofstock product_cat-all-books product_cat-fashion product_cat-on-art has-post-thumbnail taxable shipping-taxable purchasable product-type-simple\">\n\t<a href=\"https:\/\/dcv-books.com\/en\/produkt\/luxus\/\" class=\"woocommerce-LoopProduct-link woocommerce-loop-product__link\"><div class=\"image-wrapper\"><img decoding=\"async\" width=\"550\" height=\"800\" src=\"https:\/\/dcv-books.com\/wp-content\/uploads\/2019\/02\/luxus-titel-e1589727183259.jpg\" class=\"attachment-woocommerce_thumbnail size-woocommerce_thumbnail\" alt=\"Luxus?!\" \/><\/div><h2 class=\"woocommerce-loop-product__title\">Luxus?!<\/h2>  <div class=\"woocommerce-loop-product__description\" itemprop=\"description\">\n    <p class=\"introzeile-buecher\">What is luxury today? How do designers perform the magic of transforming a utilitarian object into a must-have? Where does consumerism shade into obsession? When does more-is-more give way to less-is-more?<\/p>\n<p>Luxury means breaking with convention, and this book showcases\u2014and spawns\u2014a cornucopia of ideas, products, and positions around luxury, featuring influential thinkers from the worlds of design, science, art, and society. The cultural theorists Wolfgang Ullrich and Lambert Wiesing exchange letters on the concept of luxury; Montblanc\u2019s creative director Zaim Kamal lays out future strategies; the artist Jonathan Meese pens a gold manifesto; and Bazon Brock inquires into the asceticism of luxury. We live in a world full of things that resemble one another so closely that the only difference is how they are marketed. What might the precious objects of the future look like? The book presents examples from aspiring designers such as the fashion student Victoria Reize, whose collection counters luxury with arch defiance. Design, we learn, is not just about creating supreme values. Luxury is limitation and longevity, scarcity and refinement, yearning and sensuality.<\/p>\n<p>With works by Assemble, Jake and Dinos Chapman, Daniel Chodowiecki, Kai L\u00f6ffelbein, Jonathan Meese, Olaf Nicolai, Marcel Odenbach, Tobias Rehberger and Anna Skladmann.<\/p>\n  <\/div>\n\n\t<span class=\"price\"><span class=\"woocommerce-Price-amount amount\"><bdi>34<span class=\"woocommerce-Price-currencySymbol\">&euro;<\/span><\/bdi><\/span><\/span>\n<\/a><a href=\"https:\/\/dcv-books.com\/en\/produkt\/luxus\/\" aria-describedby=\"woocommerce_loop_add_to_cart_link_describedby_971\" data-quantity=\"1\" class=\"button product_type_simple\" data-product_id=\"971\" data-product_sku=\"\" aria-label=\"Read more about &ldquo;Luxus?!&rdquo;\" rel=\"nofollow\" data-success_message=\"\">Read more<\/a>\t<span id=\"woocommerce_loop_add_to_cart_link_describedby_971\" class=\"screen-reader-text\">\n\t\t\t<\/span>\n<\/li>\n<li class=\"product type-product post-972 status-publish outofstock product_cat-all-books product_cat-on-art has-post-thumbnail taxable shipping-taxable purchasable product-type-simple\">\n\t<a href=\"https:\/\/dcv-books.com\/en\/produkt\/idee-entwurf-konzept\/\" class=\"woocommerce-LoopProduct-link woocommerce-loop-product__link\"><div class=\"image-wrapper\"><img decoding=\"async\" width=\"534\" height=\"800\" src=\"https:\/\/dcv-books.com\/wp-content\/uploads\/2019\/02\/idee-entwurf-konzept-titel-e1589727223774.jpg\" class=\"attachment-woocommerce_thumbnail size-woocommerce_thumbnail\" alt=\"K\u00fcnstlerbund Baden-W\u00fcrttemberg\" \/><\/div><h2 class=\"woocommerce-loop-product__title\">Idee \u2013\u00a0Entwurf \u2013 Konzept<\/h2>  <div class=\"woocommerce-loop-product__description\" itemprop=\"description\">\n    <p class=\"introzeile-buecher\">Art in the Preliminary and Provisional Stage<\/p>\n<p>In this sumptuous volume, K\u00fcnstlerbund Baden-W\u00fcrttemberg, the association of visual artists in Baden-W\u00fcrttemberg, puts the focus on visualizations of inchoate impulses, spontaneous flashes of inspiration, and the euphoria of that first spark rather than the painstaking process of hammering out a work. Structured as a complex compendium comprising contributions by more than 240 artists, the book highlights the experimental circumstances in which the individual creative mind experiences the nascency of ideas\u2014without regard for the specialized skills and technical accomplishment that distinguish the finished work. Perfunctory sketches, doodles, drawings, notes and material collages, photographs and other media images provide insight into very intimate stages of the creative process that are not usually revealed to visitors to an exhibition of contemporary art.<\/p>\n  <\/div>\n\n\t<span class=\"price\"><span class=\"woocommerce-Price-amount amount\"><bdi>48<span class=\"woocommerce-Price-currencySymbol\">&euro;<\/span><\/bdi><\/span><\/span>\n<\/a><a href=\"https:\/\/dcv-books.com\/en\/produkt\/idee-entwurf-konzept\/\" aria-describedby=\"woocommerce_loop_add_to_cart_link_describedby_972\" data-quantity=\"1\" class=\"button product_type_simple\" data-product_id=\"972\" data-product_sku=\"\" aria-label=\"Read more about &ldquo;Idee \u2013\u00a0Entwurf \u2013 Konzept&rdquo;\" rel=\"nofollow\" data-success_message=\"\">Read more<\/a>\t<span id=\"woocommerce_loop_add_to_cart_link_describedby_972\" class=\"screen-reader-text\">\n\t\t\t<\/span>\n<\/li>\n<li class=\"product type-product post-966 status-publish outofstock product_cat-all-books product_cat-on-art has-post-thumbnail taxable shipping-taxable purchasable product-type-simple\">\n\t<a href=\"https:\/\/dcv-books.com\/en\/produkt\/queen-elizabeth-ii\/\" class=\"woocommerce-LoopProduct-link woocommerce-loop-product__link\"><div class=\"image-wrapper\"><img decoding=\"async\" width=\"600\" height=\"600\" src=\"https:\/\/dcv-books.com\/wp-content\/uploads\/2019\/03\/queen-elisabeth-ii-1-600x600.png\" class=\"attachment-woocommerce_thumbnail size-woocommerce_thumbnail\" alt=\"Queen Elizabeth II \" \/><\/div><h2 class=\"woocommerce-loop-product__title\">Queen Elizabeth II <br>Sammlung Luciano Pelizzari<\/h2>  <div class=\"woocommerce-loop-product__description\" itemprop=\"description\">\n    <p class=\"introzeile-buecher\">Erinnerungsst\u00fccke einer Legende<\/p>\n<p>Im Leben von Elisabeth II. (geb. 21. April 1926 in London) spiegelt sich eine ganze Epoche. Die britische K\u00f6nigin hat alle deutschen Bundeskanzler und s\u00e4mtliche englischen Premierminister von Winston Churchill bis Boris Johnson erlebt. Sie ist die am h\u00e4ufigsten abgebildete Person des 20. und 21. Jahrhunderts. Das Buch pr\u00e4sentiert Fotos, Gem\u00e4lde, Briefmarken und M\u00fcnzen aus der Kollektion von Luciano Pelizzari, einer der gr\u00f6\u00dften Sammlungen dieser Art weltweit. Es zeigt die Queen als Mensch und Monarchin, dokumentiert ihr Zusammentreffen mit bedeutenden Pers\u00f6nlichkeiten und Ereignissen ihrer Regierungszeit und pr\u00e4sentiert sie in zahlreichen Darstellungen aus Kunst und Kultur.<\/p>\n  <\/div>\n\n\t<span class=\"price\"><span class=\"woocommerce-Price-amount amount\"><bdi>27,50<span class=\"woocommerce-Price-currencySymbol\">&euro;<\/span><\/bdi><\/span><\/span>\n<\/a><a href=\"https:\/\/dcv-books.com\/en\/produkt\/queen-elizabeth-ii\/\" aria-describedby=\"woocommerce_loop_add_to_cart_link_describedby_966\" data-quantity=\"1\" class=\"button product_type_simple\" data-product_id=\"966\" data-product_sku=\"\" aria-label=\"Read more about &ldquo;Queen Elizabeth II Sammlung Luciano Pelizzari&rdquo;\" rel=\"nofollow\" data-success_message=\"\">Read more<\/a>\t<span id=\"woocommerce_loop_add_to_cart_link_describedby_966\" class=\"screen-reader-text\">\n\t\t\t<\/span>\n<\/li>\n<li class=\"product type-product post-477 status-publish last outofstock product_cat-all-books product_cat-installation-art product_cat-on-art product_cat-sculpture has-post-thumbnail taxable shipping-taxable purchasable product-type-simple\">\n\t<a href=\"https:\/\/dcv-books.com\/en\/produkt\/flatland\/\" class=\"woocommerce-LoopProduct-link woocommerce-loop-product__link\"><div class=\"image-wrapper\"><img decoding=\"async\" width=\"382\" height=\"782\" src=\"https:\/\/dcv-books.com\/wp-content\/uploads\/2019\/03\/flatland-e1589727506830.png\" class=\"attachment-woocommerce_thumbnail size-woocommerce_thumbnail\" alt=\"Flatland\" \/><\/div><h2 class=\"woocommerce-loop-product__title\">Flatland<\/h2>  <div class=\"woocommerce-loop-product__description\" itemprop=\"description\">\n    <p class=\"introzeile-buecher\">Between the Dimensions<\/p>\n<p>The title of this book quotes a literary work by Edwin A. Abbott that was first published in 1884 and gradually gained considerable fame: an allegorical satire whose protagonists are geometric figures, narrated by a square that relates its discovery of a three-dimensional world. <em>Flatland<\/em> examines the ways in which artists have found inspiration in the formal vocabularies of abstraction since the 1960s. The lavishly designed book gathers works from the past six decades that challenge orthodox interpretations of abstraction.<\/p>\n<p>Contributing artists: La\u00ebtitia Badaut Haussmann, Francis Baudevin, Philippe Decrauzat, Marie-Michelle Deschamps, Angela Detanico \/ Rafael Lain, Ho\u00ebl Duret, Sylvie Fanchon, Liam Gillick, Mark Hagen, Christian Hidaka, Sonia Kacem, Tarik Kiswanson, Vera Kox, Sarah Morris, Reinhard Mucha, Dami\u00e1n Navarro, Camila Oliveira Fairclough, Bruno Peinado, Julien Pr\u00e9vieux, Eva Taulois, John Tremblay, Pierre Vadi, Elsa Werth, Rapha\u00ebl Zarka<\/p>\n  <\/div>\n\n\t<span class=\"price\"><span class=\"woocommerce-Price-amount amount\"><bdi>35<span class=\"woocommerce-Price-currencySymbol\">&euro;<\/span><\/bdi><\/span><\/span>\n<\/a><a href=\"https:\/\/dcv-books.com\/en\/produkt\/flatland\/\" aria-describedby=\"woocommerce_loop_add_to_cart_link_describedby_477\" data-quantity=\"1\" class=\"button product_type_simple\" data-product_id=\"477\" data-product_sku=\"\" aria-label=\"Read more about &ldquo;Flatland&rdquo;\" rel=\"nofollow\" data-success_message=\"\">Read more<\/a>\t<span id=\"woocommerce_loop_add_to_cart_link_describedby_477\" class=\"screen-reader-text\">\n\t\t\t<\/span>\n<\/li>\n<li class=\"product type-product post-947 status-publish first instock product_cat-all-books product_cat-on-art product_cat-painting product_cat-photography has-post-thumbnail taxable shipping-taxable purchasable product-type-simple\">\n\t<a href=\"https:\/\/dcv-books.com\/en\/produkt\/america-america-how-real-is-real\/\" class=\"woocommerce-LoopProduct-link woocommerce-loop-product__link\"><div class=\"image-wrapper\"><img decoding=\"async\" width=\"600\" height=\"753\" src=\"https:\/\/dcv-books.com\/wp-content\/uploads\/2019\/03\/america-e1589727839510-600x753.png\" class=\"attachment-woocommerce_thumbnail size-woocommerce_thumbnail\" alt=\"America!\" \/><\/div><h2 class=\"woocommerce-loop-product__title\">America! America! <br>How real is real?<\/h2>  <div class=\"woocommerce-loop-product__description\" itemprop=\"description\">\n    <p class=\"introzeile-buecher\">Myths, Projections, Aspirations<\/p>\n<p>In times of fake news and alternative facts it is becoming even more clear how the American Dream is closely interwoven with emotional pictures and symbols. At the same time, it can be said that no other nation might have the same strong awareness of the power of images. Images of the American Way of Life, which are produced in media and entertainment, are able to consolidate existing power structures and perceptions of reality, but also question them in a radical way. The psychologically charged canvasses of Eric Fischl, the hermetic scenes of Alex Katz, the enormous film-noir-like graffiti paintings of Robert Longo dissect the dreams and fears of an insecure white middle class. Simultaneously, artists such as Jeff Wall or Cindy Sherman conquer scenes that critically reflect our media-influenced perception, becoming models for subsequent generations. By showing 70 masterpieces of US-contemporary art, the book shows how artists from the 1960s to date comment on the American reality.<\/p>\n  <\/div>\n\n\t<span class=\"price\"><span class=\"woocommerce-Price-amount amount\"><bdi>38<span class=\"woocommerce-Price-currencySymbol\">&euro;<\/span><\/bdi><\/span><\/span>\n<\/a><a href=\"\/en\/wp-json\/wp\/v2\/pages\/13205?add-to-cart=947\" aria-describedby=\"woocommerce_loop_add_to_cart_link_describedby_947\" data-quantity=\"1\" class=\"button product_type_simple add_to_cart_button ajax_add_to_cart\" data-product_id=\"947\" data-product_sku=\"\" aria-label=\"Add to cart: &ldquo;America! America! How real is real?&rdquo;\" rel=\"nofollow\" data-success_message=\"&ldquo;America! America! &lt;br&gt;How real is real?&rdquo; has been added to your cart\" role=\"button\">Add to cart<\/a>\t<span id=\"woocommerce_loop_add_to_cart_link_describedby_947\" class=\"screen-reader-text\">\n\t\t\t<\/span>\n<\/li>\n<li class=\"product type-product post-967 status-publish outofstock product_cat-all-books product_cat-on-art has-post-thumbnail sold-individually taxable shipping-taxable purchasable product-type-simple\">\n\t<a href=\"https:\/\/dcv-books.com\/en\/produkt\/wo-der-buchstabe-das-wort-fuehrt\/\" class=\"woocommerce-LoopProduct-link woocommerce-loop-product__link\"><div class=\"image-wrapper\"><img decoding=\"async\" width=\"1024\" height=\"1453\" src=\"https:\/\/dcv-books.com\/wp-content\/uploads\/2016\/09\/Weidemann-1024x1453.jpg\" class=\"attachment-woocommerce_thumbnail size-woocommerce_thumbnail\" alt=\"Kurt Weidemann &lt;br&gt;Wo der Buchstabe das Wort f\u00fchrt\" \/><\/div><h2 class=\"woocommerce-loop-product__title\">Kurt Weidemann <br>Wo der Buchstabe das Wort f\u00fchrt<\/h2>  <div class=\"woocommerce-loop-product__description\" itemprop=\"description\">\n    <p class=\"introzeile-buecher\">Signierte Sonderauflage<\/p>\n<p>Kurt Weidemanns <em>Ansichten \u00fcber Schrift und Typografie<\/em> ist das beeindruckende Ergebnis eines \u00fcber Jahrzehnte erlebten und reflektierten Berufslebens als Schriftsetzer, Typograf, Autor, Lehrer und Berater. Das Buch schildert die pers\u00f6nlichen, philosophischen und fachlichen Ansichten seines Metiers.<\/p>\n  <\/div>\n\n\t<span class=\"price\"><span class=\"woocommerce-Price-amount amount\"><bdi>49,95<span class=\"woocommerce-Price-currencySymbol\">&euro;<\/span><\/bdi><\/span><\/span>\n<\/a><a href=\"https:\/\/dcv-books.com\/en\/produkt\/wo-der-buchstabe-das-wort-fuehrt\/\" aria-describedby=\"woocommerce_loop_add_to_cart_link_describedby_967\" data-quantity=\"1\" class=\"button product_type_simple\" data-product_id=\"967\" data-product_sku=\"\" aria-label=\"Read more about &ldquo;Kurt Weidemann Wo der Buchstabe das Wort f\u00fchrt&rdquo;\" rel=\"nofollow\" data-success_message=\"\">Read more<\/a>\t<span id=\"woocommerce_loop_add_to_cart_link_describedby_967\" class=\"screen-reader-text\">\n\t\t\t<\/span>\n<\/li>\n<\/ul>\n<\/div>  <\/article>\n<\/section>","protected":false},"excerpt":{"rendered":"","protected":false},"author":3,"featured_media":0,"parent":0,"menu_order":0,"comment_status":"closed","ping_status":"closed","template":"","meta":{"_acf_changed":false,"footnotes":""},"class_list":["post-13205","page","type-page","status-publish","hentry"],"acf":[],"yoast_head":"<!-- This site is optimized with the Yoast SEO plugin v27.1.1 - https:\/\/yoast.com\/product\/yoast-seo-wordpress\/ -->\n<title>On Art - DCV<\/title>\n<meta name=\"robots\" content=\"index, follow, max-snippet:-1, max-image-preview:large, max-video-preview:-1\" \/>\n<link rel=\"canonical\" href=\"https:\/\/dcv-books.com\/en\/on-art\/\" \/>\n<meta property=\"og:locale\" content=\"en_US\" \/>\n<meta property=\"og:type\" content=\"article\" \/>\n<meta property=\"og:title\" content=\"On Art - DCV\" \/>\n<meta property=\"og:url\" content=\"https:\/\/dcv-books.com\/en\/on-art\/\" \/>\n<meta property=\"og:site_name\" content=\"DCV\" \/>\n<meta property=\"article:modified_time\" content=\"2020-06-23T11:59:57+00:00\" \/>\n<meta name=\"twitter:card\" content=\"summary_large_image\" \/>\n<script type=\"application\/ld+json\" class=\"yoast-schema-graph\">{\"@context\":\"https:\/\/schema.org\",\"@graph\":[{\"@type\":\"WebPage\",\"@id\":\"https:\/\/dcv-books.com\/en\/on-art\/\",\"url\":\"https:\/\/dcv-books.com\/en\/on-art\/\",\"name\":\"On Art - DCV\",\"isPartOf\":{\"@id\":\"https:\/\/dcv-books.com\/#website\"},\"datePublished\":\"2020-06-23T11:59:56+00:00\",\"dateModified\":\"2020-06-23T11:59:57+00:00\",\"breadcrumb\":{\"@id\":\"https:\/\/dcv-books.com\/en\/on-art\/#breadcrumb\"},\"inLanguage\":\"en-US\",\"potentialAction\":[{\"@type\":\"ReadAction\",\"target\":[\"https:\/\/dcv-books.com\/en\/on-art\/\"]}]},{\"@type\":\"BreadcrumbList\",\"@id\":\"https:\/\/dcv-books.com\/en\/on-art\/#breadcrumb\",\"itemListElement\":[{\"@type\":\"ListItem\",\"position\":1,\"name\":\"Startseite\",\"item\":\"https:\/\/dcv-books.com\/en\/\"},{\"@type\":\"ListItem\",\"position\":2,\"name\":\"On Art\"}]},{\"@type\":\"WebSite\",\"@id\":\"https:\/\/dcv-books.com\/#website\",\"url\":\"https:\/\/dcv-books.com\/\",\"name\":\"DCV\",\"description\":\"Dr. Cantz&#039;sche Verlagsgesellschaft mbH &amp; Co. KG\",\"potentialAction\":[{\"@type\":\"SearchAction\",\"target\":{\"@type\":\"EntryPoint\",\"urlTemplate\":\"https:\/\/dcv-books.com\/?s={search_term_string}\"},\"query-input\":{\"@type\":\"PropertyValueSpecification\",\"valueRequired\":true,\"valueName\":\"search_term_string\"}}],\"inLanguage\":\"en-US\"}]}<\/script>\n<!-- \/ Yoast SEO plugin. -->","yoast_head_json":{"title":"On Art - DCV","robots":{"index":"index","follow":"follow","max-snippet":"max-snippet:-1","max-image-preview":"max-image-preview:large","max-video-preview":"max-video-preview:-1"},"canonical":"https:\/\/dcv-books.com\/en\/on-art\/","og_locale":"en_US","og_type":"article","og_title":"On Art - DCV","og_url":"https:\/\/dcv-books.com\/en\/on-art\/","og_site_name":"DCV","article_modified_time":"2020-06-23T11:59:57+00:00","twitter_card":"summary_large_image","schema":{"@context":"https:\/\/schema.org","@graph":[{"@type":"WebPage","@id":"https:\/\/dcv-books.com\/en\/on-art\/","url":"https:\/\/dcv-books.com\/en\/on-art\/","name":"On Art - DCV","isPartOf":{"@id":"https:\/\/dcv-books.com\/#website"},"datePublished":"2020-06-23T11:59:56+00:00","dateModified":"2020-06-23T11:59:57+00:00","breadcrumb":{"@id":"https:\/\/dcv-books.com\/en\/on-art\/#breadcrumb"},"inLanguage":"en-US","potentialAction":[{"@type":"ReadAction","target":["https:\/\/dcv-books.com\/en\/on-art\/"]}]},{"@type":"BreadcrumbList","@id":"https:\/\/dcv-books.com\/en\/on-art\/#breadcrumb","itemListElement":[{"@type":"ListItem","position":1,"name":"Startseite","item":"https:\/\/dcv-books.com\/en\/"},{"@type":"ListItem","position":2,"name":"On Art"}]},{"@type":"WebSite","@id":"https:\/\/dcv-books.com\/#website","url":"https:\/\/dcv-books.com\/","name":"DCV","description":"Dr. Cantz&#039;sche Verlagsgesellschaft mbH &amp; Co. KG","potentialAction":[{"@type":"SearchAction","target":{"@type":"EntryPoint","urlTemplate":"https:\/\/dcv-books.com\/?s={search_term_string}"},"query-input":{"@type":"PropertyValueSpecification","valueRequired":true,"valueName":"search_term_string"}}],"inLanguage":"en-US"}]}},"_links":{"self":[{"href":"https:\/\/dcv-books.com\/en\/wp-json\/wp\/v2\/pages\/13205","targetHints":{"allow":["GET"]}}],"collection":[{"href":"https:\/\/dcv-books.com\/en\/wp-json\/wp\/v2\/pages"}],"about":[{"href":"https:\/\/dcv-books.com\/en\/wp-json\/wp\/v2\/types\/page"}],"author":[{"embeddable":true,"href":"https:\/\/dcv-books.com\/en\/wp-json\/wp\/v2\/users\/3"}],"replies":[{"embeddable":true,"href":"https:\/\/dcv-books.com\/en\/wp-json\/wp\/v2\/comments?post=13205"}],"version-history":[{"count":2,"href":"https:\/\/dcv-books.com\/en\/wp-json\/wp\/v2\/pages\/13205\/revisions"}],"predecessor-version":[{"id":13207,"href":"https:\/\/dcv-books.com\/en\/wp-json\/wp\/v2\/pages\/13205\/revisions\/13207"}],"wp:attachment":[{"href":"https:\/\/dcv-books.com\/en\/wp-json\/wp\/v2\/media?parent=13205"}],"curies":[{"name":"wp","href":"https:\/\/api.w.org\/{rel}","templated":true}]}}