{"id":13187,"date":"2020-06-23T13:56:14","date_gmt":"2020-06-23T11:56:14","guid":{"rendered":"https:\/\/dcv-books.com\/?page_id=13187"},"modified":"2020-06-23T13:56:16","modified_gmt":"2020-06-23T11:56:16","slug":"installation-art","status":"publish","type":"page","link":"https:\/\/dcv-books.com\/en\/installation-art\/","title":{"rendered":"Installation Art"},"content":{"rendered":"<section id=\"products-block_5ef1edce01374\" class=\"products\">\n    <article class=\"reel-grid\">\n    <div class=\"woocommerce columns-4 \"><ul class=\"products columns-4\">\n<li class=\"product type-product post-26627 status-publish first instock product_cat-all-books product_cat-installation-art product_cat-new-arrivals product_cat-painting product_cat-sculpture product_tag-marton-nemes product_tag-metropolitan-baroque has-post-thumbnail taxable shipping-taxable purchasable product-type-simple\">\n\t<a href=\"https:\/\/dcv-books.com\/en\/produkt\/marton-nemes-metropolitan-baroque\/\" class=\"woocommerce-LoopProduct-link woocommerce-loop-product__link\"><div class=\"image-wrapper\"><img decoding=\"async\" width=\"1917\" height=\"2500\" src=\"https:\/\/dcv-books.com\/wp-content\/uploads\/2026\/03\/Metropolitan-Baroque-Cover-FRONT_web.jpg\" class=\"attachment-woocommerce_thumbnail size-woocommerce_thumbnail\" alt=\"M\u00e1rton Nemes -&lt;br&gt; Metropolitan Baroque\" \/><\/div><div class=\"book-label book-label--new\"><\/div><h2 class=\"woocommerce-loop-product__title\">M\u00e1rton Nemes <br> Metropolitan Baroque<\/h2>  <div class=\"woocommerce-loop-product__description\" itemprop=\"description\">\n    <p>Hungarian artist M\u00e1rton Nemes (born 1986, lives in New York and Budapest) creates spaces for bodily perception at the intersection of abstract painting and sculpture, digital culture, techno, and urbanity. In his radical installations of powder-coated steel with embedded speakers and an LED screen, visitors encounter light and sound elements that expand into a pulsating environment. Nemes\u2019s immersive, multisensory spaces reflect the rapid acceleration, fragmentation, and technology\u2019s superimposition of our present, while simultaneously allowing for the experience of self-determined fluidity and contemplation. This volume documents Nemes\u2019s comprehensive exhibition <em>Metropolitan Baroque<\/em> at the Museum gegenstandsfreier Kunst (Museum of Non-Objective Art) featuring works from 2019 to 2025. <\/p>\n  <\/div>\n\n\t<span class=\"price\"><span class=\"woocommerce-Price-amount amount\"><bdi>38<span class=\"woocommerce-Price-currencySymbol\">&euro;<\/span><\/bdi><\/span><\/span>\n<\/a><a href=\"\/en\/wp-json\/wp\/v2\/pages\/13187?add-to-cart=26627\" aria-describedby=\"woocommerce_loop_add_to_cart_link_describedby_26627\" data-quantity=\"1\" class=\"button product_type_simple add_to_cart_button ajax_add_to_cart\" data-product_id=\"26627\" data-product_sku=\"\" aria-label=\"Add to cart: &ldquo;M\u00e1rton Nemes - Metropolitan Baroque&rdquo;\" rel=\"nofollow\" data-success_message=\"&ldquo;M\u00e1rton Nemes -&lt;br&gt; Metropolitan Baroque&rdquo; has been added to your cart\" role=\"button\">Add to cart<\/a>\t<span id=\"woocommerce_loop_add_to_cart_link_describedby_26627\" class=\"screen-reader-text\">\n\t\t\t<\/span>\n<\/li>\n<li class=\"product type-product post-25937 status-publish instock product_cat-all-books product_cat-drawing product_cat-film-and-video product_cat-installation-art product_cat-new-arrivals product_cat-on-art product_cat-painting product_cat-performance-art product_cat-photography product_cat-sculpture product_cat-works-on-paper-en product_tag-7-jahre-nova-space-en product_tag-bauhaus-universitaet-weimar-en product_tag-boom-en product_tag-nova-space-en has-post-thumbnail taxable shipping-taxable purchasable product-type-simple\">\n\t<a href=\"https:\/\/dcv-books.com\/en\/produkt\/boom-7-jahre-nova-space\/\" class=\"woocommerce-LoopProduct-link woocommerce-loop-product__link\"><div class=\"image-wrapper\"><img decoding=\"async\" width=\"1775\" height=\"2500\" src=\"https:\/\/dcv-books.com\/wp-content\/uploads\/2025\/06\/NOVA-BOOM-Cover-Ansicht_crop_web.jpg\" class=\"attachment-woocommerce_thumbnail size-woocommerce_thumbnail\" alt=\"BOOM! -&lt;br&gt; 7 years of nova space\" \/><\/div><div class=\"book-label book-label--new\"><\/div><h2 class=\"woocommerce-loop-product__title\">BOOM! <br> 7 years of nova space<\/h2>  <div class=\"woocommerce-loop-product__description\" itemprop=\"description\">\n    <p>From 2019 to 2025, nova space, Bauhaus-Universit\u00e4t Weimar\u2019s university gallery put up 21 projects, which this volume documents in image and text.\u00a0As both an experimentation field and meeting place, nova connected international artists, students, faculty, and the public under the enthusiastic direction of curator Katharina Wendler. Her essay provides insight into the unique history of this mobile and interdisciplinary gallery, its program as well as the continuous development of new curatorial formats. The final act of nova is an exhibition in book form, for which artists, architects, designers, typographers, and filmmakers were invited to create work that freely associates around the theme of <em>BOOM!<\/em>\u2014inspired by the image of the supernova.<\/p>\n<p>ARTISTS: A.O. LAURA ABERHAM, MARGR\u00c9T H. BL\u00d6NDAL, ZUZANNA CZEBATUL, BJ\u00d6RN DAHLEM, DAVID DIAO, HANNAH SOPHIE DUNKELBERG, NADINE FECHT, LIAM GILLICK, JANA GUNSTHEIMER, NSCHOTSCHI HASLINGER, STEF HEIDHUES, JUDITH HOPF, VERENA ISSEL, CHRISTIN KAISER, IAN KIAER, RAGNAR KJARTANSSON, VERA KOX, SCHIRIN KRETSCHMANN, YUTAKA MAKINO, STEFAN MARX, ERIC MEIER, AD MINOLITI, BRUCE NAUMAN, PRINZ GHOLAM, HANNAH RATH, KARIN SANDER, FETTE SANS, KATRIN STEIGER, JAN TICHY, WOLFGANG TILLMANS, IGNACIO URIARTE, ROBIN WAART, YOUNG BOY DANCING GROUP, FRANCIS ZEISCHEGG, KARLA ZIPFEL AND MANY MORE<\/p>\n  <\/div>\n\n\t<span class=\"price\"><span class=\"woocommerce-Price-amount amount\"><bdi>48<span class=\"woocommerce-Price-currencySymbol\">&euro;<\/span><\/bdi><\/span><\/span>\n<\/a><a href=\"\/en\/wp-json\/wp\/v2\/pages\/13187?add-to-cart=25937\" aria-describedby=\"woocommerce_loop_add_to_cart_link_describedby_25937\" data-quantity=\"1\" class=\"button product_type_simple add_to_cart_button ajax_add_to_cart\" data-product_id=\"25937\" data-product_sku=\"\" aria-label=\"Add to cart: &ldquo;BOOM! - 7 years of nova space&rdquo;\" rel=\"nofollow\" data-success_message=\"&ldquo;BOOM! -&lt;br&gt; 7 years of nova space&rdquo; has been added to your cart\" role=\"button\">Add to cart<\/a>\t<span id=\"woocommerce_loop_add_to_cart_link_describedby_25937\" class=\"screen-reader-text\">\n\t\t\t<\/span>\n<\/li>\n<li class=\"product type-product post-25340 status-publish instock product_cat-all-books product_cat-drawing product_cat-film-and-video product_cat-installation-art product_cat-new-arrivals product_cat-painting product_cat-photography product_cat-sculpture product_cat-works-on-paper-en product_tag-mnac-en product_tag-puls-22-en has-post-thumbnail taxable shipping-taxable purchasable product-type-simple\">\n\t<a href=\"https:\/\/dcv-books.com\/en\/produkt\/puls-22\/\" class=\"woocommerce-LoopProduct-link woocommerce-loop-product__link\"><div class=\"image-wrapper\"><img decoding=\"async\" width=\"2048\" height=\"2447\" src=\"https:\/\/dcv-books.com\/wp-content\/uploads\/2025\/07\/MNAC_Puls-22_cover_front_web-2048x2447.jpg\" class=\"attachment-woocommerce_thumbnail size-woocommerce_thumbnail\" alt=\"PULS 22 -&lt;br&gt;\" \/><\/div><div class=\"book-label book-label--upcoming\"><\/div><h2 class=\"woocommerce-loop-product__title\">PULS 22 <br><\/h2>  <div class=\"woocommerce-loop-product__description\" itemprop=\"description\">\n    <p><i><span style=\"font-weight: 400;\">PULS<\/span><\/i><span style=\"font-weight: 400;\">, an initiative of Bucharest\u2019s National Museum for Contemporary Art (MNAC) began during the COVID-crisis. Since then, the museum supports Romanian artists by biennially purchasing more than 100 relevant creative works, carefully selected from a large pool of submissions by a democratic jury of artists and art professionals. <\/span><i><span style=\"font-weight: 400;\">PULS22 <\/span><\/i><span style=\"font-weight: 400;\">showcases in book-form MNAC\u2019s most recent acquisitions and their subsequent exhibition. This volume, like the former <\/span><i><span style=\"font-weight: 400;\">PULS20<\/span><\/i><span style=\"font-weight: 400;\">, is an exciting panoramic snapshot of the country\u2019s dynamic multigenerational art scene. The installation shots speak of an outstanding exhibition and the potential for future loans to curated shows elsewhere.<\/span><\/p>\n  <\/div>\n\n\t<span class=\"price\"><span class=\"woocommerce-Price-amount amount\"><bdi>36<span class=\"woocommerce-Price-currencySymbol\">&euro;<\/span><\/bdi><\/span><\/span>\n<\/a><a href=\"\/en\/wp-json\/wp\/v2\/pages\/13187?add-to-cart=25340\" aria-describedby=\"woocommerce_loop_add_to_cart_link_describedby_25340\" data-quantity=\"1\" class=\"button product_type_simple add_to_cart_button ajax_add_to_cart\" data-product_id=\"25340\" data-product_sku=\"\" aria-label=\"Add to cart: &ldquo;PULS 22 -&rdquo;\" rel=\"nofollow\" data-success_message=\"&ldquo;PULS 22 -&lt;br&gt;&rdquo; has been added to your cart\" role=\"button\">Add to cart<\/a>\t<span id=\"woocommerce_loop_add_to_cart_link_describedby_25340\" class=\"screen-reader-text\">\n\t\t\t<\/span>\n<\/li>\n<li class=\"product type-product post-25914 status-publish last instock product_cat-all-books product_cat-installation-art product_cat-performance-art product_cat-sculpture product_tag-roman-ondak-en product_tag-the-day-after-yesterday-en has-post-thumbnail taxable shipping-taxable purchasable product-type-simple\">\n\t<a href=\"https:\/\/dcv-books.com\/en\/produkt\/roman-ondak-the-day-after-yesterday\/\" class=\"woocommerce-LoopProduct-link woocommerce-loop-product__link\"><div class=\"image-wrapper\"><img decoding=\"async\" width=\"1784\" height=\"2500\" src=\"https:\/\/dcv-books.com\/wp-content\/uploads\/2024\/01\/KP_Roman-Ondak_cover_web.jpg\" class=\"attachment-woocommerce_thumbnail size-woocommerce_thumbnail\" alt=\"Roman Ondak -&lt;br&gt; The Day After Yesterday\" \/><\/div><div class=\"book-label book-label--new\"><\/div><h2 class=\"woocommerce-loop-product__title\">Roman Ondak <br> The Day After Yesterday<\/h2>  <div class=\"woocommerce-loop-product__description\" itemprop=\"description\">\n    <p><span style=\"font-weight: 400;\">The internationally acclaimed Slovakian conceptual artist Roman Ondak (b. 1966) responds to the historical specificities of Central Europe while also reflecting on the functioning of society in today\u2019s global world in works that highlight the cyclical nature of processes and the reciprocal mirroring of the past and the present. His distinctive creative traits include the use of ordinary objects and materials as well as everyday situations, which he transfers into the exhibition space. This richly illustrated catalogue with essays by Barbora Ropkov\u00e1 and Dieter Roelstraete accompanies the exhibition <\/span><i><span style=\"font-weight: 400;\">The Day After Yesterday<\/span><\/i><span style=\"font-weight: 400;\"> at Kunsthalle Praha and explores Ondak\u2019s artistic universe, in which existential and societal themes naturally intertwine with a biography of his own family.<\/span><\/p>\n<p>&nbsp;<\/p>\n<p><strong><em>THE DAY AFTER YESTERDAY<\/em><\/strong><\/p>\n<p><strong>KUNSTHALLE PRAHA, PRAGUE, CZECH REPUBLIC<\/strong><\/p>\n<p><strong>NOVEMBER 13, 2025 UNTIL MARCH 9, 2026<\/strong><br \/>\n<a href=\"https:\/\/www.kunsthallepraha.org\/en\/events\/roman-ondak-the-day-after-yesterday\">more info here<\/a><\/p>\n  <\/div>\n\n\t<span class=\"price\"><span class=\"woocommerce-Price-amount amount\"><bdi>48<span class=\"woocommerce-Price-currencySymbol\">&euro;<\/span><\/bdi><\/span><\/span>\n<\/a><a href=\"\/en\/wp-json\/wp\/v2\/pages\/13187?add-to-cart=25914\" aria-describedby=\"woocommerce_loop_add_to_cart_link_describedby_25914\" data-quantity=\"1\" class=\"button product_type_simple add_to_cart_button ajax_add_to_cart\" data-product_id=\"25914\" data-product_sku=\"\" aria-label=\"Add to cart: &ldquo;Roman Ondak - The Day After Yesterday&rdquo;\" rel=\"nofollow\" data-success_message=\"&ldquo;Roman Ondak -&lt;br&gt; The Day After Yesterday&rdquo; has been added to your cart\" role=\"button\">Add to cart<\/a>\t<span id=\"woocommerce_loop_add_to_cart_link_describedby_25914\" class=\"screen-reader-text\">\n\t\t\t<\/span>\n<\/li>\n<li class=\"product type-product post-25799 status-publish first instock product_cat-all-books product_cat-installation-art product_cat-painting product_cat-sculpture product_tag-inflection-point-en product_tag-stefan-reiterer-en has-post-thumbnail taxable shipping-taxable purchasable product-type-simple\">\n\t<a href=\"https:\/\/dcv-books.com\/en\/produkt\/stefan-reiterer-inflection-point\/\" class=\"woocommerce-LoopProduct-link woocommerce-loop-product__link\"><div class=\"image-wrapper\"><img decoding=\"async\" width=\"1958\" height=\"2500\" src=\"https:\/\/dcv-books.com\/wp-content\/uploads\/2025\/10\/reiterer_web.jpg\" class=\"attachment-woocommerce_thumbnail size-woocommerce_thumbnail\" alt=\"Stefan Reiterer -&lt;br&gt; Inflection Point\" \/><\/div><div class=\"book-label book-label--new\"><\/div><h2 class=\"woocommerce-loop-product__title\">Stefan Reiterer <br> Inflection Point<\/h2>  <div class=\"woocommerce-loop-product__description\" itemprop=\"description\">\n    <p><span style=\"font-weight: 400;\">The Austrian artist Stefan Reiterer (born 1988, lives in Vienna) transfers digital maps and satellite images into analog physical space through abstract painting. He manipulates data from sources such as Google Earth or NASA, transforming them into illusory topologies and pseudo-cartographies to challenge our perception. What is recognized, discovered, rejected? Where is the viewer\u2019s location? Andrea Kopranovic writes of Reiterer&#8217;s painted emptiness as a \u201cpitting\u201d and projection surface &#8220;for glitches, black holes, and abysses&#8221; and a metaphor for potential &#8220;interpretations, enrichments, and yet unimagined spaces of possibility.&#8221; This richly illustrated book documents Reiterer&#8217;s 2025 exhibition at the Museum Gegenstandsfreier Kunst in Otterndorf.<\/span><\/p>\n  <\/div>\n\n\t<span class=\"price\"><span class=\"woocommerce-Price-amount amount\"><bdi>38<span class=\"woocommerce-Price-currencySymbol\">&euro;<\/span><\/bdi><\/span><\/span>\n<\/a><a href=\"\/en\/wp-json\/wp\/v2\/pages\/13187?add-to-cart=25799\" aria-describedby=\"woocommerce_loop_add_to_cart_link_describedby_25799\" data-quantity=\"1\" class=\"button product_type_simple add_to_cart_button ajax_add_to_cart\" data-product_id=\"25799\" data-product_sku=\"\" aria-label=\"Add to cart: &ldquo;Stefan Reiterer - Inflection Point&rdquo;\" rel=\"nofollow\" data-success_message=\"&ldquo;Stefan Reiterer -&lt;br&gt; Inflection Point&rdquo; has been added to your cart\" role=\"button\">Add to cart<\/a>\t<span id=\"woocommerce_loop_add_to_cart_link_describedby_25799\" class=\"screen-reader-text\">\n\t\t\t<\/span>\n<\/li>\n<li class=\"product type-product post-25944 status-publish instock product_cat-all-books product_cat-installation-art product_cat-new-arrivals product_cat-painting product_cat-sculpture product_tag-dripping-folds-and-melting-states-en product_tag-valentina-jaffe-en product_tag-wilhelm-hack-museum-en has-post-thumbnail taxable shipping-taxable purchasable product-type-simple\">\n\t<a href=\"https:\/\/dcv-books.com\/en\/produkt\/valentina-jaffe-dripping-folds-and-melting-states\/\" class=\"woocommerce-LoopProduct-link woocommerce-loop-product__link\"><div class=\"image-wrapper\"><img decoding=\"async\" width=\"1828\" height=\"2499\" src=\"https:\/\/dcv-books.com\/wp-content\/uploads\/2025\/06\/Jaffe_Valentina_COVER_final-1.jpg\" class=\"attachment-woocommerce_thumbnail size-woocommerce_thumbnail\" alt=\"Valentina Jaff\u00e9 -&lt;br&gt; Dripping Folds and Melting States\" \/><\/div><h2 class=\"woocommerce-loop-product__title\">Valentina Jaff\u00e9 <br> Dripping Folds and Melting States<\/h2>  <div class=\"woocommerce-loop-product__description\" itemprop=\"description\">\n    <p><i><span style=\"font-weight: 400;\">Dripping Folds and Melting States<\/span><\/i><span style=\"font-weight: 400;\"> is published in conjunction with the young artist Valentina Jaff\u00e9\u2019s most extensive institutional solo exhibition to date. Blending artist\u2019s book and catalogue, the volume gathers works from the past five years by Jaff\u00e9, who lives and works in the Rhine\u2013Neckar metropolitan region. Taking an interdisciplinary and inter-media approach, she continually refines the conception of collage that is central to her art. Her creative universe is informed by intersections, imbrications, and the exploration of in-between states\u2014by the concurrence of mutability and constancy.<\/span><\/p>\n<p><span style=\"font-weight: 400;\">Created out of long-fibered paper and awash in color, the artist\u2019s visual spaces are transformed with each new environment and have an air of breathing membranes. Her ceramics, meanwhile, play with contrasts of hardness and softness, fragility and stability, coldness and warmth. The book reflects Jaff\u00e9\u2019s multifaceted experimentation and is enhanced by scholarly contributions by Carolin Heel and Fedra Benoli, who add depth to her engagement with space, body, and material.<\/span><\/p>\n  <\/div>\n\n\t<span class=\"price\"><span class=\"woocommerce-Price-amount amount\"><bdi>24<span class=\"woocommerce-Price-currencySymbol\">&euro;<\/span><\/bdi><\/span><\/span>\n<\/a><a href=\"\/en\/wp-json\/wp\/v2\/pages\/13187?add-to-cart=25944\" aria-describedby=\"woocommerce_loop_add_to_cart_link_describedby_25944\" data-quantity=\"1\" class=\"button product_type_simple add_to_cart_button ajax_add_to_cart\" data-product_id=\"25944\" data-product_sku=\"\" aria-label=\"Add to cart: &ldquo;Valentina Jaff\u00e9 - Dripping Folds and Melting States&rdquo;\" rel=\"nofollow\" data-success_message=\"&ldquo;Valentina Jaff\u00e9 -&lt;br&gt; Dripping Folds and Melting States&rdquo; has been added to your cart\" role=\"button\">Add to cart<\/a>\t<span id=\"woocommerce_loop_add_to_cart_link_describedby_25944\" class=\"screen-reader-text\">\n\t\t\t<\/span>\n<\/li>\n<li class=\"product type-product post-26180 status-publish instock product_cat-all-books product_cat-architecture product_cat-installation-art product_cat-new-arrivals product_cat-on-art product_cat-painting product_cat-sculpture product_tag-1955-2025-en product_tag-andere-zeit-en product_tag-kuenstlerbund-baden-wuerttemberg-en product_tag-selber-ort-en has-post-thumbnail taxable shipping-taxable purchasable product-type-simple\">\n\t<a href=\"https:\/\/dcv-books.com\/en\/produkt\/selber-ort-andere-zeit-kunstlerbund-baden-wurttemberg-1955-2025\/\" class=\"woocommerce-LoopProduct-link woocommerce-loop-product__link\"><div class=\"image-wrapper\"><img decoding=\"async\" width=\"2048\" height=\"2742\" src=\"https:\/\/dcv-books.com\/wp-content\/uploads\/2026\/01\/SELBER_ORT_ANDERE_ZEIT_Cover-2048x2742.jpg\" class=\"attachment-woocommerce_thumbnail size-woocommerce_thumbnail\" alt=\"SELBER ORT, ANDERE ZEIT. -&lt;br&gt; K\u00fcnstlerbund Baden-W\u00fcrttemberg 1955 \u2013 2025\" \/><\/div><div class=\"book-label book-label--new\"><\/div><h2 class=\"woocommerce-loop-product__title\">SELBER ORT, ANDERE ZEIT. <br> K\u00fcnstlerbund Baden-W\u00fcrttemberg 1955 \u2013 2025<\/h2>  <div class=\"woocommerce-loop-product__description\" itemprop=\"description\">\n    <p>This two-volume publication commemorates the 70th anniversary of the Baden-W\u00fcrttemberg Artists&#8217; Association, which presented its first exhibition in 1955 at the Staatliche Kunsthalle Baden-Baden. At that time, the state-wide artists&#8217; association included Otto Dix, Ida Kerkovius, and Willi Baumeister, among others. Today, the Baden-W\u00fcrttemberg Artists&#8217; Association has 450 members. Archival material provides insight into its multifaceted history, and insightful essays illuminate the significance of artists\u2019 associations and the discourses they initiated in post-war Germany, after the country\u2019s division and eventual reunification. The second volume documents the current exhibition <em>Selber Ort, andere Zeit<\/em> (Same Place, Different Time), featuring 21 artists who stand for the broad spectrum of creative approaches and generations represented in the association.<\/p>\n  <\/div>\n\n\t<span class=\"price\"><span class=\"woocommerce-Price-amount amount\"><bdi>38<span class=\"woocommerce-Price-currencySymbol\">&euro;<\/span><\/bdi><\/span><\/span>\n<\/a><a href=\"\/en\/wp-json\/wp\/v2\/pages\/13187?add-to-cart=26180\" aria-describedby=\"woocommerce_loop_add_to_cart_link_describedby_26180\" data-quantity=\"1\" class=\"button product_type_simple add_to_cart_button ajax_add_to_cart\" data-product_id=\"26180\" data-product_sku=\"\" aria-label=\"Add to cart: &ldquo;SELBER ORT, ANDERE ZEIT. - K\u00fcnstlerbund Baden-W\u00fcrttemberg 1955 \u2013 2025&rdquo;\" rel=\"nofollow\" data-success_message=\"&ldquo;SELBER ORT, ANDERE ZEIT. -&lt;br&gt; K\u00fcnstlerbund Baden-W\u00fcrttemberg 1955 \u2013 2025&rdquo; has been added to your cart\" role=\"button\">Add to cart<\/a>\t<span id=\"woocommerce_loop_add_to_cart_link_describedby_26180\" class=\"screen-reader-text\">\n\t\t\t<\/span>\n<\/li>\n<li class=\"product type-product post-25537 status-publish last instock product_cat-all-books product_cat-architecture product_cat-drawing product_cat-installation-art product_cat-new-arrivals product_cat-sculpture product_cat-works-on-paper-en product_tag-building-worlds-en product_tag-larissa-fassler-en has-post-thumbnail taxable shipping-taxable purchasable product-type-simple\">\n\t<a href=\"https:\/\/dcv-books.com\/en\/produkt\/larissa-fassler-building-worlds\/\" class=\"woocommerce-LoopProduct-link woocommerce-loop-product__link\"><div class=\"image-wrapper\"><img decoding=\"async\" width=\"1630\" height=\"2482\" src=\"https:\/\/dcv-books.com\/wp-content\/uploads\/2025\/09\/mockup_larissa_fassler_Dustjacket_crop.jpg\" class=\"attachment-woocommerce_thumbnail size-woocommerce_thumbnail\" alt=\"Larissa Fassler -&lt;br&gt; Building Worlds\" \/><\/div><div class=\"book-label book-label--new\"><\/div><h2 class=\"woocommerce-loop-product__title\">Larissa Fassler <br> Building Worlds<\/h2>  <div class=\"woocommerce-loop-product__description\" itemprop=\"description\">\n    <p>The drawings and sculptures of Larissa Fassler (born 1975 in Canada, lives in Berlin) both document and question the modern metropolis, its public squares, train stations, and functional buildings. Fassler researches her chosen locations extensively in city archives and online. She tracks trends such as economic disparity, gentrification, homelessness, or drug consumption. She supplements these statistical facts with her own subjective survey methods, such as repeatedly visiting and observing the sites. All of the information gathered finds its way into Fassler&#8217;s complex cartographic drawings and sculptures, which reflect the socioeconomic and geopolitical challenges of our time. This book accompanies Fassler&#8217;s exhibition at the Kunstverein Lingen.<\/p>\n  <\/div>\n\n\t<span class=\"price\"><span class=\"woocommerce-Price-amount amount\"><bdi>20<span class=\"woocommerce-Price-currencySymbol\">&euro;<\/span><\/bdi><\/span><\/span>\n<\/a><a href=\"\/en\/wp-json\/wp\/v2\/pages\/13187?add-to-cart=25537\" aria-describedby=\"woocommerce_loop_add_to_cart_link_describedby_25537\" data-quantity=\"1\" class=\"button product_type_simple add_to_cart_button ajax_add_to_cart\" data-product_id=\"25537\" data-product_sku=\"\" aria-label=\"Add to cart: &ldquo;Larissa Fassler - Building Worlds&rdquo;\" rel=\"nofollow\" data-success_message=\"&ldquo;Larissa Fassler -&lt;br&gt; Building Worlds&rdquo; has been added to your cart\" role=\"button\">Add to cart<\/a>\t<span id=\"woocommerce_loop_add_to_cart_link_describedby_25537\" class=\"screen-reader-text\">\n\t\t\t<\/span>\n<\/li>\n<li class=\"product type-product post-25460 status-publish first instock product_cat-all-books product_cat-film-and-video product_cat-installation-art product_cat-new-arrivals product_cat-painting product_cat-performance-art product_cat-photography product_cat-sculpture product_tag-andreas-wegner-en product_tag-schneckenpost-en product_tag-weil-die-uns-keinen-pfennig-kost-en product_tag-wir-fahren-mit-der-schneckenpost-en has-post-thumbnail taxable shipping-taxable purchasable product-type-simple\">\n\t<a href=\"https:\/\/dcv-books.com\/en\/produkt\/andreas-wegner-wir-fahren-mit-der-schneckenpost-weil-sie-uns-keinen-pfennig-kost\/\" class=\"woocommerce-LoopProduct-link woocommerce-loop-product__link\"><div class=\"image-wrapper\"><img decoding=\"async\" width=\"1852\" height=\"2500\" src=\"https:\/\/dcv-books.com\/wp-content\/uploads\/2025\/07\/Wegner_Cover_final_web.jpg\" class=\"attachment-woocommerce_thumbnail size-woocommerce_thumbnail\" alt=\"Andreas Wegner -&lt;br&gt; Wir fahren mit der Schneckenpost, weil die uns keinen Pfennig kost\" \/><\/div><div class=\"book-label book-label--new\"><\/div><h2 class=\"woocommerce-loop-product__title\">Andreas Wegner <br> Wir fahren mit der Schneckenpost, weil die uns keinen Pfennig kost<\/h2>  <div class=\"woocommerce-loop-product__description\" itemprop=\"description\">\n    <p><span style=\"font-weight: 400;\">The art of Andreas Wegner is an inquiry into capitalist urbanity. His interventions explore alternative models for urban interaction, trade, city development, traffic, or the use of public space. Inspired by Joseph Beuys&#8217;s social sculpture and Charles Fourier&#8217;s social utopias, Wegner founded, e.g. a cooperative department store in Berlin, a grocery store in Vienna, and conducted real estate business as a form of creative resistance. This monograph illustrates the artist&#8217;s most important projects with ample imagery, essays by renowned authors, interviews, and his own texts. Alongside collective initiatives, installations, photography, film, and sculpture, painting remains a constant in Wegner&#8217;s oeuvre to this day.<\/span><\/p>\n  <\/div>\n\n\t<span class=\"price\"><span class=\"woocommerce-Price-amount amount\"><bdi>50<span class=\"woocommerce-Price-currencySymbol\">&euro;<\/span><\/bdi><\/span><\/span>\n<\/a><a href=\"\/en\/wp-json\/wp\/v2\/pages\/13187?add-to-cart=25460\" aria-describedby=\"woocommerce_loop_add_to_cart_link_describedby_25460\" data-quantity=\"1\" class=\"button product_type_simple add_to_cart_button ajax_add_to_cart\" data-product_id=\"25460\" data-product_sku=\"\" aria-label=\"Add to cart: &ldquo;Andreas Wegner - Wir fahren mit der Schneckenpost, weil die uns keinen Pfennig kost&rdquo;\" rel=\"nofollow\" data-success_message=\"&ldquo;Andreas Wegner -&lt;br&gt; Wir fahren mit der Schneckenpost, weil die uns keinen Pfennig kost&rdquo; has been added to your cart\" role=\"button\">Add to cart<\/a>\t<span id=\"woocommerce_loop_add_to_cart_link_describedby_25460\" class=\"screen-reader-text\">\n\t\t\t<\/span>\n<\/li>\n<li class=\"product type-product post-24167 status-publish instock product_cat-all-books product_cat-installation-art product_cat-new-arrivals product_cat-sculpture product_tag-antonia-hirsch-en product_tag-phenomenal-fracture-en has-post-thumbnail taxable shipping-taxable purchasable product-type-simple\">\n\t<a href=\"https:\/\/dcv-books.com\/en\/produkt\/antonia-hirsch-phenomenal-fracture\/\" class=\"woocommerce-LoopProduct-link woocommerce-loop-product__link\"><div class=\"image-wrapper\"><img decoding=\"async\" width=\"1932\" height=\"2500\" src=\"https:\/\/dcv-books.com\/wp-content\/uploads\/2024\/12\/A_HIRSCH_COVER_FAV_web.jpg\" class=\"attachment-woocommerce_thumbnail size-woocommerce_thumbnail\" alt=\"Antonia Hirsch -&lt;br&gt; Phenomenal Fracture\" \/><\/div><div class=\"book-label book-label--new\"><\/div><h2 class=\"woocommerce-loop-product__title\">Antonia Hirsch <br> Phenomenal Fracture<\/h2>  <div class=\"woocommerce-loop-product__description\" itemprop=\"description\">\n    <p><span style=\"font-weight: 400;\">In a probing engagement with the screen, an omnipresent object in contemporary life, Antonia Hirsch charts the gulf between the digital and the analog, the two spheres of which our perceived reality is composed. In provocative installations and objects, the artist conceives the distinctions between screen, mirror, and blade as less than sharply defined. Her works show rigidly geometric shapes made of hard and shimmering glass and steel; they encounter eerily somatic and perishable-looking cardboard or soft foamed-plastic components that recall the bodies they perhaps once served. Reflective surfaces mirror our gaze, but the less classy materials, too, await recognition by the beholder\u2019s body. The book accompanies Hirsch\u2019s solo exhibition <em>Phenomenal Fracture<\/em> at Kunsthalle Lingen; photographs and writings convey extensive and sustained impressions that run the gamut from the uncanny to the darkly humorous.<\/span><\/p>\n  <\/div>\n\n\t<span class=\"price\"><span class=\"woocommerce-Price-amount amount\"><bdi>24<span class=\"woocommerce-Price-currencySymbol\">&euro;<\/span><\/bdi><\/span><\/span>\n<\/a><a href=\"\/en\/wp-json\/wp\/v2\/pages\/13187?add-to-cart=24167\" aria-describedby=\"woocommerce_loop_add_to_cart_link_describedby_24167\" data-quantity=\"1\" class=\"button product_type_simple add_to_cart_button ajax_add_to_cart\" data-product_id=\"24167\" data-product_sku=\"\" aria-label=\"Add to cart: &ldquo;Antonia Hirsch - Phenomenal Fracture&rdquo;\" rel=\"nofollow\" data-success_message=\"&ldquo;Antonia Hirsch -&lt;br&gt; Phenomenal Fracture&rdquo; has been added to your cart\" role=\"button\">Add to cart<\/a>\t<span id=\"woocommerce_loop_add_to_cart_link_describedby_24167\" class=\"screen-reader-text\">\n\t\t\t<\/span>\n<\/li>\n<li class=\"product type-product post-26467 status-publish instock product_cat-all-books product_cat-drawing product_cat-installation-art product_cat-new-arrivals product_cat-on-art product_cat-painting product_cat-photography product_cat-sculpture product_tag-high-modernism-in-croatia-1949-1998 product_tag-mnac-en product_tag-parallel-lines has-post-thumbnail taxable shipping-taxable purchasable product-type-simple\">\n\t<a href=\"https:\/\/dcv-books.com\/en\/produkt\/parallel-lines-high-modernism-in-croatia-1949-1998\/\" class=\"woocommerce-LoopProduct-link woocommerce-loop-product__link\"><div class=\"image-wrapper\"><img decoding=\"async\" width=\"2048\" height=\"2439\" src=\"https:\/\/dcv-books.com\/wp-content\/uploads\/2026\/02\/MNAC_Paralell-Lines_Cov-1_web-2048x2439.jpg\" class=\"attachment-woocommerce_thumbnail size-woocommerce_thumbnail\" alt=\"Parallel Lines &lt;br&gt; High Modernism in Croatia 1949\u20131998\" \/><\/div><h2 class=\"woocommerce-loop-product__title\">Parallel Lines <br> High Modernism in Croatia 1949\u20131998<\/h2>  <div class=\"woocommerce-loop-product__description\" itemprop=\"description\">\n    <p><em>Parallel Lines. High Modernism in Croatia 1949\u20131998<\/em> documents an exhibition of the same name at Bucharest&#8217;s National Museum of Contemporary Art in 2025. Organized jointly with the National Museum of Modern Art in Zagreb, the show illuminates with 188 works the unique art scene after 1948\u2019s Cominform resolution, which marked Yugoslavia&#8217;s break from Soviet influence. In the 1960s, Zagreb, with its &#8220;New Tendencies,&#8221; became a hub for artistic experimentation in response to the genre of socialist realist painting. Parallel Lines highlights the coexistence of institutionally supported and alternative art within Yugoslav &#8220;socialism with a human face.&#8221; Through public dialogues and debates, these parallel movements fostered a dynamic cultural landscape.<\/p>\n  <\/div>\n\n\t<span class=\"price\"><span class=\"woocommerce-Price-amount amount\"><bdi>36<span class=\"woocommerce-Price-currencySymbol\">&euro;<\/span><\/bdi><\/span><\/span>\n<\/a><a href=\"\/en\/wp-json\/wp\/v2\/pages\/13187?add-to-cart=26467\" aria-describedby=\"woocommerce_loop_add_to_cart_link_describedby_26467\" data-quantity=\"1\" class=\"button product_type_simple add_to_cart_button ajax_add_to_cart\" data-product_id=\"26467\" data-product_sku=\"\" aria-label=\"Add to cart: &ldquo;Parallel Lines  High Modernism in Croatia 1949\u20131998&rdquo;\" rel=\"nofollow\" data-success_message=\"&ldquo;Parallel Lines &lt;br&gt; High Modernism in Croatia 1949\u20131998&rdquo; has been added to your cart\" role=\"button\">Add to cart<\/a>\t<span id=\"woocommerce_loop_add_to_cart_link_describedby_26467\" class=\"screen-reader-text\">\n\t\t\t<\/span>\n<\/li>\n<li class=\"product type-product post-26357 status-publish last instock product_cat-all-books product_cat-installation-art product_cat-new-arrivals product_cat-on-art product_cat-painting product_cat-sculpture product_cat-urban-art-en product_tag-abstraktion product_tag-autonomie-und-post-vandalische-tendenzen-in-der-kunst-der-gegenwart product_tag-kunstverein-hannover product_tag-under-the-milky-way has-post-thumbnail taxable shipping-taxable purchasable product-type-simple\">\n\t<a href=\"https:\/\/dcv-books.com\/en\/produkt\/under-the-milky-way-abstraktion-autonomie-und-post-vandalische-tendenzen-in-der-kunst-der-gegenwart\/\" class=\"woocommerce-LoopProduct-link woocommerce-loop-product__link\"><div class=\"image-wrapper\"><img decoding=\"async\" width=\"1917\" height=\"2500\" src=\"https:\/\/dcv-books.com\/wp-content\/uploads\/2025\/06\/MilkyWAY_Cover_4_web.jpg\" class=\"attachment-woocommerce_thumbnail size-woocommerce_thumbnail\" alt=\"Under the Milky Way -&lt;br&gt; Abstraktion, Autonomie und post-vandalische Tendenzen in der Kunst der Gegenwart\" \/><\/div><h2 class=\"woocommerce-loop-product__title\">Under the Milky Way <br> Abstraktion, Autonomie und post-vandalische Tendenzen in der Kunst der Gegenwart<\/h2>  <div class=\"woocommerce-loop-product__description\" itemprop=\"description\">\n    <p>The outdoors is now a school, the urban underworld a studio, and unchained anti-authority supersedes the influence of the academy and the market. This is where art movements come to life; Hidden Masters emerge who have recently also been taking the institutional stage. Some have a background in graffiti, others have studied painting; some used to be urban trespassers painting in places where they had to be vigilant, eluding the all-seeing eye of the authorities. The resulting art is best described by three terms: <em>abstraction<\/em>, <em>autonomy<\/em>, and\u2014depending on one\u2019s perspective\u2014<em>post-vandalism<\/em>. The exhibition <em>Under the Milky Way<\/em> presents captivating positions from these scenes across Europe. It is not a graffiti show but a creative transfer that invites abstract painting and other practices into the museum space. There are raw ideas, irony, autonomous art, and conceptual as well as anarchic approaches. What emerges, at times off-the-cuff, is an art of art, frequently expressing political stances, often with the boldness to do exactly what needs to be done.<\/p>\n<p>The book accompanying the exhibition at Kunstverein Hannover brings together several defining protagonists of this movement in a never-before-seen constellation. Though hailing from heterogeneous urban and creative scenes, they time and again find themselves <em>Under<\/em> <em>the Milky Way<\/em>: driven by an urge to seek freedom and creative action that is unattainable by daylight.<\/p>\n<p>Artists: Amos Angeles, Alexandre Bavard, C\u00e4cilia Brown, Stephen Burke, Bus 126, Brad Downey, Hams, Antwan Horfee, Klub7, Daniel Laufer, Mischa Leinkauf, Patrick Niemann, Moses und Taps, Christoph and Sebastian M\u00fcgge, Martina Morger, Rocco und seine Br\u00fcder, Veli Silver, Mathias Weinfurter, Angst Yok<\/p>\n<p>Book presentation on July 4, 2026, at 6 p.m. at the Kunstverein Hannover<br \/>\nMore information <a href=\"https:\/\/www.kunstverein-hannover.de\/en\/kalender\/8825-buchvorstellung\">here<\/a><\/p>\n  <\/div>\n\n\t<span class=\"price\"><span class=\"woocommerce-Price-amount amount\"><bdi>38<span class=\"woocommerce-Price-currencySymbol\">&euro;<\/span><\/bdi><\/span><\/span>\n<\/a><a href=\"\/en\/wp-json\/wp\/v2\/pages\/13187?add-to-cart=26357\" aria-describedby=\"woocommerce_loop_add_to_cart_link_describedby_26357\" data-quantity=\"1\" class=\"button product_type_simple add_to_cart_button ajax_add_to_cart\" data-product_id=\"26357\" data-product_sku=\"\" aria-label=\"Add to cart: &ldquo;Under the Milky Way - Abstraktion, Autonomie und post-vandalische Tendenzen in der Kunst der Gegenwart&rdquo;\" rel=\"nofollow\" data-success_message=\"&ldquo;Under the Milky Way -&lt;br&gt; Abstraktion, Autonomie und post-vandalische Tendenzen in der Kunst der Gegenwart&rdquo; has been added to your cart\" role=\"button\">Add to cart<\/a>\t<span id=\"woocommerce_loop_add_to_cart_link_describedby_26357\" class=\"screen-reader-text\">\n\t\t\t<\/span>\n<\/li>\n<li class=\"product type-product post-23815 status-publish first instock product_cat-all-books product_cat-installation-art product_cat-new-arrivals product_cat-sculpture product_cat-textile-art product_tag-chiharu-shiota-en product_tag-kunsthalle-praha-en product_tag-the-unsettled-soul-en has-post-thumbnail taxable shipping-taxable purchasable product-type-simple\">\n\t<a href=\"https:\/\/dcv-books.com\/en\/produkt\/23815\/\" class=\"woocommerce-LoopProduct-link woocommerce-loop-product__link\"><div class=\"image-wrapper\"><img decoding=\"async\" width=\"2037\" height=\"2500\" src=\"https:\/\/dcv-books.com\/wp-content\/uploads\/2024\/01\/Shiota_Cover_IMG_9724-Edit_crop_web.jpg\" class=\"attachment-woocommerce_thumbnail size-woocommerce_thumbnail\" alt=\"Chiharu Shiota -&lt;br&gt; The Unsettled Soul\" \/><\/div><h2 class=\"woocommerce-loop-product__title\">Chiharu Shiota <br> The Unsettled Soul<\/h2>  <div class=\"woocommerce-loop-product__description\" itemprop=\"description\">\n    <p><span style=\"font-weight: 400;\">Widely acclaimed for her distinctive visual language, which combines drawing, performance, sculpture, and installation art, Japanese artist Chiharu Shiota (b. 1972 in Osaka, lives and works in Berlin) addresses fundamental human concerns. Creating large-scale thread installations that incorporate a variety of everyday objects and memorabilia, she forms powerful environments that evoke a sense of nostalgia, personal history, and collective memory. The catalog accompanies the exhibition <\/span><i><span style=\"font-weight: 400;\">The Unsettled Soul<\/span><\/i><span style=\"font-weight: 400;\">, the first presentation of the artist in the Czech Republic. In addition to extensive photographic documentation of the exhibition at Kunsthalle Praha, the publication features an essay by Jason Waite discussing Shiota\u2019s early works as well as an interview with the artist conducted by the editor, Christelle Havranek, about her key themes and the creation of the Prague exhibition.<\/span><\/p>\n  <\/div>\n\n\t<span class=\"price\"><span class=\"woocommerce-Price-amount amount\"><bdi>48<span class=\"woocommerce-Price-currencySymbol\">&euro;<\/span><\/bdi><\/span><\/span>\n<\/a><a href=\"\/en\/wp-json\/wp\/v2\/pages\/13187?add-to-cart=23815\" aria-describedby=\"woocommerce_loop_add_to_cart_link_describedby_23815\" data-quantity=\"1\" class=\"button product_type_simple add_to_cart_button ajax_add_to_cart\" data-product_id=\"23815\" data-product_sku=\"\" aria-label=\"Add to cart: &ldquo;Chiharu Shiota - The Unsettled Soul&rdquo;\" rel=\"nofollow\" data-success_message=\"&ldquo;Chiharu Shiota -&lt;br&gt; The Unsettled Soul&rdquo; has been added to your cart\" role=\"button\">Add to cart<\/a>\t<span id=\"woocommerce_loop_add_to_cart_link_describedby_23815\" class=\"screen-reader-text\">\n\t\t\t<\/span>\n<\/li>\n<li class=\"product type-product post-24100 status-publish instock product_cat-all-books product_cat-installation-art product_cat-sculpture product_tag-echo-en product_tag-echo---en product_tag-elias-sime-en product_tag---en has-post-thumbnail taxable shipping-taxable purchasable product-type-simple\">\n\t<a href=\"https:\/\/dcv-books.com\/en\/produkt\/elias-sime-echo-%e1%8b%a8%e1%8c%88%e1%8b%b0%e1%88%8d-%e1%88%9b%e1%88%9a%e1%89%b6\/\" class=\"woocommerce-LoopProduct-link woocommerce-loop-product__link\"><div class=\"image-wrapper\"><img decoding=\"async\" width=\"2048\" height=\"1571\" src=\"https:\/\/dcv-books.com\/wp-content\/uploads\/2024\/01\/ELIAS-SIME_Ansicht-1_web-2048x1571.jpg\" class=\"attachment-woocommerce_thumbnail size-woocommerce_thumbnail\" alt=\"Elias Sime -&lt;br&gt; Echo \u12e8\u1308\u12f0\u120d \u121b\u121a\u1276\" \/><\/div><h2 class=\"woocommerce-loop-product__title\">Elias Sime <br> Echo \u12e8\u1308\u12f0\u120d \u121b\u121a\u1276<\/h2>  <div class=\"woocommerce-loop-product__description\" itemprop=\"description\">\n    <p><span style=\"font-weight: 400;\">Ethiopia&#8217;s multi-award-winning artist Elias Sime (born 1968 in Addis Ababa) impresses with monumental wall reliefs made of ornamentally interwoven wires and cables or sawn-up circuit boards. For years, together with his team, he has been tirelessly\u00a0<\/span><\/p>\n<p><span style=\"font-weight: 400;\">reworking discarded electronic components into complex and colorful assemblages. In doing so, he draws on traditional Ethiopian techniques of weaving, braiding and carving. Sime is interested in the &#8220;biography of the material&#8221; and each collage is a search for traces (of the local and global past). The artist obtains the electronic waste, which the countries of the global North are known to like to &#8220;dispose of&#8221; in the African continent, from the flea markets in Addis Ababa. His friezes are monuments both to the throwaway society and to global networking and interaction.<\/span><\/p>\n<p><i><span style=\"font-weight: 400;\">Echo <\/span><\/i><i><span style=\"font-weight: 400;\">\u12e8\u1308\u12f0\u120d<\/span><\/i> <i><span style=\"font-weight: 400;\">\u121b\u121a\u1276<\/span><\/i><span style=\"font-weight: 400;\">,<\/span><span style=\"font-weight: 400;\"> a richly illustrated book, gives an overview over the artist\u2019s fascinating career and is published on the occasion of the solo show at the Kunstpalast D\u00fcsseldorf. The volume includes insightful essays by Felicity Korn and Andria Hickey as well as an important conversation with Hans-Ulrich Obrist from 2016. Also discussed is the Zoma Museum complex, which was initiated by Sime (together with the curator Meskerem Assegued)\u2014a total work of art that is exemplary for sustainability and community building. <\/span><\/p>\n  <\/div>\n\n\t<span class=\"price\"><span class=\"woocommerce-Price-amount amount\"><bdi>35<span class=\"woocommerce-Price-currencySymbol\">&euro;<\/span><\/bdi><\/span><\/span>\n<\/a><a href=\"\/en\/wp-json\/wp\/v2\/pages\/13187?add-to-cart=24100\" aria-describedby=\"woocommerce_loop_add_to_cart_link_describedby_24100\" data-quantity=\"1\" class=\"button product_type_simple add_to_cart_button ajax_add_to_cart\" data-product_id=\"24100\" data-product_sku=\"\" aria-label=\"Add to cart: &ldquo;Elias Sime - Echo \u12e8\u1308\u12f0\u120d \u121b\u121a\u1276&rdquo;\" rel=\"nofollow\" data-success_message=\"&ldquo;Elias Sime -&lt;br&gt; Echo \u12e8\u1308\u12f0\u120d \u121b\u121a\u1276&rdquo; has been added to your cart\" role=\"button\">Add to cart<\/a>\t<span id=\"woocommerce_loop_add_to_cart_link_describedby_24100\" class=\"screen-reader-text\">\n\t\t\t<\/span>\n<\/li>\n<li class=\"product type-product post-24778 status-publish instock product_cat-all-books product_cat-drawing product_cat-installation-art product_cat-new-arrivals product_cat-on-art product_cat-painting product_cat-sculpture product_cat-textile-art product_cat-works-on-paper-en product_tag-brainlab-en product_tag-brazil product_tag-female-brazilian-artists product_tag-rooted-en product_tag-rooted-female-brazilian-artists product_tag-tereza-de-arruda-en product_tag-vilsmeier-linhares-collection has-post-thumbnail taxable shipping-taxable purchasable product-type-simple\">\n\t<a href=\"https:\/\/dcv-books.com\/en\/produkt\/rooted-female-brazilian-artists\/\" class=\"woocommerce-LoopProduct-link woocommerce-loop-product__link\"><div class=\"image-wrapper\"><img decoding=\"async\" width=\"1833\" height=\"2500\" src=\"https:\/\/dcv-books.com\/wp-content\/uploads\/2025\/03\/ROOTED_INHALT_ISUUU_250227-1_Cover_web.jpg\" class=\"attachment-woocommerce_thumbnail size-woocommerce_thumbnail\" alt=\"Rooted -&lt;br&gt; Female Brazilian Artists\" \/><\/div><h2 class=\"woocommerce-loop-product__title\">Rooted <br> Female Brazilian Artists<\/h2>  <div class=\"woocommerce-loop-product__description\" itemprop=\"description\">\n    <p><span style=\"font-weight: 400;\">The book\u00a0<\/span><i><span style=\"font-weight: 400;\">Rooted. Female Brazilian Artists<\/span><\/i><span style=\"font-weight: 400;\">, accompanies the eponymous exhibition at Brainlab\/Munich, which is open until the end of September 2025. The works of the 16 artists come from the collection of Sergio Linhares and Stefan Vilsmeier. The collectors present this selection hoping to illuminate important and difficult themes such as, among others, discrimination, displacement, and violence but also to remind of our shared rootedness in nature. \u201cArt has no obligation to comfort us; it can challenge, disrupt and\u00a0remind us that our coexistence is fragile.\u201d The volume shows installation views along with close-ups of the individual works and it includes short texts for each artist along with an essay by curator Tereza de Arruda.\u00a0<\/span><\/p>\n<p><strong>Artists: Marlene Almeida, Azuhli (Luiza Diogo Veras), Tarsila do Amaral, Beatrice Arraes, Carmezia Emiliano, Sonia Gomes, I\u00eada Jardim, Lucia Laguna, Laura Lima, Rosilene Luduvico, Rosana Paulino, Solange Pessoa, Paula Siebra, Luzia Simons, N\u00e1dia Taquary, Alexsandra Ribeiro, Larissa de Souza<\/strong><\/p>\n  <\/div>\n\n\t<span class=\"price\"><span class=\"woocommerce-Price-amount amount\"><bdi>28<span class=\"woocommerce-Price-currencySymbol\">&euro;<\/span><\/bdi><\/span><\/span>\n<\/a><a href=\"\/en\/wp-json\/wp\/v2\/pages\/13187?add-to-cart=24778\" aria-describedby=\"woocommerce_loop_add_to_cart_link_describedby_24778\" data-quantity=\"1\" class=\"button product_type_simple add_to_cart_button ajax_add_to_cart\" data-product_id=\"24778\" data-product_sku=\"\" aria-label=\"Add to cart: &ldquo;Rooted - Female Brazilian Artists&rdquo;\" rel=\"nofollow\" data-success_message=\"&ldquo;Rooted -&lt;br&gt; Female Brazilian Artists&rdquo; has been added to your cart\" role=\"button\">Add to cart<\/a>\t<span id=\"woocommerce_loop_add_to_cart_link_describedby_24778\" class=\"screen-reader-text\">\n\t\t\t<\/span>\n<\/li>\n<li class=\"product type-product post-24088 status-publish last instock product_cat-all-books product_cat-drawing product_cat-film-and-video product_cat-installation-art product_cat-new-arrivals product_cat-textile-art product_tag-aline-schwibbe-en product_tag-now-its-dark-en has-post-thumbnail taxable shipping-taxable purchasable product-type-simple\">\n\t<a href=\"https:\/\/dcv-books.com\/en\/produkt\/aline-schwibbe-now-its-dark\/\" class=\"woocommerce-LoopProduct-link woocommerce-loop-product__link\"><div class=\"image-wrapper\"><img decoding=\"async\" width=\"1684\" height=\"2500\" src=\"https:\/\/dcv-books.com\/wp-content\/uploads\/2024\/01\/ALINE_SCHWIBBE_UMSCHLAG_250110_web.jpg\" class=\"attachment-woocommerce_thumbnail size-woocommerce_thumbnail\" alt=\"Aline Schwibbe -&lt;br&gt; Now It\u2019s Dark\" \/><\/div><h2 class=\"woocommerce-loop-product__title\">Aline Schwibbe <br> Now It\u2019s Dark<\/h2>  <div class=\"woocommerce-loop-product__description\" itemprop=\"description\">\n    <p><span style=\"font-weight: 400;\">Aline Schwibbe (b. Hamm 1988; lives and works in Berlin) studied both psychology and art and her interest lies in observing the cyclical nature of events and experiences\u2014in memory, in dreams and in the reality of the present. Her films and her photographic and mixed-media sequences often appear like fragments of occurrences snatched from the dark and exposed multiple times in an attempt to make them visible.\u00a0<\/span><\/p>\n<p><span style=\"font-weight: 400;\">The artist\u2019s first monograph is published on the occasion of her solo exhibition <\/span><i><span style=\"font-weight: 400;\">Now It\u2018s Dark <\/span><\/i><span style=\"font-weight: 400;\">at the EIGEN+ART Lab Berlin. The book introduces Schwibbe\u2019s extensive multidisciplinary practice, which besides drawing, photography and video also includes sculpture, animation, sound installations, and textile projects.<\/span><\/p>\n<p><a href=\"https:\/\/dcv-books.com\/en\/aline-schwibbe\/\">Limited artist edition available<\/a><\/p>\n  <\/div>\n\n\t<span class=\"price\"><span class=\"woocommerce-Price-amount amount\"><bdi>28<span class=\"woocommerce-Price-currencySymbol\">&euro;<\/span><\/bdi><\/span><\/span>\n<\/a><a href=\"\/en\/wp-json\/wp\/v2\/pages\/13187?add-to-cart=24088\" aria-describedby=\"woocommerce_loop_add_to_cart_link_describedby_24088\" data-quantity=\"1\" class=\"button product_type_simple add_to_cart_button ajax_add_to_cart\" data-product_id=\"24088\" data-product_sku=\"\" aria-label=\"Add to cart: &ldquo;Aline Schwibbe - Now It\u2019s Dark&rdquo;\" rel=\"nofollow\" data-success_message=\"&ldquo;Aline Schwibbe -&lt;br&gt; Now It\u2019s Dark&rdquo; has been added to your cart\" role=\"button\">Add to cart<\/a>\t<span id=\"woocommerce_loop_add_to_cart_link_describedby_24088\" class=\"screen-reader-text\">\n\t\t\t<\/span>\n<\/li>\n<li class=\"product type-product post-24107 status-publish first instock product_cat-all-books product_cat-installation-art product_cat-new-arrivals product_cat-sculpture product_tag-matilde-damele-en product_tag-matilde-damele-new-york-1999-2014-en has-post-thumbnail taxable shipping-taxable purchasable product-type-simple\">\n\t<a href=\"https:\/\/dcv-books.com\/en\/produkt\/matilde-damele-new-york-1999-2014\/\" class=\"woocommerce-LoopProduct-link woocommerce-loop-product__link\"><div class=\"image-wrapper\"><img decoding=\"async\" width=\"2048\" height=\"2562\" src=\"https:\/\/dcv-books.com\/wp-content\/uploads\/2024\/12\/Book-cover-New-York-1999-20141-2048x2562.jpg\" class=\"attachment-woocommerce_thumbnail size-woocommerce_thumbnail\" alt=\"Matilde Damele \u2013&lt;br&gt; New York. 1999-2014\" \/><\/div><h2 class=\"woocommerce-loop-product__title\">Matilde Damele <br> New York. 1999-2014<\/h2>  <div class=\"woocommerce-loop-product__description\" itemprop=\"description\">\n    <p><span style=\"font-weight: 400;\">New York and street photography were made for each other, which is why Matilde Damele (b. Bologna; lives and works in Rome), a master of the genre, left home for the big city in the late 1990s. She spent fifteen years in New York, and now her forays have congealed in this singular picture book. The light, the skyscraper-lined avenues, the pedestrians hurrying past and their loneliness in crowds\u2014nimbly wielding her camera, Damele recorded all of it in classic black and white. The result is an outstanding portrait of a forward-looking metropolis that continually draws our attention to its past.<\/span><\/p>\n<p>&nbsp;<\/p>\n  <\/div>\n\n\t<span class=\"price\"><span class=\"woocommerce-Price-amount amount\"><bdi>35<span class=\"woocommerce-Price-currencySymbol\">&euro;<\/span><\/bdi><\/span><\/span>\n<\/a><a href=\"\/en\/wp-json\/wp\/v2\/pages\/13187?add-to-cart=24107\" aria-describedby=\"woocommerce_loop_add_to_cart_link_describedby_24107\" data-quantity=\"1\" class=\"button product_type_simple add_to_cart_button ajax_add_to_cart\" data-product_id=\"24107\" data-product_sku=\"\" aria-label=\"Add to cart: &ldquo;Matilde Damele \u2013 New York. 1999-2014&rdquo;\" rel=\"nofollow\" data-success_message=\"&ldquo;Matilde Damele \u2013&lt;br&gt; New York. 1999-2014&rdquo; has been added to your cart\" role=\"button\">Add to cart<\/a>\t<span id=\"woocommerce_loop_add_to_cart_link_describedby_24107\" class=\"screen-reader-text\">\n\t\t\t<\/span>\n<\/li>\n<li class=\"product type-product post-22628 status-publish instock product_cat-all-books product_cat-installation-art product_cat-new-arrivals product_cat-sculpture product_cat-urban-art-en product_tag-cudelice-brazelton-iv-en product_tag-mortal-surface-en has-post-thumbnail taxable shipping-taxable purchasable product-type-simple\">\n\t<a href=\"https:\/\/dcv-books.com\/en\/produkt\/cudelice-brazelton-iv-mortal-surface\/\" class=\"woocommerce-LoopProduct-link woocommerce-loop-product__link\"><div class=\"image-wrapper\"><img decoding=\"async\" width=\"1526\" height=\"1958\" src=\"https:\/\/dcv-books.com\/wp-content\/uploads\/2024\/01\/250115_Mortal_Surface_Cover_Mockup_crop_web.jpg\" class=\"attachment-woocommerce_thumbnail size-woocommerce_thumbnail\" alt=\"Cudelice Brazelton IV -&lt;br&gt; Mortal Surface\" \/><\/div><h2 class=\"woocommerce-loop-product__title\">Cudelice Brazelton IV <br> Mortal Surface<\/h2>  <div class=\"woocommerce-loop-product__description\" itemprop=\"description\">\n    <p><span style=\"font-weight: 400;\">Cudelice Brazelton IV\u2019s works are magnets. He uses them to glean what he finds in the urban landscape, in the street, in factories and studios: fabric, leather, metal, cardboard, and all sorts of implements. He arranges these materials and things atop one another and side by side in collages, assemblages, and sculptures, staging encounters also between the contexts in which they originated and what he calls their \u201cundercurrents,\u201d their subtexts. Such frames of reference, including that of the exhibition space, play a key role in his art, an aspect he will occasionally engage quite explicitly, creating site-specific works for some settings. This makes the space the context and a part of the piece, sometimes physically so, as when Brazelton works directly on the walls. The recent works gathered in this catalogue were displayed in a former railcar repair workshop. It is hard to imagine a more industrial, \u201cmetallic\u201d environment. There, as between the covers of this catalogue, Brazelton\u2019s works appear to their fullest advantage, becoming veritable magnets drawing the gaze.<\/span><\/p>\n  <\/div>\n\n\t<span class=\"price\"><span class=\"woocommerce-Price-amount amount\"><bdi>35<span class=\"woocommerce-Price-currencySymbol\">&euro;<\/span><\/bdi><\/span><\/span>\n<\/a><a href=\"\/en\/wp-json\/wp\/v2\/pages\/13187?add-to-cart=22628\" aria-describedby=\"woocommerce_loop_add_to_cart_link_describedby_22628\" data-quantity=\"1\" class=\"button product_type_simple add_to_cart_button ajax_add_to_cart\" data-product_id=\"22628\" data-product_sku=\"\" aria-label=\"Add to cart: &ldquo;Cudelice Brazelton IV - Mortal Surface&rdquo;\" rel=\"nofollow\" data-success_message=\"&ldquo;Cudelice Brazelton IV -&lt;br&gt; Mortal Surface&rdquo; has been added to your cart\" role=\"button\">Add to cart<\/a>\t<span id=\"woocommerce_loop_add_to_cart_link_describedby_22628\" class=\"screen-reader-text\">\n\t\t\t<\/span>\n<\/li>\n<li class=\"product type-product post-17424 status-publish instock product_cat-all-books product_cat-installation-art product_cat-new-arrivals product_cat-painting product_tag-2022-en product_tag-michel-majerus-en product_tag-michel-majerus-2022-en has-post-thumbnail taxable shipping-taxable purchasable product-type-simple\">\n\t<a href=\"https:\/\/dcv-books.com\/en\/produkt\/michel-majerus-2022\/\" class=\"woocommerce-LoopProduct-link woocommerce-loop-product__link\"><div class=\"image-wrapper\"><img decoding=\"async\" width=\"2048\" height=\"2645\" src=\"https:\/\/dcv-books.com\/wp-content\/uploads\/2022\/05\/221130_DCV_Michel_Majerus_Cover-2048x2645.jpg\" class=\"attachment-woocommerce_thumbnail size-woocommerce_thumbnail\" alt=\"Michel Majerus\" \/><\/div><h2 class=\"woocommerce-loop-product__title\">Michel Majerus 2022<\/h2>  <div class=\"woocommerce-loop-product__description\" itemprop=\"description\">\n    <p>Michel Majerus (1967\u20132002) ranks among the most interesting painters of his generation and left a singular and multifaceted oeuvre that still speaks powerfully to contemporary concerns. His works quote phenomena of everyday culture such as comic strips, advertisements, and videogames as well as sources of inspiration from art history ranging from minimalism to Pop Art. Decontextualizing the different elements of pictures, he integrated them into novel contexts of meaning by, for instance, setting them on a par with art-historical references.<\/p>\n<p>Twenty years after his death, a series of exhibitions throughout Germany showcase different periods and aspects of his creative output. Five solo exhibitions at the KW Institute for Contemporary Art, the Neuer Berliner Kunstverein (n.b.k.), the Kunstverein in Hamburg, the Michel Majerus Estate, and Galerie neugerriemschneider, Berlin, pay tribute to Michel Majerus\u2019s art in unprecedented breadth.<\/p>\n<p>Concurrently, thirteen museums mount presentations of works by Michel Majerus from their collections: Ludwig Forum Aachen; Kunsthalle Bielefeld; Kunstmuseum Bonn; Museum Folkwang, Essen; Sprengel Museum Hannover; Museum Ludwig, Cologne; Kunsthalle Mannheim; St\u00e4dtische Galerie im Lenbachhaus, Munich; Neues Museum Nu\u0308rnberg, Nuremberg; Saarlandmuseum\u2014Moderne Galerie, Saarbr\u00fccken; Kunstmuseum Stuttgart; Staatsgalerie Stuttgart; and Kunstmuseum Wolfsburg.<\/p>\n<p>The extensive publication accompanying the exhibition series <em>Michel Majerus 2022<\/em> includes three essays and two artists\u2019 contributions as well as visual documentation of the exhibitions and presentations from the collections. It is rounded out by a biographical sketch of Michel Majerus, a history of exhibitions of his work, and archival photographs.<\/p>\n  <\/div>\n\n\t<span class=\"price\"><span class=\"woocommerce-Price-amount amount\"><bdi>49<span class=\"woocommerce-Price-currencySymbol\">&euro;<\/span><\/bdi><\/span><\/span>\n<\/a><a href=\"\/en\/wp-json\/wp\/v2\/pages\/13187?add-to-cart=17424\" aria-describedby=\"woocommerce_loop_add_to_cart_link_describedby_17424\" data-quantity=\"1\" class=\"button product_type_simple add_to_cart_button ajax_add_to_cart\" data-product_id=\"17424\" data-product_sku=\"\" aria-label=\"Add to cart: &ldquo;Michel Majerus 2022&rdquo;\" rel=\"nofollow\" data-success_message=\"&ldquo;Michel Majerus 2022&rdquo; has been added to your cart\" role=\"button\">Add to cart<\/a>\t<span id=\"woocommerce_loop_add_to_cart_link_describedby_17424\" class=\"screen-reader-text\">\n\t\t\t<\/span>\n<\/li>\n<li class=\"product type-product post-22314 status-publish last instock product_cat-all-books product_cat-installation-art product_cat-new-arrivals product_cat-sculpture product_tag-verena-issel-en product_tag-yellow-pages-en product_tag-yellow-pages-installations-and-their-individual-components-en has-post-thumbnail taxable shipping-taxable purchasable product-type-simple\">\n\t<a href=\"https:\/\/dcv-books.com\/en\/produkt\/verena-issel-yellow-pages-installations-and-their-individual-components\/\" class=\"woocommerce-LoopProduct-link woocommerce-loop-product__link\"><div class=\"image-wrapper\"><img decoding=\"async\" width=\"2048\" height=\"2599\" src=\"https:\/\/dcv-books.com\/wp-content\/uploads\/2024\/05\/YellowPages_VerenaIssel_Cover_web-2048x2599.jpg\" class=\"attachment-woocommerce_thumbnail size-woocommerce_thumbnail\" alt=\"Verena Issel -&lt;br&gt; Yellow Pages. Installations and their individual components\" \/><\/div><h2 class=\"woocommerce-loop-product__title\">Verena Issel <br> Yellow Pages. Installations and their individual components<\/h2>  <div class=\"woocommerce-loop-product__description\" itemprop=\"description\">\n    <p><span style=\"font-weight: 400;\">Verena Issel\u2019s installations feel friendly and inviting, they are soft, round, colorful\u2014we cannot but smile when we look at them. The sculptures and pictures she makes for them are replicas, sometimes laced with irony, of familiar objects from nature and culture\u2014palm trees, ancient columns, and more\u2014which she manufactures out of materials that surround us in everyday life and the domestic sphere such as an old bag, foamed plastic fragments, or a drainpipe. They are awkward giants, monochrome, simplified, two- and three-dimensional forms that wish us no ill. Taking a closer look, we realize that they embody what has been lost, that they are a plastic version of what we are destroying or have destroyed already: nature, obviously, but also ourselves and our cultural and social achievements. Their merriment and sympathy are tinged with melancholy, and the loss is doubly painful when we consider that the sculptures and graphic art are filled with no more than an imitation of life, and an exaggerated one. This catalogue presents a survey of Issel\u2019s diverse and sprawling oeuvre. Expertly choreographed shots of the colorful works convey vivid impressions of her installations.<\/span><\/p>\n<p>&nbsp;<\/p>\n  <\/div>\n\n\t<span class=\"price\"><span class=\"woocommerce-Price-amount amount\"><bdi>45<span class=\"woocommerce-Price-currencySymbol\">&euro;<\/span><\/bdi><\/span><\/span>\n<\/a><a href=\"\/en\/wp-json\/wp\/v2\/pages\/13187?add-to-cart=22314\" aria-describedby=\"woocommerce_loop_add_to_cart_link_describedby_22314\" data-quantity=\"1\" class=\"button product_type_simple add_to_cart_button ajax_add_to_cart\" data-product_id=\"22314\" data-product_sku=\"\" aria-label=\"Add to cart: &ldquo;Verena Issel - Yellow Pages. Installations and their individual components&rdquo;\" rel=\"nofollow\" data-success_message=\"&ldquo;Verena Issel -&lt;br&gt; Yellow Pages. Installations and their individual components&rdquo; has been added to your cart\" role=\"button\">Add to cart<\/a>\t<span id=\"woocommerce_loop_add_to_cart_link_describedby_22314\" class=\"screen-reader-text\">\n\t\t\t<\/span>\n<\/li>\n<li class=\"product type-product post-22703 status-publish first instock product_cat-all-books product_cat-installation-art product_cat-new-arrivals product_cat-sculpture product_tag-mk-kaehne-en product_tag--en has-post-thumbnail taxable shipping-taxable purchasable product-type-simple\">\n\t<a href=\"https:\/\/dcv-books.com\/en\/produkt\/mk-kaehne-%cf%80-314159\/\" class=\"woocommerce-LoopProduct-link woocommerce-loop-product__link\"><div class=\"image-wrapper\"><img decoding=\"async\" width=\"2048\" height=\"1792\" src=\"https:\/\/dcv-books.com\/wp-content\/uploads\/2024\/06\/MK-Kaehne_Pi-314159_UMSCHLAG-BREIT-MK-03a_web-2048x1792.jpg\" class=\"attachment-woocommerce_thumbnail size-woocommerce_thumbnail\" alt=\"MK Kaehne -&lt;br&gt; \u03a0 = 3,14159\" \/><\/div><h2 class=\"woocommerce-loop-product__title\">MK Kaehne <br> \u03a0 = 3,14159<\/h2>  <div class=\"woocommerce-loop-product__description\" itemprop=\"description\">\n    <p><span style=\"font-weight: 400;\">The biography of conceptual artist MK Kaehne (b. Vilnius, 1963; lives and works in Berlin) oscillates between Vilnius, Moscow and Berlin. Influenced by Russian Constructivism, he draws and builds suitcase sculptures with a department store aesthetic, a reversal of the readymade principle. His focus gradually shifted from the formal to the psychological, towards life-size figures such as <\/span><i><span style=\"font-weight: 400;\">It&#8217;s me<\/span><\/i><span style=\"font-weight: 400;\"> (2023): a hyper-realistic replica of himself, lying upside down in the mud, with a garden gnome next to him. Kaehne&#8217;s work is strictly analytical, but the results are full of tragedy and irony. Unintentional drawings, in which biographical, Dadaist and political elements merge, accompany his oeuvre. A total work of art that traces personal and social development.<\/span><\/p>\n  <\/div>\n\n\t<span class=\"price\"><span class=\"woocommerce-Price-amount amount\"><bdi>35<span class=\"woocommerce-Price-currencySymbol\">&euro;<\/span><\/bdi><\/span><\/span>\n<\/a><a href=\"\/en\/wp-json\/wp\/v2\/pages\/13187?add-to-cart=22703\" aria-describedby=\"woocommerce_loop_add_to_cart_link_describedby_22703\" data-quantity=\"1\" class=\"button product_type_simple add_to_cart_button ajax_add_to_cart\" data-product_id=\"22703\" data-product_sku=\"\" aria-label=\"Add to cart: &ldquo;MK Kaehne - \u03a0 = 3,14159&rdquo;\" rel=\"nofollow\" data-success_message=\"&ldquo;MK Kaehne -&lt;br&gt; \u03a0 = 3,14159&rdquo; has been added to your cart\" role=\"button\">Add to cart<\/a>\t<span id=\"woocommerce_loop_add_to_cart_link_describedby_22703\" class=\"screen-reader-text\">\n\t\t\t<\/span>\n<\/li>\n<li class=\"product type-product post-21293 status-publish instock product_cat-all-books product_cat-installation-art product_cat-new-arrivals product_cat-sculpture product_tag-elmgreen-dragset-en product_tag-kunsthalle-praha-en product_tag-read-en has-post-thumbnail taxable shipping-taxable purchasable product-type-simple\">\n\t<a href=\"https:\/\/dcv-books.com\/en\/produkt\/elmgreen-dragset-read\/\" class=\"woocommerce-LoopProduct-link woocommerce-loop-product__link\"><div class=\"image-wrapper\"><img decoding=\"async\" width=\"2048\" height=\"2869\" src=\"https:\/\/dcv-books.com\/wp-content\/uploads\/2023\/11\/Catalogue-READ_-cover_front_web-2048x2869.jpg\" class=\"attachment-woocommerce_thumbnail size-woocommerce_thumbnail\" alt=\"ELMGREEN &amp; DRAGSET -&lt;br&gt; READ\" \/><\/div><h2 class=\"woocommerce-loop-product__title\">ELMGREEN &#038; DRAGSET <br> READ<\/h2>  <div class=\"woocommerce-loop-product__description\" itemprop=\"description\">\n    <p>Throughout their careers, the artist duo Elmgreen &amp; Dragset (Michael Elmgreen, b. Copenhagen, Denmark, 1961, and Ingar Dragset, b. Trondheim, Norway, 1969, live and work in Berlin) have<strong> eschewed the traditional \u201cWhite Cube\u201d exhibition format<\/strong> by creating large-scale installations and staging narrative situations in which autobiographical quotes blend with fictional stories and cultural references.<\/p>\n<p>For the<strong> solo exhibition <\/strong><em>READ<\/em><em>,<\/em> <strong>Elmgreen &amp; Dragset have <\/strong>transformed Kunsthalle Praha into <strong>a minimalist version of a modern public library<\/strong> to prompt reflections on our relationship with physical books and knowledge in the age of digital media. With <strong>new works by Elmgreen &amp; Dragset<\/strong> as well as performances, videos, collages, paintings, and sculptures by other artists, <em>READ<\/em> also probes the relation between books and the making of art.<\/p>\n<p>This richly illustrated publication documents the dynamic interaction between language, books, and art. With contributions from renowned scholars and a curatorial text by Elmgreen &amp; Dragset.<\/p>\n  <\/div>\n\n\t<span class=\"price\"><span class=\"woocommerce-Price-amount amount\"><bdi>48<span class=\"woocommerce-Price-currencySymbol\">&euro;<\/span><\/bdi><\/span><\/span>\n<\/a><a href=\"\/en\/wp-json\/wp\/v2\/pages\/13187?add-to-cart=21293\" aria-describedby=\"woocommerce_loop_add_to_cart_link_describedby_21293\" data-quantity=\"1\" class=\"button product_type_simple add_to_cart_button ajax_add_to_cart\" data-product_id=\"21293\" data-product_sku=\"\" aria-label=\"Add to cart: &ldquo;ELMGREEN &amp; DRAGSET - READ&rdquo;\" rel=\"nofollow\" data-success_message=\"&ldquo;ELMGREEN &amp; DRAGSET -&lt;br&gt; READ&rdquo; has been added to your cart\" role=\"button\">Add to cart<\/a>\t<span id=\"woocommerce_loop_add_to_cart_link_describedby_21293\" class=\"screen-reader-text\">\n\t\t\t<\/span>\n<\/li>\n<li class=\"product type-product post-22787 status-publish instock product_cat-drawing product_cat-installation-art product_cat-new-arrivals product_cat-on-art product_cat-painting product_cat-photography product_cat-sculpture product_cat-textile-art product_cat-works-on-paper-en product_tag-draiflessen-collection-en product_tag-sprache-text-bild-en has-post-thumbnail taxable shipping-taxable purchasable product-type-simple\">\n\t<a href=\"https:\/\/dcv-books.com\/en\/produkt\/sprache-text-bild\/\" class=\"woocommerce-LoopProduct-link woocommerce-loop-product__link\"><div class=\"image-wrapper\"><img decoding=\"async\" width=\"2048\" height=\"2493\" src=\"https:\/\/dcv-books.com\/wp-content\/uploads\/2024\/06\/SpracheTextBild_Cover_web-2048x2493.jpg\" class=\"attachment-woocommerce_thumbnail size-woocommerce_thumbnail\" alt=\"Sprache\/Text\/Bild -&lt;br&gt;\" \/><\/div><h2 class=\"woocommerce-loop-product__title\">Sprache\/Text\/Bild <br><\/h2>  <div class=\"woocommerce-loop-product__description\" itemprop=\"description\">\n    <p><span style=\"font-weight: 400;\">Spoken words, writing, and images originate in social and cultural contexts and so are fraught with meanings, are vehicles of values and norms. They inevitably also demarcate boundaries, serving to class people as members of groups or outsiders. This adds to the urgency of the question of what can in fact be said and shown, and who or what determines those limits. The present catalog addresses these concerns through a survey of eminent art of the twentieth and twenty-first centuries. The works gathered in it speak to mechanisms of inclusion and exclusion, to categorizations and the narratives that were created to sustain them. And they remind us that these phenomena are human-made, which is also to say, susceptible to change\u2014that we share responsibility for them.<\/span><\/p>\n<p>Artists: John Baldessari, Maria Bartuszov\u00e1, Alice Bidault, Alejandro Cesarco, Ay\u015fe Erkmen, Nadine Fecht, Gary Hill, Janice Kerbel, Gabriel Kladek, Gordon Parks, The National AIDS Memorial, Markus Vater, Gillian Wearing<\/p>\n  <\/div>\n\n\t<span class=\"price\"><span class=\"woocommerce-Price-amount amount\"><bdi>32<span class=\"woocommerce-Price-currencySymbol\">&euro;<\/span><\/bdi><\/span><\/span>\n<\/a><a href=\"\/en\/wp-json\/wp\/v2\/pages\/13187?add-to-cart=22787\" aria-describedby=\"woocommerce_loop_add_to_cart_link_describedby_22787\" data-quantity=\"1\" class=\"button product_type_simple add_to_cart_button ajax_add_to_cart\" data-product_id=\"22787\" data-product_sku=\"\" aria-label=\"Add to cart: &ldquo;Sprache\/Text\/Bild -&rdquo;\" rel=\"nofollow\" data-success_message=\"&ldquo;Sprache\/Text\/Bild -&lt;br&gt;&rdquo; has been added to your cart\" role=\"button\">Add to cart<\/a>\t<span id=\"woocommerce_loop_add_to_cart_link_describedby_22787\" class=\"screen-reader-text\">\n\t\t\t<\/span>\n<\/li>\n<li class=\"product type-product post-22805 status-publish last instock product_cat-drawing product_cat-installation-art product_cat-new-arrivals product_cat-on-art product_cat-painting product_cat-photography product_cat-sculpture product_cat-textile-art product_cat-works-on-paper-en product_tag-draiflessen-collection-en product_tag-language-text-image-en has-post-thumbnail taxable shipping-taxable purchasable product-type-simple\">\n\t<a href=\"https:\/\/dcv-books.com\/en\/produkt\/language-text-image\/\" class=\"woocommerce-LoopProduct-link woocommerce-loop-product__link\"><div class=\"image-wrapper\"><img decoding=\"async\" width=\"2048\" height=\"2493\" src=\"https:\/\/dcv-books.com\/wp-content\/uploads\/2024\/06\/draif_STB_Vorschau_cover_en_web-2048x2493.jpg\" class=\"attachment-woocommerce_thumbnail size-woocommerce_thumbnail\" alt=\"Language\/Text\/Image -&lt;br&gt;\" \/><\/div><h2 class=\"woocommerce-loop-product__title\">Language\/Text\/Image <br><\/h2>  <div class=\"woocommerce-loop-product__description\" itemprop=\"description\">\n    <p><span style=\"font-weight: 400;\">Spoken words, writing, and images originate in social and cultural contexts and so are fraught with meanings, are vehicles of values and norms. They inevitably also demarcate boundaries, serving to class people as members of groups or outsiders. This adds to the urgency of the question of what can in fact be said and shown, and who or what determines those limits. The present catalog addresses these concerns through a survey of eminent art of the twentieth and twenty-first centuries. The works gathered in it speak to mechanisms of inclusion and exclusion, to categorizations and the narratives that were created to sustain them. And they remind us that these phenomena are human-made, which is also to say, susceptible to change\u2014that we share responsibility for them.<\/span><\/p>\n<p><span style=\"font-weight: 400;\">Artists: John Baldessari, Maria Bartuszov\u00e1, Alice Bidault, Alejandro Cesarco, Ay\u015fe Erkmen, Nadine Fecht, Gary Hill, Janice Kerbel, Gabriel Kladek, Gordon Parks, The National AIDS Memorial, Markus Vater, Gillian Wearing<\/span><\/p>\n  <\/div>\n\n\t<span class=\"price\"><span class=\"woocommerce-Price-amount amount\"><bdi>32<span class=\"woocommerce-Price-currencySymbol\">&euro;<\/span><\/bdi><\/span><\/span>\n<\/a><a href=\"\/en\/wp-json\/wp\/v2\/pages\/13187?add-to-cart=22805\" aria-describedby=\"woocommerce_loop_add_to_cart_link_describedby_22805\" data-quantity=\"1\" class=\"button product_type_simple add_to_cart_button ajax_add_to_cart\" data-product_id=\"22805\" data-product_sku=\"\" aria-label=\"Add to cart: &ldquo;Language\/Text\/Image -&rdquo;\" rel=\"nofollow\" data-success_message=\"&ldquo;Language\/Text\/Image -&lt;br&gt;&rdquo; has been added to your cart\" role=\"button\">Add to cart<\/a>\t<span id=\"woocommerce_loop_add_to_cart_link_describedby_22805\" class=\"screen-reader-text\">\n\t\t\t<\/span>\n<\/li>\n<li class=\"product type-product post-22607 status-publish first instock product_cat-all-books product_cat-installation-art product_cat-new-arrivals product_cat-sculpture product_tag-new-entries-in-the-mnac-collection-en product_tag-puls-20-en has-post-thumbnail taxable shipping-taxable purchasable product-type-simple\">\n\t<a href=\"https:\/\/dcv-books.com\/en\/produkt\/puls-20-new-entries-in-the-mnac-collection\/\" class=\"woocommerce-LoopProduct-link woocommerce-loop-product__link\"><div class=\"image-wrapper\"><img decoding=\"async\" width=\"2048\" height=\"2440\" src=\"https:\/\/dcv-books.com\/wp-content\/uploads\/2024\/06\/PULS20_Cover_web-2048x2440.jpg\" class=\"attachment-woocommerce_thumbnail size-woocommerce_thumbnail\" alt=\"PULS 20 -&lt;br&gt; New Entries in the MNAC Collection\" \/><\/div><h2 class=\"woocommerce-loop-product__title\">PULS 20 <br> New Entries in the MNAC Collection<\/h2>  <div class=\"woocommerce-loop-product__description\" itemprop=\"description\">\n    <p><i><span style=\"font-weight: 400;\">PULS 20<\/span><\/i><span style=\"font-weight: 400;\"> unites the most valuable finds from a communal treasure hunt. Exponents of the Romanian arts scene and representatives of the National Museum of Contemporary Art (MNAC) in Bucharest teamed up to review the oeuvres of countless eminent Romanian artists and select works of outstanding quality that reflect the diversity of the country\u2019s creative production over the past fifty years. In time for the celebrations of MNAC\u2019s twentieth anniversary in 2020, the institution acquired the 180 works reproduced in this catalogue. That makes <\/span><i><span style=\"font-weight: 400;\">PULS 20<\/span><\/i><span style=\"font-weight: 400;\"> a singular document in two respects: it gathers a selection of key works of Romanian art that is unprecedented in its breadth between the covers of a book; and it is the result of a successful cooperative curatorial process, an organic discourse involving a wide variety of participants, demonstrating that democratic dialogue in art is not just possible but also extraordinarily fruitful and indeed necessary. All in all, this catalogue is the perfect choice both for newcomers to Romanian contemporary art and for specialists.<\/span><\/p>\n<p>&nbsp;<\/p>\n  <\/div>\n\n\t<span class=\"price\"><span class=\"woocommerce-Price-amount amount\"><bdi>36<span class=\"woocommerce-Price-currencySymbol\">&euro;<\/span><\/bdi><\/span><\/span>\n<\/a><a href=\"\/en\/wp-json\/wp\/v2\/pages\/13187?add-to-cart=22607\" aria-describedby=\"woocommerce_loop_add_to_cart_link_describedby_22607\" data-quantity=\"1\" class=\"button product_type_simple add_to_cart_button ajax_add_to_cart\" data-product_id=\"22607\" data-product_sku=\"\" aria-label=\"Add to cart: &ldquo;PULS 20 - New Entries in the MNAC Collection&rdquo;\" rel=\"nofollow\" data-success_message=\"&ldquo;PULS 20 -&lt;br&gt; New Entries in the MNAC Collection&rdquo; has been added to your cart\" role=\"button\">Add to cart<\/a>\t<span id=\"woocommerce_loop_add_to_cart_link_describedby_22607\" class=\"screen-reader-text\">\n\t\t\t<\/span>\n<\/li>\n<li class=\"product type-product post-21469 status-publish instock product_cat-all-books product_cat-installation-art product_cat-new-arrivals product_cat-painting product_tag-cornelia-baltes-en product_tag-dingbats-en has-post-thumbnail taxable shipping-taxable purchasable product-type-simple\">\n\t<a href=\"https:\/\/dcv-books.com\/en\/produkt\/cornelia-baltes-dingbats\/\" class=\"woocommerce-LoopProduct-link woocommerce-loop-product__link\"><div class=\"image-wrapper\"><img decoding=\"async\" width=\"1830\" height=\"2500\" src=\"https:\/\/dcv-books.com\/wp-content\/uploads\/2023\/12\/Cover_CB_web.jpg\" class=\"attachment-woocommerce_thumbnail size-woocommerce_thumbnail\" alt=\"Cornelia Baltes -&lt;br&gt; Dingbats\" \/><\/div><h2 class=\"woocommerce-loop-product__title\">Cornelia Baltes <br> Dingbats<\/h2>  <div class=\"woocommerce-loop-product__description\" itemprop=\"description\">\n    <p>Cornelia Baltes\u2019s (b. M\u00f6nchengladbach, 1978; lives and works in Berlin) paintings and installation straddle the divide between abstraction and figuration. Her pictures are inspired by observations of mundane details\u2014apparel, body parts, or facial expressions\u2014that she pares down to simple lines and shapes. Rendered in vibrant colors and gestural fields, they hint at a narrative in the pictorial space. Baltes works with steadily modulated color gradients, on which she places thick and assertive marks. She often interrogates the painted picture\u2019s function, by painting on the wall beyond the rectangle of the canvas, by hanging a picture in the middle of the room as an object in its own right or laying it out on the floor. Her works blend Pop Art and minimalism with an intensity and dynamic energy\u2014and, sometimes, unmistakable flashes of humor\u2014that cannot fail to captivate the beholder.<\/p>\n<p>This book is the first comprehensive monograph on the artist\u2019s oeuvre.<\/p>\n<p>Cornelia Baltes studied at Bergische Universit\u00e4t Wuppertal in 2000\u20132003 and at Folkwang Universit\u00e4t der K\u00fcnste, Essen, in 2003\u20132006, before rounding out her education at the Slade School of Fine Art, London, in 2009\u20132011.<\/p>\n  <\/div>\n\n\t<span class=\"price\"><span class=\"woocommerce-Price-amount amount\"><bdi>44<span class=\"woocommerce-Price-currencySymbol\">&euro;<\/span><\/bdi><\/span><\/span>\n<\/a><a href=\"\/en\/wp-json\/wp\/v2\/pages\/13187?add-to-cart=21469\" aria-describedby=\"woocommerce_loop_add_to_cart_link_describedby_21469\" data-quantity=\"1\" class=\"button product_type_simple add_to_cart_button ajax_add_to_cart\" data-product_id=\"21469\" data-product_sku=\"\" aria-label=\"Add to cart: &ldquo;Cornelia Baltes - Dingbats&rdquo;\" rel=\"nofollow\" data-success_message=\"&ldquo;Cornelia Baltes -&lt;br&gt; Dingbats&rdquo; has been added to your cart\" role=\"button\">Add to cart<\/a>\t<span id=\"woocommerce_loop_add_to_cart_link_describedby_21469\" class=\"screen-reader-text\">\n\t\t\t<\/span>\n<\/li>\n<li class=\"product type-product post-22589 status-publish instock product_cat-all-books product_cat-installation-art product_cat-new-arrivals product_cat-sculpture product_tag-bewohner-en product_tag-residents-en product_tag-sebastian-stoehrer-en has-post-thumbnail taxable shipping-taxable purchasable product-type-simple\">\n\t<a href=\"https:\/\/dcv-books.com\/en\/produkt\/sebastian-stohrer-bewohner\/\" class=\"woocommerce-LoopProduct-link woocommerce-loop-product__link\"><div class=\"image-wrapper\"><img decoding=\"async\" width=\"2048\" height=\"3087\" src=\"https:\/\/dcv-books.com\/wp-content\/uploads\/2024\/06\/STOEHRER-BEWOHNER-COVER_web-2048x3087.jpg\" class=\"attachment-woocommerce_thumbnail size-woocommerce_thumbnail\" alt=\"Sebastian St\u00f6hrer -&lt;br&gt; Residents\" \/><\/div><h2 class=\"woocommerce-loop-product__title\">Sebastian St\u00f6hrer <br> Residents<\/h2>  <div class=\"woocommerce-loop-product__description\" itemprop=\"description\">\n    <p><span style=\"font-weight: 400;\">If there\u2019s an artist whose oeuvre merits the title \u201ccreation,\u201d it is Sebastian St\u00f6hrer. Shaping clay\u2014essentially, soil\u2014he molds his \u201cresidents\u201d: colorful and friendly-looking sculptural beings, some of them enhanced with sticks or branches reminiscent of limbs. Despite their air of levity and humor, they are not the products of mere momentary inspiration or a whim. It takes decades of dedicated experimentation with the kiln based on the millennia-old art of ceramics as well as expert knowledge of chemistry and physics to create such colors and shapes. St\u00f6hrer has been called an alchemist, and indeed he has made it his mission to vindicate this researcher\u2019s craft, an ancestor of the natural sciences. Alchemy, like St\u00f6hrer\u2019s oeuvre, combines pure rationality with coincidence and a scintilla of magic. The artist plays an intuitive and sensual game with his clay and the virtually incalculable chromaticity of the glazes\u2014chaos, anarchy, and irrepressible urges being an integral dimension of all creation. In St\u00f6hrer\u2019s \u201cresidents,\u201d we encounter the embodiments of that creation: likenesses of ourselves and perhaps also heralds of a future more good-natured version.<\/span><\/p>\n  <\/div>\n\n\t<span class=\"price\"><span class=\"woocommerce-Price-amount amount\"><bdi>40<span class=\"woocommerce-Price-currencySymbol\">&euro;<\/span><\/bdi><\/span><\/span>\n<\/a><a href=\"\/en\/wp-json\/wp\/v2\/pages\/13187?add-to-cart=22589\" aria-describedby=\"woocommerce_loop_add_to_cart_link_describedby_22589\" data-quantity=\"1\" class=\"button product_type_simple add_to_cart_button ajax_add_to_cart\" data-product_id=\"22589\" data-product_sku=\"\" aria-label=\"Add to cart: &ldquo;Sebastian St\u00f6hrer - Residents&rdquo;\" rel=\"nofollow\" data-success_message=\"&ldquo;Sebastian St\u00f6hrer -&lt;br&gt; Residents&rdquo; has been added to your cart\" role=\"button\">Add to cart<\/a>\t<span id=\"woocommerce_loop_add_to_cart_link_describedby_22589\" class=\"screen-reader-text\">\n\t\t\t<\/span>\n<\/li>\n<li class=\"product type-product post-22384 status-publish last instock product_cat-all-books product_cat-film-and-video product_cat-installation-art product_cat-new-arrivals product_tag-joao-onofre-en product_tag-untitled-in-awe-of-en has-post-thumbnail taxable shipping-taxable purchasable product-type-simple\">\n\t<a href=\"https:\/\/dcv-books.com\/en\/produkt\/joao-onofre-untitled-in-awe-of\/\" class=\"woocommerce-LoopProduct-link woocommerce-loop-product__link\"><div class=\"image-wrapper\"><img decoding=\"async\" width=\"1418\" height=\"2010\" src=\"https:\/\/dcv-books.com\/wp-content\/uploads\/2024\/05\/JO-InAweOf-cover.jpg\" class=\"attachment-woocommerce_thumbnail size-woocommerce_thumbnail\" alt=\"Jo\u00e3o Onofre -&lt;br&gt; Untitled (in awe of)\" \/><\/div><h2 class=\"woocommerce-loop-product__title\">Jo\u00e3o Onofre <br> Untitled (in awe of)<\/h2>  <div class=\"woocommerce-loop-product__description\" itemprop=\"description\">\n    <p><span style=\"font-weight: 400;\">Jo\u00e3o Onofre\u2019s works are tributes to art history and pop. He gleans what is in danger of being lost right now, realigns it, and translates it into something sublime. His art encourages the beholders to reconsider a past that has faded in collective memory with a critical eye and make peace with it. His creative process is guided by the material and a clearly defined concept that nonetheless does not restrict a work\u2019s finding its own way. That is why he does not commit to a particular medium, making videos, performances, installations, and much more. What all his works have in common is that they probe the limitations of their medium and our perceptive capacities in novel ways. This catalogue presents three recent works in which the essence of Onofre\u2019s art becomes manifest: he molds myths and symbols into awe-inspiring images, sounds, and forms\u2014not for nothing have critics labeled him an alchemist. In the catalogue, his tangible compressions of cultural history are rendered in imposing pictures and flanked by an ambitious essay that places them in their context.<\/span><\/p>\n  <\/div>\n\n\t<span class=\"price\"><span class=\"woocommerce-Price-amount amount\"><bdi>25<span class=\"woocommerce-Price-currencySymbol\">&euro;<\/span><\/bdi><\/span><\/span>\n<\/a><a href=\"\/en\/wp-json\/wp\/v2\/pages\/13187?add-to-cart=22384\" aria-describedby=\"woocommerce_loop_add_to_cart_link_describedby_22384\" data-quantity=\"1\" class=\"button product_type_simple add_to_cart_button ajax_add_to_cart\" data-product_id=\"22384\" data-product_sku=\"\" aria-label=\"Add to cart: &ldquo;Jo\u00e3o Onofre - Untitled (in awe of)&rdquo;\" rel=\"nofollow\" data-success_message=\"&ldquo;Jo\u00e3o Onofre -&lt;br&gt; Untitled (in awe of)&rdquo; has been added to your cart\" role=\"button\">Add to cart<\/a>\t<span id=\"woocommerce_loop_add_to_cart_link_describedby_22384\" class=\"screen-reader-text\">\n\t\t\t<\/span>\n<\/li>\n<li class=\"product type-product post-22222 status-publish first instock product_cat-all-books product_cat-installation-art product_cat-new-arrivals product_cat-sculpture product_tag-close-and-cold-en product_tag-distanz-als-naehe-en product_tag-franziska-opel-en has-post-thumbnail taxable shipping-taxable purchasable product-type-simple\">\n\t<a href=\"https:\/\/dcv-books.com\/en\/produkt\/franziska-opel-close-and-cold\/\" class=\"woocommerce-LoopProduct-link woocommerce-loop-product__link\"><div class=\"image-wrapper\"><img decoding=\"async\" width=\"2048\" height=\"2939\" src=\"https:\/\/dcv-books.com\/wp-content\/uploads\/2024\/05\/FRANZISKA_OPEL_UMSCHLAG_FIN_LOW_240417_front_web-2048x2939.jpg\" class=\"attachment-woocommerce_thumbnail size-woocommerce_thumbnail\" alt=\"Franziska Opel -&lt;br&gt; Close and Cold\" \/><\/div><h2 class=\"woocommerce-loop-product__title\">Franziska Opel <br> Close and Cold<\/h2>  <div class=\"woocommerce-loop-product__description\" itemprop=\"description\">\n    <p><span style=\"font-weight: 400;\">With sex toys, the potential for misinterpretation and ill-advised use is vast, as countless slapstick comedies illustrate. Steering clear of quick laughs, Franziska Opel deftly harnesses this anarchic power of misunderstanding to explode our perceptions and worldview. Her works are painstakingly planned experimental arrangements in which she modifies or deforms mundane objects as well as those sex toys in subtle ways or powers them up in series, making us see them with fresh eyes. They cast a spell over us with their sensual allure, while our associative circuits processing what we see spark a certain sense of irritation. Curiosity, attraction, bewilderment, shame\u2014expertly staged in photographs for this catalogue, the works elicit a wide range of emotions. Their energizing contradictions are elaborated by contributions from gifted writers: standalone poetic-narrative writings that reflect on several key aspects of Opel\u2019s art in offhanded yet challenging ways.<\/span><\/p>\n  <\/div>\n\n\t<span class=\"price\"><span class=\"woocommerce-Price-amount amount\"><bdi>32<span class=\"woocommerce-Price-currencySymbol\">&euro;<\/span><\/bdi><\/span><\/span>\n<\/a><a href=\"\/en\/wp-json\/wp\/v2\/pages\/13187?add-to-cart=22222\" aria-describedby=\"woocommerce_loop_add_to_cart_link_describedby_22222\" data-quantity=\"1\" class=\"button product_type_simple add_to_cart_button ajax_add_to_cart\" data-product_id=\"22222\" data-product_sku=\"\" aria-label=\"Add to cart: &ldquo;Franziska Opel - Close and Cold&rdquo;\" rel=\"nofollow\" data-success_message=\"&ldquo;Franziska Opel -&lt;br&gt; Close and Cold&rdquo; has been added to your cart\" role=\"button\">Add to cart<\/a>\t<span id=\"woocommerce_loop_add_to_cart_link_describedby_22222\" class=\"screen-reader-text\">\n\t\t\t<\/span>\n<\/li>\n<li class=\"product type-product post-21827 status-publish instock product_cat-all-books product_cat-drawing product_cat-film-and-video product_cat-installation-art product_cat-new-arrivals product_cat-on-art product_cat-painting product_cat-photography product_cat-sculpture product_tag-100-windows-en product_tag-berlin-weekly-en has-post-thumbnail taxable shipping-taxable purchasable product-type-simple\">\n\t<a href=\"https:\/\/dcv-books.com\/en\/produkt\/100-windows-site-specific-art-installations-at-berlin-weekly-project-space\/\" class=\"woocommerce-LoopProduct-link woocommerce-loop-product__link\"><div class=\"image-wrapper\"><img decoding=\"async\" width=\"1981\" height=\"2500\" src=\"https:\/\/dcv-books.com\/wp-content\/uploads\/2024\/02\/Berlin-Weekly-Buchcover-not-final_web.jpg\" class=\"attachment-woocommerce_thumbnail size-woocommerce_thumbnail\" alt=\"100 Windows -&lt;br&gt; Site-specific art installations at Berlin-Weekly project space\" \/><\/div><h2 class=\"woocommerce-loop-product__title\">100 Windows <br> Site-specific art installations at Berlin-Weekly project space<\/h2>  <div class=\"woocommerce-loop-product__description\" itemprop=\"description\">\n    <p>Established in 2010 by Stefanie Seidl in a former gateway for horse-drawn carriages that is now enclosed by glazing at both ends, the project space <em>BERLIN-WEEKLY<\/em> offers the narrow yet exceptionally tall display space to artists as a highly visible public stage for installations that respond to the setting or site. Its unilateral orientation toward the street makes <em>BERLIN-WEEKLY<\/em> a creative intervention into the urban fabric that harnesses the shopwindow format. The book presents 100 selected window installations to illustrate the widely diverse ways in which individual artists have engaged with the venue, time and again transforming the unusually shaped small space.<\/p>\n<p>With works by: Menno Aden, Alexandra Baumgartner, Isabelle Borges, Astrid Busch, Simon Faithfull, Moritz Frei, Max Frisinger, Wolfgang Flad, Dagmara Genda, Andreas Greiner &amp; Armin Keplinger, Sabine Gro\u00df, Marc van der Hocht, Sabine Hornig, Ir\u00e8ne Hug, Bettina Khano, Julia Kissina, Nikolaus List, Ulrike Mohr, Virginie Mosse, Piotr Nathan, Katja Pudor, Philip Topolovac, Inken Reinert, Sophia Schama, Geerten Verheus, Sinta Werner, Barbara Wille, and others<\/p>\n  <\/div>\n\n\t<span class=\"price\"><span class=\"woocommerce-Price-amount amount\"><bdi>28<span class=\"woocommerce-Price-currencySymbol\">&euro;<\/span><\/bdi><\/span><\/span>\n<\/a><a href=\"\/en\/wp-json\/wp\/v2\/pages\/13187?add-to-cart=21827\" aria-describedby=\"woocommerce_loop_add_to_cart_link_describedby_21827\" data-quantity=\"1\" class=\"button product_type_simple add_to_cart_button ajax_add_to_cart\" data-product_id=\"21827\" data-product_sku=\"\" aria-label=\"Add to cart: &ldquo;100 Windows - Site-specific art installations at Berlin-Weekly project space&rdquo;\" rel=\"nofollow\" data-success_message=\"&ldquo;100 Windows -&lt;br&gt; Site-specific art installations at Berlin-Weekly project space&rdquo; has been added to your cart\" role=\"button\">Add to cart<\/a>\t<span id=\"woocommerce_loop_add_to_cart_link_describedby_21827\" class=\"screen-reader-text\">\n\t\t\t<\/span>\n<\/li>\n<li class=\"product type-product post-22335 status-publish instock product_cat-all-books product_cat-film-and-video product_cat-installation-art product_cat-painting product_cat-performance-art product_cat-sculpture product_tag-antidot-en product_tag-antidot-gegengift-en product_tag-clemens-krauss-en product_tag-gegengift-en has-post-thumbnail taxable shipping-taxable purchasable product-type-simple\">\n\t<a href=\"https:\/\/dcv-books.com\/en\/produkt\/clemens-krauss-antidot-gegengift\/\" class=\"woocommerce-LoopProduct-link woocommerce-loop-product__link\"><div class=\"image-wrapper\"><img decoding=\"async\" width=\"2048\" height=\"2793\" src=\"https:\/\/dcv-books.com\/wp-content\/uploads\/2024\/05\/DCV_CKRAUSS_ANTIDOT_VORSCHAUCOVER_240425_web-2048x2793.jpg\" class=\"attachment-woocommerce_thumbnail size-woocommerce_thumbnail\" alt=\"Clemens Krauss -&lt;br&gt; Antidot | Gegengift\" \/><\/div><h2 class=\"woocommerce-loop-product__title\">Clemens Krauss <br> Antidot | Gegengift<\/h2>  <div class=\"woocommerce-loop-product__description\" itemprop=\"description\">\n    <p><span style=\"font-weight: 400;\">Clemens Krauss restlessly shuttles across history; his vehicles are painting, video art, sculpture, and performance. Yet Krauss is not \u201cjust\u201d an artist, he is also a psychoanalyst and physician. As such, he has first-hand experience of time as the defining factor of existence, daring him to play with it. The bosom of painting is where he feels safest after his hazardous excursions back into his youth and forward into death. Executed in thick paints, his work is physical, material, which is also to say, it exists in time: everything passes away, even the picture. Evanescent, more than anything, are encounters of the sort Krauss stages as part of his psychoanalytical practice; all that remains is the indelible impression they leave. To be indelible, to recall the past, while also \u201cletting happen what has never happened,\u201d as he puts it, these are the ambitions he pursues in his art. Preserved between the covers of the present catalogue and reproduced in thousands of copies, his works now fan out in an instant to circulate for an indeterminate period of time among countless hands, whence they will effortlessly penetrate the barriers of our inner lives to bring us one step closer to transcendence.<\/span><\/p>\n  <\/div>\n\n\t<span class=\"price\"><span class=\"woocommerce-Price-amount amount\"><bdi>40<span class=\"woocommerce-Price-currencySymbol\">&euro;<\/span><\/bdi><\/span><\/span>\n<\/a><a href=\"\/en\/wp-json\/wp\/v2\/pages\/13187?add-to-cart=22335\" aria-describedby=\"woocommerce_loop_add_to_cart_link_describedby_22335\" data-quantity=\"1\" class=\"button product_type_simple add_to_cart_button ajax_add_to_cart\" data-product_id=\"22335\" data-product_sku=\"\" aria-label=\"Add to cart: &ldquo;Clemens Krauss - Antidot | Gegengift&rdquo;\" rel=\"nofollow\" data-success_message=\"&ldquo;Clemens Krauss -&lt;br&gt; Antidot | Gegengift&rdquo; has been added to your cart\" role=\"button\">Add to cart<\/a>\t<span id=\"woocommerce_loop_add_to_cart_link_describedby_22335\" class=\"screen-reader-text\">\n\t\t\t<\/span>\n<\/li>\n<li class=\"product type-product post-21372 status-publish last instock product_cat-all-books product_cat-installation-art product_cat-new-arrivals product_cat-sculpture product_tag-felix-schramm-en product_tag-things-to-come-en has-post-thumbnail taxable shipping-taxable purchasable product-type-simple\">\n\t<a href=\"https:\/\/dcv-books.com\/en\/produkt\/felix-schramm-things-to-come\/\" class=\"woocommerce-LoopProduct-link woocommerce-loop-product__link\"><div class=\"image-wrapper\"><img decoding=\"async\" width=\"2048\" height=\"2731\" src=\"https:\/\/dcv-books.com\/wp-content\/uploads\/2023\/12\/FelixSchramm_ThingsToCome-1-2048x2731.jpg\" class=\"attachment-woocommerce_thumbnail size-woocommerce_thumbnail\" alt=\"Felix Schramm -&lt;br&gt; Things To Come\" \/><\/div><h2 class=\"woocommerce-loop-product__title\">Felix Schramm <br> Things To Come<\/h2>  <div class=\"woocommerce-loop-product__description\" itemprop=\"description\">\n    <p>Felix Schramm\u2019s (b. Hamburg, 1970; lives and works in D\u00fcsseldorf) sculptural oeuvre reflects a probing engagement with space and the body. In works in a variety of media, including installations that intervene into a given setting, sculptures, and collages, the artist creates three-dimensional forms out of classical materials and industrial staples as well as detritus and dust. Deformations, rifts, cracks, or impurities undermine the existing order in his constructed formal ensembles, allowing novel correspondences in space and interconnections across time to emerge. The material and its subjection to form are held in a precarious balance; disintegration, which is an integral element of Schramm\u2019s art, paves the way for artistic assertion and reformulation. The extensive publication gathers works and exhibitions of the past five years. It is Schramm\u2019s first monograph, presenting a cross-section of his entire oeuvre with all bodies of work.<\/p>\n<p>Felix Schramm studied at the Accademia di Belle Arti, Florence, from 1991 until 1993 and at the Academy of Fine Arts D\u00fcsseldorf, where he was in Jannis Kounellis\u2019s master class, from 1994 until 1998. He rounded out his education with residencies in Tokyo in 2000 and at Villa Massimo in Rome in 2008.<\/p>\n<p><a href=\"https:\/\/dcv-books.com\/en\/felix-schramm-2\/\">Limited art edition available<\/a><\/p>\n  <\/div>\n\n\t<span class=\"price\"><span class=\"woocommerce-Price-amount amount\"><bdi>44<span class=\"woocommerce-Price-currencySymbol\">&euro;<\/span><\/bdi><\/span><\/span>\n<\/a><a href=\"\/en\/wp-json\/wp\/v2\/pages\/13187?add-to-cart=21372\" aria-describedby=\"woocommerce_loop_add_to_cart_link_describedby_21372\" data-quantity=\"1\" class=\"button product_type_simple add_to_cart_button ajax_add_to_cart\" data-product_id=\"21372\" data-product_sku=\"\" aria-label=\"Add to cart: &ldquo;Felix Schramm - Things To Come&rdquo;\" rel=\"nofollow\" data-success_message=\"&ldquo;Felix Schramm -&lt;br&gt; Things To Come&rdquo; has been added to your cart\" role=\"button\">Add to cart<\/a>\t<span id=\"woocommerce_loop_add_to_cart_link_describedby_21372\" class=\"screen-reader-text\">\n\t\t\t<\/span>\n<\/li>\n<li class=\"product type-product post-22146 status-publish first instock product_cat-all-books product_cat-drawing product_cat-film-and-video product_cat-installation-art product_cat-new-arrivals product_cat-on-art product_cat-painting product_cat-performance-art product_cat-photography product_cat-sculpture product_cat-works-on-paper-en product_tag-glueckliche-tage-en product_tag-markus-heinzelmann-en has-post-thumbnail taxable shipping-taxable purchasable product-type-simple\">\n\t<a href=\"https:\/\/dcv-books.com\/en\/produkt\/gluckliche-tage\/\" class=\"woocommerce-LoopProduct-link woocommerce-loop-product__link\"><div class=\"image-wrapper\"><img decoding=\"async\" width=\"853\" height=\"1280\" src=\"https:\/\/dcv-books.com\/wp-content\/uploads\/2024\/04\/GluecklicheTage_DCV_Cover_web.jpg\" class=\"attachment-woocommerce_thumbnail size-woocommerce_thumbnail\" alt=\"Gl\u00fcckliche Tage\" \/><\/div><h2 class=\"woocommerce-loop-product__title\">Gl\u00fcckliche Tage<\/h2>  <div class=\"woocommerce-loop-product__description\" itemprop=\"description\">\n    <p>We see in contrasts. Freedom from pain follows pain, and felicity is the more radiant after a period of misfortune. Happiness, that is to say, displaces unhappiness and is perhaps its recompense; what is certain is that, as antonyms, they are (at least in this world) inconceivable without each other. The contrast they form also underlies the tensions inherent in the works in this catalogue. Some take us straight from the pinnacle of happiness down into the abyss, while in others the gradients of ascent or descent are so gentle that no culmination is perceptible. What all oeuvres gathered in the book have in common is that they furnish the human being, a social creature, with an experience of resonance. Happiness and unhappiness reverberate between the art and the beholders, leaving, in the best case, a lasting impression. Opening the catalogue\u2014a metaphor for the human condition materialized in paper\u2014one overhears this serenely melancholy echo of the works.<\/p>\n<p>Artists: <span style=\"font-family: 'SabonLT',serif;\">Rui Chafes, Tamara Eckhardt, Nan Goldin, Felix Gonzalez-Torres, Barbara Hammer, Carsten Ho\u0308ller, Ken Lum, Johanna von Monkiewitsch, Yoko Ono, Heike Weber, Stefan Wissel <\/span><\/p>\n<p>With contributions by: Yevgenia Belorusets, Nell Sophie Bender, Elias Bendfeldt, Laura Berestecki, Annabella Ernst, Annika Gaeth, Hristina Georgieva, Markus Heinzelmann, Malwin Kra\u00dfnigg, Max Florian Ku\u0308hlem, Natascha Laurier, Martin Middeke, Navaz Roomi-Mirhosseini, Vanessa Joan Mu\u0308ller, Julia Neumann, Martin Paul, Caroline Planert, Maike Prause, Arne Rautenberg, Kira Sophie R\u00f6ller, Gina Marie Schwenzfeier<\/p>\n  <\/div>\n\n\t<span class=\"price\"><span class=\"woocommerce-Price-amount amount\"><bdi>32<span class=\"woocommerce-Price-currencySymbol\">&euro;<\/span><\/bdi><\/span><\/span>\n<\/a><a href=\"\/en\/wp-json\/wp\/v2\/pages\/13187?add-to-cart=22146\" aria-describedby=\"woocommerce_loop_add_to_cart_link_describedby_22146\" data-quantity=\"1\" class=\"button product_type_simple add_to_cart_button ajax_add_to_cart\" data-product_id=\"22146\" data-product_sku=\"\" aria-label=\"Add to cart: &ldquo;Gl\u00fcckliche Tage&rdquo;\" rel=\"nofollow\" data-success_message=\"&ldquo;Gl\u00fcckliche Tage&rdquo; has been added to your cart\" role=\"button\">Add to cart<\/a>\t<span id=\"woocommerce_loop_add_to_cart_link_describedby_22146\" class=\"screen-reader-text\">\n\t\t\t<\/span>\n<\/li>\n<li class=\"product type-product post-21774 status-publish instock product_cat-all-books product_cat-architecture product_cat-drawing product_cat-film-and-video product_cat-installation-art product_cat-new-arrivals product_cat-on-art product_cat-painting product_cat-photography product_cat-sculpture product_cat-works-on-paper-en product_tag-draiflessen-collection-en product_tag-spaces-embodied-en has-post-thumbnail taxable shipping-taxable purchasable product-type-simple\">\n\t<a href=\"https:\/\/dcv-books.com\/en\/produkt\/spaces-embodied-english-draiflessen-collection\/\" class=\"woocommerce-LoopProduct-link woocommerce-loop-product__link\"><div class=\"image-wrapper\"><img decoding=\"async\" width=\"2046\" height=\"2500\" src=\"https:\/\/dcv-books.com\/wp-content\/uploads\/2023\/12\/Draiflessen_Raeume_hautnah_Katalog-Cover_EN_web.jpg\" class=\"attachment-woocommerce_thumbnail size-woocommerce_thumbnail\" alt=\"Spaces Embodied (ENGLISH) -&lt;br&gt; Draiflessen Collection\" \/><\/div><h2 class=\"woocommerce-loop-product__title\">Spaces Embodied (ENGLISH) <br> Draiflessen Collection<\/h2>  <div class=\"woocommerce-loop-product__description\" itemprop=\"description\">\n    <p>We live in spaces that we shape in accordance with our own ideas. Our everyday lives leave traces in them that speak to our habits. Spaces promise shelter and belonging, but they can also instill a sense of constraint. We grow into the spaces we inhabit\u2014and they in turn become expressions of our personalities. Conversely, spaces, depending on their architecture and location, inform our existence. R\u00c4UME HAUTNAH gathers works of art that, rather than conceiving of the human sphere and the spatial domain as separate, comprehend them in their complex entanglements: in bodily experience, emotional dependency, or the instinctive need for protection. An essay by Olesja Nein, the project\u2019s curator, offers an introduction to the exhibition and takes the reader on a tour, describing each artist\u2019s space of activity and supplying helpful information. Philipp Zitzlsperger, meanwhile, zooms in on a key aspect of the art in the exhibition, the imprint as an artistic technique with a distinctive aura, and illuminates its origins and significance since the dawn of modernism.<\/p>\n<p>Artists: Absalon, Shannon Bool, Heidi Bucher, Eileen Gray, Do Ho Suh, Mary Mattingly, Tracey Snelling, Francesca Woodman<\/p>\n  <\/div>\n\n\t<span class=\"price\"><span class=\"woocommerce-Price-amount amount\"><bdi>32<span class=\"woocommerce-Price-currencySymbol\">&euro;<\/span><\/bdi><\/span><\/span>\n<\/a><a href=\"\/en\/wp-json\/wp\/v2\/pages\/13187?add-to-cart=21774\" aria-describedby=\"woocommerce_loop_add_to_cart_link_describedby_21774\" data-quantity=\"1\" class=\"button product_type_simple add_to_cart_button ajax_add_to_cart\" data-product_id=\"21774\" data-product_sku=\"\" aria-label=\"Add to cart: &ldquo;Spaces Embodied (ENGLISH) - Draiflessen Collection&rdquo;\" rel=\"nofollow\" data-success_message=\"&ldquo;Spaces Embodied (ENGLISH) -&lt;br&gt; Draiflessen Collection&rdquo; has been added to your cart\" role=\"button\">Add to cart<\/a>\t<span id=\"woocommerce_loop_add_to_cart_link_describedby_21774\" class=\"screen-reader-text\">\n\t\t\t<\/span>\n<\/li>\n<li class=\"product type-product post-21770 status-publish instock product_cat-all-books product_cat-architecture product_cat-drawing product_cat-film-and-video product_cat-installation-art product_cat-new-arrivals product_cat-on-art product_cat-painting product_cat-photography product_cat-sculpture product_tag-draiflessen-collection-en has-post-thumbnail taxable shipping-taxable purchasable product-type-simple\">\n\t<a href=\"https:\/\/dcv-books.com\/en\/produkt\/raume-hautnah-german-draiflessen-collection\/\" class=\"woocommerce-LoopProduct-link woocommerce-loop-product__link\"><div class=\"image-wrapper\"><img decoding=\"async\" width=\"907\" height=\"1109\" src=\"https:\/\/dcv-books.com\/wp-content\/uploads\/2024\/01\/Draiflessen_Raeume_hautnah_Katalog-Cover_240129-DT-pdf.jpg\" class=\"attachment-woocommerce_thumbnail size-woocommerce_thumbnail\" alt=\"R\u00e4ume hautnah (GERMAN) -&lt;br&gt; Draiflessen Collection\" \/><\/div><h2 class=\"woocommerce-loop-product__title\">R\u00e4ume hautnah (GERMAN) <br> Draiflessen Collection<\/h2>  <div class=\"woocommerce-loop-product__description\" itemprop=\"description\">\n    <p>We live in spaces that we shape in accordance with our own ideas. Our everyday lives leave traces in them that speak to our habits. Spaces promise shelter and belonging, but they can also instill a sense of constraint. We grow into the spaces we inhabit\u2014and they in turn become expressions of our personalities. Conversely, spaces, depending on their architecture and location, inform our existence. R\u00c4UME HAUTNAH gathers works of art that, rather than conceiving of the human sphere and the spatial domain as separate, comprehend them in their complex entanglements: in bodily experience, emotional dependency, or the instinctive need for protection. An essay by Olesja Nein, the project\u2019s curator, offers an introduction to the exhibition and takes the reader on a tour, describing each artist\u2019s space of activity and supplying helpful information. Philipp Zitzlsperger, meanwhile, zooms in on a key aspect of the art in the exhibition, the imprint as an artistic technique with a distinctive aura, and illuminates its origins and significance since the dawn of modernism.<\/p>\n<p>Artists: Absalon, Shannon Bool, Heidi Bucher, Eileen Gray, Do Ho Suh, Mary Mattingly, Tracey Snelling, Francesca Woodman<\/p>\n  <\/div>\n\n\t<span class=\"price\"><span class=\"woocommerce-Price-amount amount\"><bdi>32<span class=\"woocommerce-Price-currencySymbol\">&euro;<\/span><\/bdi><\/span><\/span>\n<\/a><a href=\"\/en\/wp-json\/wp\/v2\/pages\/13187?add-to-cart=21770\" aria-describedby=\"woocommerce_loop_add_to_cart_link_describedby_21770\" data-quantity=\"1\" class=\"button product_type_simple add_to_cart_button ajax_add_to_cart\" data-product_id=\"21770\" data-product_sku=\"\" aria-label=\"Add to cart: &ldquo;R\u00e4ume hautnah (GERMAN) - Draiflessen Collection&rdquo;\" rel=\"nofollow\" data-success_message=\"&ldquo;R\u00e4ume hautnah (GERMAN) -&lt;br&gt; Draiflessen Collection&rdquo; has been added to your cart\" role=\"button\">Add to cart<\/a>\t<span id=\"woocommerce_loop_add_to_cart_link_describedby_21770\" class=\"screen-reader-text\">\n\t\t\t<\/span>\n<\/li>\n<li class=\"product type-product post-22550 status-publish last instock product_cat-all-books product_cat-installation-art product_cat-new-arrivals product_cat-painting product_cat-sculpture product_tag-barthelemy-toguo-en product_tag-robert-grunenberg-en has-post-thumbnail taxable shipping-taxable purchasable product-type-simple\">\n\t<a href=\"https:\/\/dcv-books.com\/en\/produkt\/barthelemy-toguo\/\" class=\"woocommerce-LoopProduct-link woocommerce-loop-product__link\"><div class=\"image-wrapper\"><img decoding=\"async\" width=\"1749\" height=\"2492\" src=\"https:\/\/dcv-books.com\/wp-content\/uploads\/2024\/06\/BarthelemyToguo_Cover_web.jpg\" class=\"attachment-woocommerce_thumbnail size-woocommerce_thumbnail\" alt=\"Barth\u00e9l\u00e9my Toguo\" \/><\/div><h2 class=\"woocommerce-loop-product__title\">Barth\u00e9l\u00e9my Toguo<\/h2>  <div class=\"woocommerce-loop-product__description\" itemprop=\"description\">\n    <p><span style=\"font-weight: 400;\">Barth\u00e9l\u00e9my Toguo\u2019s art is a call for community and love, but there is nothing na\u00efve about it. His paintings, graphic art, sculptures, performances, and installations explicitly grapple with colonialism, migration, and inequality; he directs our attention to the devastations wrought by humans, to the slow deaths of nature and cultures. But he does not dwell in this abyss. He aspires to something greater: to create work that establishes non-hierarchical connections; to build, as he puts it, a \u201cworld of solidarity and generosity\u201d that knows neither ego nor identity, a community of all forms of life that flourish and pass away so that new living beings can sprout from their remains\u2014Endless Blossoms. His choice of words and the aesthetic of the works gathered in this catalogue suggest that he is not alone in this undertaking. He stands with Ellen Gallagher, Wangechi Mutu, Louise Bourgeois, Marlene Dumas, and Kiki Smith. With them and with all of us, Toguo envisions a colorful future, a universe of exuberant energy and joie de vivre.<\/span><\/p>\n  <\/div>\n\n\t<span class=\"price\"><span class=\"woocommerce-Price-amount amount\"><bdi>10<span class=\"woocommerce-Price-currencySymbol\">&euro;<\/span><\/bdi><\/span><\/span>\n<\/a><a href=\"\/en\/wp-json\/wp\/v2\/pages\/13187?add-to-cart=22550\" aria-describedby=\"woocommerce_loop_add_to_cart_link_describedby_22550\" data-quantity=\"1\" class=\"button product_type_simple add_to_cart_button ajax_add_to_cart\" data-product_id=\"22550\" data-product_sku=\"\" aria-label=\"Add to cart: &ldquo;Barth\u00e9l\u00e9my Toguo&rdquo;\" rel=\"nofollow\" data-success_message=\"&ldquo;Barth\u00e9l\u00e9my Toguo&rdquo; has been added to your cart\" role=\"button\">Add to cart<\/a>\t<span id=\"woocommerce_loop_add_to_cart_link_describedby_22550\" class=\"screen-reader-text\">\n\t\t\t<\/span>\n<\/li>\n<li class=\"product type-product post-22066 status-publish first instock product_cat-all-books product_cat-installation-art product_cat-new-arrivals product_cat-painting product_tag-color-floating-en product_tag-farbe-schwebend-en product_tag-nicola-staeglich-en has-post-thumbnail taxable shipping-taxable purchasable product-type-simple\">\n\t<a href=\"https:\/\/dcv-books.com\/en\/produkt\/nicola-staeglich-farbe-schwebend-color-floating\/\" class=\"woocommerce-LoopProduct-link woocommerce-loop-product__link\"><div class=\"image-wrapper\"><img decoding=\"async\" width=\"1909\" height=\"2500\" src=\"https:\/\/dcv-books.com\/wp-content\/uploads\/2024\/03\/NST_Kat24_04_Final-1_web.jpg\" class=\"attachment-woocommerce_thumbnail size-woocommerce_thumbnail\" alt=\"Nicola Staeglich \u2013 Farbe schwebend \/ Color floating\" \/><\/div><h2 class=\"woocommerce-loop-product__title\">Nicola Staeglich \u2013 Farbe schwebend \/ Color floating<\/h2>  <div class=\"woocommerce-loop-product__description\" itemprop=\"description\">\n    <p><b>\u201cThe more slowly one approaches Staeglich\u2019s works, the more they reveal.\u201d <\/b><span style=\"font-weight: 400;\">Stephan Berg<\/span><\/p>\n<p><span style=\"font-weight: 400;\">Nicola Staeglich transforms color and traces of the act of painting into complex pictorial spaces that exude light and make time visible. Using an extra-wide brush, she applies luminous oil paints to (semi-) transparent foils and solid support media made from acrylic glass. Each movement of her body leaves a distinct mark on the paintings. Once the works are placed in the exhibition space, they absorb their environment and ambient light as well as the eye. The artist\u2019s experimental approach generates a rich dynamic: paint hovers in mid-air, disembodied, while a constant oscillation between color and surface, between pictorial body and setting unlocks novel dimensions in space and time. The picture continually coalesces in the eye of the beholder, metamorphosing as the angle of incidence shifts and the mind parses the traces and strata of paint. Even in printed form, Staeglich\u2019s works convey a rousing vitality.<\/span><\/p>\n<p><span style=\"font-weight: 400;\">The catalogue accompanies Staeglich\u2019s solo exhibition at St\u00e4dtische Galerie Waldkraiburg.<\/span><\/p>\n  <\/div>\n\n\t<span class=\"price\"><span class=\"woocommerce-Price-amount amount\"><bdi>22<span class=\"woocommerce-Price-currencySymbol\">&euro;<\/span><\/bdi><\/span><\/span>\n<\/a><a href=\"\/en\/wp-json\/wp\/v2\/pages\/13187?add-to-cart=22066\" aria-describedby=\"woocommerce_loop_add_to_cart_link_describedby_22066\" data-quantity=\"1\" class=\"button product_type_simple add_to_cart_button ajax_add_to_cart\" data-product_id=\"22066\" data-product_sku=\"\" aria-label=\"Add to cart: &ldquo;Nicola Staeglich \u2013 Farbe schwebend \/ Color floating&rdquo;\" rel=\"nofollow\" data-success_message=\"&ldquo;Nicola Staeglich \u2013 Farbe schwebend \/ Color floating&rdquo; has been added to your cart\" role=\"button\">Add to cart<\/a>\t<span id=\"woocommerce_loop_add_to_cart_link_describedby_22066\" class=\"screen-reader-text\">\n\t\t\t<\/span>\n<\/li>\n<li class=\"product type-product post-21322 status-publish instock product_cat-all-books product_cat-installation-art product_cat-new-arrivals product_tag-immaterial-sculptures product_tag-odor-en has-post-thumbnail taxable shipping-taxable purchasable product-type-simple\">\n\t<a href=\"https:\/\/dcv-books.com\/en\/produkt\/odor-immaterial-sculptures\/\" class=\"woocommerce-LoopProduct-link woocommerce-loop-product__link\"><div class=\"image-wrapper\"><img decoding=\"async\" width=\"2048\" height=\"2764\" src=\"https:\/\/dcv-books.com\/wp-content\/uploads\/2024\/01\/ODOR_Cover-2048x2764.jpg\" class=\"attachment-woocommerce_thumbnail size-woocommerce_thumbnail\" alt=\"ODOR -&lt;br&gt; Immaterial Sculptures\" \/><\/div><h2 class=\"woocommerce-loop-product__title\">ODOR <br> Immaterial Sculptures<\/h2>  <div class=\"woocommerce-loop-product__description\" itemprop=\"description\">\n    <p>The effect of odor is immediate. Smells arouse feelings in us, put us in moods, awaken recollections. They color the other senses and shape our perceptions more profoundly than we are aware. Scents create closeness and distance at the same time. They become imprinted on our memories and consolidate our experiences. And yet their existence in the world of three dimensions remains invisible, and the act of picking up a scent is fleeting.<\/p>\n<p>The publication <em>Odor\u2014Immaterial Sculptures<\/em> zooms in on the power of smells. Contributions from curators, artists, scientists, and scholars frame a variety of perspectives on this evanescent phenomenon, examining the olfactory sense and the qualities of the immaterial. Full-page plates conceived by the artists provide additional information, imagery, and contexts around the individual works, which put odor as an olfactory and spatial experience at the center of the engagement with art. The works operate between the poles of time and space, individual and community, consciousness and the subconscious, visibility and invisibility, the everyday and the miraculous, the sense of self and the perceptions of others, presence and absence, life and death.<\/p>\n<p>Artists : Jason Dodge, Carsten H\u00f6ller, Koo Jeong A, Oswaldo Maci\u00e1, Teresa Margolles, Pamela Rosenkranz, Sissel Tolaas, Clara Ursitti, Luca Vitone<\/p>\n  <\/div>\n\n\t<span class=\"price\"><span class=\"woocommerce-Price-amount amount\"><bdi>40<span class=\"woocommerce-Price-currencySymbol\">&euro;<\/span><\/bdi><\/span><\/span>\n<\/a><a href=\"\/en\/wp-json\/wp\/v2\/pages\/13187?add-to-cart=21322\" aria-describedby=\"woocommerce_loop_add_to_cart_link_describedby_21322\" data-quantity=\"1\" class=\"button product_type_simple add_to_cart_button ajax_add_to_cart\" data-product_id=\"21322\" data-product_sku=\"\" aria-label=\"Add to cart: &ldquo;ODOR - Immaterial Sculptures&rdquo;\" rel=\"nofollow\" data-success_message=\"&ldquo;ODOR -&lt;br&gt; Immaterial Sculptures&rdquo; has been added to your cart\" role=\"button\">Add to cart<\/a>\t<span id=\"woocommerce_loop_add_to_cart_link_describedby_21322\" class=\"screen-reader-text\">\n\t\t\t<\/span>\n<\/li>\n<li class=\"product type-product post-21338 status-publish instock product_cat-all-books product_cat-film-and-video product_cat-installation-art product_cat-performance-art product_cat-photography product_tag-calin-dan-en-2 product_tag-mnac-en product_tag-pollio-en has-post-thumbnail taxable shipping-taxable purchasable product-type-simple\">\n\t<a href=\"https:\/\/dcv-books.com\/en\/produkt\/calin-dan-pollio\/\" class=\"woocommerce-LoopProduct-link woocommerce-loop-product__link\"><div class=\"image-wrapper\"><img decoding=\"async\" width=\"1836\" height=\"2560\" src=\"https:\/\/dcv-books.com\/wp-content\/uploads\/2023\/11\/Pollio-by-Calin-Dan-coperta-front-scaled.jpg\" class=\"attachment-woocommerce_thumbnail size-woocommerce_thumbnail\" alt=\"C\u0103lin Dan -&lt;br&gt; POLLIO\" \/><\/div><h2 class=\"woocommerce-loop-product__title\">C\u0103lin Dan <br> POLLIO<\/h2>  <div class=\"woocommerce-loop-product__description\" itemprop=\"description\">\n    <p>The oeuvre of the Romanian artist C\u0103lin Dan (b. Arad, Romania, 1955; lives and works in Bucharest) shows the influences of conceptual and minimal art. His book <em>Pollio<\/em> surveys his creative practice of the past decade, which straddles the media of installation and performance art, film, photography, and sculpture and is enriched by his work as an art historian, writer, and curator. In addition to the titular body of work, which wrestles with the Roman historian Gaius Asinius Pollio, the volume also documents the exhibition <em>Alzheimer<\/em> (2017). C\u0103lin Dan is a founding member of the artists\u2019 group subREAL. His work was showcased at the Istanbul (1993), Venice (1993, 1999, 2001), S\u00e3o Paulo (1994), and Sydney Biennales (2006). He has been director of the National Museum of Contemporary Art (MNAC) in Bucharest since 2014.<\/p>\n  <\/div>\n\n\t<span class=\"price\"><span class=\"woocommerce-Price-amount amount\"><bdi>34<span class=\"woocommerce-Price-currencySymbol\">&euro;<\/span><\/bdi><\/span><\/span>\n<\/a><a href=\"\/en\/wp-json\/wp\/v2\/pages\/13187?add-to-cart=21338\" aria-describedby=\"woocommerce_loop_add_to_cart_link_describedby_21338\" data-quantity=\"1\" class=\"button product_type_simple add_to_cart_button ajax_add_to_cart\" data-product_id=\"21338\" data-product_sku=\"\" aria-label=\"Add to cart: &ldquo;C\u0103lin Dan - POLLIO&rdquo;\" rel=\"nofollow\" data-success_message=\"&ldquo;C\u0103lin Dan -&lt;br&gt; POLLIO&rdquo; has been added to your cart\" role=\"button\">Add to cart<\/a>\t<span id=\"woocommerce_loop_add_to_cart_link_describedby_21338\" class=\"screen-reader-text\">\n\t\t\t<\/span>\n<\/li>\n<li class=\"product type-product post-21281 status-publish last instock product_cat-all-books product_cat-installation-art product_cat-on-art product_cat-performance-art product_tag-clara-mosch-en product_tag-early-action-art-in-east-germany product_tag-gdr has-post-thumbnail taxable shipping-taxable product-type-simple\">\n\t<a href=\"https:\/\/dcv-books.com\/en\/produkt\/clara-mosch-and-early-action-art-in-east-germany\/\" class=\"woocommerce-LoopProduct-link woocommerce-loop-product__link\"><div class=\"image-wrapper\"><img decoding=\"async\" width=\"1975\" height=\"2500\" src=\"https:\/\/dcv-books.com\/wp-content\/uploads\/2023\/11\/978-3-96912-178-8-KVOST_MOSCH_UMANDCV_crop_web.jpg\" class=\"attachment-woocommerce_thumbnail size-woocommerce_thumbnail\" alt=\"CLARA MOSCH -&lt;br&gt; and early art events in the GDR\" \/><\/div><h2 class=\"woocommerce-loop-product__title\">CLARA MOSCH <br> and early art events in the GDR<\/h2>  <div class=\"woocommerce-loop-product__description\" itemprop=\"description\">\n    <p>The legendary producer-run gallery Clara Mosch and the artists\u2019 group of the same title that gathered around it were founded in Karl-Marx-Stadt (today\u2019s Chemnitz) in 1977 and existed until 1982. The catchy name was an acronym of the contributors\u2019 last names: CLA = Carlfriedrich Claus, RA = Thomas Ranft and Dagmar Ranft-Schinke, MO = Michael Morgner, SCH = Gregor-Torsten Schade. As the founders of the first producers\u2019 gallery in the GDR and creators of diverse oeuvres, the group\u2019s artists rank among the foremost exponents of avant-garde art in East Germany. The book presents works of art, limited editions, and posters as well as photographs from the Ralf-Rainer Wasse archive in the collections of the Lindenau-Museum in Altenburg. One thematic focus is on Clara Mosch\u2019s land-art happenings and plein-air pieces. The unconventional actions attest to the group\u2019s stated objective of building greater awareness of the ongoing devastation of the local environment. Forty years after the fact, Clara Mosch\u2019s work has lost none of its relevance and urgency.<\/p>\n  <\/div>\n\n<\/a><a href=\"https:\/\/dcv-books.com\/en\/produkt\/clara-mosch-and-early-action-art-in-east-germany\/\" aria-describedby=\"woocommerce_loop_add_to_cart_link_describedby_21281\" data-quantity=\"1\" class=\"button product_type_simple\" data-product_id=\"21281\" data-product_sku=\"\" aria-label=\"Read more about &ldquo;CLARA MOSCH - and early art events in the GDR&rdquo;\" rel=\"nofollow\" data-success_message=\"\">Read more<\/a>\t<span id=\"woocommerce_loop_add_to_cart_link_describedby_21281\" class=\"screen-reader-text\">\n\t\t\t<\/span>\n<\/li>\n<li class=\"product type-product post-21431 status-publish first instock product_cat-all-books product_cat-architecture product_cat-installation-art product_cat-sculpture product_tag-same-same-en product_tag-vanessa-henn-en has-post-thumbnail taxable shipping-taxable purchasable product-type-simple\">\n\t<a href=\"https:\/\/dcv-books.com\/en\/produkt\/vanessa-henn-same-same-works-2019-2023\/\" class=\"woocommerce-LoopProduct-link woocommerce-loop-product__link\"><div class=\"image-wrapper\"><img decoding=\"async\" width=\"1934\" height=\"2500\" src=\"https:\/\/dcv-books.com\/wp-content\/uploads\/2023\/12\/Cover_VanessaHenn_web.jpg\" class=\"attachment-woocommerce_thumbnail size-woocommerce_thumbnail\" alt=\"Vanessa Henn -&lt;br&gt; Same Same\" \/><\/div><h2 class=\"woocommerce-loop-product__title\">Vanessa Henn <br> Same Same<\/h2>  <div class=\"woocommerce-loop-product__description\" itemprop=\"description\">\n    <p>Vanessa Henn\u2019s (b. Stuttgart, 1970; lives and works in Berlin) objects and installations blend formal reduction with playful comedy. The handrails she makes out of a wide variety of materials run along walls, project into rooms, trace spirals, mark lines or arcs, and often solicit our active engagement. Besides banisters, her oeuvre, which straddles the line between architecture and sculpture, also comprises bridges, stairs, and fences. All her creations are energized by the tension between the static work of art and its dynamic environment, which the artist resolves by integrating her works into the goings-on of everyday life. A guardrail that runs perpendicular to a flight of stairs or abruptly ends in the ceiling or floor is relieved of its function; rather than helping us go where we are going, it is a companion who invites us on a stroll into the imaginary and uncertain. And that is what makes Vanessa Henn\u2019s art so alluring.<\/p>\n<p>The book presents Vanessa Henn&#8217;s latest works from the years 2019-2023.<\/p>\n<p>Vanessa Henn studied sculpture at the State Academy of Fine Arts Stuttgart (1992\u20132001) and at Edinburgh College of Art (1995\u20131996) and completed a Master of Fine Art at the University of Canterbury School of Fine Art in Christchurch, New Zealand (1999\u20132000).<\/p>\n  <\/div>\n\n\t<span class=\"price\"><span class=\"woocommerce-Price-amount amount\"><bdi>35<span class=\"woocommerce-Price-currencySymbol\">&euro;<\/span><\/bdi><\/span><\/span>\n<\/a><a href=\"\/en\/wp-json\/wp\/v2\/pages\/13187?add-to-cart=21431\" aria-describedby=\"woocommerce_loop_add_to_cart_link_describedby_21431\" data-quantity=\"1\" class=\"button product_type_simple add_to_cart_button ajax_add_to_cart\" data-product_id=\"21431\" data-product_sku=\"\" aria-label=\"Add to cart: &ldquo;Vanessa Henn - Same Same&rdquo;\" rel=\"nofollow\" data-success_message=\"&ldquo;Vanessa Henn -&lt;br&gt; Same Same&rdquo; has been added to your cart\" role=\"button\">Add to cart<\/a>\t<span id=\"woocommerce_loop_add_to_cart_link_describedby_21431\" class=\"screen-reader-text\">\n\t\t\t<\/span>\n<\/li>\n<li class=\"product type-product post-21269 status-publish instock product_cat-all-books product_cat-film-and-video product_cat-installation-art product_cat-sculpture product_tag-ivonne-thein-en product_tag-techno-bodies-en has-post-thumbnail taxable shipping-taxable purchasable product-type-simple\">\n\t<a href=\"https:\/\/dcv-books.com\/en\/produkt\/ivonne-thein-techno-bodies\/\" class=\"woocommerce-LoopProduct-link woocommerce-loop-product__link\"><div class=\"image-wrapper\"><img decoding=\"async\" width=\"1866\" height=\"2500\" src=\"https:\/\/dcv-books.com\/wp-content\/uploads\/2023\/11\/THEIN_Cover_web.jpg\" class=\"attachment-woocommerce_thumbnail size-woocommerce_thumbnail\" alt=\"Ivonne Thein -&lt;br&gt; TECHNO BODIES\" \/><\/div><h2 class=\"woocommerce-loop-product__title\">Ivonne Thein <br> TECHNO BODIES<\/h2>  <div class=\"woocommerce-loop-product__description\" itemprop=\"description\">\n    <p>In her multidisciplinary work, Ivonne Thein (born 1979 in Meiningen, lives and works in Berlin) addresses the current body images of a digital culture that is undergoing fundamental change due to extensive technologization. Today, new technologies are profoundly shaping both the physical body and its virtual representations in the visual culture of our time. Thein works with AI systems for her installations and places the question of the problem of imitating nature, and thus the relationship between art, technology and body, at the center of her artistic work. To do this, she combines digital techniques with sculptures that she creates by hand from silicone. Thein thereby evokes an intrusive closeness in the exhibition space, as the images generated with the AI no longer remain just a pure data set on the screen. The book presents works from 2020\u20132023.<\/p>\n  <\/div>\n\n\t<span class=\"price\"><span class=\"woocommerce-Price-amount amount\"><bdi>28<span class=\"woocommerce-Price-currencySymbol\">&euro;<\/span><\/bdi><\/span><\/span>\n<\/a><a href=\"\/en\/wp-json\/wp\/v2\/pages\/13187?add-to-cart=21269\" aria-describedby=\"woocommerce_loop_add_to_cart_link_describedby_21269\" data-quantity=\"1\" class=\"button product_type_simple add_to_cart_button ajax_add_to_cart\" data-product_id=\"21269\" data-product_sku=\"\" aria-label=\"Add to cart: &ldquo;Ivonne Thein - TECHNO BODIES&rdquo;\" rel=\"nofollow\" data-success_message=\"&ldquo;Ivonne Thein -&lt;br&gt; TECHNO BODIES&rdquo; has been added to your cart\" role=\"button\">Add to cart<\/a>\t<span id=\"woocommerce_loop_add_to_cart_link_describedby_21269\" class=\"screen-reader-text\">\n\t\t\t<\/span>\n<\/li>\n<li class=\"product type-product post-19903 status-publish instock product_cat-all-books product_cat-drawing product_cat-installation-art product_cat-painting product_cat-sculpture product_cat-works-on-paper-en has-post-thumbnail taxable shipping-taxable purchasable product-type-simple\">\n\t<a href=\"https:\/\/dcv-books.com\/en\/produkt\/konkrete-progressionen-francois-morellet-vera-molnar-manfred-mohr-hartmut-bohm\/\" class=\"woocommerce-LoopProduct-link woocommerce-loop-product__link\"><div class=\"image-wrapper\"><img decoding=\"async\" width=\"1496\" height=\"1653\" src=\"https:\/\/dcv-books.com\/wp-content\/uploads\/2023\/07\/KON-PROG_Cover.jpg\" class=\"attachment-woocommerce_thumbnail size-woocommerce_thumbnail\" alt=\"Konkrete Progressionen -&lt;br&gt; Fran\u00e7ois Morellet &amp; Vera Molnar, Manfred Mohr &amp; Hartmut B\u00f6hm\" \/><\/div><h2 class=\"woocommerce-loop-product__title\">Konkrete Progressionen <br> Fran\u00e7ois Morellet &#038; Vera Molnar, Manfred Mohr &#038; Hartmut B\u00f6hm<\/h2>  <div class=\"woocommerce-loop-product__description\" itemprop=\"description\">\n    <p>Thanks to a generous donor, the Kunstmuseum Reutlingen | konkret welcomed a number of outstanding works to its collection in 2022. Titled <em>Konkrete Progressionen<\/em>, the first exhibition to showcase a selection from the gift features four internationally renowned artists whose works are derived from mathematical or geometric procedures: the concrete systematists Hartmut B\u00f6hm (1938\u20132021) and Fran\u00e7ois Morellet (1926\u20132016) and the pioneers of computer-generated art Manfred Mohr (1938\u2013) and Vera Molnar (1924\u2013).<\/p>\n<p>The book documents the serial paintings, drawings, collages, wall objects, and monumental installations and environments of steel beams or concrete blocks. The works play concrete games with the beholder\u2019s ability to recognize patterns in binary contrasts or layered grids. They show sine waves, vector series, hypercubes, and markings derived from the circular constant <em>\u03c0<\/em> or the Fibonacci sequence\u2014and in each instance demonstrate primarily how the basis of calculation takes on a life of its own.<\/p>\n<p><strong>The exhibition at the Kunstmuseum Reutlingen runs until April 14, 2024.<\/strong><\/p>\n<p><a href=\"https:\/\/www.kunstmuseum-reutlingen.de\/de\/Ausstellungen\/Ausstellung?view=publish&amp;item=eventDate&amp;id=37907\"><strong>More info here.<\/strong><\/a><\/p>\n  <\/div>\n\n\t<span class=\"price\"><span class=\"woocommerce-Price-amount amount\"><bdi>15<span class=\"woocommerce-Price-currencySymbol\">&euro;<\/span><\/bdi><\/span><\/span>\n<\/a><a href=\"\/en\/wp-json\/wp\/v2\/pages\/13187?add-to-cart=19903\" aria-describedby=\"woocommerce_loop_add_to_cart_link_describedby_19903\" data-quantity=\"1\" class=\"button product_type_simple add_to_cart_button ajax_add_to_cart\" data-product_id=\"19903\" data-product_sku=\"\" aria-label=\"Add to cart: &ldquo;Konkrete Progressionen - Fran\u00e7ois Morellet &amp; Vera Molnar, Manfred Mohr &amp; Hartmut B\u00f6hm&rdquo;\" rel=\"nofollow\" data-success_message=\"&ldquo;Konkrete Progressionen -&lt;br&gt; Fran\u00e7ois Morellet &amp; Vera Molnar, Manfred Mohr &amp; Hartmut B\u00f6hm&rdquo; has been added to your cart\" role=\"button\">Add to cart<\/a>\t<span id=\"woocommerce_loop_add_to_cart_link_describedby_19903\" class=\"screen-reader-text\">\n\t\t\t<\/span>\n<\/li>\n<li class=\"product type-product post-20773 status-publish last instock product_cat-all-books product_cat-drawing product_cat-installation-art product_cat-painting product_cat-sculpture product_tag-menschheitsdaemmerung-en has-post-thumbnail taxable shipping-taxable purchasable product-type-simple\">\n\t<a href=\"https:\/\/dcv-books.com\/en\/produkt\/dawn-of-humanity-art-in-periods-of-upheaval\/\" class=\"woocommerce-LoopProduct-link woocommerce-loop-product__link\"><div class=\"image-wrapper\"><img decoding=\"async\" width=\"2048\" height=\"2517\" src=\"https:\/\/dcv-books.com\/wp-content\/uploads\/2021\/04\/DSC8352-2048x2517.jpg\" class=\"attachment-woocommerce_thumbnail size-woocommerce_thumbnail\" alt=\"DAWN OF HUMANITY \u2013 ART IN PERIODS OF UPHEAVAL\" \/><\/div><h2 class=\"woocommerce-loop-product__title\">DAWN OF HUMANITY \u2013 ART IN PERIODS OF UPHEAVAL<\/h2>  <div class=\"woocommerce-loop-product__description\" itemprop=\"description\">\n    <p>The book and exhibition present works from the first two decades of the twentieth century from the Kunstmuseum Bonn\u2019s collection in dialogue with contemporary creative positions. What the works have in common across the distance of a century is their genesis in, and reflection on, a time of major social and political crisis. Back then, life had been profoundly changed by the industrial revolution; nowadays, climate change, wars, and the rising political power of right-wing ideologies are transforming the life of our communities. The presentation conceives art as a tool that lets us interrogate the world and imparts fresh intellectual impulses, and so also plays an active part in our societies. The title <em>Menschheitsd\u00e4mmerung \u2013 Dawn of Humanity \u2013<\/em> is borrowed from the poetry anthology of the same title released by Kurt Pinthus in 1919, which samples the Expressionist lyric poetry of the young century in four chapters: \u201cDownfall and Outcry\u201d; \u201cLove Human Beings\u201d; \u201cAwakening of the Heart\u201d; \u201cEntreaty and Indignation.\u201d Florian Illies, who already wrote an afterword for the 2019 centenary edition of <em>Menschheitsd\u00e4mmerung <\/em>\u2013 the bestselling poetry anthology in the history of German literature \u2013 contributed the keynote essay in the book.<\/p>\n<p>Artists: Nevin Alada\u011f, Francis Al\u00ffs, Kader Attia, Yael Bartana, Rebekka Benzenberg, Monica Bonvicini, Andrea Bowers, Heinrich Campendonk, Louisa Clement, Max Ernst, Georg Herold, Franz M. Jansen, Alexej von Jawlensky, K\u00e4the Kollwitz, Wilhelm Lehmbruck, Max Liebermann, August Macke, Helmuth Macke, Goshka Macuga, Marie von Malachowski-Nauen, Carlo Mense, Zanele Muholi, Heinrich Nauen, Grace Ndiritu, Anys Reimann, Deborah Roberts, Daniel Scislowski, Paul Adolf Seehaus, Tschabalala Self, Monika Sosnowska, William Straube, Emma Talbot, Hans Thuar, Lawrence Weiner<\/p>\n  <\/div>\n\n\t<span class=\"price\"><span class=\"woocommerce-Price-amount amount\"><bdi>37<span class=\"woocommerce-Price-currencySymbol\">&euro;<\/span><\/bdi><\/span><\/span>\n<\/a><a href=\"\/en\/wp-json\/wp\/v2\/pages\/13187?add-to-cart=20773\" aria-describedby=\"woocommerce_loop_add_to_cart_link_describedby_20773\" data-quantity=\"1\" class=\"button product_type_simple add_to_cart_button ajax_add_to_cart\" data-product_id=\"20773\" data-product_sku=\"\" aria-label=\"Add to cart: &ldquo;DAWN OF HUMANITY \u2013 ART IN PERIODS OF UPHEAVAL&rdquo;\" rel=\"nofollow\" data-success_message=\"&ldquo;DAWN OF HUMANITY \u2013 ART IN PERIODS OF UPHEAVAL&rdquo; has been added to your cart\" role=\"button\">Add to cart<\/a>\t<span id=\"woocommerce_loop_add_to_cart_link_describedby_20773\" class=\"screen-reader-text\">\n\t\t\t<\/span>\n<\/li>\n<li class=\"product type-product post-19764 status-publish first instock product_cat-all-books product_cat-drawing product_cat-installation-art product_cat-painting product_cat-sculpture product_cat-works-on-paper-en product_tag-jan-zoeller-en has-post-thumbnail taxable shipping-taxable purchasable product-type-simple\">\n\t<a href=\"https:\/\/dcv-books.com\/en\/produkt\/jan-zoller-ritual-believer\/\" class=\"woocommerce-LoopProduct-link woocommerce-loop-product__link\"><div class=\"image-wrapper\"><img decoding=\"async\" width=\"848\" height=\"1280\" src=\"https:\/\/dcv-books.com\/wp-content\/uploads\/2023\/06\/JZ_Preview_Cover.jpeg\" class=\"attachment-woocommerce_thumbnail size-woocommerce_thumbnail\" alt=\"Jan Z\u00f6ller -&lt;br&gt; Ritual Believer\" \/><\/div><h2 class=\"woocommerce-loop-product__title\">Jan Z\u00f6ller <br> Ritual Believer<\/h2>  <div class=\"woocommerce-loop-product__description\" itemprop=\"description\">\n    <p>Jan Z\u00f6ller\u2019s (b. Haslach, 1992; lives and works in Karlsruhe) paintings, sculptures, and installations probe the discrepancy between economic production and the spiritual and magical dimension of art. The artist\u2019s book <em>Ritual Believer<\/em> surveys the so-called <em>charcoal paintings <\/em>series, created between 2019 and 2023. For these works, the artist paints directly in charcoal on the unprimed canvas, making it impossible to correct \u201cblunders.\u201d Another distinguishing feature is the virtual absence of color; the austerity of the compositions contrasts with Z\u00f6ller\u2019s other, often intensely colorful paintings. The motifs that are the hallmark of his oeuvre\u2014birds, running legs\u2014are complemented by writing and text. Another aspect of this shift is that the works\u2019 titles play a central part and almost figure as a creative element in their own right. For the text in the book, the artist sent the titles of the works shown to his brother, who wove them into a story. An appendix presents scanned archival materials. Notebooks and zines Z\u00f6ller produced between 2015 and 2017 provide interesting insight into how he finds his motifs and his compositional process.<\/p>\n<p>Jan Z\u00f6ller studied with Marijke van Warmerdam and Leni Hoffmann at the Akademie der Bildenden K\u00fcnste Karlsruhe from 2012 until 2017 and with Jean-Marc Bustamante and G\u00f6tz Arndt at the \u00c9cole Nationale Sup\u00e9rieure des Beaux-Arts de Paris in 2016.<\/p>\n<p><a href=\"https:\/\/dcv-books.com\/en\/jan-zoller-2\/\">Limited art edition available<\/a><\/p>\n  <\/div>\n\n\t<span class=\"price\"><span class=\"woocommerce-Price-amount amount\"><bdi>40<span class=\"woocommerce-Price-currencySymbol\">&euro;<\/span><\/bdi><\/span><\/span>\n<\/a><a href=\"\/en\/wp-json\/wp\/v2\/pages\/13187?add-to-cart=19764\" aria-describedby=\"woocommerce_loop_add_to_cart_link_describedby_19764\" data-quantity=\"1\" class=\"button product_type_simple add_to_cart_button ajax_add_to_cart\" data-product_id=\"19764\" data-product_sku=\"\" aria-label=\"Add to cart: &ldquo;Jan Z\u00f6ller - Ritual Believer&rdquo;\" rel=\"nofollow\" data-success_message=\"&ldquo;Jan Z\u00f6ller -&lt;br&gt; Ritual Believer&rdquo; has been added to your cart\" role=\"button\">Add to cart<\/a>\t<span id=\"woocommerce_loop_add_to_cart_link_describedby_19764\" class=\"screen-reader-text\">\n\t\t\t<\/span>\n<\/li>\n<li class=\"product type-product post-19669 status-publish instock product_cat-all-books product_cat-drawing product_cat-film-and-video product_cat-installation-art product_cat-painting product_cat-performance-art product_cat-photography product_cat-sculpture product_cat-works-on-paper-en has-post-thumbnail taxable shipping-taxable purchasable product-type-simple\">\n\t<a href=\"https:\/\/dcv-books.com\/en\/produkt\/harte-zeiten-ciezkie-czasy\/\" class=\"woocommerce-LoopProduct-link woocommerce-loop-product__link\"><div class=\"image-wrapper\"><img decoding=\"async\" width=\"609\" height=\"836\" src=\"https:\/\/dcv-books.com\/wp-content\/uploads\/2021\/04\/HARTEZEITEN_Cover.jpg\" class=\"attachment-woocommerce_thumbnail size-woocommerce_thumbnail\" alt=\"Harte Zeiten -&lt;br&gt; Ci\u0119\u017ckie Czasy\" \/><\/div><h2 class=\"woocommerce-loop-product__title\">Harte Zeiten <br> Ci\u0119\u017ckie Czasy<\/h2>  <div class=\"woocommerce-loop-product__description\" itemprop=\"description\">\n    <p>Increasingly pressing global political and societal challenges are always also rewarding subjects of creative engagement, and sometimes artists devise anticipative approaches to real-world problems.<\/p>\n<p><em>Harte Zeiten\u2014Ci\u0119\u017ckie Czasy<\/em> is a cooperative venture launched by K\u00fcnstlerbund Baden-W\u00fcrttemberg; Port25\u2014Raum f\u00fcr Gegenwartskunst, Mannheim; and Galeria Miejska bwa, Bydgoszcz, Poland. It showcases works by altogether ten Polish and ten German contemporary artists. Putting the principle that art knows no boundaries into practice, the publication, with statements from Wolfgang Ullrich, Joanna Kiliszek, Schamma Schahadat, and others as well as documentation of the symposium held in September 2021, inspires forward-looking reflections on the conditions in which cultures thrive and similarities and differences between the two countries and beyond.<\/p>\n  <\/div>\n\n\t<span class=\"price\"><span class=\"woocommerce-Price-amount amount\"><bdi>34<span class=\"woocommerce-Price-currencySymbol\">&euro;<\/span><\/bdi><\/span><\/span>\n<\/a><a href=\"\/en\/wp-json\/wp\/v2\/pages\/13187?add-to-cart=19669\" aria-describedby=\"woocommerce_loop_add_to_cart_link_describedby_19669\" data-quantity=\"1\" class=\"button product_type_simple add_to_cart_button ajax_add_to_cart\" data-product_id=\"19669\" data-product_sku=\"\" aria-label=\"Add to cart: &ldquo;Harte Zeiten - Ci\u0119\u017ckie Czasy&rdquo;\" rel=\"nofollow\" data-success_message=\"&ldquo;Harte Zeiten -&lt;br&gt; Ci\u0119\u017ckie Czasy&rdquo; has been added to your cart\" role=\"button\">Add to cart<\/a>\t<span id=\"woocommerce_loop_add_to_cart_link_describedby_19669\" class=\"screen-reader-text\">\n\t\t\t<\/span>\n<\/li>\n<li class=\"product type-product post-20685 status-publish instock product_cat-all-books product_cat-installation-art product_cat-painting product_cat-sculpture has-post-thumbnail taxable shipping-taxable purchasable product-type-simple\">\n\t<a href=\"https:\/\/dcv-books.com\/en\/produkt\/agostino-iacurci\/\" class=\"woocommerce-LoopProduct-link woocommerce-loop-product__link\"><div class=\"image-wrapper\"><img decoding=\"async\" width=\"1195\" height=\"1673\" src=\"https:\/\/dcv-books.com\/wp-content\/uploads\/2023\/08\/Grunenberg_Zine_-Agostino_Druckversion-10.08-1_web.jpg\" class=\"attachment-woocommerce_thumbnail size-woocommerce_thumbnail\" alt=\"Agostino Iacurci\" \/><\/div><h2 class=\"woocommerce-loop-product__title\">Agostino Iacurci<\/h2>  <div class=\"woocommerce-loop-product__description\" itemprop=\"description\">\n    <p>Agostino Iacurci\u2019s (b. Foggia, Italy, 1986; lives and works in Berlin) paintings, sculptures, installations, and murals are based on vegetal forms and botanical subjects. Lucid compositions in radiant colors unfurl fantastical ornaments that transcend the division between figuration and abstraction and the hierarchical distinctions of applied art, design, fine art, and folk art. His central theme is the painted garden, in which he stages plants, humans, architecture, geometry, and decoration in a fashionably theatrical landscape. In Iacurci, the interpenetration of nature and civilization is real, integrating mythological motifs from across the history of art and culture, from antiquity to futurism and postmodernism, into his singular style.<\/p>\n<p>Agostino Iacurci studied fine arts at the Accademia di Belle Arti in Rome. Since 2009, he has realized numerous large-format murals and installations for public and private institutions. He has also worked with international brands including Apple, Adidas, Herm\u00e8s, and Starbucks.<\/p>\n  <\/div>\n\n\t<span class=\"price\"><span class=\"woocommerce-Price-amount amount\"><bdi>10<span class=\"woocommerce-Price-currencySymbol\">&euro;<\/span><\/bdi><\/span><\/span>\n<\/a><a href=\"\/en\/wp-json\/wp\/v2\/pages\/13187?add-to-cart=20685\" aria-describedby=\"woocommerce_loop_add_to_cart_link_describedby_20685\" data-quantity=\"1\" class=\"button product_type_simple add_to_cart_button ajax_add_to_cart\" data-product_id=\"20685\" data-product_sku=\"\" aria-label=\"Add to cart: &ldquo;Agostino Iacurci&rdquo;\" rel=\"nofollow\" data-success_message=\"&ldquo;Agostino Iacurci&rdquo; has been added to your cart\" role=\"button\">Add to cart<\/a>\t<span id=\"woocommerce_loop_add_to_cart_link_describedby_20685\" class=\"screen-reader-text\">\n\t\t\t<\/span>\n<\/li>\n<li class=\"product type-product post-19681 status-publish last instock product_cat-all-books product_cat-installation-art product_cat-sculpture has-post-thumbnail taxable shipping-taxable purchasable product-type-simple\">\n\t<a href=\"https:\/\/dcv-books.com\/en\/produkt\/ossian-fraser-dissolving-acts\/\" class=\"woocommerce-LoopProduct-link woocommerce-loop-product__link\"><div class=\"image-wrapper\"><img decoding=\"async\" width=\"2048\" height=\"2839\" src=\"https:\/\/dcv-books.com\/wp-content\/uploads\/2023\/06\/230807_OF-Cover_web-2048x2839.jpg\" class=\"attachment-woocommerce_thumbnail size-woocommerce_thumbnail\" alt=\"Ossian Fraser -&lt;br&gt; DISSOLVING ACTS\" \/><\/div><h2 class=\"woocommerce-loop-product__title\">Ossian Fraser <br> DISSOLVING ACTS<\/h2>  <div class=\"woocommerce-loop-product__description\" itemprop=\"description\">\n    <p>Ossian Fraser (b. Edinburgh, 1983; lives in Munich and Berlin) molds and captures evanescent moments. Working with volatile materials such as water, dust, or light, the artist exposes the latent potentials of unremarkable situations in the urban fabric and natural scenes. A tunnel in a city, a rock face in the mountains become points of departure and elementary components of his site-specific interventions, which he records in photographs. The book is the first to offer comprehensive insight into Fraser\u2019s artistic practice. Series of pictures showcasing his conceptual and poetic pieces alternate with conversations that not only demarcate the framework in which his art operates, but also touch on the great issues of our time.<\/p>\n<p>Ossian Fraser studied fine arts and sculpture at the Alanus University of Arts and Social Sciences, Bonn, from 2006 until 2009 and at the Wei\u00dfensee Kunsthochschule, Berlin, from 2009 until 2013, rounding out his education in Albrecht Sch\u00e4fer\u2019s master class in 2013\u20132014.<\/p>\n  <\/div>\n\n\t<span class=\"price\"><span class=\"woocommerce-Price-amount amount\"><bdi>38<span class=\"woocommerce-Price-currencySymbol\">&euro;<\/span><\/bdi><\/span><\/span>\n<\/a><a href=\"\/en\/wp-json\/wp\/v2\/pages\/13187?add-to-cart=19681\" aria-describedby=\"woocommerce_loop_add_to_cart_link_describedby_19681\" data-quantity=\"1\" class=\"button product_type_simple add_to_cart_button ajax_add_to_cart\" data-product_id=\"19681\" data-product_sku=\"\" aria-label=\"Add to cart: &ldquo;Ossian Fraser - DISSOLVING ACTS&rdquo;\" rel=\"nofollow\" data-success_message=\"&ldquo;Ossian Fraser -&lt;br&gt; DISSOLVING ACTS&rdquo; has been added to your cart\" role=\"button\">Add to cart<\/a>\t<span id=\"woocommerce_loop_add_to_cart_link_describedby_19681\" class=\"screen-reader-text\">\n\t\t\t<\/span>\n<\/li>\n<li class=\"product type-product post-20722 status-publish first instock product_cat-all-books product_cat-digital-art-en product_cat-film-and-video product_cat-installation-art product_cat-sculpture product_tag-keep-away-from-fire-en product_tag-maria-braune-en has-post-thumbnail taxable shipping-taxable purchasable product-type-simple\">\n\t<a href=\"https:\/\/dcv-books.com\/en\/produkt\/maria-braune-keep-away-from-fire\/\" class=\"woocommerce-LoopProduct-link woocommerce-loop-product__link\"><div class=\"image-wrapper\"><img decoding=\"async\" width=\"1903\" height=\"2501\" src=\"https:\/\/dcv-books.com\/wp-content\/uploads\/2021\/04\/BrauneMaria_Cover_kontrast.jpg\" class=\"attachment-woocommerce_thumbnail size-woocommerce_thumbnail\" alt=\"Maria Braune -&lt;br&gt; Keep Away From Fire\" \/><\/div><h2 class=\"woocommerce-loop-product__title\">Maria Braune <br> Keep Away From Fire<\/h2>  <div class=\"woocommerce-loop-product__description\" itemprop=\"description\">\n    <p>Maria Braune\u2019s (b. Berlin, 1988; lives and works in Munich and Bamberg) work revolves around a material she developed; named Migma, it consists of eight different renewable natural resources. She heats it, then casts and molds it in a process that continues for weeks. The resulting sculptures and installations sprawl throughout the space like sensuous organisms. Associations of growth and symbiosis emerge, but discontinuities and disintegration come into view as well. Braune\u2019s creative process is part of an ecosystem and thoroughly anchored in the now. Her material is a vitally alive substance to which she responds in an immediate engagement, connecting it to mythological and narrative significations and setting it in relation to her own world.<\/p>\n<p>Maria Braune studied woodcarving at the Fachhochschule f\u00fcr Bildhauerei in Berchtesgaden, Germany, in 2009\u20132011, then fine arts with Hermann Pitz at the Academy of Fine Arts Munich, where she graduated in 2017.<\/p>\n  <\/div>\n\n\t<span class=\"price\"><span class=\"woocommerce-Price-amount amount\"><bdi>28<span class=\"woocommerce-Price-currencySymbol\">&euro;<\/span><\/bdi><\/span><\/span>\n<\/a><a href=\"\/en\/wp-json\/wp\/v2\/pages\/13187?add-to-cart=20722\" aria-describedby=\"woocommerce_loop_add_to_cart_link_describedby_20722\" data-quantity=\"1\" class=\"button product_type_simple add_to_cart_button ajax_add_to_cart\" data-product_id=\"20722\" data-product_sku=\"\" aria-label=\"Add to cart: &ldquo;Maria Braune - Keep Away From Fire&rdquo;\" rel=\"nofollow\" data-success_message=\"&ldquo;Maria Braune -&lt;br&gt; Keep Away From Fire&rdquo; has been added to your cart\" role=\"button\">Add to cart<\/a>\t<span id=\"woocommerce_loop_add_to_cart_link_describedby_20722\" class=\"screen-reader-text\">\n\t\t\t<\/span>\n<\/li>\n<li class=\"product type-product post-19706 status-publish instock product_cat-all-books product_cat-installation-art has-post-thumbnail taxable shipping-taxable purchasable product-type-simple\">\n\t<a href=\"https:\/\/dcv-books.com\/en\/produkt\/liam-gillick-filtered-time-english\/\" class=\"woocommerce-LoopProduct-link woocommerce-loop-product__link\"><div class=\"image-wrapper\"><img decoding=\"async\" width=\"2048\" height=\"2997\" src=\"https:\/\/dcv-books.com\/wp-content\/uploads\/2023\/06\/GILLICK_CoverPrintKorr_230607_ENG_front-2048x2997.jpg\" class=\"attachment-woocommerce_thumbnail size-woocommerce_thumbnail\" alt=\"Liam Gillick -&lt;br&gt; Filtered Time (ENGLISH)\" \/><\/div><h2 class=\"woocommerce-loop-product__title\">Liam Gillick <br> Filtered Time (ENGLISH)<\/h2>  <div class=\"woocommerce-loop-product__description\" itemprop=\"description\">\n    <p>The sculptor and object artist Liam Gillick (b. Aylesbury, UK, 1964; lives and works in New York) has created an intervention titled <em>Filtered Time<\/em> for the historic galleries of the Pergamon Museum in Berlin. Projections of light and color and acoustic effects condense six thousand years of cultural history into an immersive spatial experience. Gillick initiates a conversation between the iconic Processional Way and the Ishtar Gate from Babylon, the monumental sculptures of Tell Halaf, and other exhibits, engendering new layers of meaning across all historical periods. The first joint project of the Vorderasiatisches Museum and the Hamburger Bahnhof\u2014Nationalgalerie der Gegenwart makes for a singular visual and sensory experience. Designed by the artist himself, the publication not only documents the richly colorful production, but also provides insight into the eventful history of the museum, which is approaching its centennial.<\/p>\n<p>Liam Gillick studied at the Hertfordshire College of Art in 1983\u20131984 and at Goldsmiths, University of London from 1984 until 1987. Gillick is a prolific published writer as well, producing essays, reviews, fiction, and theatrical scenarios.<\/p>\n  <\/div>\n\n\t<span class=\"price\"><span class=\"woocommerce-Price-amount amount\"><bdi>28<span class=\"woocommerce-Price-currencySymbol\">&euro;<\/span><\/bdi><\/span><\/span>\n<\/a><a href=\"\/en\/wp-json\/wp\/v2\/pages\/13187?add-to-cart=19706\" aria-describedby=\"woocommerce_loop_add_to_cart_link_describedby_19706\" data-quantity=\"1\" class=\"button product_type_simple add_to_cart_button ajax_add_to_cart\" data-product_id=\"19706\" data-product_sku=\"\" aria-label=\"Add to cart: &ldquo;Liam Gillick - Filtered Time (ENGLISH)&rdquo;\" rel=\"nofollow\" data-success_message=\"&ldquo;Liam Gillick -&lt;br&gt; Filtered Time (ENGLISH)&rdquo; has been added to your cart\" role=\"button\">Add to cart<\/a>\t<span id=\"woocommerce_loop_add_to_cart_link_describedby_19706\" class=\"screen-reader-text\">\n\t\t\t<\/span>\n<\/li>\n<li class=\"product type-product post-19701 status-publish instock product_cat-all-books product_cat-installation-art has-post-thumbnail taxable shipping-taxable purchasable product-type-simple\">\n\t<a href=\"https:\/\/dcv-books.com\/en\/produkt\/liam-gillick-filtered-time-german\/\" class=\"woocommerce-LoopProduct-link woocommerce-loop-product__link\"><div class=\"image-wrapper\"><img decoding=\"async\" width=\"1777\" height=\"2560\" src=\"https:\/\/dcv-books.com\/wp-content\/uploads\/2023\/06\/GILLICK_CoverPrintKorr_230607_DE_front-scaled.jpg\" class=\"attachment-woocommerce_thumbnail size-woocommerce_thumbnail\" alt=\"Liam Gillick -&lt;br&gt; Filtered Time (GERMAN)\" \/><\/div><h2 class=\"woocommerce-loop-product__title\">Liam Gillick <br> Filtered Time (GERMAN)<\/h2>  <div class=\"woocommerce-loop-product__description\" itemprop=\"description\">\n    <p>The sculptor and object artist Liam Gillick (b. Aylesbury, UK, 1964; lives and works in New York) has created an intervention titled <em>Filtered Time<\/em> for the historic galleries of the Pergamon Museum in Berlin. Projections of light and color and acoustic effects condense six thousand years of cultural history into an immersive spatial experience. Gillick initiates a conversation between the iconic Processional Way and the Ishtar Gate from Babylon, the monumental sculptures of Tell Halaf, and other exhibits, engendering new layers of meaning across all historical periods. The first joint project of the Vorderasiatisches Museum and the Hamburger Bahnhof\u2014Nationalgalerie der Gegenwart makes for a singular visual and sensory experience. Designed by the artist himself, the publication not only documents the richly colorful production, but also provides insight into the eventful history of the museum, which is approaching its centennial.<\/p>\n<p>Liam Gillick studied at the Hertfordshire College of Art in 1983\u20131984 and at Goldsmiths, University of London from 1984 until 1987. Gillick is a prolific published writer as well, producing essays, reviews, fiction, and theatrical scenarios.<\/p>\n  <\/div>\n\n\t<span class=\"price\"><span class=\"woocommerce-Price-amount amount\"><bdi>28<span class=\"woocommerce-Price-currencySymbol\">&euro;<\/span><\/bdi><\/span><\/span>\n<\/a><a href=\"\/en\/wp-json\/wp\/v2\/pages\/13187?add-to-cart=19701\" aria-describedby=\"woocommerce_loop_add_to_cart_link_describedby_19701\" data-quantity=\"1\" class=\"button product_type_simple add_to_cart_button ajax_add_to_cart\" data-product_id=\"19701\" data-product_sku=\"\" aria-label=\"Add to cart: &ldquo;Liam Gillick - Filtered Time (GERMAN)&rdquo;\" rel=\"nofollow\" data-success_message=\"&ldquo;Liam Gillick -&lt;br&gt; Filtered Time (GERMAN)&rdquo; has been added to your cart\" role=\"button\">Add to cart<\/a>\t<span id=\"woocommerce_loop_add_to_cart_link_describedby_19701\" class=\"screen-reader-text\">\n\t\t\t<\/span>\n<\/li>\n<li class=\"product type-product post-19357 status-publish last instock product_cat-all-books product_cat-installation-art product_cat-sculpture has-post-thumbnail taxable shipping-taxable purchasable product-type-simple\">\n\t<a href=\"https:\/\/dcv-books.com\/en\/produkt\/stefan-knauf\/\" class=\"woocommerce-LoopProduct-link woocommerce-loop-product__link\"><div class=\"image-wrapper\"><img decoding=\"async\" width=\"1748\" height=\"2480\" src=\"https:\/\/dcv-books.com\/wp-content\/uploads\/2023\/04\/Grunenberg_2023_Stefan_Knauf_Cover.jpg\" class=\"attachment-woocommerce_thumbnail size-woocommerce_thumbnail\" alt=\"Stefan Knauf\" \/><\/div><h2 class=\"woocommerce-loop-product__title\">Stefan Knauf<\/h2>  <div class=\"woocommerce-loop-product__description\" itemprop=\"description\">\n    <p>Stefan Knauf (b. Munich, 1990; lives and works in Berlin) uses selected materials such as construction supplies or plants to investigate the histories of botany, migration, trade, science, and architecture and critique an idealized and anthropocentric conception of nature that is still prevalent. His sculptures, geometric-abstract pictures, and installations, with echoes of constructivism and minimal art, are contact zones in which everything is related to everything: human and non-human history, the natural and the artificial, ecology and ideology. Knauf\u2019s works do not propose to unravel these entanglements. Rather, they suggest alternative perspectives and topographies guided by the idea of the \u201cmodified landscape\u201d and devise material and alchemistic forms of knowledge and a novel and multiperspectival approach to the history and reality of the Anthropocene.<\/p>\n  <\/div>\n\n\t<span class=\"price\"><span class=\"woocommerce-Price-amount amount\"><bdi>10<span class=\"woocommerce-Price-currencySymbol\">&euro;<\/span><\/bdi><\/span><\/span>\n<\/a><a href=\"\/en\/wp-json\/wp\/v2\/pages\/13187?add-to-cart=19357\" aria-describedby=\"woocommerce_loop_add_to_cart_link_describedby_19357\" data-quantity=\"1\" class=\"button product_type_simple add_to_cart_button ajax_add_to_cart\" data-product_id=\"19357\" data-product_sku=\"\" aria-label=\"Add to cart: &ldquo;Stefan Knauf&rdquo;\" rel=\"nofollow\" data-success_message=\"&ldquo;Stefan Knauf&rdquo; has been added to your cart\" role=\"button\">Add to cart<\/a>\t<span id=\"woocommerce_loop_add_to_cart_link_describedby_19357\" class=\"screen-reader-text\">\n\t\t\t<\/span>\n<\/li>\n<li class=\"product type-product post-18621 status-publish first instock product_cat-all-books product_cat-installation-art product_cat-painting has-post-thumbnail taxable shipping-taxable purchasable product-type-simple\">\n\t<a href=\"https:\/\/dcv-books.com\/en\/produkt\/wyatt-kahn-paintings-and-sculptures\/\" class=\"woocommerce-LoopProduct-link woocommerce-loop-product__link\"><div class=\"image-wrapper\"><img decoding=\"async\" width=\"2048\" height=\"2376\" src=\"https:\/\/dcv-books.com\/wp-content\/uploads\/2022\/10\/220419_DCV_Wyatt_Kahn_cover-scaled-2048x2376.jpg\" class=\"attachment-woocommerce_thumbnail size-woocommerce_thumbnail\" alt=\"wyatt kahn\" \/><\/div><h2 class=\"woocommerce-loop-product__title\">Wyatt Kahn <br>  Paintings and Sculptures<\/h2>  <div class=\"woocommerce-loop-product__description\" itemprop=\"description\">\n    <p style=\"font-weight: 400;\">Wyatt Kahn\u2019s (b. New York, 1983; lives and works in New York) work hovers between two and three dimensions, reviving aspects of American 1960s Minimal Art. In the tradition of minimalist abstraction, his multipart paintings seem devoid of content, but their construction is a sophisticated choreography of geometric shapes. Instead of delineating them on the canvas itself, he transforms them into physical elements composed of canvas stretched over strips of wood that he mounts on the wall as reliefs, making the latter an integral part of the composition. Working on the interface between painting and sculpture, the artist also references Ellsworth Kelly\u2019s single and multiple shaped canvases.<\/p>\n<p style=\"font-weight: 400;\">Wyatt Kahn\u2019s works are held by major collections including the Metropolitan Museum of Art, New York; the Museum of Modern Art, New York; the Whitney Museum of American Art, New York; the Centre Pompidou, Paris; the Museum of Contemporary Art, Los Angeles; the Dallas Museum of Art; the Museum of Contemporary Art, Chicago; and the Albright-Knox Art Gallery, Buffalo.<\/p>\n  <\/div>\n\n\t<span class=\"price\"><span class=\"woocommerce-Price-amount amount\"><bdi>36<span class=\"woocommerce-Price-currencySymbol\">&euro;<\/span><\/bdi><\/span><\/span>\n<\/a><a href=\"\/en\/wp-json\/wp\/v2\/pages\/13187?add-to-cart=18621\" aria-describedby=\"woocommerce_loop_add_to_cart_link_describedby_18621\" data-quantity=\"1\" class=\"button product_type_simple add_to_cart_button ajax_add_to_cart\" data-product_id=\"18621\" data-product_sku=\"\" aria-label=\"Add to cart: &ldquo;Wyatt Kahn \u2013  Paintings and Sculptures&rdquo;\" rel=\"nofollow\" data-success_message=\"&ldquo;Wyatt Kahn \u2013&lt;br&gt;  Paintings and Sculptures&rdquo; has been added to your cart\" role=\"button\">Add to cart<\/a>\t<span id=\"woocommerce_loop_add_to_cart_link_describedby_18621\" class=\"screen-reader-text\">\n\t\t\t<\/span>\n<\/li>\n<li class=\"product type-product post-18590 status-publish instock product_cat-all-books product_cat-installation-art product_cat-painting product_cat-photography product_tag-semjon-contemporary-en has-post-thumbnail taxable shipping-taxable purchasable product-type-simple\">\n\t<a href=\"https:\/\/dcv-books.com\/en\/produkt\/x-x-x-semjon-contemporary\/\" class=\"woocommerce-LoopProduct-link woocommerce-loop-product__link\"><div class=\"image-wrapper\"><img decoding=\"async\" width=\"1359\" height=\"1772\" src=\"https:\/\/dcv-books.com\/wp-content\/uploads\/2022\/10\/9783969121122.jpg\" class=\"attachment-woocommerce_thumbnail size-woocommerce_thumbnail\" alt=\"semjon contemporary\" \/><\/div><h2 class=\"woocommerce-loop-product__title\">X x X <br> Semjon Contemporary<\/h2>  <div class=\"woocommerce-loop-product__description\" itemprop=\"description\">\n    <p style=\"font-weight: 400;\">Founded by Semjon H. N. Semjon in 2011, the gallery Semjon Contemporary has built a distinctive and singular profile that has earned it an unrivaled position in the art world. It represents international positions in contemporary art that, their divergences notwithstanding, are united by the extraordinary intelligence of their engagement with the material. The result is an unmistakable visual language that permits of no modification of established choices. Despite the considerable differences of material, technique, and expression, the artists\u2019 works enter into dialogue with one another, as parallel solo presentations and special exhibitions showcasing numerous visiting artists have demonstrated.<\/p>\n<p style=\"font-weight: 400;\">The book features Colin Ardley, Edward L. Buchanan, Takayuki Daikoku, Dittmar Danner aka Kr\u00fcger, Ute Essig, Experimental Setup (Kata Hinterlechner and Bosko Gastager\u2019s collective moniker), Katja Flint, Andreas Fux, Dave Grossmann, Renate Hampke, Marc von der Hocht, Nataly Hocke, Michael Kutschbach, Henrik U. M\u00fcller, Cornelia Nagel, Susanne Knaack, Katja Kollowa, Susanne Pomrehn, Thomas Prochnow, Dirk Rathke, Ursula Sax, Gerda Sch\u00fctte, Gil Shachar, Li Silberberg, Karina Spechter, Klaus Steinmann, Stefan Thiel, Hitomi Uchikura, Royden Watson, and Bettina Wei\u00df in dedicated chapters. It is rounded out by statements from collectors including Thomas Lenhart, Cornelie Kunkat, Gabriele Quandt, Roland Schnell, Nobert Fuhr and Klaus Werner, Roswitha and J\u00fcrgen K\u00f6nig, and Helmut Lie\u00df. Remarks by art critics and scholars and an interview with Semjon by Jan Maruhn provide additional insight into the gallery\u2019s work.<\/p>\n  <\/div>\n\n\t<span class=\"price\"><span class=\"woocommerce-Price-amount amount\"><bdi>50<span class=\"woocommerce-Price-currencySymbol\">&euro;<\/span><\/bdi><\/span><\/span>\n<\/a><a href=\"\/en\/wp-json\/wp\/v2\/pages\/13187?add-to-cart=18590\" aria-describedby=\"woocommerce_loop_add_to_cart_link_describedby_18590\" data-quantity=\"1\" class=\"button product_type_simple add_to_cart_button ajax_add_to_cart\" data-product_id=\"18590\" data-product_sku=\"\" aria-label=\"Add to cart: &ldquo;X x X \u2013 Semjon Contemporary&rdquo;\" rel=\"nofollow\" data-success_message=\"&ldquo;X x X \u2013&lt;br&gt; Semjon Contemporary&rdquo; has been added to your cart\" role=\"button\">Add to cart<\/a>\t<span id=\"woocommerce_loop_add_to_cart_link_describedby_18590\" class=\"screen-reader-text\">\n\t\t\t<\/span>\n<\/li>\n<li class=\"product type-product post-17398 status-publish instock product_cat-all-books product_cat-installation-art has-post-thumbnail taxable shipping-taxable purchasable product-type-simple\">\n\t<a href=\"https:\/\/dcv-books.com\/en\/produkt\/nolde-kritik-documenta-deutsch\/\" class=\"woocommerce-LoopProduct-link woocommerce-loop-product__link\"><div class=\"image-wrapper\"><img decoding=\"async\" width=\"450\" height=\"540\" src=\"https:\/\/dcv-books.com\/wp-content\/uploads\/2022\/05\/20211122_Publikation-Cover-klein.jpg\" class=\"attachment-woocommerce_thumbnail size-woocommerce_thumbnail\" alt=\"Mischa Kuball\" \/><\/div><h2 class=\"woocommerce-loop-product__title\">nolde\/kritik\/documenta (German)<\/h2>  <div class=\"woocommerce-loop-product__description\" itemprop=\"description\">\n    <p style=\"font-weight: 400;\">Emil Nolde (1867\u20131956) ranks among the best-known classic modernists. Contemporary perceptions of the artist and his oeuvre are informed by mythmaking as well as its deconstruction. After the Second World War, Nolde himself and art historians of the time portrayed him as a victim of Nazi persecution. More recent critics have drawn attention to his anti-Semitic views and his opportunism in his dealings with the Nazi authorities.<\/p>\n<p style=\"font-weight: 400;\">With support from the Nolde Foundation, Seeb\u00fcll, the D\u00fcsseldorf-based conceptual artist Mischa Kuball (b. 1959) delved into the documentary record to shed light on this profoundly ambivalent figure and frame a critical perspective on Emil Nolde\u2019s output and actions. The first fruits of his endeavors were shown at the Draiflessen Collection, Mettingen, in the winter of 2020\u20132021.<\/p>\n<p style=\"font-weight: 400;\">Kuball continued his research at the invitation of the documenta archive, Kassel. Based on his findings, the exhibition project \u201cnolde \/ kritik \/ documenta\u201d illuminates the ways in which life and oeuvre are interwoven and inquires into the contradictions of modernism, which Emil Nolde as a man and artist may be said to have embodied. The focus of the new project is on the staging of Nolde\u2019s works at the first three editions of the documenta exhibition series (1955, 1959, 1964), which were instrumental to establishing the \u201cNolde myth.\u201d<\/p>\n<p style=\"font-weight: 400;\">An enlarged and revised edition of the catalogue \u201cnolde \/ kritik \/ documenta\u201d is released in conjunction with the exhibition at the Fridericianum, Kassel (December 9, 2022\u2013February 19, 2023).<\/p>\n<p style=\"font-weight: 400;\">Mischa Kuball has been professor of public art at the Academy of Media Arts Cologne and associate professor of media art at the Karlsruhe University of Arts and Design\/ZKM since 2007.<\/p>\n  <\/div>\n\n\t<span class=\"price\"><span class=\"woocommerce-Price-amount amount\"><bdi>42<span class=\"woocommerce-Price-currencySymbol\">&euro;<\/span><\/bdi><\/span><\/span>\n<\/a><a href=\"\/en\/wp-json\/wp\/v2\/pages\/13187?add-to-cart=17398\" aria-describedby=\"woocommerce_loop_add_to_cart_link_describedby_17398\" data-quantity=\"1\" class=\"button product_type_simple add_to_cart_button ajax_add_to_cart\" data-product_id=\"17398\" data-product_sku=\"\" aria-label=\"Add to cart: &ldquo;nolde\/kritik\/documenta (German)&rdquo;\" rel=\"nofollow\" data-success_message=\"&ldquo;nolde\/kritik\/documenta (German)&rdquo; has been added to your cart\" role=\"button\">Add to cart<\/a>\t<span id=\"woocommerce_loop_add_to_cart_link_describedby_17398\" class=\"screen-reader-text\">\n\t\t\t<\/span>\n<\/li>\n<li class=\"product type-product post-17401 status-publish last instock product_cat-all-books product_cat-installation-art has-post-thumbnail taxable shipping-taxable purchasable product-type-simple\">\n\t<a href=\"https:\/\/dcv-books.com\/en\/produkt\/nolde-kritik-documenta-english\/\" class=\"woocommerce-LoopProduct-link woocommerce-loop-product__link\"><div class=\"image-wrapper\"><img decoding=\"async\" width=\"450\" height=\"531\" src=\"https:\/\/dcv-books.com\/wp-content\/uploads\/2022\/05\/20211110_Publikation-Cover-2-klein.jpg\" class=\"attachment-woocommerce_thumbnail size-woocommerce_thumbnail\" alt=\"Mischa Kuball\" \/><\/div><h2 class=\"woocommerce-loop-product__title\">nolde\/kritik\/documenta (English)<\/h2>  <div class=\"woocommerce-loop-product__description\" itemprop=\"description\">\n    <p style=\"font-weight: 400;\">Emil Nolde (1867\u20131956) ranks among the best-known classic modernists. Contemporary perceptions of the artist and his oeuvre are informed by mythmaking as well as its deconstruction. After the Second World War, Nolde himself and art historians of the time portrayed him as a victim of Nazi persecution. More recent critics have drawn attention to his anti-Semitic views and his opportunism in his dealings with the Nazi authorities.<\/p>\n<p style=\"font-weight: 400;\">With support from the Nolde Foundation, Seeb\u00fcll, the D\u00fcsseldorf-based conceptual artist Mischa Kuball (b. 1959) delved into the documentary record to shed light on this profoundly ambivalent figure and frame a critical perspective on Emil Nolde\u2019s output and actions. The first fruits of his endeavors were shown at the Draiflessen Collection, Mettingen, in the winter of 2020\u20132021.<\/p>\n<p style=\"font-weight: 400;\">Kuball continued his research at the invitation of the documenta archive, Kassel. Based on his findings, the exhibition project \u201cnolde \/ kritik \/ documenta\u201d illuminates the ways in which life and oeuvre are interwoven and inquires into the contradictions of modernism, which Emil Nolde as a man and artist may be said to have embodied. The focus of the new project is on the staging of Nolde\u2019s works at the first three editions of the documenta exhibition series (1955, 1959, 1964), which were instrumental to establishing the \u201cNolde myth.\u201d<\/p>\n<p style=\"font-weight: 400;\">An enlarged and revised edition of the catalogue \u201cnolde \/ kritik \/ documenta\u201d is released in conjunction with the exhibition at the Fridericianum, Kassel (December 9, 2022\u2013February 19, 2023).<\/p>\n<p style=\"font-weight: 400;\">Mischa Kuball has been professor of public art at the Academy of Media Arts Cologne and associate professor of media art at the Karlsruhe University of Arts and Design\/ZKM since 2007.<\/p>\n  <\/div>\n\n\t<span class=\"price\"><span class=\"woocommerce-Price-amount amount\"><bdi>42<span class=\"woocommerce-Price-currencySymbol\">&euro;<\/span><\/bdi><\/span><\/span>\n<\/a><a href=\"\/en\/wp-json\/wp\/v2\/pages\/13187?add-to-cart=17401\" aria-describedby=\"woocommerce_loop_add_to_cart_link_describedby_17401\" data-quantity=\"1\" class=\"button product_type_simple add_to_cart_button ajax_add_to_cart\" data-product_id=\"17401\" data-product_sku=\"\" aria-label=\"Add to cart: &ldquo;nolde\/kritik\/documenta (English)&rdquo;\" rel=\"nofollow\" data-success_message=\"&ldquo;nolde\/kritik\/documenta (English)&rdquo; has been added to your cart\" role=\"button\">Add to cart<\/a>\t<span id=\"woocommerce_loop_add_to_cart_link_describedby_17401\" class=\"screen-reader-text\">\n\t\t\t<\/span>\n<\/li>\n<li class=\"product type-product post-18855 status-publish first instock product_cat-all-books product_cat-film-and-video product_cat-installation-art product_tag-francis-alys-en has-post-thumbnail taxable shipping-taxable purchasable product-type-simple\">\n\t<a href=\"https:\/\/dcv-books.com\/en\/produkt\/francis-alys-the-nature-of-the-game-special-editional-edition\/\" class=\"woocommerce-LoopProduct-link woocommerce-loop-product__link\"><div class=\"image-wrapper\"><img decoding=\"async\" width=\"1600\" height=\"1089\" src=\"https:\/\/dcv-books.com\/wp-content\/uploads\/2022\/12\/1_Alys_Website_freigestellt.png\" class=\"attachment-woocommerce_thumbnail size-woocommerce_thumbnail\" alt=\"Francis Al\u00ffs -&lt;br&gt; The Nature of the Game -&lt;br&gt; Special Edition\" \/><\/div><h2 class=\"woocommerce-loop-product__title\">Francis Al\u00ffs <br> The Nature of the Game <br> Special Edition<\/h2>  <div class=\"woocommerce-loop-product__description\" itemprop=\"description\">\n    <p><strong>SPECIAL EDITION in clothbound slipcase<\/strong><\/p>\n<p>The Belgian artist Francis Al\u00ffs (b. Antwerp, 1959) makes work that is as multifaceted as it is poetically subversive. Straddling the line between performative conceptual art and community intervention, his films and drawings chart the political and social realities of urban spaces. One of his most imposing long-term projects is <em>Children\u2019s Games<\/em>, for which he documents children playing all over the world, from Paris and Mexico City to the Yezidi refugee camp Sharya in Iraq. The richly illustrated book contains ideas and sketches he compiled in preparation for this series. It lets us glimpse into the engine room of his artistic practice, revealing key elements of his filmic poetics. An essay by the ethnographer and filmmaker David MacDougall embeds Al\u00ffs\u2019s observations of children\u2019s play in the contexts of childhood studies as well as the history of ethnographic documentary film.<\/p>\n<p>Francis Al\u00ffs (b. Antwerp, 1959) is widely regarded as one of the foremost artists working today. His oeuvre, which has garnered numerous prizes and been featured in solo exhibitions around the world, encompasses films, photographs, performances, drawings, and paintings, many of them explorations of the social and political realities of urban spaces. Since 1986, Al\u00ffs, who trained as an architect, has lived in Mexico City, where he moved after the major earthquake of 1985 to help in the rebuilding effort.<\/p>\n<p><em>Francis Al\u00ffs \u2013 The Nature of the Game<\/em> is the official publication of the Belgian pavilion at the 59th Biennale di Venezia, curated by Hilde Teerlinck.<\/p>\n  <\/div>\n\n\t<span class=\"price\"><span class=\"woocommerce-Price-amount amount\"><bdi>60<span class=\"woocommerce-Price-currencySymbol\">&euro;<\/span><\/bdi><\/span><\/span>\n<\/a><a href=\"\/en\/wp-json\/wp\/v2\/pages\/13187?add-to-cart=18855\" aria-describedby=\"woocommerce_loop_add_to_cart_link_describedby_18855\" data-quantity=\"1\" class=\"button product_type_simple add_to_cart_button ajax_add_to_cart\" data-product_id=\"18855\" data-product_sku=\"\" aria-label=\"Add to cart: &ldquo;Francis Al\u00ffs - The Nature of the Game - Special Edition&rdquo;\" rel=\"nofollow\" data-success_message=\"&ldquo;Francis Al\u00ffs -&lt;br&gt; The Nature of the Game -&lt;br&gt; Special Edition&rdquo; has been added to your cart\" role=\"button\">Add to cart<\/a>\t<span id=\"woocommerce_loop_add_to_cart_link_describedby_18855\" class=\"screen-reader-text\">\n\t\t\t<\/span>\n<\/li>\n<li class=\"product type-product post-18722 status-publish instock product_cat-all-books product_cat-installation-art has-post-thumbnail taxable shipping-taxable purchasable product-type-simple\">\n\t<a href=\"https:\/\/dcv-books.com\/en\/produkt\/gregor-hildebrandt-a-blink-of-an-eye-and-the-years-are-behind-us\/\" class=\"woocommerce-LoopProduct-link woocommerce-loop-product__link\"><div class=\"image-wrapper\"><img decoding=\"async\" width=\"1000\" height=\"1385\" src=\"https:\/\/dcv-books.com\/wp-content\/uploads\/2021\/02\/SU_GH_A-blink-of-an-eye_KH_Prag_RZ_Promo.jpg\" class=\"attachment-woocommerce_thumbnail size-woocommerce_thumbnail\" alt=\"Gregor Hildebrandt \u2013&lt;br&gt; A Blink of an Eye and the Years are Behind us\" \/><\/div><h2 class=\"woocommerce-loop-product__title\">Gregor Hildebrandt <br> A Blink of an Eye and the Years are Behind us<\/h2>  <div class=\"woocommerce-loop-product__description\" itemprop=\"description\">\n    <div>\n<p><span lang=\"EN-US\">For the past two decades, Gregor Hildebrandt (b. Bad Homburg, 1974; lives and works in Berlin) has transformed analog audiotapes, cassettes, and records into collages, sculptures, panel paintings, and installations. Melding visual art with music, he has charted a complex creative vision crossing boundaries of medium and genre that he continually refines. Before using a tape, he records selected music\u2014typically a single song\u2014on it, whose lyrics he quotes in the work\u2019s title. The artist\u2019s output draws on his personal repertoire of bands that share a romantic narrative of loneliness and a melancholy keynote. The same attitude toward life is reflected in Hildebrandt\u2019s work. The book offers insight into all periods of the artist\u2019s oeuvre and is rounded out by archival materials from Hildebrandt\u2019s studio, his project space Grzegorzki Shows, and the music label Grzegorzki Records that illustrate his creative process.<\/span><\/p>\n<\/div>\n<div>\n<p><span lang=\"EN-US\">Gregor Hildebrandt<\/span><span lang=\"EN-US\"> studied at Kunsthochschule Mainz from 1995 until 1999 and at the Berlin University of the Arts from 1999 until 2002. He was a fellow of the Deutsches Studienzentrum in Venice in 2003 and worked in Vienna on a fellowship from the German Academic Exchange Service in 2005\u201306. He has been professor of painting and graphic art at the Academy of Fine Arts in Munich since 2015.<\/span><\/p>\n<\/div>\n  <\/div>\n\n\t<span class=\"price\"><span class=\"woocommerce-Price-amount amount\"><bdi>48<span class=\"woocommerce-Price-currencySymbol\">&euro;<\/span><\/bdi><\/span><\/span>\n<\/a><a href=\"\/en\/wp-json\/wp\/v2\/pages\/13187?add-to-cart=18722\" aria-describedby=\"woocommerce_loop_add_to_cart_link_describedby_18722\" data-quantity=\"1\" class=\"button product_type_simple add_to_cart_button ajax_add_to_cart\" data-product_id=\"18722\" data-product_sku=\"\" aria-label=\"Add to cart: &ldquo;Gregor Hildebrandt \u2013 A Blink of an Eye and the Years are Behind us&rdquo;\" rel=\"nofollow\" data-success_message=\"&ldquo;Gregor Hildebrandt \u2013&lt;br&gt; A Blink of an Eye and the Years are Behind us&rdquo; has been added to your cart\" role=\"button\">Add to cart<\/a>\t<span id=\"woocommerce_loop_add_to_cart_link_describedby_18722\" class=\"screen-reader-text\">\n\t\t\t<\/span>\n<\/li>\n<li class=\"product type-product post-18601 status-publish instock product_cat-all-books product_cat-architecture product_cat-installation-art product_cat-painting product_cat-photography has-post-thumbnail taxable shipping-taxable purchasable product-type-simple\">\n\t<a href=\"https:\/\/dcv-books.com\/en\/produkt\/alexandru-chira\/\" class=\"woocommerce-LoopProduct-link woocommerce-loop-product__link\"><div class=\"image-wrapper\"><img decoding=\"async\" width=\"701\" height=\"827\" src=\"https:\/\/dcv-books.com\/wp-content\/uploads\/2021\/02\/9783969121030.jpeg\" class=\"attachment-woocommerce_thumbnail size-woocommerce_thumbnail\" alt=\"Alexandru Chira\" \/><\/div><h2 class=\"woocommerce-loop-product__title\">Alexandru Chira<\/h2>  <div class=\"woocommerce-loop-product__description\" itemprop=\"description\">\n    <p style=\"font-weight: 400;\">Alexandru Chira\u2019s (b. T\u0103u\u0219eni, Romania, 1947; d. Bucharest, 2011) oeuvre systematically and comprehensively maps a fictional field of research. His paintings, drawings, and objects, whose individual elements recall switches, screens, keyboards, and levers, were designed to \u201cbring rain and rainbows,\u201d to promote prosperity and prevent floods. Working in his art laboratory, Chira resembled a farmer tilling his field. He sowed symbols across his paintings, sometimes transplanted them to create new semiotic interconnections, then reaped them and stored up his harvest in painted machines of varying shapes and dimensions. In the 1990s\u2014by then Chira held a professorship and was a widely recognized artist\u2014he fulfilled a lifelong dream by building the \u201cT\u0103u\u0219eni Ensemble,\u201d the largest monument single-handedly created by one man in Transylvania. Much of his oeuvre accordingly consists of sketches and elaborations relating to the monument. In the course of his decades-long fascination with an agrarian aesthetic, architecture, design, astronomy, history, magic, ufology, mysticism, shamanism, and theosophy fused, yielding a kind of practical knowledge as well as spiritual speculations sustaining his endeavor.<\/p>\n<p style=\"font-weight: 400;\">The extensive monograph with more than 750 illustrations surveys Alexandru Chira\u2019s output of four decades and synthesizes years of research undertaken at the National Museum of Contemporary Art in Bucharest. It contains numerous transcriptions of textual parentheses, legends, and instructions on how to decode the works and poetic fragments embedded in Chira\u2019s pictures.<\/p>\n  <\/div>\n\n\t<span class=\"price\"><span class=\"woocommerce-Price-amount amount\"><bdi>42<span class=\"woocommerce-Price-currencySymbol\">&euro;<\/span><\/bdi><\/span><\/span>\n<\/a><a href=\"\/en\/wp-json\/wp\/v2\/pages\/13187?add-to-cart=18601\" aria-describedby=\"woocommerce_loop_add_to_cart_link_describedby_18601\" data-quantity=\"1\" class=\"button product_type_simple add_to_cart_button ajax_add_to_cart\" data-product_id=\"18601\" data-product_sku=\"\" aria-label=\"Add to cart: &ldquo;Alexandru Chira&rdquo;\" rel=\"nofollow\" data-success_message=\"&ldquo;Alexandru Chira&rdquo; has been added to your cart\" role=\"button\">Add to cart<\/a>\t<span id=\"woocommerce_loop_add_to_cart_link_describedby_18601\" class=\"screen-reader-text\">\n\t\t\t<\/span>\n<\/li>\n<li class=\"product type-product post-17891 status-publish last instock product_cat-all-books product_cat-film-and-video product_cat-installation-art product_cat-sculpture product_tag-michael-sailstorfer-en has-post-thumbnail taxable shipping-taxable purchasable product-type-simple\">\n\t<a href=\"https:\/\/dcv-books.com\/en\/produkt\/ms-00-22-michael-sailstorfer-works-2000-2022\/\" class=\"woocommerce-LoopProduct-link woocommerce-loop-product__link\"><div class=\"image-wrapper\"><img decoding=\"async\" width=\"2048\" height=\"2565\" src=\"https:\/\/dcv-books.com\/wp-content\/uploads\/2022\/10\/9783969121061-2048x2565.jpg\" class=\"attachment-woocommerce_thumbnail size-woocommerce_thumbnail\" alt=\"Michael Sailstorfer\" \/><\/div><h2 class=\"woocommerce-loop-product__title\">MS 00 22 <br> Michael Sailstorfer \u2013 Works 2000\u20132022<\/h2>  <div class=\"woocommerce-loop-product__description\" itemprop=\"description\">\n    <p style=\"font-weight: 400;\">MS 00 22 \u2013 Michael Sailstorfer: Works 2000\u20132022<\/p>\n<p style=\"font-weight: 400;\">Michael Sailstorfer (b. Velden\/Vils, Germany, 1979; lives and works in Berlin) is one of the most renowned German sculptors and object artists of his generation. His sculptural creations, which often require extensive planning and complex production processes, are the results of reflections on and reinterpretations of everyday objects: intriguing, bizarre, and sometimes humorous experimental arrangements and artifacts that interact with their environments, create spaces, or self-deconstruct. These transformative processes combine conceptual depth with poetic allure and tell stories of the passage of time and disintegration. Many of Sailstorfer\u2019s installations depend on the beholder\u2019s active engagement for their effect. He typically documents his sculptural experiments with the camera and later shares them with the public in the form of videos or photographs.<\/p>\n<p style=\"font-weight: 400;\">The extensive monograph <em>MS 00 22<\/em> presents the most important works from Sailstorfer\u2019s creative career. Formally diverse writings and conversations with the artist offer profound insight into his practice.<\/p>\n<p style=\"font-weight: 400;\">Michael Sailstorfer studied with Olaf Metzel at the Munich Academy of Fine Arts from 1999 until 2005 and at Goldsmiths College, London, in 2004\u201305. He has won a number of art awards, including the Kunstpreis junger westen (2011) and the Vattenfall Contemporary (2012).\u00a0Selected solo exhibitions: Schirn Kunsthalle, Frankfurt (2007); Kestnergesellschaft, Hannover (2010); Kunsthalle N\u00fcrnberg (2011); Contemporary Arts Center, Cincinnati, Ohio (2014).<\/p>\n  <\/div>\n\n\t<span class=\"price\"><span class=\"woocommerce-Price-amount amount\"><bdi>45<span class=\"woocommerce-Price-currencySymbol\">&euro;<\/span><\/bdi><\/span><\/span>\n<\/a><a href=\"\/en\/wp-json\/wp\/v2\/pages\/13187?add-to-cart=17891\" aria-describedby=\"woocommerce_loop_add_to_cart_link_describedby_17891\" data-quantity=\"1\" class=\"button product_type_simple add_to_cart_button ajax_add_to_cart\" data-product_id=\"17891\" data-product_sku=\"\" aria-label=\"Add to cart: &ldquo;MS 00 22  Michael Sailstorfer \u2013 Works 2000\u20132022&rdquo;\" rel=\"nofollow\" data-success_message=\"&ldquo;MS 00 22 &lt;br&gt; Michael Sailstorfer \u2013 Works 2000\u20132022&rdquo; has been added to your cart\" role=\"button\">Add to cart<\/a>\t<span id=\"woocommerce_loop_add_to_cart_link_describedby_17891\" class=\"screen-reader-text\">\n\t\t\t<\/span>\n<\/li>\n<li class=\"product type-product post-17861 status-publish first instock product_cat-all-books product_cat-installation-art product_cat-painting product_tag-gabriel-vormstein-en has-post-thumbnail taxable shipping-taxable purchasable product-type-simple\">\n\t<a href=\"https:\/\/dcv-books.com\/en\/produkt\/gabriel-vormstein\/\" class=\"woocommerce-LoopProduct-link woocommerce-loop-product__link\"><div class=\"image-wrapper\"><img decoding=\"async\" width=\"595\" height=\"842\" src=\"https:\/\/dcv-books.com\/wp-content\/uploads\/2022\/08\/978-3-96912-105-4.jpg\" class=\"attachment-woocommerce_thumbnail size-woocommerce_thumbnail\" alt=\"gabriel Vormstein\" \/><\/div><h2 class=\"woocommerce-loop-product__title\">Gabriel Vormstein<\/h2>  <div class=\"woocommerce-loop-product__description\" itemprop=\"description\">\n    <p style=\"font-weight: 400;\">Gabriel Vormstein (b. Konstanz, 1974; lives and works in Berlin) explores themes of impermanence, temporality, and futility through a unique visual language. He paints using newspapers as a canvas, and creates installations out of tree branches and other organic matter. These \u201cpoor\u201d materials subvert a prevailing notion in Western culture that an artwork should be eternally preserved. Through the adaptation of various styles and symbols, Vormstein\u2019s paintings likewise speak to the transience of art historical and cultural trends. Over 300 pages, this richly illustrated book provides an overview of Vormstein\u2019s oeuvre over the past two decades, while also offering an atmospheric glimpse into the artist\u2019s source material and working methods. The publication is enriched by an essay by Gean Moreno, who characterizes Vormstein\u2019s work as follows: \u201cGabriel Vormstein\u2019s paintings and sculptures (&#8230;) announce their condition as withering artifacts, as if no other manner of existing was available to them (and maybe to us, as well).\u201d<\/p>\n  <\/div>\n\n\t<span class=\"price\"><span class=\"woocommerce-Price-amount amount\"><bdi>40<span class=\"woocommerce-Price-currencySymbol\">&euro;<\/span><\/bdi><\/span><\/span>\n<\/a><a href=\"\/en\/wp-json\/wp\/v2\/pages\/13187?add-to-cart=17861\" aria-describedby=\"woocommerce_loop_add_to_cart_link_describedby_17861\" data-quantity=\"1\" class=\"button product_type_simple add_to_cart_button ajax_add_to_cart\" data-product_id=\"17861\" data-product_sku=\"\" aria-label=\"Add to cart: &ldquo;Gabriel Vormstein&rdquo;\" rel=\"nofollow\" data-success_message=\"&ldquo;Gabriel Vormstein&rdquo; has been added to your cart\" role=\"button\">Add to cart<\/a>\t<span id=\"woocommerce_loop_add_to_cart_link_describedby_17861\" class=\"screen-reader-text\">\n\t\t\t<\/span>\n<\/li>\n<li class=\"product type-product post-18680 status-publish instock product_cat-all-books product_cat-installation-art product_cat-performance-art has-post-thumbnail taxable shipping-taxable purchasable product-type-simple\">\n\t<a href=\"https:\/\/dcv-books.com\/en\/produkt\/on-air-der-klang-des-materials-in-der-kunst-der-1950er-bis-1970er-jahre\/\" class=\"woocommerce-LoopProduct-link woocommerce-loop-product__link\"><div class=\"image-wrapper\"><img decoding=\"async\" width=\"2048\" height=\"2623\" src=\"https:\/\/dcv-books.com\/wp-content\/uploads\/2022\/11\/9783969121092-2048x2623.jpg\" class=\"attachment-woocommerce_thumbnail size-woocommerce_thumbnail\" alt=\"on air\" \/><\/div><h2 class=\"woocommerce-loop-product__title\">On Air <br> Der Klang des Materials in der Kunst der 1950er bis 1970er Jahre<\/h2>  <div class=\"woocommerce-loop-product__description\" itemprop=\"description\">\n    <p style=\"font-weight: 400;\"><em>On Air<\/em> showcases a distinctive art form, the sound sculpture, retracing its evolution from the early 1950s, when artists begin dismantling the conventional boundaries of art, to the early 1970s. In no more than a quarter-century, the range of possible answers to the question \u201cWhat is art?\u201d grows vastly larger. Propelled by the idea of the work of art as a machine and instrument, sounds, noises, tones, vibrations, silence, words, breath become a \u201ctangible\u201d sculptural material. Artists enrich visual perception by adding the acoustic dimension, interweave seeing and hearing, explore time and space with fresh zeal. In emerging artistic genres such as performance, installation, or media art, sound is an integral component of the work. The book focuses on sound objects by Yaakov Agam, Joseph Beuys, Hermann Goepfert, Yves Klein, Jannis Kounellis, Bruce Nauman, Robert Rauschenberg, Jean Tinguely, David Tudor, Timm Ulrichs, and others.<\/p>\n<p style=\"font-weight: 400;\">With five scholarly essays and numerous illustrations and notes on individual works, the comprehensive publication offers an attractive introduction to the subject.<\/p>\n  <\/div>\n\n\t<span class=\"price\"><span class=\"woocommerce-Price-amount amount\"><bdi>40<span class=\"woocommerce-Price-currencySymbol\">&euro;<\/span><\/bdi><\/span><\/span>\n<\/a><a href=\"\/en\/wp-json\/wp\/v2\/pages\/13187?add-to-cart=18680\" aria-describedby=\"woocommerce_loop_add_to_cart_link_describedby_18680\" data-quantity=\"1\" class=\"button product_type_simple add_to_cart_button ajax_add_to_cart\" data-product_id=\"18680\" data-product_sku=\"\" aria-label=\"Add to cart: &ldquo;On Air \u2013 Der Klang des Materials in der Kunst der 1950er bis 1970er Jahre&rdquo;\" rel=\"nofollow\" data-success_message=\"&ldquo;On Air \u2013&lt;br&gt; Der Klang des Materials in der Kunst der 1950er bis 1970er Jahre&rdquo; has been added to your cart\" role=\"button\">Add to cart<\/a>\t<span id=\"woocommerce_loop_add_to_cart_link_describedby_18680\" class=\"screen-reader-text\">\n\t\t\t<\/span>\n<\/li>\n<li class=\"product type-product post-18569 status-publish instock product_cat-all-books product_cat-installation-art product_cat-photography has-post-thumbnail taxable shipping-taxable purchasable product-type-simple\">\n\t<a href=\"https:\/\/dcv-books.com\/en\/produkt\/lars-breuer-the-love-of-the-gods\/\" class=\"woocommerce-LoopProduct-link woocommerce-loop-product__link\"><div class=\"image-wrapper\"><img decoding=\"async\" width=\"1298\" height=\"1544\" src=\"https:\/\/dcv-books.com\/wp-content\/uploads\/2021\/02\/LARS_COVER_freigegeben_1.jpg\" class=\"attachment-woocommerce_thumbnail size-woocommerce_thumbnail\" alt=\"Lars Breuer\" \/><\/div><h2 class=\"woocommerce-loop-product__title\">Lars Breuer <br> The Love of the Gods<\/h2>  <div class=\"woocommerce-loop-product__description\" itemprop=\"description\">\n    <p style=\"font-weight: 400;\">The art of Lars Breuer (b. Aachen, 1974; lives and works in D\u00fcsseldorf and Cologne) is set apart by its broad spectrum of systems of reference. In his large-format installations, text-based works in his own typography draw connections to literature and art history. They are complemented by figurative and abstract paintings and photographs.<\/p>\n<p style=\"font-weight: 400;\">In <em>The Love of the Gods<\/em>, Breuer presents 104 C-prints of photographs for which he pointed the camera\u2019s lens into the barrels of disused rifles, pistoles, revolvers, and cannons. The pictures were taken on the artist\u2019s travels to Athens, Bangkok, Buenos Aires, Copenhagen, Leverkusen, Ingolstadt, Melbourne, New York, Oslo, and Phnom Penh, in museums, palaces, and public squares. Breuer\u2019s conceptual and meticulously sober-minded approach yields almost abstract compositions showing nothing but the round muzzles and the dark interiors of the weapons on a deep-black ground. We see only a ring-shaped ornament until it dawns on us that it is part of a lethal implement. A cruel constant of human existence stares us in the face: humans behind these weapons were perpetrators, humans in front of these weapons were victims. Lars Breuer\u2019s turn the spotlight on what the aura of the ornaments conceals: they have wrought death.<\/p>\n  <\/div>\n\n\t<span class=\"price\"><span class=\"woocommerce-Price-amount amount\"><bdi>32<span class=\"woocommerce-Price-currencySymbol\">&euro;<\/span><\/bdi><\/span><\/span>\n<\/a><a href=\"\/en\/wp-json\/wp\/v2\/pages\/13187?add-to-cart=18569\" aria-describedby=\"woocommerce_loop_add_to_cart_link_describedby_18569\" data-quantity=\"1\" class=\"button product_type_simple add_to_cart_button ajax_add_to_cart\" data-product_id=\"18569\" data-product_sku=\"\" aria-label=\"Add to cart: &ldquo;Lars Breuer \u2013 The Love of the Gods&rdquo;\" rel=\"nofollow\" data-success_message=\"&ldquo;Lars Breuer \u2013&lt;br&gt; The Love of the Gods&rdquo; has been added to your cart\" role=\"button\">Add to cart<\/a>\t<span id=\"woocommerce_loop_add_to_cart_link_describedby_18569\" class=\"screen-reader-text\">\n\t\t\t<\/span>\n<\/li>\n<li class=\"product type-product post-18311 status-publish last instock product_cat-all-books product_cat-installation-art product_cat-painting has-post-thumbnail taxable shipping-taxable purchasable product-type-simple\">\n\t<a href=\"https:\/\/dcv-books.com\/en\/produkt\/nadira-husain-manzil-monde\/\" class=\"woocommerce-LoopProduct-link woocommerce-loop-product__link\"><div class=\"image-wrapper\"><img decoding=\"async\" width=\"2048\" height=\"2595\" src=\"https:\/\/dcv-books.com\/wp-content\/uploads\/2022\/09\/Husan_Nadira_Cover2-1-2048x2595.jpg\" class=\"attachment-woocommerce_thumbnail size-woocommerce_thumbnail\" alt=\"Nadira Husain \u2013&lt;br&gt; Manzil Monde\" \/><\/div><h2 class=\"woocommerce-loop-product__title\">Nadira Husain <br> Manzil Monde<\/h2>  <div class=\"woocommerce-loop-product__description\" itemprop=\"description\">\n    <p style=\"font-weight: 400;\">Nadira Husain\u2019s (b. Paris, 1980; lives and works in Berlin, Paris, and Hyderabad) work combines figures, symbols, and ornaments from different cultures in complex imageries that reflect her own multicultural experience. To achieve a harmonious, though by no means placid, coexistence of all elements, the artist harnesses painting, drawing, printing processes, traditional artisan practices, and a range of materials including textile and ceramics, recognizing no hierarchy of media or genre. Hybridization and the translocation of motifs serve her to tease out similarities as well as divergences between myth and pop culture: the Indian deity, the cartoon character, and the fashion label appear as equals in the universe of her art.<\/p>\n<p style=\"font-weight: 400;\">The book contains several essays that explore Nadira Husain\u2019s oeuvre as a significant contribution to the discourse around postmigration, transculturality, and feminism in contemporary art.<\/p>\n<p style=\"font-weight: 400;\">Nadira Husain studied at the \u00c9cole nationale sup\u00e9rieure des beaux-arts in Paris and the University of British Columbia in Vancouver. She is currently a visiting professor at the Berlin University of the Arts, where she co-teaches with the Belarusian artist Marina Naprushkina.<\/p>\n  <\/div>\n\n\t<span class=\"price\"><span class=\"woocommerce-Price-amount amount\"><bdi>30<span class=\"woocommerce-Price-currencySymbol\">&euro;<\/span><\/bdi><\/span><\/span>\n<\/a><a href=\"\/en\/wp-json\/wp\/v2\/pages\/13187?add-to-cart=18311\" aria-describedby=\"woocommerce_loop_add_to_cart_link_describedby_18311\" data-quantity=\"1\" class=\"button product_type_simple add_to_cart_button ajax_add_to_cart\" data-product_id=\"18311\" data-product_sku=\"\" aria-label=\"Add to cart: &ldquo;Nadira Husain \u2013 Manzil Monde&rdquo;\" rel=\"nofollow\" data-success_message=\"&ldquo;Nadira Husain \u2013&lt;br&gt; Manzil Monde&rdquo; has been added to your cart\" role=\"button\">Add to cart<\/a>\t<span id=\"woocommerce_loop_add_to_cart_link_describedby_18311\" class=\"screen-reader-text\">\n\t\t\t<\/span>\n<\/li>\n<li class=\"product type-product post-17695 status-publish first instock product_cat-all-books product_cat-installation-art product_cat-performance-art has-post-thumbnail taxable shipping-taxable purchasable product-type-simple\">\n\t<a href=\"https:\/\/dcv-books.com\/en\/produkt\/johannes-schuetz-die-unterbrechung-the-interruption\/\" class=\"woocommerce-LoopProduct-link woocommerce-loop-product__link\"><div class=\"image-wrapper\"><img decoding=\"async\" width=\"2048\" height=\"2888\" src=\"https:\/\/dcv-books.com\/wp-content\/uploads\/2021\/02\/UNTERBRECHUNG_U1-2048x2888.jpg\" class=\"attachment-woocommerce_thumbnail size-woocommerce_thumbnail\" alt=\"Johannes Sch\u00fctz \u2013&lt;br&gt; Die Unterbrechung \/ The Interruption\" \/><\/div><h2 class=\"woocommerce-loop-product__title\">Johannes Sch\u00fctz <br> Die Unterbrechung \/ The Interruption<\/h2>  <div class=\"woocommerce-loop-product__description\" itemprop=\"description\">\n    <p style=\"font-weight: 400;\">Johannes Sch\u00fctz (b. Frankfurt am Main, 1950; lives in Berlin) is one of the best-known stage designers and directors working today. His style may be characterized as \u201csimple, clean, and radical.\u201d All major theatres and opera houses in the German-speaking countries and beyond have showcased Sch\u00fctz\u2019s work. He trained with Wilfried Minks and created his first stage setting for Luc Bondy in 1971. His career then took him to Berlin\u2019s Schillertheater and the Kammerspiele in Munich, later he became head of stage design at the Bremer Theater and the Schauspielhaus Bochum. Sch\u00fctz taught scenography at the ZKM Center for Art and Media Karlsruhe from 1992 until 1998 and has been professor of stage design at the D\u00fcsseldorf Academy of Fine Arts since 2010.<\/p>\n<p style=\"font-weight: 400;\">In his book <em>Die Unterbrechung<\/em>, he meets Annette Storr to discuss his new work for the stage, which is documented by maquettes and photographs and, most often, by stills from the performances. The productions represented include <em>Penthesilea<\/em> by Heinrich von Kleist, Landestheater Salzburg, 2018; <em>Hamlet<\/em> by William Shakespeare, Schauspielhaus Bochum, 2019; <em>Reich des Todes<\/em> by Rainald Goetz, Deutsches Schauspielhaus Hamburg, 2020; <em>Richard II<\/em> by William Shakespeare, Burgtheater, Vienna, 2021; and <em>Der Idiot<\/em> by Dostoevsky, Thalia Theater, Hamburg, 2021.<\/p>\n  <\/div>\n\n\t<span class=\"price\"><span class=\"woocommerce-Price-amount amount\"><bdi>48<span class=\"woocommerce-Price-currencySymbol\">&euro;<\/span><\/bdi><\/span><\/span>\n<\/a><a href=\"\/en\/wp-json\/wp\/v2\/pages\/13187?add-to-cart=17695\" aria-describedby=\"woocommerce_loop_add_to_cart_link_describedby_17695\" data-quantity=\"1\" class=\"button product_type_simple add_to_cart_button ajax_add_to_cart\" data-product_id=\"17695\" data-product_sku=\"\" aria-label=\"Add to cart: &ldquo;Johannes Sch\u00fctz \u2013 Die Unterbrechung \/ The Interruption&rdquo;\" rel=\"nofollow\" data-success_message=\"&ldquo;Johannes Sch\u00fctz \u2013&lt;br&gt; Die Unterbrechung \/ The Interruption&rdquo; has been added to your cart\" role=\"button\">Add to cart<\/a>\t<span id=\"woocommerce_loop_add_to_cart_link_describedby_17695\" class=\"screen-reader-text\">\n\t\t\t<\/span>\n<\/li>\n<li class=\"product type-product post-17648 status-publish instock product_cat-all-books product_cat-installation-art product_cat-painting product_tag-jan-zoeller-en product_tag-keine-zeit-zum-baden-en has-post-thumbnail taxable shipping-taxable purchasable product-type-simple\">\n\t<a href=\"https:\/\/dcv-books.com\/en\/produkt\/jan-zoeller-keine-zeit-zum-baden\/\" class=\"woocommerce-LoopProduct-link woocommerce-loop-product__link\"><div class=\"image-wrapper\"><img decoding=\"async\" width=\"2048\" height=\"2761\" src=\"https:\/\/dcv-books.com\/wp-content\/uploads\/2021\/02\/Zoeller_Cover_neu_2-2048x2761.jpeg\" class=\"attachment-woocommerce_thumbnail size-woocommerce_thumbnail\" alt=\"jan z\u00f6ller\" \/><\/div><h2 class=\"woocommerce-loop-product__title\">Jan Z\u00f6ller <br> Keine Zeit zum Baden<\/h2>  <div class=\"woocommerce-loop-product__description\" itemprop=\"description\">\n    <div>\n<p><span lang=\"EN-US\">Jan Z\u00f6ller\u2019s (b. Haslach im Kinzigtal, 1992; lives and works in Karlsruhe) art brims with personal references and experiences that he translates into his distinctive personal visual idiom. His paintings are theatrical arrangements for which he draws on a multifarious repertoire of motifs. Z\u00f6ller\u2019s first monograph <i>Keine Zeit zum Baden<\/i> presents new works engaging with the exhibition space such as a floating installation with blue tiles from the exhibition of the same title at St\u00e4dtische Galerie Ostfildern and videos and large-format paintings from the cycle <i>Badebrunnen<\/i> that were created between 2019 and 2022. The bathtubs in the pictures hint at private moments of relaxation; the fountains, at the \u201ceternal cycle\u201d of nature. The title <i>Keine Zeit zum Baden<\/i> (<i>No Time for Bathing<\/i>), then, gestures toward the subjects of the works, but also suggest the dilemma of striking a healthy balance between life, work, and one\u2019s vocation.<\/span><\/p>\n<\/div>\n<div>\n<p><span lang=\"EN-US\">Jan Z\u00f6ller studied with Marijke van Warmerdam und Leni Hoffmann at the State Academy of Fine Arts Karlsruhe from 2012 until 2017 and with Jean-Marc Bustamante at the \u00c9cole Nationale Sup\u00e9rieure des Beaux-Arts de Paris in 2016. He won the Federal Prize for Art Students of the Bundeskunsthalle, Bonn, in 2018, followed by Stiftung Kunstfonds\u2019s working fellowship in 2021.<\/span><\/p>\n<\/div>\n<p><a href=\"https:\/\/dcv-books.com\/en\/jan-zoller\/\">Limited art edition available<\/a><\/p>\n  <\/div>\n\n\t<span class=\"price\"><span class=\"woocommerce-Price-amount amount\"><bdi>38<span class=\"woocommerce-Price-currencySymbol\">&euro;<\/span><\/bdi><\/span><\/span>\n<\/a><a href=\"\/en\/wp-json\/wp\/v2\/pages\/13187?add-to-cart=17648\" aria-describedby=\"woocommerce_loop_add_to_cart_link_describedby_17648\" data-quantity=\"1\" class=\"button product_type_simple add_to_cart_button ajax_add_to_cart\" data-product_id=\"17648\" data-product_sku=\"\" aria-label=\"Add to cart: &ldquo;Jan Z\u00f6ller - Keine Zeit zum Baden&rdquo;\" rel=\"nofollow\" data-success_message=\"&ldquo;Jan Z\u00f6ller -&lt;br&gt; Keine Zeit zum Baden&rdquo; has been added to your cart\" role=\"button\">Add to cart<\/a>\t<span id=\"woocommerce_loop_add_to_cart_link_describedby_17648\" class=\"screen-reader-text\">\n\t\t\t<\/span>\n<\/li>\n<li class=\"product type-product post-14377 status-publish instock product_cat-all-books product_cat-film-and-video product_cat-installation-art product_cat-photography has-post-thumbnail taxable shipping-taxable purchasable product-type-simple\">\n\t<a href=\"https:\/\/dcv-books.com\/en\/produkt\/michael-bielicky-perpetuum-mobile\/\" class=\"woocommerce-LoopProduct-link woocommerce-loop-product__link\"><div class=\"image-wrapper\"><img decoding=\"async\" width=\"762\" height=\"1018\" src=\"https:\/\/dcv-books.com\/wp-content\/uploads\/2022\/03\/Bildschirmfoto-2022-07-21-um-12.41.34.jpg\" class=\"attachment-woocommerce_thumbnail size-woocommerce_thumbnail\" alt=\"Michael Bielicky Perpetuum Mobile\" \/><\/div><h2 class=\"woocommerce-loop-product__title\">Michael Bielicky <br> Perpetuum mobile<\/h2>  <div class=\"woocommerce-loop-product__description\" itemprop=\"description\">\n    <p><strong>Contemporary Media Art<\/strong><\/p>\n<p>The German-Czech artist Michael Bielicky (b. Prague, 1954; lives and works in Karlsruhe) has been an innovator in the fields of photography, video, and web-based installation art for over four decades. In an ongoing dialogue with emerging technological developments, his works probe the history of his media from the deepest strata to the magical mathematical practices of the medieval Cabalists: idiosyncratic hybrids that straddle the boundary between the analog and digital worlds. Operating on the interfaces between real and virtual spaces, his media art prompts a critical reflection on the nature of technology, its material and immaterial significations, and the ways in which it informs our perceptions and actions.\u00a0The book <em>Perpetuum mobile<\/em> is the first to offer a comprehensive survey of Bielicky\u2019s rich and diverse oeuvre. The layout, designed by the artist himself, integrates the experimental images into a graphic \u201cstream of consciousness.\u201d<\/p>\n<p>Michael Bielicky moved to Germany in 1969 and initially studied medicine. After an extended stay in New York, he studied at the D\u00fcsseldorf Academy of Fine Arts from 1984 until 1990, first with Bernd Becher and then in Nam June Paik\u2019s master class. He was made professor at the Academy of Fine Arts Prague in 1991, then professor of new media at the Karlsruhe University of Arts and Design in 2006. Bielicky participated in numerous major exhibitions, including the S\u00e3o Paulo Biennial (1987); Videonale, Bonn (1988, 1990, 1992); Ars Electronica, Linz (1992, 1994, 1995); and the Havana Biennial (2012).<\/p>\n  <\/div>\n\n\t<span class=\"price\"><span class=\"woocommerce-Price-amount amount\"><bdi>54<span class=\"woocommerce-Price-currencySymbol\">&euro;<\/span><\/bdi><\/span><\/span>\n<\/a><a href=\"\/en\/wp-json\/wp\/v2\/pages\/13187?add-to-cart=14377\" aria-describedby=\"woocommerce_loop_add_to_cart_link_describedby_14377\" data-quantity=\"1\" class=\"button product_type_simple add_to_cart_button ajax_add_to_cart\" data-product_id=\"14377\" data-product_sku=\"\" aria-label=\"Add to cart: &ldquo;Michael Bielicky - Perpetuum mobile&rdquo;\" rel=\"nofollow\" data-success_message=\"&ldquo;Michael Bielicky -&lt;br&gt; Perpetuum mobile&rdquo; has been added to your cart\" role=\"button\">Add to cart<\/a>\t<span id=\"woocommerce_loop_add_to_cart_link_describedby_14377\" class=\"screen-reader-text\">\n\t\t\t<\/span>\n<\/li>\n<li class=\"product type-product post-17566 status-publish last instock product_cat-all-books product_cat-architecture product_cat-installation-art product_cat-on-art product_cat-performance-art product_cat-sculpture has-post-thumbnail taxable shipping-taxable purchasable product-type-simple\">\n\t<a href=\"https:\/\/dcv-books.com\/en\/produkt\/freeters-help-artistic-intelligence\/\" class=\"woocommerce-LoopProduct-link woocommerce-loop-product__link\"><div class=\"image-wrapper\"><img decoding=\"async\" width=\"450\" height=\"531\" src=\"https:\/\/dcv-books.com\/wp-content\/uploads\/2022\/06\/Cover_klein.jpg\" class=\"attachment-woocommerce_thumbnail size-woocommerce_thumbnail\" alt=\"Freeters\" \/><\/div><h2 class=\"woocommerce-loop-product__title\">Freeters <br> HELP! Artistic Intelligence<\/h2>  <div class=\"woocommerce-loop-product__description\" itemprop=\"description\">\n    <p>FREETERS stands for an artist collective that designs, creates, transforms and plays with spaces, for and with the people who experience their time there. The artistic intelligence used in the process transforms into spaces for thinking, working, living, playing and learning, creating identity, emotion and inspiration.<\/p>\n<p>This book is about the mediation of artistic thinking and artistic action in processes. The artistic practice of Freeters is characterized by strategies of thought and action that are needed in a society with constantly changing conditions, in a working world that overturns itself in its dynamics. The necessity of shaping the present through artistic thought and action can no longer be limited to the art context.<\/p>\n<p>FREETERS&#8217; AI approach should be understood less as a scientific methodology and more as a call not to reduce our intelligence to only rational thought processes with a utility maxim. Of course, AI has already made impressive progress in many areas of our public services via the hard components of machine learning. However, it is doubtful whether this approach alone can really give rise to a superintelligence that will one day create a resource-saving paradise on earth. Nor is it guaranteed that we as Homo Sapiens will be assigned a place in this paradise by such a unilaterally gifted superintelligence. Cognitively, this machine will be superior to us in any case \u2013 only the necessary feeling of happiness of a consensual coexistence does not seem quite conceivable.<\/p>\n  <\/div>\n\n\t<span class=\"price\"><span class=\"woocommerce-Price-amount amount\"><bdi>38<span class=\"woocommerce-Price-currencySymbol\">&euro;<\/span><\/bdi><\/span><\/span>\n<\/a><a href=\"\/en\/wp-json\/wp\/v2\/pages\/13187?add-to-cart=17566\" aria-describedby=\"woocommerce_loop_add_to_cart_link_describedby_17566\" data-quantity=\"1\" class=\"button product_type_simple add_to_cart_button ajax_add_to_cart\" data-product_id=\"17566\" data-product_sku=\"\" aria-label=\"Add to cart: &ldquo;Freeters - HELP! Artistic Intelligence&rdquo;\" rel=\"nofollow\" data-success_message=\"&ldquo;Freeters -&lt;br&gt; HELP! Artistic Intelligence&rdquo; has been added to your cart\" role=\"button\">Add to cart<\/a>\t<span id=\"woocommerce_loop_add_to_cart_link_describedby_17566\" class=\"screen-reader-text\">\n\t\t\t<\/span>\n<\/li>\n<li class=\"product type-product post-17407 status-publish first instock product_cat-all-books product_cat-installation-art product_cat-painting product_tag-color-light-matter-mind-en product_tag-nicola-staeglich-en has-post-thumbnail taxable shipping-taxable purchasable product-type-simple\">\n\t<a href=\"https:\/\/dcv-books.com\/en\/produkt\/nicola-staeglich-color-light-matter-mind\/\" class=\"woocommerce-LoopProduct-link woocommerce-loop-product__link\"><div class=\"image-wrapper\"><img decoding=\"async\" width=\"500\" height=\"658\" src=\"https:\/\/dcv-books.com\/wp-content\/uploads\/2022\/05\/NST_Entwurf_Umschlag_13_220412_klein.jpg\" class=\"attachment-woocommerce_thumbnail size-woocommerce_thumbnail\" alt=\"Nicola Staeglich \" \/><\/div><h2 class=\"woocommerce-loop-product__title\">Nicola Staeglich <br> Color Light Matter Mind<\/h2>  <div class=\"woocommerce-loop-product__description\" itemprop=\"description\">\n    <p>\u201cThis painting springs from the ambition to paint color into the air.\u201d (Ulrich Loock)<\/p>\n<p>Nicola Staeglich\u2019s (b. Oldenburg, 1970; lives and works in Berlin) work with color achieves a distinctive intermediate state between physical presence and atmospheric radiance. She stages painting now as a performative action with broad propositions in color, now as an installation in three dimensions with multilayered translucent painted panels. <em>Color Light Matter Mind<\/em> is Staeglich\u2019s first monograph, setting recent works in relation to her earlier output (1998\u20132021). From the spiral-shaped reliefs to her <em>Liquid Lights<\/em>, the artist opens up a fresh dimension for color.<\/p>\n<p>Nicola Staeglich studied at the St\u00e4delschule, Frankfurt, the Academy of Fine Arts Mainz, and the Chelsea College of Art, London. She won numerous fellowships and has been professor of painting\/graphic art at the Hochschule der bildenden K\u00fcnste Essen since 2015. Her work has been presented in numerous solo exhibitions in Germany and abroad and is held by private and public collections.<\/p>\n  <\/div>\n\n\t<span class=\"price\"><span class=\"woocommerce-Price-amount amount\"><bdi>36<span class=\"woocommerce-Price-currencySymbol\">&euro;<\/span><\/bdi><\/span><\/span>\n<\/a><a href=\"\/en\/wp-json\/wp\/v2\/pages\/13187?add-to-cart=17407\" aria-describedby=\"woocommerce_loop_add_to_cart_link_describedby_17407\" data-quantity=\"1\" class=\"button product_type_simple add_to_cart_button ajax_add_to_cart\" data-product_id=\"17407\" data-product_sku=\"\" aria-label=\"Add to cart: &ldquo;Nicola Staeglich - Color Light Matter Mind&rdquo;\" rel=\"nofollow\" data-success_message=\"&ldquo;Nicola Staeglich -&lt;br&gt; Color Light Matter Mind&rdquo; has been added to your cart\" role=\"button\">Add to cart<\/a>\t<span id=\"woocommerce_loop_add_to_cart_link_describedby_17407\" class=\"screen-reader-text\">\n\t\t\t<\/span>\n<\/li>\n<li class=\"product type-product post-17340 status-publish instock product_cat-all-books product_cat-installation-art product_cat-sculpture has-post-thumbnail taxable shipping-taxable purchasable product-type-simple\">\n\t<a href=\"https:\/\/dcv-books.com\/en\/produkt\/ugo-rondinone-winter-spring-summer-fall\/\" class=\"woocommerce-LoopProduct-link woocommerce-loop-product__link\"><div class=\"image-wrapper\"><img decoding=\"async\" width=\"500\" height=\"643\" src=\"https:\/\/dcv-books.com\/wp-content\/uploads\/2022\/04\/winter-spring-summer-fall_COVER-klein.jpg\" class=\"attachment-woocommerce_thumbnail size-woocommerce_thumbnail\" alt=\"Ugo Rondinone\" \/><\/div><h2 class=\"woocommerce-loop-product__title\">Ugo Rondinone <br> winter, spring, summer, fall<\/h2>  <div class=\"woocommerce-loop-product__description\" itemprop=\"description\">\n    <div>\n<p><span lang=\"EN-US\">Ugo Rondinone (b. Brunnen, Switzerland, 1964; lives and works in New York) is one of the most accomplished artists of his generation. For three decades, the conceptual and installation artist has built an oeuvre grappling with themes of time and impermanence, day and night, reality and fiction, nature and culture. Spanning diverse media\u2014painting, sculpture, film, and installation art\u2014his work is rooted in the transformation of outward reality into a subjective and emotionally charged world within, harnessing a multifaceted system of inspirations and references from German Romanticism to American Land Art and international pop culture. Balancing the mundane with the spiritual, the artist conjures suggestive atmospheres that capture the contemporary mood.<\/span><\/p>\n<\/div>\n<div>\n<p><span lang=\"EN-US\">This book gathers four exhibitions of Ugo Rondinone\u2019s work in 2021: <\/span><i><span lang=\"EN-US\">a wall . a door . a tree . a lightbulb . <b>winter <\/b><\/span><\/i><span lang=\"EN-US\">at the<i><\/i>S\u00f8rlandets Kunstmuseum (SKMU), Kristiansand, Norway; <i>a sky . a sea . distant mountains . horses . <b>spring<\/b> <\/i>at Sadie Coles hq, London; <i>a rainbow . a nude . bright light . <b>summer<\/b> <\/i>at Kamel Mennour, Paris; and <i>a low sun . golden mountains . <b>fall<\/b> <\/i>at Galerie Krobath, Vienna.<\/span><\/p>\n<\/div>\n  <\/div>\n\n\t<span class=\"price\"><span class=\"woocommerce-Price-amount amount\"><bdi>20<span class=\"woocommerce-Price-currencySymbol\">&euro;<\/span><\/bdi><\/span><\/span>\n<\/a><a href=\"\/en\/wp-json\/wp\/v2\/pages\/13187?add-to-cart=17340\" aria-describedby=\"woocommerce_loop_add_to_cart_link_describedby_17340\" data-quantity=\"1\" class=\"button product_type_simple add_to_cart_button ajax_add_to_cart\" data-product_id=\"17340\" data-product_sku=\"\" aria-label=\"Add to cart: &ldquo;Ugo Rondinone - winter, spring, summer, fall&rdquo;\" rel=\"nofollow\" data-success_message=\"&ldquo;Ugo Rondinone -&lt;br&gt; winter, spring, summer, fall&rdquo; has been added to your cart\" role=\"button\">Add to cart<\/a>\t<span id=\"woocommerce_loop_add_to_cart_link_describedby_17340\" class=\"screen-reader-text\">\n\t\t\t<\/span>\n<\/li>\n<li class=\"product type-product post-16939 status-publish instock product_cat-all-books product_cat-installation-art product_cat-sculpture has-post-thumbnail taxable shipping-taxable purchasable product-type-simple\">\n\t<a href=\"https:\/\/dcv-books.com\/en\/produkt\/tobias-rehberger-1993-2022\/\" class=\"woocommerce-LoopProduct-link woocommerce-loop-product__link\"><div class=\"image-wrapper\"><img decoding=\"async\" width=\"500\" height=\"662\" src=\"https:\/\/dcv-books.com\/wp-content\/uploads\/2022\/01\/220407_KMS_KATALOG_TR_COVER-1-klein.jpg\" class=\"attachment-woocommerce_thumbnail size-woocommerce_thumbnail\" alt=\"Tobias Rehberger\" \/><\/div><h2 class=\"woocommerce-loop-product__title\">Tobias Rehberger <br> 1993\u20132022<\/h2>  <div class=\"woocommerce-loop-product__description\" itemprop=\"description\">\n    <div class=\"page\" title=\"Page 5\">\n<div class=\"section\">\n<div class=\"layoutArea\">\n<div class=\"column\">\n<p>In his sculptural work, Tobias Rehberger (b. Esslingen, 1966; lives and works in Frankfurt\/Main) connects strategies from different, also non-art disciplines. His interiors meant to be taken into service have established him as one of the most influential artists of his generation. In 2022, the Kunstmuseum Stuttgart will honor Rehberger with a grand exhibition that will feature some of the most important bodies of work from the past three decades. The accompanying book makes a signal contribution to the ongoing critical engagement with his art.<\/p>\n<p>Tobias Rehberger studied with Thomas Bayrle and Martin Kippenberger at the St\u00e4delschule in Frankfurt from 1987 until 1992 and later returned to his alma mater as a professor. He has had numerous solo shows in Germany and abroad and, in 2009, furnished the central cafeteria at the 53rd Venice Biennale, which won him a Golden Lion.<\/p>\n<\/div>\n<\/div>\n<\/div>\n<\/div>\n  <\/div>\n\n\t<span class=\"price\"><span class=\"woocommerce-Price-amount amount\"><bdi>44<span class=\"woocommerce-Price-currencySymbol\">&euro;<\/span><\/bdi><\/span><\/span>\n<\/a><a href=\"\/en\/wp-json\/wp\/v2\/pages\/13187?add-to-cart=16939\" aria-describedby=\"woocommerce_loop_add_to_cart_link_describedby_16939\" data-quantity=\"1\" class=\"button product_type_simple add_to_cart_button ajax_add_to_cart\" data-product_id=\"16939\" data-product_sku=\"\" aria-label=\"Add to cart: &ldquo;Tobias Rehberger - 1993\u20132022&rdquo;\" rel=\"nofollow\" data-success_message=\"&ldquo;Tobias Rehberger -&lt;br&gt; 1993\u20132022&rdquo; has been added to your cart\" role=\"button\">Add to cart<\/a>\t<span id=\"woocommerce_loop_add_to_cart_link_describedby_16939\" class=\"screen-reader-text\">\n\t\t\t<\/span>\n<\/li>\n<li class=\"product type-product post-15311 status-publish last instock product_cat-all-books product_cat-film-and-video product_cat-installation-art product_cat-photography product_cat-sculpture has-post-thumbnail taxable shipping-taxable purchasable product-type-simple\">\n\t<a href=\"https:\/\/dcv-books.com\/en\/produkt\/sabine-hornig-passage-through-presence\/\" class=\"woocommerce-LoopProduct-link woocommerce-loop-product__link\"><div class=\"image-wrapper\"><img decoding=\"async\" width=\"500\" height=\"653\" src=\"https:\/\/dcv-books.com\/wp-content\/uploads\/2021\/08\/hornig_cover.jpg\" class=\"attachment-woocommerce_thumbnail size-woocommerce_thumbnail\" alt=\"Sabine Hornig\" \/><\/div><h2 class=\"woocommerce-loop-product__title\">Sabine Hornig <br> Passage through Presence<\/h2>  <div class=\"woocommerce-loop-product__description\" itemprop=\"description\">\n    <div class=\"page\" title=\"Page 6\">\n<div class=\"section\">\n<div class=\"layoutArea\">\n<div class=\"column\">\n<p><strong>Layered Spacetimes in Large Formats<\/strong><\/p>\n<p>Sabine Hornig (b. 1964; lives and works in Berlin) has earned international acclaim with sculptures, photographs, and architectural interventions that interweave image, perspective, and space in distinctive ways. Her works feature translucent pictorial planes on glass panes; integrating these sculptural elements into the setting, she creates environments in which meaning unfolds as viewers allow their gazes\u2014and themselves\u2014to wander. For her new works, which engage with architecture, the artist superimposes enormous photographs on entire fa\u00e7ades and concourses.\u00a0This publication is the first to put the focus on Sabine Hornig\u2019s art in three dimensions, detailing her process from the building of sculptural models and the combination with transparent photographic layers to her creation of works in public settings. It showcases her largest installation to date, at LaGuardia Airport in New York City, which she discusses in a conversation with Nicholas Baume, director and chief curator, Public Art Fund, New York.<\/p>\n<p><a href=\"https:\/\/dcv-books.com\/en\/sabine-hornig\/\">Limited art edition available<\/a><\/p>\n<\/div>\n<\/div>\n<\/div>\n<\/div>\n  <\/div>\n\n\t<span class=\"price\"><span class=\"woocommerce-Price-amount amount\"><bdi>45<span class=\"woocommerce-Price-currencySymbol\">&euro;<\/span><\/bdi><\/span><\/span>\n<\/a><a href=\"\/en\/wp-json\/wp\/v2\/pages\/13187?add-to-cart=15311\" aria-describedby=\"woocommerce_loop_add_to_cart_link_describedby_15311\" data-quantity=\"1\" class=\"button product_type_simple add_to_cart_button ajax_add_to_cart\" data-product_id=\"15311\" data-product_sku=\"\" aria-label=\"Add to cart: &ldquo;Sabine Hornig - Passage through Presence&rdquo;\" rel=\"nofollow\" data-success_message=\"&ldquo;Sabine Hornig -&lt;br&gt; Passage through Presence&rdquo; has been added to your cart\" role=\"button\">Add to cart<\/a>\t<span id=\"woocommerce_loop_add_to_cart_link_describedby_15311\" class=\"screen-reader-text\">\n\t\t\t<\/span>\n<\/li>\n<li class=\"product type-product post-17227 status-publish first instock product_cat-all-books product_cat-installation-art product_cat-painting product_cat-sculpture has-post-thumbnail taxable shipping-taxable purchasable product-type-simple\">\n\t<a href=\"https:\/\/dcv-books.com\/en\/produkt\/pat-steir-ugo-rondinone-waterfalls-clouds\/\" class=\"woocommerce-LoopProduct-link woocommerce-loop-product__link\"><div class=\"image-wrapper\"><img decoding=\"async\" width=\"500\" height=\"643\" src=\"https:\/\/dcv-books.com\/wp-content\/uploads\/2022\/03\/9783969120750.jpg\" class=\"attachment-woocommerce_thumbnail size-woocommerce_thumbnail\" alt=\"Ugo Rondinone\" \/><\/div><h2 class=\"woocommerce-loop-product__title\">Pat Steir &#038; Ugo Rondinone <br> Waterfalls &#038; Clouds<\/h2>  <div class=\"woocommerce-loop-product__description\" itemprop=\"description\">\n    <div>\n<p><span lang=\"EN-US\">The imposing installation <i>Waterfalls &amp; Clouds<\/i> consists of three sculptures by the Swiss artist Ugo Rondinone (b. Brunnen, Switzerland, 1964; lives and works in New York) and nineteen paintings by the American Pat Steir (b. Newark, NJ, 1940; lives and works in New York). The three large gray monoliths of concrete, sand, and gravel bear the titles <i>Faces<\/i>, <i>Look<\/i>, and <i>Twisted<\/i> and are part of a series of twenty works created in 2018. They are surrounded by nineteen tall and narrow black oil paintings titled <i>Flags for Ugo #1<\/i> through <i>#19<\/i> (2021); with colorful or white paint streaming down the canvases, they hark back to Steir\u2019s <i>Waterfall<\/i> series from the 1980s. A symbiotic relationship connects the works: the sculptures, in which erosion is integral to the art, embody time, while the pictures symbolize gravity and hence nature as such.<\/span><\/p>\n<\/div>\n  <\/div>\n\n\t<span class=\"price\"><span class=\"woocommerce-Price-amount amount\"><bdi>20<span class=\"woocommerce-Price-currencySymbol\">&euro;<\/span><\/bdi><\/span><\/span>\n<\/a><a href=\"\/en\/wp-json\/wp\/v2\/pages\/13187?add-to-cart=17227\" aria-describedby=\"woocommerce_loop_add_to_cart_link_describedby_17227\" data-quantity=\"1\" class=\"button product_type_simple add_to_cart_button ajax_add_to_cart\" data-product_id=\"17227\" data-product_sku=\"\" aria-label=\"Add to cart: &ldquo;Pat Steir &amp; Ugo Rondinone - Waterfalls &amp; Clouds&rdquo;\" rel=\"nofollow\" data-success_message=\"&ldquo;Pat Steir &amp; Ugo Rondinone -&lt;br&gt; Waterfalls &amp; Clouds&rdquo; has been added to your cart\" role=\"button\">Add to cart<\/a>\t<span id=\"woocommerce_loop_add_to_cart_link_describedby_17227\" class=\"screen-reader-text\">\n\t\t\t<\/span>\n<\/li>\n<li class=\"product type-product post-17330 status-publish instock product_cat-all-books product_cat-installation-art product_cat-on-art product_cat-sculpture has-post-thumbnail taxable shipping-taxable purchasable product-type-simple\">\n\t<a href=\"https:\/\/dcv-books.com\/en\/produkt\/the-power-of-wonder-new-materialisms-in-contemporary-art\/\" class=\"woocommerce-LoopProduct-link woocommerce-loop-product__link\"><div class=\"image-wrapper\"><img decoding=\"async\" width=\"500\" height=\"667\" src=\"https:\/\/dcv-books.com\/wp-content\/uploads\/2022\/04\/TPOW_COVER_DEUTSCH-klein.jpg\" class=\"attachment-woocommerce_thumbnail size-woocommerce_thumbnail\" alt=\"neuer Materialismus\" \/><\/div><h2 class=\"woocommerce-loop-product__title\">The Power of Wonder \u2013 New Materialisms in Contemporary Art<\/h2>  <div class=\"woocommerce-loop-product__description\" itemprop=\"description\">\n    <p>For the longest time, physical matter was seen as no more than a passive and lifeless object. Since the early years of the twenty-first century, however, visual artists and scientists alike have initiated a change of thinking, conceiving matter as active, unruly, and autonomous. The ethnologist Hans Peter Hahn has called it the \u201cwillfulness of things,\u201d while the Belgian philosopher Isabelle Stengers has underscored the \u201cpower of wonder\u201d\u2014the bracing sense of marvel and surprise instilled by a material world that sometimes defies the attempt to put it into words.<\/p>\n<p>This pioneering publication features six selected artistic positions that highlight the New Materialism\u2019s significance for contemporary art. The artists employ materials that are millions of years old such as rocks from an open-pit mine as well as classic inorganic staples like ceramics and cutting-edge materials like digital products transformed in high-tech procedures into hitherto unseen hybrid objects. Their work lends art a powerful voice in contemporary debates around man\u2019s position vis-\u00e0-vis his environment, around sustainability, participation, and justice.<\/p>\n<p>With works by Ilana Halperin, Agata Ingarden, David Jablonowski, Markus Karstie\u00df, Robert Smithson, and SUPERFLEX.<\/p>\n  <\/div>\n\n\t<span class=\"price\"><span class=\"woocommerce-Price-amount amount\"><bdi>34<span class=\"woocommerce-Price-currencySymbol\">&euro;<\/span><\/bdi><\/span><\/span>\n<\/a><a href=\"\/en\/wp-json\/wp\/v2\/pages\/13187?add-to-cart=17330\" aria-describedby=\"woocommerce_loop_add_to_cart_link_describedby_17330\" data-quantity=\"1\" class=\"button product_type_simple add_to_cart_button ajax_add_to_cart\" data-product_id=\"17330\" data-product_sku=\"\" aria-label=\"Add to cart: &ldquo;The Power of Wonder \u2013 New Materialisms in Contemporary Art&rdquo;\" rel=\"nofollow\" data-success_message=\"&ldquo;The Power of Wonder \u2013 New Materialisms in Contemporary Art&rdquo; has been added to your cart\" role=\"button\">Add to cart<\/a>\t<span id=\"woocommerce_loop_add_to_cart_link_describedby_17330\" class=\"screen-reader-text\">\n\t\t\t<\/span>\n<\/li>\n<li class=\"product type-product post-16496 status-publish instock product_cat-all-books product_cat-installation-art product_cat-on-art product_cat-painting product_cat-photography product_tag-annedore-dietze-en product_tag-claudia-chaseling-en-2 product_tag-emmanuel-bornstein-en product_tag-fritz-bornstueck-en product_tag-jan-zoeller-en product_tag-justine-otto-en product_tag-oska-gutheil-en product_tag-philip-groezinger-en product_tag-philipp-fuerhofer-en product_tag-slawomir-elsner-en has-post-thumbnail taxable shipping-taxable product-type-simple\">\n\t<a href=\"https:\/\/dcv-books.com\/en\/produkt\/dissonance-platform-germany\/\" class=\"woocommerce-LoopProduct-link woocommerce-loop-product__link\"><div class=\"image-wrapper\"><img decoding=\"async\" width=\"1625\" height=\"2362\" src=\"https:\/\/dcv-books.com\/wp-content\/uploads\/2022\/01\/cover-katalog.jpg\" class=\"attachment-woocommerce_thumbnail size-woocommerce_thumbnail\" alt=\"Dissonance Platform Germany\" \/><\/div><h2 class=\"woocommerce-loop-product__title\">Dissonance <br> Platform Germany<\/h2>  <div class=\"woocommerce-loop-product__description\" itemprop=\"description\">\n    <p><strong>A Changed Vision\u2014New Painting from Germany<\/strong><\/p>\n<p>Post-reunification Germany has emerged as an important forum for international painting. The generation of artists born in the 1970s and 1980s eschew alignment with collective tendencies and resist clearly definable influences. Meanwhile, their art has registered the cultural and sociological dislocations and divergences since the fall of the Iron Curtain with seismographic precision.<\/p>\n<p>The editors of <i>Dissonance \u2013 Platform Germany<\/i> present eighty-one of the most significant painters living and working in Germany in the past two decades. They have the courage of strong opinions, turn the spotlight on unsuspected treasures, and tease out the unexpected value in aesthetically thrilling achievements of programmatic pluralism. A vital survey of one of the most exciting chapters in the more recent history of art in Germany.<\/p>\n<p>Some of the presented artists have graciously agreed to allow DCV to release limited editions of their works, <a href=\"https:\/\/dcv-books.com\/en\/editions\/\">which you can find here<\/a>.<\/p>\n  <\/div>\n\n<\/a><a href=\"https:\/\/dcv-books.com\/en\/produkt\/dissonance-platform-germany\/\" aria-describedby=\"woocommerce_loop_add_to_cart_link_describedby_16496\" data-quantity=\"1\" class=\"button product_type_simple\" data-product_id=\"16496\" data-product_sku=\"\" aria-label=\"Read more about &ldquo;Dissonance - Platform Germany&rdquo;\" rel=\"nofollow\" data-success_message=\"\">Read more<\/a>\t<span id=\"woocommerce_loop_add_to_cart_link_describedby_16496\" class=\"screen-reader-text\">\n\t\t\t<\/span>\n<\/li>\n<li class=\"product type-product post-15870 status-publish last instock product_cat-all-books product_cat-installation-art product_cat-painting has-post-thumbnail taxable shipping-taxable purchasable product-type-simple\">\n\t<a href=\"https:\/\/dcv-books.com\/en\/produkt\/maximilian-roedel-celestial-artefacts\/\" class=\"woocommerce-LoopProduct-link woocommerce-loop-product__link\"><div class=\"image-wrapper\"><img decoding=\"async\" width=\"1000\" height=\"1368\" src=\"https:\/\/dcv-books.com\/wp-content\/uploads\/2021\/11\/cover.jpg\" class=\"attachment-woocommerce_thumbnail size-woocommerce_thumbnail\" alt=\"Maximilian R\u00f6del\" \/><\/div><h2 class=\"woocommerce-loop-product__title\">Maximilian R\u00f6del <br> Celestial Artefacts<\/h2>  <div class=\"woocommerce-loop-product__description\" itemprop=\"description\">\n    <p><strong>\u201cOne must break free from wanting something and confine oneself instead to being something.\u201d \u2014 Maximilian R\u00f6del<\/strong><\/p>\n<p>Inky black, apricot, magenta, and a pastel purple: apparent monochromes, the paintings of Maximilian R\u00f6del (b. Braunschweig, 1984; lives and works in Berlin) actually do not just traverse color spectrums; in a sense, they chart horizons of experience. To contemplate them is to embark on a voyage through space and time. Foreground and background are one, depth and surface at once; an undertow makes itself felt in which the nuances of color interweave, blur into one another, shimmer, flare up. The artist describes his pictures as an unfocused energy that already exists; he merely uncovers it.<\/p>\n<p>The first publication on R\u00f6del\u2019s work presents the exhibition <i>Celestial Artefacts<\/i> at Neuer Aachener Kunstverein, with an emphasis on the <i>Prehistoric Sunsets<\/i> series (2018\u20132021). It is complemented by reproductions of selected works and an extensive index that also includes details from earlier series that are relevant in the context. Aper\u00e7us contributed by Rafael Horzon and Leif Randt and writings on art by Domenico de Chirico, Lena Flie\u00dfbach, Stefanie Gerke, Philipp Hindahl, and Maurice Funken add another dimension to the paintings.<\/p>\n  <\/div>\n\n\t<span class=\"price\"><span class=\"woocommerce-Price-amount amount\"><bdi>50<span class=\"woocommerce-Price-currencySymbol\">&euro;<\/span><\/bdi><\/span><\/span>\n<\/a><a href=\"\/en\/wp-json\/wp\/v2\/pages\/13187?add-to-cart=15870\" aria-describedby=\"woocommerce_loop_add_to_cart_link_describedby_15870\" data-quantity=\"1\" class=\"button product_type_simple add_to_cart_button ajax_add_to_cart\" data-product_id=\"15870\" data-product_sku=\"\" aria-label=\"Add to cart: &ldquo;Maximilian R\u00f6del - Celestial Artefacts&rdquo;\" rel=\"nofollow\" data-success_message=\"&ldquo;Maximilian R\u00f6del -&lt;br&gt; Celestial Artefacts&rdquo; has been added to your cart\" role=\"button\">Add to cart<\/a>\t<span id=\"woocommerce_loop_add_to_cart_link_describedby_15870\" class=\"screen-reader-text\">\n\t\t\t<\/span>\n<\/li>\n<li class=\"product type-product post-16003 status-publish first instock product_cat-all-books product_cat-installation-art product_cat-sculpture has-post-thumbnail taxable shipping-taxable purchasable product-type-simple\">\n\t<a href=\"https:\/\/dcv-books.com\/en\/produkt\/susanne-rottenbacher-radiationen\/\" class=\"woocommerce-LoopProduct-link woocommerce-loop-product__link\"><div class=\"image-wrapper\"><img decoding=\"async\" width=\"1636\" height=\"2368\" src=\"https:\/\/dcv-books.com\/wp-content\/uploads\/2021\/11\/Bildschirmfoto-2021-11-24-um-16.50.25.jpg\" class=\"attachment-woocommerce_thumbnail size-woocommerce_thumbnail\" alt=\"Susanne Rottenbacher\" \/><\/div><h2 class=\"woocommerce-loop-product__title\">Susanne Rottenbacher <br> Radiationen<\/h2>  <div class=\"woocommerce-loop-product__description\" itemprop=\"description\">\n    <p>In expansive compositions in light, Susanne Rottenbacher (b. G\u00f6ttingen, 1969; lives and works in Berlin) visualizes the fire of life in its timebound and fluid dimension. Plotinus called fire the \u201cspiritual potency of beauty.\u201d Pursuing a similar vision, Rottenbacher\u2019s works orchestrate light as energy in space. To this end, the artist, who studied light and stage design in the United States and the United Kingdom, creates weightless luminous choreographies realized in colorful LED technology in combination with acrylic glass as a translucent vehicle of form. The results are installations in three dimensions that are deeply silent yet unfold in a magical ecstasy of light.<\/p>\n<p>In Christian sacred architecture, light has been deployed and perceived since the Middle Ages as the aesthetic equivalent of the divine mind\u2019s lucidity. The history of light art, by contrast, is much younger, going back to the years after the First World War. Having built her creative practice over the past fifteen years, Rottenbacher not only continues a century-old tradition of light art in Europe and the U.S.; her works also anticipate a future in which humanity will have room for feelings no less than for scientific knowledge.<\/p>\n  <\/div>\n\n\t<span class=\"price\"><span class=\"woocommerce-Price-amount amount\"><bdi>40<span class=\"woocommerce-Price-currencySymbol\">&euro;<\/span><\/bdi><\/span><\/span>\n<\/a><a href=\"\/en\/wp-json\/wp\/v2\/pages\/13187?add-to-cart=16003\" aria-describedby=\"woocommerce_loop_add_to_cart_link_describedby_16003\" data-quantity=\"1\" class=\"button product_type_simple add_to_cart_button ajax_add_to_cart\" data-product_id=\"16003\" data-product_sku=\"\" aria-label=\"Add to cart: &ldquo;Susanne Rottenbacher - Radiationen&rdquo;\" rel=\"nofollow\" data-success_message=\"&ldquo;Susanne Rottenbacher -&lt;br&gt; Radiationen&rdquo; has been added to your cart\" role=\"button\">Add to cart<\/a>\t<span id=\"woocommerce_loop_add_to_cart_link_describedby_16003\" class=\"screen-reader-text\">\n\t\t\t<\/span>\n<\/li>\n<li class=\"product type-product post-16343 status-publish instock product_cat-all-books product_cat-installation-art product_cat-painting product_cat-performance-art product_cat-sculpture has-post-thumbnail taxable shipping-taxable purchasable product-type-simple\">\n\t<a href=\"https:\/\/dcv-books.com\/en\/produkt\/mihai-olos\/\" class=\"woocommerce-LoopProduct-link woocommerce-loop-product__link\"><div class=\"image-wrapper\"><img decoding=\"async\" width=\"2048\" height=\"2442\" src=\"https:\/\/dcv-books.com\/wp-content\/uploads\/2021\/12\/9783969120736--scaled-2048x2442.jpg\" class=\"attachment-woocommerce_thumbnail size-woocommerce_thumbnail\" alt=\"Mihai Olos\" \/><\/div><h2 class=\"woocommerce-loop-product__title\">Mihai Olos<\/h2>  <div class=\"woocommerce-loop-product__description\" itemprop=\"description\">\n    <p>Mihai Olos (b. Arini\u0219, Romania, 1940; d. Endingen am Kaiserstuhl, 2015) ranks among the most fascinating artists of the second half of the twentieth century. His adaptations of the formal vocabulary pioneered by Constantin Br\u00e2ncu\u0219i are unrivaled in their creative originality. His works evince an utterly novel approach to the combination of materials from the culture of rural Romania with the visual strategies of modernism. His formidable oeuvre engages with conceptual and minimal art and comprises paintings, drawings, and sculptures, sometimes in the dimensions of land-art projects, as well as performances and poetry. Despite the constraints imposed by the communist system, his art and travels\u2014during which he also met his kindred spirit Joseph Beuys\u2014were dedicated to the unerring pursuit of his vision of social sculpture and radical utopian architecture.<\/p>\n  <\/div>\n\n\t<span class=\"price\"><span class=\"woocommerce-Price-amount amount\"><bdi>42<span class=\"woocommerce-Price-currencySymbol\">&euro;<\/span><\/bdi><\/span><\/span>\n<\/a><a href=\"\/en\/wp-json\/wp\/v2\/pages\/13187?add-to-cart=16343\" aria-describedby=\"woocommerce_loop_add_to_cart_link_describedby_16343\" data-quantity=\"1\" class=\"button product_type_simple add_to_cart_button ajax_add_to_cart\" data-product_id=\"16343\" data-product_sku=\"\" aria-label=\"Add to cart: &ldquo;Mihai Olos&rdquo;\" rel=\"nofollow\" data-success_message=\"&ldquo;Mihai Olos&rdquo; has been added to your cart\" role=\"button\">Add to cart<\/a>\t<span id=\"woocommerce_loop_add_to_cart_link_describedby_16343\" class=\"screen-reader-text\">\n\t\t\t<\/span>\n<\/li>\n<li class=\"product type-product post-15404 status-publish instock product_cat-all-books product_cat-installation-art product_cat-on-art product_cat-painting product_cat-photography product_cat-sculpture has-post-thumbnail taxable shipping-taxable purchasable product-type-simple\">\n\t<a href=\"https:\/\/dcv-books.com\/en\/produkt\/female-gaze-from-virtual-to-reality\/\" class=\"woocommerce-LoopProduct-link woocommerce-loop-product__link\"><div class=\"image-wrapper\"><img decoding=\"async\" width=\"394\" height=\"558\" src=\"https:\/\/dcv-books.com\/wp-content\/uploads\/2021\/02\/Bildschirmfoto-2022-01-19-um-16.35.56.jpg\" class=\"attachment-woocommerce_thumbnail size-woocommerce_thumbnail\" alt=\"Female Gaze\" \/><\/div><h2 class=\"woocommerce-loop-product__title\">Female Gaze <br> From Virtual to Reality<\/h2>  <div class=\"woocommerce-loop-product__description\" itemprop=\"description\">\n    <p><strong>Works of Art Take a Stance<\/strong><\/p>\n<p>The \u201cfemale gaze\u201d embodies a stance that is the polar opposite of the \u201cmale gaze.\u201d The latter term\u00a0came into use in the movie and advertising industries in the 1970s to describe the fact that women typically appear in films in supporting roles, as accessories to men, rather than as protagonists. The male gaze originated in a patriarchal society that has begun to change. The female gaze champions a modern form of emancipation that challenges men to abandon entrenched structures. Much more importantly, it encourages women to become aware of the strength that lies in their femininity and make it the source of their own creative expression and their own perspective on the world.\u00a0For many years, the writer Silke Tobeler has visited artists in their studios, collecting the photographs she took there and her conversations with her hosts on her blog, <em>Female Gaze<\/em>.<\/p>\n  <\/div>\n\n\t<span class=\"price\"><span class=\"woocommerce-Price-amount amount\"><bdi>25<span class=\"woocommerce-Price-currencySymbol\">&euro;<\/span><\/bdi><\/span><\/span>\n<\/a><a href=\"\/en\/wp-json\/wp\/v2\/pages\/13187?add-to-cart=15404\" aria-describedby=\"woocommerce_loop_add_to_cart_link_describedby_15404\" data-quantity=\"1\" class=\"button product_type_simple add_to_cart_button ajax_add_to_cart\" data-product_id=\"15404\" data-product_sku=\"\" aria-label=\"Add to cart: &ldquo;Female Gaze - From Virtual to Reality&rdquo;\" rel=\"nofollow\" data-success_message=\"&ldquo;Female Gaze -&lt;br&gt; From Virtual to Reality&rdquo; has been added to your cart\" role=\"button\">Add to cart<\/a>\t<span id=\"woocommerce_loop_add_to_cart_link_describedby_15404\" class=\"screen-reader-text\">\n\t\t\t<\/span>\n<\/li>\n<li class=\"product type-product post-15884 status-publish last instock product_cat-all-books product_cat-film-and-video product_cat-installation-art product_cat-photography has-post-thumbnail taxable shipping-taxable purchasable product-type-simple\">\n\t<a href=\"https:\/\/dcv-books.com\/en\/produkt\/geta-bratescu-videos-1987-2018\/\" class=\"woocommerce-LoopProduct-link woocommerce-loop-product__link\"><div class=\"image-wrapper\"><img decoding=\"async\" width=\"1745\" height=\"2387\" src=\"https:\/\/dcv-books.com\/wp-content\/uploads\/2021\/11\/12_Cover.jpg\" class=\"attachment-woocommerce_thumbnail size-woocommerce_thumbnail\" alt=\"Geta Br\u0103tescu\" \/><\/div><h2 class=\"woocommerce-loop-product__title\">GETA BR\u0102TESCU <br> Film and Video 1977\u20132018<\/h2>  <div class=\"woocommerce-loop-product__description\" itemprop=\"description\">\n    <p>Geta Br\u0103tescu (b. Ploie\u0219ti, 1926; d. Bucharest, 2018) is now widely regarded as one of Eastern Europe\u2019s most important avant-gardists. In the Western art world, however, she was largely obscure until her participation in documenta 14 in 2017 and the Venice Biennale of the same year. Questions of abstraction, the political potential of the image, and the subjective experience of self, memory, and history inform her stylistically diverse oeuvre in a wide range of media, which evolved under the repressive conditions of the Ceau\u0219escu regime yet kept pace with the discourses of the Western avant-gardes. This richly illustrated volume focuses on her collages and drawings as well as her works on film and video from the late 1970s until her death.<\/p>\n  <\/div>\n\n\t<span class=\"price\"><span class=\"woocommerce-Price-amount amount\"><bdi>42<span class=\"woocommerce-Price-currencySymbol\">&euro;<\/span><\/bdi><\/span><\/span>\n<\/a><a href=\"\/en\/wp-json\/wp\/v2\/pages\/13187?add-to-cart=15884\" aria-describedby=\"woocommerce_loop_add_to_cart_link_describedby_15884\" data-quantity=\"1\" class=\"button product_type_simple add_to_cart_button ajax_add_to_cart\" data-product_id=\"15884\" data-product_sku=\"\" aria-label=\"Add to cart: &ldquo;GETA BR\u0102TESCU - Film and Video 1977\u20132018&rdquo;\" rel=\"nofollow\" data-success_message=\"&ldquo;GETA BR\u0102TESCU -&lt;br&gt; Film and Video 1977\u20132018&rdquo; has been added to your cart\" role=\"button\">Add to cart<\/a>\t<span id=\"woocommerce_loop_add_to_cart_link_describedby_15884\" class=\"screen-reader-text\">\n\t\t\t<\/span>\n<\/li>\n<li class=\"product type-product post-14855 status-publish first instock product_cat-all-books product_cat-installation-art product_cat-painting product_cat-sculpture has-post-thumbnail taxable shipping-taxable product-type-simple\">\n\t<a href=\"https:\/\/dcv-books.com\/en\/produkt\/andreas-eriksson\/\" class=\"woocommerce-LoopProduct-link woocommerce-loop-product__link\"><div class=\"image-wrapper\"><img decoding=\"async\" width=\"350\" height=\"471\" src=\"https:\/\/dcv-books.com\/wp-content\/uploads\/2021\/05\/Andreas-Eriksson.jpg\" class=\"attachment-woocommerce_thumbnail size-woocommerce_thumbnail\" alt=\"Andreas Eriksson\" \/><\/div><h2 class=\"woocommerce-loop-product__title\">Andreas Eriksson<\/h2>  <div class=\"woocommerce-loop-product__description\" itemprop=\"description\">\n    <p><strong>All is related, from the outside in. Look what\u2019s behind it.<\/strong><\/p>\n<p>Andreas Eriksson (b. 1975 in Bj\u00f6rs\u00e4ter, lives and works in Medelplana, Sweden) is one of Sweden\u2019s most notable contemporary artists. His artistic practice is based on a traditional painterly language, but he constantly expands this field to also encompass a vast production of textile works. He examines\u00a0different histories through conceptual twists and turns in sculpture and prints. This monograph, the artist\u2019s first, seeks to explain and illustrate Eriksson\u2019s development and thoughts behind the meandering array of works he produces. It is a close look behind the canvas.<\/p>\n<p>Andreas Eriksson studied at the Royal Academy of Fine Arts in Stockholm from 1993 to 1998 and represented Sweden with the Nordic Pavilion at the 54. Biennale di Venezia. His most comprehensive solo exhibition to date took place in 2014 at Bonniers Konsthall, Stockholm.<\/p>\n  <\/div>\n\n<\/a><a href=\"https:\/\/dcv-books.com\/en\/produkt\/andreas-eriksson\/\" aria-describedby=\"woocommerce_loop_add_to_cart_link_describedby_14855\" data-quantity=\"1\" class=\"button product_type_simple\" data-product_id=\"14855\" data-product_sku=\"\" aria-label=\"Read more about &ldquo;Andreas Eriksson&rdquo;\" rel=\"nofollow\" data-success_message=\"\">Read more<\/a>\t<span id=\"woocommerce_loop_add_to_cart_link_describedby_14855\" class=\"screen-reader-text\">\n\t\t\t<\/span>\n<\/li>\n<li class=\"product type-product post-15700 status-publish instock product_cat-all-books product_cat-film-and-video product_cat-installation-art product_cat-on-art product_cat-painting product_cat-photography product_cat-sculpture has-post-thumbnail taxable shipping-taxable purchasable product-type-simple\">\n\t<a href=\"https:\/\/dcv-books.com\/en\/produkt\/finale-directors-cut\/\" class=\"woocommerce-LoopProduct-link woocommerce-loop-product__link\"><div class=\"image-wrapper\"><img decoding=\"async\" width=\"1655\" height=\"1587\" src=\"https:\/\/dcv-books.com\/wp-content\/uploads\/2021\/10\/210503_MPK_Finale_Cover.jpg\" class=\"attachment-woocommerce_thumbnail size-woocommerce_thumbnail\" alt=\"Finale Director&#039;s Cut\" \/><\/div><h2 class=\"woocommerce-loop-product__title\">FINALE <br> DIRECTOR&#8217;S CUT<\/h2>  <div class=\"woocommerce-loop-product__description\" itemprop=\"description\">\n    <p><strong>The Best Part \u2026<\/strong><\/p>\n<p>In 1994, Britta Erika Buhlmann took the helm at Museum Pfalzgalerie Kaiserslautern, from which she will retire in the spring of 2022. In her twenty-eight-year tenure, she has enlarged the museum\u2019s art collection and put her personal stamp on it. The classical modernism division was strengthened with the addition of major works by Otto Dix, Hermann Scherrer, and Karl Buchheister, while key pieces by Fran\u00e7ois Morellet, Martin Willing, Werner Pokorny, and others have enriched the museum\u2019s holdings in sculpture. A newly established division of the collection is dedicated to the creations of American artists such as Eric Levin, Kiki Smith, Charles Pollock, and Richard Pousette-Dart. More than a few artists\u2014the list includes Carmen Herrera, Pierrette Bloch, Eva Jospin, and Nobuyuki Tanaka\u2014made their German or even European d\u00e9but at the mpk.<\/p>\n<p>In this book, members of the mpk\u2019s staff offer their takes on selected works in the collection, unfurling a subjective story of their engagement with works that have earned the museum its reputation as a \u201cplace of discoveries.\u201d<\/p>\n  <\/div>\n\n\t<span class=\"price\"><span class=\"woocommerce-Price-amount amount\"><bdi>25<span class=\"woocommerce-Price-currencySymbol\">&euro;<\/span><\/bdi><\/span><\/span>\n<\/a><a href=\"\/en\/wp-json\/wp\/v2\/pages\/13187?add-to-cart=15700\" aria-describedby=\"woocommerce_loop_add_to_cart_link_describedby_15700\" data-quantity=\"1\" class=\"button product_type_simple add_to_cart_button ajax_add_to_cart\" data-product_id=\"15700\" data-product_sku=\"\" aria-label=\"Add to cart: &ldquo;FINALE - DIRECTOR&#039;S CUT&rdquo;\" rel=\"nofollow\" data-success_message=\"&ldquo;FINALE -&lt;br&gt; DIRECTOR&#039;S CUT&rdquo; has been added to your cart\" role=\"button\">Add to cart<\/a>\t<span id=\"woocommerce_loop_add_to_cart_link_describedby_15700\" class=\"screen-reader-text\">\n\t\t\t<\/span>\n<\/li>\n<li class=\"product type-product post-14810 status-publish instock product_cat-all-books product_cat-film-and-video product_cat-installation-art product_cat-sculpture has-post-thumbnail taxable shipping-taxable purchasable product-type-simple\">\n\t<a href=\"https:\/\/dcv-books.com\/en\/produkt\/konrad-muehe-guide\/\" class=\"woocommerce-LoopProduct-link woocommerce-loop-product__link\"><div class=\"image-wrapper\"><img decoding=\"async\" width=\"200\" height=\"300\" src=\"https:\/\/dcv-books.com\/wp-content\/uploads\/2021\/05\/Konrad-Muehe-Cover.jpg\" class=\"attachment-woocommerce_thumbnail size-woocommerce_thumbnail\" alt=\"Konrad M\u00fche\" \/><\/div><h2 class=\"woocommerce-loop-product__title\">Konrad M\u00fche <br> Guide<\/h2>  <div class=\"woocommerce-loop-product__description\" itemprop=\"description\">\n    <p><strong>An Artist\u2019s Book as an \u201cOptical Illusion\u201d<\/strong><\/p>\n<p>Konrad M\u00fche\u2019s (b. Karl-Marx-Stadt, East Germany, 1982; lives and works in Berlin) works interrogate the construction of our identities by uncovering the technological and media apparatuses that sustain it and confronting it with the autonomous lives of objects. Their basic formal principle is the installation hybridizing sculpture and digital moving image, with a particular focus on the projector and the interaction of pedestal or suspension and projection screen. Where the classical black box in the movie theater or exhibition venue seeks to conceal the technical equipment in favor of an immersive visual experience, M\u00fche brings it to the fore and sets it out in the gallery space as sculpture and installation. Yet his works also undercut the conventional display regime in the white cube: the process of projection emerges as the true creative medium and subject. This book acts as a descriptive illustrated <em>Guide<\/em> to M\u00fche\u2019s projects.<\/p>\n<p>Konrad M\u00fche was Hito Steyerl\u2019s master student and trained at the Berlin University of the Arts and the Burg Giebichenstein University of Art and Design Halle. His works have been featured at numerous film festivals including the 61st Berlinale and in exhibitions at Kunsthalle D\u00fcsseldorf, the Moscow Museum of Modern Art, and elsewhere.<\/p>\n  <\/div>\n\n\t<span class=\"price\"><span class=\"woocommerce-Price-amount amount\"><bdi>38<span class=\"woocommerce-Price-currencySymbol\">&euro;<\/span><\/bdi><\/span><\/span>\n<\/a><a href=\"\/en\/wp-json\/wp\/v2\/pages\/13187?add-to-cart=14810\" aria-describedby=\"woocommerce_loop_add_to_cart_link_describedby_14810\" data-quantity=\"1\" class=\"button product_type_simple add_to_cart_button ajax_add_to_cart\" data-product_id=\"14810\" data-product_sku=\"\" aria-label=\"Add to cart: &ldquo;Konrad M\u00fche - Guide&rdquo;\" rel=\"nofollow\" data-success_message=\"&ldquo;Konrad M\u00fche -&lt;br&gt; Guide&rdquo; has been added to your cart\" role=\"button\">Add to cart<\/a>\t<span id=\"woocommerce_loop_add_to_cart_link_describedby_14810\" class=\"screen-reader-text\">\n\t\t\t<\/span>\n<\/li>\n<li class=\"product type-product post-15888 status-publish last instock product_cat-all-books product_cat-installation-art product_cat-painting product_tag-slawomir-elsner-en has-post-thumbnail taxable shipping-taxable purchasable product-type-simple\">\n\t<a href=\"https:\/\/dcv-books.com\/en\/produkt\/slawomir-elsner-praezision-und-unschaerfe\/\" class=\"woocommerce-LoopProduct-link woocommerce-loop-product__link\"><div class=\"image-wrapper\"><img decoding=\"async\" width=\"1835\" height=\"2284\" src=\"https:\/\/dcv-books.com\/wp-content\/uploads\/2021\/11\/Cover-07-vorschau.jpg\" class=\"attachment-woocommerce_thumbnail size-woocommerce_thumbnail\" alt=\"Slawomir Elsner -&lt;br&gt; Precision and Chance\" \/><\/div><h2 class=\"woocommerce-loop-product__title\">Slawomir Elsner <br> Precision and Chance<\/h2>  <div class=\"woocommerce-loop-product__description\" itemprop=\"description\">\n    <p><strong>Complex Processes of Abstraction<\/strong><\/p>\n<p>International audiences know S\u0142awomir Elsner (b. Wodzis\u0142aw \u015al\u0105ski, Poland, 1976; lives and works in Berlin) for his naturalistic paintings and abstract watercolors, but it was his brilliantly executed colorful drawings that made him famous. The technique of his work in crayons is as formidable as it is singular and underlies his many adaptations of legendary works from the history of painting that seem blurry but are actually drawn in accurate lines.<\/p>\n<p>More generally, Elsner\u2019s art probes the effect of different media and the stories they tell. He interrogates the images they transport and challenges the consumers to subject their own visual experiences to a similar critical review. Do pictures represent reality or distort it? That is the question that guides his inquiries.<\/p>\n<p>Elsner works almost exclusively in series. What makes this book special is that it includes an index in which eleven of these bodies of work are reproduced in their entirety. The Old Masters series alone comprises 143 works made in the years after 2014. It is complemented by the series <i>Windows on the World<\/i> (2008\u20132010), <i>Feuerwerk- und Luftabwehr<\/i> (2004), <i>Unsere Sonnen<\/i> (2004\u20132005), the watercolors of <i>Tagst\u00fccke<\/i> and <i>Nachtst\u00fccke<\/i> (2014\u20132021), and others.<\/p>\n<p>Many of the works frame accidents, disasters, wars, nuclear tests, or other horrible events. By harnessing the means of art to detach their depiction from a documentary setting, S\u0142awomir Elsner achieves an unrivaled degree of aestheticization; his works are fascinating at first glance, only to fill the beholder with a creeping dread.<\/p>\n<p><a href=\"https:\/\/dcv-books.com\/en\/slawomir-elsner\/\">Limited art edition available<\/a><\/p>\n  <\/div>\n\n\t<span class=\"price\"><span class=\"woocommerce-Price-amount amount\"><bdi>38<span class=\"woocommerce-Price-currencySymbol\">&euro;<\/span><\/bdi><\/span><\/span>\n<\/a><a href=\"\/en\/wp-json\/wp\/v2\/pages\/13187?add-to-cart=15888\" aria-describedby=\"woocommerce_loop_add_to_cart_link_describedby_15888\" data-quantity=\"1\" class=\"button product_type_simple add_to_cart_button ajax_add_to_cart\" data-product_id=\"15888\" data-product_sku=\"\" aria-label=\"Add to cart: &ldquo;Slawomir Elsner - Precision and Chance&rdquo;\" rel=\"nofollow\" data-success_message=\"&ldquo;Slawomir Elsner -&lt;br&gt; Precision and Chance&rdquo; has been added to your cart\" role=\"button\">Add to cart<\/a>\t<span id=\"woocommerce_loop_add_to_cart_link_describedby_15888\" class=\"screen-reader-text\">\n\t\t\t<\/span>\n<\/li>\n<li class=\"product type-product post-15683 status-publish first instock product_cat-all-books product_cat-film-and-video product_cat-installation-art product_cat-painting product_cat-performance-art product_cat-photography product_cat-sculpture has-post-thumbnail taxable shipping-taxable purchasable product-type-simple\">\n\t<a href=\"https:\/\/dcv-books.com\/en\/produkt\/freigeister-fragments-of-an-art-scene-in-luxembourg-and-beyond__trashed\/\" class=\"woocommerce-LoopProduct-link woocommerce-loop-product__link\"><div class=\"image-wrapper\"><img decoding=\"async\" width=\"1133\" height=\"1474\" src=\"https:\/\/dcv-books.com\/wp-content\/uploads\/2021\/10\/Freigeister_Cover_single.jpg\" class=\"attachment-woocommerce_thumbnail size-woocommerce_thumbnail\" alt=\"kunst in Luxembourg\" \/><\/div><h2 class=\"woocommerce-loop-product__title\">FREIGEISTER <br> FRAGMENTS OF AN ART SCENE IN LUXEMBOURG AND BEYOND<\/h2>  <div class=\"woocommerce-loop-product__description\" itemprop=\"description\">\n    <p><strong>Thinking Otherwise\u2014the Mudam in Luxembourg at Fifteen<\/strong><\/p>\n<p>A free spirit, Friedrich Nietzsche wrote, is someone who \u201cthinks otherwise than is expected of him in consideration of his origin, surroundings, position, and office, or by reason of the prevailing contemporary views\u201d (<em>Human, All Too Human<\/em>,1878). As the German philosopher saw it, one must seek to become \u201cuntimely\u201d and remain a \u201cstranger\u201d to one\u2019s time in order to question its premises. This view to states of alienation unites the positions of fourteen young Luxembourgish artists in <em>Freigeister<\/em>, the publication accompanying the celebrations on occasion of the fifteenth anniversary of the Mus\u00e9e d\u2019Art Moderne Grand-Duc Jean.<\/p>\n<p>In recent years, Luxembourg\u2019s art scene has grappled in a wide variety of ways with the challenges that come with the small yet economically successful country\u2019s ongoing transformation. Charting realities between the familiar and the unknown, the artists featured in <em>Freigeister<\/em> employ photography, painting, and installation as well as film, sculpture, printmaking, and performance art to paint a carefully considered but by no means dispassionate portrait of today\u2019s society in an effort to build bridges between identity and the future.<\/p>\n<p>The book presents works by Yann Annicchiarico, Laurianne Bixhain, Aline Bouvy<a href=\"https:\/\/www.mudam.com\/collection\/marco-godinho\">,<\/a> Marco Godinho, Sophie Jung, Catherine Lorent, Filip Markiewicz, Karolina Markiewicz &amp; Pascal Piron, Claudia Passeri, Daniel Reuter, Nina Tom\u00e0s, Daniel Wagener, and Jeff Weber.<\/p>\n<p>&nbsp;<\/p>\n  <\/div>\n\n\t<span class=\"price\"><span class=\"woocommerce-Price-amount amount\"><bdi>35<span class=\"woocommerce-Price-currencySymbol\">&euro;<\/span><\/bdi><\/span><\/span>\n<\/a><a href=\"\/en\/wp-json\/wp\/v2\/pages\/13187?add-to-cart=15683\" aria-describedby=\"woocommerce_loop_add_to_cart_link_describedby_15683\" data-quantity=\"1\" class=\"button product_type_simple add_to_cart_button ajax_add_to_cart\" data-product_id=\"15683\" data-product_sku=\"\" aria-label=\"Add to cart: &ldquo;FREIGEISTER - FRAGMENTS OF AN ART SCENE IN LUXEMBOURG AND BEYOND&rdquo;\" rel=\"nofollow\" data-success_message=\"&ldquo;FREIGEISTER -&lt;br&gt; FRAGMENTS OF AN ART SCENE IN LUXEMBOURG AND BEYOND&rdquo; has been added to your cart\" role=\"button\">Add to cart<\/a>\t<span id=\"woocommerce_loop_add_to_cart_link_describedby_15683\" class=\"screen-reader-text\">\n\t\t\t<\/span>\n<\/li>\n<li class=\"product type-product post-15299 status-publish instock product_cat-all-books product_cat-installation-art product_cat-sculpture has-post-thumbnail taxable shipping-taxable purchasable product-type-simple\">\n\t<a href=\"https:\/\/dcv-books.com\/en\/produkt\/karsten-konrad-room-service\/\" class=\"woocommerce-LoopProduct-link woocommerce-loop-product__link\"><div class=\"image-wrapper\"><img decoding=\"async\" width=\"450\" height=\"563\" src=\"https:\/\/dcv-books.com\/wp-content\/uploads\/2021\/08\/konrad_cover.jpg\" class=\"attachment-woocommerce_thumbnail size-woocommerce_thumbnail\" alt=\"Karsten Konrad\" \/><\/div><h2 class=\"woocommerce-loop-product__title\">Karsten Konrad <br> Room Service<\/h2>  <div class=\"woocommerce-loop-product__description\" itemprop=\"description\">\n    <div class=\"page\" title=\"Page 9\">\n<div class=\"section\">\n<div class=\"layoutArea\">\n<div class=\"column\">\n<p><strong>The Visual Archeologist<\/strong><\/p>\n<p>Objets trouve\u0301s, used designer objects, and discarded furniture are the defining elements of the sculptor Karsten Konrad\u2019s (b. Wu\u0308rzburg, 1962; lives and works in Berlin) material poetics. Not unlike the Dadaist or Surrealist readymade, the works that Konrad has made since the 1990s transform these \u201cdisregarded things\u201d into sculptures, immersive installations, reliefs, and collages. Detecting the faint traces that anonymous consumers have left on the secondhand stuff, he unfolds an archaeology of the present. Konrad\u2019s first monograph in a decade offers comprehensive insight into an oeuvre that throws the marginal into relief and questions the destructive impact of unbridled consumerism.<\/p>\n<div class=\"page\" title=\"Page 9\">\n<div class=\"section\">\n<div class=\"layoutArea\">\n<div class=\"column\">\n<p>Karsten Konrad studied at Johannes-Gutenberg-Universita\u0308t, Mainz, and the Royal College of Art, London. He has been professor of sculpture at the Universita\u0308t der Ku\u0308nste in Berlin since 2016. His works are held, amongst others, by the Bundeskunstsammlung Bonn and the Margulies Collection, Miami.<\/p>\n<p><strong>Each copy is hand-signed by the artist on the spine.<\/strong><\/p>\n<\/div>\n<\/div>\n<\/div>\n<\/div>\n<\/div>\n<\/div>\n<\/div>\n<\/div>\n  <\/div>\n\n\t<span class=\"price\"><span class=\"woocommerce-Price-amount amount\"><bdi>42<span class=\"woocommerce-Price-currencySymbol\">&euro;<\/span><\/bdi><\/span><\/span>\n<\/a><a href=\"\/en\/wp-json\/wp\/v2\/pages\/13187?add-to-cart=15299\" aria-describedby=\"woocommerce_loop_add_to_cart_link_describedby_15299\" data-quantity=\"1\" class=\"button product_type_simple add_to_cart_button ajax_add_to_cart\" data-product_id=\"15299\" data-product_sku=\"\" aria-label=\"Add to cart: &ldquo;Karsten Konrad - Room Service&rdquo;\" rel=\"nofollow\" data-success_message=\"&ldquo;Karsten Konrad -&lt;br&gt; Room Service&rdquo; has been added to your cart\" role=\"button\">Add to cart<\/a>\t<span id=\"woocommerce_loop_add_to_cart_link_describedby_15299\" class=\"screen-reader-text\">\n\t\t\t<\/span>\n<\/li>\n<li class=\"product type-product post-13858 status-publish instock product_cat-all-books product_cat-installation-art product_cat-sculpture has-post-thumbnail taxable shipping-taxable purchasable product-type-simple\">\n\t<a href=\"https:\/\/dcv-books.com\/en\/produkt\/ugo-rondinone-nuns-monks\/\" class=\"woocommerce-LoopProduct-link woocommerce-loop-product__link\"><div class=\"image-wrapper\"><img decoding=\"async\" width=\"300\" height=\"386\" src=\"https:\/\/dcv-books.com\/wp-content\/uploads\/2021\/01\/nuns-monks-cover-5-2021.jpg\" class=\"attachment-woocommerce_thumbnail size-woocommerce_thumbnail\" alt=\"Ugo Rondinone\" \/><\/div><h2 class=\"woocommerce-loop-product__title\">Ugo Rondinone <br> nuns + monks<\/h2>  <div class=\"woocommerce-loop-product__description\" itemprop=\"description\">\n    <p><strong>Contemplation and Communion with the World<\/strong><\/p>\n<p>Ugo Rondinone (b. Brunnen, Switzerland, 1964; lives and works in New York) is a conceptual and installation artist whose oeuvre spans abstract painting, photography, and sculpture. Nature is where he has long found inspiration, regeneration, and comfort: \u201cIn nature, you enter a space where the sacred and the profane, the mystical and the secular vibrate against one another.\u201d Rondinone\u2019s works oscillate between the extremes of interiority and engagement with the wider world; stone is often present in his art as a recurrent material and symbol. The sculptures in the series <em>nuns + monks<\/em> originated as limestone models; the artist made three-dimensional scans and then cast the works in bronze. As a reflection of the inner self in the outside world, the friable mineral contrasts with the solidity of the bronze; the natural genesis of the millennia-old stones with the presence of the polychrome casts in the here and now. nuns + monks attest to a visibility while also giving the impression of flinching from the gazes to which they expose themselves.<\/p>\n<p>Ugo Rondinone studied at the University of Applied Arts Vienna. His work has been presented at the Rockbund Art Museum, Shanghai, the Swiss National Museum, Zurich, MoMA\/PS1, New York, and the Hamburger Bahnhof, Berlin, among others.<\/p>\n  <\/div>\n\n\t<span class=\"price\"><span class=\"woocommerce-Price-amount amount\"><bdi>20<span class=\"woocommerce-Price-currencySymbol\">&euro;<\/span><\/bdi><\/span><\/span>\n<\/a><a href=\"\/en\/wp-json\/wp\/v2\/pages\/13187?add-to-cart=13858\" aria-describedby=\"woocommerce_loop_add_to_cart_link_describedby_13858\" data-quantity=\"1\" class=\"button product_type_simple add_to_cart_button ajax_add_to_cart\" data-product_id=\"13858\" data-product_sku=\"\" aria-label=\"Add to cart: &ldquo;Ugo Rondinone - nuns + monks&rdquo;\" rel=\"nofollow\" data-success_message=\"&ldquo;Ugo Rondinone -&lt;br&gt; nuns + monks&rdquo; has been added to your cart\" role=\"button\">Add to cart<\/a>\t<span id=\"woocommerce_loop_add_to_cart_link_describedby_13858\" class=\"screen-reader-text\">\n\t\t\t<\/span>\n<\/li>\n<li class=\"product type-product post-15163 status-publish last instock product_cat-all-books product_cat-film-and-video product_cat-installation-art product_cat-painting product_cat-performance-art product_cat-photography product_cat-sculpture has-post-thumbnail taxable shipping-taxable purchasable product-type-simple\">\n\t<a href=\"https:\/\/dcv-books.com\/en\/produkt\/cristina-lucas-immobile-engine\/\" class=\"woocommerce-LoopProduct-link woocommerce-loop-product__link\"><div class=\"image-wrapper\"><img decoding=\"async\" width=\"750\" height=\"527\" src=\"https:\/\/dcv-books.com\/wp-content\/uploads\/2021\/07\/DCV_Lucas_Cover_klein.jpg\" class=\"attachment-woocommerce_thumbnail size-woocommerce_thumbnail\" alt=\"Cristina Lucas\" \/><\/div><h2 class=\"woocommerce-loop-product__title\">Cristina Lucas <br> Immobile Engine<\/h2>  <div class=\"woocommerce-loop-product__description\" itemprop=\"description\">\n    <p><strong>Mechanisms of Power<\/strong><\/p>\n<p>The Spanish artist Cristina Lucas (b. Ja\u00e9n, 1973; lives and works in Madrid) works in a wide range of media and genres. Central concerns include the confrontation of subjective and political historiographies and a critical examination of cultural stereotypes. The publication\u2019s point of departure is the multichannel video installation <em>Unending Lightning<\/em>, begun in 2013, in which Lucas undertakes a painstaking study of the history of aerial warfare. The book also showcases works that limn a contemporary perspective on value chains and the capitalization of time and landscape. Moreover, the artist has developed a corpus of critical cartographic models that offer algorithmic, philosophical, poetic, or, in some instances, humorous visualizations of unexpected nexuses. The first German-language publication on Cristina Lucas\u2019s art, it offers a comprehensive survey of her oeuvre to date.<\/p>\n<p>Cristina Lucas studied fine arts at the University of California and the Universidad Complutense, Madrid. She has had residencies in Paris, Amsterdam, and New York. Her work has been exhibited at MUDAM, Luxembourg; the Museo de Arte Contemporaneo, Santiago de Chile, and the Museo Nacional Thyssen-Bornemisza, Madrid; Kiasma, Helsinki; and the Centre Pompidou, Paris, among others.<\/p>\n  <\/div>\n\n\t<span class=\"price\"><span class=\"woocommerce-Price-amount amount\"><bdi>29<span class=\"woocommerce-Price-currencySymbol\">&euro;<\/span><\/bdi><\/span><\/span>\n<\/a><a href=\"\/en\/wp-json\/wp\/v2\/pages\/13187?add-to-cart=15163\" aria-describedby=\"woocommerce_loop_add_to_cart_link_describedby_15163\" data-quantity=\"1\" class=\"button product_type_simple add_to_cart_button ajax_add_to_cart\" data-product_id=\"15163\" data-product_sku=\"\" aria-label=\"Add to cart: &ldquo;Cristina Lucas - Immobile Engine&rdquo;\" rel=\"nofollow\" data-success_message=\"&ldquo;Cristina Lucas -&lt;br&gt; Immobile Engine&rdquo; has been added to your cart\" role=\"button\">Add to cart<\/a>\t<span id=\"woocommerce_loop_add_to_cart_link_describedby_15163\" class=\"screen-reader-text\">\n\t\t\t<\/span>\n<\/li>\n<li class=\"product type-product post-14498 status-publish first instock product_cat-all-books product_cat-installation-art product_cat-new-arrivals product_cat-on-art product_cat-painting product_cat-sculpture has-post-thumbnail taxable shipping-taxable purchasable product-type-simple\">\n\t<a href=\"https:\/\/dcv-books.com\/en\/produkt\/the-art-of-society-1900-1945\/\" class=\"woocommerce-LoopProduct-link woocommerce-loop-product__link\"><div class=\"image-wrapper\"><img decoding=\"async\" width=\"500\" height=\"675\" src=\"https:\/\/dcv-books.com\/wp-content\/uploads\/2021\/01\/NNG-Art-of-Society-Cover.jpg\" class=\"attachment-woocommerce_thumbnail size-woocommerce_thumbnail\" alt=\"Art of Society\" \/><\/div><h2 class=\"woocommerce-loop-product__title\">The Art of Society <br> 1900\u20131945<\/h2>  <div class=\"woocommerce-loop-product__description\" itemprop=\"description\">\n    <p><strong>The Collection of the Nationalgalerie, Berlin<\/strong><\/p>\n<div>\n<p><span lang=\"EN-US\">The Neue Nationalgalerie in Berlin, the last building designed by Mies van der Rohe, has been closed a full six years for refurbishment. To mark its reopening the museum is presenting the highlights of its classical modernist collection under the title <i>The Art of Society, 1900\u20131945<\/i>. Visionary, critical, resigned or utopian, the paintings and sculptures bear witness to art\u2019s dialogue with prevailing social conditions \u2013 from the German Empire to the First World War, the Weimar Republic and ultimately National Socialism. The catalogue documenting all works in the exhibition traces the major artistic tendencies during the first half of the 20th century in thirteen chapters. <i>The Art of Society, 1900\u20131945<\/i> offers a renewed encounter with works<i> <\/i>by Edvard Munch, Ernst Ludwig Kirchner,<i> <\/i>Tamara de Lempicka, Lotte Laserstein, Otto<i> <\/i>Dix, George Grosz, Max Beckmann, and many<i> <\/i>others that is as captivating as it is illuminating.<i><\/i><\/span><\/p>\n<\/div>\n<p>Click <a href=\"https:\/\/dcv-books.com\/produkt\/die-kunst-der-gesellschaft-1900-1945\/\">here<\/a> for the German edition.<\/p>\n  <\/div>\n\n\t<span class=\"price\"><span class=\"woocommerce-Price-amount amount\"><bdi>29<span class=\"woocommerce-Price-currencySymbol\">&euro;<\/span><\/bdi><\/span><\/span>\n<\/a><a href=\"\/en\/wp-json\/wp\/v2\/pages\/13187?add-to-cart=14498\" aria-describedby=\"woocommerce_loop_add_to_cart_link_describedby_14498\" data-quantity=\"1\" class=\"button product_type_simple add_to_cart_button ajax_add_to_cart\" data-product_id=\"14498\" data-product_sku=\"\" aria-label=\"Add to cart: &ldquo;The Art of Society - 1900\u20131945&rdquo;\" rel=\"nofollow\" data-success_message=\"&ldquo;The Art of Society -&lt;br&gt; 1900\u20131945&rdquo; has been added to your cart\" role=\"button\">Add to cart<\/a>\t<span id=\"woocommerce_loop_add_to_cart_link_describedby_14498\" class=\"screen-reader-text\">\n\t\t\t<\/span>\n<\/li>\n<li class=\"product type-product post-14839 status-publish instock product_cat-all-books product_cat-film-and-video product_cat-installation-art product_cat-sculpture has-post-thumbnail taxable shipping-taxable purchasable product-type-simple\">\n\t<a href=\"https:\/\/dcv-books.com\/en\/produkt\/katja-aufleger-schwindelerregende-hoehen\/\" class=\"woocommerce-LoopProduct-link woocommerce-loop-product__link\"><div class=\"image-wrapper\"><img decoding=\"async\" width=\"300\" height=\"405\" src=\"https:\/\/dcv-books.com\/wp-content\/uploads\/2021\/05\/Katja-Aufleger_Layout_Cover_Verlagsvorschau.jpg\" class=\"attachment-woocommerce_thumbnail size-woocommerce_thumbnail\" alt=\"Katja Aufleger\" \/><\/div><h2 class=\"woocommerce-loop-product__title\">Katja Aufleger <br> Schwindelerregende H\u00f6hen<\/h2>  <div class=\"woocommerce-loop-product__description\" itemprop=\"description\">\n    <p><strong>On a Razor\u2019s Edge: Evanescent Moments <\/strong><\/p>\n<p>Katja Aufleger\u2019s (b. Oldenburg, 1983; lives and works in Berlin) works bring instants of suspense and uncertainty into focus in a variety of aesthetic forms. Their nuclei are typically everyday phenomena and physical models, which she combines with a range of concepts from cultural history and psychology. The publication presents several series, some of which capture explosive tensions. Among them are photographs of homemade Molotov cocktails for which the artist set perfume flacons on fire, making this most recent series a probing exploration of the potentials of material aesthetics and emotion. With an introductory essay by Julia Katharina Thiemann.<\/p>\n<p>Katja Aufleger studied visual art the University of Fine Arts Hamburg (HFBK), where Andreas Slominski, Matt Mullican, and Michael Diers were her teachers.<\/p>\n  <\/div>\n\n\t<span class=\"price\"><span class=\"woocommerce-Price-amount amount\"><bdi>30<span class=\"woocommerce-Price-currencySymbol\">&euro;<\/span><\/bdi><\/span><\/span>\n<\/a><a href=\"\/en\/wp-json\/wp\/v2\/pages\/13187?add-to-cart=14839\" aria-describedby=\"woocommerce_loop_add_to_cart_link_describedby_14839\" data-quantity=\"1\" class=\"button product_type_simple add_to_cart_button ajax_add_to_cart\" data-product_id=\"14839\" data-product_sku=\"\" aria-label=\"Add to cart: &ldquo;Katja Aufleger - Schwindelerregende H\u00f6hen&rdquo;\" rel=\"nofollow\" data-success_message=\"&ldquo;Katja Aufleger -&lt;br&gt; Schwindelerregende H\u00f6hen&rdquo; has been added to your cart\" role=\"button\">Add to cart<\/a>\t<span id=\"woocommerce_loop_add_to_cart_link_describedby_14839\" class=\"screen-reader-text\">\n\t\t\t<\/span>\n<\/li>\n<li class=\"product type-product post-12679 status-publish instock product_cat-installation-art product_cat-sculpture has-post-thumbnail taxable shipping-taxable purchasable product-type-simple\">\n\t<a href=\"https:\/\/dcv-books.com\/en\/produkt\/en-peter-buggenhout-nicht-geheuer\/\" class=\"woocommerce-LoopProduct-link woocommerce-loop-product__link\"><div class=\"image-wrapper\"><img decoding=\"async\" width=\"750\" height=\"992\" src=\"https:\/\/dcv-books.com\/wp-content\/uploads\/2020\/10\/210x280_Buggenhout_Umschlag_klein.jpg\" class=\"attachment-woocommerce_thumbnail size-woocommerce_thumbnail\" alt=\"Peter Buggenhout\" \/><\/div><h2 class=\"woocommerce-loop-product__title\">Peter Buggenhout <br> Eerie<\/h2>  <div class=\"woocommerce-loop-product__description\" itemprop=\"description\">\n    <p class=\"introzeile-buecher\">An Autonomous Counterpart<\/p>\n<p>The renowned sculptor Peter Buggenhout (b. 1963, Dendermonde, Belgium; lives and works in Ghent) describes his hybrid pieces as \u201cabject things\u201d that defy classification and even the label \u201cwork of art.\u201d He aggregates and manipulates found and discarded objects as well as both technical and organic materials including pig blood, cow stomachs, and horsehair until he achieves a certain degree of abstraction. Buggenhout\u2019s sculptures confront the beholder as creatures that are somehow \u201coff,\u201d exuding an eerie atmosphere by allowing something sinister to rise to the surface that, it appears, lurks just behind the fa\u00e7ades of the physical world: vestiges of humanity, society\u2019s sedimented refuse. The book presents a comprehensive survey of his growing oeuvre; it is the first publication to cover his most recent creations in marble.<\/p>\n<p>Peter Buggenhout\u2019s art has been featured at the Palais de Tokyo, Paris; the MoMA PS1, New York; the 2014 Taipei Biennial; and elsewhere.<\/p>\n  <\/div>\n\n\t<span class=\"price\"><span class=\"woocommerce-Price-amount amount\"><bdi>28<span class=\"woocommerce-Price-currencySymbol\">&euro;<\/span><\/bdi><\/span><\/span>\n<\/a><a href=\"\/en\/wp-json\/wp\/v2\/pages\/13187?add-to-cart=12679\" aria-describedby=\"woocommerce_loop_add_to_cart_link_describedby_12679\" data-quantity=\"1\" class=\"button product_type_simple add_to_cart_button ajax_add_to_cart\" data-product_id=\"12679\" data-product_sku=\"\" aria-label=\"Add to cart: &ldquo;Peter Buggenhout - Eerie&rdquo;\" rel=\"nofollow\" data-success_message=\"&ldquo;Peter Buggenhout -&lt;br&gt; Eerie&rdquo; has been added to your cart\" role=\"button\">Add to cart<\/a>\t<span id=\"woocommerce_loop_add_to_cart_link_describedby_12679\" class=\"screen-reader-text\">\n\t\t\t<\/span>\n<\/li>\n<li class=\"product type-product post-11310 status-publish last instock product_cat-all-books product_cat-installation-art product_cat-painting product_cat-performance-art product_cat-sculpture has-post-thumbnail taxable shipping-taxable purchasable product-type-simple\">\n\t<a href=\"https:\/\/dcv-books.com\/en\/produkt\/arantxa-etcheverria-doors\/\" class=\"woocommerce-LoopProduct-link woocommerce-loop-product__link\"><div class=\"image-wrapper\"><img decoding=\"async\" width=\"750\" height=\"750\" src=\"https:\/\/dcv-books.com\/wp-content\/uploads\/2021\/01\/Etcheverria_Cover.jpg\" class=\"attachment-woocommerce_thumbnail size-woocommerce_thumbnail\" alt=\"Arantxa Etcheverria\" \/><\/div><h2 class=\"woocommerce-loop-product__title\">Arantxa Etcheverria <br> Doors<\/h2>  <div class=\"woocommerce-loop-product__description\" itemprop=\"description\">\n    <p class=\"introzeile-buecher\">The Mythical Power of Grids<\/p>\n<p>Arantxa Etcheverria\u2019s (b. 1975, France; lives and works in Bucharest) creative practice encompasses painting, sculpture, performance, photography, and film. Since 2006, she has been especially interested in modernist architecture, a ubiquitous sight in her adopted country, Romania. Blending rationalism with speculation, the artist draws on historical references including post-Communist turbo architecture, Op art, and minimalism for works that balance between figuration and abstraction, construction and deconstruction. This book documents Etcheverria\u2019s more recent panel paintings and installations, seen in interaction with actors in monochrome costumes. With essays by the Paris-based Romanian curator and critic Ami Barak and the art historian and curator Alina \u015eerban.<\/p>\n<p>Arantxa Etcheverria studied fine arts at Villa Arson, Nice, and stage design at the Th\u00e9\u00e2tre national de Strasbourg.<\/p>\n  <\/div>\n\n\t<span class=\"price\"><span class=\"woocommerce-Price-amount amount\"><bdi>38<span class=\"woocommerce-Price-currencySymbol\">&euro;<\/span><\/bdi><\/span><\/span>\n<\/a><a href=\"\/en\/wp-json\/wp\/v2\/pages\/13187?add-to-cart=11310\" aria-describedby=\"woocommerce_loop_add_to_cart_link_describedby_11310\" data-quantity=\"1\" class=\"button product_type_simple add_to_cart_button ajax_add_to_cart\" data-product_id=\"11310\" data-product_sku=\"\" aria-label=\"Add to cart: &ldquo;Arantxa Etcheverria - Doors&rdquo;\" rel=\"nofollow\" data-success_message=\"&ldquo;Arantxa Etcheverria -&lt;br&gt; Doors&rdquo; has been added to your cart\" role=\"button\">Add to cart<\/a>\t<span id=\"woocommerce_loop_add_to_cart_link_describedby_11310\" class=\"screen-reader-text\">\n\t\t\t<\/span>\n<\/li>\n<li class=\"product type-product post-14674 status-publish first instock product_cat-all-books product_cat-film-and-video product_cat-installation-art product_cat-on-art product_cat-painting has-post-thumbnail taxable shipping-taxable purchasable product-type-simple\">\n\t<a href=\"https:\/\/dcv-books.com\/en\/produkt\/art-in-a-conflicted-world\/\" class=\"woocommerce-LoopProduct-link woocommerce-loop-product__link\"><div class=\"image-wrapper\"><img decoding=\"async\" width=\"500\" height=\"625\" src=\"https:\/\/dcv-books.com\/wp-content\/uploads\/2021\/03\/ArtinconflictedWorld_Cover.jpg\" class=\"attachment-woocommerce_thumbnail size-woocommerce_thumbnail\" alt=\"art in a conflicted world\" \/><\/div><h2 class=\"woocommerce-loop-product__title\">Art in a Conflicted World<\/h2>  <div class=\"woocommerce-loop-product__description\" itemprop=\"description\">\n    <p><strong>Trans-European Perspectives in the Age of Cultural Fragmentation<\/strong><\/p>\n<p>Since the turn of the millennium, much of the world has become an increasingly unstable and dissonant place. Sharp disruptions define many aspects of our social, cultural, and political relations. <em>Art in a Conflicted World<\/em> addresses this evolving reality, featuring critical positions articulated by visual artists and writers from Ukraine, Russia, and Great Britain\u2014regions embroiled in extraordinary strife and upheaval. The publication takes a frank look at these multifaceted states of social dissonance and reflects them in diverse artistic and literary inquiries and responses. The contributions are the fruits of an interdisciplinary fellowship program at Kulturstiftung Schloss Wiepersdorf that offers the participants an opportunity to gain fresh creative and cultural insights, test ways of engaging with complexity, and develop models for the future that transcend national boundaries.<\/p>\n<p>The publication presents works by Sarah Dobai, Nikita Kadan, Ali Eisa, and Sebastian Lloyd Rees (Lloyd Corporation) as well as writings by Alisa Ganieva and Tanya Zaharchenko.<\/p>\n<p>The project was mentored by Wolfgang Tillmans, Tom McCarthy, Katharina Raabe, and Mark Gisbourne and received funding support from the German Federal Foreign Office.<\/p>\n  <\/div>\n\n\t<span class=\"price\"><span class=\"woocommerce-Price-amount amount\"><bdi>34<span class=\"woocommerce-Price-currencySymbol\">&euro;<\/span><\/bdi><\/span><\/span>\n<\/a><a href=\"\/en\/wp-json\/wp\/v2\/pages\/13187?add-to-cart=14674\" aria-describedby=\"woocommerce_loop_add_to_cart_link_describedby_14674\" data-quantity=\"1\" class=\"button product_type_simple add_to_cart_button ajax_add_to_cart\" data-product_id=\"14674\" data-product_sku=\"\" aria-label=\"Add to cart: &ldquo;Art in a Conflicted World&rdquo;\" rel=\"nofollow\" data-success_message=\"&ldquo;Art in a Conflicted World&rdquo; has been added to your cart\" role=\"button\">Add to cart<\/a>\t<span id=\"woocommerce_loop_add_to_cart_link_describedby_14674\" class=\"screen-reader-text\">\n\t\t\t<\/span>\n<\/li>\n<li class=\"product type-product post-13886 status-publish instock product_cat-all-books product_cat-installation-art product_cat-on-art product_cat-painting product_cat-photography product_cat-sculpture has-post-thumbnail taxable shipping-taxable purchasable product-type-simple\">\n\t<a href=\"https:\/\/dcv-books.com\/en\/produkt\/beyond-the-box-dohmen-collection\/\" class=\"woocommerce-LoopProduct-link woocommerce-loop-product__link\"><div class=\"image-wrapper\"><img decoding=\"async\" width=\"450\" height=\"531\" src=\"https:\/\/dcv-books.com\/wp-content\/uploads\/2021\/01\/9783969120231.jpg\" class=\"attachment-woocommerce_thumbnail size-woocommerce_thumbnail\" alt=\"Dohmen Collection\" \/><\/div><h2 class=\"woocommerce-loop-product__title\">Beyond the Box <br> Dohmen Collection<\/h2>  <div class=\"woocommerce-loop-product__description\" itemprop=\"description\">\n    <p><strong>Breaking the Mold of Convention<\/strong><\/p>\n<p>Presenting installations, sculptures, objects, and paintings from Mexico, Cuba, West Africa, Israel, Bulgaria, Russia, South Korea, and Japan, rounded out by extraordinary works from the U.S. and Europe, this selection from the Dohmen Collection features artists from countries that did not typically register on \u201cWestern\u201d art radars until fifteen years ago. It was the seminal <em>documenta 11<\/em> (2002), curated by a team led by Okwui Enwezor, that ushered in a departure from the contemporary art world\u2019s entrenched geopolitical ideas. This book showcases a treasure that has long been ahead of its time yet did not attract public attention: the private collection of Werner Dohmen, a physician in Aachen. It includes works by Mariana Castillo Deball, Wim Delvoye, Jimmie Durham, Diango Hern\u00e1ndez, Rodney McMillian, Pavel Pepperstein, Nora Turato, Haegue Yang, and other artists who continue to provoke audiences, ask probing questions, and prompt fresh thinking.<\/p>\n<p>Dr. med. Werner Dohmen has been head of the board of Neuer Aachener Kunstverein since 1988. In addition to building his own collection, he has been a committed supporter of the intercultural project <em>No es arte<\/em>, which advocates for the return of goldwork of the pre-Colombian Tairona people that was stolen from sacred sites during the colonial conquest of South America.<\/p>\n  <\/div>\n\n\t<span class=\"price\"><span class=\"woocommerce-Price-amount amount\"><bdi>30<span class=\"woocommerce-Price-currencySymbol\">&euro;<\/span><\/bdi><\/span><\/span>\n<\/a><a href=\"\/en\/wp-json\/wp\/v2\/pages\/13187?add-to-cart=13886\" aria-describedby=\"woocommerce_loop_add_to_cart_link_describedby_13886\" data-quantity=\"1\" class=\"button product_type_simple add_to_cart_button ajax_add_to_cart\" data-product_id=\"13886\" data-product_sku=\"\" aria-label=\"Add to cart: &ldquo;Beyond the Box - Dohmen Collection&rdquo;\" rel=\"nofollow\" data-success_message=\"&ldquo;Beyond the Box -&lt;br&gt; Dohmen Collection&rdquo; has been added to your cart\" role=\"button\">Add to cart<\/a>\t<span id=\"woocommerce_loop_add_to_cart_link_describedby_13886\" class=\"screen-reader-text\">\n\t\t\t<\/span>\n<\/li>\n<li class=\"product type-product post-14584 status-publish instock product_cat-all-books product_cat-film-and-video product_cat-installation-art has-post-thumbnail taxable shipping-taxable product-type-simple\">\n\t<a href=\"https:\/\/dcv-books.com\/en\/produkt\/yael-bartana-the-book-of-malka-germania\/\" class=\"woocommerce-LoopProduct-link woocommerce-loop-product__link\"><div class=\"image-wrapper\"><img decoding=\"async\" width=\"501\" height=\"714\" src=\"https:\/\/dcv-books.com\/wp-content\/uploads\/2021\/03\/cover-YAEL-5-2-1.jpg\" class=\"attachment-woocommerce_thumbnail size-woocommerce_thumbnail\" alt=\"YAEL BARTANA -&lt;br&gt; THE BOOK OF MALKA GERMANIA\" \/><\/div><h2 class=\"woocommerce-loop-product__title\">YAEL BARTANA <br> THE BOOK OF MALKA GERMANIA<\/h2>  <div class=\"woocommerce-loop-product__description\" itemprop=\"description\">\n    <p><strong>She Is Hope. She Is the Leader. She Is the Messiah. She Is History. She Is Fake.<\/strong><\/p>\n<p>The video artist Yael Bartana (b. Kfar Yehezkel, Israel, 1970; lives and works in Amsterdam and Berlin) makes work that explores the visual language of identity and the politics of commemoration. The critical scrutiny of collective expectations of political or religious salvation is a central concern in her art. In the video installation <em>Malka Germania\u2014<\/em>Hebrew for \u201cQueen Germany\u201d\u2014Bartana creates alternative realities from the German-Jewish past and present that bring scenes of the collective unconscious to light. The publication follows the epiphany of Malka Germania, a female redeemer figure, in five chapters whose layout is modeled on that of the Talmud, the central text in Rabbinical Judaism. This organization reflects the polyphonic complexity, rich nuance, and ambivalence that the work casts into visuals and underscores that there is no simple answer. The book includes an interview with the artist and contributions by Sami Berdugo, Christina von Braun, Michael Brenner, Max Czollek, and others. It is published on occasion of the exhibition <em>Yael Bartana\u2014Redemption Now<\/em> at the Jewish Museum Berlin.<\/p>\n<p>Yael Bartana studied at the Bezalel Academy of Arts and Design, Jerusalem, the School of Visual Arts, New York, and the Rijksakademie van beeldende kunsten, Amsterdam. Her work is held by collections all over the world and has been presented in solo exhibitions at venues including the Stedelijk Museum, Amsterdam, the P\u00e9rez Art Museum Miami, and the Moderna Museet, Malm\u00f6.<\/p>\n<p>Click <a href=\"https:\/\/dcv-books.com\/produkt\/yael-bartana-redemption-now-das-buch-der-malka-germania\/\">here<\/a> for the German edition.<\/p>\n  <\/div>\n\n<\/a><a href=\"https:\/\/dcv-books.com\/en\/produkt\/yael-bartana-the-book-of-malka-germania\/\" aria-describedby=\"woocommerce_loop_add_to_cart_link_describedby_14584\" data-quantity=\"1\" class=\"button product_type_simple\" data-product_id=\"14584\" data-product_sku=\"\" aria-label=\"Read more about &ldquo;YAEL BARTANA - THE BOOK OF MALKA GERMANIA&rdquo;\" rel=\"nofollow\" data-success_message=\"\">Read more<\/a>\t<span id=\"woocommerce_loop_add_to_cart_link_describedby_14584\" class=\"screen-reader-text\">\n\t\t\t<\/span>\n<\/li>\n<li class=\"product type-product post-13876 status-publish last instock product_cat-all-books product_cat-film-and-video product_cat-installation-art product_cat-performance-art has-post-thumbnail taxable shipping-taxable purchasable product-type-simple\">\n\t<a href=\"https:\/\/dcv-books.com\/en\/produkt\/soma-luisa-eugeni-mattia-bonafini\/\" class=\"woocommerce-LoopProduct-link woocommerce-loop-product__link\"><div class=\"image-wrapper\"><img decoding=\"async\" width=\"750\" height=\"929\" src=\"https:\/\/dcv-books.com\/wp-content\/uploads\/2020\/10\/SOMA.jpg\" class=\"attachment-woocommerce_thumbnail size-woocommerce_thumbnail\" alt=\"SineUmbra\" \/><\/div><h2 class=\"woocommerce-loop-product__title\">SOMA <br> Collective SineUmbra<\/h2>  <div class=\"woocommerce-loop-product__description\" itemprop=\"description\">\n    <p><strong>On the Disappearance of Italian Culture<\/strong><\/p>\n<p>Under the collective label SineUmbra, the artists Luisa Eugeni (b. Assisi, Italy, 1987; lives and works in Berlin) and Mattia Bonafini (b. Legnago, Italy, 1980; lives and works in Bremen) develop interdisciplinary projects that they realize as sprawling multimedia installations comprising video projections, sound, and performative elements. The point of departure for their project <em>SOMA<\/em> was Pier Paolo Pasolini\u2019s 1975 essay <em>Disappearance of the Fireflies<\/em>, which probes the wrenching transformation that Italian society and the country\u2019s very landscapes have undergone since the 1960s. <em>SOMA\u00a0<\/em>melds performance art, the visitors\u2019 movements, geography, and psychology in a space of experience that speaks to all senses for an exploration of the impact that traumata inflicted on individuals and communities by natural disasters and social changes have on the human soul and perceptual capacities. In keeping with the artists\u2019 collective and dynamic creative vision, the catalogue embeds the multimedia installation in a context fleshed out by rich photographic documentation and numerous texts.<\/p>\n<p>On occasion of the master class graduate exhibition at the Bremen University of the Arts in 2019, the two artists were awarded the renowned Karin Hollweg Prize for Fine Art. The publication accompanies their first solo show at Kunsthalle Bremen.<\/p>\n  <\/div>\n\n\t<span class=\"price\"><span class=\"woocommerce-Price-amount amount\"><bdi>18<span class=\"woocommerce-Price-currencySymbol\">&euro;<\/span><\/bdi><\/span><\/span>\n<\/a><a href=\"\/en\/wp-json\/wp\/v2\/pages\/13187?add-to-cart=13876\" aria-describedby=\"woocommerce_loop_add_to_cart_link_describedby_13876\" data-quantity=\"1\" class=\"button product_type_simple add_to_cart_button ajax_add_to_cart\" data-product_id=\"13876\" data-product_sku=\"\" aria-label=\"Add to cart: &ldquo;SOMA - Collective SineUmbra&rdquo;\" rel=\"nofollow\" data-success_message=\"&ldquo;SOMA -&lt;br&gt; Collective SineUmbra&rdquo; has been added to your cart\" role=\"button\">Add to cart<\/a>\t<span id=\"woocommerce_loop_add_to_cart_link_describedby_13876\" class=\"screen-reader-text\">\n\t\t\t<\/span>\n<\/li>\n<li class=\"product type-product post-13843 status-publish first instock product_cat-all-books product_cat-installation-art product_cat-photography product_cat-sculpture has-post-thumbnail taxable shipping-taxable purchasable product-type-simple\">\n\t<a href=\"https:\/\/dcv-books.com\/en\/produkt\/beate-passow-monkey-business\/\" class=\"woocommerce-LoopProduct-link woocommerce-loop-product__link\"><div class=\"image-wrapper\"><img decoding=\"async\" width=\"1000\" height=\"1326\" src=\"https:\/\/dcv-books.com\/wp-content\/uploads\/2020\/10\/Beate_Passow_Cover.jpg\" class=\"attachment-woocommerce_thumbnail size-woocommerce_thumbnail\" alt=\"Beate Passow\" \/><\/div><h2 class=\"woocommerce-loop-product__title\">Beate Passow <br> Monkey Business<\/h2>  <div class=\"woocommerce-loop-product__description\" itemprop=\"description\">\n    <p><strong>Drawing on the Past to Build a Better Future<\/strong><\/p>\n<p>Beate Passow (b. Stadtoldendorf, Germany, 1945; lives and works in Munich) creates installations, photodocumentaries, and collages that seek to salvage her subjects from oblivion, though as she sees it, her art is an effort to come to terms not so much with the past as with the present. When her compositional inventions touch on painful memories, their objective is not to arrive at new insights. Rather, she aims to uncover visible and verifiable states of affairs and throw them into sharp relief.\u00a0In her cycle of pictures <em>Monkey Business<\/em>, the artist unfolds a mysterious fairy-tale world with a political edge. Strange animals and mythical figures populate the large-format black-and-white tableaux, which a closer look reveals to be woven tapestries. The unusual protagonists roam readily identifiable locations: Gibraltar, New York\u2019s Wall Street, Brussels, or the island of Lampedusa. Behind these ostensibly simple facts of geography loom the darker aspects of contemporary European politics: Passow\u2019s work calls for a debate on the systems, economic structures, and political movements that rule the continent.<\/p>\n  <\/div>\n\n\t<span class=\"price\"><span class=\"woocommerce-Price-amount amount\"><bdi>24<span class=\"woocommerce-Price-currencySymbol\">&euro;<\/span><\/bdi><\/span><\/span>\n<\/a><a href=\"\/en\/wp-json\/wp\/v2\/pages\/13187?add-to-cart=13843\" aria-describedby=\"woocommerce_loop_add_to_cart_link_describedby_13843\" data-quantity=\"1\" class=\"button product_type_simple add_to_cart_button ajax_add_to_cart\" data-product_id=\"13843\" data-product_sku=\"\" aria-label=\"Add to cart: &ldquo;Beate Passow - Monkey Business&rdquo;\" rel=\"nofollow\" data-success_message=\"&ldquo;Beate Passow -&lt;br&gt; Monkey Business&rdquo; has been added to your cart\" role=\"button\">Add to cart<\/a>\t<span id=\"woocommerce_loop_add_to_cart_link_describedby_13843\" class=\"screen-reader-text\">\n\t\t\t<\/span>\n<\/li>\n<li class=\"product type-product post-13829 status-publish instock product_cat-all-books product_cat-installation-art product_cat-sculpture has-post-thumbnail taxable shipping-taxable purchasable product-type-simple\">\n\t<a href=\"https:\/\/dcv-books.com\/en\/produkt\/jenny-michel-doors-windows-and-cells\/\" class=\"woocommerce-LoopProduct-link woocommerce-loop-product__link\"><div class=\"image-wrapper\"><img decoding=\"async\" width=\"1024\" height=\"1370\" src=\"https:\/\/dcv-books.com\/wp-content\/uploads\/2020\/10\/Bildschirmfoto-2020-10-26-um-18.03.01-1024x1370.jpg\" class=\"attachment-woocommerce_thumbnail size-woocommerce_thumbnail\" alt=\"Jenny Michel\" \/><\/div><h2 class=\"woocommerce-loop-product__title\">Jenny Michel <br> Doors, Windows and Cells<\/h2>  <div class=\"woocommerce-loop-product__description\" itemprop=\"description\">\n    <p><strong>The Detritus of Our Society<\/strong><\/p>\n<p>For around two decades, the artist Jenny Michel (b. Worms, 1975; lives and works in Berlin) has devoted herself to minute particles such as dust, cobwebs, and electromagnetic fields in space. Her fascination with orders of knowledge, symbolism, and utopian visions is reflected by installations, drawings, prints, and sculptures that she exhibits in carefully composed sprawling ensembles. Aggregating fantastic fragments of the world manufactured from paper, adhesive tape, staples, and other industrially made small parts, Michel builds disconcertingly dense structures\u2014human knowledge is transformed into the debris of civilization, its legibility lost beneath palimpsestic layers of meanings and resignifications. The extensive monograph surveys major series in the artist\u2019s oeuvre and presents new works on paper.<\/p>\n<p>Jenny Michel studied at Kunsthochschule Kassel and the Academy of Fine Arts Vienna. Her work has been on view at Museum Wiesbaden, the Draiflessen Collection, the Schirn Kunsthalle, Frankfurt, and Berlinische Galerie, among other venues. In 2010, Michel was honored with the HAP Grieshaber Prize.<\/p>\n  <\/div>\n\n\t<span class=\"price\"><span class=\"woocommerce-Price-amount amount\"><bdi>38<span class=\"woocommerce-Price-currencySymbol\">&euro;<\/span><\/bdi><\/span><\/span>\n<\/a><a href=\"\/en\/wp-json\/wp\/v2\/pages\/13187?add-to-cart=13829\" aria-describedby=\"woocommerce_loop_add_to_cart_link_describedby_13829\" data-quantity=\"1\" class=\"button product_type_simple add_to_cart_button ajax_add_to_cart\" data-product_id=\"13829\" data-product_sku=\"\" aria-label=\"Add to cart: &ldquo;Jenny Michel - Doors, Windows and Cells&rdquo;\" rel=\"nofollow\" data-success_message=\"&ldquo;Jenny Michel -&lt;br&gt; Doors, Windows and Cells&rdquo; has been added to your cart\" role=\"button\">Add to cart<\/a>\t<span id=\"woocommerce_loop_add_to_cart_link_describedby_13829\" class=\"screen-reader-text\">\n\t\t\t<\/span>\n<\/li>\n<li class=\"product type-product post-13836 status-publish instock product_cat-all-books product_cat-installation-art product_cat-painting has-post-thumbnail taxable shipping-taxable purchasable product-type-simple\">\n\t<a href=\"https:\/\/dcv-books.com\/en\/produkt\/margret-eicher-lob-der-malkunst\/\" class=\"woocommerce-LoopProduct-link woocommerce-loop-product__link\"><div class=\"image-wrapper\"><img decoding=\"async\" width=\"1024\" height=\"1523\" src=\"https:\/\/dcv-books.com\/wp-content\/uploads\/2020\/10\/Margret_Eicher_Cover-1024x1523.jpg\" class=\"attachment-woocommerce_thumbnail size-woocommerce_thumbnail\" alt=\"Margret Eicher\" \/><\/div><h2 class=\"woocommerce-loop-product__title\">Margret Eicher <br> Lob der Malkunst<\/h2>  <div class=\"woocommerce-loop-product__description\" itemprop=\"description\">\n    <p><strong>Contemporary Visual Communication in a Historic Weaving Technique<\/strong><\/p>\n<p>Margret Eicher\u2019s (b. Viersen, Germany, 1955; lives and works in Berlin) large-format tapestries combine the baroque form of the woven picture with familiar motifs excerpted from contemporary media images. She digitizes her sources and then assembles them in painstaking editing work on the computer. The resulting \u2018media tapestries\u2019 occupy the interface between the traditional work of art as a physical object and the electronic noise of the digital realm: two worlds that at first glance would seem to be incompatible yet find themselves in harmonious union in Eicher\u2019s art. In <em>G\u00f6ttliche Liebe<\/em> (Divine Love), for example, Caravaggio\u2019s <em>Crowning with Thorns<\/em> meets a kissing gay couple from a pro-tolerance campaign in Berlin, while Botticelli\u2019s <em>Birth of Venus<\/em> is sampled together with a subway station in Frankfurt. In conceptual art production, the creative idea is central and its realization becomes secondary; in a final twist, <em>Lob der Malkunst<\/em> (Praise of Painting) elects this practice as its artistic lodestar. Eicher installs the painter Martin Kippenberger in the interior of Berlin\u2019s <em>Paris Bar<\/em>, where he poses as a dandy and presides over a clash between the different tendencies in the art of the twentieth and twenty-first centuries.<\/p>\n  <\/div>\n\n\t<span class=\"price\"><span class=\"woocommerce-Price-amount amount\"><bdi>38<span class=\"woocommerce-Price-currencySymbol\">&euro;<\/span><\/bdi><\/span><\/span>\n<\/a><a href=\"\/en\/wp-json\/wp\/v2\/pages\/13187?add-to-cart=13836\" aria-describedby=\"woocommerce_loop_add_to_cart_link_describedby_13836\" data-quantity=\"1\" class=\"button product_type_simple add_to_cart_button ajax_add_to_cart\" data-product_id=\"13836\" data-product_sku=\"\" aria-label=\"Add to cart: &ldquo;Margret Eicher - Lob der Malkunst&rdquo;\" rel=\"nofollow\" data-success_message=\"&ldquo;Margret Eicher -&lt;br&gt; Lob der Malkunst&rdquo; has been added to your cart\" role=\"button\">Add to cart<\/a>\t<span id=\"woocommerce_loop_add_to_cart_link_describedby_13836\" class=\"screen-reader-text\">\n\t\t\t<\/span>\n<\/li>\n<li class=\"product type-product post-13851 status-publish last outofstock product_cat-all-books product_cat-architecture product_cat-installation-art product_cat-sculpture has-post-thumbnail taxable shipping-taxable purchasable product-type-simple\">\n\t<a href=\"https:\/\/dcv-books.com\/en\/produkt\/karsten-foedinger-toward-a-radical-sculpture\/\" class=\"woocommerce-LoopProduct-link woocommerce-loop-product__link\"><div class=\"image-wrapper\"><img decoding=\"async\" width=\"1000\" height=\"1431\" src=\"https:\/\/dcv-books.com\/wp-content\/uploads\/2020\/10\/Karsten_Foedinger_Cover.jpg\" class=\"attachment-woocommerce_thumbnail size-woocommerce_thumbnail\" alt=\"Karsten F\u00f6dinger\" \/><\/div><h2 class=\"woocommerce-loop-product__title\">Karsten F\u00f6dinger <br>Toward a Radical Sculpture<\/h2>  <div class=\"woocommerce-loop-product__description\" itemprop=\"description\">\n    <p><strong>Harnessing the Formative Power of Gravity<\/strong><\/p>\n<p>Typically made of basic construction materials, the works of Karsten F\u00f6dinger (b. M\u00f6nchengladbach, Germany, 1978; lives and works in Berlin) bridge the divide between architecture and sculpture. Ideas relating to the durability and load-bearing capacity of structures are a key interest in his creative process. Besides large sculptures destined for interior settings, F\u00f6dinger makes striking sculptural interventions in public spaces that take inspiration from the specific site and always engage with its historical and cultural context. Untainted by romanticism, his sculptures symbolize the approach to a foreseeable end that is hastened by the uncontrolled exploitation of the earth\u2019s resources. With numerous illustrations and essays, this first extensive monograph on the artist presents a comprehensive survey of his sizable oeuvre.<\/p>\n<p>F\u00f6dinger\u2019s works have been presented in numerous solo exhibitions, including at Antenna Space, Shanghai, and the Palais de Tokyo, Paris. In 2012, he was awarded the Baloise Art Prize at Art Basel Statements.<\/p>\n  <\/div>\n\n\t<span class=\"price\"><span class=\"woocommerce-Price-amount amount\"><bdi>42<span class=\"woocommerce-Price-currencySymbol\">&euro;<\/span><\/bdi><\/span><\/span>\n<\/a><a href=\"https:\/\/dcv-books.com\/en\/produkt\/karsten-foedinger-toward-a-radical-sculpture\/\" aria-describedby=\"woocommerce_loop_add_to_cart_link_describedby_13851\" data-quantity=\"1\" class=\"button product_type_simple\" data-product_id=\"13851\" data-product_sku=\"\" aria-label=\"Read more about &ldquo;Karsten F\u00f6dinger -Toward a Radical Sculpture&rdquo;\" rel=\"nofollow\" data-success_message=\"\">Read more<\/a>\t<span id=\"woocommerce_loop_add_to_cart_link_describedby_13851\" class=\"screen-reader-text\">\n\t\t\t<\/span>\n<\/li>\n<li class=\"product type-product post-12672 status-publish first instock product_cat-all-books product_cat-installation-art product_cat-painting product_cat-photography has-post-thumbnail taxable shipping-taxable purchasable product-type-simple\">\n\t<a href=\"https:\/\/dcv-books.com\/en\/produkt\/en-emil-nolde-a-critical-approach-by-mischa-kuball\/\" class=\"woocommerce-LoopProduct-link woocommerce-loop-product__link\"><div class=\"image-wrapper\"><img decoding=\"async\" width=\"2048\" height=\"2446\" src=\"https:\/\/dcv-books.com\/wp-content\/uploads\/2020\/05\/KuballNolde_Cover-2048x2446.jpg\" class=\"attachment-woocommerce_thumbnail size-woocommerce_thumbnail\" alt=\"Emil Nolde \" \/><\/div><h2 class=\"woocommerce-loop-product__title\">Emil Nolde <br> A Critical Approach by Mischa Kuball<\/h2>  <div class=\"woocommerce-loop-product__description\" itemprop=\"description\">\n    <p class=\"introzeile-buecher\">What is Visible and What is Not<\/p>\n<p>Mischa Kuball (b. 1959, D\u00fcsseldorf; lives and works in D\u00fcsseldorf) investigates public and institutional spaces and the social and political discourses that shape them. At the invitation of the Draiflessen Collection and with support from the Nolde Stiftung, the conceptual artist grappled with the life and oeuvre of the painter Emil Nolde (1867\u20131956) and created a body of work titled Nolde\/critique\/Kuball. In piece after piece, Kuball drains Nolde\u2019s works of the colors that made the Expressionist famous, challenging the beholder\u2019s preconceptions and examining perception and its constituent processes. Laid out in black and white, the book accordingly directs our attention not only to what a picture shows, but also to how structures and organizing principles emerge into view.<\/p>\n<p>Mischa Kuball has been professor of public art at the Kunsthochschule f\u00fcr Medien K\u00f6ln, and associate professor of media art at the Staatliche Hochschule f\u00fcr Gestaltung\/ZKM Karlsruhe since 2007.<\/p>\n<p><strong>Note:<\/strong> This publication is released in German, English and Dutch. When ordering, please let us know which edition you would like to receive. Use the annotation box on the checkout page.<\/p>\n  <\/div>\n\n\t<span class=\"price\"><span class=\"woocommerce-Price-amount amount\"><bdi>40<span class=\"woocommerce-Price-currencySymbol\">&euro;<\/span><\/bdi><\/span><\/span>\n<\/a><a href=\"\/en\/wp-json\/wp\/v2\/pages\/13187?add-to-cart=12672\" aria-describedby=\"woocommerce_loop_add_to_cart_link_describedby_12672\" data-quantity=\"1\" class=\"button product_type_simple add_to_cart_button ajax_add_to_cart\" data-product_id=\"12672\" data-product_sku=\"\" aria-label=\"Add to cart: &ldquo;Emil Nolde - A Critical Approach by Mischa Kuball&rdquo;\" rel=\"nofollow\" data-success_message=\"&ldquo;Emil Nolde -&lt;br&gt; A Critical Approach by Mischa Kuball&rdquo; has been added to your cart\" role=\"button\">Add to cart<\/a>\t<span id=\"woocommerce_loop_add_to_cart_link_describedby_12672\" class=\"screen-reader-text\">\n\t\t\t<\/span>\n<\/li>\n<li class=\"product type-product post-13799 status-publish instock product_cat-all-books product_cat-fashion product_cat-film-and-video product_cat-installation-art product_cat-on-art product_cat-painting product_cat-photography product_cat-sculpture has-post-thumbnail taxable shipping-taxable purchasable product-type-simple\">\n\t<a href=\"https:\/\/dcv-books.com\/en\/produkt\/6-u-l-en\/\" class=\"woocommerce-LoopProduct-link woocommerce-loop-product__link\"><div class=\"image-wrapper\"><img decoding=\"async\" width=\"1024\" height=\"1450\" src=\"https:\/\/dcv-books.com\/wp-content\/uploads\/2020\/10\/6UL-Cover-1024x1450.jpg\" class=\"attachment-woocommerce_thumbnail size-woocommerce_thumbnail\" alt=\"6 u l \" \/><\/div><h2 class=\"woocommerce-loop-product__title\">6 U L <br> Lust and Desire in Art and Design<\/h2>  <div class=\"woocommerce-loop-product__description\" itemprop=\"description\">\n    <p><strong>\u201cWhose Jizz is this?\u201d<\/strong> <em>Sechs<\/em>-u-ell: to make sense of the publication title, trust your college German and your phonetic ear. \u201cSexual,\u201d here, comprises the entire broad spectrum of what we associate with carnal pleasure. Lust, desire, ecstasy, repression, obsession\u2014the world of art, fashion, and design abounds with specimens of eroticism and sexuality in their infinite variety, shopworn stereotypes be damned. Looking back on the thorough revision of society\u2019s ideas about sexuality in the past three decades, the book inquires into how the works of visual artists, fashion creatives, and designers reflect today\u2019s public debates over biological and social gender roles, power structures, and sexual violence or the fading of taboos over sexual practices. With works and designs by Walter Van Beirendonck, Monica Bonvicini, Tracey Emin, Hans-Peter Feldmann, J\u00fcrgen Klauke, Peaches, Cindy Sherman, Kara Walker, Vivienne Westwood, and many more. This book documents a grand exhibition scheduled for the past summer at the GRASSI Museum of Applied Arts, Leipzig, which had to be canceled due to the Covid-19 pandemic.<\/p>\n  <\/div>\n\n\t<span class=\"price\"><span class=\"woocommerce-Price-amount amount\"><bdi>28<span class=\"woocommerce-Price-currencySymbol\">&euro;<\/span><\/bdi><\/span><\/span>\n<\/a><a href=\"\/en\/wp-json\/wp\/v2\/pages\/13187?add-to-cart=13799\" aria-describedby=\"woocommerce_loop_add_to_cart_link_describedby_13799\" data-quantity=\"1\" class=\"button product_type_simple add_to_cart_button ajax_add_to_cart\" data-product_id=\"13799\" data-product_sku=\"\" aria-label=\"Add to cart: &ldquo;6 U L - Lust and Desire in Art and Design&rdquo;\" rel=\"nofollow\" data-success_message=\"&ldquo;6 U L -&lt;br&gt; Lust and Desire in Art and Design&rdquo; has been added to your cart\" role=\"button\">Add to cart<\/a>\t<span id=\"woocommerce_loop_add_to_cart_link_describedby_13799\" class=\"screen-reader-text\">\n\t\t\t<\/span>\n<\/li>\n<li class=\"product type-product post-13681 status-publish instock product_cat-all-books product_cat-installation-art product_cat-on-art product_cat-painting product_cat-photography product_cat-sculpture has-post-thumbnail taxable shipping-taxable purchasable product-type-simple\">\n\t<a href=\"https:\/\/dcv-books.com\/en\/produkt\/museum-brot-und-kunst-forum-welternaehrung\/\" class=\"woocommerce-LoopProduct-link woocommerce-loop-product__link\"><div class=\"image-wrapper\"><img decoding=\"async\" width=\"602\" height=\"813\" src=\"https:\/\/dcv-books.com\/wp-content\/uploads\/2020\/09\/COVER.jpg\" class=\"attachment-woocommerce_thumbnail size-woocommerce_thumbnail\" alt=\"Museum Brot und Kunst\" \/><\/div><h2 class=\"woocommerce-loop-product__title\">Museum Brot und Kunst <br> Forum Weltern\u00e4hrung<\/h2>  <div class=\"woocommerce-loop-product__description\" itemprop=\"description\">\n    <p><strong>Food, Art, and Consumption<\/strong><\/p>\n<p>The craving for food and the desire to avoid being hungry have been among humanity\u2019s central concerns for millennia. Economic activity, science, politics, culture\u2014our basic need for sustenance informs and influences every domain of our lives. The catalogue accompanying the permanent exhibition at the Museum Brot und Kunst\u2014Forum Weltern\u00e4hrung sheds light on nineteen thematic foci around the significance of bread as the quintessential food. Founded in 1955, the Museum of Bread and Art was the first institution of its kind in the world dedicated to this subject; its collection comprises a large number of artifacts from across several centuries that speak to the histories of culture, society, and technology. The generously illustrated publication presents a panorama of the wide field of human nourishment in dialogue with art, helping the reader grasp the complexities of the world in which we live.<\/p>\n<p>With works by Ernst Barlach, Bernhard Johannes Blume, Pieter Brueghel, Marc Chagall, Salvador Dal\u00ed, Simone Demandt, Agnes Denes, Frans Francken, Georg Flegel, Erich Heckel, Christian Jankowski, Markus L\u00fcpertz, Gerhard Marcks, Max Pechstein, Pablo Picasso, Claire Pentecost, Thomas Rentmeister, Daniel Spoerri, Andy Warhol and others.<\/p>\n<p>The book was included in the shortlist of the competition &#8220;Sch\u00f6nste Deutsche B\u00fccher 2021&#8221;.<\/p>\n  <\/div>\n\n\t<span class=\"price\"><span class=\"woocommerce-Price-amount amount\"><bdi>24<span class=\"woocommerce-Price-currencySymbol\">&euro;<\/span><\/bdi><\/span><\/span>\n<\/a><a href=\"\/en\/wp-json\/wp\/v2\/pages\/13187?add-to-cart=13681\" aria-describedby=\"woocommerce_loop_add_to_cart_link_describedby_13681\" data-quantity=\"1\" class=\"button product_type_simple add_to_cart_button ajax_add_to_cart\" data-product_id=\"13681\" data-product_sku=\"\" aria-label=\"Add to cart: &ldquo;Museum Brot und Kunst - Forum Weltern\u00e4hrung&rdquo;\" rel=\"nofollow\" data-success_message=\"&ldquo;Museum Brot und Kunst -&lt;br&gt; Forum Weltern\u00e4hrung&rdquo; has been added to your cart\" role=\"button\">Add to cart<\/a>\t<span id=\"woocommerce_loop_add_to_cart_link_describedby_13681\" class=\"screen-reader-text\">\n\t\t\t<\/span>\n<\/li>\n<li class=\"product type-product post-13603 status-publish last instock product_cat-all-books product_cat-installation-art product_cat-sculpture has-post-thumbnail taxable shipping-taxable purchasable product-type-simple\">\n\t<a href=\"https:\/\/dcv-books.com\/en\/produkt\/born-in-the-woods-jems-koko-bi-hap-grieshaber\/\" class=\"woocommerce-LoopProduct-link woocommerce-loop-product__link\"><div class=\"image-wrapper\"><img decoding=\"async\" width=\"1024\" height=\"1408\" src=\"https:\/\/dcv-books.com\/wp-content\/uploads\/2020\/08\/200x275_Im_Wald_RZ_Cover_Web-1024x1408.jpg\" class=\"attachment-woocommerce_thumbnail size-woocommerce_thumbnail\" alt=\"Jems Koko Bi\" \/><\/div><h2 class=\"woocommerce-loop-product__title\">Born in the Woods <br> Jems Koko Bi &#038; HAP Grieshaber<\/h2>  <div class=\"woocommerce-loop-product__description\" itemprop=\"description\">\n    <p><strong>The Political Substance of Wood<\/strong><\/p>\n<p>Jems Koko Bi (b. Sinfra, C\u00f4te d\u2019Ivoire, 1966; lives and works in Kaarst, Germany, Dakar, and Abidjan) is world-renowned for the monumental wood sculptures he creates using a machine saw. This book juxtaposes his most recent body of works with the large-format woodcuts of HAP Grieshaber (b. Rot an der Rot, Germany, 1909; d. Eningen unter Achalm, 1981). Although the two artists never met, their oeuvres are characterized by similar themes, values, and materials. The central concern is the fate of the forests and its momentous political and social implications: Grieshaber\u2019s woodcuts articulate his principled opposition to the predatory exploitation of nature in the 1970s\u2014an issue that is more relevant than ever today in light of the climate crisis and the Fridays for Future movement. Koko Bi\u2019s figural groups bring this tradition of political art into our time, making a global and universally compelling case for a sustainable husbandry of our resources.<\/p>\n<p>Jems Koko Bi studied at the Institut National Sup\u00e9rieur des Arts et de l\u2019Action Culturelle (INSAAC), Abidjan, and the D\u00fcsseldorf Academy of Fine Arts. His work has been exhibited widely, including at the Centre Pompidou, Paris; at documenta 13; the Havana Biennial; and several Venice Biennials and Dakar Biennials. In 2019, he founded the forest biennial Abidjan Green Arts.<\/p>\n<p>HAP Grieshaber studied advertising art at the Staatliche Kunstgewerbeschule, Stuttgart. His work is regarded as a signal contribution to the renewal of the woodcut medium in the twentieth century. He participated in documentas I, II, and III, held a professorship at the State Academy of Fine Arts Karlsruhe, and was honored with numerous awards and retrospectives.<\/p>\n  <\/div>\n\n\t<span class=\"price\"><span class=\"woocommerce-Price-amount amount\"><bdi>24<span class=\"woocommerce-Price-currencySymbol\">&euro;<\/span><\/bdi><\/span><\/span>\n<\/a><a href=\"\/en\/wp-json\/wp\/v2\/pages\/13187?add-to-cart=13603\" aria-describedby=\"woocommerce_loop_add_to_cart_link_describedby_13603\" data-quantity=\"1\" class=\"button product_type_simple add_to_cart_button ajax_add_to_cart\" data-product_id=\"13603\" data-product_sku=\"\" aria-label=\"Add to cart: &ldquo;Born in the Woods - Jems Koko Bi &amp; HAP Grieshaber&rdquo;\" rel=\"nofollow\" data-success_message=\"&ldquo;Born in the Woods -&lt;br&gt; Jems Koko Bi &amp; HAP Grieshaber&rdquo; has been added to your cart\" role=\"button\">Add to cart<\/a>\t<span id=\"woocommerce_loop_add_to_cart_link_describedby_13603\" class=\"screen-reader-text\">\n\t\t\t<\/span>\n<\/li>\n<li class=\"product type-product post-13602 status-publish first instock product_cat-all-books product_cat-installation-art product_cat-sculpture has-post-thumbnail taxable shipping-taxable product-type-simple\">\n\t<a href=\"https:\/\/dcv-books.com\/en\/produkt\/supernatural-sculptural-visions-of-the-body\/\" class=\"woocommerce-LoopProduct-link woocommerce-loop-product__link\"><div class=\"image-wrapper\"><img decoding=\"async\" width=\"1024\" height=\"1289\" src=\"https:\/\/dcv-books.com\/wp-content\/uploads\/2020\/09\/Supernatural_Cover-1024x1289.jpg\" class=\"attachment-woocommerce_thumbnail size-woocommerce_thumbnail\" alt=\"Supernatural\" \/><\/div><h2 class=\"woocommerce-loop-product__title\">Supernatural <br> Sculptural Visions of the Body<\/h2>  <div class=\"woocommerce-loop-product__description\" itemprop=\"description\">\n    <p><strong>The future of human corporeality in the Anthropocene era<\/strong><\/p>\n<p>Given the technological development in biogenetics, humans will be able to make existential modifications to all living things, Nature, the animal world and human likenesses in future. What will bodies of the future look like? Who or what will we be? <em>Supernatural<\/em> offers us some answers in its hyperrealistic and realistic sculptures. These visionary works not only exemplify the impact of the digital revolution and genetic engineering on \u201cposthumans\u201d and the environment, but also illustrate, including in their own hybrid creations, how increasingly blurred the line between nature and culture is now becoming. Technological innovations are also having more and more effects on trends in the latest hyperrealistic sculptures. In using 3D printing to perfect their creation processes and pushing sculptural boundaries to encompass robotics and synthetic biology, artists are opening the door to new design possibilities in artefact, biology and technology for themselves as well.<\/p>\n<p>The book presents works by Anne Carnein, Isa Genzken, Glaser\/Kunz, Thomas Gr\u00fcnfeld, Sam Jinks, Josh Kline, Kri\u0161tof Kintera, Reiner Maria Matysik, Alex May and Anna Dumitriu, Fabien M\u00e9relle, Patricia Piccinini amongst others.<\/p>\n  <\/div>\n\n<\/a><a href=\"https:\/\/dcv-books.com\/en\/produkt\/supernatural-sculptural-visions-of-the-body\/\" aria-describedby=\"woocommerce_loop_add_to_cart_link_describedby_13602\" data-quantity=\"1\" class=\"button product_type_simple\" data-product_id=\"13602\" data-product_sku=\"\" aria-label=\"Read more about &ldquo;Supernatural - Sculptural Visions of the Body&rdquo;\" rel=\"nofollow\" data-success_message=\"\">Read more<\/a>\t<span id=\"woocommerce_loop_add_to_cart_link_describedby_13602\" class=\"screen-reader-text\">\n\t\t\t<\/span>\n<\/li>\n<li class=\"product type-product post-13715 status-publish instock product_cat-all-books product_cat-installation-art product_cat-painting has-post-thumbnail taxable shipping-taxable purchasable product-type-simple\">\n\t<a href=\"https:\/\/dcv-books.com\/en\/produkt\/julia-steiner-am-saum-des-raumes\/\" class=\"woocommerce-LoopProduct-link woocommerce-loop-product__link\"><div class=\"image-wrapper\"><img decoding=\"async\" width=\"1001\" height=\"1341\" src=\"https:\/\/dcv-books.com\/wp-content\/uploads\/2020\/09\/200720_JuliaSteiner_Cover_RZ_Korr_U11-1.jpg\" class=\"attachment-woocommerce_thumbnail size-woocommerce_thumbnail\" alt=\"Julia Steiner\" \/><\/div><h2 class=\"woocommerce-loop-product__title\">Julia Steiner <br> Am Saum des Raumes<\/h2>  <div class=\"woocommerce-loop-product__description\" itemprop=\"description\">\n    <p><strong>Expansive Worlds<\/strong><\/p>\n<p>The pencil drawings of Julia Steiner (b. B\u00fcren zum Hof, Switzerland, 1982; lives and works in Basel) are monumental in size. And yet they exude an air of delicacy and evanescence, sprawling across the edges of the paper and taking possession of the space around them. Processes frozen in an instant\u2014like wind sweeping through clouds, light piercing the night, or the ground breaking apart\u2014erupt with unexpected vigor. The beholder believes that he has identified a motif, only to lose sight of it a moment later in the abstraction of the painterly drawing. The artist\u2019s oeuvre lays out a cosmos of images that crack and burst into pieces, explode and implode. The present book accompanies Julia Steiner\u2019s first institutional solo exhibition in Germany.<\/p>\n<p>Julia Steiner studied at the Bern University of the Arts (HKB) from 2002 until 2007, with a semester abroad at the Berlin University of the Arts in 2005. In 2018\u201319, she held an interim professorship at the Braunschweig University of Art (HBK), leading the drawing class. Steiner\u2019s work has won her several accolades, including the 2009 Swiss Art Award and the 2017 STRABAG Artaward International (Vienna).<\/p>\n  <\/div>\n\n\t<span class=\"price\"><span class=\"woocommerce-Price-amount amount\"><bdi>24<span class=\"woocommerce-Price-currencySymbol\">&euro;<\/span><\/bdi><\/span><\/span>\n<\/a><a href=\"\/en\/wp-json\/wp\/v2\/pages\/13187?add-to-cart=13715\" aria-describedby=\"woocommerce_loop_add_to_cart_link_describedby_13715\" data-quantity=\"1\" class=\"button product_type_simple add_to_cart_button ajax_add_to_cart\" data-product_id=\"13715\" data-product_sku=\"\" aria-label=\"Add to cart: &ldquo;Julia Steiner - Am Saum des Raumes&rdquo;\" rel=\"nofollow\" data-success_message=\"&ldquo;Julia Steiner -&lt;br&gt; Am Saum des Raumes&rdquo; has been added to your cart\" role=\"button\">Add to cart<\/a>\t<span id=\"woocommerce_loop_add_to_cart_link_describedby_13715\" class=\"screen-reader-text\">\n\t\t\t<\/span>\n<\/li>\n<li class=\"product type-product post-13481 status-publish instock product_cat-all-books product_cat-fashion product_cat-film-and-video product_cat-installation-art product_cat-on-art product_cat-painting product_cat-performance-art product_cat-photography product_cat-sculpture has-post-thumbnail taxable shipping-taxable purchasable product-type-simple\">\n\t<a href=\"https:\/\/dcv-books.com\/en\/produkt\/me-family-portrait-of-a-young-planet\/\" class=\"woocommerce-LoopProduct-link woocommerce-loop-product__link\"><div class=\"image-wrapper\"><img decoding=\"async\" width=\"1000\" height=\"767\" src=\"https:\/\/dcv-books.com\/wp-content\/uploads\/2020\/07\/Me_Family_Cover_small.jpg\" class=\"attachment-woocommerce_thumbnail size-woocommerce_thumbnail\" alt=\"Portrait of a Young Planet\" \/><\/div><h2 class=\"woocommerce-loop-product__title\">Me, Family <br> Portrait of a Young Planet<\/h2>  <div class=\"woocommerce-loop-product__description\" itemprop=\"description\">\n    <p><strong>A Journey Through Many Worlds<\/strong><\/p>\n<p>In these times of great uncertainty, the themes that surface in the works of the thirty-six international artists gathered in <em>Me, Family<\/em> are more relevant than ever. Compiled by Francesco Bonami with a nod to Edward Steichen\u2019s historic exhibition <em>The Family of Man<\/em>, the volume paints a multifaceted portrait of humanity in the early decades of the twenty-first century. The original installation of photographs and excerpts from writers opened at the Museum of Modern Art in New York in 1955 and then went on a seven-year tour of one hundred and fifty museums all over the world. Matching the radicalism of Steichen\u2019s conception, <em>Me, Family<\/em> presents works by contemporary artists who harness a wide range of media and genres to explore the ways in which humans today engage with their manifold coexistent histories and the diverse challenges they confront. Including reproductions of contemporary art as well as representations of social networks, fashions, information technologies, advertising, sound, music, and performances, the book captures a reality that is beautiful, dramatic, and intoxicating by turns. With writings by Roland Barthes, Francesco Bonami, Edward Steichen, and others.<\/p>\n<p>With works by Lawrence Abu Hamdan, Doug Aitken, Sophia Al Maria, Yuri Ancarani, Darren Bader, Lara Baladi, Cao Fei, Cheng Ran, Cl\u00e9ment Cogitore, Istv\u00e1n Cs\u00e1k\u00e1ny, Christian Falsnaes, Harun Farocki, Simon Fujiwara, Rainer Ganahl, Theaster Gates, Jack Goldstein, Andreas Gursky, Thomas Hirschhorn, Hassan Khan, Ga Ram Kim, Olia Lialina, Li Ming, Cristina Lucas, Karolina Markiewicz &amp; Pascal Piron, Eva &amp; Franco Mattes, Shirin Neshat, Philippe Parreno, Mario Pfeifer, Jon Rafman, Cindy Sherman, Marianna Simnett, Rudolf Stingel, Thomas Struth, Wolfgang Tillmans, Jordan Wolfson, Wong Ping, and Akram Zaatari.<\/p>\n  <\/div>\n\n\t<span class=\"price\"><span class=\"woocommerce-Price-amount amount\"><bdi>40<span class=\"woocommerce-Price-currencySymbol\">&euro;<\/span><\/bdi><\/span><\/span>\n<\/a><a href=\"\/en\/wp-json\/wp\/v2\/pages\/13187?add-to-cart=13481\" aria-describedby=\"woocommerce_loop_add_to_cart_link_describedby_13481\" data-quantity=\"1\" class=\"button product_type_simple add_to_cart_button ajax_add_to_cart\" data-product_id=\"13481\" data-product_sku=\"\" aria-label=\"Add to cart: &ldquo;Me, Family - Portrait of a Young Planet&rdquo;\" rel=\"nofollow\" data-success_message=\"&ldquo;Me, Family -&lt;br&gt; Portrait of a Young Planet&rdquo; has been added to your cart\" role=\"button\">Add to cart<\/a>\t<span id=\"woocommerce_loop_add_to_cart_link_describedby_13481\" class=\"screen-reader-text\">\n\t\t\t<\/span>\n<\/li>\n<li class=\"product type-product post-2171 status-publish last instock product_cat-all-books product_cat-architecture product_cat-installation-art product_cat-painting product_cat-sculpture has-post-thumbnail taxable shipping-taxable purchasable product-type-simple\">\n\t<a href=\"https:\/\/dcv-books.com\/en\/produkt\/adrian-schiess-the-song-element\/\" class=\"woocommerce-LoopProduct-link woocommerce-loop-product__link\"><div class=\"image-wrapper\"><img decoding=\"async\" width=\"1024\" height=\"1344\" src=\"https:\/\/dcv-books.com\/wp-content\/uploads\/2020\/03\/Cover_Schiess_framed-e1589724094208-1024x1344.jpg\" class=\"attachment-woocommerce_thumbnail size-woocommerce_thumbnail\" alt=\"Adrian Schiess\" \/><\/div><h2 class=\"woocommerce-loop-product__title\">Adrian Schiess <br>The Song Element<\/h2>  <div class=\"woocommerce-loop-product__description\" itemprop=\"description\">\n    <p class=\"introzeile-buecher\">The Renowned Swiss Artist and His Work in Its Architectural Setting<\/p>\n<p>Smoothly painted panels laid out on the floor have earned Adrian Schiess (b. 1959, Zurich; lives and works in Mouans-Sartoux, France) international renown. His objects, which may be placed in a room as desired, are conceived as platforms of creative engagement with the appearance and disappearance of painting. They have become integral components of buildings by world-famous architects including Norman Foster and Herzog &amp; de Meuron. For this book, Schiess has compiled spectacular series of photographs and extensive conversations that probe the peculiar quality of his work: hybrid and fluctuating and yet always utterly distinctive. It is the first publication to put the focus on this essential aspect of his output, documenting works created between 1993 and 2018.<\/p>\n<p>Adrian Schiess studied at the Kunstgewerbeschule Zu\u0308rich and trained as a graphic designer. His works were on display at the 44th Biennale di Venezia and at documenta IX.<\/p>\n  <\/div>\n\n\t<span class=\"price\"><span class=\"woocommerce-Price-amount amount\"><bdi>68<span class=\"woocommerce-Price-currencySymbol\">&euro;<\/span><\/bdi><\/span><\/span>\n<\/a><a href=\"\/en\/wp-json\/wp\/v2\/pages\/13187?add-to-cart=2171\" aria-describedby=\"woocommerce_loop_add_to_cart_link_describedby_2171\" data-quantity=\"1\" class=\"button product_type_simple add_to_cart_button ajax_add_to_cart\" data-product_id=\"2171\" data-product_sku=\"\" aria-label=\"Add to cart: &ldquo;Adrian Schiess The Song Element&rdquo;\" rel=\"nofollow\" data-success_message=\"&ldquo;Adrian Schiess &lt;br&gt;The Song Element&rdquo; has been added to your cart\" role=\"button\">Add to cart<\/a>\t<span id=\"woocommerce_loop_add_to_cart_link_describedby_2171\" class=\"screen-reader-text\">\n\t\t\t<\/span>\n<\/li>\n<li class=\"product type-product post-12527 status-publish first instock product_cat-all-books product_cat-installation-art product_cat-painting product_tag-gabriele-basch-en has-post-thumbnail taxable shipping-taxable purchasable product-type-simple\">\n\t<a href=\"https:\/\/dcv-books.com\/en\/produkt\/gabriele-basch-gesa-lange-und_news_from_now_here\/\" class=\"woocommerce-LoopProduct-link woocommerce-loop-product__link\"><div class=\"image-wrapper\"><img decoding=\"async\" width=\"1024\" height=\"1261\" src=\"https:\/\/dcv-books.com\/wp-content\/uploads\/2020\/05\/baschLangeCover-1024x1261.png\" class=\"attachment-woocommerce_thumbnail size-woocommerce_thumbnail\" alt=\"GABRIELE BASCH, GESA LANGE -&lt;br&gt; UND_NEWS_FROM_NOW_HERE\" \/><\/div><h2 class=\"woocommerce-loop-product__title\">GABRIELE BASCH, GESA LANGE <br> UND_NEWS_FROM_NOW_HERE<\/h2>  <div class=\"woocommerce-loop-product__description\" itemprop=\"description\">\n    <p class=\"introzeile-buecher\">Beyond Painting<\/p>\n<p>Gabriele Basch\u2019s (b. 1964, Bad Homburg; lives and works in Berlin) cut-outs and Gesa Lange\u2019s (b. 1972, Tongeren, Belgium; lives and works in Hamburg) drawings are meditations on construction and deconstruction as well as doubts and how to overcome them. Both artists expand the range of painting: Basch, with incisions into the medium and a creative handling of the tinged shadows that transform the painted panel into a wall-mounted object; Lange, by embroidering her canvases with colorful threads that open up the pictorial space on all sides. The book presents works by both artists, initiating an animated and dynamic dialogue between their nonrepresentational visual idioms. Gabriele Basch is professor of painting at the Hochschule f\u00fcr Angewandte Wissenschaften Hamburg. Gesa Lange is professor of graphic art at the Hochschule f\u00fcr Angewandte Wissenschaften Hamburg. She has received the Kunsthalle Rostock Prize and other awards.<\/p>\n  <\/div>\n\n\t<span class=\"price\"><span class=\"woocommerce-Price-amount amount\"><bdi>18<span class=\"woocommerce-Price-currencySymbol\">&euro;<\/span><\/bdi><\/span><\/span>\n<\/a><a href=\"\/en\/wp-json\/wp\/v2\/pages\/13187?add-to-cart=12527\" aria-describedby=\"woocommerce_loop_add_to_cart_link_describedby_12527\" data-quantity=\"1\" class=\"button product_type_simple add_to_cart_button ajax_add_to_cart\" data-product_id=\"12527\" data-product_sku=\"\" aria-label=\"Add to cart: &ldquo;GABRIELE BASCH, GESA LANGE - UND_NEWS_FROM_NOW_HERE&rdquo;\" rel=\"nofollow\" data-success_message=\"&ldquo;GABRIELE BASCH, GESA LANGE -&lt;br&gt; UND_NEWS_FROM_NOW_HERE&rdquo; has been added to your cart\" role=\"button\">Add to cart<\/a>\t<span id=\"woocommerce_loop_add_to_cart_link_describedby_12527\" class=\"screen-reader-text\">\n\t\t\t<\/span>\n<\/li>\n<li class=\"product type-product post-11324 status-publish instock product_cat-all-books product_cat-film-and-video product_cat-installation-art product_cat-on-art product_cat-performance-art has-post-thumbnail taxable shipping-taxable purchasable product-type-simple\">\n\t<a href=\"https:\/\/dcv-books.com\/en\/produkt\/juergen-claus-to-the-oceans-with-imagination\/\" class=\"woocommerce-LoopProduct-link woocommerce-loop-product__link\"><div class=\"image-wrapper\"><img decoding=\"async\" width=\"471\" height=\"670\" src=\"https:\/\/dcv-books.com\/wp-content\/uploads\/2020\/04\/Claus_Cover-1.jpg\" class=\"attachment-woocommerce_thumbnail size-woocommerce_thumbnail\" alt=\"J\u00fcrgen Claus\" \/><\/div><h2 class=\"woocommerce-loop-product__title\">J\u00fcrgen Claus <br> To the Oceans with Imagination<\/h2>  <div class=\"woocommerce-loop-product__description\" itemprop=\"description\">\n    <p class=\"introzeile-buecher\">The Sea as a Space of Artistic Experience<\/p>\n<p>J\u00fcrgen Claus\u2019s (b. 1935, Berlin; lives and works in Aachen and Baelen, Belgium) oeuvre encompasses paintings, films, light and solar installations, and underwater art. He is also a prolific writer on art, with theoretical works that have sold over 100,000 copies. \u201cJ\u00fcrgen Claus is the first one to see the ocean through an artist\u2019s rather than a scientist\u2019s lens,\u201d Michel Ragon writes. In this book, Claus intertwines his experiences working on the fascinating underwater installations with a pressing contemporary concern: the global efforts to restore the seas to health. The publication combines visual art, architecture, poetry, and music for a multifaceted engagement with the world\u2019s oceans.<\/p>\n<p>J\u00fcrgen Claus majored in theater studies at the Universit\u00e4t M\u00fcnchen and was a research associate at the Massachusetts Institute of Technology (MIT) and professor of media art at the Kunsthochschule f\u00fcr Medien K\u00f6ln, Cologne.<\/p>\n  <\/div>\n\n\t<span class=\"price\"><span class=\"woocommerce-Price-amount amount\"><bdi>18<span class=\"woocommerce-Price-currencySymbol\">&euro;<\/span><\/bdi><\/span><\/span>\n<\/a><a href=\"\/en\/wp-json\/wp\/v2\/pages\/13187?add-to-cart=11324\" aria-describedby=\"woocommerce_loop_add_to_cart_link_describedby_11324\" data-quantity=\"1\" class=\"button product_type_simple add_to_cart_button ajax_add_to_cart\" data-product_id=\"11324\" data-product_sku=\"\" aria-label=\"Add to cart: &ldquo;J\u00fcrgen Claus - To the Oceans with Imagination&rdquo;\" rel=\"nofollow\" data-success_message=\"&ldquo;J\u00fcrgen Claus -&lt;br&gt; To the Oceans with Imagination&rdquo; has been added to your cart\" role=\"button\">Add to cart<\/a>\t<span id=\"woocommerce_loop_add_to_cart_link_describedby_11324\" class=\"screen-reader-text\">\n\t\t\t<\/span>\n<\/li>\n<li class=\"product type-product post-11536 status-publish instock product_cat-all-books product_cat-installation-art product_cat-painting product_cat-sculpture has-post-thumbnail taxable shipping-taxable purchasable product-type-simple\">\n\t<a href=\"https:\/\/dcv-books.com\/en\/produkt\/irmel-droese-felix-droese-die-fruchtbarkeit-der-polaritaet\/\" class=\"woocommerce-LoopProduct-link woocommerce-loop-product__link\"><div class=\"image-wrapper\"><img decoding=\"async\" width=\"2048\" height=\"2480\" src=\"https:\/\/dcv-books.com\/wp-content\/uploads\/2020\/04\/Droese_Cover-1-2048x2480.png\" class=\"attachment-woocommerce_thumbnail size-woocommerce_thumbnail\" alt=\"Irmel Droese\" \/><\/div><h2 class=\"woocommerce-loop-product__title\">Irmel Droese. Felix Droese <br> Die Fruchtbarkeit der Polarit\u00e4t<\/h2>  <div class=\"woocommerce-loop-product__description\" itemprop=\"description\">\n    <p><strong>A Tribute to the Artist Couple<\/strong><\/p>\n<p>Irmel Droese (b. 1943, Landsberg an der Warthe) and Felix Droese (b. 1950, Singen\/Hohentwiel) first met in 1970, when both were students in Joseph Beuys\u2019s class at the Kunstakademie D\u00fcsseldorf. In a decades-long partnership in life and art, they have built oeuvres that, both each for itself and in dialogue with each other, scrutinize a rapidly changing reality. Irmel Droese creates expressive stage characters, sculptural oil paper figures, and depictions of humans on paper, while Felix Droese\u2019s diverse ensembles and large-format papercuts grapple with money, economic questions, and the rising predominance of commercial considerations. His art gained international renown with his participation in documenta 7 in 1982 and the 43rd Biennale di Venezia in 1988. Designed in close collaboration with the artists, the publication documents their separate and joint oeuvres, drawing attention to societal questions.<\/p>\n  <\/div>\n\n\t<span class=\"price\"><span class=\"woocommerce-Price-amount amount\"><bdi>28<span class=\"woocommerce-Price-currencySymbol\">&euro;<\/span><\/bdi><\/span><\/span>\n<\/a><a href=\"\/en\/wp-json\/wp\/v2\/pages\/13187?add-to-cart=11536\" aria-describedby=\"woocommerce_loop_add_to_cart_link_describedby_11536\" data-quantity=\"1\" class=\"button product_type_simple add_to_cart_button ajax_add_to_cart\" data-product_id=\"11536\" data-product_sku=\"\" aria-label=\"Add to cart: &ldquo;Irmel Droese. Felix Droese - Die Fruchtbarkeit der Polarit\u00e4t&rdquo;\" rel=\"nofollow\" data-success_message=\"&ldquo;Irmel Droese. Felix Droese -&lt;br&gt; Die Fruchtbarkeit der Polarit\u00e4t&rdquo; has been added to your cart\" role=\"button\">Add to cart<\/a>\t<span id=\"woocommerce_loop_add_to_cart_link_describedby_11536\" class=\"screen-reader-text\">\n\t\t\t<\/span>\n<\/li>\n<li class=\"product type-product post-11246 status-publish last instock product_cat-all-books product_cat-installation-art product_cat-painting has-post-thumbnail taxable shipping-taxable purchasable product-type-simple\">\n\t<a href=\"https:\/\/dcv-books.com\/en\/produkt\/auf-erkundung-anne-deuter-und-monika-supe\/\" class=\"woocommerce-LoopProduct-link woocommerce-loop-product__link\"><div class=\"image-wrapper\"><img decoding=\"async\" width=\"1024\" height=\"1189\" src=\"https:\/\/dcv-books.com\/wp-content\/uploads\/2020\/04\/DeuterSupe_cover_framed-e1589724273774-1024x1189.jpg\" class=\"attachment-woocommerce_thumbnail size-woocommerce_thumbnail\" alt=\"Anne Deuter\" \/><\/div><h2 class=\"woocommerce-loop-product__title\">auf Erkundung <br>Anne Deuter und Monika Sup\u00e9<\/h2>  <div class=\"woocommerce-loop-product__description\" itemprop=\"description\">\n    <p class=\"introzeile-buecher\">A Dialogue on Time<\/p>\n<p>The two artists Anne Deuter (b. 1986, Halle; lives and works in Halle) and Monika Sup\u00e9 (b. 1967, Munich; lives and works in Munich) engage in self-exploration to find ways to convey an experience of body, space, and time. Grappling with formalist elements, they devise their compositional practices in graphite and ink and in words and images, respectively. Enhanced by selected works by contemporary poets, the publication opens up new perspectives on what it means to exist in time.<\/p>\n<p>Anne Deuter studied visual art and art history at the Ernst-Moritz-Arndt-Universit\u00e4t Greifswald. She rounded out her education in the book art program at Burg Giebichenstein Kunsthochschule Halle. Monika Sup\u00e9 studied architecture at the Technischen Universit\u00e4t Mu\u0308nchen and completed a doctorate on visual perception training at the Technische Universit\u00e4t Kaiserslautern. Since 1995, she has taught in the design divisions of various universities.<\/p>\n  <\/div>\n\n\t<span class=\"price\"><span class=\"woocommerce-Price-amount amount\"><bdi>25<span class=\"woocommerce-Price-currencySymbol\">&euro;<\/span><\/bdi><\/span><\/span>\n<\/a><a href=\"\/en\/wp-json\/wp\/v2\/pages\/13187?add-to-cart=11246\" aria-describedby=\"woocommerce_loop_add_to_cart_link_describedby_11246\" data-quantity=\"1\" class=\"button product_type_simple add_to_cart_button ajax_add_to_cart\" data-product_id=\"11246\" data-product_sku=\"\" aria-label=\"Add to cart: &ldquo;auf Erkundung Anne Deuter und Monika Sup\u00e9&rdquo;\" rel=\"nofollow\" data-success_message=\"&ldquo;auf Erkundung &lt;br&gt;Anne Deuter und Monika Sup\u00e9&rdquo; has been added to your cart\" role=\"button\">Add to cart<\/a>\t<span id=\"woocommerce_loop_add_to_cart_link_describedby_11246\" class=\"screen-reader-text\">\n\t\t\t<\/span>\n<\/li>\n<li class=\"product type-product post-1925 status-publish first instock product_cat-all-books product_cat-installation-art product_cat-painting product_cat-photography has-post-thumbnail taxable shipping-taxable purchasable product-type-simple\">\n\t<a href=\"https:\/\/dcv-books.com\/en\/produkt\/ute-bartel-mansionaticum\/\" class=\"woocommerce-LoopProduct-link woocommerce-loop-product__link\"><div class=\"image-wrapper\"><img decoding=\"async\" width=\"1024\" height=\"1459\" src=\"https:\/\/dcv-books.com\/wp-content\/uploads\/2019\/12\/UBartel_Cover_framed-e1589640808340-1024x1459.jpg\" class=\"attachment-woocommerce_thumbnail size-woocommerce_thumbnail\" alt=\"Ute Bartel \" \/><\/div><h2 class=\"woocommerce-loop-product__title\">Ute Bartel <br>mansionaticum<\/h2>  <div class=\"woocommerce-loop-product__description\" itemprop=\"description\">\n    <p class=\"introzeile-buecher\">An unreal view of reality<\/p>\n<p>In her works, Ute Bartel (b. 1961, Halle; lives and works in Cologne) deals with everyday circumstances, the \u201cmansionaticum.\u201d A term which at first glance seems epochal, but etymologically simply means \u201cbelonging to the household.\u201d In a concrete confrontation with particular places and situations, she is interested in things in and of themselves, in their formal characteristics, such as their forms, colors, and structures. Using analog and digital techniques, she creates collages, objects, and works that project into the respective space. This generously illustrated monograph presents structures of familiar and yet unknown realities marked by highly pronounced forms and bold colors and provides comprehensive insight into one of the focal points of the artist\u2019s oeuvre.<\/p>\n<p>Ute Bartel studied at the Kunstakademie Mu\u0308nster, where she was a master student of Reiner Ruthenbeck. Her works have been widely exhibited at, among others, the Kunstverein Speyer, the Deichtorhallen Hamburg, and the Westf\u00e4lischer Kunstverein, Mu\u0308nster.<\/p>\n  <\/div>\n\n\t<span class=\"price\"><span class=\"woocommerce-Price-amount amount\"><bdi>25<span class=\"woocommerce-Price-currencySymbol\">&euro;<\/span><\/bdi><\/span><\/span>\n<\/a><a href=\"\/en\/wp-json\/wp\/v2\/pages\/13187?add-to-cart=1925\" aria-describedby=\"woocommerce_loop_add_to_cart_link_describedby_1925\" data-quantity=\"1\" class=\"button product_type_simple add_to_cart_button ajax_add_to_cart\" data-product_id=\"1925\" data-product_sku=\"\" aria-label=\"Add to cart: &ldquo;Ute Bartel mansionaticum&rdquo;\" rel=\"nofollow\" data-success_message=\"&ldquo;Ute Bartel &lt;br&gt;mansionaticum&rdquo; has been added to your cart\" role=\"button\">Add to cart<\/a>\t<span id=\"woocommerce_loop_add_to_cart_link_describedby_1925\" class=\"screen-reader-text\">\n\t\t\t<\/span>\n<\/li>\n<li class=\"product type-product post-2065 status-publish instock product_cat-all-books product_cat-installation-art product_cat-sculpture has-post-thumbnail taxable shipping-taxable purchasable product-type-simple\">\n\t<a href=\"https:\/\/dcv-books.com\/en\/produkt\/karin-hochstatter-gegengerade\/\" class=\"woocommerce-LoopProduct-link woocommerce-loop-product__link\"><div class=\"image-wrapper\"><img decoding=\"async\" width=\"1024\" height=\"1169\" src=\"https:\/\/dcv-books.com\/wp-content\/uploads\/2020\/01\/Hochstatter_Cover_framed-e1589724474834-1024x1169.jpg\" class=\"attachment-woocommerce_thumbnail size-woocommerce_thumbnail\" alt=\"Karin Hochstatter \" \/><\/div><h2 class=\"woocommerce-loop-product__title\">Karin Hochstatter <br>gegengerade<\/h2>  <div class=\"woocommerce-loop-product__description\" itemprop=\"description\">\n    <p class=\"introzeile-buecher\">A Provocation of Vision between Surface and Depth<\/p>\n<p>In her sculptural works, Karin Hochstatter (b. 1960, Cologne; lives and works in Cologne) deals with forms and their dissolution, as well as the perceptual mechanisms that arise from this. Everyday materials from high-tech production processes, such as construction products and foils, become fragile and expansive structures that question both our way of seeing and our notion of sculpture. The book documents her more recent works since 2012, which always exist as singular events in space and never appear a second time in the same way.<\/p>\n<p>Karin Hochstatter studied Visual Art at the Kunstakademie Du\u0308sseldorf and Philosophy at Heinrich-Heine- Universit\u00e4t Du\u0308sseldorf. Since 1998, she has been a visiting professor and lecturer at universities in Germany and the USA.<\/p>\n  <\/div>\n\n\t<span class=\"price\"><span class=\"woocommerce-Price-amount amount\"><bdi>20<span class=\"woocommerce-Price-currencySymbol\">&euro;<\/span><\/bdi><\/span><\/span>\n<\/a><a href=\"\/en\/wp-json\/wp\/v2\/pages\/13187?add-to-cart=2065\" aria-describedby=\"woocommerce_loop_add_to_cart_link_describedby_2065\" data-quantity=\"1\" class=\"button product_type_simple add_to_cart_button ajax_add_to_cart\" data-product_id=\"2065\" data-product_sku=\"\" aria-label=\"Add to cart: &ldquo;Karin Hochstatter gegengerade&rdquo;\" rel=\"nofollow\" data-success_message=\"&ldquo;Karin Hochstatter &lt;br&gt;gegengerade&rdquo; has been added to your cart\" role=\"button\">Add to cart<\/a>\t<span id=\"woocommerce_loop_add_to_cart_link_describedby_2065\" class=\"screen-reader-text\">\n\t\t\t<\/span>\n<\/li>\n<li class=\"product type-product post-1716 status-publish instock product_cat-all-books product_cat-installation-art product_cat-sculpture has-post-thumbnail taxable shipping-taxable product-type-simple\">\n\t<a href=\"https:\/\/dcv-books.com\/en\/produkt\/sonia-gomes-i-rise-im-a-black-ocean-leaping-and-wide\/\" class=\"woocommerce-LoopProduct-link woocommerce-loop-product__link\"><div class=\"image-wrapper\"><img decoding=\"async\" width=\"572\" height=\"742\" src=\"https:\/\/dcv-books.com\/wp-content\/uploads\/2019\/10\/Gomes_Sonia_CoverWebsite-e1589724557245.jpg\" class=\"attachment-woocommerce_thumbnail size-woocommerce_thumbnail\" alt=\"Sonia Gomes\" \/><\/div><h2 class=\"woocommerce-loop-product__title\">Sonia Gomes <br>I Rise \u2013 I\u2019m a Black Ocean, Leaping and Wide<\/h2>  <div class=\"woocommerce-loop-product__description\" itemprop=\"description\">\n    <p class=\"introzeile-buecher\">&#8220;My Work is Black, it is Feminine, and it is Marginal. I\u2018m a Rebel.&#8221;<\/p>\n<p>The biomorphic sculptures of Sonia Gomes (b. 1948, Caetan\u00f3polis, Brazil; lives and works in Belo Horizonte, Brazil) have an eerie, almost magical presence. As the daughter of a black mother and a white textile industrialist, she grew up between two worlds. But the African culture and spirituality of her mother and grandmother, as well as an interest in rituals, processions, and myths, made a lasting impact on her life and her later work as an artist. As a teenager, Gomes began deconstructing textiles and items of clothing to create her own style and to make both items for practical use and craft objects. Having previously participated in the 56th Biennale di Venezia in 2015, Sonia Gomes now counts among the most influential artists in Brazil.<\/p>\n  <\/div>\n\n<\/a><a href=\"https:\/\/dcv-books.com\/en\/produkt\/sonia-gomes-i-rise-im-a-black-ocean-leaping-and-wide\/\" aria-describedby=\"woocommerce_loop_add_to_cart_link_describedby_1716\" data-quantity=\"1\" class=\"button product_type_simple\" data-product_id=\"1716\" data-product_sku=\"\" aria-label=\"Read more about &ldquo;Sonia Gomes I Rise \u2013 I\u2019m a Black Ocean, Leaping and Wide&rdquo;\" rel=\"nofollow\" data-success_message=\"\">Read more<\/a>\t<span id=\"woocommerce_loop_add_to_cart_link_describedby_1716\" class=\"screen-reader-text\">\n\t\t\t<\/span>\n<\/li>\n<li class=\"product type-product post-1868 status-publish last instock product_cat-all-books product_cat-installation-art product_cat-painting product_cat-sculpture has-post-thumbnail taxable shipping-taxable purchasable product-type-simple\">\n\t<a href=\"https:\/\/dcv-books.com\/en\/produkt\/peter-zimmermann-abstractness\/\" class=\"woocommerce-LoopProduct-link woocommerce-loop-product__link\"><div class=\"image-wrapper\"><img decoding=\"async\" width=\"1024\" height=\"1211\" src=\"https:\/\/dcv-books.com\/wp-content\/uploads\/2019\/12\/Zimmermann_Cover_framed-e1589724597140-1024x1211.jpg\" class=\"attachment-woocommerce_thumbnail size-woocommerce_thumbnail\" alt=\"Peter Zimmermann\" \/><\/div><h2 class=\"woocommerce-loop-product__title\">Peter Zimmermann <br>abstractness<\/h2>  <div class=\"woocommerce-loop-product__description\" itemprop=\"description\">\n    <p class=\"introzeile-buecher\">Treading the Limits of Originality<\/p>\n<p>Peter Zimmermann (b. 1956, Freiburg; lives and works in Cologne) is one of the most important conceptual media artists. With his work, he consistently experiments with visual reproduction techniques and gained international recognition in the late 1980s with his <em>Book Cover Paintings<\/em>: motifs from book covers such as that of the Diercke Weltatlas or the Polyglott travel guides, which Zimmermann transfers to the canvas with oil and epoxy resins. The relationship between original and copy is the central theme of his work, with which he addresses the ambivalence of artistic and digital authorship. This monograph brings together early works and a selection of current productions.<\/p>\n<p>Peter Zimmermann studied at the Staatliche Akademie der Bildenden Ku\u0308nste Stuttgart and was professor at the Kunsthochschule fu\u0308r Medien K\u00f6ln, Cologne, from 2002 to 2007.<\/p>\n  <\/div>\n\n\t<span class=\"price\"><span class=\"woocommerce-Price-amount amount\"><bdi>26<span class=\"woocommerce-Price-currencySymbol\">&euro;<\/span><\/bdi><\/span><\/span>\n<\/a><a href=\"\/en\/wp-json\/wp\/v2\/pages\/13187?add-to-cart=1868\" aria-describedby=\"woocommerce_loop_add_to_cart_link_describedby_1868\" data-quantity=\"1\" class=\"button product_type_simple add_to_cart_button ajax_add_to_cart\" data-product_id=\"1868\" data-product_sku=\"\" aria-label=\"Add to cart: &ldquo;Peter Zimmermann abstractness&rdquo;\" rel=\"nofollow\" data-success_message=\"&ldquo;Peter Zimmermann &lt;br&gt;abstractness&rdquo; has been added to your cart\" role=\"button\">Add to cart<\/a>\t<span id=\"woocommerce_loop_add_to_cart_link_describedby_1868\" class=\"screen-reader-text\">\n\t\t\t<\/span>\n<\/li>\n<li class=\"product type-product post-1804 status-publish first instock product_cat-all-books product_cat-film-and-video product_cat-installation-art product_cat-performance-art product_tag-john-bock-en has-post-thumbnail taxable shipping-taxable purchasable product-type-simple\">\n\t<a href=\"https:\/\/dcv-books.com\/en\/produkt\/john-bock-auraaroma-%cf%89-beule\/\" class=\"woocommerce-LoopProduct-link woocommerce-loop-product__link\"><div class=\"image-wrapper\"><img decoding=\"async\" width=\"1024\" height=\"1327\" src=\"https:\/\/dcv-books.com\/wp-content\/uploads\/2019\/11\/Bock_coverNEU_frame-e1589724723521-1024x1327.jpg\" class=\"attachment-woocommerce_thumbnail size-woocommerce_thumbnail\" alt=\"John Bock\" \/><\/div><h2 class=\"woocommerce-loop-product__title\">JOHN BOCK <br>AURAAROMA-\u03a9-BEULE<\/h2>  <div class=\"woocommerce-loop-product__description\" itemprop=\"description\">\n    <p class=\"introzeile-buecher\">The Augmented Reality Book for John Bock<\/p>\n<p>John Bock (b. 1965 in Gribbohm, lives in Berlin) is one of the most important contemporary performance and video artists. In his works characterized by humor and absurdity, the artist places language, human bodies, everyday objects, and spaces in peculiar relationships to each other. He attained international recognition with the installation <em>LiquidityAuraAromaPortfolio<\/em> at the first Berlin Biennale in 1998. Together with his work <em>Voll die Beule<\/em> from 2013, it is now included in the collection of the Kunsthalle Mannheim. The present augmented reality book not only contextualizes his work, but also immerses the viewer\/reader directly in his performances, in which the artist\u2019s head emerges and a filled rubber glove leaks out. A completely new approach to the works of John Bock, packaged in a pair of socks designed by the artist.<\/p>\n<p>John Bock studied at the Hamburg University of Fine Arts and since 2004 has taught at the State Academy of Fine Arts Karlsruhe as Professor of Sculpture. He has participated in the 55th Biennale di Venezia, and his works have been featured worldwide in solo exhibitions at, among others, the Berlinische Galerie, the Contemporary Austin, Texas, the Barbican Centre, London, and the St\u00e4del Museum, Frankfurt.<\/p>\n<p><span style=\"color: #ff0000;\"><a style=\"color: #ff0000;\" href=\"https:\/\/dcv-books.com\/john-bock\/?lang=en\">Artist&#8217;s Edition available<\/a><\/span><\/p>\n  <\/div>\n\n\t<span class=\"price\"><span class=\"woocommerce-Price-amount amount\"><bdi>42<span class=\"woocommerce-Price-currencySymbol\">&euro;<\/span><\/bdi><\/span><\/span>\n<\/a><a href=\"\/en\/wp-json\/wp\/v2\/pages\/13187?add-to-cart=1804\" aria-describedby=\"woocommerce_loop_add_to_cart_link_describedby_1804\" data-quantity=\"1\" class=\"button product_type_simple add_to_cart_button ajax_add_to_cart\" data-product_id=\"1804\" data-product_sku=\"\" aria-label=\"Add to cart: &ldquo;JOHN BOCK AURAAROMA-\u03a9-BEULE&rdquo;\" rel=\"nofollow\" data-success_message=\"&ldquo;JOHN BOCK &lt;br&gt;AURAAROMA-\u03a9-BEULE&rdquo; has been added to your cart\" role=\"button\">Add to cart<\/a>\t<span id=\"woocommerce_loop_add_to_cart_link_describedby_1804\" class=\"screen-reader-text\">\n\t\t\t<\/span>\n<\/li>\n<li class=\"product type-product post-963 status-publish instock product_cat-all-books product_cat-installation-art product_cat-sculpture has-post-thumbnail taxable shipping-taxable purchasable product-type-simple\">\n\t<a href=\"https:\/\/dcv-books.com\/en\/produkt\/ottmar-hoerl-second-life-100-arbeiter\/\" class=\"woocommerce-LoopProduct-link woocommerce-loop-product__link\"><div class=\"image-wrapper\"><img decoding=\"async\" width=\"801\" height=\"934\" src=\"https:\/\/dcv-books.com\/wp-content\/uploads\/2019\/10\/Cover_Ottmar_Hoerl_klein.jpg\" class=\"attachment-woocommerce_thumbnail size-woocommerce_thumbnail\" alt=\"Ottmar H\u00f6rl\" \/><\/div><h2 class=\"woocommerce-loop-product__title\">Ottmar H\u00f6rl <br>Second Life \u2013 100 Arbeiter<\/h2>  <div class=\"woocommerce-loop-product__description\" itemprop=\"description\">\n    <p class=\"introzeile-buecher\">The Workman Sculptures at V\u00f6lklinger H\u00fctte Steelworks<\/p>\n<p>Sculptures on topics of everyday life are at the center of the work of Ottmar H\u00f6rl (b. 1950, Nauheim; lives and works in Frankfurt\/Main and Wertheim). His major projects gained international recognition, they are based on the artist\u2019s concept of art as a communication model. For the V\u00f6lklingen Ironworks World Heritage Site, H\u00f6rl conceived the sculpture project <em>Second Life<\/em>, which features 100 figures modeled on the V\u00f6lklingen ironworker with helmet and work clothes. The book documents the impressive project that focuses on the universal theme of the V\u00f6lklingen Ironworks: work and the working people.<\/p>\n  <\/div>\n\n\t<span class=\"price\"><span class=\"woocommerce-Price-amount amount\"><bdi>14,80<span class=\"woocommerce-Price-currencySymbol\">&euro;<\/span><\/bdi><\/span><\/span>\n<\/a><a href=\"\/en\/wp-json\/wp\/v2\/pages\/13187?add-to-cart=963\" aria-describedby=\"woocommerce_loop_add_to_cart_link_describedby_963\" data-quantity=\"1\" class=\"button product_type_simple add_to_cart_button ajax_add_to_cart\" data-product_id=\"963\" data-product_sku=\"\" aria-label=\"Add to cart: &ldquo;Ottmar H\u00f6rl Second Life \u2013 100 Arbeiter&rdquo;\" rel=\"nofollow\" data-success_message=\"&ldquo;Ottmar H\u00f6rl &lt;br&gt;Second Life \u2013 100 Arbeiter&rdquo; has been added to your cart\" role=\"button\">Add to cart<\/a>\t<span id=\"woocommerce_loop_add_to_cart_link_describedby_963\" class=\"screen-reader-text\">\n\t\t\t<\/span>\n<\/li>\n<li class=\"product type-product post-1396 status-publish outofstock product_cat-all-books product_cat-installation-art product_cat-sculpture has-post-thumbnail taxable shipping-taxable purchasable product-type-simple\">\n\t<a href=\"https:\/\/dcv-books.com\/en\/produkt\/eva-jospin-waldtraeume\/\" class=\"woocommerce-LoopProduct-link woocommerce-loop-product__link\"><div class=\"image-wrapper\"><img decoding=\"async\" width=\"1024\" height=\"1184\" src=\"https:\/\/dcv-books.com\/wp-content\/uploads\/2019\/08\/eva-jospin-e1589725291312-1024x1184.jpg\" class=\"attachment-woocommerce_thumbnail size-woocommerce_thumbnail\" alt=\"Eva Jospin &lt;br&gt;Wald(t)r\u00e4ume\" \/><\/div><h2 class=\"woocommerce-loop-product__title\">Eva Jospin <br>Wald(t)r\u00e4ume<\/h2>  <div class=\"woocommerce-loop-product__description\" itemprop=\"description\">\n    <p class=\"introzeile-buecher\">The Forest as a Place of Longing: Eva Jospin\u2019s Magical Corrugated Cardboard Sculptures<\/p>\n<p>The French artist Eva Jospin (b. 1975, Paris; lives and works in Paris) cuts and layers corrugated cardboard to create sculptures and reliefs. Handcraft and precision are essential aspects of her work. The artist retains the original color of the cardboard, since, for her, the material itself already contains sufficient color variations and nuances. The recurring motif is the forest \u2014 consisting of numerous trunks, branches, and twigs in extreme density and interspersed with black shadows. They suggest depth and stimulate the viewer\u2019s imagination. Eva Jospin does not reproduce nature one to one, but conveys the feelings of fear, anarchy, or freedom that it triggers: The forest as a universal place of longing.<\/p>\n  <\/div>\n\n\t<span class=\"price\"><span class=\"woocommerce-Price-amount amount\"><bdi>22<span class=\"woocommerce-Price-currencySymbol\">&euro;<\/span><\/bdi><\/span><\/span>\n<\/a><a href=\"https:\/\/dcv-books.com\/en\/produkt\/eva-jospin-waldtraeume\/\" aria-describedby=\"woocommerce_loop_add_to_cart_link_describedby_1396\" data-quantity=\"1\" class=\"button product_type_simple\" data-product_id=\"1396\" data-product_sku=\"\" aria-label=\"Read more about &ldquo;Eva Jospin Wald(t)r\u00e4ume&rdquo;\" rel=\"nofollow\" data-success_message=\"\">Read more<\/a>\t<span id=\"woocommerce_loop_add_to_cart_link_describedby_1396\" class=\"screen-reader-text\">\n\t\t\t<\/span>\n<\/li>\n<li class=\"product type-product post-13436 status-publish last instock product_cat-all-books product_cat-installation-art product_cat-performance-art has-post-thumbnail taxable shipping-taxable purchasable product-type-simple\">\n\t<a href=\"https:\/\/dcv-books.com\/en\/produkt\/franziska-windisch-walk-with-a-wire\/\" class=\"woocommerce-LoopProduct-link woocommerce-loop-product__link\"><div class=\"image-wrapper\"><img decoding=\"async\" width=\"1024\" height=\"1562\" src=\"https:\/\/dcv-books.com\/wp-content\/uploads\/2020\/07\/Cover-1024x1562.jpg\" class=\"attachment-woocommerce_thumbnail size-woocommerce_thumbnail\" alt=\"Franziska Windisch\" \/><\/div><h2 class=\"woocommerce-loop-product__title\">Franziska Windisch <br> Walk with a wire<\/h2>  <div class=\"woocommerce-loop-product__description\" itemprop=\"description\">\n    <p><strong>The interweaving of traces, sounds, and movements in an impressive work of sound art <\/strong><\/p>\n<p>The narrow brown magnetic tape of an audio cassette runs through a half-opened hand, slides through the fingers, is palpated in constant motion, and finally falls to the ground. The hand and its touching, particles of sand and small stones leave their traces and, when the tape is played, generate a multi-layered soundscape with crackling and background noises.<br \/>\nIn her performative action in the ruins of the city of Messene in the Peloponnese region of Greece, Franziska Windisch (b. 1983) thematizes aspects of repetition and recording. Her artistic examination of the vestiges of the ancient urban space, the reciprocal transition from traces to writing in her video documentation, and the graphic element of the line visible on the ground lead to a reflection on temporality, dissolution, and decay.<\/p>\n  <\/div>\n\n\t<span class=\"price\"><span class=\"woocommerce-Price-amount amount\"><bdi>14<span class=\"woocommerce-Price-currencySymbol\">&euro;<\/span><\/bdi><\/span><\/span>\n<\/a><a href=\"\/en\/wp-json\/wp\/v2\/pages\/13187?add-to-cart=13436\" aria-describedby=\"woocommerce_loop_add_to_cart_link_describedby_13436\" data-quantity=\"1\" class=\"button product_type_simple add_to_cart_button ajax_add_to_cart\" data-product_id=\"13436\" data-product_sku=\"\" aria-label=\"Add to cart: &ldquo;Franziska Windisch - Walk with a wire&rdquo;\" rel=\"nofollow\" data-success_message=\"&ldquo;Franziska Windisch -&lt;br&gt; Walk with a wire&rdquo; has been added to your cart\" role=\"button\">Add to cart<\/a>\t<span id=\"woocommerce_loop_add_to_cart_link_describedby_13436\" class=\"screen-reader-text\">\n\t\t\t<\/span>\n<\/li>\n<li class=\"product type-product post-1385 status-publish first instock product_cat-all-books product_cat-installation-art product_cat-painting product_cat-performance-art product_cat-sculpture has-post-thumbnail taxable shipping-taxable purchasable product-type-simple\">\n\t<a href=\"https:\/\/dcv-books.com\/en\/produkt\/john-m-armleder-ca-ca\/\" class=\"woocommerce-LoopProduct-link woocommerce-loop-product__link\"><div class=\"image-wrapper\"><img decoding=\"async\" width=\"1024\" height=\"1334\" src=\"https:\/\/dcv-books.com\/wp-content\/uploads\/2019\/07\/ca-ca-e1589726356230-1024x1334.jpg\" class=\"attachment-woocommerce_thumbnail size-woocommerce_thumbnail\" alt=\"John M Armleder\" \/><\/div><h2 class=\"woocommerce-loop-product__title\">John M Armleder <br> CA. CA.<\/h2>  <div class=\"woocommerce-loop-product__description\" itemprop=\"description\">\n    <p class=\"introzeile-buecher&quot;\">Commentaries on our Present Day Realities and the Status of Art<\/p>\n<p>John M Armleder (b. 1948, Geneva; lives and works in Geneva and New York) is one of the most influential contemporary conceptual, performance and object artists. The profound and the banal, control and coincidence, high culture and everyday life coalesce in Armleder\u2019s work to create a unique experience. The works of the Swiss \u2013 often humorous or ironically twisted commentaries on contemporary reality \u2013 draw on the formal repertoire of Classical Modernism, as well as on video and design. The book focuses on large-scale, site-specific installations and wall pieces, showing in detail the broad spectrum of Armleder\u2019s work.<\/p>\n<p>John M Armleder studied at the \u00c9cole des Beaux-Arts in Geneva. He represented Switzerland 1986 at the 42nd Biennale di Venezia and participated in documenta 8 one year later. His work has been exhibited at the Museum of Modern Art, New York, Palais de Tokyo, Paris, and Belvedere, Vienna, amongst others.<\/p>\n  <\/div>\n\n\t<span class=\"price\"><span class=\"woocommerce-Price-amount amount\"><bdi>19<span class=\"woocommerce-Price-currencySymbol\">&euro;<\/span><\/bdi><\/span><\/span>\n<\/a><a href=\"\/en\/wp-json\/wp\/v2\/pages\/13187?add-to-cart=1385\" aria-describedby=\"woocommerce_loop_add_to_cart_link_describedby_1385\" data-quantity=\"1\" class=\"button product_type_simple add_to_cart_button ajax_add_to_cart\" data-product_id=\"1385\" data-product_sku=\"\" aria-label=\"Add to cart: &ldquo;John M Armleder - CA. CA.&rdquo;\" rel=\"nofollow\" data-success_message=\"&ldquo;John M Armleder -&lt;br&gt; CA. CA.&rdquo; has been added to your cart\" role=\"button\">Add to cart<\/a>\t<span id=\"woocommerce_loop_add_to_cart_link_describedby_1385\" class=\"screen-reader-text\">\n\t\t\t<\/span>\n<\/li>\n<li class=\"product type-product post-938 status-publish instock product_cat-all-books product_cat-installation-art product_cat-painting has-post-thumbnail taxable shipping-taxable purchasable product-type-simple\">\n\t<a href=\"https:\/\/dcv-books.com\/en\/produkt\/urban-art-biennale-2019\/\" class=\"woocommerce-LoopProduct-link woocommerce-loop-product__link\"><div class=\"image-wrapper\"><img decoding=\"async\" width=\"600\" height=\"712\" src=\"https:\/\/dcv-books.com\/wp-content\/uploads\/2019\/05\/Urban-Art-Bienale-2019-e1589665930387-600x712.jpg\" class=\"attachment-woocommerce_thumbnail size-woocommerce_thumbnail\" alt=\"Urban Art Biennale 2019\" \/><\/div><h2 class=\"woocommerce-loop-product__title\">Urban Art! Biennale\u00ae 2019<\/h2>  <div class=\"woocommerce-loop-product__description\" itemprop=\"description\">\n    <p class=\"introzeile-buecher\">The World\u2019s Most Important Exhibition of Urban Art \u2014 Presented for the Fifth Time in 2019<\/p>\n<p>Its themes are the city and urban lifestyle, its can-vases walls, doors, or windows, its artists cosmo-politan. Since the turn of the millennium, Urban Art has developed out of the non-commercial, often illegal art forms of graffiti and street art. Although it makes use of the same stylistic means \u2014 spraying, tagging, the deliberate inclusion of drips, the use of graffiti scripts, etc. \u2014 it transports these as commis-sioned works into the legal space of the museum, gallery, or architecture. The Urban Art Biennial at the World Cultural Heritage Site V\u00f6lklinger H\u00fctte is the largest international exhibition of its kind. Fifty individual works and twenty-five installations by one hundred artists shed light on the latest developments and positions from Western metropolises, as well as from current hot spots around the globe.<\/p>\n  <\/div>\n\n\t<span class=\"price\"><span class=\"woocommerce-Price-amount amount\"><bdi>27,50<span class=\"woocommerce-Price-currencySymbol\">&euro;<\/span><\/bdi><\/span><\/span>\n<\/a><a href=\"\/en\/wp-json\/wp\/v2\/pages\/13187?add-to-cart=938\" aria-describedby=\"woocommerce_loop_add_to_cart_link_describedby_938\" data-quantity=\"1\" class=\"button product_type_simple add_to_cart_button ajax_add_to_cart\" data-product_id=\"938\" data-product_sku=\"\" aria-label=\"Add to cart: &ldquo;Urban Art! Biennale\u00ae 2019&rdquo;\" rel=\"nofollow\" data-success_message=\"&ldquo;Urban Art! Biennale\u00ae 2019&rdquo; has been added to your cart\" role=\"button\">Add to cart<\/a>\t<span id=\"woocommerce_loop_add_to_cart_link_describedby_938\" class=\"screen-reader-text\">\n\t\t\t<\/span>\n<\/li>\n<li class=\"product type-product post-1387 status-publish instock product_cat-all-books product_cat-film-and-video product_cat-installation-art has-post-thumbnail taxable shipping-taxable purchasable product-type-simple\">\n\t<a href=\"https:\/\/dcv-books.com\/en\/produkt\/penny-hes-yassour-temp-est\/\" class=\"woocommerce-LoopProduct-link woocommerce-loop-product__link\"><div class=\"image-wrapper\"><img decoding=\"async\" width=\"1024\" height=\"836\" src=\"https:\/\/dcv-books.com\/wp-content\/uploads\/2019\/07\/temp-est-e1589726627989-1024x836.jpg\" class=\"attachment-woocommerce_thumbnail size-woocommerce_thumbnail\" alt=\"Penny Hes Yassour\" \/><\/div><h2 class=\"woocommerce-loop-product__title\">Penny Hes Yassour <br>Temp-Est<\/h2>  <div class=\"woocommerce-loop-product__description\" itemprop=\"description\">\n    <p class=\"introzeile-buecher\">A Monograph about the Award-Winning Israeli Artist<\/p>\n<p>Penny Hes Yassour (b. 1950, lives and works at kibbutz En-Harod Ihud) tells stories and keeps history alive, explores the boundary between remembering and forgetting. In her installations she combines sound, image, and a multi-part world of objects into narrative mise-en-sc\u00e8nes of great poetic power. Hes Yassour leads the viewer through the Jordan Valley with its many watchtowers, accompanies the transformation of the landscape in a gigantic, stagelike water basin, and documents the flight of bats in a narrow, labyrinthine spatial installation. The book published on the occasion of the artist\u2019s first exhibition in Germany provides comprehensive insights into her subtle artistic work.<\/p>\n  <\/div>\n\n\t<span class=\"price\"><span class=\"woocommerce-Price-amount amount\"><bdi>24<span class=\"woocommerce-Price-currencySymbol\">&euro;<\/span><\/bdi><\/span><\/span>\n<\/a><a href=\"\/en\/wp-json\/wp\/v2\/pages\/13187?add-to-cart=1387\" aria-describedby=\"woocommerce_loop_add_to_cart_link_describedby_1387\" data-quantity=\"1\" class=\"button product_type_simple add_to_cart_button ajax_add_to_cart\" data-product_id=\"1387\" data-product_sku=\"\" aria-label=\"Add to cart: &ldquo;Penny Hes Yassour Temp-Est&rdquo;\" rel=\"nofollow\" data-success_message=\"&ldquo;Penny Hes Yassour &lt;br&gt;Temp-Est&rdquo; has been added to your cart\" role=\"button\">Add to cart<\/a>\t<span id=\"woocommerce_loop_add_to_cart_link_describedby_1387\" class=\"screen-reader-text\">\n\t\t\t<\/span>\n<\/li>\n<li class=\"product type-product post-940 status-publish last instock product_cat-all-books product_cat-architecture product_cat-installation-art product_cat-painting product_cat-sculpture has-post-thumbnail taxable shipping-taxable purchasable product-type-simple\">\n\t<a href=\"https:\/\/dcv-books.com\/en\/produkt\/b-a-r-o-c-k\/\" class=\"woocommerce-LoopProduct-link woocommerce-loop-product__link\"><div class=\"image-wrapper\"><img decoding=\"async\" width=\"600\" height=\"833\" src=\"https:\/\/dcv-books.com\/wp-content\/uploads\/2019\/04\/barock-titel-e1589670489537-600x833.jpg\" class=\"attachment-woocommerce_thumbnail size-woocommerce_thumbnail\" alt=\"B.A.R.O.C.K.\" \/><\/div><h2 class=\"woocommerce-loop-product__title\">B.A.R.O.C.K.<\/h2>  <div class=\"woocommerce-loop-product__description\" itemprop=\"description\">\n    <p class=\"introzeile-buecher\">Artistic Interventions in the Caputh Palace. Contemporary Parallels to the Baroque Era<\/p>\n<p>Four international women artists spent more than three years studying Caputh Palace near Potsdam and creating works specifically for this magnificent location. The tapestries by Margret Eicher (b. 1955, Viersen; lives and works in Berlin), the floral scans by Luzia Simons (b. 1953, Quixad\u00e1, Brazil; lives and works in Berlin), the wax sculptures by Rebecca Stevenson (b. 1971; lives and works in London), and the ceiling painting projections by Myriam Thyes (b. 1963, Luxembourg; lives and works in Du\u0308sseldorf) blend into the surrounding space both naturally and surprisingly. With twelve double-page collages, the large-sized catalog is an artistic commentary on the ambitious project.<\/p>\n  <\/div>\n\n\t<span class=\"price\"><span class=\"woocommerce-Price-amount amount\"><bdi>24,80<span class=\"woocommerce-Price-currencySymbol\">&euro;<\/span><\/bdi><\/span><\/span>\n<\/a><a href=\"\/en\/wp-json\/wp\/v2\/pages\/13187?add-to-cart=940\" aria-describedby=\"woocommerce_loop_add_to_cart_link_describedby_940\" data-quantity=\"1\" class=\"button product_type_simple add_to_cart_button ajax_add_to_cart\" data-product_id=\"940\" data-product_sku=\"\" aria-label=\"Add to cart: &ldquo;B.A.R.O.C.K.&rdquo;\" rel=\"nofollow\" data-success_message=\"&ldquo;B.A.R.O.C.K.&rdquo; has been added to your cart\" role=\"button\">Add to cart<\/a>\t<span id=\"woocommerce_loop_add_to_cart_link_describedby_940\" class=\"screen-reader-text\">\n\t\t\t<\/span>\n<\/li>\n<li class=\"product type-product post-934 status-publish first instock product_cat-all-books product_cat-installation-art product_cat-painting has-post-thumbnail taxable shipping-taxable purchasable product-type-simple\">\n\t<a href=\"https:\/\/dcv-books.com\/en\/produkt\/elsa-salonen-stories-told-by-stones\/\" class=\"woocommerce-LoopProduct-link woocommerce-loop-product__link\"><div class=\"image-wrapper\"><img decoding=\"async\" width=\"363\" height=\"499\" src=\"https:\/\/dcv-books.com\/wp-content\/uploads\/2019\/05\/stories-told-by-stones-e1589726840142.jpg\" class=\"attachment-woocommerce_thumbnail size-woocommerce_thumbnail\" alt=\"Elsa Salonen\" \/><\/div><h2 class=\"woocommerce-loop-product__title\">Elsa Salonen <br>Stories Told by Stones<\/h2>  <div class=\"woocommerce-loop-product__description\" itemprop=\"description\">\n    <p class=\"introzeile-buecher\">\u201cI find the question of a consciousness of stones genuinely inspiring, captivating, and provocative!\u201d<\/p>\n<p>Elsa Salonen (b. 1984, Turku; lives and works in Berlin and Finland) produces colored crystals from the pigments of flowers, draws stellar constellations with finely ground meteorite dust on glass, or distils liquid from plants. The Finnish artist experiments with a wide range of \u201cpoetic\u201d materials, reviving lost animistic rituals and magical practices. Her subtle works in the field of tension between installa-tion, painting, and conceptual art combine mysti-cism with science, ancient knowledge with recent findings \u2014 supported by a great respect for nature. This volume documents her artistic search for consciousness as the primary source of all physical matter.<\/p>\n  <\/div>\n\n\t<span class=\"price\"><span class=\"woocommerce-Price-amount amount\"><bdi>15<span class=\"woocommerce-Price-currencySymbol\">&euro;<\/span><\/bdi><\/span><\/span>\n<\/a><a href=\"\/en\/wp-json\/wp\/v2\/pages\/13187?add-to-cart=934\" aria-describedby=\"woocommerce_loop_add_to_cart_link_describedby_934\" data-quantity=\"1\" class=\"button product_type_simple add_to_cart_button ajax_add_to_cart\" data-product_id=\"934\" data-product_sku=\"\" aria-label=\"Add to cart: &ldquo;Elsa Salonen Stories Told by Stones&rdquo;\" rel=\"nofollow\" data-success_message=\"&ldquo;Elsa Salonen &lt;br&gt;Stories Told by Stones&rdquo; has been added to your cart\" role=\"button\">Add to cart<\/a>\t<span id=\"woocommerce_loop_add_to_cart_link_describedby_934\" class=\"screen-reader-text\">\n\t\t\t<\/span>\n<\/li>\n<li class=\"product type-product post-950 status-publish instock product_cat-all-books product_cat-film-and-video product_cat-installation-art product_cat-photography has-post-thumbnail taxable shipping-taxable purchasable product-type-simple\">\n\t<a href=\"https:\/\/dcv-books.com\/en\/produkt\/laura-schawelka\/\" class=\"woocommerce-LoopProduct-link woocommerce-loop-product__link\"><div class=\"image-wrapper\"><img decoding=\"async\" width=\"1024\" height=\"1398\" src=\"https:\/\/dcv-books.com\/wp-content\/uploads\/2019\/03\/laura-schawelka-e1589709430351-1024x1398.png\" class=\"attachment-woocommerce_thumbnail size-woocommerce_thumbnail\" alt=\"Laura Schawelka\" \/><\/div><h2 class=\"woocommerce-loop-product__title\">Laura Schawelka <br> Double Issues<\/h2>  <div class=\"woocommerce-loop-product__description\" itemprop=\"description\">\n    <p class=\"introzeile-buecher\">Sales Spaces without Merchandise<\/p>\n<p>In her installations, Laura Schawelka (b. 1988, Munich; lives and works in Berlin) makes use of photography, video, and sculpture in a multilayered dialogue. In her latest works, the artist focuses on the role of photography in the development of modern consumer society. What does it mean if goods are only communicated through other goods, such as computers, cell phones, tablets? If this withholding of the genuine object is precisely what prompts the desire for it? The artist creates sales spaces without merchandise, in which images, photographs, and videos have replaced consumer goods of any kind.<\/p>\n<p>Laura Schawelka studied at the St\u00e4delschule in Frankfurt am Main as a student of Tobias Rehberger master-class. In 2015, she was awarded the Master of Fine Arts at the California Institute of the Arts in Los Angeles, and in 2017 she moved to Paris as the recipient of a studio bursary of Hessische Kulturstiftung.<\/p>\n  <\/div>\n\n\t<span class=\"price\"><span class=\"woocommerce-Price-amount amount\"><bdi>24<span class=\"woocommerce-Price-currencySymbol\">&euro;<\/span><\/bdi><\/span><\/span>\n<\/a><a href=\"\/en\/wp-json\/wp\/v2\/pages\/13187?add-to-cart=950\" aria-describedby=\"woocommerce_loop_add_to_cart_link_describedby_950\" data-quantity=\"1\" class=\"button product_type_simple add_to_cart_button ajax_add_to_cart\" data-product_id=\"950\" data-product_sku=\"\" aria-label=\"Add to cart: &ldquo;Laura Schawelka - Double Issues&rdquo;\" rel=\"nofollow\" data-success_message=\"&ldquo;Laura Schawelka -&lt;br&gt; Double Issues&rdquo; has been added to your cart\" role=\"button\">Add to cart<\/a>\t<span id=\"woocommerce_loop_add_to_cart_link_describedby_950\" class=\"screen-reader-text\">\n\t\t\t<\/span>\n<\/li>\n<li class=\"product type-product post-964 status-publish instock product_cat-all-books product_cat-installation-art has-post-thumbnail taxable shipping-taxable purchasable product-type-simple\">\n\t<a href=\"https:\/\/dcv-books.com\/en\/produkt\/die-zwangsarbeiter\/\" class=\"woocommerce-LoopProduct-link woocommerce-loop-product__link\"><div class=\"image-wrapper\"><img decoding=\"async\" width=\"644\" height=\"774\" src=\"https:\/\/dcv-books.com\/wp-content\/uploads\/2018\/11\/c-boltanski-titel-e1589727090895-1.jpg\" class=\"attachment-woocommerce_thumbnail size-woocommerce_thumbnail\" alt=\"Christian Boltanski\" \/><\/div><h2 class=\"woocommerce-loop-product__title\">Christian Boltanski <br>Die Zwangsarbeiter \u2013 Erinnerung in der V\u00f6lklinger H\u00fctte<\/h2>  <div class=\"woocommerce-loop-product__description\" itemprop=\"description\">\n    <p class=\"introzeile-buecher\">Erinnerungen | Souvenirs | Memoirs<\/p>\n<p>Christian Boltanski (b. 1944, Paris; lives and works in Paris) combines industrial architecture with relics of the working culture in his impressive installation for the V\u00f6lklingen ironworks \u2013 a highly emotional approach to the subject of forced labor.<\/p>\n  <\/div>\n\n\t<span class=\"price\"><span class=\"woocommerce-Price-amount amount\"><bdi>27,50<span class=\"woocommerce-Price-currencySymbol\">&euro;<\/span><\/bdi><\/span><\/span>\n<\/a><a href=\"\/en\/wp-json\/wp\/v2\/pages\/13187?add-to-cart=964\" aria-describedby=\"woocommerce_loop_add_to_cart_link_describedby_964\" data-quantity=\"1\" class=\"button product_type_simple add_to_cart_button ajax_add_to_cart\" data-product_id=\"964\" data-product_sku=\"\" aria-label=\"Add to cart: &ldquo;Christian Boltanski Die Zwangsarbeiter \u2013 Erinnerung in der V\u00f6lklinger H\u00fctte&rdquo;\" rel=\"nofollow\" data-success_message=\"&ldquo;Christian Boltanski &lt;br&gt;Die Zwangsarbeiter \u2013 Erinnerung in der V\u00f6lklinger H\u00fctte&rdquo; has been added to your cart\" role=\"button\">Add to cart<\/a>\t<span id=\"woocommerce_loop_add_to_cart_link_describedby_964\" class=\"screen-reader-text\">\n\t\t\t<\/span>\n<\/li>\n<li class=\"product type-product post-1407 status-publish last outofstock product_cat-all-books product_cat-installation-art product_cat-photography has-post-thumbnail taxable shipping-taxable purchasable product-type-simple\">\n\t<a href=\"https:\/\/dcv-books.com\/en\/produkt\/banksys-dismaland-others\/\" class=\"woocommerce-LoopProduct-link woocommerce-loop-product__link\"><div class=\"image-wrapper\"><img decoding=\"async\" width=\"600\" height=\"600\" src=\"https:\/\/dcv-books.com\/wp-content\/uploads\/2019\/03\/banksy-600x600.png\" class=\"attachment-woocommerce_thumbnail size-woocommerce_thumbnail\" alt=\"Banksy&#039;s Dismaland &amp; Others\" \/><\/div><h2 class=\"woocommerce-loop-product__title\">Banksy&#8217;s Dismaland &#038; Others<\/h2>  <div class=\"woocommerce-loop-product__description\" itemprop=\"description\">\n    <p class=\"introzeile-buecher\">Photographs by Barry Cawston<\/p>\n<p>The two projects by the British street artist Banksy, <em>Dismaland<\/em> and <em>Walled Off Hotel<\/em>, received an outstanding response worldwide. The book presents for the first time the documentation of the two extraordinary works from the perspective of Barry Cawston, the artist\u2019s official photographer.<\/p>\n  <\/div>\n\n\t<span class=\"price\"><span class=\"woocommerce-Price-amount amount\"><bdi>14,80<span class=\"woocommerce-Price-currencySymbol\">&euro;<\/span><\/bdi><\/span><\/span>\n<\/a><a href=\"https:\/\/dcv-books.com\/en\/produkt\/banksys-dismaland-others\/\" aria-describedby=\"woocommerce_loop_add_to_cart_link_describedby_1407\" data-quantity=\"1\" class=\"button product_type_simple\" data-product_id=\"1407\" data-product_sku=\"\" aria-label=\"Read more about &ldquo;Banksy&#039;s Dismaland &amp; Others&rdquo;\" rel=\"nofollow\" data-success_message=\"\">Read more<\/a>\t<span id=\"woocommerce_loop_add_to_cart_link_describedby_1407\" class=\"screen-reader-text\">\n\t\t\t<\/span>\n<\/li>\n<li class=\"product type-product post-952 status-publish first outofstock product_cat-all-books product_cat-installation-art has-post-thumbnail taxable shipping-taxable purchasable product-type-simple\">\n\t<a href=\"https:\/\/dcv-books.com\/en\/produkt\/vore-stueckwerk-mensch\/\" class=\"woocommerce-LoopProduct-link woocommerce-loop-product__link\"><div class=\"image-wrapper\"><img decoding=\"async\" width=\"600\" height=\"629\" src=\"https:\/\/dcv-books.com\/wp-content\/uploads\/2019\/03\/vore-e1589727442920-600x629.png\" class=\"attachment-woocommerce_thumbnail size-woocommerce_thumbnail\" alt=\"Vor\u00e9 -&lt;br&gt; St\u00fcckwerk Mensch\" \/><\/div><h2 class=\"woocommerce-loop-product__title\">Vor\u00e9 <br> St\u00fcckwerk Mensch<\/h2>  <div class=\"woocommerce-loop-product__description\" itemprop=\"description\">\n    <p class=\"introzeile-buecher\">Historically Anchored Installations with Current Political References<\/p>\n<p>The sculptures by Vor\u00e9 (b. 1941 in Karlsruhe, lives and works in Ettlingen) reflect the artist\u2019s examination of the conditions of human existence and the human state of mind. Finely polished forms, splinters, and rough fractures become a statement of content and at the same time constitute the formal tension of the respective object. The process of creation can be seen in the rough remaining parts and traces of the various tools. Parallel and closely related to this, drawings and collages are created as independent works or as components of installations. Formal impulses of the sculptural concept are taken up, graphically processed, and projected back into the sculptural work. The present volume presents projects from six decades with numerous illustrations.<\/p>\n  <\/div>\n\n\t<span class=\"price\"><span class=\"woocommerce-Price-amount amount\"><bdi>18<span class=\"woocommerce-Price-currencySymbol\">&euro;<\/span><\/bdi><\/span><\/span>\n<\/a><a href=\"https:\/\/dcv-books.com\/en\/produkt\/vore-stueckwerk-mensch\/\" aria-describedby=\"woocommerce_loop_add_to_cart_link_describedby_952\" data-quantity=\"1\" class=\"button product_type_simple\" data-product_id=\"952\" data-product_sku=\"\" aria-label=\"Read more about &ldquo;Vor\u00e9 - St\u00fcckwerk Mensch&rdquo;\" rel=\"nofollow\" data-success_message=\"\">Read more<\/a>\t<span id=\"woocommerce_loop_add_to_cart_link_describedby_952\" class=\"screen-reader-text\">\n\t\t\t<\/span>\n<\/li>\n<li class=\"product type-product post-477 status-publish outofstock product_cat-all-books product_cat-installation-art product_cat-on-art product_cat-sculpture has-post-thumbnail taxable shipping-taxable purchasable product-type-simple\">\n\t<a href=\"https:\/\/dcv-books.com\/en\/produkt\/flatland\/\" class=\"woocommerce-LoopProduct-link woocommerce-loop-product__link\"><div class=\"image-wrapper\"><img decoding=\"async\" width=\"382\" height=\"782\" src=\"https:\/\/dcv-books.com\/wp-content\/uploads\/2019\/03\/flatland-e1589727506830.png\" class=\"attachment-woocommerce_thumbnail size-woocommerce_thumbnail\" alt=\"Flatland\" \/><\/div><h2 class=\"woocommerce-loop-product__title\">Flatland<\/h2>  <div class=\"woocommerce-loop-product__description\" itemprop=\"description\">\n    <p class=\"introzeile-buecher\">Between the Dimensions<\/p>\n<p>The title of this book quotes a literary work by Edwin A. Abbott that was first published in 1884 and gradually gained considerable fame: an allegorical satire whose protagonists are geometric figures, narrated by a square that relates its discovery of a three-dimensional world. <em>Flatland<\/em> examines the ways in which artists have found inspiration in the formal vocabularies of abstraction since the 1960s. The lavishly designed book gathers works from the past six decades that challenge orthodox interpretations of abstraction.<\/p>\n<p>Contributing artists: La\u00ebtitia Badaut Haussmann, Francis Baudevin, Philippe Decrauzat, Marie-Michelle Deschamps, Angela Detanico \/ Rafael Lain, Ho\u00ebl Duret, Sylvie Fanchon, Liam Gillick, Mark Hagen, Christian Hidaka, Sonia Kacem, Tarik Kiswanson, Vera Kox, Sarah Morris, Reinhard Mucha, Dami\u00e1n Navarro, Camila Oliveira Fairclough, Bruno Peinado, Julien Pr\u00e9vieux, Eva Taulois, John Tremblay, Pierre Vadi, Elsa Werth, Rapha\u00ebl Zarka<\/p>\n  <\/div>\n\n\t<span class=\"price\"><span class=\"woocommerce-Price-amount amount\"><bdi>35<span class=\"woocommerce-Price-currencySymbol\">&euro;<\/span><\/bdi><\/span><\/span>\n<\/a><a href=\"https:\/\/dcv-books.com\/en\/produkt\/flatland\/\" aria-describedby=\"woocommerce_loop_add_to_cart_link_describedby_477\" data-quantity=\"1\" class=\"button product_type_simple\" data-product_id=\"477\" data-product_sku=\"\" aria-label=\"Read more about &ldquo;Flatland&rdquo;\" rel=\"nofollow\" data-success_message=\"\">Read more<\/a>\t<span id=\"woocommerce_loop_add_to_cart_link_describedby_477\" class=\"screen-reader-text\">\n\t\t\t<\/span>\n<\/li>\n<\/ul>\n<\/div>  <\/article>\n<\/section>","protected":false},"excerpt":{"rendered":"","protected":false},"author":3,"featured_media":0,"parent":0,"menu_order":0,"comment_status":"closed","ping_status":"closed","template":"","meta":{"_acf_changed":false,"footnotes":""},"class_list":["post-13187","page","type-page","status-publish","hentry"],"acf":[],"yoast_head":"<!-- This site is optimized with the Yoast SEO plugin v27.1.1 - https:\/\/yoast.com\/product\/yoast-seo-wordpress\/ -->\n<title>Installation Art - DCV<\/title>\n<meta name=\"robots\" content=\"index, follow, max-snippet:-1, max-image-preview:large, max-video-preview:-1\" \/>\n<link rel=\"canonical\" href=\"https:\/\/dcv-books.com\/en\/installation-art\/\" \/>\n<meta property=\"og:locale\" content=\"en_US\" \/>\n<meta property=\"og:type\" content=\"article\" \/>\n<meta property=\"og:title\" content=\"Installation Art - DCV\" \/>\n<meta property=\"og:url\" content=\"https:\/\/dcv-books.com\/en\/installation-art\/\" \/>\n<meta property=\"og:site_name\" content=\"DCV\" \/>\n<meta property=\"article:modified_time\" content=\"2020-06-23T11:56:16+00:00\" \/>\n<meta name=\"twitter:card\" content=\"summary_large_image\" \/>\n<script type=\"application\/ld+json\" class=\"yoast-schema-graph\">{\"@context\":\"https:\/\/schema.org\",\"@graph\":[{\"@type\":\"WebPage\",\"@id\":\"https:\/\/dcv-books.com\/en\/installation-art\/\",\"url\":\"https:\/\/dcv-books.com\/en\/installation-art\/\",\"name\":\"Installation Art - DCV\",\"isPartOf\":{\"@id\":\"https:\/\/dcv-books.com\/#website\"},\"datePublished\":\"2020-06-23T11:56:14+00:00\",\"dateModified\":\"2020-06-23T11:56:16+00:00\",\"breadcrumb\":{\"@id\":\"https:\/\/dcv-books.com\/en\/installation-art\/#breadcrumb\"},\"inLanguage\":\"en-US\",\"potentialAction\":[{\"@type\":\"ReadAction\",\"target\":[\"https:\/\/dcv-books.com\/en\/installation-art\/\"]}]},{\"@type\":\"BreadcrumbList\",\"@id\":\"https:\/\/dcv-books.com\/en\/installation-art\/#breadcrumb\",\"itemListElement\":[{\"@type\":\"ListItem\",\"position\":1,\"name\":\"Startseite\",\"item\":\"https:\/\/dcv-books.com\/en\/\"},{\"@type\":\"ListItem\",\"position\":2,\"name\":\"Installation Art\"}]},{\"@type\":\"WebSite\",\"@id\":\"https:\/\/dcv-books.com\/#website\",\"url\":\"https:\/\/dcv-books.com\/\",\"name\":\"DCV\",\"description\":\"Dr. Cantz&#039;sche Verlagsgesellschaft mbH &amp; Co. KG\",\"potentialAction\":[{\"@type\":\"SearchAction\",\"target\":{\"@type\":\"EntryPoint\",\"urlTemplate\":\"https:\/\/dcv-books.com\/?s={search_term_string}\"},\"query-input\":{\"@type\":\"PropertyValueSpecification\",\"valueRequired\":true,\"valueName\":\"search_term_string\"}}],\"inLanguage\":\"en-US\"}]}<\/script>\n<!-- \/ Yoast SEO plugin. -->","yoast_head_json":{"title":"Installation Art - DCV","robots":{"index":"index","follow":"follow","max-snippet":"max-snippet:-1","max-image-preview":"max-image-preview:large","max-video-preview":"max-video-preview:-1"},"canonical":"https:\/\/dcv-books.com\/en\/installation-art\/","og_locale":"en_US","og_type":"article","og_title":"Installation Art - DCV","og_url":"https:\/\/dcv-books.com\/en\/installation-art\/","og_site_name":"DCV","article_modified_time":"2020-06-23T11:56:16+00:00","twitter_card":"summary_large_image","schema":{"@context":"https:\/\/schema.org","@graph":[{"@type":"WebPage","@id":"https:\/\/dcv-books.com\/en\/installation-art\/","url":"https:\/\/dcv-books.com\/en\/installation-art\/","name":"Installation Art - DCV","isPartOf":{"@id":"https:\/\/dcv-books.com\/#website"},"datePublished":"2020-06-23T11:56:14+00:00","dateModified":"2020-06-23T11:56:16+00:00","breadcrumb":{"@id":"https:\/\/dcv-books.com\/en\/installation-art\/#breadcrumb"},"inLanguage":"en-US","potentialAction":[{"@type":"ReadAction","target":["https:\/\/dcv-books.com\/en\/installation-art\/"]}]},{"@type":"BreadcrumbList","@id":"https:\/\/dcv-books.com\/en\/installation-art\/#breadcrumb","itemListElement":[{"@type":"ListItem","position":1,"name":"Startseite","item":"https:\/\/dcv-books.com\/en\/"},{"@type":"ListItem","position":2,"name":"Installation Art"}]},{"@type":"WebSite","@id":"https:\/\/dcv-books.com\/#website","url":"https:\/\/dcv-books.com\/","name":"DCV","description":"Dr. Cantz&#039;sche Verlagsgesellschaft mbH &amp; Co. KG","potentialAction":[{"@type":"SearchAction","target":{"@type":"EntryPoint","urlTemplate":"https:\/\/dcv-books.com\/?s={search_term_string}"},"query-input":{"@type":"PropertyValueSpecification","valueRequired":true,"valueName":"search_term_string"}}],"inLanguage":"en-US"}]}},"_links":{"self":[{"href":"https:\/\/dcv-books.com\/en\/wp-json\/wp\/v2\/pages\/13187","targetHints":{"allow":["GET"]}}],"collection":[{"href":"https:\/\/dcv-books.com\/en\/wp-json\/wp\/v2\/pages"}],"about":[{"href":"https:\/\/dcv-books.com\/en\/wp-json\/wp\/v2\/types\/page"}],"author":[{"embeddable":true,"href":"https:\/\/dcv-books.com\/en\/wp-json\/wp\/v2\/users\/3"}],"replies":[{"embeddable":true,"href":"https:\/\/dcv-books.com\/en\/wp-json\/wp\/v2\/comments?post=13187"}],"version-history":[{"count":2,"href":"https:\/\/dcv-books.com\/en\/wp-json\/wp\/v2\/pages\/13187\/revisions"}],"predecessor-version":[{"id":13189,"href":"https:\/\/dcv-books.com\/en\/wp-json\/wp\/v2\/pages\/13187\/revisions\/13189"}],"wp:attachment":[{"href":"https:\/\/dcv-books.com\/en\/wp-json\/wp\/v2\/media?parent=13187"}],"curies":[{"name":"wp","href":"https:\/\/api.w.org\/{rel}","templated":true}]}}