{"id":13174,"date":"2020-06-23T13:53:31","date_gmt":"2020-06-23T11:53:31","guid":{"rendered":"https:\/\/dcv-books.com\/?page_id=13174"},"modified":"2020-06-23T13:53:35","modified_gmt":"2020-06-23T11:53:35","slug":"new-arrivals","status":"publish","type":"page","link":"https:\/\/dcv-books.com\/en\/new-arrivals\/","title":{"rendered":"New Arrivals"},"content":{"rendered":"<section id=\"products-block_5ef1ed0b0701a\" class=\"products\">\n    <article class=\"reel-grid\">\n    <div class=\"woocommerce columns-4 \"><ul class=\"products columns-4\">\n<li class=\"product type-product post-24323 status-publish first instock product_cat-all-books product_cat-drawing product_cat-new-arrivals product_cat-on-art product_cat-sculpture product_tag-bettina-buck-en product_tag-finding-form-en has-post-thumbnail taxable shipping-taxable purchasable product-type-simple\">\n\t<a href=\"https:\/\/dcv-books.com\/en\/produkt\/bettina-buck-finding-form\/\" class=\"woocommerce-LoopProduct-link woocommerce-loop-product__link\"><div class=\"image-wrapper\"><img decoding=\"async\" width=\"1732\" height=\"2283\" src=\"https:\/\/dcv-books.com\/wp-content\/uploads\/2024\/01\/BB_SCHUTZUMSCHLAG_02_U1_rgb_fuer-DCV_web.jpg\" class=\"attachment-woocommerce_thumbnail size-woocommerce_thumbnail\" alt=\"Bettina Buck -&lt;br&gt; Finding Form\" \/><\/div><div class=\"book-label book-label--new\"><\/div><h2 class=\"woocommerce-loop-product__title\">Bettina Buck <br> Finding Form<\/h2>  <div class=\"woocommerce-loop-product__description\" itemprop=\"description\">\n    <p><span style=\"font-weight: 400;\">The German sculptor Bettina Buck (1974-2018) called attention to herself with her \u201cperformative sculptures,\u201d which she often presented vis-\u00e0-vis museal objects. Buck\u2019s preferred materials came from the hardware store: corrugated cardboard, ceramic tiles, pressed foam, or plastic foil, which are all not meant to last. Out of these materials she created a kind of changeable and transient \u201cprotagonists,\u201d who didn\u2019t have a final form but rather emphasized the actual process of finding form (as well as losing form). In a provocative action in 2015, Buck dragged an oversized foam bloc through a museum collection and let it rest next to famous artworks, which gained a new dynamic in this interplay. Buck herself said once that her works were meant to \u201csimultaneously attract and alienate the viewer.\u201d In the exhibition space the objects should \u201ccreate a tremor, a vibration and a conversation with its surroundings.\u201d<\/span><\/p>\n<p><i><span style=\"font-weight: 400;\">Finding Form<\/span><\/i><span style=\"font-weight: 400;\">, a posthumous monograph, presents Bucks complete sculptural works on over 300 pages and contains texts by Phyllida Barlow, Paolo Icaro, Cecilia Canziani, and Andrea Maria Popelka. The book was conceived and published by the artist\u2019s estate, Bureau Bettina Buck.\u00a0<\/span><\/p>\n  <\/div>\n\n\t<span class=\"price\"><span class=\"woocommerce-Price-amount amount\"><bdi>45<span class=\"woocommerce-Price-currencySymbol\">&euro;<\/span><\/bdi><\/span><\/span>\n<\/a><a href=\"\/en\/wp-json\/wp\/v2\/pages\/13174?add-to-cart=24323\" aria-describedby=\"woocommerce_loop_add_to_cart_link_describedby_24323\" data-quantity=\"1\" class=\"button product_type_simple add_to_cart_button ajax_add_to_cart\" data-product_id=\"24323\" data-product_sku=\"\" aria-label=\"Add to cart: &ldquo;Bettina Buck - Finding Form&rdquo;\" rel=\"nofollow\" data-success_message=\"&ldquo;Bettina Buck -&lt;br&gt; Finding Form&rdquo; has been added to your cart\" role=\"button\">Add to cart<\/a>\t<span id=\"woocommerce_loop_add_to_cart_link_describedby_24323\" class=\"screen-reader-text\">\n\t\t\t<\/span>\n<\/li>\n<li class=\"product type-product post-26627 status-publish instock product_cat-all-books product_cat-installation-art product_cat-new-arrivals product_cat-painting product_cat-sculpture product_tag-marton-nemes product_tag-metropolitan-baroque has-post-thumbnail taxable shipping-taxable purchasable product-type-simple\">\n\t<a href=\"https:\/\/dcv-books.com\/en\/produkt\/marton-nemes-metropolitan-baroque\/\" class=\"woocommerce-LoopProduct-link woocommerce-loop-product__link\"><div class=\"image-wrapper\"><img decoding=\"async\" width=\"1917\" height=\"2500\" src=\"https:\/\/dcv-books.com\/wp-content\/uploads\/2026\/03\/Metropolitan-Baroque-Cover-FRONT_web.jpg\" class=\"attachment-woocommerce_thumbnail size-woocommerce_thumbnail\" alt=\"M\u00e1rton Nemes -&lt;br&gt; Metropolitan Baroque\" \/><\/div><div class=\"book-label book-label--new\"><\/div><h2 class=\"woocommerce-loop-product__title\">M\u00e1rton Nemes <br> Metropolitan Baroque<\/h2>  <div class=\"woocommerce-loop-product__description\" itemprop=\"description\">\n    <p>Hungarian artist M\u00e1rton Nemes (born 1986, lives in New York and Budapest) creates spaces for bodily perception at the intersection of abstract painting and sculpture, digital culture, techno, and urbanity. In his radical installations of powder-coated steel with embedded speakers and an LED screen, visitors encounter light and sound elements that expand into a pulsating environment. Nemes\u2019s immersive, multisensory spaces reflect the rapid acceleration, fragmentation, and technology\u2019s superimposition of our present, while simultaneously allowing for the experience of self-determined fluidity and contemplation. This volume documents Nemes\u2019s comprehensive exhibition <em>Metropolitan Baroque<\/em> at the Museum gegenstandsfreier Kunst (Museum of Non-Objective Art) featuring works from 2019 to 2025. <\/p>\n  <\/div>\n\n\t<span class=\"price\"><span class=\"woocommerce-Price-amount amount\"><bdi>38<span class=\"woocommerce-Price-currencySymbol\">&euro;<\/span><\/bdi><\/span><\/span>\n<\/a><a href=\"\/en\/wp-json\/wp\/v2\/pages\/13174?add-to-cart=26627\" aria-describedby=\"woocommerce_loop_add_to_cart_link_describedby_26627\" data-quantity=\"1\" class=\"button product_type_simple add_to_cart_button ajax_add_to_cart\" data-product_id=\"26627\" data-product_sku=\"\" aria-label=\"Add to cart: &ldquo;M\u00e1rton Nemes - Metropolitan Baroque&rdquo;\" rel=\"nofollow\" data-success_message=\"&ldquo;M\u00e1rton Nemes -&lt;br&gt; Metropolitan Baroque&rdquo; has been added to your cart\" role=\"button\">Add to cart<\/a>\t<span id=\"woocommerce_loop_add_to_cart_link_describedby_26627\" class=\"screen-reader-text\">\n\t\t\t<\/span>\n<\/li>\n<li class=\"product type-product post-25937 status-publish instock product_cat-all-books product_cat-drawing product_cat-film-and-video product_cat-installation-art product_cat-new-arrivals product_cat-on-art product_cat-painting product_cat-performance-art product_cat-photography product_cat-sculpture product_cat-works-on-paper-en product_tag-7-jahre-nova-space-en product_tag-bauhaus-universitaet-weimar-en product_tag-boom-en product_tag-nova-space-en has-post-thumbnail taxable shipping-taxable purchasable product-type-simple\">\n\t<a href=\"https:\/\/dcv-books.com\/en\/produkt\/boom-7-jahre-nova-space\/\" class=\"woocommerce-LoopProduct-link woocommerce-loop-product__link\"><div class=\"image-wrapper\"><img decoding=\"async\" width=\"1775\" height=\"2500\" src=\"https:\/\/dcv-books.com\/wp-content\/uploads\/2025\/06\/NOVA-BOOM-Cover-Ansicht_crop_web.jpg\" class=\"attachment-woocommerce_thumbnail size-woocommerce_thumbnail\" alt=\"BOOM! -&lt;br&gt; 7 years of nova space\" \/><\/div><div class=\"book-label book-label--new\"><\/div><h2 class=\"woocommerce-loop-product__title\">BOOM! <br> 7 years of nova space<\/h2>  <div class=\"woocommerce-loop-product__description\" itemprop=\"description\">\n    <p>From 2019 to 2025, nova space, Bauhaus-Universit\u00e4t Weimar\u2019s university gallery put up 21 projects, which this volume documents in image and text.\u00a0As both an experimentation field and meeting place, nova connected international artists, students, faculty, and the public under the enthusiastic direction of curator Katharina Wendler. Her essay provides insight into the unique history of this mobile and interdisciplinary gallery, its program as well as the continuous development of new curatorial formats. The final act of nova is an exhibition in book form, for which artists, architects, designers, typographers, and filmmakers were invited to create work that freely associates around the theme of <em>BOOM!<\/em>\u2014inspired by the image of the supernova.<\/p>\n<p>ARTISTS: A.O. LAURA ABERHAM, MARGR\u00c9T H. BL\u00d6NDAL, ZUZANNA CZEBATUL, BJ\u00d6RN DAHLEM, DAVID DIAO, HANNAH SOPHIE DUNKELBERG, NADINE FECHT, LIAM GILLICK, JANA GUNSTHEIMER, NSCHOTSCHI HASLINGER, STEF HEIDHUES, JUDITH HOPF, VERENA ISSEL, CHRISTIN KAISER, IAN KIAER, RAGNAR KJARTANSSON, VERA KOX, SCHIRIN KRETSCHMANN, YUTAKA MAKINO, STEFAN MARX, ERIC MEIER, AD MINOLITI, BRUCE NAUMAN, PRINZ GHOLAM, HANNAH RATH, KARIN SANDER, FETTE SANS, KATRIN STEIGER, JAN TICHY, WOLFGANG TILLMANS, IGNACIO URIARTE, ROBIN WAART, YOUNG BOY DANCING GROUP, FRANCIS ZEISCHEGG, KARLA ZIPFEL AND MANY MORE<\/p>\n  <\/div>\n\n\t<span class=\"price\"><span class=\"woocommerce-Price-amount amount\"><bdi>48<span class=\"woocommerce-Price-currencySymbol\">&euro;<\/span><\/bdi><\/span><\/span>\n<\/a><a href=\"\/en\/wp-json\/wp\/v2\/pages\/13174?add-to-cart=25937\" aria-describedby=\"woocommerce_loop_add_to_cart_link_describedby_25937\" data-quantity=\"1\" class=\"button product_type_simple add_to_cart_button ajax_add_to_cart\" data-product_id=\"25937\" data-product_sku=\"\" aria-label=\"Add to cart: &ldquo;BOOM! - 7 years of nova space&rdquo;\" rel=\"nofollow\" data-success_message=\"&ldquo;BOOM! -&lt;br&gt; 7 years of nova space&rdquo; has been added to your cart\" role=\"button\">Add to cart<\/a>\t<span id=\"woocommerce_loop_add_to_cart_link_describedby_25937\" class=\"screen-reader-text\">\n\t\t\t<\/span>\n<\/li>\n<li class=\"product type-product post-25984 status-publish last instock product_cat-all-books product_cat-drawing product_cat-new-arrivals product_cat-painting product_tag-cezanne-en product_tag-matisse-en product_tag-monet-en product_tag-the-scharf-collection-en has-post-thumbnail taxable shipping-taxable purchasable product-type-simple\">\n\t<a href=\"https:\/\/dcv-books.com\/en\/produkt\/the-scharf-collection-goya-monet-cezanne-bonnard-grosse-kopie\/\" class=\"woocommerce-LoopProduct-link woocommerce-loop-product__link\"><div class=\"image-wrapper\"><img decoding=\"async\" width=\"2048\" height=\"2485\" src=\"https:\/\/dcv-books.com\/wp-content\/uploads\/2025\/11\/TheScharfCollection_Cover_Kunstpalast_web-2048x2485.jpg\" class=\"attachment-woocommerce_thumbnail size-woocommerce_thumbnail\" alt=\"Monet \u2013 C\u00e9zanne \u2013 Matisse -&lt;br&gt; The Scharf Collection\" \/><\/div><div class=\"book-label book-label--new\"><\/div><h2 class=\"woocommerce-loop-product__title\">Monet \u2013 C\u00e9zanne \u2013 Matisse <br> The Scharf Collection<\/h2>  <div class=\"woocommerce-loop-product__description\" itemprop=\"description\">\n    <p>The Scharf Collection is a German private collection of French art from the nineteenth and twentieth centuries and international contemporary art. Now in its fourth generation, it continues a branch of the renowned Otto Gerstenberg Collection in Berlin, which encompasses everything from the beginnings of modernism, represented by Francisco de Goya, to the French avant-garde of the second half of the nineteenth century with Gustave Courbet,\u00a0 Edgar Degas and the entire graphic oeuvre of Henri de Toulouse-Lautrec. The richly illustrated catalog accompanies the collection\u2019s first comprehensive exhibition at the Kunstpalast in D\u00fcsseldorf and the Alte Nationalgalerie \u2013 Staatliche Museen zu Berlin.<\/p>\n  <\/div>\n\n\t<span class=\"price\"><span class=\"woocommerce-Price-amount amount\"><bdi>48<span class=\"woocommerce-Price-currencySymbol\">&euro;<\/span><\/bdi><\/span><\/span>\n<\/a><a href=\"\/en\/wp-json\/wp\/v2\/pages\/13174?add-to-cart=25984\" aria-describedby=\"woocommerce_loop_add_to_cart_link_describedby_25984\" data-quantity=\"1\" class=\"button product_type_simple add_to_cart_button ajax_add_to_cart\" data-product_id=\"25984\" data-product_sku=\"\" aria-label=\"Add to cart: &ldquo;Monet \u2013 C\u00e9zanne \u2013 Matisse - The Scharf Collection&rdquo;\" rel=\"nofollow\" data-success_message=\"&ldquo;Monet \u2013 C\u00e9zanne \u2013 Matisse -&lt;br&gt; The Scharf Collection&rdquo; has been added to your cart\" role=\"button\">Add to cart<\/a>\t<span id=\"woocommerce_loop_add_to_cart_link_describedby_25984\" class=\"screen-reader-text\">\n\t\t\t<\/span>\n<\/li>\n<li class=\"product type-product post-25340 status-publish first instock product_cat-all-books product_cat-drawing product_cat-film-and-video product_cat-installation-art product_cat-new-arrivals product_cat-painting product_cat-photography product_cat-sculpture product_cat-works-on-paper-en product_tag-mnac-en product_tag-puls-22-en has-post-thumbnail taxable shipping-taxable purchasable product-type-simple\">\n\t<a href=\"https:\/\/dcv-books.com\/en\/produkt\/puls-22\/\" class=\"woocommerce-LoopProduct-link woocommerce-loop-product__link\"><div class=\"image-wrapper\"><img decoding=\"async\" width=\"2048\" height=\"2447\" src=\"https:\/\/dcv-books.com\/wp-content\/uploads\/2025\/07\/MNAC_Puls-22_cover_front_web-2048x2447.jpg\" class=\"attachment-woocommerce_thumbnail size-woocommerce_thumbnail\" alt=\"PULS 22 -&lt;br&gt;\" \/><\/div><div class=\"book-label book-label--upcoming\"><\/div><h2 class=\"woocommerce-loop-product__title\">PULS 22 <br><\/h2>  <div class=\"woocommerce-loop-product__description\" itemprop=\"description\">\n    <p><i><span style=\"font-weight: 400;\">PULS<\/span><\/i><span style=\"font-weight: 400;\">, an initiative of Bucharest\u2019s National Museum for Contemporary Art (MNAC) began during the COVID-crisis. Since then, the museum supports Romanian artists by biennially purchasing more than 100 relevant creative works, carefully selected from a large pool of submissions by a democratic jury of artists and art professionals. <\/span><i><span style=\"font-weight: 400;\">PULS22 <\/span><\/i><span style=\"font-weight: 400;\">showcases in book-form MNAC\u2019s most recent acquisitions and their subsequent exhibition. This volume, like the former <\/span><i><span style=\"font-weight: 400;\">PULS20<\/span><\/i><span style=\"font-weight: 400;\">, is an exciting panoramic snapshot of the country\u2019s dynamic multigenerational art scene. The installation shots speak of an outstanding exhibition and the potential for future loans to curated shows elsewhere.<\/span><\/p>\n  <\/div>\n\n\t<span class=\"price\"><span class=\"woocommerce-Price-amount amount\"><bdi>36<span class=\"woocommerce-Price-currencySymbol\">&euro;<\/span><\/bdi><\/span><\/span>\n<\/a><a href=\"\/en\/wp-json\/wp\/v2\/pages\/13174?add-to-cart=25340\" aria-describedby=\"woocommerce_loop_add_to_cart_link_describedby_25340\" data-quantity=\"1\" class=\"button product_type_simple add_to_cart_button ajax_add_to_cart\" data-product_id=\"25340\" data-product_sku=\"\" aria-label=\"Add to cart: &ldquo;PULS 22 -&rdquo;\" rel=\"nofollow\" data-success_message=\"&ldquo;PULS 22 -&lt;br&gt;&rdquo; has been added to your cart\" role=\"button\">Add to cart<\/a>\t<span id=\"woocommerce_loop_add_to_cart_link_describedby_25340\" class=\"screen-reader-text\">\n\t\t\t<\/span>\n<\/li>\n<li class=\"product type-product post-26286 status-publish instock product_cat-all-books product_cat-new-arrivals product_cat-on-art product_cat-painting product_tag-andre-butzer-en has-post-thumbnail taxable shipping-taxable purchasable product-type-simple\">\n\t<a href=\"https:\/\/dcv-books.com\/en\/produkt\/andre-butzer-press-releases-letters-interviews-texts-poems-volume-4-1983-2025\/\" class=\"woocommerce-LoopProduct-link woocommerce-loop-product__link\"><div class=\"image-wrapper\"><img decoding=\"async\" width=\"1713\" height=\"2303\" src=\"https:\/\/dcv-books.com\/wp-content\/uploads\/2026\/01\/AB_Linn_Textbuch_4_Cover.jpg\" class=\"attachment-woocommerce_thumbnail size-woocommerce_thumbnail\" alt=\"Andr\u00e9 Butzer -&lt;br&gt; Press Releases, Letters, Interviews, Texts, Poems \/ Volume 4: 1983\u20132025\" \/><\/div><div class=\"book-label book-label--new\"><\/div><h2 class=\"woocommerce-loop-product__title\">Andr\u00e9 Butzer <br> Press Releases, Letters, Interviews, Texts, Poems \/ Volume 4: 1983\u20132025<\/h2>  <div class=\"woocommerce-loop-product__description\" itemprop=\"description\">\n    <p>Andr\u00e9 Butzer (born 1973, lives in Berlin) is known for his provocative pop-expressionist paintings, which address the major social contradictions and trends of our time. Elements from comics, Disney, and art history, among other sources, appear on equal footing in his intensely colorful and energetic paintings. Butzer is similarly eloquent with words, and this volume, the fourth in a series, draws from the artist&#8217;s ever-expanding archive. For the new book, the artist\u2019s longtime editor, Alexander Linn, spent over five years poring over countless documents and reviewing all of Butzer&#8217;s publications from that period. The result is a valuable sourcebook featuring texts, interviews, letters, and poems, as well as a transcript of the 2023 biopic <em>Andr\u00e9 Butzer, His Art and His Time<\/em>.<\/p>\n  <\/div>\n\n\t<span class=\"price\"><span class=\"woocommerce-Price-amount amount\"><bdi>26<span class=\"woocommerce-Price-currencySymbol\">&euro;<\/span><\/bdi><\/span><\/span>\n<\/a><a href=\"\/en\/wp-json\/wp\/v2\/pages\/13174?add-to-cart=26286\" aria-describedby=\"woocommerce_loop_add_to_cart_link_describedby_26286\" data-quantity=\"1\" class=\"button product_type_simple add_to_cart_button ajax_add_to_cart\" data-product_id=\"26286\" data-product_sku=\"\" aria-label=\"Add to cart: &ldquo;Andr\u00e9 Butzer - Press Releases, Letters, Interviews, Texts, Poems \/ Volume 4: 1983\u20132025&rdquo;\" rel=\"nofollow\" data-success_message=\"&ldquo;Andr\u00e9 Butzer -&lt;br&gt; Press Releases, Letters, Interviews, Texts, Poems \/ Volume 4: 1983\u20132025&rdquo; has been added to your cart\" role=\"button\">Add to cart<\/a>\t<span id=\"woocommerce_loop_add_to_cart_link_describedby_26286\" class=\"screen-reader-text\">\n\t\t\t<\/span>\n<\/li>\n<li class=\"product type-product post-25664 status-publish instock product_cat-all-books product_cat-fashion product_cat-music product_cat-new-arrivals product_cat-photography product_tag-elaste-en product_tag-michael-reinboth-en product_tag-thomas-elsner-en has-post-thumbnail taxable shipping-taxable purchasable product-type-simple\">\n\t<a href=\"https:\/\/dcv-books.com\/en\/produkt\/elaste-1980-1986\/\" class=\"woocommerce-LoopProduct-link woocommerce-loop-product__link\"><div class=\"image-wrapper\"><img decoding=\"async\" width=\"1864\" height=\"2500\" src=\"https:\/\/dcv-books.com\/wp-content\/uploads\/2025\/09\/ELASTE_COVER_w_Sticker_web.jpg\" class=\"attachment-woocommerce_thumbnail size-woocommerce_thumbnail\" alt=\"ELASTE -&lt;br&gt; 1980 \u2013 1986\" \/><\/div><div class=\"book-label book-label--new\"><\/div><h2 class=\"woocommerce-loop-product__title\">ELASTE <br> 1980 \u2013 1986<\/h2>  <div class=\"woocommerce-loop-product__description\" itemprop=\"description\">\n    <p>The story of <em>ELASTE<\/em> is the story of a movement \u2013 that of the New Wave generation in West Germany. Founded in 1980 in Hanover, the magazine was a beacon of cultural revolt and the first glossy indie magazine of the Federal Republic: self-published, a statement somewhere between pop avant-garde, subversion, and a sharp sense of style. Among those who shaped the look and spirit of the magazine were Jon Savage, Ellen von Unwerth, and Diedrich Diederichsen. No other magazine operated at the intersection of music, fashion, and society quite like ELASTE \u2014 with headliners such as Warhol, The Rolling Stones, and Kraftwerk. This book by the magazine\u2019s editors Thomas Elsner and Michael Reinboth, looks back \u2014 at the pioneering spirit, the minds, and the stories behind the magazine.<\/p>\n<p>Incl. download code card for 14 tracks from ELASTE RECORDS<\/p>\n  <\/div>\n\n\t<span class=\"price\"><span class=\"woocommerce-Price-amount amount\"><bdi>49<span class=\"woocommerce-Price-currencySymbol\">&euro;<\/span><\/bdi><\/span><\/span>\n<\/a><a href=\"\/en\/wp-json\/wp\/v2\/pages\/13174?add-to-cart=25664\" aria-describedby=\"woocommerce_loop_add_to_cart_link_describedby_25664\" data-quantity=\"1\" class=\"button product_type_simple add_to_cart_button ajax_add_to_cart\" data-product_id=\"25664\" data-product_sku=\"\" aria-label=\"Add to cart: &ldquo;ELASTE - 1980 \u2013 1986&rdquo;\" rel=\"nofollow\" data-success_message=\"&ldquo;ELASTE -&lt;br&gt; 1980 \u2013 1986&rdquo; has been added to your cart\" role=\"button\">Add to cart<\/a>\t<span id=\"woocommerce_loop_add_to_cart_link_describedby_25664\" class=\"screen-reader-text\">\n\t\t\t<\/span>\n<\/li>\n<li class=\"product type-product post-25579 status-publish last instock product_cat-all-books product_cat-drawing product_cat-new-arrivals product_cat-painting product_tag-bonnard-en product_tag-cezanne-en product_tag-goya-en product_tag-grosse-en product_tag-monet-en product_tag-the-scharf-collection-en has-post-thumbnail taxable shipping-taxable purchasable product-type-simple\">\n\t<a href=\"https:\/\/dcv-books.com\/en\/produkt\/the-scharf-collection-goya-monet-cezanne-bonnard-grosse\/\" class=\"woocommerce-LoopProduct-link woocommerce-loop-product__link\"><div class=\"image-wrapper\"><img decoding=\"async\" width=\"2048\" height=\"2485\" src=\"https:\/\/dcv-books.com\/wp-content\/uploads\/2024\/01\/TheScharfCollection_Cover_Nationalgalerie_web_NEU-2048x2485.jpg\" class=\"attachment-woocommerce_thumbnail size-woocommerce_thumbnail\" alt=\"The Scharf Collection.  -&lt;br&gt; Goya \u2013 Monet \u2013 C\u00e9zanne \u2013 Bonnard \u2013 Grosse\" \/><\/div><div class=\"book-label book-label--new\"><\/div><h2 class=\"woocommerce-loop-product__title\">The Scharf Collection.  <br> Goya \u2013 Monet \u2013 C\u00e9zanne \u2013 Bonnard \u2013 Grosse<\/h2>  <div class=\"woocommerce-loop-product__description\" itemprop=\"description\">\n    <p>The Scharf Collection is a German private collection of French art from the nineteenth and twentieth centuries and international contemporary art. Now in its fourth generation, it continues a branch of the renowned Otto Gerstenberg Collection in Berlin, which encompasses everything from the beginnings of modernism, represented by Francisco de Goya, to the French avant-garde of the second half of the nineteenth century with Gustave Courbet,\u00a0 Edgar Degas and the entire graphic oeuvre of Henri de Toulouse-Lautrec. The richly illustrated catalog accompanies the collection\u2019s first comprehensive exhibition at the Alte Nationalgalerie \u2013 Staatliche Museen zu Berlin and the Kunstpalast in D\u00fcsseldorf.<\/p>\n  <\/div>\n\n\t<span class=\"price\"><span class=\"woocommerce-Price-amount amount\"><bdi>48<span class=\"woocommerce-Price-currencySymbol\">&euro;<\/span><\/bdi><\/span><\/span>\n<\/a><a href=\"\/en\/wp-json\/wp\/v2\/pages\/13174?add-to-cart=25579\" aria-describedby=\"woocommerce_loop_add_to_cart_link_describedby_25579\" data-quantity=\"1\" class=\"button product_type_simple add_to_cart_button ajax_add_to_cart\" data-product_id=\"25579\" data-product_sku=\"\" aria-label=\"Add to cart: &ldquo;The Scharf Collection.  - Goya \u2013 Monet \u2013 C\u00e9zanne \u2013 Bonnard \u2013 Grosse&rdquo;\" rel=\"nofollow\" data-success_message=\"&ldquo;The Scharf Collection.  -&lt;br&gt; Goya \u2013 Monet \u2013 C\u00e9zanne \u2013 Bonnard \u2013 Grosse&rdquo; has been added to your cart\" role=\"button\">Add to cart<\/a>\t<span id=\"woocommerce_loop_add_to_cart_link_describedby_25579\" class=\"screen-reader-text\">\n\t\t\t<\/span>\n<\/li>\n<li class=\"product type-product post-24429 status-publish first instock product_cat-all-books product_cat-new-arrivals product_cat-on-art product_cat-painting product_tag-larissa-kikol-en product_tag-neue-abstrakte-malerei-en has-post-thumbnail taxable shipping-taxable purchasable product-type-simple\">\n\t<a href=\"https:\/\/dcv-books.com\/en\/produkt\/24429\/\" class=\"woocommerce-LoopProduct-link woocommerce-loop-product__link\"><div class=\"image-wrapper\"><img decoding=\"async\" width=\"1770\" height=\"2500\" src=\"https:\/\/dcv-books.com\/wp-content\/uploads\/2025\/07\/Kikol_NAM_Cover_mitKontur_web.jpg\" class=\"attachment-woocommerce_thumbnail size-woocommerce_thumbnail\" alt=\"Larissa Kikol -&lt;br&gt; Neue abstrakte Malerei\" \/><\/div><div class=\"book-label book-label--new\"><\/div><h2 class=\"woocommerce-loop-product__title\">Larissa Kikol <br> Neue abstrakte Malerei<\/h2>  <div class=\"woocommerce-loop-product__description\" itemprop=\"description\">\n    <p>Abstract painting has reinvented itself: rid of political and ideological burdens, it now stands for pure creative autonomy. From the Abstract Expressionism of the postwar era to today\u2019s expansive ease\u2014in essays and conversations, Larissa Kikol sheds light on how this art form broke free of the narratives that attended its emergence and performed a \u201cgreat reset.\u201d From the seminal innovations of Katharina Grosse or Albert Oehlen and radically subjectivist approaches in Cecily Brown or Andr\u00e9 Butzer to cutting-edge tendencies like Dirty Minimalism and Post Vandalism, the book presents thrilling insights into a painting that puts emotion, color, and shapes center stage. An inspiring look at the renaissance of abstract art in the 21st century and a must-have reference work for all art lovers.<\/p>\n<p>Artists: Frederic Anderson, Karla Black, Frank Bowling, Andreas Breunig, Jenny Brosinski, Cecily Brown, Andr\u00e9 Butzer, Diamonds Crew, Willehad Eilers, Jad\u00e9 Fadojutimi, Helen Frankenthaler, Katharina Grosse, Antwan Horfee, Aneta Kajzer, Joan Mitchell, Michael M\u00fcller, Oscar Murillo, NEU, NUG, Albert Oehlen, David Ostrowski, Over, Daisy Parris, Marco Pariani, Jackson Pollock, Christopher Wool<\/p>\n  <\/div>\n\n\t<span class=\"price\"><span class=\"woocommerce-Price-amount amount\"><bdi>26<span class=\"woocommerce-Price-currencySymbol\">&euro;<\/span><\/bdi><\/span><\/span>\n<\/a><a href=\"\/en\/wp-json\/wp\/v2\/pages\/13174?add-to-cart=24429\" aria-describedby=\"woocommerce_loop_add_to_cart_link_describedby_24429\" data-quantity=\"1\" class=\"button product_type_simple add_to_cart_button ajax_add_to_cart\" data-product_id=\"24429\" data-product_sku=\"\" aria-label=\"Add to cart: &ldquo;Larissa Kikol - Neue abstrakte Malerei&rdquo;\" rel=\"nofollow\" data-success_message=\"&ldquo;Larissa Kikol -&lt;br&gt; Neue abstrakte Malerei&rdquo; has been added to your cart\" role=\"button\">Add to cart<\/a>\t<span id=\"woocommerce_loop_add_to_cart_link_describedby_24429\" class=\"screen-reader-text\">\n\t\t\t<\/span>\n<\/li>\n<li class=\"product type-product post-19842 status-publish instock product_cat-all-books product_cat-new-arrivals product_cat-on-art product_cat-urban-art-en product_tag-1up-crew product_tag-larissa-kikol-en product_tag-moses-taps product_tag-signed has-post-thumbnail taxable shipping-taxable purchasable product-type-simple\">\n\t<a href=\"https:\/\/dcv-books.com\/en\/produkt\/larissa-kikol-signed-unterwegs-mit-der-1up-crew-und-moses-taps\/\" class=\"woocommerce-LoopProduct-link woocommerce-loop-product__link\"><div class=\"image-wrapper\"><img decoding=\"async\" width=\"1141\" height=\"1692\" src=\"https:\/\/dcv-books.com\/wp-content\/uploads\/2023\/06\/Kikol_SIGNED_Cover.jpg\" class=\"attachment-woocommerce_thumbnail size-woocommerce_thumbnail\" alt=\"Larissa Kikol -&lt;br&gt; SIGNED. Unterwegs mit der 1UP-Crew und Moses &amp; Taps\" \/><\/div><h2 class=\"woocommerce-loop-product__title\">Larissa Kikol <br> SIGNED. Unterwegs mit der 1UP-Crew und Moses &#038; Taps<\/h2>  <div class=\"woocommerce-loop-product__description\" itemprop=\"description\">\n    <p>Who owns the city? It is a question to which graffiti artists and politicians have very different answers. 1UP and Moses &amp; Taps are international stars of the scene, realizing radical creative concepts in spectacular actions. The art critic Larissa Kikol shadowed them on their nocturnal forays for three years and gathered her experiences in a book that has become a singular tribute to the graffiti scene. It lets us witness the genesis of the artists\u2019 works on the knife\u2019s edge between civil disobedience, criminal liability, and an irrepressible freedom. Traveling throughout Germany, Kikol records absorbing dialogues that reflect the contrast between different worlds: the legal and the illegal art worlds, painting and protest. Always on the hop and in danger of being discovered and arrested, she ventures beyond the bounds of permissible art, into subway tunnels, up on roofs, across switchyards. A portrait emerges of Germany and Berlin and the power relations that shape our society.<\/p>\n<p>Larissa Kikol (b. 1986) works as a freelance art critic, art scholar, and writer. She writes for <em>Die Zeit<\/em>, <em>Spiegel Online<\/em>, <em>Art<\/em>, <em>Kunstzeitung<\/em>, <em>Mare<\/em>, <em>Monopol Online<\/em>, and <em>Kunstforum International<\/em>. In 2016, she won C\/O Berlin\u2019s international Talents award in the art criticism category. She teaches and lectures at art schools and universities in Germany and France.<\/p>\n<p>Kikol studied stage design and dramaturgy in Berlin-Wei\u00dfensee and obtained a Ph.D. in art studies from the Karlsruhe University of Arts and Design. She lives and works in Marseille and Cologne.<\/p>\n  <\/div>\n\n\t<span class=\"price\"><span class=\"woocommerce-Price-amount amount\"><bdi>18<span class=\"woocommerce-Price-currencySymbol\">&euro;<\/span><\/bdi><\/span><\/span>\n<\/a><a href=\"\/en\/wp-json\/wp\/v2\/pages\/13174?add-to-cart=19842\" aria-describedby=\"woocommerce_loop_add_to_cart_link_describedby_19842\" data-quantity=\"1\" class=\"button product_type_simple add_to_cart_button ajax_add_to_cart\" data-product_id=\"19842\" data-product_sku=\"\" aria-label=\"Add to cart: &ldquo;Larissa Kikol - SIGNED. Unterwegs mit der 1UP-Crew und Moses &amp; Taps&rdquo;\" rel=\"nofollow\" data-success_message=\"&ldquo;Larissa Kikol -&lt;br&gt; SIGNED. Unterwegs mit der 1UP-Crew und Moses &amp; Taps&rdquo; has been added to your cart\" role=\"button\">Add to cart<\/a>\t<span id=\"woocommerce_loop_add_to_cart_link_describedby_19842\" class=\"screen-reader-text\">\n\t\t\t<\/span>\n<\/li>\n<li class=\"product type-product post-25432 status-publish instock product_cat-all-books product_cat-drawing product_cat-new-arrivals product_cat-painting product_cat-photography product_cat-works-on-paper-en product_tag-die-schenkung-paul-maenz-gerd-vries-en product_tag-gerd-vries-en product_tag-paul-maenz-en product_tag-yes-to-all-en product_tag-yes-to-all-die-schenkung-paul-maenz-gerd-vries-en has-post-thumbnail taxable shipping-taxable purchasable product-type-simple\">\n\t<a href=\"https:\/\/dcv-books.com\/en\/produkt\/yes-to-all-die-schenkung-paul-maenz-gerd-vries\/\" class=\"woocommerce-LoopProduct-link woocommerce-loop-product__link\"><div class=\"image-wrapper\"><img decoding=\"async\" width=\"2048\" height=\"2897\" src=\"https:\/\/dcv-books.com\/wp-content\/uploads\/2025\/08\/YES_TO_ALL_Cover_web-2048x2897.jpg\" class=\"attachment-woocommerce_thumbnail size-woocommerce_thumbnail\" alt=\"Yes To All -&lt;br&gt; Die Schenkung Paul Maenz Gerd Vries\" \/><\/div><div class=\"book-label book-label--new\"><\/div><h2 class=\"woocommerce-loop-product__title\">Yes To All <br> Die Schenkung Paul Maenz Gerd Vries<\/h2>  <div class=\"woocommerce-loop-product__description\" itemprop=\"description\">\n    <p><span style=\"font-weight: 400;\">The catalog accompanying the exhibition<em> YES TO ALL<\/em> offers profound insight into a collection of over nine hundred works on paper\u2014from postcards and drawings to photographs and posters\u2014that was gifted to the Kupferstichkabinett in 2022, with subsequent additions over the years until 2025. The donors are Paul Maenz and Gerd de Vries, who ran a gallery for contemporary art in Cologne until 1990 and chaperoned the evolution of avant-garde art from the conceptualism of the late 1960s to the neo-expressive painting of the 1980s. The most recent works in the collection date from 2024. Several essays and a conversation with the donors invite the reader to experience the stylistic and thematic polyphony of Western art in the late twentieth and early twenty-first centuries in new ways.<\/span><\/p>\n<p>&nbsp;<\/p>\n<p>EXHIBITION:<\/p>\n<p><strong>YES TO ALL. THE GIFTS OF PAUL MAENZ GERD DE VRIES TO THE KUPFERSTICHKABINETT<\/strong><\/p>\n<p>KUPFERSTICHKABINETT, STAATLICHE MUSEEN ZU BERLIN<br \/>\nUNTIL JANUARY 11, 2026<\/p>\n<p><a href=\"https:\/\/www.smb.museum\/en\/exhibitions\/detail\/yes-to-all\/\">more info here<\/a><\/p>\n  <\/div>\n\n\t<span class=\"price\"><span class=\"woocommerce-Price-amount amount\"><bdi>42<span class=\"woocommerce-Price-currencySymbol\">&euro;<\/span><\/bdi><\/span><\/span>\n<\/a><a href=\"\/en\/wp-json\/wp\/v2\/pages\/13174?add-to-cart=25432\" aria-describedby=\"woocommerce_loop_add_to_cart_link_describedby_25432\" data-quantity=\"1\" class=\"button product_type_simple add_to_cart_button ajax_add_to_cart\" data-product_id=\"25432\" data-product_sku=\"\" aria-label=\"Add to cart: &ldquo;Yes To All - Die Schenkung Paul Maenz Gerd Vries&rdquo;\" rel=\"nofollow\" data-success_message=\"&ldquo;Yes To All -&lt;br&gt; Die Schenkung Paul Maenz Gerd Vries&rdquo; has been added to your cart\" role=\"button\">Add to cart<\/a>\t<span id=\"woocommerce_loop_add_to_cart_link_describedby_25432\" class=\"screen-reader-text\">\n\t\t\t<\/span>\n<\/li>\n<li class=\"product type-product post-25562 status-publish last instock product_cat-all-books product_cat-new-arrivals product_cat-sculpture product_tag-points-of-view-en product_tag-tony-cragg-en has-post-thumbnail taxable shipping-taxable purchasable product-type-simple\">\n\t<a href=\"https:\/\/dcv-books.com\/en\/produkt\/tony-cragg-points-of-view\/\" class=\"woocommerce-LoopProduct-link woocommerce-loop-product__link\"><div class=\"image-wrapper\"><img decoding=\"async\" width=\"2048\" height=\"2466\" src=\"https:\/\/dcv-books.com\/wp-content\/uploads\/2025\/09\/Dessau-Katalog_Ansicht_150dpi-1_web-2048x2466.jpg\" class=\"attachment-woocommerce_thumbnail size-woocommerce_thumbnail\" alt=\"Tony Cragg -&lt;br&gt; Points of View\" \/><\/div><div class=\"book-label book-label--new\"><\/div><h2 class=\"woocommerce-loop-product__title\">Tony Cragg <br> Points of View<\/h2>  <div class=\"woocommerce-loop-product__description\" itemprop=\"description\">\n    <p>The biomorphic and monumental sculptures of British sculptor Tony Cragg (born 1949, lives in Wuppertal) impress with their virtuosity and their dynamic appearance. They might even evoke movement, as if they are still becoming. Often exhibited outdoors, and in church or museum contexts, they blend into their surroundings like organic entities. Since the 1960s, Cragg\u2019s search for sculptural form manifested through methods like layering and stacking existing materials, rearrangement, and assemblage. He now employs both traditional and new technologies and materials, yet his sculptures have to be seen in clear contrast to normative, repetitive industrial production. This book documents Cragg&#8217;s 2025 exhibition in the Anhaltische Gem\u00e4ldegalerie Dessau.<\/p>\n  <\/div>\n\n\t<span class=\"price\"><span class=\"woocommerce-Price-amount amount\"><bdi>24<span class=\"woocommerce-Price-currencySymbol\">&euro;<\/span><\/bdi><\/span><\/span>\n<\/a><a href=\"\/en\/wp-json\/wp\/v2\/pages\/13174?add-to-cart=25562\" aria-describedby=\"woocommerce_loop_add_to_cart_link_describedby_25562\" data-quantity=\"1\" class=\"button product_type_simple add_to_cart_button ajax_add_to_cart\" data-product_id=\"25562\" data-product_sku=\"\" aria-label=\"Add to cart: &ldquo;Tony Cragg - Points of View&rdquo;\" rel=\"nofollow\" data-success_message=\"&ldquo;Tony Cragg -&lt;br&gt; Points of View&rdquo; has been added to your cart\" role=\"button\">Add to cart<\/a>\t<span id=\"woocommerce_loop_add_to_cart_link_describedby_25562\" class=\"screen-reader-text\">\n\t\t\t<\/span>\n<\/li>\n<li class=\"product type-product post-25944 status-publish first instock product_cat-all-books product_cat-installation-art product_cat-new-arrivals product_cat-painting product_cat-sculpture product_tag-dripping-folds-and-melting-states-en product_tag-valentina-jaffe-en product_tag-wilhelm-hack-museum-en has-post-thumbnail taxable shipping-taxable purchasable product-type-simple\">\n\t<a href=\"https:\/\/dcv-books.com\/en\/produkt\/valentina-jaffe-dripping-folds-and-melting-states\/\" class=\"woocommerce-LoopProduct-link woocommerce-loop-product__link\"><div class=\"image-wrapper\"><img decoding=\"async\" width=\"1828\" height=\"2499\" src=\"https:\/\/dcv-books.com\/wp-content\/uploads\/2025\/06\/Jaffe_Valentina_COVER_final-1.jpg\" class=\"attachment-woocommerce_thumbnail size-woocommerce_thumbnail\" alt=\"Valentina Jaff\u00e9 -&lt;br&gt; Dripping Folds and Melting States\" \/><\/div><h2 class=\"woocommerce-loop-product__title\">Valentina Jaff\u00e9 <br> Dripping Folds and Melting States<\/h2>  <div class=\"woocommerce-loop-product__description\" itemprop=\"description\">\n    <p><i><span style=\"font-weight: 400;\">Dripping Folds and Melting States<\/span><\/i><span style=\"font-weight: 400;\"> is published in conjunction with the young artist Valentina Jaff\u00e9\u2019s most extensive institutional solo exhibition to date. Blending artist\u2019s book and catalogue, the volume gathers works from the past five years by Jaff\u00e9, who lives and works in the Rhine\u2013Neckar metropolitan region. Taking an interdisciplinary and inter-media approach, she continually refines the conception of collage that is central to her art. Her creative universe is informed by intersections, imbrications, and the exploration of in-between states\u2014by the concurrence of mutability and constancy.<\/span><\/p>\n<p><span style=\"font-weight: 400;\">Created out of long-fibered paper and awash in color, the artist\u2019s visual spaces are transformed with each new environment and have an air of breathing membranes. Her ceramics, meanwhile, play with contrasts of hardness and softness, fragility and stability, coldness and warmth. The book reflects Jaff\u00e9\u2019s multifaceted experimentation and is enhanced by scholarly contributions by Carolin Heel and Fedra Benoli, who add depth to her engagement with space, body, and material.<\/span><\/p>\n  <\/div>\n\n\t<span class=\"price\"><span class=\"woocommerce-Price-amount amount\"><bdi>24<span class=\"woocommerce-Price-currencySymbol\">&euro;<\/span><\/bdi><\/span><\/span>\n<\/a><a href=\"\/en\/wp-json\/wp\/v2\/pages\/13174?add-to-cart=25944\" aria-describedby=\"woocommerce_loop_add_to_cart_link_describedby_25944\" data-quantity=\"1\" class=\"button product_type_simple add_to_cart_button ajax_add_to_cart\" data-product_id=\"25944\" data-product_sku=\"\" aria-label=\"Add to cart: &ldquo;Valentina Jaff\u00e9 - Dripping Folds and Melting States&rdquo;\" rel=\"nofollow\" data-success_message=\"&ldquo;Valentina Jaff\u00e9 -&lt;br&gt; Dripping Folds and Melting States&rdquo; has been added to your cart\" role=\"button\">Add to cart<\/a>\t<span id=\"woocommerce_loop_add_to_cart_link_describedby_25944\" class=\"screen-reader-text\">\n\t\t\t<\/span>\n<\/li>\n<li class=\"product type-product post-26180 status-publish instock product_cat-all-books product_cat-architecture product_cat-installation-art product_cat-new-arrivals product_cat-on-art product_cat-painting product_cat-sculpture product_tag-1955-2025-en product_tag-andere-zeit-en product_tag-kuenstlerbund-baden-wuerttemberg-en product_tag-selber-ort-en has-post-thumbnail taxable shipping-taxable purchasable product-type-simple\">\n\t<a href=\"https:\/\/dcv-books.com\/en\/produkt\/selber-ort-andere-zeit-kunstlerbund-baden-wurttemberg-1955-2025\/\" class=\"woocommerce-LoopProduct-link woocommerce-loop-product__link\"><div class=\"image-wrapper\"><img decoding=\"async\" width=\"2048\" height=\"2742\" src=\"https:\/\/dcv-books.com\/wp-content\/uploads\/2026\/01\/SELBER_ORT_ANDERE_ZEIT_Cover-2048x2742.jpg\" class=\"attachment-woocommerce_thumbnail size-woocommerce_thumbnail\" alt=\"SELBER ORT, ANDERE ZEIT. -&lt;br&gt; K\u00fcnstlerbund Baden-W\u00fcrttemberg 1955 \u2013 2025\" \/><\/div><div class=\"book-label book-label--new\"><\/div><h2 class=\"woocommerce-loop-product__title\">SELBER ORT, ANDERE ZEIT. <br> K\u00fcnstlerbund Baden-W\u00fcrttemberg 1955 \u2013 2025<\/h2>  <div class=\"woocommerce-loop-product__description\" itemprop=\"description\">\n    <p>This two-volume publication commemorates the 70th anniversary of the Baden-W\u00fcrttemberg Artists&#8217; Association, which presented its first exhibition in 1955 at the Staatliche Kunsthalle Baden-Baden. At that time, the state-wide artists&#8217; association included Otto Dix, Ida Kerkovius, and Willi Baumeister, among others. Today, the Baden-W\u00fcrttemberg Artists&#8217; Association has 450 members. Archival material provides insight into its multifaceted history, and insightful essays illuminate the significance of artists\u2019 associations and the discourses they initiated in post-war Germany, after the country\u2019s division and eventual reunification. The second volume documents the current exhibition <em>Selber Ort, andere Zeit<\/em> (Same Place, Different Time), featuring 21 artists who stand for the broad spectrum of creative approaches and generations represented in the association.<\/p>\n  <\/div>\n\n\t<span class=\"price\"><span class=\"woocommerce-Price-amount amount\"><bdi>38<span class=\"woocommerce-Price-currencySymbol\">&euro;<\/span><\/bdi><\/span><\/span>\n<\/a><a href=\"\/en\/wp-json\/wp\/v2\/pages\/13174?add-to-cart=26180\" aria-describedby=\"woocommerce_loop_add_to_cart_link_describedby_26180\" data-quantity=\"1\" class=\"button product_type_simple add_to_cart_button ajax_add_to_cart\" data-product_id=\"26180\" data-product_sku=\"\" aria-label=\"Add to cart: &ldquo;SELBER ORT, ANDERE ZEIT. - K\u00fcnstlerbund Baden-W\u00fcrttemberg 1955 \u2013 2025&rdquo;\" rel=\"nofollow\" data-success_message=\"&ldquo;SELBER ORT, ANDERE ZEIT. -&lt;br&gt; K\u00fcnstlerbund Baden-W\u00fcrttemberg 1955 \u2013 2025&rdquo; has been added to your cart\" role=\"button\">Add to cart<\/a>\t<span id=\"woocommerce_loop_add_to_cart_link_describedby_26180\" class=\"screen-reader-text\">\n\t\t\t<\/span>\n<\/li>\n<li class=\"product type-product post-25767 status-publish instock product_cat-all-books product_cat-new-arrivals product_cat-painting product_tag-eine-freie-malerin-en product_tag-elke-wree-en product_tag-michael-huebl-en has-post-thumbnail taxable shipping-taxable purchasable product-type-simple\">\n\t<a href=\"https:\/\/dcv-books.com\/en\/produkt\/eine-freie-malerin-elke-wree\/\" class=\"woocommerce-LoopProduct-link woocommerce-loop-product__link\"><div class=\"image-wrapper\"><img decoding=\"async\" width=\"2035\" height=\"2500\" src=\"https:\/\/dcv-books.com\/wp-content\/uploads\/2024\/01\/DCV-01-elke-wree-Titel_Kontur_web-3.jpg\" class=\"attachment-woocommerce_thumbnail size-woocommerce_thumbnail\" alt=\"eine freie malerin. -&lt;br&gt; elke wree.\" \/><\/div><div class=\"book-label book-label--new\"><\/div><h2 class=\"woocommerce-loop-product__title\">eine freie malerin. <br> elke wree.<\/h2>  <div class=\"woocommerce-loop-product__description\" itemprop=\"description\">\n    <p>The painter Elke Wree\u2019s career (1940\u20132025) was defined by the debates of the post-war era. Art was considered a search for truth and intended to reveal the existentially essential. Fundamental questions were: Realism or abstraction? Genuine or fake? This book provides insight into the search for an authentic, contemporary visual language. Wree&#8217;s formative teachers in Karlsruhe and Berlin are discussed, as are her changing social environments and the rapid societal changes. Wree&#8217;s paintings were always nature-inspired abstraction with overlapping color spaces and painting gestures. Wree groups her pictures with terms such as <em>condensations and clearings<\/em>, <em>in-between lands<\/em>, or <em>traces of light and time<\/em>. This volume is simultaneously a biography, panorama, analysis, and homage.<\/p>\n  <\/div>\n\n\t<span class=\"price\"><span class=\"woocommerce-Price-amount amount\"><bdi>26<span class=\"woocommerce-Price-currencySymbol\">&euro;<\/span><\/bdi><\/span><\/span>\n<\/a><a href=\"\/en\/wp-json\/wp\/v2\/pages\/13174?add-to-cart=25767\" aria-describedby=\"woocommerce_loop_add_to_cart_link_describedby_25767\" data-quantity=\"1\" class=\"button product_type_simple add_to_cart_button ajax_add_to_cart\" data-product_id=\"25767\" data-product_sku=\"\" aria-label=\"Add to cart: &ldquo;eine freie malerin. - elke wree.&rdquo;\" rel=\"nofollow\" data-success_message=\"&ldquo;eine freie malerin. -&lt;br&gt; elke wree.&rdquo; has been added to your cart\" role=\"button\">Add to cart<\/a>\t<span id=\"woocommerce_loop_add_to_cart_link_describedby_25767\" class=\"screen-reader-text\">\n\t\t\t<\/span>\n<\/li>\n<li class=\"product type-product post-26106 status-publish last instock product_cat-all-books product_cat-ceramics product_cat-new-arrivals product_cat-sculpture product_tag-conversation-pieces-en product_tag-louise-hindsgavl-en has-post-thumbnail taxable shipping-taxable purchasable product-type-simple\">\n\t<a href=\"https:\/\/dcv-books.com\/en\/produkt\/louise-hindsgavl-conversation-pieces\/\" class=\"woocommerce-LoopProduct-link woocommerce-loop-product__link\"><div class=\"image-wrapper\"><img decoding=\"async\" width=\"1914\" height=\"2500\" src=\"https:\/\/dcv-books.com\/wp-content\/uploads\/2025\/07\/cover_digi_web.jpg\" class=\"attachment-woocommerce_thumbnail size-woocommerce_thumbnail\" alt=\"Louise Hindsgavl -&lt;br&gt; Conversation Pieces\" \/><\/div><div class=\"book-label book-label--new\"><\/div><h2 class=\"woocommerce-loop-product__title\">Louise Hindsgavl <br> Conversation Pieces<\/h2>  <div class=\"woocommerce-loop-product__description\" itemprop=\"description\">\n    <p><span style=\"font-weight: 400;\">The Danish sculptor Louise Hindsgavl (born 1973, lives in Copenhagen) is known for hybrid figurines made of porcelain and glazed stoneware: half animal, half human. Only their material evokes the idealized and kitschy scenes traditionally rendered in porcelain; however, Hindsgavl\u2019s \u201csculptural collisions\u201d tell of disturbing encounters between tormented beast-like people. <\/span><span style=\"font-weight: 400;\">For that she draws from brutal folktales of the past as much as from the ubiquitous \u201cfairytales\u201d of today\u2019s social media that normalize violence, sexual abuse, and self-harm. Using one of the most fragile materials, she brings these trends into focus for discussion, calling her sculptures <\/span><i><span style=\"font-weight: 400;\">Conversation Pieces<\/span><\/i><span style=\"font-weight: 400;\">\u2014which is also the title of this interesting and provocative book.<\/span><\/p>\n  <\/div>\n\n\t<span class=\"price\"><span class=\"woocommerce-Price-amount amount\"><bdi>68<span class=\"woocommerce-Price-currencySymbol\">&euro;<\/span><\/bdi><\/span><\/span>\n<\/a><a href=\"\/en\/wp-json\/wp\/v2\/pages\/13174?add-to-cart=26106\" aria-describedby=\"woocommerce_loop_add_to_cart_link_describedby_26106\" data-quantity=\"1\" class=\"button product_type_simple add_to_cart_button ajax_add_to_cart\" data-product_id=\"26106\" data-product_sku=\"\" aria-label=\"Add to cart: &ldquo;Louise Hindsgavl - Conversation Pieces&rdquo;\" rel=\"nofollow\" data-success_message=\"&ldquo;Louise Hindsgavl -&lt;br&gt; Conversation Pieces&rdquo; has been added to your cart\" role=\"button\">Add to cart<\/a>\t<span id=\"woocommerce_loop_add_to_cart_link_describedby_26106\" class=\"screen-reader-text\">\n\t\t\t<\/span>\n<\/li>\n<li class=\"product type-product post-25679 status-publish first instock product_cat-all-books product_cat-new-arrivals product_cat-painting product_tag-frank-morrison-en has-post-thumbnail taxable shipping-taxable purchasable product-type-simple\">\n\t<a href=\"https:\/\/dcv-books.com\/en\/produkt\/frank-morrison-brilliance-behind-the-line\/\" class=\"woocommerce-LoopProduct-link woocommerce-loop-product__link\"><div class=\"image-wrapper\"><img decoding=\"async\" width=\"1965\" height=\"2500\" src=\"https:\/\/dcv-books.com\/wp-content\/uploads\/2025\/09\/RB_MORRISON_Catalog-Sept2025_front-cover_web.jpg\" class=\"attachment-woocommerce_thumbnail size-woocommerce_thumbnail\" alt=\"Frank Morrison -&lt;br&gt;\" \/><\/div><div class=\"book-label book-label--new\"><\/div><h2 class=\"woocommerce-loop-product__title\">Frank Morrison <br><\/h2>  <div class=\"woocommerce-loop-product__description\" itemprop=\"description\">\n    <p>Frank Morrison\u2019s (b. 1971, lives in Atlanta) dynamic urban-mannerist images celebrate Black Americans\u2019 <span class=\"s1\">resilience and dignity in everyday life. A child born into the realities of America\u2019s structural inequities, <\/span><span class=\"s1\">the painter and illustrator knows firsthand that creativity and community have always found ways to <\/span><span class=\"s1\">rise, thriving even in the face of exclusion. Hip-hop and graffiti are resistance. Rather than repeating <\/span><span class=\"s1\">the old stories of struggle, this book celebrates the beauty, ingenuity, and strength that have always <\/span><span class=\"s1\">lived in marginalized neighborhoods. The book documents Morrison\u2019s recent exhibitions, one of which <\/span><span class=\"s1\">is dedicated to young people, with frame-braking images that interweave narrative forms of pop art: <\/span><span class=\"s1\">an explosive tribute to genius flourishing in the architecture of exclusion.<\/span><\/p>\n  <\/div>\n\n\t<span class=\"price\"><span class=\"woocommerce-Price-amount amount\"><bdi>38<span class=\"woocommerce-Price-currencySymbol\">&euro;<\/span><\/bdi><\/span><\/span>\n<\/a><a href=\"\/en\/wp-json\/wp\/v2\/pages\/13174?add-to-cart=25679\" aria-describedby=\"woocommerce_loop_add_to_cart_link_describedby_25679\" data-quantity=\"1\" class=\"button product_type_simple add_to_cart_button ajax_add_to_cart\" data-product_id=\"25679\" data-product_sku=\"\" aria-label=\"Add to cart: &ldquo;Frank Morrison -&rdquo;\" rel=\"nofollow\" data-success_message=\"&ldquo;Frank Morrison -&lt;br&gt;&rdquo; has been added to your cart\" role=\"button\">Add to cart<\/a>\t<span id=\"woocommerce_loop_add_to_cart_link_describedby_25679\" class=\"screen-reader-text\">\n\t\t\t<\/span>\n<\/li>\n<li class=\"product type-product post-25849 status-publish instock product_cat-all-books product_cat-new-arrivals product_cat-performance-art product_tag-buergersteig-en product_tag-cahier-en product_tag-cahier-2-en product_tag-cahier-002-en product_tag-silke-wagner-en has-post-thumbnail taxable shipping-taxable purchasable product-type-simple\">\n\t<a href=\"https:\/\/dcv-books.com\/en\/produkt\/cahier-002-silke-wagner-burgersteig\/\" class=\"woocommerce-LoopProduct-link woocommerce-loop-product__link\"><div class=\"image-wrapper\"><img decoding=\"async\" width=\"1742\" height=\"2500\" src=\"https:\/\/dcv-books.com\/wp-content\/uploads\/2024\/01\/CAHIER_02_Cover_mit_Kontur_web.jpg\" class=\"attachment-woocommerce_thumbnail size-woocommerce_thumbnail\" alt=\"Cahier 002 -&lt;br&gt; Silke Wagner. b\u00fcrgersteig\" \/><\/div><div class=\"book-label book-label--new\"><\/div><h2 class=\"woocommerce-loop-product__title\">Cahier 002 <br> Silke Wagner. b\u00fcrgersteig<\/h2>  <div class=\"woocommerce-loop-product__description\" itemprop=\"description\">\n    <p>Between 2001 and 2002, a VW bus bearing the inscription &#8220;Lufthansa Deportation Class&#8221; was on display in various German cities. It was part of the provocative b\u00fcrgersteig action by Silke Wagner (born 1968, lives in Frankfurt) about Lufthansa providing aircraft for deportation purposes. The bus sparked heated debates and became a vehicle for activist networking and communication among citizens. The participatory art project was groundbreaking at the time in its collaboration with civil justice initiatives. Cahier 002 documents b\u00fcrgersteig for the first time with all its aspects, disclosing the sources for the action as well as material on the legal conflicts that followed the project.<\/p>\n  <\/div>\n\n\t<span class=\"price\"><span class=\"woocommerce-Price-amount amount\"><bdi>22<span class=\"woocommerce-Price-currencySymbol\">&euro;<\/span><\/bdi><\/span><\/span>\n<\/a><a href=\"\/en\/wp-json\/wp\/v2\/pages\/13174?add-to-cart=25849\" aria-describedby=\"woocommerce_loop_add_to_cart_link_describedby_25849\" data-quantity=\"1\" class=\"button product_type_simple add_to_cart_button ajax_add_to_cart\" data-product_id=\"25849\" data-product_sku=\"\" aria-label=\"Add to cart: &ldquo;Cahier 002 - Silke Wagner. b\u00fcrgersteig&rdquo;\" rel=\"nofollow\" data-success_message=\"&ldquo;Cahier 002 -&lt;br&gt; Silke Wagner. b\u00fcrgersteig&rdquo; has been added to your cart\" role=\"button\">Add to cart<\/a>\t<span id=\"woocommerce_loop_add_to_cart_link_describedby_25849\" class=\"screen-reader-text\">\n\t\t\t<\/span>\n<\/li>\n<li class=\"product type-product post-25877 status-publish instock product_cat-all-books product_cat-drawing product_cat-new-arrivals product_cat-works-on-paper-en product_tag-pieter-slagboom-en product_tag-scent-of-hypnosis-en has-post-thumbnail taxable shipping-taxable purchasable product-type-simple\">\n\t<a href=\"https:\/\/dcv-books.com\/en\/produkt\/pieter-slagboom-scent-of-hypnosis\/\" class=\"woocommerce-LoopProduct-link woocommerce-loop-product__link\"><div class=\"image-wrapper\"><img decoding=\"async\" width=\"1883\" height=\"2500\" src=\"https:\/\/dcv-books.com\/wp-content\/uploads\/2025\/10\/Slagboom_Cover_NEU_web.jpg\" class=\"attachment-woocommerce_thumbnail size-woocommerce_thumbnail\" alt=\"Pieter Slagboom -&lt;br&gt; Scent of Hypnosis\" \/><\/div><div class=\"book-label book-label--new\"><\/div><h2 class=\"woocommerce-loop-product__title\">Pieter Slagboom <br> Scent of Hypnosis<\/h2>  <div class=\"woocommerce-loop-product__description\" itemprop=\"description\">\n    <p><span style=\"font-weight: 400;\">Pieter Slagboom\u2019s drawings are about life and death. About how these ostensible antagonists are inseparable; how, in his imagination, they are even fused. In his enormous canvases, we are held by the essence of our existence as though by a steel vise: we come from the void and in the end shall return to it. Thousands upon thousands of sweeping lines, twisting like Moebius strips, make for an almost physical experience of this truth. The dead and the newborn emerge from the primeval soup of Slagboom\u2019s lines, as do genitals; we spot larger-than-life fantasies of disturbing sexual acts. The circle of life as a short circuit. The energy of some of the pictures in Slagboom\u2019s oeuvre is almost too much to bear\u2014we shudder before the pigments materializing our latent knowledge: that death is suspended in life.<\/span><\/p>\n  <\/div>\n\n\t<span class=\"price\"><span class=\"woocommerce-Price-amount amount\"><bdi>42<span class=\"woocommerce-Price-currencySymbol\">&euro;<\/span><\/bdi><\/span><\/span>\n<\/a><a href=\"\/en\/wp-json\/wp\/v2\/pages\/13174?add-to-cart=25877\" aria-describedby=\"woocommerce_loop_add_to_cart_link_describedby_25877\" data-quantity=\"1\" class=\"button product_type_simple add_to_cart_button ajax_add_to_cart\" data-product_id=\"25877\" data-product_sku=\"\" aria-label=\"Add to cart: &ldquo;Pieter Slagboom - Scent of Hypnosis&rdquo;\" rel=\"nofollow\" data-success_message=\"&ldquo;Pieter Slagboom -&lt;br&gt; Scent of Hypnosis&rdquo; has been added to your cart\" role=\"button\">Add to cart<\/a>\t<span id=\"woocommerce_loop_add_to_cart_link_describedby_25877\" class=\"screen-reader-text\">\n\t\t\t<\/span>\n<\/li>\n<li class=\"product type-product post-25489 status-publish last instock product_cat-all-books product_cat-new-arrivals product_cat-painting product_tag-distant-mirrors-en product_tag-ferne-spiegel-en product_tag-ferne-spiegel-distant-mirrors-en product_tag-sibylle-springer-en has-post-thumbnail taxable shipping-taxable purchasable product-type-simple\">\n\t<a href=\"https:\/\/dcv-books.com\/en\/produkt\/sibylle-springer-ferne-spiegel-distant-mirrors\/\" class=\"woocommerce-LoopProduct-link woocommerce-loop-product__link\"><div class=\"image-wrapper\"><img decoding=\"async\" width=\"1519\" height=\"1899\" src=\"https:\/\/dcv-books.com\/wp-content\/uploads\/2025\/07\/Sibylle_Springer_01_frontansicht_web-2.jpg\" class=\"attachment-woocommerce_thumbnail size-woocommerce_thumbnail\" alt=\"Sibylle Springer -&lt;br&gt; Ferne Spiegel \/ Distant Mirrors\" \/><\/div><div class=\"book-label book-label--new\"><\/div><h2 class=\"woocommerce-loop-product__title\">Sibylle Springer <br> Ferne Spiegel \/ Distant Mirrors<\/h2>  <div class=\"woocommerce-loop-product__description\" itemprop=\"description\">\n    <p><span style=\"font-weight: 400;\">The paintings of Sibylle Springer (born 1975, lives in Bremen) focus on the role of women in the art world of the digital age. For her portrait series <em>Feed<\/em>, she has painted 40 female artists to date, based on staged photographs from their Instagram feeds. &#8220;Is social media an instrument of emancipation, or does it even lead to new forms of objectification?&#8221; (Kohout) In <em>Wait for It<\/em>, Springer copied pop stars from the internet, but used a silver paint that oxidizes the canvases, thus aging the eternally youthful icons before our eyes\u2014precisely what digital image control seeks to prevent. In her more recent textile objects, Springer interweaves female artists of the past and present. This informative book accompanies her exhibition at the Kunstverein Bremen.<\/span><\/p>\n<p>&nbsp;<\/p>\n<p><span style=\"font-weight: 400;\">Die Malerei von Sibylle Springer (geb. 1975, lebt in Bremen) widmet sich der Rolle von Frauen in der Kunstwelt des digitalen Zeitalters. F\u00fcr ihre Portraitserie <em>Feed<\/em> malte sie bisher 40 K\u00fcnstlerinnen, basierend auf fotografischen Selbstinszenierungen aus deren Instagram-Feeds. \u201cSind Soziale Medien Instrumente der Emanzipation oder f\u00fchren sie gar zu neuen\u00a0 Formen der Objektifizierung?\u201d (Kohout) F\u00fcr <em>Wait for It<\/em> kopierte Springer Popstars aus dem Netz, aber benutzte ein die Leinw\u00e4nde oxidierendes Silber, das die ewig-jungen Ikonen vor unseren Augen altern l\u00e4sst, gerade das, was digitale Imagekontrolle zu verhindern sucht. In neueren, textilen Objekten verkn\u00fcpft Springer K\u00fcnstlerinnen der Vergangenheit und Gegenwart. Dieses informative Buch begleitet ihre Ausstellung im Kunstverein Bremen.<\/span><\/p>\n<p>&nbsp;<\/p>\n<p><strong>FERNE SPIEGEL \/ DISTANT MIRRORS<\/strong><br \/>\nKUNSTHALLE BREMEN<br \/>\nUNTIL JANUARY 11, 2026<\/p>\n<p><a href=\"https:\/\/www.kunsthalle-bremen.de\/en\">more info here<\/a><\/p>\n  <\/div>\n\n\t<span class=\"price\"><span class=\"woocommerce-Price-amount amount\"><bdi>35<span class=\"woocommerce-Price-currencySymbol\">&euro;<\/span><\/bdi><\/span><\/span>\n<\/a><a href=\"\/en\/wp-json\/wp\/v2\/pages\/13174?add-to-cart=25489\" aria-describedby=\"woocommerce_loop_add_to_cart_link_describedby_25489\" data-quantity=\"1\" class=\"button product_type_simple add_to_cart_button ajax_add_to_cart\" data-product_id=\"25489\" data-product_sku=\"\" aria-label=\"Add to cart: &ldquo;Sibylle Springer - Ferne Spiegel \/ Distant Mirrors&rdquo;\" rel=\"nofollow\" data-success_message=\"&ldquo;Sibylle Springer -&lt;br&gt; Ferne Spiegel \/ Distant Mirrors&rdquo; has been added to your cart\" role=\"button\">Add to cart<\/a>\t<span id=\"woocommerce_loop_add_to_cart_link_describedby_25489\" class=\"screen-reader-text\">\n\t\t\t<\/span>\n<\/li>\n<li class=\"product type-product post-25537 status-publish first instock product_cat-all-books product_cat-architecture product_cat-drawing product_cat-installation-art product_cat-new-arrivals product_cat-sculpture product_cat-works-on-paper-en product_tag-building-worlds-en product_tag-larissa-fassler-en has-post-thumbnail taxable shipping-taxable purchasable product-type-simple\">\n\t<a href=\"https:\/\/dcv-books.com\/en\/produkt\/larissa-fassler-building-worlds\/\" class=\"woocommerce-LoopProduct-link woocommerce-loop-product__link\"><div class=\"image-wrapper\"><img decoding=\"async\" width=\"1630\" height=\"2482\" src=\"https:\/\/dcv-books.com\/wp-content\/uploads\/2025\/09\/mockup_larissa_fassler_Dustjacket_crop.jpg\" class=\"attachment-woocommerce_thumbnail size-woocommerce_thumbnail\" alt=\"Larissa Fassler -&lt;br&gt; Building Worlds\" \/><\/div><div class=\"book-label book-label--new\"><\/div><h2 class=\"woocommerce-loop-product__title\">Larissa Fassler <br> Building Worlds<\/h2>  <div class=\"woocommerce-loop-product__description\" itemprop=\"description\">\n    <p>The drawings and sculptures of Larissa Fassler (born 1975 in Canada, lives in Berlin) both document and question the modern metropolis, its public squares, train stations, and functional buildings. Fassler researches her chosen locations extensively in city archives and online. She tracks trends such as economic disparity, gentrification, homelessness, or drug consumption. She supplements these statistical facts with her own subjective survey methods, such as repeatedly visiting and observing the sites. All of the information gathered finds its way into Fassler&#8217;s complex cartographic drawings and sculptures, which reflect the socioeconomic and geopolitical challenges of our time. This book accompanies Fassler&#8217;s exhibition at the Kunstverein Lingen.<\/p>\n  <\/div>\n\n\t<span class=\"price\"><span class=\"woocommerce-Price-amount amount\"><bdi>20<span class=\"woocommerce-Price-currencySymbol\">&euro;<\/span><\/bdi><\/span><\/span>\n<\/a><a href=\"\/en\/wp-json\/wp\/v2\/pages\/13174?add-to-cart=25537\" aria-describedby=\"woocommerce_loop_add_to_cart_link_describedby_25537\" data-quantity=\"1\" class=\"button product_type_simple add_to_cart_button ajax_add_to_cart\" data-product_id=\"25537\" data-product_sku=\"\" aria-label=\"Add to cart: &ldquo;Larissa Fassler - Building Worlds&rdquo;\" rel=\"nofollow\" data-success_message=\"&ldquo;Larissa Fassler -&lt;br&gt; Building Worlds&rdquo; has been added to your cart\" role=\"button\">Add to cart<\/a>\t<span id=\"woocommerce_loop_add_to_cart_link_describedby_25537\" class=\"screen-reader-text\">\n\t\t\t<\/span>\n<\/li>\n<li class=\"product type-product post-25256 status-publish instock product_cat-all-books product_cat-new-arrivals product_cat-photography product_tag-erich-hoertnagl-en product_tag-unforgettable-en product_tag-unforgotten-en product_tag-unvergessen-en product_tag-unvergesslich-en has-post-thumbnail taxable shipping-taxable purchasable product-type-simple\">\n\t<a href=\"https:\/\/dcv-books.com\/en\/produkt\/25256\/\" class=\"woocommerce-LoopProduct-link woocommerce-loop-product__link\"><div class=\"image-wrapper\"><img decoding=\"async\" width=\"1500\" height=\"1287\" src=\"https:\/\/dcv-books.com\/wp-content\/uploads\/2024\/01\/UnforgettableUnforgotten-Front-23jul2025-screenRes_web.jpg\" class=\"attachment-woocommerce_thumbnail size-woocommerce_thumbnail\" alt=\"Erich H\u00f6rtnagl -&lt;br&gt; Unforgettable \u2013 Unforgotten\" \/><\/div><div class=\"book-label book-label--new\"><\/div><h2 class=\"woocommerce-loop-product__title\">Erich H\u00f6rtnagl <br> Unforgettable \u2013 Unforgotten<\/h2>  <div class=\"woocommerce-loop-product__description\" itemprop=\"description\">\n    <p><b>How can a life be remembered\u2014what remains, what vanishes?<\/b><\/p>\n<p><span style=\"font-weight: 400;\">In <\/span><i><span style=\"font-weight: 400;\">Unforgettable<\/span><\/i><span style=\"font-weight: 400;\"> | <\/span><i><span style=\"font-weight: 400;\">Unforgotten<\/span><\/i><span style=\"font-weight: 400;\">, Erich H\u00f6rtnagl brings together photographic fragments that are more than just memories: they are symbols of lived time. Roland Barthes\u2019 concept of the \u201cpunctum\u201d experience\u2014that instant when a detail in an image pierces the heart\u2014provides a key to H\u00f6rtnagl\u2019s photographic gaze. It is not the spectacular events but the quiet and incidental things that move us. The seemingly insignificant becomes a projection screen for memory, loss, and emotion. The focus is not on what is staged, but on what eludes creative control.<\/span><\/p>\n<p><span style=\"font-weight: 400;\">Accompanied by insightful writings by Alois Sch\u00f6pf and Kurt H\u00f6retzeder, a quiet monologue emerges about happiness and missed opportunities, about what we receive\u2014and what we give. A book that doesn\u2019t provide answers but asks questions: What makes a life worth living? What remains unforgettable or unforgotten?<\/span><\/p>\n  <\/div>\n\n\t<span class=\"price\"><span class=\"woocommerce-Price-amount amount\"><bdi>48<span class=\"woocommerce-Price-currencySymbol\">&euro;<\/span><\/bdi><\/span><\/span>\n<\/a><a href=\"\/en\/wp-json\/wp\/v2\/pages\/13174?add-to-cart=25256\" aria-describedby=\"woocommerce_loop_add_to_cart_link_describedby_25256\" data-quantity=\"1\" class=\"button product_type_simple add_to_cart_button ajax_add_to_cart\" data-product_id=\"25256\" data-product_sku=\"\" aria-label=\"Add to cart: &ldquo;Erich H\u00f6rtnagl - Unforgettable \u2013 Unforgotten&rdquo;\" rel=\"nofollow\" data-success_message=\"&ldquo;Erich H\u00f6rtnagl -&lt;br&gt; Unforgettable \u2013 Unforgotten&rdquo; has been added to your cart\" role=\"button\">Add to cart<\/a>\t<span id=\"woocommerce_loop_add_to_cart_link_describedby_25256\" class=\"screen-reader-text\">\n\t\t\t<\/span>\n<\/li>\n<li class=\"product type-product post-25460 status-publish instock product_cat-all-books product_cat-film-and-video product_cat-installation-art product_cat-new-arrivals product_cat-painting product_cat-performance-art product_cat-photography product_cat-sculpture product_tag-andreas-wegner-en product_tag-schneckenpost-en product_tag-weil-die-uns-keinen-pfennig-kost-en product_tag-wir-fahren-mit-der-schneckenpost-en has-post-thumbnail taxable shipping-taxable purchasable product-type-simple\">\n\t<a href=\"https:\/\/dcv-books.com\/en\/produkt\/andreas-wegner-wir-fahren-mit-der-schneckenpost-weil-sie-uns-keinen-pfennig-kost\/\" class=\"woocommerce-LoopProduct-link woocommerce-loop-product__link\"><div class=\"image-wrapper\"><img decoding=\"async\" width=\"1852\" height=\"2500\" src=\"https:\/\/dcv-books.com\/wp-content\/uploads\/2025\/07\/Wegner_Cover_final_web.jpg\" class=\"attachment-woocommerce_thumbnail size-woocommerce_thumbnail\" alt=\"Andreas Wegner -&lt;br&gt; Wir fahren mit der Schneckenpost, weil die uns keinen Pfennig kost\" \/><\/div><div class=\"book-label book-label--new\"><\/div><h2 class=\"woocommerce-loop-product__title\">Andreas Wegner <br> Wir fahren mit der Schneckenpost, weil die uns keinen Pfennig kost<\/h2>  <div class=\"woocommerce-loop-product__description\" itemprop=\"description\">\n    <p><span style=\"font-weight: 400;\">The art of Andreas Wegner is an inquiry into capitalist urbanity. His interventions explore alternative models for urban interaction, trade, city development, traffic, or the use of public space. Inspired by Joseph Beuys&#8217;s social sculpture and Charles Fourier&#8217;s social utopias, Wegner founded, e.g. a cooperative department store in Berlin, a grocery store in Vienna, and conducted real estate business as a form of creative resistance. This monograph illustrates the artist&#8217;s most important projects with ample imagery, essays by renowned authors, interviews, and his own texts. Alongside collective initiatives, installations, photography, film, and sculpture, painting remains a constant in Wegner&#8217;s oeuvre to this day.<\/span><\/p>\n  <\/div>\n\n\t<span class=\"price\"><span class=\"woocommerce-Price-amount amount\"><bdi>50<span class=\"woocommerce-Price-currencySymbol\">&euro;<\/span><\/bdi><\/span><\/span>\n<\/a><a href=\"\/en\/wp-json\/wp\/v2\/pages\/13174?add-to-cart=25460\" aria-describedby=\"woocommerce_loop_add_to_cart_link_describedby_25460\" data-quantity=\"1\" class=\"button product_type_simple add_to_cart_button ajax_add_to_cart\" data-product_id=\"25460\" data-product_sku=\"\" aria-label=\"Add to cart: &ldquo;Andreas Wegner - Wir fahren mit der Schneckenpost, weil die uns keinen Pfennig kost&rdquo;\" rel=\"nofollow\" data-success_message=\"&ldquo;Andreas Wegner -&lt;br&gt; Wir fahren mit der Schneckenpost, weil die uns keinen Pfennig kost&rdquo; has been added to your cart\" role=\"button\">Add to cart<\/a>\t<span id=\"woocommerce_loop_add_to_cart_link_describedby_25460\" class=\"screen-reader-text\">\n\t\t\t<\/span>\n<\/li>\n<li class=\"product type-product post-24167 status-publish last instock product_cat-all-books product_cat-installation-art product_cat-new-arrivals product_cat-sculpture product_tag-antonia-hirsch-en product_tag-phenomenal-fracture-en has-post-thumbnail taxable shipping-taxable purchasable product-type-simple\">\n\t<a href=\"https:\/\/dcv-books.com\/en\/produkt\/antonia-hirsch-phenomenal-fracture\/\" class=\"woocommerce-LoopProduct-link woocommerce-loop-product__link\"><div class=\"image-wrapper\"><img decoding=\"async\" width=\"1932\" height=\"2500\" src=\"https:\/\/dcv-books.com\/wp-content\/uploads\/2024\/12\/A_HIRSCH_COVER_FAV_web.jpg\" class=\"attachment-woocommerce_thumbnail size-woocommerce_thumbnail\" alt=\"Antonia Hirsch -&lt;br&gt; Phenomenal Fracture\" \/><\/div><div class=\"book-label book-label--new\"><\/div><h2 class=\"woocommerce-loop-product__title\">Antonia Hirsch <br> Phenomenal Fracture<\/h2>  <div class=\"woocommerce-loop-product__description\" itemprop=\"description\">\n    <p><span style=\"font-weight: 400;\">In a probing engagement with the screen, an omnipresent object in contemporary life, Antonia Hirsch charts the gulf between the digital and the analog, the two spheres of which our perceived reality is composed. In provocative installations and objects, the artist conceives the distinctions between screen, mirror, and blade as less than sharply defined. Her works show rigidly geometric shapes made of hard and shimmering glass and steel; they encounter eerily somatic and perishable-looking cardboard or soft foamed-plastic components that recall the bodies they perhaps once served. Reflective surfaces mirror our gaze, but the less classy materials, too, await recognition by the beholder\u2019s body. The book accompanies Hirsch\u2019s solo exhibition <em>Phenomenal Fracture<\/em> at Kunsthalle Lingen; photographs and writings convey extensive and sustained impressions that run the gamut from the uncanny to the darkly humorous.<\/span><\/p>\n  <\/div>\n\n\t<span class=\"price\"><span class=\"woocommerce-Price-amount amount\"><bdi>24<span class=\"woocommerce-Price-currencySymbol\">&euro;<\/span><\/bdi><\/span><\/span>\n<\/a><a href=\"\/en\/wp-json\/wp\/v2\/pages\/13174?add-to-cart=24167\" aria-describedby=\"woocommerce_loop_add_to_cart_link_describedby_24167\" data-quantity=\"1\" class=\"button product_type_simple add_to_cart_button ajax_add_to_cart\" data-product_id=\"24167\" data-product_sku=\"\" aria-label=\"Add to cart: &ldquo;Antonia Hirsch - Phenomenal Fracture&rdquo;\" rel=\"nofollow\" data-success_message=\"&ldquo;Antonia Hirsch -&lt;br&gt; Phenomenal Fracture&rdquo; has been added to your cart\" role=\"button\">Add to cart<\/a>\t<span id=\"woocommerce_loop_add_to_cart_link_describedby_24167\" class=\"screen-reader-text\">\n\t\t\t<\/span>\n<\/li>\n<li class=\"product type-product post-25282 status-publish first instock product_cat-all-books product_cat-new-arrivals product_cat-on-art product_cat-poetry product_cat-works-on-paper-en product_tag-cahier-en product_tag-cahier-001-en product_tag-heinz-gappmayr-en product_tag-tiroler-landesmuseen-en has-post-thumbnail taxable shipping-taxable purchasable product-type-simple\">\n\t<a href=\"https:\/\/dcv-books.com\/en\/produkt\/cahier-1-heinz-gappmayr\/\" class=\"woocommerce-LoopProduct-link woocommerce-loop-product__link\"><div class=\"image-wrapper\"><img decoding=\"async\" width=\"1440\" height=\"2066\" src=\"https:\/\/dcv-books.com\/wp-content\/uploads\/2025\/07\/CAHIER01_Gappmayr_Preview_Einzel-1_mitKontur_web.jpg\" class=\"attachment-woocommerce_thumbnail size-woocommerce_thumbnail\" alt=\"Cahier #1 -&lt;br&gt; Heinz Gappmayr\" \/><\/div><div class=\"book-label book-label--new\"><\/div><h2 class=\"woocommerce-loop-product__title\">Cahier #1 <br> Heinz Gappmayr<\/h2>  <div class=\"woocommerce-loop-product__description\" itemprop=\"description\">\n    <p>Do we think in images or in language? Can writing visualize time? Heinz Gappmayr (1925-2010) was interested in text as a spatial event and in letters as architecture. Although his works were often presented in the context of Visual Poetry, Gappmayr himself preferred the more neutral term <em>text<\/em> to lyricism. His understanding of written language as a conceptual medium and typography as an indicator of physicality was closer to Lawrence Weiner\u2019s approach than to that of the Concrete Poets. This volume accompanies an exhibition at the Tiroler Landesmuseum and includes Gappmayer&#8217;s most important art-in-architecture projects, as well as a complete notebook from 1961, with commentary by Gaby Gappmayr, the artist&#8217;s daughter. A conversation with her provides valuable philosophical insights into her father&#8217;s work.<\/p>\n  <\/div>\n\n\t<span class=\"price\"><span class=\"woocommerce-Price-amount amount\"><bdi>22<span class=\"woocommerce-Price-currencySymbol\">&euro;<\/span><\/bdi><\/span><\/span>\n<\/a><a href=\"\/en\/wp-json\/wp\/v2\/pages\/13174?add-to-cart=25282\" aria-describedby=\"woocommerce_loop_add_to_cart_link_describedby_25282\" data-quantity=\"1\" class=\"button product_type_simple add_to_cart_button ajax_add_to_cart\" data-product_id=\"25282\" data-product_sku=\"\" aria-label=\"Add to cart: &ldquo;Cahier #1 - Heinz Gappmayr&rdquo;\" rel=\"nofollow\" data-success_message=\"&ldquo;Cahier #1 -&lt;br&gt; Heinz Gappmayr&rdquo; has been added to your cart\" role=\"button\">Add to cart<\/a>\t<span id=\"woocommerce_loop_add_to_cart_link_describedby_25282\" class=\"screen-reader-text\">\n\t\t\t<\/span>\n<\/li>\n<li class=\"product type-product post-24307 status-publish instock product_cat-all-books product_cat-new-arrivals product_cat-on-art product_cat-painting product_tag-danke-esslingen-en product_tag-matthias-dornfeld-en has-post-thumbnail taxable shipping-taxable purchasable product-type-simple\">\n\t<a href=\"https:\/\/dcv-books.com\/en\/produkt\/matthias-dornfeld-danke-esslingen\/\" class=\"woocommerce-LoopProduct-link woocommerce-loop-product__link\"><div class=\"image-wrapper\"><img decoding=\"async\" width=\"2048\" height=\"2206\" src=\"https:\/\/dcv-books.com\/wp-content\/uploads\/2025\/07\/Dornfeld_danke-esslingen_Cover_web-2048x2206.jpg\" class=\"attachment-woocommerce_thumbnail size-woocommerce_thumbnail\" alt=\"Matthias Dornfeld -&lt;br&gt; danke esslingen\" \/><\/div><div class=\"book-label book-label--new\"><\/div><h2 class=\"woocommerce-loop-product__title\">Matthias Dornfeld <br> danke esslingen<\/h2>  <div class=\"woocommerce-loop-product__description\" itemprop=\"description\">\n    <p><span style=\"font-weight: 400;\">At first glance, the paintings of Matthias Dornfeld<\/span><span style=\"font-weight: 400;\">\u00a0<\/span><span style=\"font-weight: 400;\">might strike us as na\u00efve or even primitive. However, his still lifes, flower and animal depictions, and abstracted portraits occur in a compelling discourse with the avant-garde of European art history. Yet the works are equally accessible without that background, namely with their playful and provocative gestures, which tend to push the depictions to the brink of possibilities. After a comprehensive retrospective in the Villa Merkel Esslingen, this book documents the show and includes texts by Friedrich Meschede, Daniela St\u00f6ppel, and Christian G\u00f6gger. The in-depth essays illuminate Dornfeld\u2019s oeuvre and iconography and furthermore discuss the unconventional hanging of the show as well as its reception.\u00a0<\/span><\/p>\n  <\/div>\n\n\t<span class=\"price\"><span class=\"woocommerce-Price-amount amount\"><bdi>42<span class=\"woocommerce-Price-currencySymbol\">&euro;<\/span><\/bdi><\/span><\/span>\n<\/a><a href=\"\/en\/wp-json\/wp\/v2\/pages\/13174?add-to-cart=24307\" aria-describedby=\"woocommerce_loop_add_to_cart_link_describedby_24307\" data-quantity=\"1\" class=\"button product_type_simple add_to_cart_button ajax_add_to_cart\" data-product_id=\"24307\" data-product_sku=\"\" aria-label=\"Add to cart: &ldquo;Matthias Dornfeld - danke esslingen&rdquo;\" rel=\"nofollow\" data-success_message=\"&ldquo;Matthias Dornfeld -&lt;br&gt; danke esslingen&rdquo; has been added to your cart\" role=\"button\">Add to cart<\/a>\t<span id=\"woocommerce_loop_add_to_cart_link_describedby_24307\" class=\"screen-reader-text\">\n\t\t\t<\/span>\n<\/li>\n<li class=\"product type-product post-25041 status-publish instock product_cat-new-arrivals product_cat-on-art product_cat-painting product_tag-james-joyce-en product_tag-ulysses-en product_tag-werner-schmidt-en has-post-thumbnail taxable shipping-taxable purchasable product-type-simple\">\n\t<a href=\"https:\/\/dcv-books.com\/en\/produkt\/werner-schmidt-james-joyce-und-die-farben-des-ulysses\/\" class=\"woocommerce-LoopProduct-link woocommerce-loop-product__link\"><div class=\"image-wrapper\"><img decoding=\"async\" width=\"1848\" height=\"2500\" src=\"https:\/\/dcv-books.com\/wp-content\/uploads\/2025\/05\/Schmidt_Ulysses_Cover_web.jpg\" class=\"attachment-woocommerce_thumbnail size-woocommerce_thumbnail\" alt=\"Werner Schmidt -&lt;br&gt; James Joyce und die Farben des Ulysses\" \/><\/div><div class=\"book-label book-label--new\"><\/div><h2 class=\"woocommerce-loop-product__title\">Werner Schmidt <br> James Joyce und die Farben des Ulysses<\/h2>  <div class=\"woocommerce-loop-product__description\" itemprop=\"description\">\n    <p><span style=\"font-weight: 400;\">This imposing volume is the fruit of the artist Werner Schmidt\u2019s decades-long immersion in the preeminent literary monument of the twentieth century: James Joyce\u2019s <\/span><i><span style=\"font-weight: 400;\">Ulysses<\/span><\/i><span style=\"font-weight: 400;\">.<\/span><\/p>\n<p><span style=\"font-weight: 400;\">What began as a personal reader\u2019s voyage now attains definite form in an eloquently colorful, interdisciplinary and polyphonic tribute\u2014a work between literary study, theory of color, visual art, and reflection on language.<\/span><\/p>\n<p><span style=\"font-weight: 400;\">In the book\u2019s first part, Schmidt analyzes and visualizes the use of colors in <\/span><i><span style=\"font-weight: 400;\">Ulysses<\/span><\/i><span style=\"font-weight: 400;\"> in unique chromatic diagrams and coded color stripes that were literally painted on the walls in exhibitions. They are complemented by a series of photographs taken in Dublin, the novel\u2019s setting, and accompanied by probing meditations on literary and linguistic facets and aspects of politics and the history of religion in the Joycean universe.<\/span><\/p>\n<p><span style=\"font-weight: 400;\">The second part gathers the voices of twenty renowned Joyce scholars, who, in five thematically organized chapters, share their perspectives on the color, texture, structure, and effect of <\/span><i><span style=\"font-weight: 400;\">Ulysses<\/span><\/i><span style=\"font-weight: 400;\">.<\/span><\/p>\n<p><span style=\"font-weight: 400;\">A feast for all who revere Joyce\u2014and a gift of anyone who would not just read but truly wrap their mind around literature in its boldest and most luminous incarnation.<\/span><\/p>\n<p><strong>With texts by Florian Arnold, Doroth\u00e9e Bauerle-Willert, Erik Bindervoet, Heinz Br\u00fcggemann, Jakob Br\u00fcssermann, Michael Deckard, Toni Hildebrandt, Otto J\u00e4gersberg, Christa-Maria Lerm Hayes, J\u016brat\u0117 Levina, Susanne Peters, Christoph Poetsch, Saskia C. Quen\u00e9, Dieter Ronte, Werner Schmidt, Fritz Senn, Dirk Teuber, Vega Tescari, Shane Walshe, Andreas Weigel, Keith Williams, Ursula Zeller<\/strong><\/p>\n  <\/div>\n\n\t<span class=\"price\"><span class=\"woocommerce-Price-amount amount\"><bdi>59<span class=\"woocommerce-Price-currencySymbol\">&euro;<\/span><\/bdi><\/span><\/span>\n<\/a><a href=\"\/en\/wp-json\/wp\/v2\/pages\/13174?add-to-cart=25041\" aria-describedby=\"woocommerce_loop_add_to_cart_link_describedby_25041\" data-quantity=\"1\" class=\"button product_type_simple add_to_cart_button ajax_add_to_cart\" data-product_id=\"25041\" data-product_sku=\"\" aria-label=\"Add to cart: &ldquo;Werner Schmidt - James Joyce und die Farben des Ulysses&rdquo;\" rel=\"nofollow\" data-success_message=\"&ldquo;Werner Schmidt -&lt;br&gt; James Joyce und die Farben des Ulysses&rdquo; has been added to your cart\" role=\"button\">Add to cart<\/a>\t<span id=\"woocommerce_loop_add_to_cart_link_describedby_25041\" class=\"screen-reader-text\">\n\t\t\t<\/span>\n<\/li>\n<li class=\"product type-product post-25194 status-publish last instock product_cat-architecture product_cat-drawing product_cat-new-arrivals product_cat-on-art product_cat-painting product_cat-photography product_cat-works-on-paper-en product_tag-cindy-sherman-en product_tag-daniele-buetti-en product_tag-helena-parada-kim-en product_tag-membrane-en product_tag-neue-galerie-gladbeck-en product_tag-nicola-samori-en product_tag-shirin-neshat-en product_tag-slawomir-elsner-en product_tag-thomas-ruff-en has-post-thumbnail taxable shipping-taxable purchasable product-type-simple\">\n\t<a href=\"https:\/\/dcv-books.com\/en\/produkt\/membrane\/\" class=\"woocommerce-LoopProduct-link woocommerce-loop-product__link\"><div class=\"image-wrapper\"><img decoding=\"async\" width=\"1854\" height=\"2500\" src=\"https:\/\/dcv-books.com\/wp-content\/uploads\/2025\/06\/Membrane_Katalog_Cover_web.jpg\" class=\"attachment-woocommerce_thumbnail size-woocommerce_thumbnail\" alt=\"Membrane -&lt;br&gt;\" \/><\/div><div class=\"book-label book-label--new\"><\/div><h2 class=\"woocommerce-loop-product__title\">Membrane <br><\/h2>  <div class=\"woocommerce-loop-product__description\" itemprop=\"description\">\n    <p><i><span style=\"font-weight: 400;\">Membrane<\/span><\/i><span style=\"font-weight: 400;\"> documents an eponymous exhibition at the Neue Galerie Gladeck as well as the gallery\u2019s architectural extension. The works of the 7 invited artists are engaged to explore skin in a broader sense\u2014membrane also encompasses clothing, veiling, and masking from various cultural perspectives. Well-known portraits by Thomas Ruff, Shirin Neshat, and Cindy Sherman <\/span><span style=\"font-weight: 400;\">appear in a new light alongside Helena Parade Kim&#8217;s exploration of iconographic and ceremonial fashion codes, Daniel Buetti&#8217;s critique of the commercialized body, and Nicola Samor\u00ec&#8217;s exploration of skin in historical masterpieces. The membrane concept also inspired the exterior and interior surfaces of the new gallery building, and an interesting text by the architect reveals his approach.<\/span><\/p>\n<p><span style=\"font-weight: 400;\">Artists: Daniele Buetti, S\u0142awomir Elsner, Shirin Neshat, Helena Parada Kim, Thomas Ruff, Nicola Samor\u00ec &amp; Cindy Sherman<\/span><\/p>\n  <\/div>\n\n\t<span class=\"price\"><span class=\"woocommerce-Price-amount amount\"><bdi>38<span class=\"woocommerce-Price-currencySymbol\">&euro;<\/span><\/bdi><\/span><\/span>\n<\/a><a href=\"\/en\/wp-json\/wp\/v2\/pages\/13174?add-to-cart=25194\" aria-describedby=\"woocommerce_loop_add_to_cart_link_describedby_25194\" data-quantity=\"1\" class=\"button product_type_simple add_to_cart_button ajax_add_to_cart\" data-product_id=\"25194\" data-product_sku=\"\" aria-label=\"Add to cart: &ldquo;Membrane -&rdquo;\" rel=\"nofollow\" data-success_message=\"&ldquo;Membrane -&lt;br&gt;&rdquo; has been added to your cart\" role=\"button\">Add to cart<\/a>\t<span id=\"woocommerce_loop_add_to_cart_link_describedby_25194\" class=\"screen-reader-text\">\n\t\t\t<\/span>\n<\/li>\n<li class=\"product type-product post-26014 status-publish first instock product_cat-all-books product_cat-new-arrivals product_cat-painting product_tag-nam-kim-en product_tag-robert-grunenberg-en has-post-thumbnail taxable shipping-taxable purchasable product-type-simple\">\n\t<a href=\"https:\/\/dcv-books.com\/en\/produkt\/nam-kim\/\" class=\"woocommerce-LoopProduct-link woocommerce-loop-product__link\"><div class=\"image-wrapper\"><img decoding=\"async\" width=\"1748\" height=\"2480\" src=\"https:\/\/dcv-books.com\/wp-content\/uploads\/2025\/11\/NamKim_Cover_web.jpg\" class=\"attachment-woocommerce_thumbnail size-woocommerce_thumbnail\" alt=\"Nam Kim -&lt;br&gt;\" \/><\/div><div class=\"book-label book-label--new\"><\/div><h2 class=\"woocommerce-loop-product__title\">Nam Kim <br><\/h2>  <div class=\"woocommerce-loop-product__description\" itemprop=\"description\">\n    <p><span style=\"font-weight: 400;\">The large-format paintings of Nam Kim (born 1991 in the US, lives in Vienna) are inhabited by chunky androgynous, naked figures, which gently blend with the vegetation, light and shadows, or ornaments around them. \u201cThe figures resonate with fluid grace, caught in the intimate moment between thought and touch.\u201d (R. Grunenberg) Here, the human body is equal to its natural environs and not separate. Kim begins her paintings with zones of gestural abstraction, from which the characters grow like plants into her compositions. Kim grew up in Korea and her painting practice combines elements of Asian traditions (in art and theater) with Western art history and virtuality. This book presents her works of the last three years and includes an insightful essay by Robert Grunenberg.\u00a0<\/span><\/p>\n  <\/div>\n\n\t<span class=\"price\"><span class=\"woocommerce-Price-amount amount\"><bdi>10<span class=\"woocommerce-Price-currencySymbol\">&euro;<\/span><\/bdi><\/span><\/span>\n<\/a><a href=\"\/en\/wp-json\/wp\/v2\/pages\/13174?add-to-cart=26014\" aria-describedby=\"woocommerce_loop_add_to_cart_link_describedby_26014\" data-quantity=\"1\" class=\"button product_type_simple add_to_cart_button ajax_add_to_cart\" data-product_id=\"26014\" data-product_sku=\"\" aria-label=\"Add to cart: &ldquo;Nam Kim -&rdquo;\" rel=\"nofollow\" data-success_message=\"&ldquo;Nam Kim -&lt;br&gt;&rdquo; has been added to your cart\" role=\"button\">Add to cart<\/a>\t<span id=\"woocommerce_loop_add_to_cart_link_describedby_26014\" class=\"screen-reader-text\">\n\t\t\t<\/span>\n<\/li>\n<li class=\"product type-product post-24508 status-publish instock product_cat-all-books product_cat-new-arrivals product_cat-on-art product_cat-painting product_tag-charles-moore-en product_tag-danielle-mckinney-en product_tag-jorinde-voigt-en product_tag-nicola-staeglich-en product_tag-nirit-takele-en product_tag-on-painting-en has-post-thumbnail taxable shipping-taxable purchasable product-type-simple\">\n\t<a href=\"https:\/\/dcv-books.com\/en\/produkt\/charles-moore-on-painting\/\" class=\"woocommerce-LoopProduct-link woocommerce-loop-product__link\"><div class=\"image-wrapper\"><img decoding=\"async\" width=\"605\" height=\"907\" src=\"https:\/\/dcv-books.com\/wp-content\/uploads\/2025\/02\/Moore_Contemporary_Cover4-pdf.jpg\" class=\"attachment-woocommerce_thumbnail size-woocommerce_thumbnail\" alt=\"Charles Moore -&lt;br&gt; On painting\" \/><\/div><div class=\"book-label book-label--upcoming\"><\/div><h2 class=\"woocommerce-loop-product__title\">Charles Moore <br> On painting<\/h2>  <div class=\"woocommerce-loop-product__description\" itemprop=\"description\">\n    <p>For <em>On Painting<\/em>, New York-based art historian and curator Charles Moore, interviewed four women artists about their practice, asking them to reveal their motives and aspirations. This publication consists of four interviews, each containing an introduction by Moore and illustrations of the artist\u2019s works. Danielle Mckinney, who paints exclusively Black women, reflects on her experiences as a woman growing up in the US South. Nicola Staeglich creates subtle layered abstract works to evoke new perspectives and the potential for change. Nirit Takele elaborates on how her Ethiopian Jewish heritage has shaped her painting practice. Jorinde Voigt, who creates complex installations inspired by notation systems, discusses the use of algorithms and the beauty to be found in the unexpected.<\/p>\n  <\/div>\n\n\t<span class=\"price\"><span class=\"woocommerce-Price-amount amount\"><bdi>16<span class=\"woocommerce-Price-currencySymbol\">&euro;<\/span><\/bdi><\/span><\/span>\n<\/a><a href=\"\/en\/wp-json\/wp\/v2\/pages\/13174?add-to-cart=24508\" aria-describedby=\"woocommerce_loop_add_to_cart_link_describedby_24508\" data-quantity=\"1\" class=\"button product_type_simple add_to_cart_button ajax_add_to_cart\" data-product_id=\"24508\" data-product_sku=\"\" aria-label=\"Add to cart: &ldquo;Charles Moore - On painting&rdquo;\" rel=\"nofollow\" data-success_message=\"&ldquo;Charles Moore -&lt;br&gt; On painting&rdquo; has been added to your cart\" role=\"button\">Add to cart<\/a>\t<span id=\"woocommerce_loop_add_to_cart_link_describedby_24508\" class=\"screen-reader-text\">\n\t\t\t<\/span>\n<\/li>\n<li class=\"product type-product post-24542 status-publish instock product_cat-all-books product_cat-drawing product_cat-new-arrivals product_cat-painting product_cat-photography product_tag-kailas-berg-und-gott-en product_tag-werner-hahn-en has-post-thumbnail taxable shipping-taxable purchasable product-type-simple\">\n\t<a href=\"https:\/\/dcv-books.com\/en\/produkt\/werner-hahn-kailas-berg-und-gott\/\" class=\"woocommerce-LoopProduct-link woocommerce-loop-product__link\"><div class=\"image-wrapper\"><img decoding=\"async\" width=\"1250\" height=\"1613\" src=\"https:\/\/dcv-books.com\/wp-content\/uploads\/2025\/02\/Kailas_Cover_041224-pdf.jpg\" class=\"attachment-woocommerce_thumbnail size-woocommerce_thumbnail\" alt=\"Werner Hahn -&lt;br&gt; Kailas. Berg und Gott\" \/><\/div><div class=\"book-label book-label--upcoming\"><\/div><h2 class=\"woocommerce-loop-product__title\">Werner Hahn <br> Kailas. Berg und Gott<\/h2>  <div class=\"woocommerce-loop-product__description\" itemprop=\"description\">\n    <p>Kailas is far more than just a mountain\u2014it is a symbol of spiritual quest, transcendence, and enlightenment. In this book, the painter and photographer Werner Hahn (b. Karlsbad, now Czech Republic, 1944) approaches the holiest peak in Asia from a unique perspective: as an artist, traveler, and profound connoisseur of its cultural history. This book interweaves art, mythology, and historical accounts from Buddhism and Hinduism. Hahn\u2019s personal travel experiences, complemented by reflections on Western travel literature and spiritual sources, enter into a dialogue with ancient traditions, revealing Kailas as a place of both deep personal experience and artistic contemplation. A visual pilgrimage to one of the most significant mountains in the world.<\/p>\n  <\/div>\n\n\t<span class=\"price\"><span class=\"woocommerce-Price-amount amount\"><bdi>72<span class=\"woocommerce-Price-currencySymbol\">&euro;<\/span><\/bdi><\/span><\/span>\n<\/a><a href=\"\/en\/wp-json\/wp\/v2\/pages\/13174?add-to-cart=24542\" aria-describedby=\"woocommerce_loop_add_to_cart_link_describedby_24542\" data-quantity=\"1\" class=\"button product_type_simple add_to_cart_button ajax_add_to_cart\" data-product_id=\"24542\" data-product_sku=\"\" aria-label=\"Add to cart: &ldquo;Werner Hahn - Kailas. Berg und Gott&rdquo;\" rel=\"nofollow\" data-success_message=\"&ldquo;Werner Hahn -&lt;br&gt; Kailas. Berg und Gott&rdquo; has been added to your cart\" role=\"button\">Add to cart<\/a>\t<span id=\"woocommerce_loop_add_to_cart_link_describedby_24542\" class=\"screen-reader-text\">\n\t\t\t<\/span>\n<\/li>\n<li class=\"product type-product post-26331 status-publish last instock product_cat-all-books product_cat-new-arrivals product_cat-on-art product_cat-urban-art-en product_tag-charles-moore-en product_tag-the-juxtapoz-talks has-post-thumbnail taxable shipping-taxable purchasable product-type-simple\">\n\t<a href=\"https:\/\/dcv-books.com\/en\/produkt\/charles-moore-the-juxtapoz-talks\/\" class=\"woocommerce-LoopProduct-link woocommerce-loop-product__link\"><div class=\"image-wrapper\"><img decoding=\"async\" width=\"1563\" height=\"2500\" src=\"https:\/\/dcv-books.com\/wp-content\/uploads\/2025\/06\/The-Juxtapoz_Cover_web.jpg\" class=\"attachment-woocommerce_thumbnail size-woocommerce_thumbnail\" alt=\"Charles Moore &lt;br&gt; The Juxtapoz Talks\" \/><\/div><div class=\"book-label book-label--upcoming\"><\/div><h2 class=\"woocommerce-loop-product__title\">Charles Moore <br> The Juxtapoz Talks<\/h2>  <div class=\"woocommerce-loop-product__description\" itemprop=\"description\">\n    <p><span style=\"font-weight: 400;\">The US-American art historian Charles Moore is a conversationalist who excels in querying artists about their process and vision. His second volume with DCV features 3 essays and 19 interviews. The selection draws from Moore\u2019s texts and conversations published in the San Francisco-based Juxtapoz Magazine between 2020 and 2025. Among the subjects are star painters such as Henry Taylor, Derek Fordjour, and George Condo, while others are of less renown. <\/span><\/p>\n<p>Artists: Alvin Armstrong, Lindsey Brittain Collins, George Condo, Julie Curtiss, Kim Dacres, Xavier Daniels, Laurena Fin\u00e9us, Derek Fordjour, Gonzalo Garc\u00eda, Steve \u201cSweatpants\u201d Irby, Ivana Ivkovi\u0107, En Iwamura, Timothy Lai, Natia Lemay, Rebecca Ness, Ludovic Nkoth, Deborah<br \/>\nRoberts, Cinga Samson, Alake Shilling, Deng \u201cDemo\u201d Shiqing, Henry Taylor, Raquel Van Haver<\/p>\n  <\/div>\n\n\t<span class=\"price\"><span class=\"woocommerce-Price-amount amount\"><bdi>16<span class=\"woocommerce-Price-currencySymbol\">&euro;<\/span><\/bdi><\/span><\/span>\n<\/a><a href=\"\/en\/wp-json\/wp\/v2\/pages\/13174?add-to-cart=26331\" aria-describedby=\"woocommerce_loop_add_to_cart_link_describedby_26331\" data-quantity=\"1\" class=\"button product_type_simple add_to_cart_button ajax_add_to_cart\" data-product_id=\"26331\" data-product_sku=\"\" aria-label=\"Add to cart: &ldquo;Charles Moore  The Juxtapoz Talks&rdquo;\" rel=\"nofollow\" data-success_message=\"&ldquo;Charles Moore &lt;br&gt; The Juxtapoz Talks&rdquo; has been added to your cart\" role=\"button\">Add to cart<\/a>\t<span id=\"woocommerce_loop_add_to_cart_link_describedby_26331\" class=\"screen-reader-text\">\n\t\t\t<\/span>\n<\/li>\n<li class=\"product type-product post-26338 status-publish first instock product_cat-all-books product_cat-new-arrivals product_cat-on-art product_cat-painting product_tag-larissa-kikol-en product_tag-new-abstract-painting has-post-thumbnail taxable shipping-taxable purchasable product-type-simple\">\n\t<a href=\"https:\/\/dcv-books.com\/en\/produkt\/larissa-kikol-neue-abstrakte-malerei-kopie\/\" class=\"woocommerce-LoopProduct-link woocommerce-loop-product__link\"><div class=\"image-wrapper\"><img decoding=\"async\" width=\"1778\" height=\"2500\" src=\"https:\/\/dcv-books.com\/wp-content\/uploads\/2025\/06\/Kikol2_NewAbstractPainting_UmschlagEN_171225_Kontur_web.jpg\" class=\"attachment-woocommerce_thumbnail size-woocommerce_thumbnail\" alt=\"Larissa Kikol -&lt;br&gt; New Abstract Painting. From Abstract Expressionism to Freedom in the 21st Century\" \/><\/div><div class=\"book-label book-label--upcoming\"><\/div><h2 class=\"woocommerce-loop-product__title\">Larissa Kikol <br> New Abstract Painting. From Abstract Expressionism to Freedom in the 21st Century<\/h2>  <div class=\"woocommerce-loop-product__description\" itemprop=\"description\">\n    <p>Abstract painting has reinvented itself: rid of political and ideological burdens, it now stands for pure creative autonomy. From the Abstract Expressionism of the postwar era to today\u2019s expansive ease\u2014in essays and conversations, Larissa Kikol sheds light on how this art form broke free of the narratives that attended its emergence and performed a \u201cgreat reset.\u201d From the seminal innovations of Katharina Grosse or Albert Oehlen and radically subjectivist approaches in Cecily Brown or Andr\u00e9 Butzer to cutting-edge tendencies like Dirty Minimalism and Post Vandalism, the book presents thrilling insights into a painting that puts emotion, color, and shapes center stage. An inspiring look at the renaissance of abstract art in the 21st century and a must-have reference work for all art lovers.<\/p>\n<p>Artists: Frederic Anderson, Karla Black, Frank Bowling, Andreas Breunig, Jenny Brosinski, Cecily Brown, Andr\u00e9 Butzer, Diamonds Crew, Willehad Eilers, Jad\u00e9 Fadojutimi, Helen Frankenthaler, Katharina Grosse, Antwan Horfee, Aneta Kajzer, Joan Mitchell, Michael M\u00fcller, Oscar Murillo, NEU, NUG, Albert Oehlen, David Ostrowski, Over, Daisy Parris, Marco Pariani, Jackson Pollock, Christopher Wool and more<\/p>\n  <\/div>\n\n\t<span class=\"price\"><span class=\"woocommerce-Price-amount amount\"><bdi>26<span class=\"woocommerce-Price-currencySymbol\">&euro;<\/span><\/bdi><\/span><\/span>\n<\/a><a href=\"\/en\/wp-json\/wp\/v2\/pages\/13174?add-to-cart=26338\" aria-describedby=\"woocommerce_loop_add_to_cart_link_describedby_26338\" data-quantity=\"1\" class=\"button product_type_simple add_to_cart_button ajax_add_to_cart\" data-product_id=\"26338\" data-product_sku=\"\" aria-label=\"Add to cart: &ldquo;Larissa Kikol - New Abstract Painting. From Abstract Expressionism to Freedom in the 21st Century&rdquo;\" rel=\"nofollow\" data-success_message=\"&ldquo;Larissa Kikol -&lt;br&gt; New Abstract Painting. From Abstract Expressionism to Freedom in the 21st Century&rdquo; has been added to your cart\" role=\"button\">Add to cart<\/a>\t<span id=\"woocommerce_loop_add_to_cart_link_describedby_26338\" class=\"screen-reader-text\">\n\t\t\t<\/span>\n<\/li>\n<li class=\"product type-product post-26467 status-publish instock product_cat-all-books product_cat-drawing product_cat-installation-art product_cat-new-arrivals product_cat-on-art product_cat-painting product_cat-photography product_cat-sculpture product_tag-high-modernism-in-croatia-1949-1998 product_tag-mnac-en product_tag-parallel-lines has-post-thumbnail taxable shipping-taxable purchasable product-type-simple\">\n\t<a href=\"https:\/\/dcv-books.com\/en\/produkt\/parallel-lines-high-modernism-in-croatia-1949-1998\/\" class=\"woocommerce-LoopProduct-link woocommerce-loop-product__link\"><div class=\"image-wrapper\"><img decoding=\"async\" width=\"2048\" height=\"2439\" src=\"https:\/\/dcv-books.com\/wp-content\/uploads\/2026\/02\/MNAC_Paralell-Lines_Cov-1_web-2048x2439.jpg\" class=\"attachment-woocommerce_thumbnail size-woocommerce_thumbnail\" alt=\"Parallel Lines &lt;br&gt; High Modernism in Croatia 1949\u20131998\" \/><\/div><h2 class=\"woocommerce-loop-product__title\">Parallel Lines <br> High Modernism in Croatia 1949\u20131998<\/h2>  <div class=\"woocommerce-loop-product__description\" itemprop=\"description\">\n    <p><em>Parallel Lines. High Modernism in Croatia 1949\u20131998<\/em> documents an exhibition of the same name at Bucharest&#8217;s National Museum of Contemporary Art in 2025. Organized jointly with the National Museum of Modern Art in Zagreb, the show illuminates with 188 works the unique art scene after 1948\u2019s Cominform resolution, which marked Yugoslavia&#8217;s break from Soviet influence. In the 1960s, Zagreb, with its &#8220;New Tendencies,&#8221; became a hub for artistic experimentation in response to the genre of socialist realist painting. Parallel Lines highlights the coexistence of institutionally supported and alternative art within Yugoslav &#8220;socialism with a human face.&#8221; Through public dialogues and debates, these parallel movements fostered a dynamic cultural landscape.<\/p>\n  <\/div>\n\n\t<span class=\"price\"><span class=\"woocommerce-Price-amount amount\"><bdi>36<span class=\"woocommerce-Price-currencySymbol\">&euro;<\/span><\/bdi><\/span><\/span>\n<\/a><a href=\"\/en\/wp-json\/wp\/v2\/pages\/13174?add-to-cart=26467\" aria-describedby=\"woocommerce_loop_add_to_cart_link_describedby_26467\" data-quantity=\"1\" class=\"button product_type_simple add_to_cart_button ajax_add_to_cart\" data-product_id=\"26467\" data-product_sku=\"\" aria-label=\"Add to cart: &ldquo;Parallel Lines  High Modernism in Croatia 1949\u20131998&rdquo;\" rel=\"nofollow\" data-success_message=\"&ldquo;Parallel Lines &lt;br&gt; High Modernism in Croatia 1949\u20131998&rdquo; has been added to your cart\" role=\"button\">Add to cart<\/a>\t<span id=\"woocommerce_loop_add_to_cart_link_describedby_26467\" class=\"screen-reader-text\">\n\t\t\t<\/span>\n<\/li>\n<li class=\"product type-product post-26306 status-publish instock product_cat-all-books product_cat-new-arrivals product_cat-painting product_tag-malte-hagen product_tag-subtle-masterworks has-post-thumbnail taxable shipping-taxable purchasable product-type-simple\">\n\t<a href=\"https:\/\/dcv-books.com\/en\/produkt\/malte-hagen-subtle-masterworks\/\" class=\"woocommerce-LoopProduct-link woocommerce-loop-product__link\"><div class=\"image-wrapper\"><img decoding=\"async\" width=\"1768\" height=\"2500\" src=\"https:\/\/dcv-books.com\/wp-content\/uploads\/2026\/01\/SubtleMasterworks_Cover_web.jpg\" class=\"attachment-woocommerce_thumbnail size-woocommerce_thumbnail\" alt=\"Malte Hagen -&lt;br&gt; Subtle Masterworks\" \/><\/div><div class=\"book-label book-label--upcoming\"><\/div><h2 class=\"woocommerce-loop-product__title\">Malte Hagen <br> Subtle Masterworks<\/h2>  <div class=\"woocommerce-loop-product__description\" itemprop=\"description\">\n    <p><span style=\"font-weight: 400;\">In large-format paintings, the painter Malte Hagen (born 1967, lives in Berlin) combines everyday objects, figures, and spaces into ambivalent scenarios that are both strangely alluring and repulsive. With painted light effects, whitish surfaces, and contrasts of glare and muted tones he propels the depicted subjects into a mythical distance. Yet despite allusions to mythology and art history, Hagen&#8217;s paintings are clearly relevant today. Bulky waste and plastic junk are on equal footing with golden helmets and classical poses. The artist &#8220;oscillates between sweetness and kitsch&#8221; (Christoph Tannert). What might appear ironic at first glance remains suggestive and paradoxical. This richly illustrated book provides an overview of Hagen&#8217;s subtly provocative paintings of the past ten years.<\/span><\/p>\n  <\/div>\n\n\t<span class=\"price\"><span class=\"woocommerce-Price-amount amount\"><bdi>38<span class=\"woocommerce-Price-currencySymbol\">&euro;<\/span><\/bdi><\/span><\/span>\n<\/a><a href=\"\/en\/wp-json\/wp\/v2\/pages\/13174?add-to-cart=26306\" aria-describedby=\"woocommerce_loop_add_to_cart_link_describedby_26306\" data-quantity=\"1\" class=\"button product_type_simple add_to_cart_button ajax_add_to_cart\" data-product_id=\"26306\" data-product_sku=\"\" aria-label=\"Add to cart: &ldquo;Malte Hagen - Subtle Masterworks&rdquo;\" rel=\"nofollow\" data-success_message=\"&ldquo;Malte Hagen -&lt;br&gt; Subtle Masterworks&rdquo; has been added to your cart\" role=\"button\">Add to cart<\/a>\t<span id=\"woocommerce_loop_add_to_cart_link_describedby_26306\" class=\"screen-reader-text\">\n\t\t\t<\/span>\n<\/li>\n<li class=\"product type-product post-24521 status-publish last instock product_cat-all-books product_cat-drawing product_cat-graphic-novel-en product_cat-new-arrivals product_tag-fidel-martinez-en product_tag-paul-celan-en product_tag-todesfuge product_tag-todesfuge-das-leben-des-dichters-paul-celan-en has-post-thumbnail taxable shipping-taxable purchasable product-type-simple\">\n\t<a href=\"https:\/\/dcv-books.com\/en\/produkt\/fidel-martinez-todesfuge-das-leben-des-dichters-paul-celan\/\" class=\"woocommerce-LoopProduct-link woocommerce-loop-product__link\"><div class=\"image-wrapper\"><img decoding=\"async\" width=\"1799\" height=\"2500\" src=\"https:\/\/dcv-books.com\/wp-content\/uploads\/2025\/02\/Todesfuge_Cover_web.jpg\" class=\"attachment-woocommerce_thumbnail size-woocommerce_thumbnail\" alt=\"Fidel Mart\u00ednez -&lt;br&gt; Todesfuge. Das Leben des Dichters Paul Celan\" \/><\/div><div class=\"book-label book-label--upcoming\"><\/div><h2 class=\"woocommerce-loop-product__title\">Fidel Mart\u00ednez <br> Todesfuge. Das Leben des Dichters Paul Celan<\/h2>  <div class=\"woocommerce-loop-product__description\" itemprop=\"description\">\n    <p>The Spanish graphic artist Fidel Mart\u00ednez Nadal\u2019s (b. Seville, 1979) graphic novel <em>Todesfuge<\/em> recounts the life of Paul Celan (1920\u20131970), one of the most eminent lyric poets of the twentieth century. The narrative interweaves biographical and literary aspects of Celan\u2019s life, including his Jewish identity, his lifelong trauma as a Holocaust survivor, and his acclaimed poem Todesfuge. Mart\u00ednez\u2019s expressive and somber illustrations visualize Celan\u2019s struggles with feelings of guilt, memory, and his creative efforts to find words for the unspeakable. An artistically brilliant homage to Paul Celan\u2019s oeuvre, Todesfuge is an impressive contribution to the engagement with the Shoah in the medium of the graphic novel pioneered by Art Spiegelman.<\/p>\n  <\/div>\n\n\t<span class=\"price\"><span class=\"woocommerce-Price-amount amount\"><bdi>26<span class=\"woocommerce-Price-currencySymbol\">&euro;<\/span><\/bdi><\/span><\/span>\n<\/a><a href=\"\/en\/wp-json\/wp\/v2\/pages\/13174?add-to-cart=24521\" aria-describedby=\"woocommerce_loop_add_to_cart_link_describedby_24521\" data-quantity=\"1\" class=\"button product_type_simple add_to_cart_button ajax_add_to_cart\" data-product_id=\"24521\" data-product_sku=\"\" aria-label=\"Add to cart: &ldquo;Fidel Mart\u00ednez - Todesfuge. Das Leben des Dichters Paul Celan&rdquo;\" rel=\"nofollow\" data-success_message=\"&ldquo;Fidel Mart\u00ednez -&lt;br&gt; Todesfuge. Das Leben des Dichters Paul Celan&rdquo; has been added to your cart\" role=\"button\">Add to cart<\/a>\t<span id=\"woocommerce_loop_add_to_cart_link_describedby_24521\" class=\"screen-reader-text\">\n\t\t\t<\/span>\n<\/li>\n<li class=\"product type-product post-23632 status-publish first instock product_cat-new-arrivals product_cat-on-art product_tag-briefmarken-en product_tag-deutschland-in-50-briefmarken-en product_tag-uwe-schuette-en has-post-thumbnail taxable shipping-taxable purchasable product-type-simple\">\n\t<a href=\"https:\/\/dcv-books.com\/en\/produkt\/uwe-schutte-deutschland-in-50-briefmarken\/\" class=\"woocommerce-LoopProduct-link woocommerce-loop-product__link\"><div class=\"image-wrapper\"><img decoding=\"async\" width=\"1688\" height=\"2500\" src=\"https:\/\/dcv-books.com\/wp-content\/uploads\/2024\/10\/Deutschland_in_50_Briefmarken_UMSCHLAG_241011_crop_web.jpg\" class=\"attachment-woocommerce_thumbnail size-woocommerce_thumbnail\" alt=\"Uwe Sch\u00fctte -&lt;br&gt; Deutschland in 50 Briefmarken\" \/><\/div><div class=\"book-label book-label--upcoming\"><\/div><h2 class=\"woocommerce-loop-product__title\">Uwe Sch\u00fctte <br> Deutschland in 50 Briefmarken<\/h2>  <div class=\"woocommerce-loop-product__description\" itemprop=\"description\">\n    <div class=\"column\">\n<p>The postage stamp, the avid philatelist Walter Benjamin prophesied in 1928, would \u201cnot survive the twentieth century.\u201d Time, then, for a look back: in fifty essays, Uwe Schu\u0308tte embarks on a voyage through 175 years of German postal history to decode the mentalities that shaped it. Analyzing the visual language of the stamps and their significance for Germany\u2019s collective memory, from the One kreuzer black to Deutsche Post\u2019s cutting-edge crypto-stamp, he shows how the stamp broke the shackles of its function as a proof of postage paid to emerge in the early twentieth century as a medium of mass-circulation miniature-format graphic art. It went on to serve as an instrument of propaganda, was collected and counterfeited, and proved a capacious mirror of discourses in society.<\/p>\n<\/div>\n<p>The cultural essayist Uwe Sch\u00fctte, born in Sauerland in 1967 and a philatelist since childhood, completed his doctorate in German Literature under W.G. Sebald. After two decades as a university lecturer in England, he now lives and works in Berlin. His work includes more than 30 books dealing with extremist art and occultism as well as advanced pop culture and contemporary literature.<\/p>\n  <\/div>\n\n\t<span class=\"price\"><span class=\"woocommerce-Price-amount amount\"><bdi>24<span class=\"woocommerce-Price-currencySymbol\">&euro;<\/span><\/bdi><\/span><\/span>\n<\/a><a href=\"\/en\/wp-json\/wp\/v2\/pages\/13174?add-to-cart=23632\" aria-describedby=\"woocommerce_loop_add_to_cart_link_describedby_23632\" data-quantity=\"1\" class=\"button product_type_simple add_to_cart_button ajax_add_to_cart\" data-product_id=\"23632\" data-product_sku=\"\" aria-label=\"Add to cart: &ldquo;Uwe Sch\u00fctte - Deutschland in 50 Briefmarken&rdquo;\" rel=\"nofollow\" data-success_message=\"&ldquo;Uwe Sch\u00fctte -&lt;br&gt; Deutschland in 50 Briefmarken&rdquo; has been added to your cart\" role=\"button\">Add to cart<\/a>\t<span id=\"woocommerce_loop_add_to_cart_link_describedby_23632\" class=\"screen-reader-text\">\n\t\t\t<\/span>\n<\/li>\n<li class=\"product type-product post-23686 status-publish instock product_cat-fiction-books product_cat-new-arrivals product_tag-anonymous-narcissists-en product_tag-katharina-baron has-post-thumbnail taxable shipping-taxable purchasable product-type-simple\">\n\t<a href=\"https:\/\/dcv-books.com\/en\/produkt\/katharina-baron-anonymous-narcissists\/\" class=\"woocommerce-LoopProduct-link woocommerce-loop-product__link\"><div class=\"image-wrapper\"><img decoding=\"async\" width=\"1731\" height=\"2500\" src=\"https:\/\/dcv-books.com\/wp-content\/uploads\/2024\/10\/KatharinaBaron_AN_Cover_web.jpg\" class=\"attachment-woocommerce_thumbnail size-woocommerce_thumbnail\" alt=\"Katharina Baron -&lt;br&gt; Anonymous Narcissists\" \/><\/div><div class=\"book-label book-label--upcoming\"><\/div><h2 class=\"woocommerce-loop-product__title\">Katharina Baron <br> Anonymous Narcissists<\/h2>  <div class=\"woocommerce-loop-product__description\" itemprop=\"description\">\n    <p>Katharina Baron&#8217;s debut novel Anonymous Narcissists is set in the fast-paced world between Berlin and Hollywood &#8211; and told from the perspective of a clinically depressed (but incredibly successful) international socialite.<\/p>\n<p><em>Anonymous Narcissists<\/em> delves deep into the female psyche, taking readers through intense episodes of personal trauma, sexual nihilism and psychological vulnerability. Baron &#8211; an LA-based creative director and artist &#8211; has produced numerous award-winning commercials, worked on camera as an actress and model, and studied at the Cours Florent in Paris. She was also a finalist at the Actor&#8217;s Studio.<\/p>\n<p><em>Anonymous Narcissists<\/em> is her first novel and she was mentored by Bruce Wagner, author of <em>Maps to the Stars<\/em>.<\/p>\n  <\/div>\n\n\t<span class=\"price\"><span class=\"woocommerce-Price-amount amount\"><bdi>24<span class=\"woocommerce-Price-currencySymbol\">&euro;<\/span><\/bdi><\/span><\/span>\n<\/a><a href=\"\/en\/wp-json\/wp\/v2\/pages\/13174?add-to-cart=23686\" aria-describedby=\"woocommerce_loop_add_to_cart_link_describedby_23686\" data-quantity=\"1\" class=\"button product_type_simple add_to_cart_button ajax_add_to_cart\" data-product_id=\"23686\" data-product_sku=\"\" aria-label=\"Add to cart: &ldquo;Katharina Baron - Anonymous Narcissists&rdquo;\" rel=\"nofollow\" data-success_message=\"&ldquo;Katharina Baron -&lt;br&gt; Anonymous Narcissists&rdquo; has been added to your cart\" role=\"button\">Add to cart<\/a>\t<span id=\"woocommerce_loop_add_to_cart_link_describedby_23686\" class=\"screen-reader-text\">\n\t\t\t<\/span>\n<\/li>\n<li class=\"product type-product post-26357 status-publish instock product_cat-all-books product_cat-installation-art product_cat-new-arrivals product_cat-on-art product_cat-painting product_cat-sculpture product_cat-urban-art-en product_tag-abstraktion product_tag-autonomie-und-post-vandalische-tendenzen-in-der-kunst-der-gegenwart product_tag-kunstverein-hannover product_tag-under-the-milky-way has-post-thumbnail taxable shipping-taxable purchasable product-type-simple\">\n\t<a href=\"https:\/\/dcv-books.com\/en\/produkt\/under-the-milky-way-abstraktion-autonomie-und-post-vandalische-tendenzen-in-der-kunst-der-gegenwart\/\" class=\"woocommerce-LoopProduct-link woocommerce-loop-product__link\"><div class=\"image-wrapper\"><img decoding=\"async\" width=\"1917\" height=\"2500\" src=\"https:\/\/dcv-books.com\/wp-content\/uploads\/2025\/06\/MilkyWAY_Cover_4_web.jpg\" class=\"attachment-woocommerce_thumbnail size-woocommerce_thumbnail\" alt=\"Under the Milky Way -&lt;br&gt; Abstraktion, Autonomie und post-vandalische Tendenzen in der Kunst der Gegenwart\" \/><\/div><h2 class=\"woocommerce-loop-product__title\">Under the Milky Way <br> Abstraktion, Autonomie und post-vandalische Tendenzen in der Kunst der Gegenwart<\/h2>  <div class=\"woocommerce-loop-product__description\" itemprop=\"description\">\n    <p>The outdoors is now a school, the urban underworld a studio, and unchained anti-authority supersedes the influence of the academy and the market. This is where art movements come to life; Hidden Masters emerge who have recently also been taking the institutional stage. Some have a background in graffiti, others have studied painting; some used to be urban trespassers painting in places where they had to be vigilant, eluding the all-seeing eye of the authorities. The resulting art is best described by three terms: <em>abstraction<\/em>, <em>autonomy<\/em>, and\u2014depending on one\u2019s perspective\u2014<em>post-vandalism<\/em>. The exhibition <em>Under the Milky Way<\/em> presents captivating positions from these scenes across Europe. It is not a graffiti show but a creative transfer that invites abstract painting and other practices into the museum space. There are raw ideas, irony, autonomous art, and conceptual as well as anarchic approaches. What emerges, at times off-the-cuff, is an art of art, frequently expressing political stances, often with the boldness to do exactly what needs to be done.<\/p>\n<p>The book accompanying the exhibition at Kunstverein Hannover brings together several defining protagonists of this movement in a never-before-seen constellation. Though hailing from heterogeneous urban and creative scenes, they time and again find themselves <em>Under<\/em> <em>the Milky Way<\/em>: driven by an urge to seek freedom and creative action that is unattainable by daylight.<\/p>\n<p>Artists: Amos Angeles, Alexandre Bavard, C\u00e4cilia Brown, Stephen Burke, Bus 126, Brad Downey, Hams, Antwan Horfee, Klub7, Daniel Laufer, Mischa Leinkauf, Patrick Niemann, Moses und Taps, Christoph and Sebastian M\u00fcgge, Martina Morger, Rocco und seine Br\u00fcder, Veli Silver, Mathias Weinfurter, Angst Yok<\/p>\n<p>Book presentation on July 4, 2026, at 6 p.m. at the Kunstverein Hannover<br \/>\nMore information <a href=\"https:\/\/www.kunstverein-hannover.de\/en\/kalender\/8825-buchvorstellung\">here<\/a><\/p>\n  <\/div>\n\n\t<span class=\"price\"><span class=\"woocommerce-Price-amount amount\"><bdi>38<span class=\"woocommerce-Price-currencySymbol\">&euro;<\/span><\/bdi><\/span><\/span>\n<\/a><a href=\"\/en\/wp-json\/wp\/v2\/pages\/13174?add-to-cart=26357\" aria-describedby=\"woocommerce_loop_add_to_cart_link_describedby_26357\" data-quantity=\"1\" class=\"button product_type_simple add_to_cart_button ajax_add_to_cart\" data-product_id=\"26357\" data-product_sku=\"\" aria-label=\"Add to cart: &ldquo;Under the Milky Way - Abstraktion, Autonomie und post-vandalische Tendenzen in der Kunst der Gegenwart&rdquo;\" rel=\"nofollow\" data-success_message=\"&ldquo;Under the Milky Way -&lt;br&gt; Abstraktion, Autonomie und post-vandalische Tendenzen in der Kunst der Gegenwart&rdquo; has been added to your cart\" role=\"button\">Add to cart<\/a>\t<span id=\"woocommerce_loop_add_to_cart_link_describedby_26357\" class=\"screen-reader-text\">\n\t\t\t<\/span>\n<\/li>\n<li class=\"product type-product post-26802 status-publish last instock product_cat-all-books product_cat-drawing product_cat-new-arrivals product_cat-painting product_cat-sculpture product_cat-works-on-paper-en product_tag-move-scheinbar-kinetisch has-post-thumbnail taxable shipping-taxable purchasable product-type-simple\">\n\t<a href=\"https:\/\/dcv-books.com\/en\/produkt\/move-scheinbar-kinetisch\/\" class=\"woocommerce-LoopProduct-link woocommerce-loop-product__link\"><div class=\"image-wrapper\"><img decoding=\"async\" width=\"2048\" height=\"2263\" src=\"https:\/\/dcv-books.com\/wp-content\/uploads\/2026\/04\/KMRK_MOVE_Cover_U1_web-2048x2263.jpg\" class=\"attachment-woocommerce_thumbnail size-woocommerce_thumbnail\" alt=\"MOVE! -&lt;br&gt; Scheinbar kinetisch\" \/><\/div><h2 class=\"woocommerce-loop-product__title\">MOVE! <br> Scheinbar kinetisch<\/h2>  <div class=\"woocommerce-loop-product__description\" itemprop=\"description\">\n    <p>MOVE! at the Kunstmuseum Reutlingen | konkret brings together works that appear to flow, oscillate, tremble, or even implode. They challenge our visual perception by playing with grids, shifting lines, or moir\u00e9 effects and by simulating kinetic movement, rhythm, and plasticity. Over 80 artworks, some of them serial, from the years 1926 to 2022, introduce the work of 46 artists from 14 countries. The spectrum includes painting, drawing, photography, sculpture, collage, screen prints, wall objects, and installation work. A focus of the selection is on Op Art, Constructivism, geometric Minimalism, and Conceptual Art since the 1990s. The book MOVE! accompanies this important exhibition, which was curated by Holger Kube Ventura.<\/p>\n  <\/div>\n\n\t<span class=\"price\"><span class=\"woocommerce-Price-amount amount\"><bdi>15<span class=\"woocommerce-Price-currencySymbol\">&euro;<\/span><\/bdi><\/span><\/span>\n<\/a><a href=\"\/en\/wp-json\/wp\/v2\/pages\/13174?add-to-cart=26802\" aria-describedby=\"woocommerce_loop_add_to_cart_link_describedby_26802\" data-quantity=\"1\" class=\"button product_type_simple add_to_cart_button ajax_add_to_cart\" data-product_id=\"26802\" data-product_sku=\"\" aria-label=\"Add to cart: &ldquo;MOVE! - Scheinbar kinetisch&rdquo;\" rel=\"nofollow\" data-success_message=\"&ldquo;MOVE! -&lt;br&gt; Scheinbar kinetisch&rdquo; has been added to your cart\" role=\"button\">Add to cart<\/a>\t<span id=\"woocommerce_loop_add_to_cart_link_describedby_26802\" class=\"screen-reader-text\">\n\t\t\t<\/span>\n<\/li>\n<li class=\"product type-product post-14428 status-publish first instock product_cat-all-books product_cat-new-arrivals product_cat-painting product_tag-ernst-wilhelm-nay-en has-post-thumbnail taxable shipping-taxable purchasable product-type-simple\">\n\t<a href=\"https:\/\/dcv-books.com\/en\/produkt\/ernst-wilhelm-nay-monographie\/\" class=\"woocommerce-LoopProduct-link woocommerce-loop-product__link\"><div class=\"image-wrapper\"><img decoding=\"async\" width=\"1965\" height=\"2440\" src=\"https:\/\/dcv-books.com\/wp-content\/uploads\/2021\/04\/EWNay_Monographie_Cover_DE_crop_web.jpg\" class=\"attachment-woocommerce_thumbnail size-woocommerce_thumbnail\" alt=\"Ernst Wilhelm Nay -&lt;br&gt; Monographie\" \/><\/div><div class=\"book-label book-label--upcoming\"><\/div><h2 class=\"woocommerce-loop-product__title\">Ernst Wilhelm Nay <br> Monographie<\/h2>  <div class=\"woocommerce-loop-product__description\" itemprop=\"description\">\n    <p><strong>The Great German Artist\u2019s Imposing Oeuvre<\/strong><\/p>\n<p>Ernst Wilhelm Nay (b. Berlin, 1902; d. Cologne, 1968) was one of the most interesting painters of European modernism. Spanning the decades from the 1930s to his death in Cologne in 1968, his output encompasses paintings as well as an abundance of works on paper. The new monograph surveys all periods in Nay\u2019s oeuvre, from the \u201cFishermen paintings\u201d to the striking late pictures, which leave no doubt about the artist\u2019s outstanding gift for color. Nay\u2019s evolution is embedded in the history and ideas of his time, on which he reflected in lectures, writings, and notes. The volume unlocks a wide spectrum of fresh insights into Nay\u2019s life and art.<\/p>\n  <\/div>\n\n\t<span class=\"price\"><span class=\"woocommerce-Price-amount amount\"><bdi>78<span class=\"woocommerce-Price-currencySymbol\">&euro;<\/span><\/bdi><\/span><\/span>\n<\/a><a href=\"\/en\/wp-json\/wp\/v2\/pages\/13174?add-to-cart=14428\" aria-describedby=\"woocommerce_loop_add_to_cart_link_describedby_14428\" data-quantity=\"1\" class=\"button product_type_simple add_to_cart_button ajax_add_to_cart\" data-product_id=\"14428\" data-product_sku=\"\" aria-label=\"Add to cart: &ldquo;Ernst Wilhelm Nay - Monographie&rdquo;\" rel=\"nofollow\" data-success_message=\"&ldquo;Ernst Wilhelm Nay -&lt;br&gt; Monographie&rdquo; has been added to your cart\" role=\"button\">Add to cart<\/a>\t<span id=\"woocommerce_loop_add_to_cart_link_describedby_14428\" class=\"screen-reader-text\">\n\t\t\t<\/span>\n<\/li>\n<li class=\"product type-product post-20438 status-publish instock product_cat-all-books product_cat-new-arrivals product_cat-painting product_tag-ernst-wilhelm-nay-en has-post-thumbnail taxable shipping-taxable purchasable product-type-simple\">\n\t<a href=\"https:\/\/dcv-books.com\/en\/produkt\/ernst-wilhelm-nay-monographie-kopie\/\" class=\"woocommerce-LoopProduct-link woocommerce-loop-product__link\"><div class=\"image-wrapper\"><img decoding=\"async\" width=\"1967\" height=\"2440\" src=\"https:\/\/dcv-books.com\/wp-content\/uploads\/2023\/07\/EWNay_Monographie_Cover_ENG_crop_web.jpg\" class=\"attachment-woocommerce_thumbnail size-woocommerce_thumbnail\" alt=\"Ernst Wilhelm Nay -&lt;br&gt; Monograph (EN)\" \/><\/div><div class=\"book-label book-label--upcoming\"><\/div><h2 class=\"woocommerce-loop-product__title\">Ernst Wilhelm Nay <br> Monograph (EN)<\/h2>  <div class=\"woocommerce-loop-product__description\" itemprop=\"description\">\n    <p><strong>The Great German Artist\u2019s Imposing Oeuvre<\/strong><\/p>\n<p>Ernst Wilhelm Nay (b. Berlin, 1902; d. Cologne, 1968) was one of the most interesting painters of European modernism. Spanning the decades from the 1930s to his death in Cologne in 1968, his output encompasses paintings as well as an abundance of works on paper. The new monograph surveys all periods in Nay\u2019s oeuvre, from the \u201cFishermen paintings\u201d to the striking late pictures, which leave no doubt about the artist\u2019s outstanding gift for color. Nay\u2019s evolution is embedded in the history and ideas of his time, on which he reflected in lectures, writings, and notes. The volume unlocks a wide spectrum of fresh insights into Nay\u2019s life and art.<\/p>\n  <\/div>\n\n\t<span class=\"price\"><span class=\"woocommerce-Price-amount amount\"><bdi>78<span class=\"woocommerce-Price-currencySymbol\">&euro;<\/span><\/bdi><\/span><\/span>\n<\/a><a href=\"\/en\/wp-json\/wp\/v2\/pages\/13174?add-to-cart=20438\" aria-describedby=\"woocommerce_loop_add_to_cart_link_describedby_20438\" data-quantity=\"1\" class=\"button product_type_simple add_to_cart_button ajax_add_to_cart\" data-product_id=\"20438\" data-product_sku=\"\" aria-label=\"Add to cart: &ldquo;Ernst Wilhelm Nay - Monograph (EN)&rdquo;\" rel=\"nofollow\" data-success_message=\"&ldquo;Ernst Wilhelm Nay -&lt;br&gt; Monograph (EN)&rdquo; has been added to your cart\" role=\"button\">Add to cart<\/a>\t<span id=\"woocommerce_loop_add_to_cart_link_describedby_20438\" class=\"screen-reader-text\">\n\t\t\t<\/span>\n<\/li>\n<li class=\"product type-product post-26384 status-publish instock product_cat-all-books product_cat-music product_cat-new-arrivals product_cat-painting product_cat-photography product_tag-f-o-t-z-e-n product_tag-female-outstanding-talents-zeniths-of-emerging-notoriety product_tag-gottgilz-en has-post-thumbnail taxable shipping-taxable purchasable product-type-simple\">\n\t<a href=\"https:\/\/dcv-books.com\/en\/produkt\/gottgilz-f-o-t-z-e-n-female-outstanding-talents-zeniths-of-emerging-notoriety\/\" class=\"woocommerce-LoopProduct-link woocommerce-loop-product__link\"><div class=\"image-wrapper\"><img decoding=\"async\" width=\"1667\" height=\"2500\" src=\"https:\/\/dcv-books.com\/wp-content\/uploads\/2026\/01\/Titel-FOTZEN_web.jpg\" class=\"attachment-woocommerce_thumbnail size-woocommerce_thumbnail\" alt=\"GOTT&amp;GILZ &lt;br&gt; F.O.T.Z.E.N. Female Outstanding Talents Zeniths of Emerging Notoriety\" \/><\/div><h2 class=\"woocommerce-loop-product__title\">GOTT&#038;GILZ <br> F.O.T.Z.E.N. Female Outstanding Talents Zeniths of Emerging Notoriety<\/h2>  <div class=\"woocommerce-loop-product__description\" itemprop=\"description\">\n    <p><span style=\"font-weight: 400;\">GOTT&amp;GILZ present a radical project about language, visual representation, and the re-appropriation of female and queer self-determination. What starts as a provocation in the title becomes a stage for feminist visibility: artists and musicians from the rap and pop scenes use imagery, writing, and bodies to explode categorizations and recode the concept of the <\/span><i><span style=\"font-weight: 400;\">cunt<\/span><\/i><span style=\"font-weight: 400;\">. What sets the series of works apart is that the people in the pictures not only posed for the camera, they also wrote accompanying essays and statements. The <\/span><i><span style=\"font-weight: 400;\">Female Outstanding Talents, Zeniths of Emerging Notoriety<\/span><\/i><span style=\"font-weight: 400;\">\u2014in short, <\/span><i><span style=\"font-weight: 400;\">FOTZEN <\/span><\/i><span style=\"font-weight: 400;\">(\u201ccunts\u201d)\u2014captured in the book harness the \u201cNew Portrait\u201d as a scene of self-dramatization, resistance, and aesthetic exaltation. As this book demonstrates, they have the power over their own image, and no one else!<\/span><\/p>\n  <\/div>\n\n\t<span class=\"price\"><span class=\"woocommerce-Price-amount amount\"><bdi>34<span class=\"woocommerce-Price-currencySymbol\">&euro;<\/span><\/bdi><\/span><\/span>\n<\/a><a href=\"\/en\/wp-json\/wp\/v2\/pages\/13174?add-to-cart=26384\" aria-describedby=\"woocommerce_loop_add_to_cart_link_describedby_26384\" data-quantity=\"1\" class=\"button product_type_simple add_to_cart_button ajax_add_to_cart\" data-product_id=\"26384\" data-product_sku=\"\" aria-label=\"Add to cart: &ldquo;GOTT&amp;GILZ  F.O.T.Z.E.N. Female Outstanding Talents Zeniths of Emerging Notoriety&rdquo;\" rel=\"nofollow\" data-success_message=\"&ldquo;GOTT&amp;GILZ &lt;br&gt; F.O.T.Z.E.N. Female Outstanding Talents Zeniths of Emerging Notoriety&rdquo; has been added to your cart\" role=\"button\">Add to cart<\/a>\t<span id=\"woocommerce_loop_add_to_cart_link_describedby_26384\" class=\"screen-reader-text\">\n\t\t\t<\/span>\n<\/li>\n<li class=\"product type-product post-24197 status-publish last instock product_cat-all-books product_cat-new-arrivals product_cat-on-art product_cat-sculpture product_tag-panoptikum-en product_tag-tim-david-trillsam-en product_tag-willkommen-im-panoptikum-en has-post-thumbnail taxable shipping-taxable purchasable product-type-simple\">\n\t<a href=\"https:\/\/dcv-books.com\/en\/produkt\/tim-david-trillsam-willkommen-im-panoptikum\/\" class=\"woocommerce-LoopProduct-link woocommerce-loop-product__link\"><div class=\"image-wrapper\"><img decoding=\"async\" width=\"2048\" height=\"2731\" src=\"https:\/\/dcv-books.com\/wp-content\/uploads\/2024\/12\/TDT_cover_2024-11-04-2048x2731.jpg\" class=\"attachment-woocommerce_thumbnail size-woocommerce_thumbnail\" alt=\"Tim David Trillsam -&lt;br&gt; Willkommen im Panoptikum\" \/><\/div><div class=\"book-label book-label--upcoming\"><\/div><h2 class=\"woocommerce-loop-product__title\">Tim David Trillsam <br> Willkommen im Panoptikum<\/h2>  <div class=\"woocommerce-loop-product__description\" itemprop=\"description\">\n    <p><span style=\"font-weight: 400;\">With his idiosyncratic figurative bronze sculptures Tim David Trillsam (born 1985 in the Swabian Alb) has hit a nerve. The artist\u2019s \u201cself memorials\u201d ask the viewer to remember the transience and illusion of this very self. Although Trillsam employs a loaded material that evokes many great sculptors before him, his own sculptures resist the past. His figures are tangibly protagonist of the present and they provoke with their exaggerated sensuality, twisted bodies, and oversized hands and feet. \u201cThe oversizing is programmatic. As is the skeptical approach to the human species. Trillsam proceeds as a thoughtful questioner with doubt yet also irritation,\u201d writes Dorothee Baer-Bogensch\u00fctze. Her in-depth art-historical analysis is part of this forthcoming book about Trillsam\u2019s oeuvre since 2012.<\/span><\/p>\n  <\/div>\n\n\t<span class=\"price\"><span class=\"woocommerce-Price-amount amount\"><bdi>38<span class=\"woocommerce-Price-currencySymbol\">&euro;<\/span><\/bdi><\/span><\/span>\n<\/a><a href=\"\/en\/wp-json\/wp\/v2\/pages\/13174?add-to-cart=24197\" aria-describedby=\"woocommerce_loop_add_to_cart_link_describedby_24197\" data-quantity=\"1\" class=\"button product_type_simple add_to_cart_button ajax_add_to_cart\" data-product_id=\"24197\" data-product_sku=\"\" aria-label=\"Add to cart: &ldquo;Tim David Trillsam - Willkommen im Panoptikum&rdquo;\" rel=\"nofollow\" data-success_message=\"&ldquo;Tim David Trillsam -&lt;br&gt; Willkommen im Panoptikum&rdquo; has been added to your cart\" role=\"button\">Add to cart<\/a>\t<span id=\"woocommerce_loop_add_to_cart_link_describedby_24197\" class=\"screen-reader-text\">\n\t\t\t<\/span>\n<\/li>\n<li class=\"product type-product post-24574 status-publish first instock product_cat-all-books product_cat-drawing product_cat-new-arrivals product_cat-painting product_tag-neuer-magischer-realismus-en product_tag-new-magical-realism-en product_tag-nouveau-realisme-magique-en product_tag-sebastian-c-strenger-en product_tag-simone-haack-en has-post-thumbnail taxable shipping-taxable purchasable product-type-simple\">\n\t<a href=\"https:\/\/dcv-books.com\/en\/produkt\/simone-haack-new-magical-realism\/\" class=\"woocommerce-LoopProduct-link woocommerce-loop-product__link\"><div class=\"image-wrapper\"><img decoding=\"async\" width=\"1833\" height=\"2500\" src=\"https:\/\/dcv-books.com\/wp-content\/uploads\/2025\/02\/SimoneHaack_Cover_web.jpg\" class=\"attachment-woocommerce_thumbnail size-woocommerce_thumbnail\" alt=\"Simone Haack -&lt;br&gt; NEW MAGICAL REALISM\" \/><\/div><div class=\"book-label book-label--upcoming\"><\/div><h2 class=\"woocommerce-loop-product__title\">Simone Haack <br> NEW MAGICAL REALISM<\/h2>  <div class=\"woocommerce-loop-product__description\" itemprop=\"description\">\n    <p>Talking about magical realism today, we typically think of the literary genre. Yet when Franz Roh coined the term, he was referring to a tendency in German visual art in the years before the rise of fascism. What marked a major departure from Expressionism and abstraction has seen a renaissance in the New Magical Realism pioneered by Simone Haack since the turn of the millen\u00adnium, now framed by a comparable geopolitical situation. The influence of Giorgio de Chirico and his pittura metafisica is unmistakable in Haack, as are those of the New Objectivity, Kafkaesque painting, and the metaphysical dimension of Surrealism. One of the most eminent artists of our time.<\/p>\n  <\/div>\n\n\t<span class=\"price\"><span class=\"woocommerce-Price-amount amount\"><bdi>44<span class=\"woocommerce-Price-currencySymbol\">&euro;<\/span><\/bdi><\/span><\/span>\n<\/a><a href=\"\/en\/wp-json\/wp\/v2\/pages\/13174?add-to-cart=24574\" aria-describedby=\"woocommerce_loop_add_to_cart_link_describedby_24574\" data-quantity=\"1\" class=\"button product_type_simple add_to_cart_button ajax_add_to_cart\" data-product_id=\"24574\" data-product_sku=\"\" aria-label=\"Add to cart: &ldquo;Simone Haack - NEW MAGICAL REALISM&rdquo;\" rel=\"nofollow\" data-success_message=\"&ldquo;Simone Haack -&lt;br&gt; NEW MAGICAL REALISM&rdquo; has been added to your cart\" role=\"button\">Add to cart<\/a>\t<span id=\"woocommerce_loop_add_to_cart_link_describedby_24574\" class=\"screen-reader-text\">\n\t\t\t<\/span>\n<\/li>\n<li class=\"product type-product post-19718 status-publish instock product_cat-all-books product_cat-drawing product_cat-new-arrivals product_cat-painting product_cat-works-on-paper-en has-post-thumbnail taxable shipping-taxable purchasable product-type-simple\">\n\t<a href=\"https:\/\/dcv-books.com\/en\/produkt\/jorinde-voigt-trust\/\" class=\"woocommerce-LoopProduct-link woocommerce-loop-product__link\"><div class=\"image-wrapper\"><img decoding=\"async\" width=\"1536\" height=\"2080\" src=\"https:\/\/dcv-books.com\/wp-content\/uploads\/2023\/06\/TRUST-cover.jpeg\" class=\"attachment-woocommerce_thumbnail size-woocommerce_thumbnail\" alt=\"Jorinde Voigt -&lt;br&gt; Trust\" \/><\/div><div class=\"book-label book-label--upcoming\"><\/div><h2 class=\"woocommerce-loop-product__title\">Jorinde Voigt <br> Trust<\/h2>  <div class=\"woocommerce-loop-product__description\" itemprop=\"description\">\n    <p>Jorinde Voigt (b. Frankfurt am Main 1977, lives and works in Berlin), declared about the title of the book \u201cTrust is a hybrid of longing for something and the engagement to reach it\u201d. Voigt has thus decided to compile her works, which she realized from May 2019 to spring 2021, under the sign of confidence, connectedness, reliability and integrity. Many of the works presented place themselves in the continuity of those in <em>Immersion<\/em>, a book that brought together works from the period 2018-2019.<\/p>\n<p>In the extensive volume <em>Trust<\/em>, sculptures and mobiles are shown alongside the works on paper for which she is known \u2013 here immersed in a pigment bath and then worked on with pastel, ink, India ink, oil pastels and gold leaf\u2013.<\/p>\n<p>Jorinde Voigt studied philosophy and modern German literature at the University of G\u00f6ttingen from 1996. In 1998 she moved to Berlin and studied sociology, philosophy and general and comparative literature at the Free University of Berlin. 1999-2003 she studied art in multimedia at the University of the Arts with Christiane M\u00f6bus and visual arts and photography with Katharina Sieverding, whose master student she became in 2004. 2014-2019 she was professor of conceptual drawing and painting at the Academy of Fine Arts Munich. Since 2019 she is professor at the Hamburg University of Fine Arts.<\/p>\n  <\/div>\n\n\t<span class=\"price\"><span class=\"woocommerce-Price-amount amount\"><bdi>42<span class=\"woocommerce-Price-currencySymbol\">&euro;<\/span><\/bdi><\/span><\/span>\n<\/a><a href=\"\/en\/wp-json\/wp\/v2\/pages\/13174?add-to-cart=19718\" aria-describedby=\"woocommerce_loop_add_to_cart_link_describedby_19718\" data-quantity=\"1\" class=\"button product_type_simple add_to_cart_button ajax_add_to_cart\" data-product_id=\"19718\" data-product_sku=\"\" aria-label=\"Add to cart: &ldquo;Jorinde Voigt - Trust&rdquo;\" rel=\"nofollow\" data-success_message=\"&ldquo;Jorinde Voigt -&lt;br&gt; Trust&rdquo; has been added to your cart\" role=\"button\">Add to cart<\/a>\t<span id=\"woocommerce_loop_add_to_cart_link_describedby_19718\" class=\"screen-reader-text\">\n\t\t\t<\/span>\n<\/li>\n<li class=\"product type-product post-23815 status-publish instock product_cat-all-books product_cat-installation-art product_cat-new-arrivals product_cat-sculpture product_cat-textile-art product_tag-chiharu-shiota-en product_tag-kunsthalle-praha-en product_tag-the-unsettled-soul-en has-post-thumbnail taxable shipping-taxable purchasable product-type-simple\">\n\t<a href=\"https:\/\/dcv-books.com\/en\/produkt\/23815\/\" class=\"woocommerce-LoopProduct-link woocommerce-loop-product__link\"><div class=\"image-wrapper\"><img decoding=\"async\" width=\"2037\" height=\"2500\" src=\"https:\/\/dcv-books.com\/wp-content\/uploads\/2024\/01\/Shiota_Cover_IMG_9724-Edit_crop_web.jpg\" class=\"attachment-woocommerce_thumbnail size-woocommerce_thumbnail\" alt=\"Chiharu Shiota -&lt;br&gt; The Unsettled Soul\" \/><\/div><h2 class=\"woocommerce-loop-product__title\">Chiharu Shiota <br> The Unsettled Soul<\/h2>  <div class=\"woocommerce-loop-product__description\" itemprop=\"description\">\n    <p><span style=\"font-weight: 400;\">Widely acclaimed for her distinctive visual language, which combines drawing, performance, sculpture, and installation art, Japanese artist Chiharu Shiota (b. 1972 in Osaka, lives and works in Berlin) addresses fundamental human concerns. Creating large-scale thread installations that incorporate a variety of everyday objects and memorabilia, she forms powerful environments that evoke a sense of nostalgia, personal history, and collective memory. The catalog accompanies the exhibition <\/span><i><span style=\"font-weight: 400;\">The Unsettled Soul<\/span><\/i><span style=\"font-weight: 400;\">, the first presentation of the artist in the Czech Republic. In addition to extensive photographic documentation of the exhibition at Kunsthalle Praha, the publication features an essay by Jason Waite discussing Shiota\u2019s early works as well as an interview with the artist conducted by the editor, Christelle Havranek, about her key themes and the creation of the Prague exhibition.<\/span><\/p>\n  <\/div>\n\n\t<span class=\"price\"><span class=\"woocommerce-Price-amount amount\"><bdi>48<span class=\"woocommerce-Price-currencySymbol\">&euro;<\/span><\/bdi><\/span><\/span>\n<\/a><a href=\"\/en\/wp-json\/wp\/v2\/pages\/13174?add-to-cart=23815\" aria-describedby=\"woocommerce_loop_add_to_cart_link_describedby_23815\" data-quantity=\"1\" class=\"button product_type_simple add_to_cart_button ajax_add_to_cart\" data-product_id=\"23815\" data-product_sku=\"\" aria-label=\"Add to cart: &ldquo;Chiharu Shiota - The Unsettled Soul&rdquo;\" rel=\"nofollow\" data-success_message=\"&ldquo;Chiharu Shiota -&lt;br&gt; The Unsettled Soul&rdquo; has been added to your cart\" role=\"button\">Add to cart<\/a>\t<span id=\"woocommerce_loop_add_to_cart_link_describedby_23815\" class=\"screen-reader-text\">\n\t\t\t<\/span>\n<\/li>\n<li class=\"product type-product post-20429 status-publish last instock product_cat-all-books product_cat-new-arrivals product_cat-on-art product_cat-painting product_cat-performance-art product_tag-was-ist-wiener-aktionismus-en product_tag-wiener-aktionismus-en has-post-thumbnail taxable shipping-taxable purchasable product-type-simple\">\n\t<a href=\"https:\/\/dcv-books.com\/en\/produkt\/was-ist-wiener-aktionismus\/\" class=\"woocommerce-LoopProduct-link woocommerce-loop-product__link\"><div class=\"image-wrapper\"><img decoding=\"async\" width=\"1827\" height=\"2500\" src=\"https:\/\/dcv-books.com\/wp-content\/uploads\/2024\/12\/WIWA-DE_Cover_web.jpg\" class=\"attachment-woocommerce_thumbnail size-woocommerce_thumbnail\" alt=\"Was ist Wiener Aktionismus?\" \/><\/div><h2 class=\"woocommerce-loop-product__title\">Was ist Wiener Aktionismus?<\/h2>  <div class=\"woocommerce-loop-product__description\" itemprop=\"description\">\n    <p>Blows were dealt. An artist exposed and cut himself, others urinated in glasses, daubed themselves with dirt, and masturbated over the Austrian flag. Meanwhile, music was playing, including the national anthem; someone read pornographic writings. Vienna in the late 1960s: what had started in the artists\u2019 homes and studios was now brough out on the grand stage, and taboos were broken in full view of the public.<\/p>\n<p>The Vienna Actionism Museum\u2019s first publication is dedicated to the idea of Vienna Actionism in the dynamic context of abstract realism, Fluxus, and the international Happening scene. The book relates the story of one of art history\u2019s most influential art movements, spearheaded by the Actionists G\u00fcnter Brus and Otto Muehl, Hermann Nitsch and Rudolf Schwarzkogler.<\/p>\n  <\/div>\n\n\t<span class=\"price\"><span class=\"woocommerce-Price-amount amount\"><bdi>50<span class=\"woocommerce-Price-currencySymbol\">&euro;<\/span><\/bdi><\/span><\/span>\n<\/a><a href=\"\/en\/wp-json\/wp\/v2\/pages\/13174?add-to-cart=20429\" aria-describedby=\"woocommerce_loop_add_to_cart_link_describedby_20429\" data-quantity=\"1\" class=\"button product_type_simple add_to_cart_button ajax_add_to_cart\" data-product_id=\"20429\" data-product_sku=\"\" aria-label=\"Add to cart: &ldquo;Was ist Wiener Aktionismus?&rdquo;\" rel=\"nofollow\" data-success_message=\"&ldquo;Was ist Wiener Aktionismus?&rdquo; has been added to your cart\" role=\"button\">Add to cart<\/a>\t<span id=\"woocommerce_loop_add_to_cart_link_describedby_20429\" class=\"screen-reader-text\">\n\t\t\t<\/span>\n<\/li>\n<li class=\"product type-product post-20432 status-publish first instock product_cat-all-books product_cat-new-arrivals product_cat-on-art product_cat-painting product_cat-performance-art product_tag-vienna-actionism-en product_tag-what-is-vienna-actionism-en has-post-thumbnail taxable shipping-taxable purchasable product-type-simple\">\n\t<a href=\"https:\/\/dcv-books.com\/en\/produkt\/was-ist-wiener-aktionismus-kopie\/\" class=\"woocommerce-LoopProduct-link woocommerce-loop-product__link\"><div class=\"image-wrapper\"><img decoding=\"async\" width=\"1827\" height=\"2500\" src=\"https:\/\/dcv-books.com\/wp-content\/uploads\/2024\/12\/WIWA-ENG_Cover_web.jpg\" class=\"attachment-woocommerce_thumbnail size-woocommerce_thumbnail\" alt=\"What is Vienna Actionism?\" \/><\/div><h2 class=\"woocommerce-loop-product__title\">What is Vienna Actionism?<\/h2>  <div class=\"woocommerce-loop-product__description\" itemprop=\"description\">\n    <p>Blows were dealt. An artist exposed and cut himself, others urinated in glasses, daubed themselves with dirt, and masturbated over the Austrian flag. Meanwhile, music was playing, including the national anthem; someone read pornographic writings. Vienna in the late 1960s: what had started in the artists\u2019 homes and studios was now brough out on the grand stage, and taboos were broken in full view of the public.<\/p>\n<p>The Vienna Actionism Museum\u2019s first publication is dedicated to the idea of Vienna Actionism in the dynamic context of abstract realism, Fluxus, and the international Happening scene. The book relates the story of one of art history\u2019s most influential art movements, spearheaded by the Actionists G\u00fcnter Brus and Otto Muehl, Hermann Nitsch and Rudolf Schwarzkogler.<\/p>\n  <\/div>\n\n\t<span class=\"price\"><span class=\"woocommerce-Price-amount amount\"><bdi>50<span class=\"woocommerce-Price-currencySymbol\">&euro;<\/span><\/bdi><\/span><\/span>\n<\/a><a href=\"\/en\/wp-json\/wp\/v2\/pages\/13174?add-to-cart=20432\" aria-describedby=\"woocommerce_loop_add_to_cart_link_describedby_20432\" data-quantity=\"1\" class=\"button product_type_simple add_to_cart_button ajax_add_to_cart\" data-product_id=\"20432\" data-product_sku=\"\" aria-label=\"Add to cart: &ldquo;What is Vienna Actionism?&rdquo;\" rel=\"nofollow\" data-success_message=\"&ldquo;What is Vienna Actionism?&rdquo; has been added to your cart\" role=\"button\">Add to cart<\/a>\t<span id=\"woocommerce_loop_add_to_cart_link_describedby_20432\" class=\"screen-reader-text\">\n\t\t\t<\/span>\n<\/li>\n<li class=\"product type-product post-23879 status-publish instock product_cat-all-books product_cat-new-arrivals product_cat-on-art product_cat-performance-art product_cat-photography product_cat-sculpture product_cat-works-on-paper-en product_tag-facts-and-tales-en product_tag-facts-and-tales-truth-be-told-en product_tag-ilit-azoulay-en product_tag-jewish-museum-new-york-en product_tag-truth-be-told-en has-post-thumbnail taxable shipping-taxable purchasable product-type-simple\">\n\t<a href=\"https:\/\/dcv-books.com\/en\/produkt\/ilit-azoulay-facts-and-tales-truth-be-told\/\" class=\"woocommerce-LoopProduct-link woocommerce-loop-product__link\"><div class=\"image-wrapper\"><img decoding=\"async\" width=\"1039\" height=\"1450\" src=\"https:\/\/dcv-books.com\/wp-content\/uploads\/2024\/12\/Azoulay_12_Cover_web.jpg\" class=\"attachment-woocommerce_thumbnail size-woocommerce_thumbnail\" alt=\"Ilit Azoulay -&lt;br&gt; Facts and Tales. Truth be Told\" \/><\/div><h2 class=\"woocommerce-loop-product__title\">Ilit Azoulay <br> Facts and Tales. Truth be Told<\/h2>  <div class=\"woocommerce-loop-product__description\" itemprop=\"description\">\n    <p>In an era in which multiple perspectives and oral histories are increasingly vital, <em>Facts and Tales\u2014Truth Be Told<\/em> delves into the haunting work of Ilit Azoulay. The artist, who was born in Jaffa in 1972, transforms objects, archives, and museum holdings into vessels, challenging traditional hierarchies of knowledge. In her most recent solo exhibition <em>Mere Things<\/em> at the Jewish Museum, New York, Azoulay presents works that probe the delicate balance between factual representation and nuanced storytelling.<\/p>\n<p>The publication accompanying the exhibition includes archival pages, the artist\u2019s notes, and depictions of the works as well as an introduction by curator Shira Backer and an essay by the art critic, curator, and writer Sarit Shapira, who passed away in 2018. Titled <em>Houses of Junk and Specters: On Ilit Azoulay\u2019s Early Works<\/em>, it underscores the importance of honoring both factual accuracy and oral histories and invites readers to explore the complex interplay between concrete evidence and the rich and nuanced stories.<\/p>\n<p>Azoulay has devised a singular method to shed light on the blanks in hegemonic narratives and expose them. As though to produce an extortion letter, she clips her pictures from archival materials and photographs of the walls of abandoned buildings and composes them in collages interweaving a multiplicity of views. The resulting works question the exclusive truth claim of museum expertise and reveal its constructed quality. The catalog of her works, designed as a box replete with texts and images, reflects this approach, aiming to dismantle established narratives and open up diverse perspectives.<\/p>\n<p>Box containing 6 different standalone publications, limited edition of 500 copies<\/p>\n<p><strong>THIS PUBLICATION WAS MADE POSSIBLE BY THE GENEROUS SUPPORT OF THE GALLERY LOHAUS SOMINSKY, MUNICH<\/strong><\/p>\n  <\/div>\n\n\t<span class=\"price\"><span class=\"woocommerce-Price-amount amount\"><bdi>120<span class=\"woocommerce-Price-currencySymbol\">&euro;<\/span><\/bdi><\/span><\/span>\n<\/a><a href=\"\/en\/wp-json\/wp\/v2\/pages\/13174?add-to-cart=23879\" aria-describedby=\"woocommerce_loop_add_to_cart_link_describedby_23879\" data-quantity=\"1\" class=\"button product_type_simple add_to_cart_button ajax_add_to_cart\" data-product_id=\"23879\" data-product_sku=\"\" aria-label=\"Add to cart: &ldquo;Ilit Azoulay - Facts and Tales. Truth be Told&rdquo;\" rel=\"nofollow\" data-success_message=\"&ldquo;Ilit Azoulay -&lt;br&gt; Facts and Tales. Truth be Told&rdquo; has been added to your cart\" role=\"button\">Add to cart<\/a>\t<span id=\"woocommerce_loop_add_to_cart_link_describedby_23879\" class=\"screen-reader-text\">\n\t\t\t<\/span>\n<\/li>\n<li class=\"product type-product post-24778 status-publish instock product_cat-all-books product_cat-drawing product_cat-installation-art product_cat-new-arrivals product_cat-on-art product_cat-painting product_cat-sculpture product_cat-textile-art product_cat-works-on-paper-en product_tag-brainlab-en product_tag-brazil product_tag-female-brazilian-artists product_tag-rooted-en product_tag-rooted-female-brazilian-artists product_tag-tereza-de-arruda-en product_tag-vilsmeier-linhares-collection has-post-thumbnail taxable shipping-taxable purchasable product-type-simple\">\n\t<a href=\"https:\/\/dcv-books.com\/en\/produkt\/rooted-female-brazilian-artists\/\" class=\"woocommerce-LoopProduct-link woocommerce-loop-product__link\"><div class=\"image-wrapper\"><img decoding=\"async\" width=\"1833\" height=\"2500\" src=\"https:\/\/dcv-books.com\/wp-content\/uploads\/2025\/03\/ROOTED_INHALT_ISUUU_250227-1_Cover_web.jpg\" class=\"attachment-woocommerce_thumbnail size-woocommerce_thumbnail\" alt=\"Rooted -&lt;br&gt; Female Brazilian Artists\" \/><\/div><h2 class=\"woocommerce-loop-product__title\">Rooted <br> Female Brazilian Artists<\/h2>  <div class=\"woocommerce-loop-product__description\" itemprop=\"description\">\n    <p><span style=\"font-weight: 400;\">The book\u00a0<\/span><i><span style=\"font-weight: 400;\">Rooted. Female Brazilian Artists<\/span><\/i><span style=\"font-weight: 400;\">, accompanies the eponymous exhibition at Brainlab\/Munich, which is open until the end of September 2025. The works of the 16 artists come from the collection of Sergio Linhares and Stefan Vilsmeier. The collectors present this selection hoping to illuminate important and difficult themes such as, among others, discrimination, displacement, and violence but also to remind of our shared rootedness in nature. \u201cArt has no obligation to comfort us; it can challenge, disrupt and\u00a0remind us that our coexistence is fragile.\u201d The volume shows installation views along with close-ups of the individual works and it includes short texts for each artist along with an essay by curator Tereza de Arruda.\u00a0<\/span><\/p>\n<p><strong>Artists: Marlene Almeida, Azuhli (Luiza Diogo Veras), Tarsila do Amaral, Beatrice Arraes, Carmezia Emiliano, Sonia Gomes, I\u00eada Jardim, Lucia Laguna, Laura Lima, Rosilene Luduvico, Rosana Paulino, Solange Pessoa, Paula Siebra, Luzia Simons, N\u00e1dia Taquary, Alexsandra Ribeiro, Larissa de Souza<\/strong><\/p>\n  <\/div>\n\n\t<span class=\"price\"><span class=\"woocommerce-Price-amount amount\"><bdi>28<span class=\"woocommerce-Price-currencySymbol\">&euro;<\/span><\/bdi><\/span><\/span>\n<\/a><a href=\"\/en\/wp-json\/wp\/v2\/pages\/13174?add-to-cart=24778\" aria-describedby=\"woocommerce_loop_add_to_cart_link_describedby_24778\" data-quantity=\"1\" class=\"button product_type_simple add_to_cart_button ajax_add_to_cart\" data-product_id=\"24778\" data-product_sku=\"\" aria-label=\"Add to cart: &ldquo;Rooted - Female Brazilian Artists&rdquo;\" rel=\"nofollow\" data-success_message=\"&ldquo;Rooted -&lt;br&gt; Female Brazilian Artists&rdquo; has been added to your cart\" role=\"button\">Add to cart<\/a>\t<span id=\"woocommerce_loop_add_to_cart_link_describedby_24778\" class=\"screen-reader-text\">\n\t\t\t<\/span>\n<\/li>\n<li class=\"product type-product post-24759 status-publish last instock product_cat-drawing product_cat-new-arrivals product_cat-painting product_cat-works-on-paper-en product_tag-2015-en product_tag-andreas-breunig-en product_tag-jana-schroeder-en product_tag-peppi-bottrop-en has-post-thumbnail taxable shipping-taxable purchasable product-type-simple\">\n\t<a href=\"https:\/\/dcv-books.com\/en\/produkt\/2015-peppi-bottrop-andreas-breunig-jana-schroder\/\" class=\"woocommerce-LoopProduct-link woocommerce-loop-product__link\"><div class=\"image-wrapper\"><img decoding=\"async\" width=\"1875\" height=\"2500\" src=\"https:\/\/dcv-books.com\/wp-content\/uploads\/2024\/01\/GFG_BBS_Cover_Schroeder_web.jpg\" class=\"attachment-woocommerce_thumbnail size-woocommerce_thumbnail\" alt=\"Bottrop, Breunig, Schr\u00f6der -&lt;br&gt; 20:15\" \/><\/div><h2 class=\"woocommerce-loop-product__title\">Bottrop, Breunig, Schr\u00f6der <br> 20:15<\/h2>  <div class=\"woocommerce-loop-product__description\" itemprop=\"description\">\n    <p><span style=\"font-weight: 400;\">Rapidly growing floods of images and artificial intelligence have made art almost inevitably into a commentary on the illusion of actuality. Three painters\u2014Jana Schr\u00f6der, Peppi Bottrop und Andreas Breunig\u2014present drawings in the Gesellschaft f\u00fcr Gegenwartskunst in Augsburg.\u00a0<\/span><b><i>20:15<\/i><\/b><span style=\"font-weight: 400;\">\u00a0is the title of the exhibition and this accompanying book. All three artists have studied with Albert Oehlen at the Kunstakademie D\u00fcsseldorf and share a philosophical approach to painting. \u201cOur painting is a response to the given conditions of pictoriality. We are here to deconstruct and question what images really are.\u201d (Schr\u00f6der) The art historian Christian Malycha interviews the three artists, together regarding the exhibition concept, and individually about the evolution of their works. The conversations in this book, which are supplemented by reproductions of all exhibited drawings, provide illuminating glimpses into the ongoing discourse about painting\u2019s relevance.\u00a0<\/span><\/p>\n  <\/div>\n\n\t<span class=\"price\"><span class=\"woocommerce-Price-amount amount\"><bdi>28<span class=\"woocommerce-Price-currencySymbol\">&euro;<\/span><\/bdi><\/span><\/span>\n<\/a><a href=\"\/en\/wp-json\/wp\/v2\/pages\/13174?add-to-cart=24759\" aria-describedby=\"woocommerce_loop_add_to_cart_link_describedby_24759\" data-quantity=\"1\" class=\"button product_type_simple add_to_cart_button ajax_add_to_cart\" data-product_id=\"24759\" data-product_sku=\"\" aria-label=\"Add to cart: &ldquo;Bottrop, Breunig, Schr\u00f6der - 20:15&rdquo;\" rel=\"nofollow\" data-success_message=\"&ldquo;Bottrop, Breunig, Schr\u00f6der -&lt;br&gt; 20:15&rdquo; has been added to your cart\" role=\"button\">Add to cart<\/a>\t<span id=\"woocommerce_loop_add_to_cart_link_describedby_24759\" class=\"screen-reader-text\">\n\t\t\t<\/span>\n<\/li>\n<li class=\"product type-product post-25061 status-publish first instock product_cat-all-books product_cat-drawing product_cat-new-arrivals product_cat-painting product_cat-sculpture product_tag-let-me-be-your-everlasting-light-en product_tag-rene-holm-en has-post-thumbnail taxable shipping-taxable purchasable product-type-simple\">\n\t<a href=\"https:\/\/dcv-books.com\/en\/produkt\/rene-holm-let-me-be-your-everlasting-light\/\" class=\"woocommerce-LoopProduct-link woocommerce-loop-product__link\"><div class=\"image-wrapper\"><img decoding=\"async\" width=\"1836\" height=\"2500\" src=\"https:\/\/dcv-books.com\/wp-content\/uploads\/2024\/12\/Holm_EverlastingLight_Cover_web.jpg\" class=\"attachment-woocommerce_thumbnail size-woocommerce_thumbnail\" alt=\"Ren\u00e9 Holm -&lt;br&gt; Let me be your everlasting light\" \/><\/div><h2 class=\"woocommerce-loop-product__title\">Ren\u00e9 Holm <br> Let me be your everlasting light<\/h2>  <div class=\"woocommerce-loop-product__description\" itemprop=\"description\">\n    <p><span style=\"font-weight: 400;\">Light is the theme of the new paintings by Ren\u00e9 Holm \u200b\u200b(b. Esbjerg, 1967). Faceless protagonists traversing symbolic forests with leafless trees occurred already in previous works, stripping them of individual or local signifiers and moving them into a spiritual and universal realm. Skulls with burning candles in <\/span><i><span style=\"font-weight: 400;\">Still lifes <\/span><\/i><span style=\"font-weight: 400;\">symbolize the fragility of life and unavoidability of death. Holm goes a step further and makes his figures carry the symbols in their hands or even has them become themselves live \u201cstill lifes\u201d with burning candles on their backs. The presence of death is not a picture to behold from afar but a truth to be aware of and carry with us every day. The burning candles also mean that we\u2019re here with our sorrow as well as our light. We must burn to shine. This book accompanies the artist\u2019s gallery exhibition <\/span><i><span style=\"font-weight: 400;\">Let me be your everlasting light <\/span><\/i><span style=\"font-weight: 400;\">in Horsens, Denmark. \u00a0<\/span><\/p>\n  <\/div>\n\n\t<span class=\"price\"><span class=\"woocommerce-Price-amount amount\"><bdi>25<span class=\"woocommerce-Price-currencySymbol\">&euro;<\/span><\/bdi><\/span><\/span>\n<\/a><a href=\"\/en\/wp-json\/wp\/v2\/pages\/13174?add-to-cart=25061\" aria-describedby=\"woocommerce_loop_add_to_cart_link_describedby_25061\" data-quantity=\"1\" class=\"button product_type_simple add_to_cart_button ajax_add_to_cart\" data-product_id=\"25061\" data-product_sku=\"\" aria-label=\"Add to cart: &ldquo;Ren\u00e9 Holm - Let me be your everlasting light&rdquo;\" rel=\"nofollow\" data-success_message=\"&ldquo;Ren\u00e9 Holm -&lt;br&gt; Let me be your everlasting light&rdquo; has been added to your cart\" role=\"button\">Add to cart<\/a>\t<span id=\"woocommerce_loop_add_to_cart_link_describedby_25061\" class=\"screen-reader-text\">\n\t\t\t<\/span>\n<\/li>\n<li class=\"product type-product post-20092 status-publish instock product_cat-all-books product_cat-new-arrivals product_cat-painting product_tag-catalogue-raisonne-vol-1 product_tag-leszek-skurski-en has-post-thumbnail taxable shipping-taxable purchasable product-type-simple\">\n\t<a href=\"https:\/\/dcv-books.com\/en\/produkt\/leszek-skurski-catalog-raisonne-vol-i-works-from-1994-2023\/\" class=\"woocommerce-LoopProduct-link woocommerce-loop-product__link\"><div class=\"image-wrapper\"><img decoding=\"async\" width=\"2048\" height=\"2304\" src=\"https:\/\/dcv-books.com\/wp-content\/uploads\/2024\/12\/Skurski_Werkverzeichnis1_Cover_web-2048x2304.jpg\" class=\"attachment-woocommerce_thumbnail size-woocommerce_thumbnail\" alt=\"Leszek Skurski -&lt;br&gt; Catalogue raisonn\u00e9 Vol. 1: Works from 1990\u20132024\" \/><\/div><h2 class=\"woocommerce-loop-product__title\">Leszek Skurski <br> Catalogue raisonn\u00e9 Vol. 1: Works from 1990\u20132024<\/h2>  <div class=\"woocommerce-loop-product__description\" itemprop=\"description\">\n    <p>Leszek Skurski (b. Gda\u0144sk, 1973; lives and works in Fulda and Mallorca) is known for his singular and immediately recognizable white paintings. Small black and gray figures emerge from the white landscapes, always set in relation to one another, in pairs or groups. Exposed on the expansive and boundless-seeming plane, they silently tell a story that remains as open-ended as the pictures. In a few spare brushstrokes or lines drawn with the palette knife, Skurski\u2019s superb neoimpressionism deftly captures the atmosphere that weighs down on his characters and holds his compositions in suspense.<\/p>\n<p>The extensive monograph presents over two thousand works from more than three decades. Essays embed the various bodies of work in their art-historical contexts.<\/p>\n<p><a href=\"https:\/\/dcv-books.com\/en\/leszek-skurski\/\">Limited art edition available<\/a><\/p>\n  <\/div>\n\n\t<span class=\"price\"><span class=\"woocommerce-Price-amount amount\"><bdi>59<span class=\"woocommerce-Price-currencySymbol\">&euro;<\/span><\/bdi><\/span><\/span>\n<\/a><a href=\"\/en\/wp-json\/wp\/v2\/pages\/13174?add-to-cart=20092\" aria-describedby=\"woocommerce_loop_add_to_cart_link_describedby_20092\" data-quantity=\"1\" class=\"button product_type_simple add_to_cart_button ajax_add_to_cart\" data-product_id=\"20092\" data-product_sku=\"\" aria-label=\"Add to cart: &ldquo;Leszek Skurski - Catalogue raisonn\u00e9 Vol. 1: Works from 1990\u20132024&rdquo;\" rel=\"nofollow\" data-success_message=\"&ldquo;Leszek Skurski -&lt;br&gt; Catalogue raisonn\u00e9 Vol. 1: Works from 1990\u20132024&rdquo; has been added to your cart\" role=\"button\">Add to cart<\/a>\t<span id=\"woocommerce_loop_add_to_cart_link_describedby_20092\" class=\"screen-reader-text\">\n\t\t\t<\/span>\n<\/li>\n<li class=\"product type-product post-24088 status-publish instock product_cat-all-books product_cat-drawing product_cat-film-and-video product_cat-installation-art product_cat-new-arrivals product_cat-textile-art product_tag-aline-schwibbe-en product_tag-now-its-dark-en has-post-thumbnail taxable shipping-taxable purchasable product-type-simple\">\n\t<a href=\"https:\/\/dcv-books.com\/en\/produkt\/aline-schwibbe-now-its-dark\/\" class=\"woocommerce-LoopProduct-link woocommerce-loop-product__link\"><div class=\"image-wrapper\"><img decoding=\"async\" width=\"1684\" height=\"2500\" src=\"https:\/\/dcv-books.com\/wp-content\/uploads\/2024\/01\/ALINE_SCHWIBBE_UMSCHLAG_250110_web.jpg\" class=\"attachment-woocommerce_thumbnail size-woocommerce_thumbnail\" alt=\"Aline Schwibbe -&lt;br&gt; Now It\u2019s Dark\" \/><\/div><h2 class=\"woocommerce-loop-product__title\">Aline Schwibbe <br> Now It\u2019s Dark<\/h2>  <div class=\"woocommerce-loop-product__description\" itemprop=\"description\">\n    <p><span style=\"font-weight: 400;\">Aline Schwibbe (b. Hamm 1988; lives and works in Berlin) studied both psychology and art and her interest lies in observing the cyclical nature of events and experiences\u2014in memory, in dreams and in the reality of the present. Her films and her photographic and mixed-media sequences often appear like fragments of occurrences snatched from the dark and exposed multiple times in an attempt to make them visible.\u00a0<\/span><\/p>\n<p><span style=\"font-weight: 400;\">The artist\u2019s first monograph is published on the occasion of her solo exhibition <\/span><i><span style=\"font-weight: 400;\">Now It\u2018s Dark <\/span><\/i><span style=\"font-weight: 400;\">at the EIGEN+ART Lab Berlin. The book introduces Schwibbe\u2019s extensive multidisciplinary practice, which besides drawing, photography and video also includes sculpture, animation, sound installations, and textile projects.<\/span><\/p>\n<p><a href=\"https:\/\/dcv-books.com\/en\/aline-schwibbe\/\">Limited artist edition available<\/a><\/p>\n  <\/div>\n\n\t<span class=\"price\"><span class=\"woocommerce-Price-amount amount\"><bdi>28<span class=\"woocommerce-Price-currencySymbol\">&euro;<\/span><\/bdi><\/span><\/span>\n<\/a><a href=\"\/en\/wp-json\/wp\/v2\/pages\/13174?add-to-cart=24088\" aria-describedby=\"woocommerce_loop_add_to_cart_link_describedby_24088\" data-quantity=\"1\" class=\"button product_type_simple add_to_cart_button ajax_add_to_cart\" data-product_id=\"24088\" data-product_sku=\"\" aria-label=\"Add to cart: &ldquo;Aline Schwibbe - Now It\u2019s Dark&rdquo;\" rel=\"nofollow\" data-success_message=\"&ldquo;Aline Schwibbe -&lt;br&gt; Now It\u2019s Dark&rdquo; has been added to your cart\" role=\"button\">Add to cart<\/a>\t<span id=\"woocommerce_loop_add_to_cart_link_describedby_24088\" class=\"screen-reader-text\">\n\t\t\t<\/span>\n<\/li>\n<li class=\"product type-product post-23570 status-publish last instock product_cat-all-books product_cat-new-arrivals product_cat-performance-art product_cat-textile-art product_tag-kensise-anders-en product_tag-robert-grunenberg-en has-post-thumbnail taxable shipping-taxable purchasable product-type-simple\">\n\t<a href=\"https:\/\/dcv-books.com\/en\/produkt\/kensise-anders-2\/\" class=\"woocommerce-LoopProduct-link woocommerce-loop-product__link\"><div class=\"image-wrapper\"><img decoding=\"async\" width=\"854\" height=\"1210\" src=\"https:\/\/dcv-books.com\/wp-content\/uploads\/2024\/09\/Grunenberg_2024_Kensise-Anders_Cover_web.jpg\" class=\"attachment-woocommerce_thumbnail size-woocommerce_thumbnail\" alt=\"Kensise Anders -&lt;br&gt;\" \/><\/div><h2 class=\"woocommerce-loop-product__title\">Kensise Anders <br><\/h2>  <div class=\"woocommerce-loop-product__description\" itemprop=\"description\">\n    <p><span style=\"font-weight: 400;\">Kensise Anders\u2019s work grapples with the reality of Black people\u2019s lives. Born in Haiti, she was adopted by a German family when she was two. After a difficult childhood, with stints in<\/span><span style=\"font-weight: 400;\"> a psychiatric institution and a boarding school<\/span><span style=\"font-weight: 400;\">, she eventually found art as a medium that lets her work through her experiences. She uses the crochet needle to create masks with which she ironically appropriates white identities and play carpets that show the world of her childhood\u2014apartment blocks, streets; the \u201chole,\u201d as she calls this environment. She also arranges crocheted threads on the canvas as though they were brushstrokes. One series of pictures is dedicated to a Black doll; another, to naked female bodies, including the artist\u2019s own, with references to Courbet\u2019s <\/span><i><span style=\"font-weight: 400;\">L\u2019Origine du monde<\/span><\/i><span style=\"font-weight: 400;\"> (1866). The works are acts of resistance to the prudishness of whites. Black dolls became popular in this country during the colonial era and never quite went away, like the racism in our society and in our heads. Anders\u2019s weapon against that racism is the crochet needle, which she wields patiently and with flair as well as the necessary radicalism.<\/span><\/p>\n  <\/div>\n\n\t<span class=\"price\"><span class=\"woocommerce-Price-amount amount\"><bdi>10<span class=\"woocommerce-Price-currencySymbol\">&euro;<\/span><\/bdi><\/span><\/span>\n<\/a><a href=\"\/en\/wp-json\/wp\/v2\/pages\/13174?add-to-cart=23570\" aria-describedby=\"woocommerce_loop_add_to_cart_link_describedby_23570\" data-quantity=\"1\" class=\"button product_type_simple add_to_cart_button ajax_add_to_cart\" data-product_id=\"23570\" data-product_sku=\"\" aria-label=\"Add to cart: &ldquo;Kensise Anders -&rdquo;\" rel=\"nofollow\" data-success_message=\"&ldquo;Kensise Anders -&lt;br&gt;&rdquo; has been added to your cart\" role=\"button\">Add to cart<\/a>\t<span id=\"woocommerce_loop_add_to_cart_link_describedby_23570\" class=\"screen-reader-text\">\n\t\t\t<\/span>\n<\/li>\n<li class=\"product type-product post-24181 status-publish first instock product_cat-all-books product_cat-new-arrivals product_cat-on-art product_cat-painting product_tag-robert-grunenberg-en product_tag-stephan-grunenberg-en has-post-thumbnail taxable shipping-taxable purchasable product-type-simple\">\n\t<a href=\"https:\/\/dcv-books.com\/en\/produkt\/stephan-grunenberg\/\" class=\"woocommerce-LoopProduct-link woocommerce-loop-product__link\"><div class=\"image-wrapper\"><img decoding=\"async\" width=\"1748\" height=\"2480\" src=\"https:\/\/dcv-books.com\/wp-content\/uploads\/2024\/12\/Cover_web.jpg\" class=\"attachment-woocommerce_thumbnail size-woocommerce_thumbnail\" alt=\"Stephan Grunenberg -&lt;br&gt;\" \/><\/div><h2 class=\"woocommerce-loop-product__title\">Stephan Grunenberg <br><\/h2>  <div class=\"woocommerce-loop-product__description\" itemprop=\"description\">\n    <p><span style=\"font-weight: 400;\">Stephan Grunenberg (b. 1954) paints peculiar portraits: not heads or sitting and reclining figures but seemingly independent feet, legs, trousers, socks or soles of shoes. These and other under-appreciated motives are playfully arranged in captivating compositions which take issue with our hierarchical habits while looking at art. \u201cLeaving out the \u2018civilized\u2019, educated head and centering on neglected parts such as the legs, including the lower abdomen\u2014which is either eroticized or made taboo\u2014is the artist\u2019s point\u201d, writes Oliver Koerner von Gustorf in an essay that accompanies the images inside this small and attractive new book. The paintings reproduced in this volume were all exhibited in Grunenberg\u2019s latest exhibition in 2024, which was titled tongue-in-cheek \u201eRepresentatives Regional To Earth.\u201d <\/span><\/p>\n  <\/div>\n\n\t<span class=\"price\"><span class=\"woocommerce-Price-amount amount\"><bdi>10<span class=\"woocommerce-Price-currencySymbol\">&euro;<\/span><\/bdi><\/span><\/span>\n<\/a><a href=\"\/en\/wp-json\/wp\/v2\/pages\/13174?add-to-cart=24181\" aria-describedby=\"woocommerce_loop_add_to_cart_link_describedby_24181\" data-quantity=\"1\" class=\"button product_type_simple add_to_cart_button ajax_add_to_cart\" data-product_id=\"24181\" data-product_sku=\"\" aria-label=\"Add to cart: &ldquo;Stephan Grunenberg -&rdquo;\" rel=\"nofollow\" data-success_message=\"&ldquo;Stephan Grunenberg -&lt;br&gt;&rdquo; has been added to your cart\" role=\"button\">Add to cart<\/a>\t<span id=\"woocommerce_loop_add_to_cart_link_describedby_24181\" class=\"screen-reader-text\">\n\t\t\t<\/span>\n<\/li>\n<li class=\"product type-product post-24107 status-publish instock product_cat-all-books product_cat-installation-art product_cat-new-arrivals product_cat-sculpture product_tag-matilde-damele-en product_tag-matilde-damele-new-york-1999-2014-en has-post-thumbnail taxable shipping-taxable purchasable product-type-simple\">\n\t<a href=\"https:\/\/dcv-books.com\/en\/produkt\/matilde-damele-new-york-1999-2014\/\" class=\"woocommerce-LoopProduct-link woocommerce-loop-product__link\"><div class=\"image-wrapper\"><img decoding=\"async\" width=\"2048\" height=\"2562\" src=\"https:\/\/dcv-books.com\/wp-content\/uploads\/2024\/12\/Book-cover-New-York-1999-20141-2048x2562.jpg\" class=\"attachment-woocommerce_thumbnail size-woocommerce_thumbnail\" alt=\"Matilde Damele \u2013&lt;br&gt; New York. 1999-2014\" \/><\/div><h2 class=\"woocommerce-loop-product__title\">Matilde Damele <br> New York. 1999-2014<\/h2>  <div class=\"woocommerce-loop-product__description\" itemprop=\"description\">\n    <p><span style=\"font-weight: 400;\">New York and street photography were made for each other, which is why Matilde Damele (b. Bologna; lives and works in Rome), a master of the genre, left home for the big city in the late 1990s. She spent fifteen years in New York, and now her forays have congealed in this singular picture book. The light, the skyscraper-lined avenues, the pedestrians hurrying past and their loneliness in crowds\u2014nimbly wielding her camera, Damele recorded all of it in classic black and white. The result is an outstanding portrait of a forward-looking metropolis that continually draws our attention to its past.<\/span><\/p>\n<p>&nbsp;<\/p>\n  <\/div>\n\n\t<span class=\"price\"><span class=\"woocommerce-Price-amount amount\"><bdi>35<span class=\"woocommerce-Price-currencySymbol\">&euro;<\/span><\/bdi><\/span><\/span>\n<\/a><a href=\"\/en\/wp-json\/wp\/v2\/pages\/13174?add-to-cart=24107\" aria-describedby=\"woocommerce_loop_add_to_cart_link_describedby_24107\" data-quantity=\"1\" class=\"button product_type_simple add_to_cart_button ajax_add_to_cart\" data-product_id=\"24107\" data-product_sku=\"\" aria-label=\"Add to cart: &ldquo;Matilde Damele \u2013 New York. 1999-2014&rdquo;\" rel=\"nofollow\" data-success_message=\"&ldquo;Matilde Damele \u2013&lt;br&gt; New York. 1999-2014&rdquo; has been added to your cart\" role=\"button\">Add to cart<\/a>\t<span id=\"woocommerce_loop_add_to_cart_link_describedby_24107\" class=\"screen-reader-text\">\n\t\t\t<\/span>\n<\/li>\n<li class=\"product type-product post-22628 status-publish instock product_cat-all-books product_cat-installation-art product_cat-new-arrivals product_cat-sculpture product_cat-urban-art-en product_tag-cudelice-brazelton-iv-en product_tag-mortal-surface-en has-post-thumbnail taxable shipping-taxable purchasable product-type-simple\">\n\t<a href=\"https:\/\/dcv-books.com\/en\/produkt\/cudelice-brazelton-iv-mortal-surface\/\" class=\"woocommerce-LoopProduct-link woocommerce-loop-product__link\"><div class=\"image-wrapper\"><img decoding=\"async\" width=\"1526\" height=\"1958\" src=\"https:\/\/dcv-books.com\/wp-content\/uploads\/2024\/01\/250115_Mortal_Surface_Cover_Mockup_crop_web.jpg\" class=\"attachment-woocommerce_thumbnail size-woocommerce_thumbnail\" alt=\"Cudelice Brazelton IV -&lt;br&gt; Mortal Surface\" \/><\/div><h2 class=\"woocommerce-loop-product__title\">Cudelice Brazelton IV <br> Mortal Surface<\/h2>  <div class=\"woocommerce-loop-product__description\" itemprop=\"description\">\n    <p><span style=\"font-weight: 400;\">Cudelice Brazelton IV\u2019s works are magnets. He uses them to glean what he finds in the urban landscape, in the street, in factories and studios: fabric, leather, metal, cardboard, and all sorts of implements. He arranges these materials and things atop one another and side by side in collages, assemblages, and sculptures, staging encounters also between the contexts in which they originated and what he calls their \u201cundercurrents,\u201d their subtexts. Such frames of reference, including that of the exhibition space, play a key role in his art, an aspect he will occasionally engage quite explicitly, creating site-specific works for some settings. This makes the space the context and a part of the piece, sometimes physically so, as when Brazelton works directly on the walls. The recent works gathered in this catalogue were displayed in a former railcar repair workshop. It is hard to imagine a more industrial, \u201cmetallic\u201d environment. There, as between the covers of this catalogue, Brazelton\u2019s works appear to their fullest advantage, becoming veritable magnets drawing the gaze.<\/span><\/p>\n  <\/div>\n\n\t<span class=\"price\"><span class=\"woocommerce-Price-amount amount\"><bdi>35<span class=\"woocommerce-Price-currencySymbol\">&euro;<\/span><\/bdi><\/span><\/span>\n<\/a><a href=\"\/en\/wp-json\/wp\/v2\/pages\/13174?add-to-cart=22628\" aria-describedby=\"woocommerce_loop_add_to_cart_link_describedby_22628\" data-quantity=\"1\" class=\"button product_type_simple add_to_cart_button ajax_add_to_cart\" data-product_id=\"22628\" data-product_sku=\"\" aria-label=\"Add to cart: &ldquo;Cudelice Brazelton IV - Mortal Surface&rdquo;\" rel=\"nofollow\" data-success_message=\"&ldquo;Cudelice Brazelton IV -&lt;br&gt; Mortal Surface&rdquo; has been added to your cart\" role=\"button\">Add to cart<\/a>\t<span id=\"woocommerce_loop_add_to_cart_link_describedby_22628\" class=\"screen-reader-text\">\n\t\t\t<\/span>\n<\/li>\n<li class=\"product type-product post-23790 status-publish last instock product_cat-all-books product_cat-new-arrivals product_cat-painting product_cat-photography product_cat-poetry product_cat-works-on-paper-en product_tag-liebe-en product_tag-roland-schappert-en has-post-thumbnail taxable shipping-taxable purchasable product-type-simple\">\n\t<a href=\"https:\/\/dcv-books.com\/en\/produkt\/roland-schappert-liebe\/\" class=\"woocommerce-LoopProduct-link woocommerce-loop-product__link\"><div class=\"image-wrapper\"><img decoding=\"async\" width=\"1810\" height=\"2500\" src=\"https:\/\/dcv-books.com\/wp-content\/uploads\/2024\/11\/Schappert_Liebe_Frontcover_101024_web.jpg\" class=\"attachment-woocommerce_thumbnail size-woocommerce_thumbnail\" alt=\"Roland Schappert -&lt;br&gt; Liebe +\u2013\" \/><\/div><h2 class=\"woocommerce-loop-product__title\">Roland Schappert <br> Liebe +\u2013<\/h2>  <div class=\"woocommerce-loop-product__description\" itemprop=\"description\">\n    <p><strong>Roland Schappert\u2019s <\/strong><strong>Liebe+\u2013<\/strong>\u00a0is a poetic voyage into the mysterious and paradoxical landscapes of love. Combining an unrelenting eye with lyrical precision, Schappert captures the fragile equilibrium between intimacy and distance, between the longing for union and the need for detachment. The <em>+\u2013<\/em> in the title is a symbolic shorthand for the ambivalence of love: attraction and repulsion, delight and pain, their constant interplay defining the dynamic of love.<\/p>\n<p>The terse and sometimes aphoristic writings enter into a dialogue with the author\u2019s artful and enigmatic pictures and sculptures\u2014text images sewn out of strings of beads or painted in Champagne chalk that subtly mirror and refract the emotional tension of the poems. Nimbly balancing on the fine line between devotion and disaffection, Schappert\u2019s verses are interspersed with ironic allusions to our digital and urban contemporary world.<\/p>\n<p>By forging a symbiosis of poetry and image, this artist\u2019s book charts a world unto itself in which the boundaries between I and you blur and subject and object are fused in a collective we. It invites us to contemplate love with a fresh eye\u2014as tender touch and fractious idea, as a play of expectation and disappointment that we begin anew every day.<\/p>\n<p>&nbsp;<\/p>\n<p>\u2018Love in the age of social media and dating apps, but not from a Gen Z perspective\u00a0 &#8211; but from someone who has known this feeling for much longer. And who brings his experiences &#8211; which are certainly representative of many &#8211; in ever new combinations of text and images into a form that makes reading and viewing a memorable experience.\u2019 &#8211; Wolfgang Ullrich<\/p>\n  <\/div>\n\n\t<span class=\"price\"><span class=\"woocommerce-Price-amount amount\"><bdi>24<span class=\"woocommerce-Price-currencySymbol\">&euro;<\/span><\/bdi><\/span><\/span>\n<\/a><a href=\"\/en\/wp-json\/wp\/v2\/pages\/13174?add-to-cart=23790\" aria-describedby=\"woocommerce_loop_add_to_cart_link_describedby_23790\" data-quantity=\"1\" class=\"button product_type_simple add_to_cart_button ajax_add_to_cart\" data-product_id=\"23790\" data-product_sku=\"\" aria-label=\"Add to cart: &ldquo;Roland Schappert - Liebe +\u2013&rdquo;\" rel=\"nofollow\" data-success_message=\"&ldquo;Roland Schappert -&lt;br&gt; Liebe +\u2013&rdquo; has been added to your cart\" role=\"button\">Add to cart<\/a>\t<span id=\"woocommerce_loop_add_to_cart_link_describedby_23790\" class=\"screen-reader-text\">\n\t\t\t<\/span>\n<\/li>\n<li class=\"product type-product post-17424 status-publish first instock product_cat-all-books product_cat-installation-art product_cat-new-arrivals product_cat-painting product_tag-2022-en product_tag-michel-majerus-en product_tag-michel-majerus-2022-en has-post-thumbnail taxable shipping-taxable purchasable product-type-simple\">\n\t<a href=\"https:\/\/dcv-books.com\/en\/produkt\/michel-majerus-2022\/\" class=\"woocommerce-LoopProduct-link woocommerce-loop-product__link\"><div class=\"image-wrapper\"><img decoding=\"async\" width=\"2048\" height=\"2645\" src=\"https:\/\/dcv-books.com\/wp-content\/uploads\/2022\/05\/221130_DCV_Michel_Majerus_Cover-2048x2645.jpg\" class=\"attachment-woocommerce_thumbnail size-woocommerce_thumbnail\" alt=\"Michel Majerus\" \/><\/div><h2 class=\"woocommerce-loop-product__title\">Michel Majerus 2022<\/h2>  <div class=\"woocommerce-loop-product__description\" itemprop=\"description\">\n    <p>Michel Majerus (1967\u20132002) ranks among the most interesting painters of his generation and left a singular and multifaceted oeuvre that still speaks powerfully to contemporary concerns. His works quote phenomena of everyday culture such as comic strips, advertisements, and videogames as well as sources of inspiration from art history ranging from minimalism to Pop Art. Decontextualizing the different elements of pictures, he integrated them into novel contexts of meaning by, for instance, setting them on a par with art-historical references.<\/p>\n<p>Twenty years after his death, a series of exhibitions throughout Germany showcase different periods and aspects of his creative output. Five solo exhibitions at the KW Institute for Contemporary Art, the Neuer Berliner Kunstverein (n.b.k.), the Kunstverein in Hamburg, the Michel Majerus Estate, and Galerie neugerriemschneider, Berlin, pay tribute to Michel Majerus\u2019s art in unprecedented breadth.<\/p>\n<p>Concurrently, thirteen museums mount presentations of works by Michel Majerus from their collections: Ludwig Forum Aachen; Kunsthalle Bielefeld; Kunstmuseum Bonn; Museum Folkwang, Essen; Sprengel Museum Hannover; Museum Ludwig, Cologne; Kunsthalle Mannheim; St\u00e4dtische Galerie im Lenbachhaus, Munich; Neues Museum Nu\u0308rnberg, Nuremberg; Saarlandmuseum\u2014Moderne Galerie, Saarbr\u00fccken; Kunstmuseum Stuttgart; Staatsgalerie Stuttgart; and Kunstmuseum Wolfsburg.<\/p>\n<p>The extensive publication accompanying the exhibition series <em>Michel Majerus 2022<\/em> includes three essays and two artists\u2019 contributions as well as visual documentation of the exhibitions and presentations from the collections. It is rounded out by a biographical sketch of Michel Majerus, a history of exhibitions of his work, and archival photographs.<\/p>\n  <\/div>\n\n\t<span class=\"price\"><span class=\"woocommerce-Price-amount amount\"><bdi>49<span class=\"woocommerce-Price-currencySymbol\">&euro;<\/span><\/bdi><\/span><\/span>\n<\/a><a href=\"\/en\/wp-json\/wp\/v2\/pages\/13174?add-to-cart=17424\" aria-describedby=\"woocommerce_loop_add_to_cart_link_describedby_17424\" data-quantity=\"1\" class=\"button product_type_simple add_to_cart_button ajax_add_to_cart\" data-product_id=\"17424\" data-product_sku=\"\" aria-label=\"Add to cart: &ldquo;Michel Majerus 2022&rdquo;\" rel=\"nofollow\" data-success_message=\"&ldquo;Michel Majerus 2022&rdquo; has been added to your cart\" role=\"button\">Add to cart<\/a>\t<span id=\"woocommerce_loop_add_to_cart_link_describedby_17424\" class=\"screen-reader-text\">\n\t\t\t<\/span>\n<\/li>\n<li class=\"product type-product post-22314 status-publish instock product_cat-all-books product_cat-installation-art product_cat-new-arrivals product_cat-sculpture product_tag-verena-issel-en product_tag-yellow-pages-en product_tag-yellow-pages-installations-and-their-individual-components-en has-post-thumbnail taxable shipping-taxable purchasable product-type-simple\">\n\t<a href=\"https:\/\/dcv-books.com\/en\/produkt\/verena-issel-yellow-pages-installations-and-their-individual-components\/\" class=\"woocommerce-LoopProduct-link woocommerce-loop-product__link\"><div class=\"image-wrapper\"><img decoding=\"async\" width=\"2048\" height=\"2599\" src=\"https:\/\/dcv-books.com\/wp-content\/uploads\/2024\/05\/YellowPages_VerenaIssel_Cover_web-2048x2599.jpg\" class=\"attachment-woocommerce_thumbnail size-woocommerce_thumbnail\" alt=\"Verena Issel -&lt;br&gt; Yellow Pages. Installations and their individual components\" \/><\/div><h2 class=\"woocommerce-loop-product__title\">Verena Issel <br> Yellow Pages. Installations and their individual components<\/h2>  <div class=\"woocommerce-loop-product__description\" itemprop=\"description\">\n    <p><span style=\"font-weight: 400;\">Verena Issel\u2019s installations feel friendly and inviting, they are soft, round, colorful\u2014we cannot but smile when we look at them. The sculptures and pictures she makes for them are replicas, sometimes laced with irony, of familiar objects from nature and culture\u2014palm trees, ancient columns, and more\u2014which she manufactures out of materials that surround us in everyday life and the domestic sphere such as an old bag, foamed plastic fragments, or a drainpipe. They are awkward giants, monochrome, simplified, two- and three-dimensional forms that wish us no ill. Taking a closer look, we realize that they embody what has been lost, that they are a plastic version of what we are destroying or have destroyed already: nature, obviously, but also ourselves and our cultural and social achievements. Their merriment and sympathy are tinged with melancholy, and the loss is doubly painful when we consider that the sculptures and graphic art are filled with no more than an imitation of life, and an exaggerated one. This catalogue presents a survey of Issel\u2019s diverse and sprawling oeuvre. Expertly choreographed shots of the colorful works convey vivid impressions of her installations.<\/span><\/p>\n<p>&nbsp;<\/p>\n  <\/div>\n\n\t<span class=\"price\"><span class=\"woocommerce-Price-amount amount\"><bdi>45<span class=\"woocommerce-Price-currencySymbol\">&euro;<\/span><\/bdi><\/span><\/span>\n<\/a><a href=\"\/en\/wp-json\/wp\/v2\/pages\/13174?add-to-cart=22314\" aria-describedby=\"woocommerce_loop_add_to_cart_link_describedby_22314\" data-quantity=\"1\" class=\"button product_type_simple add_to_cart_button ajax_add_to_cart\" data-product_id=\"22314\" data-product_sku=\"\" aria-label=\"Add to cart: &ldquo;Verena Issel - Yellow Pages. Installations and their individual components&rdquo;\" rel=\"nofollow\" data-success_message=\"&ldquo;Verena Issel -&lt;br&gt; Yellow Pages. Installations and their individual components&rdquo; has been added to your cart\" role=\"button\">Add to cart<\/a>\t<span id=\"woocommerce_loop_add_to_cart_link_describedby_22314\" class=\"screen-reader-text\">\n\t\t\t<\/span>\n<\/li>\n<li class=\"product type-product post-22688 status-publish instock product_cat-all-books product_cat-new-arrivals product_cat-photography product_tag-markus-vater-en product_tag-objects-of-significance-en has-post-thumbnail taxable shipping-taxable purchasable product-type-simple\">\n\t<a href=\"https:\/\/dcv-books.com\/en\/produkt\/markus-vater-objects-of-significance\/\" class=\"woocommerce-LoopProduct-link woocommerce-loop-product__link\"><div class=\"image-wrapper\"><img decoding=\"async\" width=\"1813\" height=\"2560\" src=\"https:\/\/dcv-books.com\/wp-content\/uploads\/2024\/01\/Markus-Vater_Cover_Objects-of-significance-book-1_web-scaled.jpg\" class=\"attachment-woocommerce_thumbnail size-woocommerce_thumbnail\" alt=\"Markus Vater -&lt;br&gt; Objects of Significance\" \/><\/div><h2 class=\"woocommerce-loop-product__title\">Markus Vater <br> Objects of Significance<\/h2>  <div class=\"woocommerce-loop-product__description\" itemprop=\"description\">\n    <p><i><span style=\"font-weight: 400;\">Objects of Significance<\/span><\/i><span style=\"font-weight: 400;\"> is an artist\u2019s book that grew out of a series of photographs and writings which Markus Vater (b. Dusseldorf, 1970; lives and works in London and Dusseldorf) collected over several years. They show and describe what matters to the artist: objects fraught with meaning, questions, relationships, memories. It is a creative and philosophical book, as funny as it is serious, delving into questions like: What do you see when you close your eyes and turn your head toward the sun? Or: How much does a cloud weigh? Vater has interviewed the North Sea for the book and ponders the wind. He sheds light on the conditions in which art comes into being and meditates on what holes are. <\/span><\/p>\n  <\/div>\n\n\t<span class=\"price\"><span class=\"woocommerce-Price-amount amount\"><bdi>32<span class=\"woocommerce-Price-currencySymbol\">&euro;<\/span><\/bdi><\/span><\/span>\n<\/a><a href=\"\/en\/wp-json\/wp\/v2\/pages\/13174?add-to-cart=22688\" aria-describedby=\"woocommerce_loop_add_to_cart_link_describedby_22688\" data-quantity=\"1\" class=\"button product_type_simple add_to_cart_button ajax_add_to_cart\" data-product_id=\"22688\" data-product_sku=\"\" aria-label=\"Add to cart: &ldquo;Markus Vater - Objects of Significance&rdquo;\" rel=\"nofollow\" data-success_message=\"&ldquo;Markus Vater -&lt;br&gt; Objects of Significance&rdquo; has been added to your cart\" role=\"button\">Add to cart<\/a>\t<span id=\"woocommerce_loop_add_to_cart_link_describedby_22688\" class=\"screen-reader-text\">\n\t\t\t<\/span>\n<\/li>\n<li class=\"product type-product post-23846 status-publish last instock product_cat-all-books product_cat-drawing product_cat-new-arrivals product_cat-painting product_tag-simone-haack-en product_tag-simone-haack-untangling-the-strands-demeler-les-fils-en has-post-thumbnail taxable shipping-taxable purchasable product-type-simple\">\n\t<a href=\"https:\/\/dcv-books.com\/en\/produkt\/simone-haack-untangling-the-strands-demeler-les-fils\/\" class=\"woocommerce-LoopProduct-link woocommerce-loop-product__link\"><div class=\"image-wrapper\"><img decoding=\"async\" width=\"1833\" height=\"2500\" src=\"https:\/\/dcv-books.com\/wp-content\/uploads\/2024\/11\/241018_simone_haack_cover_druckfertig_crop_web.jpg\" class=\"attachment-woocommerce_thumbnail size-woocommerce_thumbnail\" alt=\"Simone Haack \u2013 Untangling the Strands \/ D\u00e9m\u00ealer les Fils\" \/><\/div><h2 class=\"woocommerce-loop-product__title\">Simone Haack \u2013 Untangling the Strands \/ D\u00e9m\u00ealer les Fils<\/h2>  <div class=\"woocommerce-loop-product__description\" itemprop=\"description\">\n    <p><span style=\"font-weight: 400;\">Simone Haack\u2019s (b. Rotenburg\/W\u00fcmme, 1978; lives in Berlin) most recent body of work delves into the theme of hair as a parameter of identity straddling the division between nature and culture. Her second publication with DCV is released on the occasion of two exhibitions: <\/span><i><span style=\"font-weight: 400;\">Untangling the Strands<\/span><\/i><span style=\"font-weight: 400;\"> at Berlin\u2019s Abguss-Sammlung Antiker Plastik, a collection of casts of ancient sculpture, which are seen in dialogue with her hair pictures; and <\/span><i><span style=\"font-weight: 400;\">Helix of Realism<\/span><\/i><span style=\"font-weight: 400;\"> at Galerie Droste, Paris, which is part of the official program of events around the grand Surrealism exhibition held at the Centre Pompidou in celebration of the Surrealist Manifesto\u2019s centennial. The new book is the first to shed light on the aspect of the surreal in the artist\u2019s oeuvre and uncovers a major source of her visual inspiration: the dream diaries that Haack has kept since she was seventeen and the interest in the unconscious they reflect. It is above all the logic of the dream as well as feelings and moods that inform her paintings.<\/span><\/p>\n<p><span style=\"font-weight: 400;\">Haack: \u201cMy goal is to use the means of realism to visualize what cannot be seen. To get into an automatism that lets the unconscious speak in order to infuse the pictures with a life of their own. To shed light on the domain where the myths originate.\u201d<\/span><\/p>\n  <\/div>\n\n\t<span class=\"price\"><span class=\"woocommerce-Price-amount amount\"><bdi>24<span class=\"woocommerce-Price-currencySymbol\">&euro;<\/span><\/bdi><\/span><\/span>\n<\/a><a href=\"\/en\/wp-json\/wp\/v2\/pages\/13174?add-to-cart=23846\" aria-describedby=\"woocommerce_loop_add_to_cart_link_describedby_23846\" data-quantity=\"1\" class=\"button product_type_simple add_to_cart_button ajax_add_to_cart\" data-product_id=\"23846\" data-product_sku=\"\" aria-label=\"Add to cart: &ldquo;Simone Haack \u2013 Untangling the Strands \/ D\u00e9m\u00ealer les Fils&rdquo;\" rel=\"nofollow\" data-success_message=\"&ldquo;Simone Haack \u2013 Untangling the Strands \/ D\u00e9m\u00ealer les Fils&rdquo; has been added to your cart\" role=\"button\">Add to cart<\/a>\t<span id=\"woocommerce_loop_add_to_cart_link_describedby_23846\" class=\"screen-reader-text\">\n\t\t\t<\/span>\n<\/li>\n<li class=\"product type-product post-22703 status-publish first instock product_cat-all-books product_cat-installation-art product_cat-new-arrivals product_cat-sculpture product_tag-mk-kaehne-en product_tag--en has-post-thumbnail taxable shipping-taxable purchasable product-type-simple\">\n\t<a href=\"https:\/\/dcv-books.com\/en\/produkt\/mk-kaehne-%cf%80-314159\/\" class=\"woocommerce-LoopProduct-link woocommerce-loop-product__link\"><div class=\"image-wrapper\"><img decoding=\"async\" width=\"2048\" height=\"1792\" src=\"https:\/\/dcv-books.com\/wp-content\/uploads\/2024\/06\/MK-Kaehne_Pi-314159_UMSCHLAG-BREIT-MK-03a_web-2048x1792.jpg\" class=\"attachment-woocommerce_thumbnail size-woocommerce_thumbnail\" alt=\"MK Kaehne -&lt;br&gt; \u03a0 = 3,14159\" \/><\/div><h2 class=\"woocommerce-loop-product__title\">MK Kaehne <br> \u03a0 = 3,14159<\/h2>  <div class=\"woocommerce-loop-product__description\" itemprop=\"description\">\n    <p><span style=\"font-weight: 400;\">The biography of conceptual artist MK Kaehne (b. Vilnius, 1963; lives and works in Berlin) oscillates between Vilnius, Moscow and Berlin. Influenced by Russian Constructivism, he draws and builds suitcase sculptures with a department store aesthetic, a reversal of the readymade principle. His focus gradually shifted from the formal to the psychological, towards life-size figures such as <\/span><i><span style=\"font-weight: 400;\">It&#8217;s me<\/span><\/i><span style=\"font-weight: 400;\"> (2023): a hyper-realistic replica of himself, lying upside down in the mud, with a garden gnome next to him. Kaehne&#8217;s work is strictly analytical, but the results are full of tragedy and irony. Unintentional drawings, in which biographical, Dadaist and political elements merge, accompany his oeuvre. A total work of art that traces personal and social development.<\/span><\/p>\n  <\/div>\n\n\t<span class=\"price\"><span class=\"woocommerce-Price-amount amount\"><bdi>35<span class=\"woocommerce-Price-currencySymbol\">&euro;<\/span><\/bdi><\/span><\/span>\n<\/a><a href=\"\/en\/wp-json\/wp\/v2\/pages\/13174?add-to-cart=22703\" aria-describedby=\"woocommerce_loop_add_to_cart_link_describedby_22703\" data-quantity=\"1\" class=\"button product_type_simple add_to_cart_button ajax_add_to_cart\" data-product_id=\"22703\" data-product_sku=\"\" aria-label=\"Add to cart: &ldquo;MK Kaehne - \u03a0 = 3,14159&rdquo;\" rel=\"nofollow\" data-success_message=\"&ldquo;MK Kaehne -&lt;br&gt; \u03a0 = 3,14159&rdquo; has been added to your cart\" role=\"button\">Add to cart<\/a>\t<span id=\"woocommerce_loop_add_to_cart_link_describedby_22703\" class=\"screen-reader-text\">\n\t\t\t<\/span>\n<\/li>\n<li class=\"product type-product post-19463 status-publish instock product_cat-all-books product_cat-new-arrivals product_cat-works-on-paper-en product_tag-soaplands-en product_tag-sonja-yakovleva-en has-post-thumbnail taxable shipping-taxable purchasable product-type-simple\">\n\t<a href=\"https:\/\/dcv-books.com\/en\/produkt\/sonja-yakovleva-soaplands\/\" class=\"woocommerce-LoopProduct-link woocommerce-loop-product__link\"><div class=\"image-wrapper\"><img decoding=\"async\" width=\"1955\" height=\"2500\" src=\"https:\/\/dcv-books.com\/wp-content\/uploads\/2024\/03\/YAKOVLEVA_Cover_NEU_web.jpg\" class=\"attachment-woocommerce_thumbnail size-woocommerce_thumbnail\" alt=\"Sonja Yakovleva -&lt;br&gt; Soaplands\" \/><\/div><h2 class=\"woocommerce-loop-product__title\">Sonja Yakovleva <br> Soaplands<\/h2>  <div class=\"woocommerce-loop-product__description\" itemprop=\"description\">\n    <p>Sonja Yakovleva\u2019s (b. Potsdam, 1989; lives and works in Frankfurt am Main) silhouettes are informed by her sex-positive feminist views. They mix and match pornography with art-historical references, folkloristic motifs, fairy tales, and myths that have served to ingrain misogynistic, racist, and homophobic ideologies in the collective consciousness since the Middle Ages. The dissemination of such materials was facilitated by the paper cut, a medium that encouraged simplified graphical representations and was seen as domestic and appropriate for women. Yakovleva\u2019s intentions in adopting it, however, are contrarian: her iridescent silhouettes grapple with women\u2019s stories, precarious gray areas, power relations, representation, sexuality, and violence in novel ways.<\/p>\n<p><em>Soaplands<\/em>, the title of Sonja Yakovleva\u2019s first monograph, is a nod to Japanese bathhouses where men receive personal care, massages, and sexual services. Most recently, a number of soaplands have opened that cater to women with male prostitutes. Similarly, in the paper cuts in the book, which were created between 2018 and 2023, women have seized sexual power and conquered the patriarchal system. Unchecked by shame, they use men as objects to satisfy their desires.<\/p>\n<p><a href=\"https:\/\/dcv-books.com\/en\/sonja-yakovleva\/\">Limited artist edition available<\/a><\/p>\n  <\/div>\n\n\t<span class=\"price\"><span class=\"woocommerce-Price-amount amount\"><bdi>50<span class=\"woocommerce-Price-currencySymbol\">&euro;<\/span><\/bdi><\/span><\/span>\n<\/a><a href=\"\/en\/wp-json\/wp\/v2\/pages\/13174?add-to-cart=19463\" aria-describedby=\"woocommerce_loop_add_to_cart_link_describedby_19463\" data-quantity=\"1\" class=\"button product_type_simple add_to_cart_button ajax_add_to_cart\" data-product_id=\"19463\" data-product_sku=\"\" aria-label=\"Add to cart: &ldquo;Sonja Yakovleva - Soaplands&rdquo;\" rel=\"nofollow\" data-success_message=\"&ldquo;Sonja Yakovleva -&lt;br&gt; Soaplands&rdquo; has been added to your cart\" role=\"button\">Add to cart<\/a>\t<span id=\"woocommerce_loop_add_to_cart_link_describedby_19463\" class=\"screen-reader-text\">\n\t\t\t<\/span>\n<\/li>\n<li class=\"product type-product post-21293 status-publish instock product_cat-all-books product_cat-installation-art product_cat-new-arrivals product_cat-sculpture product_tag-elmgreen-dragset-en product_tag-kunsthalle-praha-en product_tag-read-en has-post-thumbnail taxable shipping-taxable purchasable product-type-simple\">\n\t<a href=\"https:\/\/dcv-books.com\/en\/produkt\/elmgreen-dragset-read\/\" class=\"woocommerce-LoopProduct-link woocommerce-loop-product__link\"><div class=\"image-wrapper\"><img decoding=\"async\" width=\"2048\" height=\"2869\" src=\"https:\/\/dcv-books.com\/wp-content\/uploads\/2023\/11\/Catalogue-READ_-cover_front_web-2048x2869.jpg\" class=\"attachment-woocommerce_thumbnail size-woocommerce_thumbnail\" alt=\"ELMGREEN &amp; DRAGSET -&lt;br&gt; READ\" \/><\/div><h2 class=\"woocommerce-loop-product__title\">ELMGREEN &#038; DRAGSET <br> READ<\/h2>  <div class=\"woocommerce-loop-product__description\" itemprop=\"description\">\n    <p>Throughout their careers, the artist duo Elmgreen &amp; Dragset (Michael Elmgreen, b. Copenhagen, Denmark, 1961, and Ingar Dragset, b. Trondheim, Norway, 1969, live and work in Berlin) have<strong> eschewed the traditional \u201cWhite Cube\u201d exhibition format<\/strong> by creating large-scale installations and staging narrative situations in which autobiographical quotes blend with fictional stories and cultural references.<\/p>\n<p>For the<strong> solo exhibition <\/strong><em>READ<\/em><em>,<\/em> <strong>Elmgreen &amp; Dragset have <\/strong>transformed Kunsthalle Praha into <strong>a minimalist version of a modern public library<\/strong> to prompt reflections on our relationship with physical books and knowledge in the age of digital media. With <strong>new works by Elmgreen &amp; Dragset<\/strong> as well as performances, videos, collages, paintings, and sculptures by other artists, <em>READ<\/em> also probes the relation between books and the making of art.<\/p>\n<p>This richly illustrated publication documents the dynamic interaction between language, books, and art. With contributions from renowned scholars and a curatorial text by Elmgreen &amp; Dragset.<\/p>\n  <\/div>\n\n\t<span class=\"price\"><span class=\"woocommerce-Price-amount amount\"><bdi>48<span class=\"woocommerce-Price-currencySymbol\">&euro;<\/span><\/bdi><\/span><\/span>\n<\/a><a href=\"\/en\/wp-json\/wp\/v2\/pages\/13174?add-to-cart=21293\" aria-describedby=\"woocommerce_loop_add_to_cart_link_describedby_21293\" data-quantity=\"1\" class=\"button product_type_simple add_to_cart_button ajax_add_to_cart\" data-product_id=\"21293\" data-product_sku=\"\" aria-label=\"Add to cart: &ldquo;ELMGREEN &amp; DRAGSET - READ&rdquo;\" rel=\"nofollow\" data-success_message=\"&ldquo;ELMGREEN &amp; DRAGSET -&lt;br&gt; READ&rdquo; has been added to your cart\" role=\"button\">Add to cart<\/a>\t<span id=\"woocommerce_loop_add_to_cart_link_describedby_21293\" class=\"screen-reader-text\">\n\t\t\t<\/span>\n<\/li>\n<li class=\"product type-product post-20417 status-publish last instock product_cat-all-books product_cat-new-arrivals product_cat-painting product_cat-sculpture product_tag-jenny-brosinski-en product_tag-things-ive-never-said-en has-post-thumbnail taxable shipping-taxable purchasable product-type-simple\">\n\t<a href=\"https:\/\/dcv-books.com\/en\/produkt\/jenny-brosinski-things-ive-never-said-2\/\" class=\"woocommerce-LoopProduct-link woocommerce-loop-product__link\"><div class=\"image-wrapper\"><img decoding=\"async\" width=\"2048\" height=\"2418\" src=\"https:\/\/dcv-books.com\/wp-content\/uploads\/2024\/05\/JennyBrosinski_cover_web-2048x2418.jpg\" class=\"attachment-woocommerce_thumbnail size-woocommerce_thumbnail\" alt=\"Jenny Brosinski -&lt;br&gt; Things I\u2019ve Never Said\" \/><\/div><h2 class=\"woocommerce-loop-product__title\">Jenny Brosinski <br> Things I\u2019ve Never Said<\/h2>  <div class=\"woocommerce-loop-product__description\" itemprop=\"description\">\n    <p>Jenny Brosinski\u2019s (b. Celle, 1984; lives and works in Berlin) paintings in large formats look like uncoordinated abstract compositions with traces of wear deliberately left in place. This brings their materiality to the fore and reveals the creative process. Expressive oil paint on unprimed canvas, spray-painted lines, typographic elements, shoeprints, or pieces of masking tape on the canvas: on the one hand, these are experiments and statements; on the other hand, they are engagements with painting as such. The artist added sculpture to her repertoire in 2019, making figurative and sometimes colorfully painted imaginary beasts in bronze or stone\u2014more evidence of her subtle sense of humor, which also manifests itself in her pictures and especially in their titles. The extensive monograph offers profound and comprehensive insight into Brosinski\u2019s oeuvre.<\/p>\n<p>Jenny Brosinski studied illustration and animation at the Wei\u00dfensee Kunsthochschule, Berlin, the \u00c9cole sup\u00e9rieure des arts d\u00e9coratifs, Strasbourg, and the Hamburg University of Applied Sciences. She completed her education with a master class in Berlin in 2010.<\/p>\n<p><a href=\"https:\/\/dcv-books.com\/en\/jenny-brosinski\/\">Limited artist edition available<\/a><\/p>\n  <\/div>\n\n\t<span class=\"price\"><span class=\"woocommerce-Price-amount amount\"><bdi>58<span class=\"woocommerce-Price-currencySymbol\">&euro;<\/span><\/bdi><\/span><\/span>\n<\/a><a href=\"\/en\/wp-json\/wp\/v2\/pages\/13174?add-to-cart=20417\" aria-describedby=\"woocommerce_loop_add_to_cart_link_describedby_20417\" data-quantity=\"1\" class=\"button product_type_simple add_to_cart_button ajax_add_to_cart\" data-product_id=\"20417\" data-product_sku=\"\" aria-label=\"Add to cart: &ldquo;Jenny Brosinski - Things I\u2019ve Never Said&rdquo;\" rel=\"nofollow\" data-success_message=\"&ldquo;Jenny Brosinski -&lt;br&gt; Things I\u2019ve Never Said&rdquo; has been added to your cart\" role=\"button\">Add to cart<\/a>\t<span id=\"woocommerce_loop_add_to_cart_link_describedby_20417\" class=\"screen-reader-text\">\n\t\t\t<\/span>\n<\/li>\n<li class=\"product type-product post-22787 status-publish first instock product_cat-drawing product_cat-installation-art product_cat-new-arrivals product_cat-on-art product_cat-painting product_cat-photography product_cat-sculpture product_cat-textile-art product_cat-works-on-paper-en product_tag-draiflessen-collection-en product_tag-sprache-text-bild-en has-post-thumbnail taxable shipping-taxable purchasable product-type-simple\">\n\t<a href=\"https:\/\/dcv-books.com\/en\/produkt\/sprache-text-bild\/\" class=\"woocommerce-LoopProduct-link woocommerce-loop-product__link\"><div class=\"image-wrapper\"><img decoding=\"async\" width=\"2048\" height=\"2493\" src=\"https:\/\/dcv-books.com\/wp-content\/uploads\/2024\/06\/SpracheTextBild_Cover_web-2048x2493.jpg\" class=\"attachment-woocommerce_thumbnail size-woocommerce_thumbnail\" alt=\"Sprache\/Text\/Bild -&lt;br&gt;\" \/><\/div><h2 class=\"woocommerce-loop-product__title\">Sprache\/Text\/Bild <br><\/h2>  <div class=\"woocommerce-loop-product__description\" itemprop=\"description\">\n    <p><span style=\"font-weight: 400;\">Spoken words, writing, and images originate in social and cultural contexts and so are fraught with meanings, are vehicles of values and norms. They inevitably also demarcate boundaries, serving to class people as members of groups or outsiders. This adds to the urgency of the question of what can in fact be said and shown, and who or what determines those limits. The present catalog addresses these concerns through a survey of eminent art of the twentieth and twenty-first centuries. The works gathered in it speak to mechanisms of inclusion and exclusion, to categorizations and the narratives that were created to sustain them. And they remind us that these phenomena are human-made, which is also to say, susceptible to change\u2014that we share responsibility for them.<\/span><\/p>\n<p>Artists: John Baldessari, Maria Bartuszov\u00e1, Alice Bidault, Alejandro Cesarco, Ay\u015fe Erkmen, Nadine Fecht, Gary Hill, Janice Kerbel, Gabriel Kladek, Gordon Parks, The National AIDS Memorial, Markus Vater, Gillian Wearing<\/p>\n  <\/div>\n\n\t<span class=\"price\"><span class=\"woocommerce-Price-amount amount\"><bdi>32<span class=\"woocommerce-Price-currencySymbol\">&euro;<\/span><\/bdi><\/span><\/span>\n<\/a><a href=\"\/en\/wp-json\/wp\/v2\/pages\/13174?add-to-cart=22787\" aria-describedby=\"woocommerce_loop_add_to_cart_link_describedby_22787\" data-quantity=\"1\" class=\"button product_type_simple add_to_cart_button ajax_add_to_cart\" data-product_id=\"22787\" data-product_sku=\"\" aria-label=\"Add to cart: &ldquo;Sprache\/Text\/Bild -&rdquo;\" rel=\"nofollow\" data-success_message=\"&ldquo;Sprache\/Text\/Bild -&lt;br&gt;&rdquo; has been added to your cart\" role=\"button\">Add to cart<\/a>\t<span id=\"woocommerce_loop_add_to_cart_link_describedby_22787\" class=\"screen-reader-text\">\n\t\t\t<\/span>\n<\/li>\n<li class=\"product type-product post-22805 status-publish instock product_cat-drawing product_cat-installation-art product_cat-new-arrivals product_cat-on-art product_cat-painting product_cat-photography product_cat-sculpture product_cat-textile-art product_cat-works-on-paper-en product_tag-draiflessen-collection-en product_tag-language-text-image-en has-post-thumbnail taxable shipping-taxable purchasable product-type-simple\">\n\t<a href=\"https:\/\/dcv-books.com\/en\/produkt\/language-text-image\/\" class=\"woocommerce-LoopProduct-link woocommerce-loop-product__link\"><div class=\"image-wrapper\"><img decoding=\"async\" width=\"2048\" height=\"2493\" src=\"https:\/\/dcv-books.com\/wp-content\/uploads\/2024\/06\/draif_STB_Vorschau_cover_en_web-2048x2493.jpg\" class=\"attachment-woocommerce_thumbnail size-woocommerce_thumbnail\" alt=\"Language\/Text\/Image -&lt;br&gt;\" \/><\/div><h2 class=\"woocommerce-loop-product__title\">Language\/Text\/Image <br><\/h2>  <div class=\"woocommerce-loop-product__description\" itemprop=\"description\">\n    <p><span style=\"font-weight: 400;\">Spoken words, writing, and images originate in social and cultural contexts and so are fraught with meanings, are vehicles of values and norms. They inevitably also demarcate boundaries, serving to class people as members of groups or outsiders. This adds to the urgency of the question of what can in fact be said and shown, and who or what determines those limits. The present catalog addresses these concerns through a survey of eminent art of the twentieth and twenty-first centuries. The works gathered in it speak to mechanisms of inclusion and exclusion, to categorizations and the narratives that were created to sustain them. And they remind us that these phenomena are human-made, which is also to say, susceptible to change\u2014that we share responsibility for them.<\/span><\/p>\n<p><span style=\"font-weight: 400;\">Artists: John Baldessari, Maria Bartuszov\u00e1, Alice Bidault, Alejandro Cesarco, Ay\u015fe Erkmen, Nadine Fecht, Gary Hill, Janice Kerbel, Gabriel Kladek, Gordon Parks, The National AIDS Memorial, Markus Vater, Gillian Wearing<\/span><\/p>\n  <\/div>\n\n\t<span class=\"price\"><span class=\"woocommerce-Price-amount amount\"><bdi>32<span class=\"woocommerce-Price-currencySymbol\">&euro;<\/span><\/bdi><\/span><\/span>\n<\/a><a href=\"\/en\/wp-json\/wp\/v2\/pages\/13174?add-to-cart=22805\" aria-describedby=\"woocommerce_loop_add_to_cart_link_describedby_22805\" data-quantity=\"1\" class=\"button product_type_simple add_to_cart_button ajax_add_to_cart\" data-product_id=\"22805\" data-product_sku=\"\" aria-label=\"Add to cart: &ldquo;Language\/Text\/Image -&rdquo;\" rel=\"nofollow\" data-success_message=\"&ldquo;Language\/Text\/Image -&lt;br&gt;&rdquo; has been added to your cart\" role=\"button\">Add to cart<\/a>\t<span id=\"woocommerce_loop_add_to_cart_link_describedby_22805\" class=\"screen-reader-text\">\n\t\t\t<\/span>\n<\/li>\n<li class=\"product type-product post-23519 status-publish instock product_cat-all-books product_cat-drawing product_cat-new-arrivals product_cat-painting product_cat-works-on-paper-en product_tag-alexandra-tretter-en has-post-thumbnail taxable shipping-taxable purchasable product-type-simple\">\n\t<a href=\"https:\/\/dcv-books.com\/en\/produkt\/alexandra-tretter\/\" class=\"woocommerce-LoopProduct-link woocommerce-loop-product__link\"><div class=\"image-wrapper\"><img decoding=\"async\" width=\"2000\" height=\"2500\" src=\"https:\/\/dcv-books.com\/wp-content\/uploads\/2024\/09\/Alexandra_Tretter_Cover_Final_web.jpg\" class=\"attachment-woocommerce_thumbnail size-woocommerce_thumbnail\" alt=\"Alexandra Tretter -&lt;br&gt;\" \/><\/div><h2 class=\"woocommerce-loop-product__title\">Alexandra Tretter <br><\/h2>  <div class=\"woocommerce-loop-product__description\" itemprop=\"description\">\n    <p>The art of Alexandra Tretter (*1988) is as deep as it is playful. Owing just as much to the gentle spirituality of Hilma af Klint\u2019s late geometries as it does to Sonia Delaunay\u2019s exuberant disc paintings, almost bursting with sheer chromatic pleasure. Her compassionately designed artist\u2019s book combines monumental paintings with intimate works on paper, all of which are imbued with the contexts of Tretter\u2019s own life as an artist, as a woman, as a mother.<\/p>\n<p>Her kaleidoscopic figurations unfold from a center at rest in itself and multiply in symmetry and asymmetry towards all sides. She contrasts the circular form, the unchanging basic element of her compositions, with the oval, which constantly strives beyond itself, transforming itself in ever-new permutations from one figure into the next, into eyes, mouths, breasts, petals or vulvas.<\/p>\n<p>Her images strive for composure, unfold and blossom, only to let go of all gestalt-like form. Once gained stability is instantly pushed into turmoil. Colors flare up violently or flow delicately about, lighten or shade each other, carry or throw each other off course. Tretter equally realizes materialization and dissolution as basic principles of her painting.<\/p>\n<p>Whereby all, what her images absorb, preserve and release, is experience, growth and slow maturing. Her paintings are \u201cfigurations of affection\u201d, in which each individual turns towards something else, doubts or grows, at times turns away or surrenders all the more consciously. They question everything, start anew and yet find their way back to themselves, into their very own.<\/p>\n  <\/div>\n\n\t<span class=\"price\"><span class=\"woocommerce-Price-amount amount\"><bdi>24<span class=\"woocommerce-Price-currencySymbol\">&euro;<\/span><\/bdi><\/span><\/span>\n<\/a><a href=\"\/en\/wp-json\/wp\/v2\/pages\/13174?add-to-cart=23519\" aria-describedby=\"woocommerce_loop_add_to_cart_link_describedby_23519\" data-quantity=\"1\" class=\"button product_type_simple add_to_cart_button ajax_add_to_cart\" data-product_id=\"23519\" data-product_sku=\"\" aria-label=\"Add to cart: &ldquo;Alexandra Tretter -&rdquo;\" rel=\"nofollow\" data-success_message=\"&ldquo;Alexandra Tretter -&lt;br&gt;&rdquo; has been added to your cart\" role=\"button\">Add to cart<\/a>\t<span id=\"woocommerce_loop_add_to_cart_link_describedby_23519\" class=\"screen-reader-text\">\n\t\t\t<\/span>\n<\/li>\n<li class=\"product type-product post-22687 status-publish last instock product_cat-all-books product_cat-new-arrivals product_cat-photography product_tag-movers-beweger-en product_tag-simone-demandt-en has-post-thumbnail taxable shipping-taxable purchasable product-type-simple\">\n\t<a href=\"https:\/\/dcv-books.com\/en\/produkt\/simone-demandt-movers-beweger\/\" class=\"woocommerce-LoopProduct-link woocommerce-loop-product__link\"><div class=\"image-wrapper\"><img decoding=\"async\" width=\"1358\" height=\"1831\" src=\"https:\/\/dcv-books.com\/wp-content\/uploads\/2023\/12\/Demandt-Cover_web.jpg\" class=\"attachment-woocommerce_thumbnail size-woocommerce_thumbnail\" alt=\"Simone Demandt -&lt;br&gt; Movers \/ Beweger\" \/><\/div><h2 class=\"woocommerce-loop-product__title\">Simone Demandt <br> Movers \/ Beweger<\/h2>  <div class=\"woocommerce-loop-product__description\" itemprop=\"description\">\n    <p><span style=\"font-weight: 400;\">Motorways are Europe\u2019s lifelines. The products we buy every day arrive on supermarket shelves after traveling along these arteries on the backs of thousands of trucks steered by hard-working drivers. Glancing up into the cabs of their hulking vehicles, we can just barely make out their heads sticking up above the steering wheels. In this overdue volume, Simone Demandt lets us see more of the heroes of the road who confidently posed for her camera. The pictures demonstrate Demandt\u2019s knack for discovering \u201cthe intimate in the anonymous and the narrative element in the matter-of-factly\u201d (Matthias Winzen). She has condensed the truckdrivers\u2019 lifeworld into documentary black-and-white shots in which she shows these people as whole persons and individuals\u2014very different from how we perceive them when they\u2019re in the next lane. <\/span><i><span style=\"font-weight: 400;\">Movers<\/span><\/i><span style=\"font-weight: 400;\"> lets us peek into the cabs through Demandt\u2019s nonjudgmental lens, broadening our horizons hardly less than travelling would and helping us overcome our prejudices about teamsters. If you\u2019ve always wanted to know whom we really have to thank for those never-empty supermarket shelves, you should not miss out on this book.<\/span><\/p>\n  <\/div>\n\n\t<span class=\"price\"><span class=\"woocommerce-Price-amount amount\"><bdi>38<span class=\"woocommerce-Price-currencySymbol\">&euro;<\/span><\/bdi><\/span><\/span>\n<\/a><a href=\"\/en\/wp-json\/wp\/v2\/pages\/13174?add-to-cart=22687\" aria-describedby=\"woocommerce_loop_add_to_cart_link_describedby_22687\" data-quantity=\"1\" class=\"button product_type_simple add_to_cart_button ajax_add_to_cart\" data-product_id=\"22687\" data-product_sku=\"\" aria-label=\"Add to cart: &ldquo;Simone Demandt - Movers \/ Beweger&rdquo;\" rel=\"nofollow\" data-success_message=\"&ldquo;Simone Demandt -&lt;br&gt; Movers \/ Beweger&rdquo; has been added to your cart\" role=\"button\">Add to cart<\/a>\t<span id=\"woocommerce_loop_add_to_cart_link_describedby_22687\" class=\"screen-reader-text\">\n\t\t\t<\/span>\n<\/li>\n<li class=\"product type-product post-21635 status-publish first instock product_cat-all-books product_cat-new-arrivals product_cat-on-art product_tag-halbwertszeit-en product_tag-on-dealing-with-expired-collections product_tag-shelf-life has-post-thumbnail taxable shipping-taxable purchasable product-type-simple\">\n\t<a href=\"https:\/\/dcv-books.com\/en\/produkt\/shelf-life-on-dealing-with-expired-collections\/\" class=\"woocommerce-LoopProduct-link woocommerce-loop-product__link\"><div class=\"image-wrapper\"><img decoding=\"async\" width=\"2048\" height=\"3072\" src=\"https:\/\/dcv-books.com\/wp-content\/uploads\/2023\/12\/Halbwertszeit_Cover-3_web-2048x3072.jpg\" class=\"attachment-woocommerce_thumbnail size-woocommerce_thumbnail\" alt=\"HALBwertsZeit -&lt;br&gt; Zum Umgang mit \u201aabgelaufenen\u2018 Sammlungen\" \/><\/div><h2 class=\"woocommerce-loop-product__title\">HALBwertsZeit <br> Zum Umgang mit \u201aabgelaufenen\u2018 Sammlungen<\/h2>  <div class=\"woocommerce-loop-product__description\" itemprop=\"description\">\n    <p>Do collections have an expiration date? Shifting interests, evolving social contexts, and discursive developments influence when a collection or its presentation is said to be outdated and what that implies for the constraints on, or options for, the actions to be taken in response. The revision or reorientation of a collection presuppose a critical engagement with the criteria regarded as valid at the time, which concern the origins, composition, objectives, and significance of a collection, among other aspects.<\/p>\n<p>The contributions to this volume intertwine historical case studies with contemporary questions about the reasons and circumstances that give rise to the assessment that a collection has outlived its shelf life.<\/p>\n  <\/div>\n\n\t<span class=\"price\"><span class=\"woocommerce-Price-amount amount\"><bdi>28<span class=\"woocommerce-Price-currencySymbol\">&euro;<\/span><\/bdi><\/span><\/span>\n<\/a><a href=\"\/en\/wp-json\/wp\/v2\/pages\/13174?add-to-cart=21635\" aria-describedby=\"woocommerce_loop_add_to_cart_link_describedby_21635\" data-quantity=\"1\" class=\"button product_type_simple add_to_cart_button ajax_add_to_cart\" data-product_id=\"21635\" data-product_sku=\"\" aria-label=\"Add to cart: &ldquo;HALBwertsZeit - Zum Umgang mit \u201aabgelaufenen\u2018 Sammlungen&rdquo;\" rel=\"nofollow\" data-success_message=\"&ldquo;HALBwertsZeit -&lt;br&gt; Zum Umgang mit \u201aabgelaufenen\u2018 Sammlungen&rdquo; has been added to your cart\" role=\"button\">Add to cart<\/a>\t<span id=\"woocommerce_loop_add_to_cart_link_describedby_21635\" class=\"screen-reader-text\">\n\t\t\t<\/span>\n<\/li>\n<li class=\"product type-product post-22607 status-publish instock product_cat-all-books product_cat-installation-art product_cat-new-arrivals product_cat-sculpture product_tag-new-entries-in-the-mnac-collection-en product_tag-puls-20-en has-post-thumbnail taxable shipping-taxable purchasable product-type-simple\">\n\t<a href=\"https:\/\/dcv-books.com\/en\/produkt\/puls-20-new-entries-in-the-mnac-collection\/\" class=\"woocommerce-LoopProduct-link woocommerce-loop-product__link\"><div class=\"image-wrapper\"><img decoding=\"async\" width=\"2048\" height=\"2440\" src=\"https:\/\/dcv-books.com\/wp-content\/uploads\/2024\/06\/PULS20_Cover_web-2048x2440.jpg\" class=\"attachment-woocommerce_thumbnail size-woocommerce_thumbnail\" alt=\"PULS 20 -&lt;br&gt; New Entries in the MNAC Collection\" \/><\/div><h2 class=\"woocommerce-loop-product__title\">PULS 20 <br> New Entries in the MNAC Collection<\/h2>  <div class=\"woocommerce-loop-product__description\" itemprop=\"description\">\n    <p><i><span style=\"font-weight: 400;\">PULS 20<\/span><\/i><span style=\"font-weight: 400;\"> unites the most valuable finds from a communal treasure hunt. Exponents of the Romanian arts scene and representatives of the National Museum of Contemporary Art (MNAC) in Bucharest teamed up to review the oeuvres of countless eminent Romanian artists and select works of outstanding quality that reflect the diversity of the country\u2019s creative production over the past fifty years. In time for the celebrations of MNAC\u2019s twentieth anniversary in 2020, the institution acquired the 180 works reproduced in this catalogue. That makes <\/span><i><span style=\"font-weight: 400;\">PULS 20<\/span><\/i><span style=\"font-weight: 400;\"> a singular document in two respects: it gathers a selection of key works of Romanian art that is unprecedented in its breadth between the covers of a book; and it is the result of a successful cooperative curatorial process, an organic discourse involving a wide variety of participants, demonstrating that democratic dialogue in art is not just possible but also extraordinarily fruitful and indeed necessary. All in all, this catalogue is the perfect choice both for newcomers to Romanian contemporary art and for specialists.<\/span><\/p>\n<p>&nbsp;<\/p>\n  <\/div>\n\n\t<span class=\"price\"><span class=\"woocommerce-Price-amount amount\"><bdi>36<span class=\"woocommerce-Price-currencySymbol\">&euro;<\/span><\/bdi><\/span><\/span>\n<\/a><a href=\"\/en\/wp-json\/wp\/v2\/pages\/13174?add-to-cart=22607\" aria-describedby=\"woocommerce_loop_add_to_cart_link_describedby_22607\" data-quantity=\"1\" class=\"button product_type_simple add_to_cart_button ajax_add_to_cart\" data-product_id=\"22607\" data-product_sku=\"\" aria-label=\"Add to cart: &ldquo;PULS 20 - New Entries in the MNAC Collection&rdquo;\" rel=\"nofollow\" data-success_message=\"&ldquo;PULS 20 -&lt;br&gt; New Entries in the MNAC Collection&rdquo; has been added to your cart\" role=\"button\">Add to cart<\/a>\t<span id=\"woocommerce_loop_add_to_cart_link_describedby_22607\" class=\"screen-reader-text\">\n\t\t\t<\/span>\n<\/li>\n<li class=\"product type-product post-22643 status-publish instock product_cat-all-books product_cat-digital-art-en product_cat-fashion product_cat-new-arrivals product_cat-photography product_tag-collaborative-pictures-by-merrick-darcy-irvine-x-julia-bajanova-en product_tag-julia-bajanova-en product_tag-merrick-darcy-irvine-en product_tag-mirror-en has-post-thumbnail taxable shipping-taxable purchasable product-type-simple\">\n\t<a href=\"https:\/\/dcv-books.com\/en\/produkt\/mirror-collaborative-pictures-by-merrick-darcy-irvine-x-julia-bajanova\/\" class=\"woocommerce-LoopProduct-link woocommerce-loop-product__link\"><div class=\"image-wrapper\"><img decoding=\"async\" width=\"2048\" height=\"2565\" src=\"https:\/\/dcv-books.com\/wp-content\/uploads\/2023\/12\/MERRICKxBAJANOVA_Cover_NEU_RGB_02_web-2048x2565.jpg\" class=\"attachment-woocommerce_thumbnail size-woocommerce_thumbnail\" alt=\"Mirror -&lt;br&gt; Collaborative Pictures by Merrick d&#039;Arcy\u2013Irvine x Julia Bajanova\" \/><\/div><h2 class=\"woocommerce-loop-product__title\">Mirror <br> Collaborative Pictures by Merrick d&#8217;Arcy\u2013Irvine x Julia Bajanova<\/h2>  <div class=\"woocommerce-loop-product__description\" itemprop=\"description\">\n    <p>We humans are social creatures. Without others to reflect our behavior back to us, we lose what defines us\u2014language, culture, the capacity for creative expression. That is why photographer Merrick d\u2019Arcy-Irvine and fashion designer Julia Bajanova are invested in intense encounters: not only with the people who appear in their pictures, but also with each other, as artists and as humans, and between their media and the materials out of which they are made. The materiality and sensual experience of these media in the physical world are the focus of the pictures gathered in this volume, which is why d\u2019Arcy-Irvine and Bajanova eschewed all digital technologies. Sensuality forges an emotional bond between their creative universes, whose boundaries become permeable, as do the dividing lines between genres. Colors and forms are fused in a shared language of visual art and fashion in which d\u2019Arcy-Irvine and Bajanova write their messages in light on photographic paper. They speak to what makes us human: creative energies untrammelled by the necessities of everyday life. The pictures in <em>Mirror<\/em>, then, are reflections of our existence and portals of self-knowledge.<\/p>\n  <\/div>\n\n\t<span class=\"price\"><span class=\"woocommerce-Price-amount amount\"><bdi>40<span class=\"woocommerce-Price-currencySymbol\">&euro;<\/span><\/bdi><\/span><\/span>\n<\/a><a href=\"\/en\/wp-json\/wp\/v2\/pages\/13174?add-to-cart=22643\" aria-describedby=\"woocommerce_loop_add_to_cart_link_describedby_22643\" data-quantity=\"1\" class=\"button product_type_simple add_to_cart_button ajax_add_to_cart\" data-product_id=\"22643\" data-product_sku=\"\" aria-label=\"Add to cart: &ldquo;Mirror - Collaborative Pictures by Merrick d&#039;Arcy\u2013Irvine x Julia Bajanova&rdquo;\" rel=\"nofollow\" data-success_message=\"&ldquo;Mirror -&lt;br&gt; Collaborative Pictures by Merrick d&#039;Arcy\u2013Irvine x Julia Bajanova&rdquo; has been added to your cart\" role=\"button\">Add to cart<\/a>\t<span id=\"woocommerce_loop_add_to_cart_link_describedby_22643\" class=\"screen-reader-text\">\n\t\t\t<\/span>\n<\/li>\n<li class=\"product type-product post-22791 status-publish last instock product_cat-all-books product_cat-new-arrivals product_cat-painting product_cat-sculpture product_cat-works-on-paper-en product_tag-das-quadrat-muss-den-raum-beherrschen-en product_tag-aurelie-nemours-en product_tag-aurelie-nemours-und-zeitgenossen-en has-post-thumbnail taxable shipping-taxable purchasable product-type-simple\">\n\t<a href=\"https:\/\/dcv-books.com\/en\/produkt\/das-quadrat-muss-den-raum-beherrschen-aurelie-nemours-und-zeitgenossen\/\" class=\"woocommerce-LoopProduct-link woocommerce-loop-product__link\"><div class=\"image-wrapper\"><img decoding=\"async\" width=\"2048\" height=\"2263\" src=\"https:\/\/dcv-books.com\/wp-content\/uploads\/2024\/06\/KMRK_Katalog_Nemours_Cover_U1_web-2048x2263.jpg\" class=\"attachment-woocommerce_thumbnail size-woocommerce_thumbnail\" alt=\"&quot;Das Quadrat muss den Raum beherrschen!&quot; -&lt;br&gt; Aur\u00e9lie Nemours und Zeitgenossen\" \/><\/div><h2 class=\"woocommerce-loop-product__title\">&#8220;Das Quadrat muss den Raum beherrschen!&#8221; <br> Aur\u00e9lie Nemours und Zeitgenossen<\/h2>  <div class=\"woocommerce-loop-product__description\" itemprop=\"description\">\n    <p><span style=\"font-weight: 400;\">Does everything in the world obey a mathematical logic, can everything be calculated? In our present age of probability, some would say the answer is a straightforward yes, inevitably prompting the question: Even art? Yes, even art, or so the defenders of Concrete Art would respond, a twentieth-century movement that took abstraction as a focus on the \u201cidea of art itself\u201d (W. Kandinsky) to the next level. The act of painting was now to be subject to preconceived organizing principles as though they were laws of nature. One prominent exponent of the genre was Aur\u00e9lie Nemours (1910\u20132005), who had a penchant for the square; her credo was that it needed to \u201crule space.\u201d That is why the equilateral quadrangle is the defining shape in this catalog, which brings Nemours\u2019 oeuvre into focus. Her iconic position is flanked by works by seventeen others that similarly grapple with the square, including pictures and sculptures with square basic forms, grids, or canvases. All these works derive their force from the stern authority of the square: only when art constrains its means can it bring its full potential to bear.<\/span><\/p>\n<div class=\"page\" title=\"Page 17\">\n<div class=\"section\">\n<div class=\"layoutArea\">\n<div class=\"column\">\n<p>ARTISTS:<br \/>\nJOSEF ALBERS, GO\u0308TZ ARNDT, MAX BILL, AD DEKKERS, HELMUT FEDERLE, GOTTFRIED HONEGGER, KATHRIN KAPS, FRITZ KLINGBEIL, JOHN MEYER, GEROLD MILLER, AURE\u0301LIE NEMOURS, JOHN NIXON, PETER ROEHR, JAN SCHOONHOVEN, ANTON STANKOWSKI, KLAUS STAUDT, HERMAN DE VRIES, GERHARD WITTNER<\/p>\n<\/div>\n<\/div>\n<\/div>\n<\/div>\n  <\/div>\n\n\t<span class=\"price\"><span class=\"woocommerce-Price-amount amount\"><bdi>15<span class=\"woocommerce-Price-currencySymbol\">&euro;<\/span><\/bdi><\/span><\/span>\n<\/a><a href=\"\/en\/wp-json\/wp\/v2\/pages\/13174?add-to-cart=22791\" aria-describedby=\"woocommerce_loop_add_to_cart_link_describedby_22791\" data-quantity=\"1\" class=\"button product_type_simple add_to_cart_button ajax_add_to_cart\" data-product_id=\"22791\" data-product_sku=\"\" aria-label=\"Add to cart: &ldquo;&quot;Das Quadrat muss den Raum beherrschen!&quot; - Aur\u00e9lie Nemours und Zeitgenossen&rdquo;\" rel=\"nofollow\" data-success_message=\"&ldquo;&quot;Das Quadrat muss den Raum beherrschen!&quot; -&lt;br&gt; Aur\u00e9lie Nemours und Zeitgenossen&rdquo; has been added to your cart\" role=\"button\">Add to cart<\/a>\t<span id=\"woocommerce_loop_add_to_cart_link_describedby_22791\" class=\"screen-reader-text\">\n\t\t\t<\/span>\n<\/li>\n<li class=\"product type-product post-21480 status-publish first instock product_cat-all-books product_cat-architecture product_cat-new-arrivals product_cat-photography product_tag-kraftwerk-en product_tag-kraftwerk-rottweil-en has-post-thumbnail taxable shipping-taxable purchasable product-type-simple\">\n\t<a href=\"https:\/\/dcv-books.com\/en\/produkt\/kraftwerk\/\" class=\"woocommerce-LoopProduct-link woocommerce-loop-product__link\"><div class=\"image-wrapper\"><img decoding=\"async\" width=\"2048\" height=\"2048\" src=\"https:\/\/dcv-books.com\/wp-content\/uploads\/2023\/12\/KRAFT-WERK_Cover_banderole_web-2048x2048.jpg\" class=\"attachment-woocommerce_thumbnail size-woocommerce_thumbnail\" alt=\"Kraftwerk -&lt;br&gt; Innovation durch Transformation\" \/><\/div><h2 class=\"woocommerce-loop-product__title\">Kraftwerk <br> Innovation durch Transformation<\/h2>  <div class=\"woocommerce-loop-product__description\" itemprop=\"description\">\n    <p>The power plant in Rottweil, built in 1915 by the architect Paul Bonatz, looks back on a rich and interesting history: until 1976, it provided power to a gunpowder factory and, later, to a rayon manufacturer and at times also to the city of Rottweil. The fa\u00e7ade design, the imposing perron leading up to the main entrance, and the tall chimneys still stand as testament to the modernist industrial structure\u2019s erstwhile significance. Twenty years after the plant was taken out of service, the entrepreneurs Thomas Wenger and Mike Wutta with their event agency trend factory took over the dilapidated building with the surrounding premises and restored it, taking care to preserve its architectonic elements and the most important technical installations. (In the course of fifteen years, around 60,000 square feet of floorspace were reopened, with a special emphasis on the distinctive blend of morbid charm and contemporary design.) The power plant now serves the company as its headquarters and, more importantly, as a cutting-edge venue for concerts, congresses, and corporate events that has attracted clients and visitors from all over Baden-W\u00fcrttemberg and beyond.<\/p>\n  <\/div>\n\n\t<span class=\"price\"><span class=\"woocommerce-Price-amount amount\"><bdi>34<span class=\"woocommerce-Price-currencySymbol\">&euro;<\/span><\/bdi><\/span><\/span>\n<\/a><a href=\"\/en\/wp-json\/wp\/v2\/pages\/13174?add-to-cart=21480\" aria-describedby=\"woocommerce_loop_add_to_cart_link_describedby_21480\" data-quantity=\"1\" class=\"button product_type_simple add_to_cart_button ajax_add_to_cart\" data-product_id=\"21480\" data-product_sku=\"\" aria-label=\"Add to cart: &ldquo;Kraftwerk - Innovation durch Transformation&rdquo;\" rel=\"nofollow\" data-success_message=\"&ldquo;Kraftwerk -&lt;br&gt; Innovation durch Transformation&rdquo; has been added to your cart\" role=\"button\">Add to cart<\/a>\t<span id=\"woocommerce_loop_add_to_cart_link_describedby_21480\" class=\"screen-reader-text\">\n\t\t\t<\/span>\n<\/li>\n<li class=\"product type-product post-22467 status-publish instock product_cat-all-books product_cat-new-arrivals product_cat-painting product_tag-etsu-egami-en product_tag-etsu-egami-rainbow-en product_tag-rainbow-en has-post-thumbnail taxable shipping-taxable purchasable product-type-simple\">\n\t<a href=\"https:\/\/dcv-books.com\/en\/produkt\/etsu-egami-rainbow\/\" class=\"woocommerce-LoopProduct-link woocommerce-loop-product__link\"><div class=\"image-wrapper\"><img decoding=\"async\" width=\"1433\" height=\"1772\" src=\"https:\/\/dcv-books.com\/wp-content\/uploads\/2024\/05\/The-Mythenstein_Cover_web.jpg\" class=\"attachment-woocommerce_thumbnail size-woocommerce_thumbnail\" alt=\"Etsu Egami -&lt;br&gt; Rainbow\" \/><\/div><h2 class=\"woocommerce-loop-product__title\">Etsu Egami <br> Rainbow<\/h2>  <div class=\"woocommerce-loop-product__description\" itemprop=\"description\">\n    <p><span style=\"font-weight: 400;\">What is worth talking about in art eludes language. Aesthetic experience is without words, like a human encounter that touches upon our innermost being. Etsu Egami is interested in the margins of understanding, where the communication of ideas and feelings threatens to fail, where forms become illegible. That is the point on which she homes in with her brush, which she wields in a rough calligraphic style, putting almost translucent oil paints on the canvas. Spectral faces emerge that dissolve into abstraction; abstract forms, beheld from the corner of one\u2019s eye, momentarily coalesce into a likeness. Painting, to Egami, is a physical and performative act, the brush an extension of her arm, bringing a picture into being in sweeping rhythmical motions. As we contemplate her work, that momentum imparts itself to us: first our eyes begin to wander, then we feel our bodies stir, and finally the spirit, too, pulsates in the rhythm of the brush. Gathering Egami\u2019s most outstanding works, this catalogue is a universal invitation to join a peculiar dance, an arc of light the artist traces across all barriers to understanding and that speaks to our senses.<\/span><\/p>\n  <\/div>\n\n\t<span class=\"price\"><span class=\"woocommerce-Price-amount amount\"><bdi>18<span class=\"woocommerce-Price-currencySymbol\">&euro;<\/span><\/bdi><\/span><\/span>\n<\/a><a href=\"\/en\/wp-json\/wp\/v2\/pages\/13174?add-to-cart=22467\" aria-describedby=\"woocommerce_loop_add_to_cart_link_describedby_22467\" data-quantity=\"1\" class=\"button product_type_simple add_to_cart_button ajax_add_to_cart\" data-product_id=\"22467\" data-product_sku=\"\" aria-label=\"Add to cart: &ldquo;Etsu Egami - Rainbow&rdquo;\" rel=\"nofollow\" data-success_message=\"&ldquo;Etsu Egami -&lt;br&gt; Rainbow&rdquo; has been added to your cart\" role=\"button\">Add to cart<\/a>\t<span id=\"woocommerce_loop_add_to_cart_link_describedby_22467\" class=\"screen-reader-text\">\n\t\t\t<\/span>\n<\/li>\n<li class=\"product type-product post-21469 status-publish instock product_cat-all-books product_cat-installation-art product_cat-new-arrivals product_cat-painting product_tag-cornelia-baltes-en product_tag-dingbats-en has-post-thumbnail taxable shipping-taxable purchasable product-type-simple\">\n\t<a href=\"https:\/\/dcv-books.com\/en\/produkt\/cornelia-baltes-dingbats\/\" class=\"woocommerce-LoopProduct-link woocommerce-loop-product__link\"><div class=\"image-wrapper\"><img decoding=\"async\" width=\"1830\" height=\"2500\" src=\"https:\/\/dcv-books.com\/wp-content\/uploads\/2023\/12\/Cover_CB_web.jpg\" class=\"attachment-woocommerce_thumbnail size-woocommerce_thumbnail\" alt=\"Cornelia Baltes -&lt;br&gt; Dingbats\" \/><\/div><h2 class=\"woocommerce-loop-product__title\">Cornelia Baltes <br> Dingbats<\/h2>  <div class=\"woocommerce-loop-product__description\" itemprop=\"description\">\n    <p>Cornelia Baltes\u2019s (b. M\u00f6nchengladbach, 1978; lives and works in Berlin) paintings and installation straddle the divide between abstraction and figuration. Her pictures are inspired by observations of mundane details\u2014apparel, body parts, or facial expressions\u2014that she pares down to simple lines and shapes. Rendered in vibrant colors and gestural fields, they hint at a narrative in the pictorial space. Baltes works with steadily modulated color gradients, on which she places thick and assertive marks. She often interrogates the painted picture\u2019s function, by painting on the wall beyond the rectangle of the canvas, by hanging a picture in the middle of the room as an object in its own right or laying it out on the floor. Her works blend Pop Art and minimalism with an intensity and dynamic energy\u2014and, sometimes, unmistakable flashes of humor\u2014that cannot fail to captivate the beholder.<\/p>\n<p>This book is the first comprehensive monograph on the artist\u2019s oeuvre.<\/p>\n<p>Cornelia Baltes studied at Bergische Universit\u00e4t Wuppertal in 2000\u20132003 and at Folkwang Universit\u00e4t der K\u00fcnste, Essen, in 2003\u20132006, before rounding out her education at the Slade School of Fine Art, London, in 2009\u20132011.<\/p>\n  <\/div>\n\n\t<span class=\"price\"><span class=\"woocommerce-Price-amount amount\"><bdi>44<span class=\"woocommerce-Price-currencySymbol\">&euro;<\/span><\/bdi><\/span><\/span>\n<\/a><a href=\"\/en\/wp-json\/wp\/v2\/pages\/13174?add-to-cart=21469\" aria-describedby=\"woocommerce_loop_add_to_cart_link_describedby_21469\" data-quantity=\"1\" class=\"button product_type_simple add_to_cart_button ajax_add_to_cart\" data-product_id=\"21469\" data-product_sku=\"\" aria-label=\"Add to cart: &ldquo;Cornelia Baltes - Dingbats&rdquo;\" rel=\"nofollow\" data-success_message=\"&ldquo;Cornelia Baltes -&lt;br&gt; Dingbats&rdquo; has been added to your cart\" role=\"button\">Add to cart<\/a>\t<span id=\"woocommerce_loop_add_to_cart_link_describedby_21469\" class=\"screen-reader-text\">\n\t\t\t<\/span>\n<\/li>\n<li class=\"product type-product post-21492 status-publish last instock product_cat-all-books product_cat-new-arrivals product_cat-painting product_tag-andre-butzer-en product_tag-miettinen-collection-en has-post-thumbnail taxable shipping-taxable purchasable product-type-simple\">\n\t<a href=\"https:\/\/dcv-books.com\/en\/produkt\/andre-butzer-miettinen-collection\/\" class=\"woocommerce-LoopProduct-link woocommerce-loop-product__link\"><div class=\"image-wrapper\"><img decoding=\"async\" width=\"2048\" height=\"2570\" src=\"https:\/\/dcv-books.com\/wp-content\/uploads\/2023\/12\/AndreButzer_MC_DCV_Cover_web-2048x2570.jpg\" class=\"attachment-woocommerce_thumbnail size-woocommerce_thumbnail\" alt=\"Andr\u00e9 Butzer -&lt;br&gt; Miettinen Collection\" \/><\/div><h2 class=\"woocommerce-loop-product__title\">Andr\u00e9 Butzer <br> Miettinen Collection<\/h2>  <div class=\"woocommerce-loop-product__description\" itemprop=\"description\">\n    <p>Andr\u00e9 Butzer (b. Stuttgart, 1973; lives in Berlin) rose to renown with pictures he describes as \u201cscience fiction expressionism\u201d and iconic characters like the \u201cPeace Siemense,\u201d the \u201cMen of Shame,\u201d or the \u201cWoman\u201d as well as seemingly abstract compositions. Artistic predecessors he admires and emulates include Walt Disney, Edvard Munch, Henri Matisse, Friedrich H\u00f6lderlin, and Henry Ford. Butzer\u2019s utopian artistic vision is anchored in the fictional place \u201cNASAHEIM\u201d, a kind of pilgrimage destination in outer space. Yet his paintings should not be mistaken for illustrations of narrative structures; they articulate something that could not be said before. Similes of a sort, they embody the forever recurring extremes of history as emblems of human existence.<\/p>\n<p>Andr\u00e9 Butzer briefly studied at the Merz Akademie, Stuttgart, before enrolling at the Hamburg University of Fine Arts (HFBK), from which he was expelled after two semesters in 1996. He went on to found the autonomous and anti-institutional Akademie Isotrop (1996\u20132000), where over twenty artists including Markus Selg, Jonathan Meese, and, in loose association, John Bock trained one another. In 2001, Butzer teamed up with Bj\u00f6rn Dahlem to establish the Institute for SDI Dream Research.<\/p>\n  <\/div>\n\n\t<span class=\"price\"><span class=\"woocommerce-Price-amount amount\"><bdi>30<span class=\"woocommerce-Price-currencySymbol\">&euro;<\/span><\/bdi><\/span><\/span>\n<\/a><a href=\"\/en\/wp-json\/wp\/v2\/pages\/13174?add-to-cart=21492\" aria-describedby=\"woocommerce_loop_add_to_cart_link_describedby_21492\" data-quantity=\"1\" class=\"button product_type_simple add_to_cart_button ajax_add_to_cart\" data-product_id=\"21492\" data-product_sku=\"\" aria-label=\"Add to cart: &ldquo;Andr\u00e9 Butzer - Miettinen Collection&rdquo;\" rel=\"nofollow\" data-success_message=\"&ldquo;Andr\u00e9 Butzer -&lt;br&gt; Miettinen Collection&rdquo; has been added to your cart\" role=\"button\">Add to cart<\/a>\t<span id=\"woocommerce_loop_add_to_cart_link_describedby_21492\" class=\"screen-reader-text\">\n\t\t\t<\/span>\n<\/li>\n<li class=\"product type-product post-22621 status-publish first instock product_cat-all-books product_cat-new-arrivals product_cat-painting product_tag-propositions-for-afterimages product_tag-tim-eitel-en has-post-thumbnail taxable shipping-taxable purchasable product-type-simple\">\n\t<a href=\"https:\/\/dcv-books.com\/en\/produkt\/tim-eitel-propositions-for-afterimages-2015-2024\/\" class=\"woocommerce-LoopProduct-link woocommerce-loop-product__link\"><div class=\"image-wrapper\"><img decoding=\"async\" width=\"2048\" height=\"2717\" src=\"https:\/\/dcv-books.com\/wp-content\/uploads\/2024\/06\/DCV_TIMEITEL_VORSCHLAEGE.KAT_COVER_112S_web-2048x2717.jpg\" class=\"attachment-woocommerce_thumbnail size-woocommerce_thumbnail\" alt=\"Tim Eitel -&lt;br&gt; Propositions for Afterimages 2015\u20132024\" \/><\/div><h2 class=\"woocommerce-loop-product__title\">Tim Eitel <br> Propositions for Afterimages 2015\u20132024<\/h2>  <div class=\"woocommerce-loop-product__description\" itemprop=\"description\">\n    <p><span style=\"font-weight: 400;\">Tim Eitel initiates an exchange between recollection and painting. The work on his pictures, he says, is \u201ca conversation about reality and memory\u201d in which he engages the canvas. In the course of this dialogue, Eitel reflects on personal experiences, creating a standalone figural-abstract reality that needs to be internally consistent\u2014the canvas has a strong will of its own. That makes the scenes depicted in his paintings analogues or afterimages of a situation rather than renditions of it. They are characterized by a certain openness that enables the beholders to inject their own recollections into the pictorial space as well. The dialogue between canvas and artist thus gives way to a colloquy between audience and finished work. Not by coincidence, many of the paintings by Eitel gathered in this catalog show people in museums: these scenes facilitate the leap into the pictorial space. The beholders have experienced a situation like the one shown in the pictures in the past or are experiencing it right now, and so they are already at the heart of the works; they become part of the painting, and the picture becomes a particle of their recollection.<\/span><\/p>\n  <\/div>\n\n\t<span class=\"price\"><span class=\"woocommerce-Price-amount amount\"><bdi>36<span class=\"woocommerce-Price-currencySymbol\">&euro;<\/span><\/bdi><\/span><\/span>\n<\/a><a href=\"\/en\/wp-json\/wp\/v2\/pages\/13174?add-to-cart=22621\" aria-describedby=\"woocommerce_loop_add_to_cart_link_describedby_22621\" data-quantity=\"1\" class=\"button product_type_simple add_to_cart_button ajax_add_to_cart\" data-product_id=\"22621\" data-product_sku=\"\" aria-label=\"Add to cart: &ldquo;Tim Eitel - Propositions for Afterimages 2015\u20132024&rdquo;\" rel=\"nofollow\" data-success_message=\"&ldquo;Tim Eitel -&lt;br&gt; Propositions for Afterimages 2015\u20132024&rdquo; has been added to your cart\" role=\"button\">Add to cart<\/a>\t<span id=\"woocommerce_loop_add_to_cart_link_describedby_22621\" class=\"screen-reader-text\">\n\t\t\t<\/span>\n<\/li>\n<li class=\"product type-product post-22589 status-publish instock product_cat-all-books product_cat-installation-art product_cat-new-arrivals product_cat-sculpture product_tag-bewohner-en product_tag-residents-en product_tag-sebastian-stoehrer-en has-post-thumbnail taxable shipping-taxable purchasable product-type-simple\">\n\t<a href=\"https:\/\/dcv-books.com\/en\/produkt\/sebastian-stohrer-bewohner\/\" class=\"woocommerce-LoopProduct-link woocommerce-loop-product__link\"><div class=\"image-wrapper\"><img decoding=\"async\" width=\"2048\" height=\"3087\" src=\"https:\/\/dcv-books.com\/wp-content\/uploads\/2024\/06\/STOEHRER-BEWOHNER-COVER_web-2048x3087.jpg\" class=\"attachment-woocommerce_thumbnail size-woocommerce_thumbnail\" alt=\"Sebastian St\u00f6hrer -&lt;br&gt; Residents\" \/><\/div><h2 class=\"woocommerce-loop-product__title\">Sebastian St\u00f6hrer <br> Residents<\/h2>  <div class=\"woocommerce-loop-product__description\" itemprop=\"description\">\n    <p><span style=\"font-weight: 400;\">If there\u2019s an artist whose oeuvre merits the title \u201ccreation,\u201d it is Sebastian St\u00f6hrer. Shaping clay\u2014essentially, soil\u2014he molds his \u201cresidents\u201d: colorful and friendly-looking sculptural beings, some of them enhanced with sticks or branches reminiscent of limbs. Despite their air of levity and humor, they are not the products of mere momentary inspiration or a whim. It takes decades of dedicated experimentation with the kiln based on the millennia-old art of ceramics as well as expert knowledge of chemistry and physics to create such colors and shapes. St\u00f6hrer has been called an alchemist, and indeed he has made it his mission to vindicate this researcher\u2019s craft, an ancestor of the natural sciences. Alchemy, like St\u00f6hrer\u2019s oeuvre, combines pure rationality with coincidence and a scintilla of magic. The artist plays an intuitive and sensual game with his clay and the virtually incalculable chromaticity of the glazes\u2014chaos, anarchy, and irrepressible urges being an integral dimension of all creation. In St\u00f6hrer\u2019s \u201cresidents,\u201d we encounter the embodiments of that creation: likenesses of ourselves and perhaps also heralds of a future more good-natured version.<\/span><\/p>\n  <\/div>\n\n\t<span class=\"price\"><span class=\"woocommerce-Price-amount amount\"><bdi>40<span class=\"woocommerce-Price-currencySymbol\">&euro;<\/span><\/bdi><\/span><\/span>\n<\/a><a href=\"\/en\/wp-json\/wp\/v2\/pages\/13174?add-to-cart=22589\" aria-describedby=\"woocommerce_loop_add_to_cart_link_describedby_22589\" data-quantity=\"1\" class=\"button product_type_simple add_to_cart_button ajax_add_to_cart\" data-product_id=\"22589\" data-product_sku=\"\" aria-label=\"Add to cart: &ldquo;Sebastian St\u00f6hrer - Residents&rdquo;\" rel=\"nofollow\" data-success_message=\"&ldquo;Sebastian St\u00f6hrer -&lt;br&gt; Residents&rdquo; has been added to your cart\" role=\"button\">Add to cart<\/a>\t<span id=\"woocommerce_loop_add_to_cart_link_describedby_22589\" class=\"screen-reader-text\">\n\t\t\t<\/span>\n<\/li>\n<li class=\"product type-product post-21645 status-publish instock product_cat-all-books product_cat-drawing product_cat-new-arrivals product_tag-drawings-en product_tag-tobias-pils-en has-post-thumbnail taxable shipping-taxable purchasable product-type-simple\">\n\t<a href=\"https:\/\/dcv-books.com\/en\/produkt\/tobias-pils-zeichnungen-drawings\/\" class=\"woocommerce-LoopProduct-link woocommerce-loop-product__link\"><div class=\"image-wrapper\"><img decoding=\"async\" width=\"2048\" height=\"2731\" src=\"https:\/\/dcv-books.com\/wp-content\/uploads\/2023\/12\/Pils_Drawings_Cover_NEU_web-2048x2731.jpg\" class=\"attachment-woocommerce_thumbnail size-woocommerce_thumbnail\" alt=\"Tobias Pils \u2013&lt;br&gt; Drawings\" \/><\/div><h2 class=\"woocommerce-loop-product__title\">Tobias Pils <br> Drawings<\/h2>  <div class=\"woocommerce-loop-product__description\" itemprop=\"description\">\n    <p><em>Drawings<\/em> is the first book dedicated exclusively to the painter Tobias Pils\u2019s (b. Linz, 1971; lives and works in Vienna) drawings. His graphical forms\u2014the lines, figurations, even the intervening spaces\u2014constantly change the direction in which they set out. Their ambivalence destabilizes any attempt at interpretation. One would think that the indeterminacy of Pils\u2019s visual idiom must torment him, yet in fact this state of existential tension fills him with absurd pleasure. Rather than conceiving his works with a clear objective in mind, he allows himself to fall into them. He\u2014his art\u2014remains open to everything that happens in the creative process. Taken together, Pils\u2019s drawings operate along the diffuse boundary between order and disorder, as though, acknowledging the disordered present (the life we lead), they came from an ordered past (the life we have constructed for ourselves).<\/p>\n<p>Tobias Pils studied at the Academy of Fine Arts Vienna from 1990 until 1994. His works have been displayed in museums around the world, including at the mumok, Vienna (2021); the Pinakothek der Moderne, Munich (2020); the Mus\u00e9e Picasso, Paris (2020); the Kunstmuseum Bonn (2020); Le Consortium, Dijon (2018); the Aspen Art Museum (2018); the Chinati Foundation\u2019s John Chamberlain Building, Marfa (2016); and the National Art Museum of China, Beijing (2010). In 2020, he executed a large wall painting at the \u00c9cole normale sup\u00e9rieure in Paris-Saclay.<\/p>\n  <\/div>\n\n\t<span class=\"price\"><span class=\"woocommerce-Price-amount amount\"><bdi>55<span class=\"woocommerce-Price-currencySymbol\">&euro;<\/span><\/bdi><\/span><\/span>\n<\/a><a href=\"\/en\/wp-json\/wp\/v2\/pages\/13174?add-to-cart=21645\" aria-describedby=\"woocommerce_loop_add_to_cart_link_describedby_21645\" data-quantity=\"1\" class=\"button product_type_simple add_to_cart_button ajax_add_to_cart\" data-product_id=\"21645\" data-product_sku=\"\" aria-label=\"Add to cart: &ldquo;Tobias Pils \u2013 Drawings&rdquo;\" rel=\"nofollow\" data-success_message=\"&ldquo;Tobias Pils \u2013&lt;br&gt; Drawings&rdquo; has been added to your cart\" role=\"button\">Add to cart<\/a>\t<span id=\"woocommerce_loop_add_to_cart_link_describedby_21645\" class=\"screen-reader-text\">\n\t\t\t<\/span>\n<\/li>\n<li class=\"product type-product post-22499 status-publish last instock product_cat-all-books product_cat-drawing product_cat-new-arrivals product_cat-painting product_tag-feuer-und-farbe-gemaelde-und-grafiken-von-walter-jacob-1893-1964-en product_tag-walter-jacob-en has-post-thumbnail taxable shipping-taxable purchasable product-type-simple\">\n\t<a href=\"https:\/\/dcv-books.com\/en\/produkt\/feuer-und-farbe-gemalde-und-grafiken-von-walter-jacob-1893-1964\/\" class=\"woocommerce-LoopProduct-link woocommerce-loop-product__link\"><div class=\"image-wrapper\"><img decoding=\"async\" width=\"2048\" height=\"2731\" src=\"https:\/\/dcv-books.com\/wp-content\/uploads\/2024\/06\/LMA_Walter_Jacob_Vorschaucover_web-2048x2731.jpg\" class=\"attachment-woocommerce_thumbnail size-woocommerce_thumbnail\" alt=\"Feuer und Farbe -&lt;br&gt; Gem\u00e4lde und Grafiken von Walter Jacob\" \/><\/div><h2 class=\"woocommerce-loop-product__title\">Feuer und Farbe <br> Gem\u00e4lde und Grafiken von Walter Jacob<\/h2>  <div class=\"woocommerce-loop-product__description\" itemprop=\"description\">\n    <p><span style=\"font-weight: 400;\">Walter Jacob (1893-1964) was a painter whose oeuvre and life reflected the discontinuities of the twentieth century in condensed form. Contemplative natural scenes and the self-portraits were constants to which he hewed throughout his career; in stylistic terms, however, his oeuvre could hardly be more contradictory. Working first in the Impressionist, then in the Expressionist style, he eventually forged a form of expression tending toward abstraction, although he rejected modernist painting throughout his life. The Nazis considered his early work \u201cdegenerate,\u201d which led him\u2014a committed National Socialist and active member of the SA\u2014to adapt not just his ideological convictions, but also his aesthetics to the new era: starting in the mid-1930s, he produced naturalistic depictions, sometimes suggestive of the New Objectivity, of \u201cpopular\u201d motifs like landscapes, animals, soldiers, and more. Tellingly, though, the backs of some of his canvases are taken up by works that suggest the pleasure he took in experimenting with color and form. The same tension is palpable in the abstract landscapes of his late oeuvre. This catalog gathers works to retrace Jacob\u2019s checkered career, complemented by (art) historical essays that embed his output in its context.<\/span><\/p>\n  <\/div>\n\n\t<span class=\"price\"><span class=\"woocommerce-Price-amount amount\"><bdi>35<span class=\"woocommerce-Price-currencySymbol\">&euro;<\/span><\/bdi><\/span><\/span>\n<\/a><a href=\"\/en\/wp-json\/wp\/v2\/pages\/13174?add-to-cart=22499\" aria-describedby=\"woocommerce_loop_add_to_cart_link_describedby_22499\" data-quantity=\"1\" class=\"button product_type_simple add_to_cart_button ajax_add_to_cart\" data-product_id=\"22499\" data-product_sku=\"\" aria-label=\"Add to cart: &ldquo;Feuer und Farbe - Gem\u00e4lde und Grafiken von Walter Jacob&rdquo;\" rel=\"nofollow\" data-success_message=\"&ldquo;Feuer und Farbe -&lt;br&gt; Gem\u00e4lde und Grafiken von Walter Jacob&rdquo; has been added to your cart\" role=\"button\">Add to cart<\/a>\t<span id=\"woocommerce_loop_add_to_cart_link_describedby_22499\" class=\"screen-reader-text\">\n\t\t\t<\/span>\n<\/li>\n<li class=\"product type-product post-22370 status-publish first instock product_cat-all-books product_cat-new-arrivals product_cat-painting product_tag-michelle-jezierski-en product_tag-verge-en has-post-thumbnail taxable shipping-taxable purchasable product-type-simple\">\n\t<a href=\"https:\/\/dcv-books.com\/en\/produkt\/michelle-jezierski-verge\/\" class=\"woocommerce-LoopProduct-link woocommerce-loop-product__link\"><div class=\"image-wrapper\"><img decoding=\"async\" width=\"2048\" height=\"2694\" src=\"https:\/\/dcv-books.com\/wp-content\/uploads\/2024\/05\/JezierskiMichelle_Verge_Preview_ES-1_web-2048x2694.jpg\" class=\"attachment-woocommerce_thumbnail size-woocommerce_thumbnail\" alt=\"Michelle Jezierski -&lt;br&gt; Verge\" \/><\/div><h2 class=\"woocommerce-loop-product__title\">Michelle Jezierski <br> Verge<\/h2>  <div class=\"woocommerce-loop-product__description\" itemprop=\"description\">\n    <p><span style=\"font-weight: 400;\">How does a simple line become a horizon? When do we begin to see colors and shapes as a landscape? Michelle Jezierski\u2019s painting homes in on the tipping point at which our perception begins to oscillate between color\/surface and space\/representation. At that very point, she captures the essence of the landscape as such, which is not a concrete place but a metaphor for inner states of affairs. To get there, Jezierski distills what she sees in her surroundings down to the elements of painting\u2014shapes and colors\u2014which just barely intimate a pictorial space while persistently drifting toward abstraction. The defining feature of her technique is that she layers several pictorial planes and spaces on the canvas in staggered arrangements. \u201cPerpetually discovering new ways to unsettle the visual space,\u201d as she puts it, she engenders ruptures and structures that open up multiple perspectives and a portal for reflection on one\u2019s own perception. Above all, however, the cuts lend her pictures a peculiar rhythm that powerfully pulls in the gaze, making the reader paging through this catalogue forget time and space.<\/span><\/p>\n<p><a href=\"https:\/\/dcv-books.com\/en\/michelle-jezierski\/\">Limited artist edition available<\/a><\/p>\n  <\/div>\n\n\t<span class=\"price\"><span class=\"woocommerce-Price-amount amount\"><bdi>28<span class=\"woocommerce-Price-currencySymbol\">&euro;<\/span><\/bdi><\/span><\/span>\n<\/a><a href=\"\/en\/wp-json\/wp\/v2\/pages\/13174?add-to-cart=22370\" aria-describedby=\"woocommerce_loop_add_to_cart_link_describedby_22370\" data-quantity=\"1\" class=\"button product_type_simple add_to_cart_button ajax_add_to_cart\" data-product_id=\"22370\" data-product_sku=\"\" aria-label=\"Add to cart: &ldquo;Michelle Jezierski - Verge&rdquo;\" rel=\"nofollow\" data-success_message=\"&ldquo;Michelle Jezierski -&lt;br&gt; Verge&rdquo; has been added to your cart\" role=\"button\">Add to cart<\/a>\t<span id=\"woocommerce_loop_add_to_cart_link_describedby_22370\" class=\"screen-reader-text\">\n\t\t\t<\/span>\n<\/li>\n<li class=\"product type-product post-22384 status-publish instock product_cat-all-books product_cat-film-and-video product_cat-installation-art product_cat-new-arrivals product_tag-joao-onofre-en product_tag-untitled-in-awe-of-en has-post-thumbnail taxable shipping-taxable purchasable product-type-simple\">\n\t<a href=\"https:\/\/dcv-books.com\/en\/produkt\/joao-onofre-untitled-in-awe-of\/\" class=\"woocommerce-LoopProduct-link woocommerce-loop-product__link\"><div class=\"image-wrapper\"><img decoding=\"async\" width=\"1418\" height=\"2010\" src=\"https:\/\/dcv-books.com\/wp-content\/uploads\/2024\/05\/JO-InAweOf-cover.jpg\" class=\"attachment-woocommerce_thumbnail size-woocommerce_thumbnail\" alt=\"Jo\u00e3o Onofre -&lt;br&gt; Untitled (in awe of)\" \/><\/div><h2 class=\"woocommerce-loop-product__title\">Jo\u00e3o Onofre <br> Untitled (in awe of)<\/h2>  <div class=\"woocommerce-loop-product__description\" itemprop=\"description\">\n    <p><span style=\"font-weight: 400;\">Jo\u00e3o Onofre\u2019s works are tributes to art history and pop. He gleans what is in danger of being lost right now, realigns it, and translates it into something sublime. His art encourages the beholders to reconsider a past that has faded in collective memory with a critical eye and make peace with it. His creative process is guided by the material and a clearly defined concept that nonetheless does not restrict a work\u2019s finding its own way. That is why he does not commit to a particular medium, making videos, performances, installations, and much more. What all his works have in common is that they probe the limitations of their medium and our perceptive capacities in novel ways. This catalogue presents three recent works in which the essence of Onofre\u2019s art becomes manifest: he molds myths and symbols into awe-inspiring images, sounds, and forms\u2014not for nothing have critics labeled him an alchemist. In the catalogue, his tangible compressions of cultural history are rendered in imposing pictures and flanked by an ambitious essay that places them in their context.<\/span><\/p>\n  <\/div>\n\n\t<span class=\"price\"><span class=\"woocommerce-Price-amount amount\"><bdi>25<span class=\"woocommerce-Price-currencySymbol\">&euro;<\/span><\/bdi><\/span><\/span>\n<\/a><a href=\"\/en\/wp-json\/wp\/v2\/pages\/13174?add-to-cart=22384\" aria-describedby=\"woocommerce_loop_add_to_cart_link_describedby_22384\" data-quantity=\"1\" class=\"button product_type_simple add_to_cart_button ajax_add_to_cart\" data-product_id=\"22384\" data-product_sku=\"\" aria-label=\"Add to cart: &ldquo;Jo\u00e3o Onofre - Untitled (in awe of)&rdquo;\" rel=\"nofollow\" data-success_message=\"&ldquo;Jo\u00e3o Onofre -&lt;br&gt; Untitled (in awe of)&rdquo; has been added to your cart\" role=\"button\">Add to cart<\/a>\t<span id=\"woocommerce_loop_add_to_cart_link_describedby_22384\" class=\"screen-reader-text\">\n\t\t\t<\/span>\n<\/li>\n<li class=\"product type-product post-22222 status-publish instock product_cat-all-books product_cat-installation-art product_cat-new-arrivals product_cat-sculpture product_tag-close-and-cold-en product_tag-distanz-als-naehe-en product_tag-franziska-opel-en has-post-thumbnail taxable shipping-taxable purchasable product-type-simple\">\n\t<a href=\"https:\/\/dcv-books.com\/en\/produkt\/franziska-opel-close-and-cold\/\" class=\"woocommerce-LoopProduct-link woocommerce-loop-product__link\"><div class=\"image-wrapper\"><img decoding=\"async\" width=\"2048\" height=\"2939\" src=\"https:\/\/dcv-books.com\/wp-content\/uploads\/2024\/05\/FRANZISKA_OPEL_UMSCHLAG_FIN_LOW_240417_front_web-2048x2939.jpg\" class=\"attachment-woocommerce_thumbnail size-woocommerce_thumbnail\" alt=\"Franziska Opel -&lt;br&gt; Close and Cold\" \/><\/div><h2 class=\"woocommerce-loop-product__title\">Franziska Opel <br> Close and Cold<\/h2>  <div class=\"woocommerce-loop-product__description\" itemprop=\"description\">\n    <p><span style=\"font-weight: 400;\">With sex toys, the potential for misinterpretation and ill-advised use is vast, as countless slapstick comedies illustrate. Steering clear of quick laughs, Franziska Opel deftly harnesses this anarchic power of misunderstanding to explode our perceptions and worldview. Her works are painstakingly planned experimental arrangements in which she modifies or deforms mundane objects as well as those sex toys in subtle ways or powers them up in series, making us see them with fresh eyes. They cast a spell over us with their sensual allure, while our associative circuits processing what we see spark a certain sense of irritation. Curiosity, attraction, bewilderment, shame\u2014expertly staged in photographs for this catalogue, the works elicit a wide range of emotions. Their energizing contradictions are elaborated by contributions from gifted writers: standalone poetic-narrative writings that reflect on several key aspects of Opel\u2019s art in offhanded yet challenging ways.<\/span><\/p>\n  <\/div>\n\n\t<span class=\"price\"><span class=\"woocommerce-Price-amount amount\"><bdi>32<span class=\"woocommerce-Price-currencySymbol\">&euro;<\/span><\/bdi><\/span><\/span>\n<\/a><a href=\"\/en\/wp-json\/wp\/v2\/pages\/13174?add-to-cart=22222\" aria-describedby=\"woocommerce_loop_add_to_cart_link_describedby_22222\" data-quantity=\"1\" class=\"button product_type_simple add_to_cart_button ajax_add_to_cart\" data-product_id=\"22222\" data-product_sku=\"\" aria-label=\"Add to cart: &ldquo;Franziska Opel - Close and Cold&rdquo;\" rel=\"nofollow\" data-success_message=\"&ldquo;Franziska Opel -&lt;br&gt; Close and Cold&rdquo; has been added to your cart\" role=\"button\">Add to cart<\/a>\t<span id=\"woocommerce_loop_add_to_cart_link_describedby_22222\" class=\"screen-reader-text\">\n\t\t\t<\/span>\n<\/li>\n<li class=\"product type-product post-21827 status-publish last instock product_cat-all-books product_cat-drawing product_cat-film-and-video product_cat-installation-art product_cat-new-arrivals product_cat-on-art product_cat-painting product_cat-photography product_cat-sculpture product_tag-100-windows-en product_tag-berlin-weekly-en has-post-thumbnail taxable shipping-taxable purchasable product-type-simple\">\n\t<a href=\"https:\/\/dcv-books.com\/en\/produkt\/100-windows-site-specific-art-installations-at-berlin-weekly-project-space\/\" class=\"woocommerce-LoopProduct-link woocommerce-loop-product__link\"><div class=\"image-wrapper\"><img decoding=\"async\" width=\"1981\" height=\"2500\" src=\"https:\/\/dcv-books.com\/wp-content\/uploads\/2024\/02\/Berlin-Weekly-Buchcover-not-final_web.jpg\" class=\"attachment-woocommerce_thumbnail size-woocommerce_thumbnail\" alt=\"100 Windows -&lt;br&gt; Site-specific art installations at Berlin-Weekly project space\" \/><\/div><h2 class=\"woocommerce-loop-product__title\">100 Windows <br> Site-specific art installations at Berlin-Weekly project space<\/h2>  <div class=\"woocommerce-loop-product__description\" itemprop=\"description\">\n    <p>Established in 2010 by Stefanie Seidl in a former gateway for horse-drawn carriages that is now enclosed by glazing at both ends, the project space <em>BERLIN-WEEKLY<\/em> offers the narrow yet exceptionally tall display space to artists as a highly visible public stage for installations that respond to the setting or site. Its unilateral orientation toward the street makes <em>BERLIN-WEEKLY<\/em> a creative intervention into the urban fabric that harnesses the shopwindow format. The book presents 100 selected window installations to illustrate the widely diverse ways in which individual artists have engaged with the venue, time and again transforming the unusually shaped small space.<\/p>\n<p>With works by: Menno Aden, Alexandra Baumgartner, Isabelle Borges, Astrid Busch, Simon Faithfull, Moritz Frei, Max Frisinger, Wolfgang Flad, Dagmara Genda, Andreas Greiner &amp; Armin Keplinger, Sabine Gro\u00df, Marc van der Hocht, Sabine Hornig, Ir\u00e8ne Hug, Bettina Khano, Julia Kissina, Nikolaus List, Ulrike Mohr, Virginie Mosse, Piotr Nathan, Katja Pudor, Philip Topolovac, Inken Reinert, Sophia Schama, Geerten Verheus, Sinta Werner, Barbara Wille, and others<\/p>\n  <\/div>\n\n\t<span class=\"price\"><span class=\"woocommerce-Price-amount amount\"><bdi>28<span class=\"woocommerce-Price-currencySymbol\">&euro;<\/span><\/bdi><\/span><\/span>\n<\/a><a href=\"\/en\/wp-json\/wp\/v2\/pages\/13174?add-to-cart=21827\" aria-describedby=\"woocommerce_loop_add_to_cart_link_describedby_21827\" data-quantity=\"1\" class=\"button product_type_simple add_to_cart_button ajax_add_to_cart\" data-product_id=\"21827\" data-product_sku=\"\" aria-label=\"Add to cart: &ldquo;100 Windows - Site-specific art installations at Berlin-Weekly project space&rdquo;\" rel=\"nofollow\" data-success_message=\"&ldquo;100 Windows -&lt;br&gt; Site-specific art installations at Berlin-Weekly project space&rdquo; has been added to your cart\" role=\"button\">Add to cart<\/a>\t<span id=\"woocommerce_loop_add_to_cart_link_describedby_21827\" class=\"screen-reader-text\">\n\t\t\t<\/span>\n<\/li>\n<li class=\"product type-product post-21090 status-publish first instock product_cat-all-books product_cat-audio-en product_cat-drawing product_cat-new-arrivals product_tag-philip-loersch-en product_tag-renteninformation-en product_tag-renteninformation-2022-en has-post-thumbnail taxable shipping-taxable purchasable product-type-simple\">\n\t<a href=\"https:\/\/dcv-books.com\/en\/produkt\/philip-loersch-renteninformation-2022\/\" class=\"woocommerce-LoopProduct-link woocommerce-loop-product__link\"><div class=\"image-wrapper\"><img decoding=\"async\" width=\"2048\" height=\"2028\" src=\"https:\/\/dcv-books.com\/wp-content\/uploads\/2024\/01\/Loersch_RI22_Cover_Sticker_web-2048x2028.jpg\" class=\"attachment-woocommerce_thumbnail size-woocommerce_thumbnail\" alt=\"Philip Loersch -&lt;br&gt; Renteninformation 2022\" \/><\/div><h2 class=\"woocommerce-loop-product__title\">Philip Loersch <br> Renteninformation 2022<\/h2>  <div class=\"woocommerce-loop-product__description\" itemprop=\"description\">\n    <p><strong>A satirical audiobook, read by Johannes Steck<\/strong><\/p>\n<p>with free download link on the inside<\/p>\n<p>You\u2019ve read right, and you\u2019re going to hear it: a bureaucratic document\u2014we\u2019re all familiar with it, for a new one arrives every year\u2014is the subject of this inspired collaboration between the graphic artist Philip Loersch and the virtuoso vocalist Johannes Steck.<\/p>\n<p>The \u201cRenteninformation\u201d\u2014an official letter on cheap paper informing the recipient about their expected future retirement benefits\u2014makes many cultural workers, and others, crack up or break out in tears: arriving unexpectedly, it launches us on an emotional roller coaster between excitement, fascination, resignation, and sheer madness.<\/p>\n<p>The manuscript for this audiobook is Loersch\u2019s actual Renteninformation for 2022. Its intonation is the culmination of a series of works the artist has pursued since 2016. Every year, he has produced a naturalist colored-pencil drawing of his Renteninformation, embedding it in idyllic scenes\u2014in the garden on a summer afternoon, amid autumn foliage, or on a frozen lake, delicately and accurately executed down to the smallest leaf of grass and the tiniest letter.<\/p>\n<p>\u201cRenteninformation 2022\u201d is the ideal gift for all vinyl lovers who need to close a \u201cpension gap\u201d in their collections and a stunning audio experience that redefines what the satire of reality itself and conceptual art can do.<\/p>\n<p>&nbsp;<\/p>\n<p><strong>Philip Loersch<\/strong> (b. Aachen, 1980) is best known for his unconventional drawings. His works combine painstaking imitations of printed writing with hyperrealist colored-pencil drawings; for instance, he transfers pages from encyclopedias not only onto paper, but also onto three-dimensional objects such as soapstone. His art has been exhibited at renowned institutions such as Kunsthaus Z\u00fcrich, Museum Kunstpalast D\u00fcsseldorf, and Hamburger Kunsthalle. He has won numerous fellowships and awards, including the Kunstpreis Berlin f\u00fcr Bildende Kunst, and helped initiate the exhibition series \u201cDrawing Wow.\u201d<\/p>\n<p><strong>Johannes Steck<\/strong> (b. W\u00fcrzburg, 1966) is one of Germany\u2019s best-known audiobook narrators, having sold over four million copies, including of books by Simon Beckett and Ken Follett, in a three-decade career. Television viewers also know his voice from trailers on Kabel 1 and DMAX and documentaries on ZDF, BR, and Sky. His work has garnered awards including the 2012 H\u00f6rKules.<\/p>\n<p><a href=\"https:\/\/dcv-books.com\/en\/philip-loersch-2\/\">Limited artist edition available<\/a><\/p>\n  <\/div>\n\n\t<span class=\"price\"><span class=\"woocommerce-Price-amount amount\"><bdi>30<span class=\"woocommerce-Price-currencySymbol\">&euro;<\/span><\/bdi><\/span><\/span>\n<\/a><a href=\"\/en\/wp-json\/wp\/v2\/pages\/13174?add-to-cart=21090\" aria-describedby=\"woocommerce_loop_add_to_cart_link_describedby_21090\" data-quantity=\"1\" class=\"button product_type_simple add_to_cart_button ajax_add_to_cart\" data-product_id=\"21090\" data-product_sku=\"\" aria-label=\"Add to cart: &ldquo;Philip Loersch - Renteninformation 2022&rdquo;\" rel=\"nofollow\" data-success_message=\"&ldquo;Philip Loersch -&lt;br&gt; Renteninformation 2022&rdquo; has been added to your cart\" role=\"button\">Add to cart<\/a>\t<span id=\"woocommerce_loop_add_to_cart_link_describedby_21090\" class=\"screen-reader-text\">\n\t\t\t<\/span>\n<\/li>\n<li class=\"product type-product post-21506 status-publish instock product_cat-all-books product_cat-drawing product_cat-new-arrivals product_cat-sculpture product_cat-works-on-paper-en product_tag-philip-loersch-en product_tag-portraitist-of-writing-en product_tag-pow-en has-post-thumbnail taxable shipping-taxable purchasable product-type-simple\">\n\t<a href=\"https:\/\/dcv-books.com\/en\/produkt\/philip-loersch-pow-portraitist-of-writing\/\" class=\"woocommerce-LoopProduct-link woocommerce-loop-product__link\"><div class=\"image-wrapper\"><img decoding=\"async\" width=\"1852\" height=\"2500\" src=\"https:\/\/dcv-books.com\/wp-content\/uploads\/2023\/12\/POW_Titel_web.jpg\" class=\"attachment-woocommerce_thumbnail size-woocommerce_thumbnail\" alt=\"Philip Loersch -&lt;br&gt; POW - PORTRAITIST OF WRITING\" \/><\/div><h2 class=\"woocommerce-loop-product__title\">Philip Loersch <br> POW &#8211; PORTRAITIST OF WRITING<\/h2>  <div class=\"woocommerce-loop-product__description\" itemprop=\"description\">\n    <p>Philip Loersch (b. Aachen, 1980; lives and works near Munich) combines painstaking imitations of printed writing with hyperrealist colored-pencil drawings; for instance, he transfers pages from encyclopedias not only onto paper, but also onto three-dimensional objects such as soapstone. His works reveal the fragility of truth and authenticity while commenting with subversive irony on the postmodern disintegration of the idea of originality. His art has been exhibited at renowned institutions like Kunsthaus Z\u00fcrich, Museum Kunstpalast D\u00fcsseldorf, and Hamburger Kunsthalle. He has won numerous fellowships and awards, including the Kunstpreis Berlin f\u00fcr Bildende Kunst. This monograph gathers his works created between 2016 and today.<\/p>\n<p><a href=\"https:\/\/dcv-books.com\/en\/philip-loersch-2\/\">Limited art edition available<\/a><\/p>\n  <\/div>\n\n\t<span class=\"price\"><span class=\"woocommerce-Price-amount amount\"><bdi>34<span class=\"woocommerce-Price-currencySymbol\">&euro;<\/span><\/bdi><\/span><\/span>\n<\/a><a href=\"\/en\/wp-json\/wp\/v2\/pages\/13174?add-to-cart=21506\" aria-describedby=\"woocommerce_loop_add_to_cart_link_describedby_21506\" data-quantity=\"1\" class=\"button product_type_simple add_to_cart_button ajax_add_to_cart\" data-product_id=\"21506\" data-product_sku=\"\" aria-label=\"Add to cart: &ldquo;Philip Loersch - POW - PORTRAITIST OF WRITING&rdquo;\" rel=\"nofollow\" data-success_message=\"&ldquo;Philip Loersch -&lt;br&gt; POW - PORTRAITIST OF WRITING&rdquo; has been added to your cart\" role=\"button\">Add to cart<\/a>\t<span id=\"woocommerce_loop_add_to_cart_link_describedby_21506\" class=\"screen-reader-text\">\n\t\t\t<\/span>\n<\/li>\n<li class=\"product type-product post-21392 status-publish instock product_cat-all-books product_cat-drawing product_cat-new-arrivals product_cat-painting product_cat-sculpture product_tag-ion-bitzan-en has-post-thumbnail taxable shipping-taxable purchasable product-type-simple\">\n\t<a href=\"https:\/\/dcv-books.com\/en\/produkt\/ion-bitzan\/\" class=\"woocommerce-LoopProduct-link woocommerce-loop-product__link\"><div class=\"image-wrapper\"><img decoding=\"async\" width=\"1388\" height=\"1654\" src=\"https:\/\/dcv-books.com\/wp-content\/uploads\/2023\/12\/Mnac-cop-f8_RGB.jpg\" class=\"attachment-woocommerce_thumbnail size-woocommerce_thumbnail\" alt=\"Ion Bitzan -&lt;br&gt;\" \/><\/div><h2 class=\"woocommerce-loop-product__title\">Ion Bitzan <br><\/h2>  <div class=\"woocommerce-loop-product__description\" itemprop=\"description\">\n    <p>The painter and object artist Ion Bitzan (b. Limanu, 1924; d. Bucharest, 1997) belonged to the generation of Romanian artists who, in the 1960s and 1970s, broke through their country\u2019s isolation to connect to the international avant-garde. His creativity and the quality of his artistic experiments, which drew inspiration from conceptual art, Dada, and other sources, made him a leading figure in the Romanian art of the Ceau\u0219escu era. This book also sheds light on the complex relationship between artistic innovation and political (propaganda) art behind the Iron Curtain during this period, in which nothing was ever black or white. Bitzan represented Romania at the Venice (1964) and S\u00e3o Paulo Biennales (1967, 1969, 1981). In 2017, the National Museum of Contemporary Art (MNAC) in Bucharest mounted a major retrospective of his oeuvre.<\/p>\n  <\/div>\n\n\t<span class=\"price\"><span class=\"woocommerce-Price-amount amount\"><bdi>48<span class=\"woocommerce-Price-currencySymbol\">&euro;<\/span><\/bdi><\/span><\/span>\n<\/a><a href=\"\/en\/wp-json\/wp\/v2\/pages\/13174?add-to-cart=21392\" aria-describedby=\"woocommerce_loop_add_to_cart_link_describedby_21392\" data-quantity=\"1\" class=\"button product_type_simple add_to_cart_button ajax_add_to_cart\" data-product_id=\"21392\" data-product_sku=\"\" aria-label=\"Add to cart: &ldquo;Ion Bitzan -&rdquo;\" rel=\"nofollow\" data-success_message=\"&ldquo;Ion Bitzan -&lt;br&gt;&rdquo; has been added to your cart\" role=\"button\">Add to cart<\/a>\t<span id=\"woocommerce_loop_add_to_cart_link_describedby_21392\" class=\"screen-reader-text\">\n\t\t\t<\/span>\n<\/li>\n<li class=\"product type-product post-21372 status-publish last instock product_cat-all-books product_cat-installation-art product_cat-new-arrivals product_cat-sculpture product_tag-felix-schramm-en product_tag-things-to-come-en has-post-thumbnail taxable shipping-taxable purchasable product-type-simple\">\n\t<a href=\"https:\/\/dcv-books.com\/en\/produkt\/felix-schramm-things-to-come\/\" class=\"woocommerce-LoopProduct-link woocommerce-loop-product__link\"><div class=\"image-wrapper\"><img decoding=\"async\" width=\"2048\" height=\"2731\" src=\"https:\/\/dcv-books.com\/wp-content\/uploads\/2023\/12\/FelixSchramm_ThingsToCome-1-2048x2731.jpg\" class=\"attachment-woocommerce_thumbnail size-woocommerce_thumbnail\" alt=\"Felix Schramm -&lt;br&gt; Things To Come\" \/><\/div><h2 class=\"woocommerce-loop-product__title\">Felix Schramm <br> Things To Come<\/h2>  <div class=\"woocommerce-loop-product__description\" itemprop=\"description\">\n    <p>Felix Schramm\u2019s (b. Hamburg, 1970; lives and works in D\u00fcsseldorf) sculptural oeuvre reflects a probing engagement with space and the body. In works in a variety of media, including installations that intervene into a given setting, sculptures, and collages, the artist creates three-dimensional forms out of classical materials and industrial staples as well as detritus and dust. Deformations, rifts, cracks, or impurities undermine the existing order in his constructed formal ensembles, allowing novel correspondences in space and interconnections across time to emerge. The material and its subjection to form are held in a precarious balance; disintegration, which is an integral element of Schramm\u2019s art, paves the way for artistic assertion and reformulation. The extensive publication gathers works and exhibitions of the past five years. It is Schramm\u2019s first monograph, presenting a cross-section of his entire oeuvre with all bodies of work.<\/p>\n<p>Felix Schramm studied at the Accademia di Belle Arti, Florence, from 1991 until 1993 and at the Academy of Fine Arts D\u00fcsseldorf, where he was in Jannis Kounellis\u2019s master class, from 1994 until 1998. He rounded out his education with residencies in Tokyo in 2000 and at Villa Massimo in Rome in 2008.<\/p>\n<p><a href=\"https:\/\/dcv-books.com\/en\/felix-schramm-2\/\">Limited art edition available<\/a><\/p>\n  <\/div>\n\n\t<span class=\"price\"><span class=\"woocommerce-Price-amount amount\"><bdi>44<span class=\"woocommerce-Price-currencySymbol\">&euro;<\/span><\/bdi><\/span><\/span>\n<\/a><a href=\"\/en\/wp-json\/wp\/v2\/pages\/13174?add-to-cart=21372\" aria-describedby=\"woocommerce_loop_add_to_cart_link_describedby_21372\" data-quantity=\"1\" class=\"button product_type_simple add_to_cart_button ajax_add_to_cart\" data-product_id=\"21372\" data-product_sku=\"\" aria-label=\"Add to cart: &ldquo;Felix Schramm - Things To Come&rdquo;\" rel=\"nofollow\" data-success_message=\"&ldquo;Felix Schramm -&lt;br&gt; Things To Come&rdquo; has been added to your cart\" role=\"button\">Add to cart<\/a>\t<span id=\"woocommerce_loop_add_to_cart_link_describedby_21372\" class=\"screen-reader-text\">\n\t\t\t<\/span>\n<\/li>\n<li class=\"product type-product post-22146 status-publish first instock product_cat-all-books product_cat-drawing product_cat-film-and-video product_cat-installation-art product_cat-new-arrivals product_cat-on-art product_cat-painting product_cat-performance-art product_cat-photography product_cat-sculpture product_cat-works-on-paper-en product_tag-glueckliche-tage-en product_tag-markus-heinzelmann-en has-post-thumbnail taxable shipping-taxable purchasable product-type-simple\">\n\t<a href=\"https:\/\/dcv-books.com\/en\/produkt\/gluckliche-tage\/\" class=\"woocommerce-LoopProduct-link woocommerce-loop-product__link\"><div class=\"image-wrapper\"><img decoding=\"async\" width=\"853\" height=\"1280\" src=\"https:\/\/dcv-books.com\/wp-content\/uploads\/2024\/04\/GluecklicheTage_DCV_Cover_web.jpg\" class=\"attachment-woocommerce_thumbnail size-woocommerce_thumbnail\" alt=\"Gl\u00fcckliche Tage\" \/><\/div><h2 class=\"woocommerce-loop-product__title\">Gl\u00fcckliche Tage<\/h2>  <div class=\"woocommerce-loop-product__description\" itemprop=\"description\">\n    <p>We see in contrasts. Freedom from pain follows pain, and felicity is the more radiant after a period of misfortune. Happiness, that is to say, displaces unhappiness and is perhaps its recompense; what is certain is that, as antonyms, they are (at least in this world) inconceivable without each other. The contrast they form also underlies the tensions inherent in the works in this catalogue. Some take us straight from the pinnacle of happiness down into the abyss, while in others the gradients of ascent or descent are so gentle that no culmination is perceptible. What all oeuvres gathered in the book have in common is that they furnish the human being, a social creature, with an experience of resonance. Happiness and unhappiness reverberate between the art and the beholders, leaving, in the best case, a lasting impression. Opening the catalogue\u2014a metaphor for the human condition materialized in paper\u2014one overhears this serenely melancholy echo of the works.<\/p>\n<p>Artists: <span style=\"font-family: 'SabonLT',serif;\">Rui Chafes, Tamara Eckhardt, Nan Goldin, Felix Gonzalez-Torres, Barbara Hammer, Carsten Ho\u0308ller, Ken Lum, Johanna von Monkiewitsch, Yoko Ono, Heike Weber, Stefan Wissel <\/span><\/p>\n<p>With contributions by: Yevgenia Belorusets, Nell Sophie Bender, Elias Bendfeldt, Laura Berestecki, Annabella Ernst, Annika Gaeth, Hristina Georgieva, Markus Heinzelmann, Malwin Kra\u00dfnigg, Max Florian Ku\u0308hlem, Natascha Laurier, Martin Middeke, Navaz Roomi-Mirhosseini, Vanessa Joan Mu\u0308ller, Julia Neumann, Martin Paul, Caroline Planert, Maike Prause, Arne Rautenberg, Kira Sophie R\u00f6ller, Gina Marie Schwenzfeier<\/p>\n  <\/div>\n\n\t<span class=\"price\"><span class=\"woocommerce-Price-amount amount\"><bdi>32<span class=\"woocommerce-Price-currencySymbol\">&euro;<\/span><\/bdi><\/span><\/span>\n<\/a><a href=\"\/en\/wp-json\/wp\/v2\/pages\/13174?add-to-cart=22146\" aria-describedby=\"woocommerce_loop_add_to_cart_link_describedby_22146\" data-quantity=\"1\" class=\"button product_type_simple add_to_cart_button ajax_add_to_cart\" data-product_id=\"22146\" data-product_sku=\"\" aria-label=\"Add to cart: &ldquo;Gl\u00fcckliche Tage&rdquo;\" rel=\"nofollow\" data-success_message=\"&ldquo;Gl\u00fcckliche Tage&rdquo; has been added to your cart\" role=\"button\">Add to cart<\/a>\t<span id=\"woocommerce_loop_add_to_cart_link_describedby_22146\" class=\"screen-reader-text\">\n\t\t\t<\/span>\n<\/li>\n<li class=\"product type-product post-21774 status-publish instock product_cat-all-books product_cat-architecture product_cat-drawing product_cat-film-and-video product_cat-installation-art product_cat-new-arrivals product_cat-on-art product_cat-painting product_cat-photography product_cat-sculpture product_cat-works-on-paper-en product_tag-draiflessen-collection-en product_tag-spaces-embodied-en has-post-thumbnail taxable shipping-taxable purchasable product-type-simple\">\n\t<a href=\"https:\/\/dcv-books.com\/en\/produkt\/spaces-embodied-english-draiflessen-collection\/\" class=\"woocommerce-LoopProduct-link woocommerce-loop-product__link\"><div class=\"image-wrapper\"><img decoding=\"async\" width=\"2046\" height=\"2500\" src=\"https:\/\/dcv-books.com\/wp-content\/uploads\/2023\/12\/Draiflessen_Raeume_hautnah_Katalog-Cover_EN_web.jpg\" class=\"attachment-woocommerce_thumbnail size-woocommerce_thumbnail\" alt=\"Spaces Embodied (ENGLISH) -&lt;br&gt; Draiflessen Collection\" \/><\/div><h2 class=\"woocommerce-loop-product__title\">Spaces Embodied (ENGLISH) <br> Draiflessen Collection<\/h2>  <div class=\"woocommerce-loop-product__description\" itemprop=\"description\">\n    <p>We live in spaces that we shape in accordance with our own ideas. Our everyday lives leave traces in them that speak to our habits. Spaces promise shelter and belonging, but they can also instill a sense of constraint. We grow into the spaces we inhabit\u2014and they in turn become expressions of our personalities. Conversely, spaces, depending on their architecture and location, inform our existence. R\u00c4UME HAUTNAH gathers works of art that, rather than conceiving of the human sphere and the spatial domain as separate, comprehend them in their complex entanglements: in bodily experience, emotional dependency, or the instinctive need for protection. An essay by Olesja Nein, the project\u2019s curator, offers an introduction to the exhibition and takes the reader on a tour, describing each artist\u2019s space of activity and supplying helpful information. Philipp Zitzlsperger, meanwhile, zooms in on a key aspect of the art in the exhibition, the imprint as an artistic technique with a distinctive aura, and illuminates its origins and significance since the dawn of modernism.<\/p>\n<p>Artists: Absalon, Shannon Bool, Heidi Bucher, Eileen Gray, Do Ho Suh, Mary Mattingly, Tracey Snelling, Francesca Woodman<\/p>\n  <\/div>\n\n\t<span class=\"price\"><span class=\"woocommerce-Price-amount amount\"><bdi>32<span class=\"woocommerce-Price-currencySymbol\">&euro;<\/span><\/bdi><\/span><\/span>\n<\/a><a href=\"\/en\/wp-json\/wp\/v2\/pages\/13174?add-to-cart=21774\" aria-describedby=\"woocommerce_loop_add_to_cart_link_describedby_21774\" data-quantity=\"1\" class=\"button product_type_simple add_to_cart_button ajax_add_to_cart\" data-product_id=\"21774\" data-product_sku=\"\" aria-label=\"Add to cart: &ldquo;Spaces Embodied (ENGLISH) - Draiflessen Collection&rdquo;\" rel=\"nofollow\" data-success_message=\"&ldquo;Spaces Embodied (ENGLISH) -&lt;br&gt; Draiflessen Collection&rdquo; has been added to your cart\" role=\"button\">Add to cart<\/a>\t<span id=\"woocommerce_loop_add_to_cart_link_describedby_21774\" class=\"screen-reader-text\">\n\t\t\t<\/span>\n<\/li>\n<li class=\"product type-product post-21770 status-publish instock product_cat-all-books product_cat-architecture product_cat-drawing product_cat-film-and-video product_cat-installation-art product_cat-new-arrivals product_cat-on-art product_cat-painting product_cat-photography product_cat-sculpture product_tag-draiflessen-collection-en has-post-thumbnail taxable shipping-taxable purchasable product-type-simple\">\n\t<a href=\"https:\/\/dcv-books.com\/en\/produkt\/raume-hautnah-german-draiflessen-collection\/\" class=\"woocommerce-LoopProduct-link woocommerce-loop-product__link\"><div class=\"image-wrapper\"><img decoding=\"async\" width=\"907\" height=\"1109\" src=\"https:\/\/dcv-books.com\/wp-content\/uploads\/2024\/01\/Draiflessen_Raeume_hautnah_Katalog-Cover_240129-DT-pdf.jpg\" class=\"attachment-woocommerce_thumbnail size-woocommerce_thumbnail\" alt=\"R\u00e4ume hautnah (GERMAN) -&lt;br&gt; Draiflessen Collection\" \/><\/div><h2 class=\"woocommerce-loop-product__title\">R\u00e4ume hautnah (GERMAN) <br> Draiflessen Collection<\/h2>  <div class=\"woocommerce-loop-product__description\" itemprop=\"description\">\n    <p>We live in spaces that we shape in accordance with our own ideas. Our everyday lives leave traces in them that speak to our habits. Spaces promise shelter and belonging, but they can also instill a sense of constraint. We grow into the spaces we inhabit\u2014and they in turn become expressions of our personalities. Conversely, spaces, depending on their architecture and location, inform our existence. R\u00c4UME HAUTNAH gathers works of art that, rather than conceiving of the human sphere and the spatial domain as separate, comprehend them in their complex entanglements: in bodily experience, emotional dependency, or the instinctive need for protection. An essay by Olesja Nein, the project\u2019s curator, offers an introduction to the exhibition and takes the reader on a tour, describing each artist\u2019s space of activity and supplying helpful information. Philipp Zitzlsperger, meanwhile, zooms in on a key aspect of the art in the exhibition, the imprint as an artistic technique with a distinctive aura, and illuminates its origins and significance since the dawn of modernism.<\/p>\n<p>Artists: Absalon, Shannon Bool, Heidi Bucher, Eileen Gray, Do Ho Suh, Mary Mattingly, Tracey Snelling, Francesca Woodman<\/p>\n  <\/div>\n\n\t<span class=\"price\"><span class=\"woocommerce-Price-amount amount\"><bdi>32<span class=\"woocommerce-Price-currencySymbol\">&euro;<\/span><\/bdi><\/span><\/span>\n<\/a><a href=\"\/en\/wp-json\/wp\/v2\/pages\/13174?add-to-cart=21770\" aria-describedby=\"woocommerce_loop_add_to_cart_link_describedby_21770\" data-quantity=\"1\" class=\"button product_type_simple add_to_cart_button ajax_add_to_cart\" data-product_id=\"21770\" data-product_sku=\"\" aria-label=\"Add to cart: &ldquo;R\u00e4ume hautnah (GERMAN) - Draiflessen Collection&rdquo;\" rel=\"nofollow\" data-success_message=\"&ldquo;R\u00e4ume hautnah (GERMAN) -&lt;br&gt; Draiflessen Collection&rdquo; has been added to your cart\" role=\"button\">Add to cart<\/a>\t<span id=\"woocommerce_loop_add_to_cart_link_describedby_21770\" class=\"screen-reader-text\">\n\t\t\t<\/span>\n<\/li>\n<li class=\"product type-product post-22550 status-publish last instock product_cat-all-books product_cat-installation-art product_cat-new-arrivals product_cat-painting product_cat-sculpture product_tag-barthelemy-toguo-en product_tag-robert-grunenberg-en has-post-thumbnail taxable shipping-taxable purchasable product-type-simple\">\n\t<a href=\"https:\/\/dcv-books.com\/en\/produkt\/barthelemy-toguo\/\" class=\"woocommerce-LoopProduct-link woocommerce-loop-product__link\"><div class=\"image-wrapper\"><img decoding=\"async\" width=\"1749\" height=\"2492\" src=\"https:\/\/dcv-books.com\/wp-content\/uploads\/2024\/06\/BarthelemyToguo_Cover_web.jpg\" class=\"attachment-woocommerce_thumbnail size-woocommerce_thumbnail\" alt=\"Barth\u00e9l\u00e9my Toguo\" \/><\/div><h2 class=\"woocommerce-loop-product__title\">Barth\u00e9l\u00e9my Toguo<\/h2>  <div class=\"woocommerce-loop-product__description\" itemprop=\"description\">\n    <p><span style=\"font-weight: 400;\">Barth\u00e9l\u00e9my Toguo\u2019s art is a call for community and love, but there is nothing na\u00efve about it. His paintings, graphic art, sculptures, performances, and installations explicitly grapple with colonialism, migration, and inequality; he directs our attention to the devastations wrought by humans, to the slow deaths of nature and cultures. But he does not dwell in this abyss. He aspires to something greater: to create work that establishes non-hierarchical connections; to build, as he puts it, a \u201cworld of solidarity and generosity\u201d that knows neither ego nor identity, a community of all forms of life that flourish and pass away so that new living beings can sprout from their remains\u2014Endless Blossoms. His choice of words and the aesthetic of the works gathered in this catalogue suggest that he is not alone in this undertaking. He stands with Ellen Gallagher, Wangechi Mutu, Louise Bourgeois, Marlene Dumas, and Kiki Smith. With them and with all of us, Toguo envisions a colorful future, a universe of exuberant energy and joie de vivre.<\/span><\/p>\n  <\/div>\n\n\t<span class=\"price\"><span class=\"woocommerce-Price-amount amount\"><bdi>10<span class=\"woocommerce-Price-currencySymbol\">&euro;<\/span><\/bdi><\/span><\/span>\n<\/a><a href=\"\/en\/wp-json\/wp\/v2\/pages\/13174?add-to-cart=22550\" aria-describedby=\"woocommerce_loop_add_to_cart_link_describedby_22550\" data-quantity=\"1\" class=\"button product_type_simple add_to_cart_button ajax_add_to_cart\" data-product_id=\"22550\" data-product_sku=\"\" aria-label=\"Add to cart: &ldquo;Barth\u00e9l\u00e9my Toguo&rdquo;\" rel=\"nofollow\" data-success_message=\"&ldquo;Barth\u00e9l\u00e9my Toguo&rdquo; has been added to your cart\" role=\"button\">Add to cart<\/a>\t<span id=\"woocommerce_loop_add_to_cart_link_describedby_22550\" class=\"screen-reader-text\">\n\t\t\t<\/span>\n<\/li>\n<li class=\"product type-product post-22454 status-publish first instock product_cat-all-books product_cat-new-arrivals product_cat-painting product_tag-maxim-gunga-en product_tag-robert-grunenberg-en has-post-thumbnail taxable shipping-taxable purchasable product-type-simple\">\n\t<a href=\"https:\/\/dcv-books.com\/en\/produkt\/maxim-gunga\/\" class=\"woocommerce-LoopProduct-link woocommerce-loop-product__link\"><div class=\"image-wrapper\"><img decoding=\"async\" width=\"1787\" height=\"2524\" src=\"https:\/\/dcv-books.com\/wp-content\/uploads\/2024\/05\/MaximGunga_Cover_web.jpg\" class=\"attachment-woocommerce_thumbnail size-woocommerce_thumbnail\" alt=\"Maxim Gunga\" \/><\/div><h2 class=\"woocommerce-loop-product__title\">Maxim Gunga<\/h2>  <div class=\"woocommerce-loop-product__description\" itemprop=\"description\">\n    <p><span style=\"font-weight: 400;\">The painter Maxim Gunga is utterly unafraid of physicality. His canvas is a riot of oil paints huddling up against one another, fusing like the beasts, the humans, and the urban landscape of Berlin that serve him as motifs. Body and soul, animal nature and architecture, the profane and the sacred, subculture and mass culture\u2014everything interpenetrates in Gunga\u2019s paintings in large formats, melded into hybrid bodies. The result is an ecstatic intimacy, a flowing of colors and more or less abstracted dynamic forms toward their primal state, toward the matrix, toward pure energy: eternal transformation. It makes sense, then, that his pictures also amalgamate diverse styles and periods in the history of painting. He borrows from (Neo-)Expressionism, from Art Brut, from Baselitz, L\u00fcpertz, the Neue Wilde, from modernism and Fauvism, from van Gogh and Matisse. His pinpoint brushwork, which reveals his extensive training, interweaves art history with our contemporary lifeworld and our affects. All the specters of the past and the present come to meet us in the pictures gathered in this catalogue, in a frenzy of the senses, in the primordial soup of Berlin, into which we dive with joyful abandon.<\/span><\/p>\n  <\/div>\n\n\t<span class=\"price\"><span class=\"woocommerce-Price-amount amount\"><bdi>10<span class=\"woocommerce-Price-currencySymbol\">&euro;<\/span><\/bdi><\/span><\/span>\n<\/a><a href=\"\/en\/wp-json\/wp\/v2\/pages\/13174?add-to-cart=22454\" aria-describedby=\"woocommerce_loop_add_to_cart_link_describedby_22454\" data-quantity=\"1\" class=\"button product_type_simple add_to_cart_button ajax_add_to_cart\" data-product_id=\"22454\" data-product_sku=\"\" aria-label=\"Add to cart: &ldquo;Maxim Gunga&rdquo;\" rel=\"nofollow\" data-success_message=\"&ldquo;Maxim Gunga&rdquo; has been added to your cart\" role=\"button\">Add to cart<\/a>\t<span id=\"woocommerce_loop_add_to_cart_link_describedby_22454\" class=\"screen-reader-text\">\n\t\t\t<\/span>\n<\/li>\n<li class=\"product type-product post-22360 status-publish instock product_cat-all-books product_cat-new-arrivals product_cat-painting product_tag-rene-holm-en has-post-thumbnail taxable shipping-taxable purchasable product-type-simple\">\n\t<a href=\"https:\/\/dcv-books.com\/en\/produkt\/rene-holm\/\" class=\"woocommerce-LoopProduct-link woocommerce-loop-product__link\"><div class=\"image-wrapper\"><img decoding=\"async\" width=\"1603\" height=\"2073\" src=\"https:\/\/dcv-books.com\/wp-content\/uploads\/2024\/05\/ReneHolm_Cover_web.jpg\" class=\"attachment-woocommerce_thumbnail size-woocommerce_thumbnail\" alt=\"Ren\u00e9 Holm\" \/><\/div><h2 class=\"woocommerce-loop-product__title\">Ren\u00e9 Holm<\/h2>  <div class=\"woocommerce-loop-product__description\" itemprop=\"description\">\n    <p><span style=\"font-weight: 400;\">Ren\u00e9 Holm goes for the big picture, painting the ambivalence of human existence and our relationship with nature. Some of his protagonists are physically naked, and all embody an interior life through their poses. The faceless figures function as screens onto which the beholders can project their own feelings, as symbols of universal human experiences. That is why, Holm notes, people very often recognize themselves in his protagonists. The effect is in part due to the forest, the setting of all pictures in this catalogue, which has been Holm\u2019s studio and preferred backdrop for decades. It is where he finds the twilight that glows in all of our souls: woodlands nourish and menace us, they are home to helpful fairies and nasty demons, one can find life and death alike in them. He translates the sublime of the forest\u2014a central motif in the Romantics\u2014into a contemporary visual idiom. In his pursuit of this endeavor, he has recently ventured a radical aesthetic change: instead of using thick paints as before, he now applies the pigments to the canvas in thinner and drier layers. The book illustrates this spectacular fresh start, carrying us off into the depths of the soul and mysterious woodlands.<\/span><\/p>\n<p><a href=\"https:\/\/dcv-books.com\/en\/rene-holm-2\/\">Limited art edition available<\/a><\/p>\n  <\/div>\n\n\t<span class=\"price\"><span class=\"woocommerce-Price-amount amount\"><bdi>45<span class=\"woocommerce-Price-currencySymbol\">&euro;<\/span><\/bdi><\/span><\/span>\n<\/a><a href=\"\/en\/wp-json\/wp\/v2\/pages\/13174?add-to-cart=22360\" aria-describedby=\"woocommerce_loop_add_to_cart_link_describedby_22360\" data-quantity=\"1\" class=\"button product_type_simple add_to_cart_button ajax_add_to_cart\" data-product_id=\"22360\" data-product_sku=\"\" aria-label=\"Add to cart: &ldquo;Ren\u00e9 Holm&rdquo;\" rel=\"nofollow\" data-success_message=\"&ldquo;Ren\u00e9 Holm&rdquo; has been added to your cart\" role=\"button\">Add to cart<\/a>\t<span id=\"woocommerce_loop_add_to_cart_link_describedby_22360\" class=\"screen-reader-text\">\n\t\t\t<\/span>\n<\/li>\n<li class=\"product type-product post-22184 status-publish instock product_cat-digital-art-en product_cat-new-arrivals product_cat-painting product_cat-photography product_cat-works-on-paper-en product_tag-gott-gilz-en product_tag-gottgilz-en product_tag-supernatural-beings-en has-post-thumbnail taxable shipping-taxable purchasable product-type-simple\">\n\t<a href=\"https:\/\/dcv-books.com\/en\/produkt\/gott-gilz-supernatural-beings\/\" class=\"woocommerce-LoopProduct-link woocommerce-loop-product__link\"><div class=\"image-wrapper\"><img decoding=\"async\" width=\"2048\" height=\"2769\" src=\"https:\/\/dcv-books.com\/wp-content\/uploads\/2024\/01\/185-6_GOTTGILZ_Cover_web-2048x2769.jpg\" class=\"attachment-woocommerce_thumbnail size-woocommerce_thumbnail\" alt=\"GOTT&amp;GILZ -&lt;br&gt; Supernatural Beings\" \/><\/div><h2 class=\"woocommerce-loop-product__title\">GOTT&#038;GILZ <br> Supernatural Beings<\/h2>  <div class=\"woocommerce-loop-product__description\" itemprop=\"description\">\n    <p><strong>GOTT&amp;GILZ clothe provocative nudity into the guise of art-historical classics<\/strong><\/p>\n<p>The female nude is a constant of art history whose vicissitudes illustrate changing forms of representation and the wild swings of public morality. Many a nude was initially condemned as smut only to be reclassified a few years later as beautiful and becoming and inducted into the hallowed halls (the opposite has also happened). GOTT&amp;GILZ\u2019s photographic paintings build on this long tradition of depictions of naked women by men\u2014theirs is the proverbial \u201cmale gaze.\u201d It is a debt they are quick to acknowledge, with nods to Klimt, Schiele, Pollock, et al. No wonder some have responded to their work with kneejerk indignation. Unlike in those art-historical references, then, the impudence lies not in the shattering of traditional norms of representation but in quoting them: the past as affront. The women in the pictures as well as the artists themselves flaunt their desires, shamelessly and relentlessly confronting us with the historic roots of our social and psychological realities.<\/p>\n<p>Freedom is the key idea in the two artists\u2019 oeuvre: the freedom to be authentic and express oneself without shame. Their subtly provocative play with aesthetic conventions and taboos has not only made a splash on the arts scene, it has also prompted vital discussions about gender roles, body images, and the right to sexual self-determination.<\/p>\n<p>By letting it all hang out, they allow us to see ourselves as we are instead of presenting a picture of what we (supposedly) should be like. The insolence of it!<\/p>\n<p><a href=\"https:\/\/dcv-books.com\/en\/gottgilz\/\">Limited art edition available<\/a><\/p>\n  <\/div>\n\n\t<span class=\"price\"><span class=\"woocommerce-Price-amount amount\"><bdi>54<span class=\"woocommerce-Price-currencySymbol\">&euro;<\/span><\/bdi><\/span><\/span>\n<\/a><a href=\"\/en\/wp-json\/wp\/v2\/pages\/13174?add-to-cart=22184\" aria-describedby=\"woocommerce_loop_add_to_cart_link_describedby_22184\" data-quantity=\"1\" class=\"button product_type_simple add_to_cart_button ajax_add_to_cart\" data-product_id=\"22184\" data-product_sku=\"\" aria-label=\"Add to cart: &ldquo;GOTT&amp;GILZ - Supernatural Beings&rdquo;\" rel=\"nofollow\" data-success_message=\"&ldquo;GOTT&amp;GILZ -&lt;br&gt; Supernatural Beings&rdquo; has been added to your cart\" role=\"button\">Add to cart<\/a>\t<span id=\"woocommerce_loop_add_to_cart_link_describedby_22184\" class=\"screen-reader-text\">\n\t\t\t<\/span>\n<\/li>\n<li class=\"product type-product post-22066 status-publish last instock product_cat-all-books product_cat-installation-art product_cat-new-arrivals product_cat-painting product_tag-color-floating-en product_tag-farbe-schwebend-en product_tag-nicola-staeglich-en has-post-thumbnail taxable shipping-taxable purchasable product-type-simple\">\n\t<a href=\"https:\/\/dcv-books.com\/en\/produkt\/nicola-staeglich-farbe-schwebend-color-floating\/\" class=\"woocommerce-LoopProduct-link woocommerce-loop-product__link\"><div class=\"image-wrapper\"><img decoding=\"async\" width=\"1909\" height=\"2500\" src=\"https:\/\/dcv-books.com\/wp-content\/uploads\/2024\/03\/NST_Kat24_04_Final-1_web.jpg\" class=\"attachment-woocommerce_thumbnail size-woocommerce_thumbnail\" alt=\"Nicola Staeglich \u2013 Farbe schwebend \/ Color floating\" \/><\/div><h2 class=\"woocommerce-loop-product__title\">Nicola Staeglich \u2013 Farbe schwebend \/ Color floating<\/h2>  <div class=\"woocommerce-loop-product__description\" itemprop=\"description\">\n    <p><b>\u201cThe more slowly one approaches Staeglich\u2019s works, the more they reveal.\u201d <\/b><span style=\"font-weight: 400;\">Stephan Berg<\/span><\/p>\n<p><span style=\"font-weight: 400;\">Nicola Staeglich transforms color and traces of the act of painting into complex pictorial spaces that exude light and make time visible. Using an extra-wide brush, she applies luminous oil paints to (semi-) transparent foils and solid support media made from acrylic glass. Each movement of her body leaves a distinct mark on the paintings. Once the works are placed in the exhibition space, they absorb their environment and ambient light as well as the eye. The artist\u2019s experimental approach generates a rich dynamic: paint hovers in mid-air, disembodied, while a constant oscillation between color and surface, between pictorial body and setting unlocks novel dimensions in space and time. The picture continually coalesces in the eye of the beholder, metamorphosing as the angle of incidence shifts and the mind parses the traces and strata of paint. Even in printed form, Staeglich\u2019s works convey a rousing vitality.<\/span><\/p>\n<p><span style=\"font-weight: 400;\">The catalogue accompanies Staeglich\u2019s solo exhibition at St\u00e4dtische Galerie Waldkraiburg.<\/span><\/p>\n  <\/div>\n\n\t<span class=\"price\"><span class=\"woocommerce-Price-amount amount\"><bdi>22<span class=\"woocommerce-Price-currencySymbol\">&euro;<\/span><\/bdi><\/span><\/span>\n<\/a><a href=\"\/en\/wp-json\/wp\/v2\/pages\/13174?add-to-cart=22066\" aria-describedby=\"woocommerce_loop_add_to_cart_link_describedby_22066\" data-quantity=\"1\" class=\"button product_type_simple add_to_cart_button ajax_add_to_cart\" data-product_id=\"22066\" data-product_sku=\"\" aria-label=\"Add to cart: &ldquo;Nicola Staeglich \u2013 Farbe schwebend \/ Color floating&rdquo;\" rel=\"nofollow\" data-success_message=\"&ldquo;Nicola Staeglich \u2013 Farbe schwebend \/ Color floating&rdquo; has been added to your cart\" role=\"button\">Add to cart<\/a>\t<span id=\"woocommerce_loop_add_to_cart_link_describedby_22066\" class=\"screen-reader-text\">\n\t\t\t<\/span>\n<\/li>\n<li class=\"product type-product post-21417 status-publish first instock product_cat-all-books product_cat-drawing product_cat-new-arrivals product_cat-painting product_tag-miettinen-collection-en product_tag-secundino-hernandez-en has-post-thumbnail taxable shipping-taxable purchasable product-type-simple\">\n\t<a href=\"https:\/\/dcv-books.com\/en\/produkt\/secundino-hernandez-miettinen-collection\/\" class=\"woocommerce-LoopProduct-link woocommerce-loop-product__link\"><div class=\"image-wrapper\"><img decoding=\"async\" width=\"960\" height=\"1215\" src=\"https:\/\/dcv-books.com\/wp-content\/uploads\/2023\/12\/MC_Hernandez_book_cover_NEU.jpeg\" class=\"attachment-woocommerce_thumbnail size-woocommerce_thumbnail\" alt=\"Secundino Hern\u00e1ndez -&lt;br&gt; Miettinen Collection\" \/><\/div><h2 class=\"woocommerce-loop-product__title\">Secundino Hern\u00e1ndez <br> Miettinen Collection<\/h2>  <div class=\"woocommerce-loop-product__description\" itemprop=\"description\">\n    <p>Secundino Hern\u00e1ndez\u2019s (b. Madrid, 1975; lives and works in Madrid und Berlin) paintings and works on paper blend figuration and abstraction, the linearity of drawing and exuberant color, minimalism and gesture. Slowly and methodically moving across the canvas, Hern\u00e1ndez sets down sinuous lines and marks, using a brush or applying the paint straight from the tube before rinsing and scratching off the surfaces. The resulting compositions feel organized yet charged with explosive energy and evince manifold references: a physicality reminiscent of Action Painting, cartoon-style terse figuration, and passages that bring to mind Old Masters and especially the Spaniards El Greco and Vel\u00e1zquez. As Hern\u00e1ndez observes, his works \u201cmay look like Action Painting or Expressionism, but they represent a profound and painstaking scrutiny of these visual idioms, a way of articulating my own contemporary perspective on certain aesthetic movements.\u201d<\/p>\n<p>Secundino Hern\u00e1ndez studied at the Universidad Complutense de Madrid from 1995 until 2000 and at the Royal Spanish Academy in Rome in 2005\u20132006.<\/p>\n  <\/div>\n\n\t<span class=\"price\"><span class=\"woocommerce-Price-amount amount\"><bdi>36<span class=\"woocommerce-Price-currencySymbol\">&euro;<\/span><\/bdi><\/span><\/span>\n<\/a><a href=\"\/en\/wp-json\/wp\/v2\/pages\/13174?add-to-cart=21417\" aria-describedby=\"woocommerce_loop_add_to_cart_link_describedby_21417\" data-quantity=\"1\" class=\"button product_type_simple add_to_cart_button ajax_add_to_cart\" data-product_id=\"21417\" data-product_sku=\"\" aria-label=\"Add to cart: &ldquo;Secundino Hern\u00e1ndez - Miettinen Collection&rdquo;\" rel=\"nofollow\" data-success_message=\"&ldquo;Secundino Hern\u00e1ndez -&lt;br&gt; Miettinen Collection&rdquo; has been added to your cart\" role=\"button\">Add to cart<\/a>\t<span id=\"woocommerce_loop_add_to_cart_link_describedby_21417\" class=\"screen-reader-text\">\n\t\t\t<\/span>\n<\/li>\n<li class=\"product type-product post-21322 status-publish instock product_cat-all-books product_cat-installation-art product_cat-new-arrivals product_tag-immaterial-sculptures product_tag-odor-en has-post-thumbnail taxable shipping-taxable purchasable product-type-simple\">\n\t<a href=\"https:\/\/dcv-books.com\/en\/produkt\/odor-immaterial-sculptures\/\" class=\"woocommerce-LoopProduct-link woocommerce-loop-product__link\"><div class=\"image-wrapper\"><img decoding=\"async\" width=\"2048\" height=\"2764\" src=\"https:\/\/dcv-books.com\/wp-content\/uploads\/2024\/01\/ODOR_Cover-2048x2764.jpg\" class=\"attachment-woocommerce_thumbnail size-woocommerce_thumbnail\" alt=\"ODOR -&lt;br&gt; Immaterial Sculptures\" \/><\/div><h2 class=\"woocommerce-loop-product__title\">ODOR <br> Immaterial Sculptures<\/h2>  <div class=\"woocommerce-loop-product__description\" itemprop=\"description\">\n    <p>The effect of odor is immediate. Smells arouse feelings in us, put us in moods, awaken recollections. They color the other senses and shape our perceptions more profoundly than we are aware. Scents create closeness and distance at the same time. They become imprinted on our memories and consolidate our experiences. And yet their existence in the world of three dimensions remains invisible, and the act of picking up a scent is fleeting.<\/p>\n<p>The publication <em>Odor\u2014Immaterial Sculptures<\/em> zooms in on the power of smells. Contributions from curators, artists, scientists, and scholars frame a variety of perspectives on this evanescent phenomenon, examining the olfactory sense and the qualities of the immaterial. Full-page plates conceived by the artists provide additional information, imagery, and contexts around the individual works, which put odor as an olfactory and spatial experience at the center of the engagement with art. The works operate between the poles of time and space, individual and community, consciousness and the subconscious, visibility and invisibility, the everyday and the miraculous, the sense of self and the perceptions of others, presence and absence, life and death.<\/p>\n<p>Artists : Jason Dodge, Carsten H\u00f6ller, Koo Jeong A, Oswaldo Maci\u00e1, Teresa Margolles, Pamela Rosenkranz, Sissel Tolaas, Clara Ursitti, Luca Vitone<\/p>\n  <\/div>\n\n\t<span class=\"price\"><span class=\"woocommerce-Price-amount amount\"><bdi>40<span class=\"woocommerce-Price-currencySymbol\">&euro;<\/span><\/bdi><\/span><\/span>\n<\/a><a href=\"\/en\/wp-json\/wp\/v2\/pages\/13174?add-to-cart=21322\" aria-describedby=\"woocommerce_loop_add_to_cart_link_describedby_21322\" data-quantity=\"1\" class=\"button product_type_simple add_to_cart_button ajax_add_to_cart\" data-product_id=\"21322\" data-product_sku=\"\" aria-label=\"Add to cart: &ldquo;ODOR - Immaterial Sculptures&rdquo;\" rel=\"nofollow\" data-success_message=\"&ldquo;ODOR -&lt;br&gt; Immaterial Sculptures&rdquo; has been added to your cart\" role=\"button\">Add to cart<\/a>\t<span id=\"woocommerce_loop_add_to_cart_link_describedby_21322\" class=\"screen-reader-text\">\n\t\t\t<\/span>\n<\/li>\n<li class=\"product type-product post-22649 status-publish instock product_cat-all-books product_cat-new-arrivals product_cat-painting product_tag-katharina-arndt-en product_tag-while-waiting-for-death-en has-post-thumbnail taxable shipping-taxable purchasable product-type-simple\">\n\t<a href=\"https:\/\/dcv-books.com\/en\/produkt\/katharina-arndt-while-waiting-for-death\/\" class=\"woocommerce-LoopProduct-link woocommerce-loop-product__link\"><div class=\"image-wrapper\"><img decoding=\"async\" width=\"1818\" height=\"2500\" src=\"https:\/\/dcv-books.com\/wp-content\/uploads\/2024\/01\/DCV_Katharina_Arndt_Cover_RZ_web.jpg\" class=\"attachment-woocommerce_thumbnail size-woocommerce_thumbnail\" alt=\"Katharina Arndt -&lt;br&gt; While waiting for Death\" \/><\/div><h2 class=\"woocommerce-loop-product__title\">Katharina Arndt <br> While waiting for Death<\/h2>  <div class=\"woocommerce-loop-product__description\" itemprop=\"description\">\n    <p><span style=\"font-weight: 400;\">Life for the most part consists of banalities. What to make of it? Katharina Arndt has decided to dip thick brushes into luminous bold acrylic paints, which she applies expansively without regard for the ostensible gray areas of life. Every stroke is valid, there\u2019s no remorse or trepidation, everything is foreground, all elements of a picture are equipollent. The people in Arndt\u2019s paintings from 2022\u201323 gathered in this catalog are simply there, for the moment, gaping into their cell phones, stuffing themselves with burgers. Nothing more. That makes her works distorted depictions of our hedonistic society with its craving for sensuality, even as we always have one eye riveted on the virtual. The harder, then, to face up to physical reality; with all photo filters off, its imperfections are unmistakable. And so, although we clearly delight in these gaudy colors, the pictures contain intimations of melancholy and death, too. Knowing that the hour of farewell is near, Arndt\u2019s figures stimulate their senses. They kill time down to the very end with jarring trivia, agitated Sisyphuses wallowing in their glittering inadequacy.<\/span><\/p>\n<p>&nbsp;<\/p>\n<p><a href=\"https:\/\/dcv-books.com\/en\/katharina-arndt\/\">Limited artist edition available<\/a><\/p>\n  <\/div>\n\n\t<span class=\"price\"><span class=\"woocommerce-Price-amount amount\"><bdi>38<span class=\"woocommerce-Price-currencySymbol\">&euro;<\/span><\/bdi><\/span><\/span>\n<\/a><a href=\"\/en\/wp-json\/wp\/v2\/pages\/13174?add-to-cart=22649\" aria-describedby=\"woocommerce_loop_add_to_cart_link_describedby_22649\" data-quantity=\"1\" class=\"button product_type_simple add_to_cart_button ajax_add_to_cart\" data-product_id=\"22649\" data-product_sku=\"\" aria-label=\"Add to cart: &ldquo;Katharina Arndt - While waiting for Death&rdquo;\" rel=\"nofollow\" data-success_message=\"&ldquo;Katharina Arndt -&lt;br&gt; While waiting for Death&rdquo; has been added to your cart\" role=\"button\">Add to cart<\/a>\t<span id=\"woocommerce_loop_add_to_cart_link_describedby_22649\" class=\"screen-reader-text\">\n\t\t\t<\/span>\n<\/li>\n<li class=\"product type-product post-21361 status-publish last instock product_cat-all-books product_cat-drawing product_cat-new-arrivals product_cat-photography product_tag-can-yasar-koeklue-en product_tag-cyk-en has-post-thumbnail taxable shipping-taxable purchasable product-type-simple\">\n\t<a href=\"https:\/\/dcv-books.com\/en\/produkt\/can-yasar-koklu-cyk\/\" class=\"woocommerce-LoopProduct-link woocommerce-loop-product__link\"><div class=\"image-wrapper\"><img decoding=\"async\" width=\"2048\" height=\"2559\" src=\"https:\/\/dcv-books.com\/wp-content\/uploads\/2023\/12\/CYK_Cover_NEU_web-2048x2559.jpg\" class=\"attachment-woocommerce_thumbnail size-woocommerce_thumbnail\" alt=\"Can Yasar K\u00f6kl\u00fc -&lt;br&gt; CYK\" \/><\/div><h2 class=\"woocommerce-loop-product__title\">Can Yasar K\u00f6kl\u00fc <br> CYK<\/h2>  <div class=\"woocommerce-loop-product__description\" itemprop=\"description\">\n    <p>The young photographer, graphic designer, and filmmaker Can Yasar K\u00f6kl\u00fc (b. Schwelm, 2003; lives and works in Brooklyn) grew up between Cologne and Istanbul and currently studies at New York\u2019s renowned Pratt Institute. In his first publication<em> CYK<\/em>\u2014an artist\u2019s book featuring breathtakingly beautiful photographs and personal writings\u2014he explores his experiences growing up, the traditions that inform his art, and his feelings in three different cultures: \u201cHeimat\u201d charts his native Germany, where he spent most of his life; \u201cMemleket\u201d is dedicated to Turkey, where his roots are; and \u201cHome\u201d presents the impressions K\u00f6kl\u00fc gathered during a year in high school in Los Angeles and now in New York, where he continues his education. Driven by a passion for storytelling, he captures singular\u2014fascinating and deeply moving\u2014moments in time.<\/p>\n  <\/div>\n\n\t<span class=\"price\"><span class=\"woocommerce-Price-amount amount\"><bdi>55<span class=\"woocommerce-Price-currencySymbol\">&euro;<\/span><\/bdi><\/span><\/span>\n<\/a><a href=\"\/en\/wp-json\/wp\/v2\/pages\/13174?add-to-cart=21361\" aria-describedby=\"woocommerce_loop_add_to_cart_link_describedby_21361\" data-quantity=\"1\" class=\"button product_type_simple add_to_cart_button ajax_add_to_cart\" data-product_id=\"21361\" data-product_sku=\"\" aria-label=\"Add to cart: &ldquo;Can Yasar K\u00f6kl\u00fc - CYK&rdquo;\" rel=\"nofollow\" data-success_message=\"&ldquo;Can Yasar K\u00f6kl\u00fc -&lt;br&gt; CYK&rdquo; has been added to your cart\" role=\"button\">Add to cart<\/a>\t<span id=\"woocommerce_loop_add_to_cart_link_describedby_21361\" class=\"screen-reader-text\">\n\t\t\t<\/span>\n<\/li>\n<li class=\"product type-product post-14498 status-publish first instock product_cat-all-books product_cat-installation-art product_cat-new-arrivals product_cat-on-art product_cat-painting product_cat-sculpture has-post-thumbnail taxable shipping-taxable purchasable product-type-simple\">\n\t<a href=\"https:\/\/dcv-books.com\/en\/produkt\/the-art-of-society-1900-1945\/\" class=\"woocommerce-LoopProduct-link woocommerce-loop-product__link\"><div class=\"image-wrapper\"><img decoding=\"async\" width=\"500\" height=\"675\" src=\"https:\/\/dcv-books.com\/wp-content\/uploads\/2021\/01\/NNG-Art-of-Society-Cover.jpg\" class=\"attachment-woocommerce_thumbnail size-woocommerce_thumbnail\" alt=\"Art of Society\" \/><\/div><h2 class=\"woocommerce-loop-product__title\">The Art of Society <br> 1900\u20131945<\/h2>  <div class=\"woocommerce-loop-product__description\" itemprop=\"description\">\n    <p><strong>The Collection of the Nationalgalerie, Berlin<\/strong><\/p>\n<div>\n<p><span lang=\"EN-US\">The Neue Nationalgalerie in Berlin, the last building designed by Mies van der Rohe, has been closed a full six years for refurbishment. To mark its reopening the museum is presenting the highlights of its classical modernist collection under the title <i>The Art of Society, 1900\u20131945<\/i>. Visionary, critical, resigned or utopian, the paintings and sculptures bear witness to art\u2019s dialogue with prevailing social conditions \u2013 from the German Empire to the First World War, the Weimar Republic and ultimately National Socialism. The catalogue documenting all works in the exhibition traces the major artistic tendencies during the first half of the 20th century in thirteen chapters. <i>The Art of Society, 1900\u20131945<\/i> offers a renewed encounter with works<i> <\/i>by Edvard Munch, Ernst Ludwig Kirchner,<i> <\/i>Tamara de Lempicka, Lotte Laserstein, Otto<i> <\/i>Dix, George Grosz, Max Beckmann, and many<i> <\/i>others that is as captivating as it is illuminating.<i><\/i><\/span><\/p>\n<\/div>\n<p>Click <a href=\"https:\/\/dcv-books.com\/produkt\/die-kunst-der-gesellschaft-1900-1945\/\">here<\/a> for the German edition.<\/p>\n  <\/div>\n\n\t<span class=\"price\"><span class=\"woocommerce-Price-amount amount\"><bdi>29<span class=\"woocommerce-Price-currencySymbol\">&euro;<\/span><\/bdi><\/span><\/span>\n<\/a><a href=\"\/en\/wp-json\/wp\/v2\/pages\/13174?add-to-cart=14498\" aria-describedby=\"woocommerce_loop_add_to_cart_link_describedby_14498\" data-quantity=\"1\" class=\"button product_type_simple add_to_cart_button ajax_add_to_cart\" data-product_id=\"14498\" data-product_sku=\"\" aria-label=\"Add to cart: &ldquo;The Art of Society - 1900\u20131945&rdquo;\" rel=\"nofollow\" data-success_message=\"&ldquo;The Art of Society -&lt;br&gt; 1900\u20131945&rdquo; has been added to your cart\" role=\"button\">Add to cart<\/a>\t<span id=\"woocommerce_loop_add_to_cart_link_describedby_14498\" class=\"screen-reader-text\">\n\t\t\t<\/span>\n<\/li>\n<\/ul>\n<\/div>  <\/article>\n<\/section>","protected":false},"excerpt":{"rendered":"","protected":false},"author":3,"featured_media":0,"parent":0,"menu_order":0,"comment_status":"closed","ping_status":"closed","template":"","meta":{"_acf_changed":false,"footnotes":""},"class_list":["post-13174","page","type-page","status-publish","hentry"],"acf":[],"yoast_head":"<!-- This site is optimized with the Yoast SEO plugin v27.1.1 - https:\/\/yoast.com\/product\/yoast-seo-wordpress\/ -->\n<title>New Arrivals - DCV<\/title>\n<meta name=\"robots\" content=\"index, follow, max-snippet:-1, max-image-preview:large, max-video-preview:-1\" \/>\n<link rel=\"canonical\" href=\"https:\/\/dcv-books.com\/en\/new-arrivals\/\" \/>\n<meta property=\"og:locale\" content=\"en_US\" \/>\n<meta property=\"og:type\" content=\"article\" \/>\n<meta property=\"og:title\" content=\"New Arrivals - DCV\" \/>\n<meta property=\"og:url\" content=\"https:\/\/dcv-books.com\/en\/new-arrivals\/\" \/>\n<meta property=\"og:site_name\" content=\"DCV\" \/>\n<meta property=\"article:modified_time\" content=\"2020-06-23T11:53:35+00:00\" \/>\n<meta name=\"twitter:card\" content=\"summary_large_image\" \/>\n<script type=\"application\/ld+json\" class=\"yoast-schema-graph\">{\"@context\":\"https:\/\/schema.org\",\"@graph\":[{\"@type\":\"WebPage\",\"@id\":\"https:\/\/dcv-books.com\/en\/new-arrivals\/\",\"url\":\"https:\/\/dcv-books.com\/en\/new-arrivals\/\",\"name\":\"New Arrivals - DCV\",\"isPartOf\":{\"@id\":\"https:\/\/dcv-books.com\/#website\"},\"datePublished\":\"2020-06-23T11:53:31+00:00\",\"dateModified\":\"2020-06-23T11:53:35+00:00\",\"breadcrumb\":{\"@id\":\"https:\/\/dcv-books.com\/en\/new-arrivals\/#breadcrumb\"},\"inLanguage\":\"en-US\",\"potentialAction\":[{\"@type\":\"ReadAction\",\"target\":[\"https:\/\/dcv-books.com\/en\/new-arrivals\/\"]}]},{\"@type\":\"BreadcrumbList\",\"@id\":\"https:\/\/dcv-books.com\/en\/new-arrivals\/#breadcrumb\",\"itemListElement\":[{\"@type\":\"ListItem\",\"position\":1,\"name\":\"Startseite\",\"item\":\"https:\/\/dcv-books.com\/en\/\"},{\"@type\":\"ListItem\",\"position\":2,\"name\":\"New Arrivals\"}]},{\"@type\":\"WebSite\",\"@id\":\"https:\/\/dcv-books.com\/#website\",\"url\":\"https:\/\/dcv-books.com\/\",\"name\":\"DCV\",\"description\":\"Dr. Cantz&#039;sche Verlagsgesellschaft mbH &amp; Co. KG\",\"potentialAction\":[{\"@type\":\"SearchAction\",\"target\":{\"@type\":\"EntryPoint\",\"urlTemplate\":\"https:\/\/dcv-books.com\/?s={search_term_string}\"},\"query-input\":{\"@type\":\"PropertyValueSpecification\",\"valueRequired\":true,\"valueName\":\"search_term_string\"}}],\"inLanguage\":\"en-US\"}]}<\/script>\n<!-- \/ Yoast SEO plugin. -->","yoast_head_json":{"title":"New Arrivals - DCV","robots":{"index":"index","follow":"follow","max-snippet":"max-snippet:-1","max-image-preview":"max-image-preview:large","max-video-preview":"max-video-preview:-1"},"canonical":"https:\/\/dcv-books.com\/en\/new-arrivals\/","og_locale":"en_US","og_type":"article","og_title":"New Arrivals - DCV","og_url":"https:\/\/dcv-books.com\/en\/new-arrivals\/","og_site_name":"DCV","article_modified_time":"2020-06-23T11:53:35+00:00","twitter_card":"summary_large_image","schema":{"@context":"https:\/\/schema.org","@graph":[{"@type":"WebPage","@id":"https:\/\/dcv-books.com\/en\/new-arrivals\/","url":"https:\/\/dcv-books.com\/en\/new-arrivals\/","name":"New Arrivals - DCV","isPartOf":{"@id":"https:\/\/dcv-books.com\/#website"},"datePublished":"2020-06-23T11:53:31+00:00","dateModified":"2020-06-23T11:53:35+00:00","breadcrumb":{"@id":"https:\/\/dcv-books.com\/en\/new-arrivals\/#breadcrumb"},"inLanguage":"en-US","potentialAction":[{"@type":"ReadAction","target":["https:\/\/dcv-books.com\/en\/new-arrivals\/"]}]},{"@type":"BreadcrumbList","@id":"https:\/\/dcv-books.com\/en\/new-arrivals\/#breadcrumb","itemListElement":[{"@type":"ListItem","position":1,"name":"Startseite","item":"https:\/\/dcv-books.com\/en\/"},{"@type":"ListItem","position":2,"name":"New Arrivals"}]},{"@type":"WebSite","@id":"https:\/\/dcv-books.com\/#website","url":"https:\/\/dcv-books.com\/","name":"DCV","description":"Dr. Cantz&#039;sche Verlagsgesellschaft mbH &amp; Co. KG","potentialAction":[{"@type":"SearchAction","target":{"@type":"EntryPoint","urlTemplate":"https:\/\/dcv-books.com\/?s={search_term_string}"},"query-input":{"@type":"PropertyValueSpecification","valueRequired":true,"valueName":"search_term_string"}}],"inLanguage":"en-US"}]}},"_links":{"self":[{"href":"https:\/\/dcv-books.com\/en\/wp-json\/wp\/v2\/pages\/13174","targetHints":{"allow":["GET"]}}],"collection":[{"href":"https:\/\/dcv-books.com\/en\/wp-json\/wp\/v2\/pages"}],"about":[{"href":"https:\/\/dcv-books.com\/en\/wp-json\/wp\/v2\/types\/page"}],"author":[{"embeddable":true,"href":"https:\/\/dcv-books.com\/en\/wp-json\/wp\/v2\/users\/3"}],"replies":[{"embeddable":true,"href":"https:\/\/dcv-books.com\/en\/wp-json\/wp\/v2\/comments?post=13174"}],"version-history":[{"count":2,"href":"https:\/\/dcv-books.com\/en\/wp-json\/wp\/v2\/pages\/13174\/revisions"}],"predecessor-version":[{"id":13176,"href":"https:\/\/dcv-books.com\/en\/wp-json\/wp\/v2\/pages\/13174\/revisions\/13176"}],"wp:attachment":[{"href":"https:\/\/dcv-books.com\/en\/wp-json\/wp\/v2\/media?parent=13174"}],"curies":[{"name":"wp","href":"https:\/\/api.w.org\/{rel}","templated":true}]}}